{"version":"1.0","provider_name":"Fundaci\u00f3 IRES","provider_url":"https:\/\/www.fundacioires.org\/ca\/","title":"Mem\u00f2ria d'activitat 2020 - CAT - Fundaci\u00f3 IRES","type":"rich","width":600,"height":338,"html":"<blockquote class=\"wp-embedded-content\" data-secret=\"glEgUN0YGq\"><a href=\"https:\/\/www.fundacioires.org\/ca\/memoria-activitat-cat-2020\/\">Mem\u00f2ria d&#8217;activitat 2020 &#8211; CAT<\/a><\/blockquote><iframe sandbox=\"allow-scripts\" security=\"restricted\" src=\"https:\/\/www.fundacioires.org\/ca\/memoria-activitat-cat-2020\/embed\/#?secret=glEgUN0YGq\" width=\"600\" height=\"338\" title=\"&#8220;Mem\u00f2ria d&#8217;activitat 2020 &#8211; CAT&#8221; &#8212; Fundaci\u00f3 IRES\" data-secret=\"glEgUN0YGq\" frameborder=\"0\" marginwidth=\"0\" marginheight=\"0\" scrolling=\"no\" class=\"wp-embedded-content\"><\/iframe><script>\n\/*! This file is auto-generated *\/\n!function(d,l){\"use strict\";l.querySelector&&d.addEventListener&&\"undefined\"!=typeof URL&&(d.wp=d.wp||{},d.wp.receiveEmbedMessage||(d.wp.receiveEmbedMessage=function(e){var t=e.data;if((t||t.secret||t.message||t.value)&&!\/[^a-zA-Z0-9]\/.test(t.secret)){for(var s,r,n,a=l.querySelectorAll('iframe[data-secret=\"'+t.secret+'\"]'),o=l.querySelectorAll('blockquote[data-secret=\"'+t.secret+'\"]'),c=new RegExp(\"^https?:$\",\"i\"),i=0;i<o.length;i++)o[i].style.display=\"none\";for(i=0;i<a.length;i++)s=a[i],e.source===s.contentWindow&&(s.removeAttribute(\"style\"),\"height\"===t.message?(1e3<(r=parseInt(t.value,10))?r=1e3:~~r<200&&(r=200),s.height=r):\"link\"===t.message&&(r=new URL(s.getAttribute(\"src\")),n=new URL(t.value),c.test(n.protocol))&&n.host===r.host&&l.activeElement===s&&(d.top.location.href=t.value))}},d.addEventListener(\"message\",d.wp.receiveEmbedMessage,!1),l.addEventListener(\"DOMContentLoaded\",function(){for(var e,t,s=l.querySelectorAll(\"iframe.wp-embedded-content\"),r=0;r<s.length;r++)(t=(e=s[r]).getAttribute(\"data-secret\"))||(t=Math.random().toString(36).substring(2,12),e.src+=\"#?secret=\"+t,e.setAttribute(\"data-secret\",t)),e.contentWindow.postMessage({message:\"ready\",secret:t},\"*\")},!1)))}(window,document);\n\/\/# sourceURL=https:\/\/www.fundacioires.org\/wp-includes\/js\/wp-embed.min.js\n<\/script>\n","description":"Mem\u00f2ria d&#8217;activitats 2020\u2013 Fundaci\u00f3 IRES M\u00e9s de 50 anys oferint atenci\u00f3 integral a persones i fam\u00edlies en situaci\u00f3 de vulnerabilitat, a trav\u00e9s d&#8217;un equip de professionals de l&#8217;\u00e0mbit social, psicol\u00f2gic i educatiu. Accedeix a la Mem\u00f2ria completa de 2020 La nostra acci\u00f3 social durant l&#8217;any de la Covid-19 Davant d&#8217;una crisi global emergeixen i s&#8217;aguditzen [&hellip;]"}