{"id":15638,"date":"2019-08-20T15:36:35","date_gmt":"2019-08-20T13:36:35","guid":{"rendered":"http:\/\/www.fundacioires.org\/?page_id=15638"},"modified":"2026-03-02T14:38:04","modified_gmt":"2026-03-02T13:38:04","slug":"sala-de-premsa","status":"publish","type":"page","link":"https:\/\/www.fundacioires.org\/ca\/sala-de-premsa\/","title":{"rendered":"Sala de premsa"},"content":{"rendered":"<h1>Sala de premsa<\/h1>\n<div><strong>Coneix la Fundaci\u00f3 IRES<\/strong><\/div>\n<div>\n<p>Som una fundaci\u00f3 que <strong>des de fa m\u00e9s de 55 anys at\u00e9n de forma integral a les fam\u00edlies en situaci\u00f3 de vulnerabilitat.<\/strong> Acompanyem a aquestes fam\u00edlies en els seus processos vitals a trav\u00e9s del treball d&#8217;un equip de professionals especialitzats en l&#8217;\u00e0mbit social, psicol\u00f2gic i educatiu, amb la mirada posada en un objectiu com\u00fa: veure la <strong>vulnerabilitat com una oportunitat de canvi vital.<\/strong><\/p>\n<\/div>\n<h2>Vols contactar amb el nostre<br \/>equip de comunicaci\u00f3?<\/h2>\n<div>\n<p><a href=\"mailto:comunicacio@fundacioires.org\">comunicacio@fundacioires.org<\/a> <br \/>Tel. 934 864 750 \/ M\u00f3v. 656 39 10 92<\/p>\n<\/div>\n<h1><strong>Aparicions en premsa<\/strong><\/h1>\n<ul>\n<li>\n<p>        <img decoding=\"async\" src=\"\/wp-content\/uploads\/Captura-de-pantalla-2021-02-23-a-las-12.14.59.png\" alt=\"\"><\/p>\n<h3>&#8220;La vulnerabilitat invisible en l\u2019estat d\u2019alarma&#8221;<\/h3>\n<p>social.cat &#8211; mar\u00e7 2020<\/p>\n<p><a href=\"https:\/\/www.social.cat\/opinio\/11763\/la-vulnerabilitat-invisible-enlestatdalarma\">Veure la not\u00edcia<\/a><\/p>\n<\/li>\n<li>\n<p>        <img decoding=\"async\" src=\"\/wp-content\/uploads\/Captura-de-pantalla-2021-01-13-a-las-14.28.12.png\" alt=\"\"><\/p>\n<h3>&#8220;C\u00e8ntim a c\u00e8ntim, cap infant enrere&#8221;<\/h3>\n<p>Viena Magazine<\/p>\n<p><a href=\"https:\/\/www.viena.es\/fitxers\/DIARI_DIGITAL_CA.pdf\">Veure la not\u00edcia<\/a><\/p>\n<\/li>\n<li>\n<p>        <img decoding=\"async\" src=\"\/wp-content\/uploads\/Captura-de-pantalla-2021-02-23-a-las-12.20.41.png\" alt=\"\"><\/p>\n<h3>&#8220;Qu\u00e8 fer en cas de patir viol\u00e8ncia masclista durant el confinament&#8221;<\/h3>\n<p>betev\u00e9 &#8211; abril 2020<\/p>\n<p><a href=\"https:\/\/beteve.cat\/societat\/que-fer-violencia-masclista-confinament\/\">Veure la not\u00edcia<\/a><\/p>\n<\/li>\n<li>\n<p>        <img decoding=\"async\" src=\"\/wp-content\/uploads\/Captura-de-pantalla-2021-02-23-a-las-12.25.38.png\" alt=\"\"><\/p>\n<h3>\u2018Br\u00faixola comunit\u00e0ria\u2019,  \u2018Idees i Eines per a l\u2019acci\u00f3 social\u2019 sobre acci\u00f3 comunit\u00e0ria<\/h3>\n<p>ecas &#8211; juliol 2020<\/p>\n<p><a href=\"https:\/\/acciosocial.org\/bruixola-comunitaria-nova-publicacio-de-la-colleccio-idees-i-eines-per-a-laccio-social-sobre-accio-comunitaria\/\">Veure la not\u00edcia<\/a><\/p>\n<\/li>\n<li>\n<p>        <img decoding=\"async\" src=\"\/wp-content\/uploads\/Captura-de-pantalla-2021-01-13-a-las-14.46.39.png\" alt=\"\"><\/p>\n<h3>&#8220;VulnerHabilidad&#8221;<\/h3>\n<p>ABC &#8211; desembre 2020<\/p>\n<p><a href=\"https:\/\/www.abc.es\/espana\/catalunya\/abci-joan-carles-valero-vulnerhabilidad-202012220910_noticia.html\">Veure la not\u00edcia<\/a><\/p>\n<\/li>\n<li>\n<p>        <img decoding=\"async\" src=\"\/wp-content\/uploads\/14_Des_Afers-Socials-i-Esports_IB3.png\" alt=\"\"><\/p>\n<h3>&#8220;Signatura del concert del 2021 per al servei d\u2019atenci\u00f3 social a persones implicades en un procediment judicial&#8221;<\/h3>\n<p>ib3 &#8211; desembre 2020<\/p>\n<p><a href=\"https:\/\/ib3.org\/carta?id=dd57eb8b-5ba3-451a-9192-9e24073a1520&#038;type=TV&#038;t=1707&#038;f=1776\">Veure la not\u00edcia<\/a><\/p>\n<\/li>\n<li>\n<p>        <img decoding=\"async\" src=\"\/wp-content\/uploads\/Captura-de-pantalla-2021-02-23-a-las-12.39.22.png\" alt=\"\"><\/p>\n<h3>La cara humana de la Justicia<\/h3>\n<p>Diari de mallorca &#8211; desembre 2020<\/p>\n<p><a href=\"https:\/\/www.diariodemallorca.es\/mallorca\/2020\/12\/30\/cara-humana-justicia-26864155.html\">Veure la not\u00edcia<\/a><\/p>\n<\/li>\n<li>\n<p>        <img decoding=\"async\" src=\"\/wp-content\/uploads\/Captura-de-pantalla-2021-02-23-a-las-12.42.53-1.png\" alt=\"\"><\/p>\n<h3>La fam\u00edlia: un concepte din\u00e0mic<\/h3>\n<p>social.cat &#8211; maig 2020<\/p>\n<p><a href=\"https:\/\/www.social.cat\/opinio\/12039\/la-familia-un-concepte-dinamic\">Veure la not\u00edcia<\/a><\/p>\n<\/li>\n<li>\n<p>        <img decoding=\"async\" src=\"\/wp-content\/uploads\/Captura-de-pantalla-2021-02-23-a-las-11.14.32.png\" alt=\"IRES en los medios - La Vanguardia\"><\/p>\n<h3>&#8220;Crean una plataforma para prevenir abusos de ped\u00f3filos y pederastas&#8221;<\/h3>\n<p>La vanguardia &#8211; 17 maig 2019<\/p>\n<p><a href=\"https:\/\/www.lavanguardia.com\/vida\/20190517\/462292314066\/crean-una-plataforma-para-prevenir-abusos-de-pedofilos-y-pederastas.html\">Veure la not\u00edcia<\/a><\/p>\n<\/li>\n<li>\n<p>        <img decoding=\"async\" src=\"\/wp-content\/uploads\/Captura-de-pantalla-2021-02-23-a-las-11.13.48-1.png\" alt=\"\"><\/p>\n<h3>&#8220;L&#8217;altra fam\u00edlia&#8221;<\/h3>\n<p>Betev\u00e9<\/p>\n<p><a href=\"https:\/\/beteve.cat\/desigualtats\/risc-exclusio-social-barcelona\/\">Veure la not\u00edcia<\/a><\/p>\n<\/li>\n<\/ul>\n<h1><strong>Notes de premsa<\/strong><\/h1>\n<ul>\n<li>\n<p>        <a href=\"\/wp-content\/uploads\/NdP_2a-EDICIO-CURS-DE-YOUTUBERS-DE-LA-FUNDACIO-IRES_030718.pdf\"><\/p>\n<p>        <img decoding=\"async\" src=\"\/wp-content\/uploads\/Plantilla-Noticies-WEB-2-1.png\" alt=\"\"><\/p>\n<p><\/a><\/p>\n<h3>&#8220;Fes Click a Youtube&#8221;: 2\u00aa edici\u00f3 curs socioeducativo per joves amb Roc Massaguer<\/h3>\n<p>Curs<\/p>\n<\/li>\n<li>\n<p>        <a href=\"\/wp-content\/uploads\/NdP_BUSQUEM-FAMI%CC%81LIES-ESPECIALS-def.pdf\"><\/p>\n<p>        <img decoding=\"async\" src=\"\/wp-content\/uploads\/NdP_BUSQUEM-FAMI%CC%81LIES-ESPECIALS-def-336x177px.png\" alt=\"\"><\/p>\n<p><\/a><\/p>\n<h3>IReS impulsa la campanya &#8220;Busquem fam\u00edlies especials&#8221;<\/h3>\n<p>Campanya<\/p>\n<\/li>\n<li>\n<p>        <a href=\"\/wp-content\/uploads\/NdP_IRES-Y-CAMPING-LA-TORDERA_220618.pdf\"><\/p>\n<p>        <img decoding=\"async\" src=\"\/wp-content\/uploads\/Plantilla-Noticies-WEB-5.jpg\" alt=\"\"><\/p>\n<p><\/a><\/p>\n<h3>Camping la Tordera beneficia a m\u00e9s de 150 persones col\u00b7laborant amb la Fundaci\u00f3 IReS<\/h3>\n<p>Acci\u00f3 RSC<\/p>\n<\/li>\n<li>\n<p>        <a href=\"\/wp-content\/uploads\/NDP_Sant-Francesc-Singular-Hotel-i-Fundacio-IReS-060319.pdf\"><\/p>\n<p>        <img decoding=\"async\" src=\"\/wp-content\/uploads\/NDP_Sant-Francesc-Singular-Hotel-i-Fundacio-IReS-060319-336x177px.png\" alt=\"\"><\/p>\n<p><\/a><\/p>\n<h3>Sant Francesc Hotel Singular d\u00f3na 5.000\u20ac a la Fundaci\u00f3 IReS .<\/h3>\n<p>Donaci\u00f3<\/p>\n<\/li>\n<li>\n<p>        <a href=\"\/wp-content\/uploads\/NdP_SANT-JORDI19_Fem-Cre%CC%81ixer-la-llavor_CAST-sin-foto.pdf\"><\/p>\n<p>        <img decoding=\"async\" src=\"\/wp-content\/uploads\/NdP_SANT-JORDI19_Fem-Cre%CC%81ixer-la-llavor_336x177px.png\" alt=\"\"><\/p>\n<p><\/a><\/p>\n<h3>#FemCr\u00e8ixerLaLLavor: Sant Jordi solidari amb les fam\u00edlies en situaci\u00f3 de vulnerabilitat.<\/h3>\n<p>Solidaritat<\/p>\n<\/li>\n<li>\n<p>        <a href=\"\/wp-content\/uploads\/NdP2_INSPIRES18-per-la-innovacio%CC%81-social_FundacioIReS_2.pdf\"><\/p>\n<p>        <img decoding=\"async\" src=\"\/wp-content\/uploads\/NdP2_INSPIRES18-per-la-innovacio%CC%81-social_FundacioIReS_2-336x177px.png\" alt=\"\"><\/p>\n<p><\/a><\/p>\n<h3>Inspires&#8217;18. Un espai d&#8217;inspiraci\u00f3 per al sector social.<\/h3>\n<p>Innovaci\u00f3 social<\/p>\n<\/li>\n<li>\n<p>        <a href=\"\/wp-content\/uploads\/NdP_TRAM-I-IReS_Signatura-conveni_121220181.pdf\"><\/p>\n<p>        <img decoding=\"async\" src=\"\/wp-content\/uploads\/NdP_TRAM-I-IReS_Signatura-conveni_12122018-336x177px.png\" alt=\"\"><\/p>\n<p><\/a><\/p>\n<h3>TRAM i la Fundaci\u00f3 IRes<\/h3>\n<p>Col\u00b7laboraci\u00f3<\/p>\n<\/li>\n<\/ul>\n<h1><strong>Material gr\u00e0fic<\/strong><\/h1>\n<div>\n<p><span style=\"color: #000000;\">Si tens cap dubte sobre l&#8217;\u00fas d&#8217;aquest material, no dubtis en contactar amb el nostre equip de comunicaci\u00f3.<\/span><\/p>\n<\/div>\n<ul>\n<li>\n<p>        <a href=\"\/wp-content\/uploads\/LOGO_BASIC.zip\"><\/p>\n<p>        <img decoding=\"async\" src=\"\/wp-content\/uploads\/LOGO_BASIC_CAST_Color.png\" alt=\"\"><\/p>\n<p><\/a><\/p>\n<p>        <img decoding=\"async\" src=\"\/wp-content\/uploads\/LOGO_BASIC_CAST_Color.png\" alt=\"\"><\/p>\n<h3>Logotip B\u00e0sic (Cast i Cat)<\/h3>\n<div>\n<p>Adjuntem un paquet que inclou diversos formats (PNG, JPEG i vectorial) i versions.<\/p>\n<\/div>\n<\/li>\n<li>\n<p>        <a href=\"\/wp-content\/uploads\/LOGO_CLAIM.zip\"><\/p>\n<p>        <img decoding=\"async\" src=\"\/wp-content\/uploads\/LOGO_CLAIM_RGB_CAST_Color.png\" alt=\"\"><\/p>\n<p><\/a><\/p>\n<p>        <img decoding=\"async\" src=\"\/wp-content\/uploads\/LOGO_CLAIM_RGB_CAST_Color.png\" alt=\"\"><\/p>\n<h3>Logotip amb claim (Cast i Cat)<\/h3>\n<div>\n<p>Adjuntem un paquet que inclou diversos formats (PNG, JPEG i vectorial) i versions.<\/p>\n<\/div>\n<\/li>\n<li>\n<p>        <a href=\"\/wp-content\/uploads\/Manual-Identitat-corporativa_IRES_2019_compressed.pdf\"><\/p>\n<p>        <img decoding=\"async\" src=\"\/wp-content\/uploads\/LOGO_CLAIM_RGB_CAST_Color.png\" alt=\"\"><\/p>\n<p><\/a><\/p>\n<p>        <img decoding=\"async\" src=\"\/wp-content\/uploads\/LOGO_CLAIM_RGB_CAST_Color.png\" alt=\"\"><\/p>\n<h3>Manual d&#8217;identidad corporativa<\/h3>\n<div>\n<p>Adjuntem el nostre manual d&#8217;identitat corporativa (PDF)<\/p>\n<\/div>\n<\/li>\n<\/ul>\n<h2><strong>Segueix-nos en xarxes socials<\/strong><\/h2>\n<ul>\n<li><a href=\"https:\/\/twitter.com\/fundacioires\">twitter<\/a>\n<\/li>\n<li><a href=\"https:\/\/www.facebook.com\/FundacioIres\/\">facebook<\/a>\n<\/li>\n<li><a href=\"https:\/\/www.linkedin.com\/company\/fundaci-ires\/\">linkedin<\/a>\n<\/li>\n<li><a href=\"https:\/\/www.instagram.com\/fundacioires\">instagram<\/a>\n<\/li>\n<li><a href=\"https:\/\/www.youtube.com\/channel\/UCBEvRmKJE-5nHccVjgPhdTA\">youtube<\/a>\n<\/li>\n<\/ul>\n<div><a href=\"\/wp-content\/uploads\/MEMORIA_FINAL_CAT_compressed.pdf\">Mem\u00f2ria d&#8217;activitat (2022)<\/a><\/div>\n<p><p>\n        <a href=\"https:\/\/www.fundacioires.org\/wp-content\/uploads\/MEMORIA_FUNDACIO_IRES_2024_CAT.pdf\">Descarrega en pdf<\/a>\n    <\/p>\n<\/p>\n<div>Ets<br \/>periodista?<\/div>\n<div>\n<p>Contactan&#8217;s! <br \/>comunicacio@fundacioires.org <br \/>Tel. 934 864 750 \/ M\u00f3v. 656 39 10 92<\/p>\n<\/div>\n<div>\n<p>Rep les notes de premsa i els comunicats de la Fundaci\u00f3 IRES en la teva adre\u00e7a de correu. Deixa&#8217;ns les teves dades de contacte i t&#8217;inclourem en la nostra base de dades de mitjans de comunicaci\u00f3.<\/p>\n<\/div>\n<div>\n<p>    \n<div class=\"wpcf7 no-js\" id=\"wpcf7-f15641-o1\" lang=\"en-US\" dir=\"ltr\" data-wpcf7-id=\"15641\">\n<div class=\"screen-reader-response\"><p role=\"status\" aria-live=\"polite\" aria-atomic=\"true\"><\/p> <ul><\/ul><\/div>\n<form action=\"\/ca\/wp-json\/wp\/v2\/pages\/15638#wpcf7-f15641-o1\" method=\"post\" class=\"wpcf7-form init bb9e21171d24 cmatic-conn cmatic-aud-24 cmatic-mapd0-0 cmatic-v097802 cmatic-sent-0 cmatic-total-6841\" aria-label=\"Contact form\" novalidate=\"novalidate\" data-status=\"init\">\n<fieldset class=\"hidden-fields-container\"><input type=\"hidden\" name=\"_wpcf7\" value=\"15641\" \/><input type=\"hidden\" name=\"_wpcf7_version\" value=\"6.1.5\" \/><input type=\"hidden\" name=\"_wpcf7_locale\" value=\"en_US\" \/><input type=\"hidden\" name=\"_wpcf7_unit_tag\" value=\"wpcf7-f15641-o1\" \/><input type=\"hidden\" name=\"_wpcf7_container_post\" value=\"0\" \/><input type=\"hidden\" name=\"_wpcf7_posted_data_hash\" value=\"\" \/><input type=\"hidden\" name=\"_wpcf7cf_hidden_group_fields\" value=\"[]\" \/><input type=\"hidden\" name=\"_wpcf7cf_hidden_groups\" value=\"[]\" \/><input type=\"hidden\" name=\"_wpcf7cf_visible_groups\" value=\"[]\" \/><input type=\"hidden\" name=\"_wpcf7cf_repeaters\" value=\"[]\" \/><input type=\"hidden\" name=\"_wpcf7cf_steps\" value=\"{}\" \/><input type=\"hidden\" name=\"_wpcf7cf_options\" value=\"{&quot;form_id&quot;:15641,&quot;conditions&quot;:[],&quot;settings&quot;:{&quot;animation&quot;:&quot;yes&quot;,&quot;animation_intime&quot;:200,&quot;animation_outtime&quot;:200,&quot;conditions_ui&quot;:&quot;normal&quot;,&quot;notice_dismissed&quot;:false}}\" \/><input type=\"hidden\" name=\"_wpcf7_recaptcha_response\" value=\"\" \/>\n<\/fieldset>\n<div class=\"uk-form\" uk-grid>\n<div class=\"uk-width-1-1 uk-hidden\">\n    <span class=\"wpcf7-form-control-wrap\" data-name=\"email-recipient\"><input size=\"40\" maxlength=\"400\" class=\"wpcf7-form-control wpcf7-text wpcf7-validates-as-required uk-input\" id=\"recipient\" aria-required=\"true\" aria-invalid=\"false\" value=\"\" type=\"text\" name=\"email-recipient\" \/><\/span>\n<\/div>\n<div class=\"uk-width-1-1 uk-width-1-2@s\">\n<label> Nom\n    <span class=\"wpcf7-form-control-wrap\" data-name=\"nom\"><input size=\"40\" maxlength=\"400\" class=\"wpcf7-form-control wpcf7-text wpcf7-validates-as-required uk-input\" aria-required=\"true\" aria-invalid=\"false\" value=\"\" type=\"text\" name=\"nom\" \/><\/span> <\/label>\n<\/div>\n<div class=\"uk-width-1-1 uk-width-1-2@s\">\n<label> Cognoms\n    <span class=\"wpcf7-form-control-wrap\" data-name=\"cognoms\"><input size=\"40\" maxlength=\"400\" class=\"wpcf7-form-control wpcf7-text wpcf7-validates-as-required uk-input\" aria-required=\"true\" aria-invalid=\"false\" value=\"\" type=\"text\" name=\"cognoms\" \/><\/span> <\/label>\n<\/div>\n<div class=\"uk-width-1-1\">\n<label> Empresa (Opcional)\n    <span class=\"wpcf7-form-control-wrap\" data-name=\"empresa-ca\"><input size=\"40\" maxlength=\"400\" class=\"wpcf7-form-control wpcf7-text uk-input\" aria-invalid=\"false\" value=\"\" type=\"text\" name=\"empresa-ca\" \/><\/span> <\/label>\n<\/div>\n<div class=\"uk-width-1-1\">\n<label> El teu correu electr\u00f2nic\n    <span class=\"wpcf7-form-control-wrap\" data-name=\"email-ca\"><input size=\"40\" maxlength=\"400\" class=\"wpcf7-form-control wpcf7-email wpcf7-validates-as-required wpcf7-text wpcf7-validates-as-email uk-input\" aria-required=\"true\" aria-invalid=\"false\" value=\"\" type=\"email\" name=\"email-ca\" \/><\/span> <\/label>\n<\/div>\n<div class=\"uk-width-1-1\">\n<label> Un tel\u00e8fon (opcional)\n    <span class=\"wpcf7-form-control-wrap\" data-name=\"telefon\"><input size=\"40\" maxlength=\"400\" class=\"wpcf7-form-control wpcf7-tel wpcf7-text wpcf7-validates-as-tel uk-input\" aria-invalid=\"false\" value=\"\" type=\"tel\" name=\"telefon\" \/><\/span> <\/label>\n<\/div>\n<div class=\"uk-width-1-1\">\n<label> Comentaris\n    <span class=\"wpcf7-form-control-wrap\" data-name=\"comentaris\"><textarea cols=\"40\" rows=\"10\" maxlength=\"2000\" class=\"wpcf7-form-control wpcf7-textarea uk-input\" aria-invalid=\"false\" name=\"comentaris\"><\/textarea><\/span> <\/label>\n<\/div>\n<div class=\"uk-width-1-1 uk-width-expand@s uk-grid-item-match uk-flex-middle\">\n    <span class=\"wpcf7-form-control-wrap\" data-name=\"newsletter\"><span class=\"wpcf7-form-control wpcf7-acceptance optional\"><span class=\"wpcf7-list-item\"><label><input type=\"checkbox\" name=\"newsletter\" value=\"1\" class=\"uk-checkbox\" aria-invalid=\"false\" \/><span class=\"wpcf7-list-item-label\">Vull rebre informaci\u00f3 de la Fundaci\u00f3 IRES<\/span><\/label><\/span><\/span><\/span>\n    <span class=\"wpcf7-form-control-wrap\" data-name=\"politicas\"><span class=\"wpcf7-form-control wpcf7-acceptance\"><span class=\"wpcf7-list-item\"><label><input type=\"checkbox\" name=\"politicas\" value=\"1\" class=\"uk-checkbox\" aria-invalid=\"false\" \/><span class=\"wpcf7-list-item-label\">Accepto l'<a href=\"\/ca\/avis-legal\/\" target=\"_blank\">Av\u00eds legal<\/a>, la <a href=\"\/ca\/politica-de-privacitat\/\" target=\"_blank\">Pol\u00edtica de privacitat<\/a> i la <a href=\"\/ca\/politica-de-privacitat-a-les-xarxes-socials\/\" target=\"_blank\">Pol\u00edtica de privacitat a les xarxes socials<\/a><\/span><\/label><\/span><\/span><\/span>\n<\/div>\n<div class=\"uk-width-1-1 uk-width-auto@s uk-flex uk-flex-bottom uk-positon-relative\">\n    <input class=\"wpcf7-form-control wpcf7-submit has-spinner uk-button uk-button-default\" type=\"submit\" value=\"Enviar\" \/>\n<\/div>\n<\/div>\n\n<style>\n.wpcf7-spinner{\n   position: absolute;\n   right: -70px;\n}\n<\/style><div class=\"wpcf7-response-output\" aria-hidden=\"true\"><\/div>\n<\/form>\n<\/div>\n<br \/>\n<script>\ndocument.getElementById('recipient').value = 'comunicacio@fundacioires.org';\n<\/script>\n<\/div>\n<h3>Transpar\u00e8ncia<\/h3>\n<div>Com distribu\u00efm els nostres fons<\/div>\n<p><p>\n        <a href=\"https:\/\/www.fundacioires.org\/ca\/qui-som\/transparencia-cat\/\">Saber-ne m\u00e9s<\/a>\n    <\/p>\n<\/p>\n<p><!--more--><br \/>\n<!-- {\"name\":\"ES - Sala de prensa\",\"type\":\"layout\",\"children\":[{\"name\":\"Hero\",\"type\":\"section\",\"props\":{\"class\":\"parallax\",\"id\":\"hero\",\"image\":\"wp-content\\\/uploads\\\/1809-AF-SLIDER-PRENSA1643x600.jpg\",\"image_effect\":\"parallax\",\"image_parallax_bgy\":\"0,80\",\"image_parallax_easing\":\"0\",\"image_position\":\"top-center\",\"image_size\":\"cover\",\"image_width\":\"2560\",\"media_blend_mode\":\"multiply\",\"media_overlay\":\"rgba(0, 0, 0, 0.23)\",\"padding\":\"large\",\"style\":\"default\",\"text_color\":\"light\",\"title_breakpoint\":\"xl\",\"title_position\":\"top-left\",\"title_rotation\":\"left\",\"vertical_align\":\"\",\"width\":\"default\"},\"children\":[{\"type\":\"row\",\"children\":[{\"type\":\"column\",\"props\":{\"image_position\":\"center-center\",\"position_sticky_breakpoint\":\"m\",\"width_medium\":\"1-1\"},\"children\":[{\"type\":\"headline\",\"props\":{\"content\":\"Sala de premsa\",\"title_element\":\"h1\",\"title_style\":\"heading-medium\"}}]}]}]},{\"name\":\"Info Principal\",\"type\":\"section\",\"props\":{\"animation\":\"fade\",\"animation_delay\":false,\"css\":\"@media (min-width:959px) and (max-width:1010px){\\n    .el-section .subtitle{\\n        min-height:116px;\\n    }\\n}\",\"image_effect\":\"parallax\",\"image_parallax_bgy\":\"300,450\",\"image_parallax_easing\":\"1\",\"image_position\":\"bottom-right\",\"image_width\":\"700\",\"style\":\"default\",\"title_breakpoint\":\"xl\",\"title_position\":\"top-left\",\"title_rotation\":\"left\",\"vertical_align\":\"\",\"width\":\"default\"},\"children\":[{\"type\":\"row\",\"props\":{\"margin_remove_bottom\":true,\"width\":\"default\"},\"children\":[{\"type\":\"column\",\"props\":{\"image_position\":\"center-center\",\"position_sticky_breakpoint\":\"m\",\"width_medium\":\"1-1\"},\"children\":[{\"type\":\"headline\",\"props\":{\"animation\":\"slide-top-small\",\"block_align\":\"center\",\"content\":\"<strong>Coneix la Fundaci\\u00f3 IRES<\\\/strong>\",\"margin\":\"medium\",\"text_align\":\"center\",\"title_element\":\"div\",\"title_style\":\"h1\"}},{\"type\":\"text\",\"props\":{\"block_align\":\"center\",\"column_breakpoint\":\"m\",\"content\":\"\n\n<p>Som una fundaci\\u00f3 que <strong>des de fa m\\u00e9s de 55 anys at\\u00e9n de forma integral a les fam\\u00edlies en situaci\\u00f3 de vulnerabilitat.<\\\/strong> Acompanyem a aquestes fam\\u00edlies en els seus processos vitals a trav\\u00e9s del treball d'un equip de professionals especialitzats en l'\\u00e0mbit social, psicol\\u00f2gic i educatiu, amb la mirada posada en un objectiu com\\u00fa: veure la <strong>vulnerabilitat com una oportunitat de canvi vital.<\\\/strong><\\\/p>\",\"margin\":\"default\",\"maxwidth\":\"2xlarge\",\"text_align\":\"center\",\"text_style\":\"lead\"}}]}]}]},{\"type\":\"section\",\"props\":{\"animation\":\"fade\",\"animation_delay\":\"200\",\"class\":\"purpleMuted\",\"css\":\".el-section > div{\\n    background-size: 100% 450px;\\n}\",\"image\":\"wp-content\\\/uploads\\\/Sin-titulo-2.png\",\"image_position\":\"top-center\",\"image_size\":\"cover\",\"padding\":\"small\",\"style\":\"default\",\"text_color\":\"light\",\"title_breakpoint\":\"xl\",\"title_position\":\"top-left\",\"title_rotation\":\"left\",\"vertical_align\":\"\",\"width\":\"default\"},\"children\":[{\"type\":\"row\",\"children\":[{\"type\":\"column\",\"props\":{\"image_position\":\"center-center\",\"position_sticky_breakpoint\":\"m\",\"width_medium\":\"1-1\"},\"children\":[{\"type\":\"headline\",\"props\":{\"animation\":\"slide-top-small\",\"content\":\"Vols contactar amb el nostre<br \\\/>equip de comunicaci\\u00f3?\",\"text_align\":\"center\",\"title_element\":\"h2\"}},{\"type\":\"text\",\"props\":{\"column_breakpoint\":\"m\",\"content\":\"\n\n<p><a href=\\\"mailto:comunicacio@fundacioires.org\\\">comunicacio@fundacioires.org<\\\/a> <br \\\/>Tel. 934 864 750 \\\/ M\\u00f3v. 656 39 10 92<\\\/p>\",\"margin\":\"default\",\"text_align\":\"center\",\"text_style\":\"lead\"}}]}]}],\"name\":\"Contacte Comunicaci\\u00f3\"},{\"type\":\"section\",\"props\":{\"image_position\":\"center-center\",\"status\":\"disabled\",\"style\":\"secondary\",\"title_breakpoint\":\"xl\",\"title_position\":\"top-left\",\"title_rotation\":\"left\",\"vertical_align\":\"\",\"width\":\"default\"},\"children\":[{\"type\":\"row\",\"children\":[{\"type\":\"column\",\"props\":{\"image_position\":\"center-center\",\"position_sticky_breakpoint\":\"m\",\"width_medium\":\"1-1\"},\"children\":[{\"type\":\"overlay-slider\",\"props\":{\"css\":\".el-element .uk-panel{\\n\\ttext-align: left;\\n    max-width:568px;\\n}\\n.el-slidenav.uk-slidenav-previous{\\n\\tright:420px;\\n}\\n.el-slidenav.uk-slidenav-next{\\n\\tmargin-left:20px;\\n}\\n.el-image{\\n    border-radius: 10px;\\n    border-bottom: 5px;\\n}\\n\\n@media (max-width:1200px){\\n    .el-slidenav.uk-slidenav-next{\\n        margin-left:-40px;\\n    }\\n    .el-slidenav.uk-slidenav-previous{\\n        right:310px;\\n    }\\n}\\n\\n@media (max-width:1036px){\\n    .el-element .uk-panel{\\n        max-width:55%;\\n    }\\n}\\n\\n@media (max-width:860px){\\n    .el-element .uk-panel{\\n        position: relative !important;\\n        max-width: 100%;\\n        width: 100%;\\n        margin-top: 20px;\\n    }\\n    .el-item > div{\\n        text-align:center;\\n    }\\n    .el-slidenav.uk-slidenav-previous{\\n        left: 0;\\n\\t\\ttop: 22%;\\n        right: auto;\\n    }\\n    .el-slidenav.uk-slidenav-next{\\n        top: 22%;\\n    }\\n   \\n}\",\"image_width\":\"400\",\"link_style\":\"default\",\"link_target\":true,\"link_text\":\"Quiero descargar el documento\",\"margin\":\"default\",\"meta_align\":\"below-title\",\"meta_element\":\"div\",\"meta_style\":\"text-meta\",\"nav\":\"\",\"nav_align\":\"center\",\"nav_below\":true,\"nav_breakpoint\":\"s\",\"nav_position\":\"bottom-center\",\"nav_position_margin\":\"medium\",\"overlay_mode\":\"cover\",\"overlay_padding\":\"none\",\"overlay_position\":\"top-left\",\"overlay_transition\":\"fade\",\"overlay_transition_background\":false,\"show_content\":true,\"show_hover_image\":true,\"show_hover_video\":true,\"show_link\":true,\"show_meta\":true,\"show_title\":true,\"slidenav\":\"outside\",\"slidenav_breakpoint\":\"\",\"slidenav_large\":false,\"slidenav_margin\":\"\",\"slidenav_outside_breakpoint\":\"s\",\"slider_autoplay_pause\":true,\"slider_finite\":false,\"slider_gap\":\"default\",\"slider_sets\":false,\"slider_width\":\"fixed\",\"slider_width_default\":\"1-1\",\"slider_width_medium\":\"\",\"status\":\"disabled\",\"text_align\":\"right\",\"title_element\":\"h3\",\"title_hover_style\":\"reset\",\"title_style\":\"h2\"},\"children\":[{\"type\":\"overlay-slider_item\",\"props\":{\"content\":\"\n\n<p>Recull d'aparicions en premsa de la Fundaci\\u00f3 IRES. Tanquem aquest any amb:<\\\/p>\\n\n\n<h3><strong>7.097.007<\\\/strong> persones d'audi\\u00e8ncia<br \\\/><strong>109<\\\/strong> aparicions en mitjans<\\\/h3>\",\"image\":\"wp-content\\\/uploads\\\/Miniatura-Web.png\",\"link\":\"wp-content\\\/uploads\\\/CLIPPING-DE-PREMSA-IRES_2021_DEF_compressed.pdf\",\"link_text\":\"VULL DESCARREGAR EL DOCUMENT\",\"meta\":\"CLIPPING DE PRENSA 2021\",\"title\":\"Fundaci\\u00f3 IRES als mitjans\"}}],\"name\":\"Bloque Memoria anual\"},{\"type\":\"panel-slider\",\"props\":{\"content_column_breakpoint\":\"m\",\"css\":\".el-element .uk-panel{\\n\\ttext-align: left;\\n}\\n.el-slidenav.uk-slidenav-previous{\\n\\tright:420px;\\n}\\n.el-slidenav.uk-slidenav-next{\\n\\tmargin-left:20px;\\n}\\n.el-image{\\n    border-radius: 10px;\\n    border-bottom: 5px ;\\n}\\n\\n@media (max-width:1200px){\\n    .el-slidenav.uk-slidenav-next{\\n        margin-left:-40px;\\n    }\\n    .el-slidenav.uk-slidenav-previous{\\n        right:310px;\\n    }\\n}\\n\\n@media (max-width:1036px){\\n    .el-element .uk-panel{\\n        max-width:55%;\\n    }\\n}\\n\\n@media (max-width:860px){\\n    .el-element .uk-panel{\\n        position: relative !important;\\n        max-width: 100%;\\n        width: 100%;\\n        margin-top: 20px;\\n    }\\n    .el-item > div{\\n        text-align:center;\\n    }\\n    .el-slidenav.uk-slidenav-previous{\\n        left: 0;\\n\\t\\ttop: 22%;\\n        right: auto;\\n    }\\n    .el-slidenav.uk-slidenav-next{\\n        top: 22%;\\n    }\\n   \\n}\",\"icon_width\":80,\"image_align\":\"right\",\"image_grid_breakpoint\":\"m\",\"image_grid_column_gap\":\"small\",\"image_grid_width\":\"1-2\",\"image_svg_color\":\"emphasis\",\"image_vertical_align\":true,\"link_style\":\"default\",\"link_target\":true,\"link_text\":\"Vull veure el document\",\"margin\":\"default\",\"meta_align\":\"below-title\",\"meta_element\":\"div\",\"meta_style\":\"text-meta\",\"nav\":\"dotnav\",\"nav_align\":\"center\",\"nav_breakpoint\":\"s\",\"panel_match\":true,\"position_left\":\"0\",\"show_content\":true,\"show_hover_image\":true,\"show_hover_video\":true,\"show_image\":true,\"show_link\":true,\"show_meta\":true,\"show_title\":true,\"show_video\":true,\"slidenav\":\"outside\",\"slidenav_breakpoint\":\"xl\",\"slidenav_large\":false,\"slidenav_margin\":\"medium\",\"slidenav_outside_breakpoint\":\"s\",\"slider_autoplay_pause\":true,\"slider_finite\":false,\"slider_gap\":\"default\",\"slider_sets\":false,\"slider_width\":\"fixed\",\"slider_width_default\":\"1-1\",\"slider_width_medium\":\"\",\"text_align\":\"right\",\"title_align\":\"top\",\"title_element\":\"h3\",\"title_grid_breakpoint\":\"m\",\"title_grid_width\":\"1-2\",\"title_hover_style\":\"reset\",\"title_style\":\"h2\"},\"children\":[{\"type\":\"panel-slider_item\",\"props\":{\"content\":\"\n\n<p>Recull d'aparicions en premsa de la Fundaci\\u00f3 IRES. Tanquem aquest any amb:<\\\/p>\\n\n\n<h3><strong>7.097.007<\\\/strong> persones d'audi\\u00e8ncia<br \\\/><strong>109<\\\/strong> aparicions en mitjans<\\\/h3>\",\"image\":\"wp-content\\\/uploads\\\/Miniatura-Web.png\",\"link\":\"wp-content\\\/uploads\\\/CLIPPING-DE-PREMSA-IRES_2021_DEF_compressed.pdf\",\"link_text\":\"VULL DESCARREGAR EL DOCUMENT\",\"meta\":\"CLIPPING DE PRENSA 2021\",\"title\":\"Fundaci\\u00f3 IRES als mitjans\"}}],\"name\":\"Fundacion Ires en los medios\"}]}]}],\"name\":\"Clipping Premsa\"},{\"type\":\"section\",\"props\":{\"css\":\".el-section > div{\\n\\tbackground-size: 100% 700px;\\n    background-position: 50% 250px;\\n}\",\"image\":\"wp-content\\\/uploads\\\/redMuttedImg.jpg\",\"image_position\":\"top-center\",\"image_size\":\"cover\",\"status\":\"disabled\",\"style\":\"default\",\"title_breakpoint\":\"xl\",\"title_position\":\"top-left\",\"title_rotation\":\"left\",\"vertical_align\":\"\",\"width\":\"default\"},\"children\":[{\"type\":\"row\",\"children\":[{\"type\":\"column\",\"props\":{\"image_position\":\"center-center\",\"position_sticky_breakpoint\":\"m\",\"width_medium\":\"1-1\"},\"children\":[{\"type\":\"headline\",\"props\":{\"animation\":\"slide-top-small\",\"content\":\"Aparicions en premsa\",\"margin\":\"large\",\"text_align\":\"center\",\"title_element\":\"h2\"}},{\"type\":\"overlay-slider\",\"props\":{\"css\":\".el-item{\\nalign-items: center;\\ndisplay: flex;\\nflex-wrap: wrap;\\n}\\n.el-item > div{\\nbox-sizing: border-box;\\nwidth: 100%;\\nflex: auto;\\n}\\n   \",\"link_size\":\"small\",\"link_style\":\"default\",\"link_text\":\"Veure la not\\u00edcia\",\"margin\":\"default\",\"meta_align\":\"above-title\",\"meta_color\":\"primary\",\"meta_element\":\"div\",\"meta_style\":\"text-meta\",\"nav\":\"dotnav\",\"nav_align\":\"center\",\"nav_below\":true,\"nav_breakpoint\":\"\",\"nav_position\":\"bottom-center\",\"nav_position_margin\":\"medium\",\"overlay_display\":\"hover\",\"overlay_mode\":\"cover\",\"overlay_position\":\"center\",\"overlay_style\":\"overlay-primary\",\"overlay_transition\":\"fade\",\"show_content\":true,\"show_hover_image\":true,\"show_hover_video\":true,\"show_link\":true,\"show_meta\":true,\"show_title\":true,\"slidenav\":\"outside\",\"slidenav_breakpoint\":\"m\",\"slidenav_margin\":\"small\",\"slidenav_outside_breakpoint\":\"m\",\"slider_autoplay_pause\":true,\"slider_gap\":\"medium\",\"slider_width\":\"fixed\",\"slider_width_default\":\"1-1\",\"slider_width_medium\":\"1-3\",\"slider_width_small\":\"1-2\",\"text_align\":\"center\",\"text_color\":\"light\",\"title_element\":\"h3\",\"title_hover_style\":\"reset\"},\"children\":[{\"type\":\"overlay-slider_item\",\"props\":{\"image\":\"wp-content\\\/uploads\\\/Captura-de-pantalla-2019-07-12-a-las-12.44.05.png\",\"link\":\"https:\\\/\\\/www.lavanguardia.com\\\/vida\\\/20190517\\\/462292314066\\\/crean-una-plataforma-para-prevenir-abusos-de-pedofilos-y-pederastas.html\",\"meta\":\"La Vanguardia. 17 Maig 2019\",\"title\":\"\\\"Crean una plataforma para prevenir abusos de ped\\u00f3filos y pederastas\\\" \"}},{\"type\":\"overlay-slider_item\",\"props\":{\"image\":\"wp-content\\\/uploads\\\/retall-prensa-0.jpg\",\"link\":\"Ara Balears - 2 OCT 2017\",\"meta\":\"Ara Balears - 2 Oct 2017\",\"text_color_hover\":false,\"title\":\"\\\"30 anys humanitzant la just\\u00edcia\\\"\\u201d\"}},{\"type\":\"overlay-slider_item\",\"props\":{\"image\":\"wp-content\\\/uploads\\\/Captura-de-pantalla-2019-07-12-a-las-12.56.32.png\",\"link\":\"https:\\\/\\\/www.ccma.cat\\\/catradio\\\/alacarta\\\/programa\\\/aprenents-de-youtubers\\\/audio\\\/970961\\\/\",\"meta\":\"Catalunya R\\u00e0dio. 22 Jul 2017\",\"title\":\"\\\"Aprenents de youtubers\\\"\"}},{\"type\":\"overlay-slider_item\",\"props\":{\"image\":\"wp-content\\\/uploads\\\/retall-prensa-1.jpg\",\"link\":\"wp-content\\\/uploads\\\/retall-prensa-1.jpg\",\"meta\":\"El Periodico - 16 Abr 2016\",\"title\":\"\\u201cUn agressor ha d\\u2019assumir que els fills no el vulguin veure m\\u00e9s\\u201d\"}},{\"type\":\"overlay-slider_item\",\"props\":{\"image\":\"wp-content\\\/uploads\\\/retall-prensa-2.jpg\",\"link\":\"https:\\\/\\\/www.elperiodico.com\\\/es\\\/barcelona\\\/20151216\\\/hotel-invisible-campana-solidaria-cobijar-mas-necesitados-4757311\",\"meta\":\"El Peri\\u00f3dico de Catalunya - 12 Des 2015\",\"title\":\"\\u201cUn hotel invisible per aixoplugar els m\\u00e9s necessitats\\u201d\"}},{\"type\":\"overlay-slider_item\",\"props\":{\"image\":\"wp-content\\\/uploads\\\/Captura-de-pantalla-2019-07-12-a-las-12.52.05.png\",\"link\":\"https:\\\/\\\/www.ivoox.com\\\/solidarios-24-julio-audios-mp3_rf_27218732_1.html\",\"meta\":\"Ivoox. 24 Maig 2018\",\"title\":\"\\\"Solidarios\\\"\"}},{\"type\":\"overlay-slider_item\",\"props\":{\"image\":\"wp-content\\\/uploads\\\/Captura-de-pantalla-2019-07-12-a-las-12.48.56.png\",\"link\":\"https:\\\/\\\/beteve.cat\\\/desigualtats\\\/risc-exclusio-social-barcelona\\\/\",\"meta\":\"Betev\\u00e9\",\"title\":\"\\\"L'altra fam\\u00edlia\\\"\"}},{\"type\":\"overlay-slider_item\",\"props\":{\"image\":\"wp-content\\\/uploads\\\/Captura-de-pantalla-2019-07-25-a-las-11.35.28.png\",\"link\":\"ca\\\/societat\\\/20160430\\\/el-maltractament-infantil-es-triplica-a-catalunya-en-cinc-anys-5097347\",\"meta\":\"El Peri\\u00f3dico - 30 Abr 2016\",\"title\":\"\\\"Les den\\u00fancies per maltractament infantil es tripliquen a Catalunya en cinc anys\\\"\"}},{\"type\":\"overlay-slider_item\",\"props\":{\"image\":\"wp-content\\\/uploads\\\/Captura-de-pantalla-2019-07-12-a-las-13.06.37.png\",\"link\":\"http:\\\/\\\/www.rtve.es\\\/alacarta\\\/videos\\\/a-punto-con-la-2\\\/apuntola2-violencia\\\/3482964\\\/\",\"meta\":\"RTVE. A punto con La 2. 16 Feb 2016\",\"title\":\"\\\"Violencia filioparental\\\"\"}},{\"type\":\"overlay-slider_item\",\"props\":{\"image\":\"wp-content\\\/uploads\\\/Captura-de-pantalla-2019-07-12-a-las-13.11.31.png\",\"link\":\"https:\\\/\\\/www.youtube.com\\\/watch?v=yWV_chLFsE0&feature=youtu.be\",\"meta\":\"TV3. Els Matins. 28 Feb 2016\",\"title\":\"\\\"Casal en Fam\\u00edlia\\\" a Els Matins de TV3\"}}]}]}]}],\"name\":\"Aparicions Premsa\"},{\"type\":\"section\",\"props\":{\"image_position\":\"center-center\",\"image_size\":\"cover\",\"style\":\"default\",\"title_breakpoint\":\"xl\",\"title_position\":\"top-left\",\"title_rotation\":\"left\",\"vertical_align\":\"\",\"width\":\"default\"},\"children\":[{\"type\":\"row\",\"children\":[{\"type\":\"column\",\"props\":{\"image_position\":\"center-center\",\"position_sticky_breakpoint\":\"m\",\"width_medium\":\"1-1\"},\"children\":[{\"type\":\"headline\",\"props\":{\"content\":\"<strong>Aparicions en premsa<\\\/strong>\",\"text_align\":\"center\",\"title_element\":\"h1\",\"title_style\":\"h1\"}},{\"type\":\"overlay-slider\",\"props\":{\"image_height\":\"350\",\"link_size\":\"small\",\"link_style\":\"default\",\"link_text\":\"Veure la not\\u00edcia\",\"margin\":\"default\",\"meta_align\":\"above-title\",\"meta_color\":\"emphasis\",\"meta_element\":\"div\",\"meta_style\":\"text-meta\",\"nav\":\"dotnav\",\"nav_align\":\"center\",\"nav_below\":true,\"nav_breakpoint\":\"s\",\"nav_position\":\"bottom-center\",\"nav_position_margin\":\"medium\",\"overlay_display\":\"hover\",\"overlay_mode\":\"cover\",\"overlay_position\":\"center\",\"overlay_style\":\"overlay-primary\",\"overlay_transition\":\"fade\",\"show_content\":true,\"show_hover_image\":true,\"show_hover_video\":true,\"show_link\":true,\"show_meta\":true,\"show_title\":true,\"slidenav\":\"default\",\"slidenav_breakpoint\":\"s\",\"slidenav_margin\":\"medium\",\"slidenav_outside_breakpoint\":\"xl\",\"slider_autoplay_pause\":true,\"slider_center\":false,\"slider_divider\":false,\"slider_gap\":\"default\",\"slider_width\":\"fixed\",\"slider_width_default\":\"1-1\",\"slider_width_medium\":\"1-3\",\"text_align\":\"center\",\"text_color\":\"light\",\"title_element\":\"h3\",\"title_hover_style\":\"reset\"},\"children\":[{\"type\":\"overlay-slider_item\",\"props\":{\"image\":\"wp-content\\\/uploads\\\/Captura-de-pantalla-2021-02-23-a-las-12.14.59.png\",\"link\":\"https:\\\/\\\/www.social.cat\\\/opinio\\\/11763\\\/la-vulnerabilitat-invisible-enlestatdalarma\",\"meta\":\"social.cat - mar\\u00e7 2020\",\"title\":\"\\\"La vulnerabilitat invisible en l\\u2019estat d\\u2019alarma\\\"\"}},{\"type\":\"overlay-slider_item\",\"props\":{\"image\":\"wp-content\\\/uploads\\\/Captura-de-pantalla-2021-01-13-a-las-14.28.12.png\",\"link\":\"https:\\\/\\\/www.viena.es\\\/fitxers\\\/DIARI_DIGITAL_CA.pdf\",\"meta\":\"Viena Magazine\",\"title\":\"\\\"C\\u00e8ntim a c\\u00e8ntim, cap infant enrere\\\"\"}},{\"type\":\"overlay-slider_item\",\"props\":{\"image\":\"wp-content\\\/uploads\\\/Captura-de-pantalla-2021-02-23-a-las-12.20.41.png\",\"link\":\"https:\\\/\\\/beteve.cat\\\/societat\\\/que-fer-violencia-masclista-confinament\\\/\",\"meta\":\"betev\\u00e9 - abril 2020\",\"title\":\"\\\"Qu\\u00e8 fer en cas de patir viol\\u00e8ncia masclista durant el confinament\\\"\"}},{\"type\":\"overlay-slider_item\",\"props\":{\"image\":\"wp-content\\\/uploads\\\/Captura-de-pantalla-2021-02-23-a-las-12.25.38.png\",\"link\":\"https:\\\/\\\/acciosocial.org\\\/bruixola-comunitaria-nova-publicacio-de-la-colleccio-idees-i-eines-per-a-laccio-social-sobre-accio-comunitaria\\\/\",\"meta\":\"ecas - juliol 2020\",\"title\":\"\\u2018Br\\u00faixola comunit\\u00e0ria\\u2019,  \\u2018Idees i Eines per a l\\u2019acci\\u00f3 social\\u2019 sobre acci\\u00f3 comunit\\u00e0ria\"}},{\"type\":\"overlay-slider_item\",\"props\":{\"image\":\"wp-content\\\/uploads\\\/Captura-de-pantalla-2021-01-13-a-las-14.46.39.png\",\"link\":\"https:\\\/\\\/www.abc.es\\\/espana\\\/catalunya\\\/abci-joan-carles-valero-vulnerhabilidad-202012220910_noticia.html\",\"meta\":\"ABC - desembre 2020\",\"title\":\"\\\"VulnerHabilidad\\\"\"}},{\"type\":\"overlay-slider_item\",\"props\":{\"image\":\"wp-content\\\/uploads\\\/14_Des_Afers-Socials-i-Esports_IB3.png\",\"link\":\"https:\\\/\\\/ib3.org\\\/carta?id=dd57eb8b-5ba3-451a-9192-9e24073a1520&type=TV&t=1707&f=1776\",\"meta\":\"ib3 - desembre 2020\",\"title\":\"\\\"Signatura del concert del 2021 per al servei d\\u2019atenci\\u00f3 social a persones implicades en un procediment judicial\\\"\"}},{\"type\":\"overlay-slider_item\",\"props\":{\"image\":\"wp-content\\\/uploads\\\/Captura-de-pantalla-2021-02-23-a-las-12.39.22.png\",\"link\":\"https:\\\/\\\/www.diariodemallorca.es\\\/mallorca\\\/2020\\\/12\\\/30\\\/cara-humana-justicia-26864155.html\",\"meta\":\"Diari de mallorca - desembre 2020\",\"title\":\"La cara humana de la Justicia\"}},{\"type\":\"overlay-slider_item\",\"props\":{\"image\":\"wp-content\\\/uploads\\\/Captura-de-pantalla-2021-02-23-a-las-12.42.53-1.png\",\"link\":\"https:\\\/\\\/www.social.cat\\\/opinio\\\/12039\\\/la-familia-un-concepte-dinamic\",\"meta\":\"social.cat - maig 2020\",\"title\":\"La fam\\u00edlia: un concepte din\\u00e0mic\"}},{\"type\":\"overlay-slider_item\",\"props\":{\"image\":\"wp-content\\\/uploads\\\/Captura-de-pantalla-2021-02-23-a-las-11.14.32.png\",\"image_alt\":\"IRES en los medios - La Vanguardia\",\"link\":\"https:\\\/\\\/www.lavanguardia.com\\\/vida\\\/20190517\\\/462292314066\\\/crean-una-plataforma-para-prevenir-abusos-de-pedofilos-y-pederastas.html\",\"meta\":\"La vanguardia - 17 maig 2019\",\"title\":\"\\\"Crean una plataforma para prevenir abusos de ped\\u00f3filos y pederastas\\\"\"}},{\"type\":\"overlay-slider_item\",\"props\":{\"image\":\"wp-content\\\/uploads\\\/Captura-de-pantalla-2021-02-23-a-las-11.13.48-1.png\",\"link\":\"https:\\\/\\\/beteve.cat\\\/desigualtats\\\/risc-exclusio-social-barcelona\\\/\",\"meta\":\"Betev\\u00e9\",\"title\":\"\\\"L'altra fam\\u00edlia\\\"\"}}]}]}]}],\"name\":\"APARICIONS PREMSA (2)\"},{\"type\":\"section\",\"props\":{\"class\":\"greenMuted\",\"image_position\":\"center-center\",\"style\":\"default\",\"title_breakpoint\":\"xl\",\"title_position\":\"top-left\",\"title_rotation\":\"left\",\"vertical_align\":\"\",\"width\":\"default\"},\"children\":[{\"type\":\"row\",\"children\":[{\"type\":\"column\",\"props\":{\"image_position\":\"center-center\",\"position_sticky_breakpoint\":\"m\",\"width_medium\":\"1-1\"},\"children\":[{\"type\":\"headline\",\"props\":{\"animation\":\"slide-top-small\",\"content\":\"<strong>Notes de premsa<\\\/strong>\",\"margin\":\"large\",\"text_align\":\"center\",\"title_element\":\"h1\"}},{\"type\":\"slider-panel\",\"props\":{\"link_style\":\"text\",\"link_text\":\"Llegir m\\u00e9s\",\"margin\":\"default\",\"meta_align\":\"above-title\",\"meta_style\":\"meta\",\"nav\":\"dotnav\",\"nav_align\":\"center\",\"nav_breakpoint\":\"\",\"overlay_mode\":\"caption\",\"overlay_position\":\"bottom\",\"overlay_transition\":\"fade\",\"show_content\":true,\"show_link\":true,\"show_meta\":true,\"show_title\":true,\"slidenav\":\"outside\",\"slidenav_breakpoint\":\"m\",\"slidenav_large\":false,\"slidenav_margin\":\"small\",\"slidenav_outside_breakpoint\":\"m\",\"slider_autoplay_pause\":true,\"slider_center\":false,\"slider_finite\":false,\"slider_gutter\":\"small\",\"slider_min_height\":300,\"slider_sets\":false,\"slider_width\":\"fixed\",\"slider_width_default\":\"1-1\",\"slider_width_medium\":\"1-3\",\"slider_width_small\":\"1-2\",\"text_align\":\"left\",\"title_element\":\"h3\",\"title_margin\":\"small\"},\"children\":[{\"type\":\"slider-panel_item\",\"props\":{\"image\":\"wp-content\\\/uploads\\\/Plantilla-Noticies-WEB-2-1.png\",\"link\":\"wp-content\\\/uploads\\\/NdP_2a-EDICIO-CURS-DE-YOUTUBERS-DE-LA-FUNDACIO-IRES_030718.pdf\",\"meta\":\"Curs\",\"title\":\"\\\"Fes Click a Youtube\\\": 2\\u00aa edici\\u00f3 curs socioeducativo per joves amb Roc Massaguer\"}},{\"type\":\"slider-panel_item\",\"props\":{\"image\":\"wp-content\\\/uploads\\\/NdP_BUSQUEM-FAMI\\u0301LIES-ESPECIALS-def-336x177px.png\",\"link\":\"wp-content\\\/uploads\\\/NdP_BUSQUEM-FAMI\\u0301LIES-ESPECIALS-def.pdf\",\"meta\":\"Campanya\",\"title\":\"IReS impulsa la campanya \\\"Busquem fam\\u00edlies especials\\\"\"}},{\"type\":\"slider-panel_item\",\"props\":{\"image\":\"wp-content\\\/uploads\\\/Plantilla-Noticies-WEB-5.jpg\",\"link\":\"wp-content\\\/uploads\\\/NdP_IRES-Y-CAMPING-LA-TORDERA_220618.pdf\",\"meta\":\"Acci\\u00f3 RSC\",\"title\":\"Camping la Tordera beneficia a m\\u00e9s de 150 persones col\\u00b7laborant amb la Fundaci\\u00f3 IReS\"}},{\"type\":\"slider-panel_item\",\"props\":{\"image\":\"wp-content\\\/uploads\\\/NDP_Sant-Francesc-Singular-Hotel-i-Fundacio-IReS-060319-336x177px.png\",\"link\":\"wp-content\\\/uploads\\\/NDP_Sant-Francesc-Singular-Hotel-i-Fundacio-IReS-060319.pdf\",\"meta\":\"Donaci\\u00f3\",\"title\":\"Sant Francesc Hotel Singular d\\u00f3na 5.000\\u20ac a la Fundaci\\u00f3 IReS .\"}},{\"type\":\"slider-panel_item\",\"props\":{\"image\":\"wp-content\\\/uploads\\\/NdP_SANT-JORDI19_Fem-Cre\\u0301ixer-la-llavor_336x177px.png\",\"link\":\"wp-content\\\/uploads\\\/NdP_SANT-JORDI19_Fem-Cre\\u0301ixer-la-llavor_CAST-sin-foto.pdf\",\"meta\":\"Solidaritat\",\"title\":\"#FemCr\\u00e8ixerLaLLavor: Sant Jordi solidari amb les fam\\u00edlies en situaci\\u00f3 de vulnerabilitat.\"}},{\"type\":\"slider-panel_item\",\"props\":{\"image\":\"wp-content\\\/uploads\\\/NdP2_INSPIRES18-per-la-innovacio\\u0301-social_FundacioIReS_2-336x177px.png\",\"link\":\"wp-content\\\/uploads\\\/NdP2_INSPIRES18-per-la-innovacio\\u0301-social_FundacioIReS_2.pdf\",\"meta\":\"Innovaci\\u00f3 social\",\"title\":\"Inspires'18. Un espai d'inspiraci\\u00f3 per al sector social.\"}},{\"type\":\"slider-panel_item\",\"props\":{\"image\":\"wp-content\\\/uploads\\\/NdP_TRAM-I-IReS_Signatura-conveni_12122018-336x177px.png\",\"link\":\"wp-content\\\/uploads\\\/NdP_TRAM-I-IReS_Signatura-conveni_121220181.pdf\",\"meta\":\"Col\\u00b7laboraci\\u00f3\",\"title\":\"TRAM i la Fundaci\\u00f3 IRes\"}}]}]}]}],\"name\":\"Notes de premsa\"},{\"type\":\"section\",\"props\":{\"css\":\".el-section > div{\\n\\tbackground-size: 100% 700px;\\n    background-position: 50% 250px;\\n}\",\"image_position\":\"top-center\",\"image_size\":\"cover\",\"status\":\"disabled\",\"style\":\"default\",\"title_breakpoint\":\"xl\",\"title_position\":\"top-left\",\"title_rotation\":\"left\",\"vertical_align\":\"\",\"width\":\"default\"},\"children\":[{\"type\":\"row\",\"children\":[{\"type\":\"column\",\"props\":{\"image_position\":\"center-center\",\"position_sticky_breakpoint\":\"m\",\"width_medium\":\"1-1\"},\"children\":[{\"type\":\"headline\",\"props\":{\"animation\":\"slide-top-small\",\"content\":\"Material gr\\u00e0fic\",\"margin\":\"large\",\"text_align\":\"center\",\"title_element\":\"h2\"}},{\"type\":\"slider-panel-left\",\"props\":{\"css\":\".el-link{\\n    min-width: auto;\\n}\\n@media (max-width:750px){\\n\\t.el-content{\\n\\t\\tdisplay:none;\\n    }\\n}\",\"link_size\":\"small\",\"link_style\":\"default\",\"link_text\":\".jpg\",\"link_text2\":\".png\",\"link_text3\":\".pdf\",\"link_text4\":\".svg\",\"margin\":\"default\",\"meta_align\":\"below-title\",\"meta_style\":\"meta\",\"nav\":\"dotnav\",\"nav_align\":\"center\",\"nav_breakpoint\":\"\",\"overlay_mode\":\"cover\",\"overlay_position\":\"center\",\"overlay_transition\":\"fade\",\"show_content\":true,\"show_link\":true,\"show_meta\":true,\"show_title\":true,\"slidenav\":\"outside\",\"slidenav_breakpoint\":\"m\",\"slidenav_margin\":\"medium\",\"slidenav_outside_breakpoint\":\"m\",\"slider_autoplay_pause\":true,\"slider_gutter\":\"default\",\"slider_min_height\":300,\"slider_width\":\"fixed\",\"slider_width_default\":\"1-1\",\"slider_width_medium\":\"\",\"text_align\":\"left\",\"title_element\":\"h3\"},\"children\":[{\"type\":\"slider-panel-left_item\",\"props\":{\"content\":\"\n\n<p>Necessites descarregar el logo de la Fundaci\\u00f3 IRES? Aqu\\u00ed podr\\u00e0s descarregar-t'ho en format png.<\\\/p>\",\"image\":\"wp-content\\\/uploads\\\/Logotip-RGB_Logotip_Catala_RGB.png\",\"link2\":\"wp-content\\\/uploads\\\/Logotip-RGB_Logotip_Catala_RGB.png\",\"title\":\"Logotip de la Fundaci\\u00f3 IRES\"}},{\"type\":\"slider-panel-left_item\",\"props\":{\"content\":\"\n\n<p>Necessites descarregar el logo de la Fundaci\\u00f3 IRES? Aqu\\u00ed podr\\u00e0s descarregar-t'ho en format png.<\\\/p>\",\"image\":\"wp-content\\\/uploads\\\/Logotip-RGB_Logotip_Catala_negre_RGB.png\",\"link2\":\"wp-content\\\/uploads\\\/Logotip-RGB_Logotip_Catala_negre_RGB.png\",\"title\":\"Logotip de la Fundaci\\u00f3 IRES\"}},{\"type\":\"slider-panel-left_item\",\"props\":{\"content\":\"\n\n<p>Necessites descarregar el logo de la Fundaci\\u00f3 IRES? Aqu\\u00ed podr\\u00e0s descarregar-t'ho en format png.<\\\/p>\",\"image\":\"wp-content\\\/uploads\\\/Logotip-RGB_Logotip_Catala_negatiu_RGB.png\",\"link2\":\"wp-content\\\/uploads\\\/Logotip-RGB_Logotip_Catala_negatiu_RGB.png\",\"title\":\"Logotip de la Fundaci\\u00f3 IRES\"}},{\"type\":\"slider-panel-left_item\",\"props\":{\"content\":\"\n\n<p>Necessites descarregar el logo de la Fundaci\\u00f3 IRES? Aqu\\u00ed podr\\u00e0s descarregar-t'ho en format png.<\\\/p>\",\"image\":\"wp-content\\\/uploads\\\/Logotip-RGB_Logotip_Castella_RGB.png\",\"link2\":\"wp-content\\\/uploads\\\/Logotip-RGB_Logotip_Castella_RGB.png\",\"title\":\"Logotip de la Fundaci\\u00f3 IRES\"}},{\"type\":\"slider-panel-left_item\",\"props\":{\"content\":\"\n\n<p>Necessites descarregar el logo de la Fundaci\\u00f3 IRES? Aqu\\u00ed podr\\u00e0s descarregar-t'ho en format png.<\\\/p>\",\"image\":\"wp-content\\\/uploads\\\/Logotip-RGB_Logotip_Castella_negre_RGB.png\",\"link2\":\"wp-content\\\/uploads\\\/Logotip-RGB_Logotip_Castella_negre_RGB.png\",\"title\":\"Logotip de la Fundaci\\u00f3 IRES\"}},{\"type\":\"slider-panel-left_item\",\"props\":{\"content\":\"\n\n<p>Necessites descarregar el logo de la Fundaci\\u00f3 IRES? Aqu\\u00ed podr\\u00e0s descarregar-t'ho en format png.<\\\/p>\",\"image\":\"wp-content\\\/uploads\\\/Logotip-RGB_Logotip_Castella_negatiu_RGB.png\",\"link2\":\"wp-content\\\/uploads\\\/Logotip-RGB_Logotip_Castella_negatiu_RGB.png\",\"title\":\"Logotip de la Fundaci\\u00f3 IRES\"}},{\"type\":\"slider-panel-left_item\",\"props\":{\"content\":\"\n\n<p>Necessites descarregar el logo de la Fundaci\\u00f3 IRES? Aqu\\u00ed podr\\u00e0s descarregar-t'ho en format png.<\\\/p>\",\"image\":\"wp-content\\\/uploads\\\/Logotip-claim_RGB_Logotip_Claim-Catala_RGB.png\",\"link2\":\"wp-content\\\/uploads\\\/Logotip-claim_RGB_Logotip_Claim-Catala_RGB.png\",\"title\":\"Logotip de la Fundaci\\u00f3 IRES\"}},{\"type\":\"slider-panel-left_item\",\"props\":{\"content\":\"\n\n<p>Necessites descarregar el logo de la Fundaci\\u00f3 IRES? Aqu\\u00ed podr\\u00e0s descarregar-t'ho en format png.<\\\/p>\",\"image\":\"wp-content\\\/uploads\\\/Logotip-claim_RGB_Logotip_Claim-Catala_negre_RGB.png\",\"link2\":\"wp-content\\\/uploads\\\/Logotip-claim_RGB_Logotip_Claim-Catala_negre_RGB.png\",\"title\":\"Logotip de la Fundaci\\u00f3 IRES\"}},{\"type\":\"slider-panel-left_item\",\"props\":{\"content\":\"\n\n<p>Necessites descarregar el logo de la Fundaci\\u00f3 IRES? Aqu\\u00ed podr\\u00e0s descarregar-t'ho en format png.<\\\/p>\",\"image\":\"wp-content\\\/uploads\\\/Logotip-claim_RGB_Logotip_Claim-Catala_negatiu_RGB.png\",\"link2\":\"wp-content\\\/uploads\\\/Logotip-claim_RGB_Logotip_Claim-Catala_negatiu_RGB.png\",\"title\":\"Logotip de la Fundaci\\u00f3 IRES\"}},{\"type\":\"slider-panel-left_item\",\"props\":{\"content\":\"\n\n<p>Necessites descarregar el logo de la Fundaci\\u00f3 IRES? Aqu\\u00ed podr\\u00e0s descarregar-t'ho en format png.<\\\/p>\",\"image\":\"wp-content\\\/uploads\\\/Logotip-claim_RGB_Logotip_Claim-Castella_RGB.png\",\"link2\":\"wp-content\\\/uploads\\\/Logotip-claim_RGB_Logotip_Claim-Castella_RGB.png\",\"title\":\"Logotip de la Fundaci\\u00f3 IRES\"}},{\"type\":\"slider-panel-left_item\",\"props\":{\"content\":\"\n\n<p>Necessites descarregar el logo de la Fundaci\\u00f3 IRES? Aqu\\u00ed podr\\u00e0s descarregar-t'ho en format png.<\\\/p>\",\"image\":\"wp-content\\\/uploads\\\/Logotip-claim_RGB_Logotip_Claim-Castella_negre_RGB.png\",\"link2\":\"wp-content\\\/uploads\\\/Logotip-claim_RGB_Logotip_Claim-Castella_negre_RGB.png\",\"title\":\"Logotip de la Fundaci\\u00f3 IRES\"}},{\"type\":\"slider-panel-left_item\",\"props\":{\"content\":\"\n\n<p>Necessites descarregar el logo de la Fundaci\\u00f3 IRES? Aqu\\u00ed podr\\u00e0s descarregar-t'ho en format png.<\\\/p>\",\"image\":\"wp-content\\\/uploads\\\/Logotip-claim_RGB_Logotip_Claim-Castella_negatiu_RGB.png\",\"link2\":\"wp-content\\\/uploads\\\/Logotip-claim_RGB_Logotip_Claim-Castella_negatiu_RGB.png\",\"title\":\"Logotip de la Fundaci\\u00f3 IRES\"}},{\"type\":\"slider-panel-left_item\",\"props\":{\"content\":\"\n\n<p>Necessites descarregar el logo de la Fundaci\\u00f3 IRES? Aqu\\u00ed podr\\u00e0s descarregar-t'ho en format png.<\\\/p>\",\"image\":\"wp-content\\\/uploads\\\/Logotip-50anys-RGB_Logotip_Catala-negre_RGB.png\",\"link2\":\"wp-content\\\/uploads\\\/Logotip-50anys-RGB_Logotip_Catala-negre_RGB.png\",\"title\":\"Logotip de la Fundaci\\u00f3 IRES\"}},{\"type\":\"slider-panel-left_item\",\"props\":{\"content\":\"\n\n<p>Necessites descarregar el logo de la Fundaci\\u00f3 IRES? Aqu\\u00ed podr\\u00e0s descarregar-t'ho en format png.<\\\/p>\",\"image\":\"wp-content\\\/uploads\\\/Logotip-50anys-RGB_Logotip_Catala-negatiu_RGB.png\",\"link2\":\"wp-content\\\/uploads\\\/Logotip-50anys-RGB_Logotip_Catala-negatiu_RGB.png\",\"title\":\"Logotip de la Fundaci\\u00f3 IRES\"}},{\"type\":\"slider-panel-left_item\",\"props\":{\"content\":\"\n\n<p>Necessites descarregar el logo de la Fundaci\\u00f3 IRES? Aqu\\u00ed podr\\u00e0s descarregar-t'ho en format png.<\\\/p>\",\"image\":\"wp-content\\\/uploads\\\/Logotip-50anys-RGB_Logotip_Catala_RGB.png\",\"link2\":\"wp-content\\\/uploads\\\/Logotip-50anys-RGB_Logotip_Catala_RGB.png\",\"title\":\"Logotip de la Fundaci\\u00f3 IRES\"}},{\"type\":\"slider-panel-left_item\",\"props\":{\"content\":\"\n\n<p>Necessites descarregar el logo de la Fundaci\\u00f3 IRES? Aqu\\u00ed podr\\u00e0s descarregar-t'ho en format png.<\\\/p>\",\"image\":\"wp-content\\\/uploads\\\/Logotip-50anys-RGB_Logotip_Castella-negre_RGB.png\",\"link2\":\"wp-content\\\/uploads\\\/Logotip-50anys-RGB_Logotip_Castella-negre_RGB.png\",\"title\":\"Logotip de la Fundaci\\u00f3 IRES\"}},{\"type\":\"slider-panel-left_item\",\"props\":{\"content\":\"\n\n<p>Necessites descarregar el logo de la Fundaci\\u00f3 IRES? Aqu\\u00ed podr\\u00e0s descarregar-t'ho en format png.<\\\/p>\",\"image\":\"wp-content\\\/uploads\\\/Logotip-50anys-RGB_Logotip_Castella-negatiu_RGB.png\",\"link2\":\"wp-content\\\/uploads\\\/Logotip-50anys-RGB_Logotip_Castella-negatiu_RGB.png\",\"title\":\"Logotip de la Fundaci\\u00f3 IRES\"}},{\"type\":\"slider-panel-left_item\",\"props\":{\"content\":\"\n\n<p>Necessites descarregar el logo de la Fundaci\\u00f3 IRES? Aqu\\u00ed podr\\u00e0s descarregar-t'ho en format png.<\\\/p>\",\"image\":\"wp-content\\\/uploads\\\/Logotip-50anys-RGB_Logotip_Castella_RGB.png\",\"link2\":\"wp-content\\\/uploads\\\/Logotip-50anys-RGB_Logotip_Castella_RGB.png\",\"title\":\"Logotip de la Fundaci\\u00f3 IRES\"}}]}]}]}],\"name\":\"Material gr\\u00e0fic (NO)\"},{\"type\":\"section\",\"props\":{\"image_position\":\"center-center\",\"image_size\":\"cover\",\"padding_remove_bottom\":false,\"padding_remove_top\":false,\"style\":\"default\",\"title_breakpoint\":\"xl\",\"title_position\":\"top-left\",\"title_rotation\":\"left\",\"vertical_align\":\"\",\"width\":\"default\"},\"children\":[{\"type\":\"row\",\"children\":[{\"type\":\"column\",\"props\":{\"image_position\":\"center-center\",\"image_size\":\"cover\",\"position_sticky_breakpoint\":\"m\",\"width_medium\":\"1-1\"},\"children\":[{\"type\":\"headline\",\"props\":{\"content\":\"<strong>Material gr\\u00e0fic<\\\/strong>\",\"text_align\":\"center\",\"title_element\":\"h1\",\"title_style\":\"h1\"}},{\"type\":\"text\",\"props\":{\"block_align\":\"center\",\"column_breakpoint\":\"m\",\"content\":\"\n\n<p><span style=\\\"color: #000000;\\\">Si tens cap dubte sobre l'\\u00fas d'aquest material, no dubtis en contactar amb el nostre equip de comunicaci\\u00f3.<\\\/span><\\\/p>\",\"margin\":\"default\",\"maxwidth\":\"xlarge\",\"text_align\":\"center\",\"text_style\":\"large\"}},{\"type\":\"slider-panel-left\",\"props\":{\"link_size\":\"small\",\"link_style\":\"default\",\"link_target\":true,\"link_text\":\"Descarrega l'arxiu\",\"link_text2\":\"Descarrega l'arxiu\",\"link_text3\":\"Descarrega l'arxiu\",\"link_text4\":\"\",\"margin\":\"default\",\"meta_align\":\"above-title\",\"meta_color\":\"emphasis\",\"meta_style\":\"meta\",\"nav\":\"dotnav\",\"nav_align\":\"center\",\"nav_breakpoint\":\"\",\"overlay_mode\":\"cover\",\"overlay_position\":\"center\",\"overlay_transition\":\"fade\",\"show_content\":true,\"show_link\":true,\"show_meta\":false,\"show_title\":true,\"slidenav\":\"outside\",\"slidenav_breakpoint\":\"m\",\"slidenav_margin\":\"medium\",\"slidenav_outside_breakpoint\":\"m\",\"slider_autoplay_pause\":true,\"slider_gutter\":\"default\",\"slider_min_height\":300,\"slider_width\":\"fixed\",\"slider_width_default\":\"1-1\",\"slider_width_medium\":\"\",\"text_align\":\"left\",\"title_element\":\"h3\",\"title_font_family\":\"primary\",\"title_style\":\"h4\"},\"children\":[{\"type\":\"slider-panel-left_item\",\"props\":{\"content\":\"\n\n<p>Adjuntem un paquet que inclou diversos formats (PNG, JPEG i vectorial) i versions.<\\\/p>\",\"image\":\"wp-content\\\/uploads\\\/LOGO_BASIC_CAST_Color.png\",\"link\":\"wp-content\\\/uploads\\\/LOGO_BASIC.zip\",\"title\":\"Logotip B\\u00e0sic (Cast i Cat)\"}},{\"type\":\"slider-panel-left_item\",\"props\":{\"content\":\"\n\n<p>Adjuntem un paquet que inclou diversos formats (PNG, JPEG i vectorial) i versions.<\\\/p>\",\"image\":\"wp-content\\\/uploads\\\/LOGO_CLAIM_RGB_CAST_Color.png\",\"link\":\"wp-content\\\/uploads\\\/LOGO_CLAIM.zip\",\"title\":\"Logotip amb claim (Cast i Cat)\"}},{\"type\":\"slider-panel-left_item\",\"props\":{\"content\":\"\n\n<p>Adjuntem el nostre manual d'identitat corporativa (PDF)<\\\/p>\",\"image\":\"wp-content\\\/uploads\\\/LOGO_CLAIM_RGB_CAST_Color.png\",\"link\":\"wp-content\\\/uploads\\\/Manual-Identitat-corporativa_IRES_2019_compressed.pdf\",\"title\":\"Manual d'identidad corporativa\"}}],\"name\":\"SLIDE MATERIAL GR\\u00c1FICO\"}]}]}],\"name\":\"Material Gr\\u00e0fic\"},{\"type\":\"section\",\"props\":{\"class\":\"greenMuted\",\"image_position\":\"center-center\",\"padding_remove_top\":false,\"style\":\"default\",\"title_breakpoint\":\"xl\",\"title_position\":\"top-left\",\"title_rotation\":\"left\",\"vertical_align\":\"\",\"width\":\"default\"},\"children\":[{\"type\":\"row\",\"props\":{\"margin\":\"medium\"},\"children\":[{\"type\":\"column\",\"props\":{\"image_position\":\"center-center\",\"position_sticky_breakpoint\":\"m\",\"width_medium\":\"1-1\"},\"children\":[{\"type\":\"headline\",\"props\":{\"content\":\"<strong>Segueix-nos en xarxes socials<\\\/strong>\",\"text_align\":\"center\",\"title_element\":\"h2\"}}]}]},{\"type\":\"row\",\"children\":[{\"type\":\"column\",\"props\":{\"image_position\":\"center-center\",\"position_sticky_breakpoint\":\"m\",\"width_medium\":\"1-1\"},\"children\":[{\"type\":\"social\",\"props\":{\"grid\":\"horizontal\",\"grid_column_gap\":\"small\",\"grid_row_gap\":\"small\",\"image_svg_inline\":true,\"link_style\":\"button\",\"link_target\":true,\"margin\":\"default\",\"text_align\":\"center\"},\"children\":[{\"type\":\"social_item\",\"props\":{\"link\":\"https:\\\/\\\/twitter.com\\\/fundacioires\"}},{\"type\":\"social_item\",\"props\":{\"link\":\"https:\\\/\\\/www.facebook.com\\\/FundacioIres\\\/\"}},{\"type\":\"social_item\",\"props\":{\"link\":\"https:\\\/\\\/www.linkedin.com\\\/company\\\/fundaci-ires\\\/\"}},{\"type\":\"social_item\",\"props\":{\"link\":\"https:\\\/\\\/www.instagram.com\\\/fundacioires\"}},{\"type\":\"social_item\",\"props\":{\"link\":\"https:\\\/\\\/www.youtube.com\\\/channel\\\/UCBEvRmKJE-5nHccVjgPhdTA\"}}]}]}]}],\"name\":\"Comparteix\"},{\"type\":\"section\",\"props\":{\"image\":\"wp-content\\\/uploads\\\/Sin-titulo-2.png\",\"image_position\":\"center-center\",\"image_size\":\"cover\",\"padding\":\"small\",\"style\":\"default\",\"text_color\":\"light\",\"title_breakpoint\":\"xl\",\"title_position\":\"top-left\",\"title_rotation\":\"left\",\"vertical_align\":\"\",\"width\":\"default\"},\"children\":[{\"type\":\"row\",\"props\":{\"column_gap\":\"small\",\"layout\":\"1-2,1-2\",\"row_gap\":\"small\"},\"children\":[{\"type\":\"column\",\"props\":{\"image_position\":\"center-center\",\"position_sticky_breakpoint\":\"m\",\"width_medium\":\"1-2\"},\"children\":[{\"type\":\"headline\",\"props\":{\"content\":\"Mem\\u00f2ria d'activitat (2022)\",\"link\":\"wp-content\\\/uploads\\\/MEMORIA_FINAL_CAT_compressed.pdf\",\"text_align\":\"left\",\"text_align_breakpoint\":\"m\",\"text_align_fallback\":\"center\",\"title_element\":\"div\",\"title_style\":\"h2\"}}]},{\"type\":\"column\",\"props\":{\"image_position\":\"center-center\",\"position_sticky_breakpoint\":\"m\",\"width_medium\":\"1-2\"},\"children\":[{\"type\":\"button\",\"props\":{\"grid_column_gap\":\"small\",\"grid_row_gap\":\"small\",\"margin\":\"default\",\"text_align\":\"right\",\"text_align_breakpoint\":\"m\",\"text_align_fallback\":\"center\"},\"children\":[{\"type\":\"button_item\",\"props\":{\"button_style\":\"default\",\"content\":\"Descarrega en pdf\",\"dialog_layout\":\"modal\",\"dialog_offcanvas_flip\":true,\"icon\":\"file-text\",\"icon_align\":\"left\",\"link\":\"https:\\\/\\\/www.fundacioires.org\\\/wp-content\\\/uploads\\\/MEMORIA_FUNDACIO_IRES_2024_CAT.pdf\",\"link_target\":\"blank\"}}]}]}]}],\"name\":\"Descarregar Programa\"},{\"type\":\"section\",\"props\":{\"image_position\":\"center-center\",\"style\":\"muted\",\"title_breakpoint\":\"xl\",\"title_position\":\"top-left\",\"title_rotation\":\"left\",\"vertical_align\":\"\",\"width\":\"default\"},\"children\":[{\"type\":\"row\",\"props\":{\"layout\":\"large,expand\"},\"children\":[{\"type\":\"column\",\"props\":{\"css\":\".el-column{\\ndisplay: inline-block;\\nposition: relative;\\n}\",\"image_position\":\"center-center\",\"position_sticky_breakpoint\":\"m\",\"width_medium\":\"large\"},\"children\":[{\"type\":\"headline\",\"props\":{\"content\":\"Ets<br \/>periodista?\",\"maxwidth\":\"medium\",\"title_element\":\"div\",\"title_style\":\"h1\"}},{\"type\":\"text\",\"props\":{\"column_breakpoint\":\"m\",\"content\":\"\n\n<p>Contactan's! <br \\\/>comunicacio@fundacioires.org <br \\\/>Tel. 934 864 750 \\\/ M\\u00f3v. 656 39 10 92<\\\/p>\",\"margin\":\"default\",\"text_style\":\"large\"}}]},{\"type\":\"column\",\"props\":{\"css\":\".el-column{\\n\\tmargin-top:5px;\\n}\",\"image_position\":\"center-center\",\"position_sticky_breakpoint\":\"m\",\"width_medium\":\"expand\"},\"children\":[{\"type\":\"text\",\"props\":{\"column_breakpoint\":\"m\",\"content\":\"\n\n<p>Rep les notes de premsa i els comunicats de la Fundaci\\u00f3 IRES en la teva adre\\u00e7a de correu. Deixa'ns les teves dades de contacte i t'inclourem en la nostra base de dades de mitjans de comunicaci\\u00f3.<\\\/p>\",\"margin\":\"medium\",\"text_color\":\"emphasis\",\"text_style\":\"large\"}},{\"type\":\"html\",\"props\":{\"content\":\"[contact-form-7 id=\\\"15641\\\" title=\\\"Formulari Contacte  PROJECTES - CA\\\"]\\n<script>\\ndocument.getElementById('recipient').value = 'comunicacio@fundacioires.org';\\n<\\\/script>\",\"css\":\".el-element{\\n\\tmargin-bottom:20px;\\n}\"}}]}]}],\"name\":\"Formulari\"},{\"type\":\"section\",\"props\":{\"image\":\"wp-content\\\/uploads\\\/wood-bg.jpg\",\"image_position\":\"center-center\",\"image_size\":\"cover\",\"padding\":\"large\",\"style\":\"default\",\"title_breakpoint\":\"xl\",\"title_position\":\"top-left\",\"title_rotation\":\"left\",\"vertical_align\":\"\",\"width\":\"default\"},\"children\":[{\"type\":\"row\",\"props\":{\"margin\":\"default\",\"margin_remove_bottom\":false},\"children\":[{\"type\":\"column\",\"props\":{\"image_position\":\"center-center\",\"position_sticky_breakpoint\":\"m\",\"text_color\":\"light\",\"vertical_align\":\"middle\",\"width_medium\":\"1-1\"},\"children\":[{\"type\":\"headline\",\"props\":{\"content\":\"Transpar\\u00e8ncia\",\"margin_remove_bottom\":true,\"margin_remove_top\":false,\"text_align\":\"center\",\"title_element\":\"h3\",\"title_style\":\"h1\"}},{\"type\":\"headline\",\"props\":{\"content\":\"Com distribu\\u00efm els nostres fons\",\"margin_remove_bottom\":true,\"margin_remove_top\":false,\"text_align\":\"center\",\"title_element\":\"div\",\"title_style\":\"h2\"}},{\"type\":\"button\",\"props\":{\"grid_column_gap\":\"small\",\"grid_row_gap\":\"small\",\"margin\":\"large\",\"margin_remove_bottom\":true,\"text_align\":\"center\"},\"children\":[{\"type\":\"button_item\",\"props\":{\"button_style\":\"secondary\",\"content\":\"Saber-ne m\\u00e9s\",\"dialog_layout\":\"modal\",\"dialog_offcanvas_flip\":true,\"icon_align\":\"left\",\"link\":\"quienes-somos\\\/transparencia\\\/\"}}]}]}]}],\"name\":\"Transparencia\"}],\"version\":\"4.5.33\",\"yooessentialsVersion\":\"2.4.12\"} --><\/p>\n","protected":false},"excerpt":{"rendered":"<p>Sala de premsa Coneix la Fundaci\u00f3 IRES Som una fundaci\u00f3 que des de fa m\u00e9s de 55 anys at\u00e9n de forma integral a les fam\u00edlies en situaci\u00f3 de vulnerabilitat. Acompanyem a aquestes fam\u00edlies en els seus processos vitals a trav\u00e9s del treball d&#8217;un equip de professionals especialitzats en l&#8217;\u00e0mbit social, psicol\u00f2gic i educatiu, amb la [&hellip;]<\/p>\n","protected":false},"author":1,"featured_media":0,"parent":0,"menu_order":0,"comment_status":"closed","ping_status":"closed","template":"","meta":{"footnotes":""},"proyectos":[],"class_list":["post-15638","page","type-page","status-publish","hentry"],"yoast_head":"<!-- This site is optimized with the Yoast SEO plugin v27.4 - https:\/\/yoast.com\/product\/yoast-seo-wordpress\/ -->\n<title>Sala de premsa - Fundaci\u00f3 IRES<\/title>\n<meta name=\"robots\" content=\"index, follow, max-snippet:-1, max-image-preview:large, max-video-preview:-1\" \/>\n<link rel=\"canonical\" href=\"https:\/\/www.fundacioires.org\/sala-de-prensa\/\" \/>\n<meta property=\"og:locale\" content=\"ca_ES\" \/>\n<meta property=\"og:type\" content=\"article\" \/>\n<meta property=\"og:title\" content=\"Sala de premsa - Fundaci\u00f3 IRES\" \/>\n<meta property=\"og:description\" content=\"Sala de premsa Coneix la Fundaci\u00f3 IRES Som una fundaci\u00f3 que des de fa m\u00e9s de 55 anys at\u00e9n de forma integral a les fam\u00edlies en situaci\u00f3 de vulnerabilitat. Acompanyem a aquestes fam\u00edlies en els seus processos vitals a trav\u00e9s del treball d&#8217;un equip de professionals especialitzats en l&#8217;\u00e0mbit social, psicol\u00f2gic i educatiu, amb la [&hellip;]\" \/>\n<meta property=\"og:url\" content=\"https:\/\/www.fundacioires.org\/sala-de-prensa\/\" \/>\n<meta property=\"og:site_name\" content=\"Fundaci\u00f3 IRES\" \/>\n<meta property=\"article:modified_time\" content=\"2026-03-02T13:38:04+00:00\" \/>\n<meta name=\"twitter:card\" content=\"summary_large_image\" \/>\n<meta name=\"twitter:label1\" content=\"Est. reading time\" \/>\n\t<meta name=\"twitter:data1\" content=\"2 minutes\" \/>\n<script type=\"application\/ld+json\" class=\"yoast-schema-graph\">{\"@context\":\"https:\\\/\\\/schema.org\",\"@graph\":[{\"@type\":\"WebPage\",\"@id\":\"https:\\\/\\\/www.fundacioires.org\\\/sala-de-prensa\\\/\",\"url\":\"https:\\\/\\\/www.fundacioires.org\\\/sala-de-prensa\\\/\",\"name\":\"Sala de premsa - Fundaci\u00f3 IRES\",\"isPartOf\":{\"@id\":\"https:\\\/\\\/www.fundacioires.org\\\/#website\"},\"datePublished\":\"2019-08-20T13:36:35+00:00\",\"dateModified\":\"2026-03-02T13:38:04+00:00\",\"breadcrumb\":{\"@id\":\"https:\\\/\\\/www.fundacioires.org\\\/sala-de-prensa\\\/#breadcrumb\"},\"inLanguage\":\"ca-ES\",\"potentialAction\":[{\"@type\":\"ReadAction\",\"target\":[\"https:\\\/\\\/www.fundacioires.org\\\/sala-de-prensa\\\/\"]}]},{\"@type\":\"BreadcrumbList\",\"@id\":\"https:\\\/\\\/www.fundacioires.org\\\/sala-de-prensa\\\/#breadcrumb\",\"itemListElement\":[{\"@type\":\"ListItem\",\"position\":1,\"name\":\"Portada\",\"item\":\"https:\\\/\\\/www.fundacioires.org\\\/\"},{\"@type\":\"ListItem\",\"position\":2,\"name\":\"Sala de premsa\"}]},{\"@type\":\"WebSite\",\"@id\":\"https:\\\/\\\/www.fundacioires.org\\\/#website\",\"url\":\"https:\\\/\\\/www.fundacioires.org\\\/\",\"name\":\"Fundaci\u00f3 IRES\",\"description\":\"\",\"publisher\":{\"@id\":\"https:\\\/\\\/www.fundacioires.org\\\/#organization\"},\"potentialAction\":[{\"@type\":\"SearchAction\",\"target\":{\"@type\":\"EntryPoint\",\"urlTemplate\":\"https:\\\/\\\/www.fundacioires.org\\\/?s={search_term_string}\"},\"query-input\":{\"@type\":\"PropertyValueSpecification\",\"valueRequired\":true,\"valueName\":\"search_term_string\"}}],\"inLanguage\":\"ca-ES\"},{\"@type\":\"Organization\",\"@id\":\"https:\\\/\\\/www.fundacioires.org\\\/#organization\",\"name\":\"Fundanci\u00f3n IRES\",\"url\":\"https:\\\/\\\/www.fundacioires.org\\\/\",\"logo\":{\"@type\":\"ImageObject\",\"inLanguage\":\"ca-ES\",\"@id\":\"https:\\\/\\\/www.fundacioires.org\\\/#\\\/schema\\\/logo\\\/image\\\/\",\"url\":\"https:\\\/\\\/i0.wp.com\\\/www.fundacioires.org\\\/wp-content\\\/uploads\\\/faviconIRES.png?fit=32%2C32&ssl=1\",\"contentUrl\":\"https:\\\/\\\/i0.wp.com\\\/www.fundacioires.org\\\/wp-content\\\/uploads\\\/faviconIRES.png?fit=32%2C32&ssl=1\",\"width\":32,\"height\":32,\"caption\":\"Fundanci\u00f3n IRES\"},\"image\":{\"@id\":\"https:\\\/\\\/www.fundacioires.org\\\/#\\\/schema\\\/logo\\\/image\\\/\"}}]}<\/script>\n<!-- \/ Yoast SEO plugin. -->","yoast_head_json":{"title":"Sala de premsa - Fundaci\u00f3 IRES","robots":{"index":"index","follow":"follow","max-snippet":"max-snippet:-1","max-image-preview":"max-image-preview:large","max-video-preview":"max-video-preview:-1"},"canonical":"https:\/\/www.fundacioires.org\/sala-de-prensa\/","og_locale":"ca_ES","og_type":"article","og_title":"Sala de premsa - Fundaci\u00f3 IRES","og_description":"Sala de premsa Coneix la Fundaci\u00f3 IRES Som una fundaci\u00f3 que des de fa m\u00e9s de 55 anys at\u00e9n de forma integral a les fam\u00edlies en situaci\u00f3 de vulnerabilitat. Acompanyem a aquestes fam\u00edlies en els seus processos vitals a trav\u00e9s del treball d&#8217;un equip de professionals especialitzats en l&#8217;\u00e0mbit social, psicol\u00f2gic i educatiu, amb la [&hellip;]","og_url":"https:\/\/www.fundacioires.org\/sala-de-prensa\/","og_site_name":"Fundaci\u00f3 IRES","article_modified_time":"2026-03-02T13:38:04+00:00","twitter_card":"summary_large_image","twitter_misc":{"Est. reading time":"2 minutes"},"schema":{"@context":"https:\/\/schema.org","@graph":[{"@type":"WebPage","@id":"https:\/\/www.fundacioires.org\/sala-de-prensa\/","url":"https:\/\/www.fundacioires.org\/sala-de-prensa\/","name":"Sala de premsa - Fundaci\u00f3 IRES","isPartOf":{"@id":"https:\/\/www.fundacioires.org\/#website"},"datePublished":"2019-08-20T13:36:35+00:00","dateModified":"2026-03-02T13:38:04+00:00","breadcrumb":{"@id":"https:\/\/www.fundacioires.org\/sala-de-prensa\/#breadcrumb"},"inLanguage":"ca-ES","potentialAction":[{"@type":"ReadAction","target":["https:\/\/www.fundacioires.org\/sala-de-prensa\/"]}]},{"@type":"BreadcrumbList","@id":"https:\/\/www.fundacioires.org\/sala-de-prensa\/#breadcrumb","itemListElement":[{"@type":"ListItem","position":1,"name":"Portada","item":"https:\/\/www.fundacioires.org\/"},{"@type":"ListItem","position":2,"name":"Sala de premsa"}]},{"@type":"WebSite","@id":"https:\/\/www.fundacioires.org\/#website","url":"https:\/\/www.fundacioires.org\/","name":"Fundaci\u00f3 IRES","description":"","publisher":{"@id":"https:\/\/www.fundacioires.org\/#organization"},"potentialAction":[{"@type":"SearchAction","target":{"@type":"EntryPoint","urlTemplate":"https:\/\/www.fundacioires.org\/?s={search_term_string}"},"query-input":{"@type":"PropertyValueSpecification","valueRequired":true,"valueName":"search_term_string"}}],"inLanguage":"ca-ES"},{"@type":"Organization","@id":"https:\/\/www.fundacioires.org\/#organization","name":"Fundanci\u00f3n IRES","url":"https:\/\/www.fundacioires.org\/","logo":{"@type":"ImageObject","inLanguage":"ca-ES","@id":"https:\/\/www.fundacioires.org\/#\/schema\/logo\/image\/","url":"https:\/\/i0.wp.com\/www.fundacioires.org\/wp-content\/uploads\/faviconIRES.png?fit=32%2C32&ssl=1","contentUrl":"https:\/\/i0.wp.com\/www.fundacioires.org\/wp-content\/uploads\/faviconIRES.png?fit=32%2C32&ssl=1","width":32,"height":32,"caption":"Fundanci\u00f3n IRES"},"image":{"@id":"https:\/\/www.fundacioires.org\/#\/schema\/logo\/image\/"}}]}},"jetpack_sharing_enabled":true,"_links":{"self":[{"href":"https:\/\/www.fundacioires.org\/ca\/wp-json\/wp\/v2\/pages\/15638","targetHints":{"allow":["GET"]}}],"collection":[{"href":"https:\/\/www.fundacioires.org\/ca\/wp-json\/wp\/v2\/pages"}],"about":[{"href":"https:\/\/www.fundacioires.org\/ca\/wp-json\/wp\/v2\/types\/page"}],"author":[{"embeddable":true,"href":"https:\/\/www.fundacioires.org\/ca\/wp-json\/wp\/v2\/users\/1"}],"replies":[{"embeddable":true,"href":"https:\/\/www.fundacioires.org\/ca\/wp-json\/wp\/v2\/comments?post=15638"}],"version-history":[{"count":10,"href":"https:\/\/www.fundacioires.org\/ca\/wp-json\/wp\/v2\/pages\/15638\/revisions"}],"predecessor-version":[{"id":83312,"href":"https:\/\/www.fundacioires.org\/ca\/wp-json\/wp\/v2\/pages\/15638\/revisions\/83312"}],"wp:attachment":[{"href":"https:\/\/www.fundacioires.org\/ca\/wp-json\/wp\/v2\/media?parent=15638"}],"wp:term":[{"taxonomy":"proyectos","embeddable":true,"href":"https:\/\/www.fundacioires.org\/ca\/wp-json\/wp\/v2\/proyectos?post=15638"}],"curies":[{"name":"wp","href":"https:\/\/api.w.org\/{rel}","templated":true}]}}