{"id":15648,"date":"2019-08-02T09:40:58","date_gmt":"2019-08-02T07:40:58","guid":{"rendered":"http:\/\/www.fundacioires.org\/?page_id=15648"},"modified":"2022-01-24T09:50:33","modified_gmt":"2022-01-24T08:50:33","slug":"historia","status":"publish","type":"page","link":"https:\/\/www.fundacioires.org\/ca\/qui-som\/historia\/","title":{"rendered":"Hist\u00f2ria"},"content":{"rendered":"<h1>Hist\u00f2ria<\/h1>\n<div>\n<p><strong>El 1969 neix l\u2019Institut de Reinserci\u00f3 Social<\/strong><\/p>\n<\/div>\n<div>\n<p>El juny de 1969 neix IRES com la primera associaci\u00f3 privada sense \u00e0nim de lucre i professionalitzada d\u2019\u00e0mbit estatal, que treballa amb \u00abpersones marginades i en l\u2019\u00e0mbit de la reinserci\u00f3\u00bb, amb la col\u00b7laboraci\u00f3 de persones volunt\u00e0ries i amb finan\u00e7ament privat.<\/p>\n<p>En el seu primer any de funcionament va liderar la coordinaci\u00f3 dels escassos recursos socials de la Barcelona de l\u2019\u00e8poca i despr\u00e9s es va orientar a l\u2019atenci\u00f3 a \u00abpersones marginades amb conductes antisocials o delictives\u00bb, amb greus dificultats d\u2019adaptaci\u00f3 i, especialment, exrecluses.<\/p>\n<p><strong>Cinc d\u00e8cades d\u2019innovaci\u00f3 i atenci\u00f3 a fam\u00edlies<\/strong><\/p>\n<\/div>\n<div>\n<div class=\"wphtsp-slider-wrp wphtsp-clearfix \" data-conf=\"{&quot;dots&quot;:&quot;false&quot;,&quot;arrows&quot;:&quot;true&quot;,&quot;loop&quot;:&quot;false&quot;,&quot;autoplay&quot;:&quot;false&quot;,&quot;autoplayInterval&quot;:3000,&quot;speed&quot;:300,&quot;fade&quot;:&quot;false&quot;,&quot;adaptiveheight&quot;:&quot;true&quot;,&quot;slidestoshow&quot;:3,&quot;first_slide&quot;:0,&quot;nav_centermode&quot;:&quot;true&quot;,&quot;rtl&quot;:&quot;false&quot;,&quot;hover_pause&quot;:&quot;true&quot;,&quot;focus_pause&quot;:&quot;false&quot;}\">\n\t<div class=\"wphtsp-slider-inner-wrp wphtsp-slider-design-2 wphtsp-clearfix\">\n<div id=\"wphtsp-slider-nav-1\" class=\"wphtsp-slider-nav wphtsp-slick-slider\" data-slider-nav-for='wphtsp-slider-for-1'>\n\t\t\t<div class=\"wphtsp-slider-nav-title\">\n\t\t\t<div class=\"wphtsp-main-title\">\n\t\t\t\t<button><\/button>\n\t\t\t<\/div>\n\t\t\t\t\t\t\t<div class=\"wphtsp-title\">1970<\/div>\n\t\t\t\t\t<\/div>\n\t\t\t<div class=\"wphtsp-slider-nav-title\">\n\t\t\t<div class=\"wphtsp-main-title\">\n\t\t\t\t<button><\/button>\n\t\t\t<\/div>\n\t\t\t\t\t\t\t<div class=\"wphtsp-title\">1980<\/div>\n\t\t\t\t\t<\/div>\n\t\t\t<div class=\"wphtsp-slider-nav-title\">\n\t\t\t<div class=\"wphtsp-main-title\">\n\t\t\t\t<button><\/button>\n\t\t\t<\/div>\n\t\t\t\t\t\t\t<div class=\"wphtsp-title\">1990<\/div>\n\t\t\t\t\t<\/div>\n\t\t\t<div class=\"wphtsp-slider-nav-title\">\n\t\t\t<div class=\"wphtsp-main-title\">\n\t\t\t\t<button><\/button>\n\t\t\t<\/div>\n\t\t\t\t\t\t\t<div class=\"wphtsp-title\">2000<\/div>\n\t\t\t\t\t<\/div>\n\t\t\t<div class=\"wphtsp-slider-nav-title\">\n\t\t\t<div class=\"wphtsp-main-title\">\n\t\t\t\t<button><\/button>\n\t\t\t<\/div>\n\t\t\t\t\t\t\t<div class=\"wphtsp-title\">2010<\/div>\n\t\t\t\t\t<\/div>\n\t<\/div>\n\n<div class=\"wphtsp-slider-for-1 wphtsp-slider-for wphtsp-slick-slider\">\n\t\t\t<div class=\"wphtsp-slider-nav-content\">\n\t\t\t<div class=\"wphtsp-slider-nav-wrapper wphtsp-img-left\" >\n\t\t\t\t\t\t\t\t\t<div class=\"wphtsp-timeline-img\">\n\t\t\t\t\t\t\t\t\t\t\t<\/div>\n\t\t\t\t\t<div class=\"wphtsp-content-wrapper wphtsp-no-image\">\n\t\t\t\t\t\t\t\t\t\t\t\t<h2 class=\"wphtsp-content-title\">\n\t\t\t\t\t\t\t\t\t\t\t\t\t\t\t<a href=\"https:\/\/www.fundacioires.org\/ca\/timeline-post\/1970\/\" target=\"_self\" >1970<\/a>\n\t\t\t\t\t\t\t\t\t\t\t\t\t<\/h2>\n\t\t\t\t\t\t\n\t\t\t\t\t\t\t\t\t\t\t\t\t<div class=\"wphtsp-content\">\n\t\t\t\t\t\t\t\t\t\t\t\t\t\t\t\t<div class=\"wphtsp-tl-content wphtsp-fullcontent\" ><p>Els anys setanta es caracteritzen pol\u00edticament pels darrers anys de la dictadura i la transici\u00f3 democr\u00e0tica. Encara no existeix un sistema de serveis socials com a tal per\u00f2 altres experi\u00e8ncies a Europa inspiren IRES a dissenyar i posar en marxa programes socials de prevenci\u00f3 i treball familiar i terap\u00e8utic. Els projectes van adre\u00e7ats a persones \u00abmarginades, delinq\u00fcents, recluses i exrecluses\u00bb amb l\u2019objectiu d\u2019aconseguir la seva reinserci\u00f3 a trav\u00e9s del treball comunitari.<\/p>\n<ul>\n<li>Servei de treball social<\/li>\n<li>Educadors de carrer als barris<\/li>\n<li>Casa per a mares solteres i els seus nadons<\/li>\n<li>Resid\u00e8ncies mixtes alternatives als grans reformatoris<\/li>\n<li>Servei laboral<\/li>\n<li>Treball social amb homes, dones i joves a la pres\u00f3<\/li>\n<li>Atenci\u00f3 al Jutjat de joves delinq\u00fcents primaris<\/li>\n<li>Resid\u00e8ncia per a exreclusos<\/li>\n<li>\u2026<\/li>\n<\/ul>\n<\/div>\n\t\t\t\t\t\t\t\t\t\t\t\t\t\t<\/div>\n\t\t\t\t\t\t\t\t\t\t\t<\/div>\n\t\t\t\t\t\t\t<\/div>\n\t\t<\/div>\n\t\t\t<div class=\"wphtsp-slider-nav-content\">\n\t\t\t<div class=\"wphtsp-slider-nav-wrapper wphtsp-img-left\" >\n\t\t\t\t\t\t\t\t\t<div class=\"wphtsp-timeline-img\">\n\t\t\t\t\t\t\t\t\t\t\t<\/div>\n\t\t\t\t\t<div class=\"wphtsp-content-wrapper wphtsp-no-image\">\n\t\t\t\t\t\t\t\t\t\t\t\t<h2 class=\"wphtsp-content-title\">\n\t\t\t\t\t\t\t\t\t\t\t\t\t\t\t<a href=\"https:\/\/www.fundacioires.org\/ca\/timeline-post\/1980\/\" target=\"_self\" >1980<\/a>\n\t\t\t\t\t\t\t\t\t\t\t\t\t<\/h2>\n\t\t\t\t\t\t\n\t\t\t\t\t\t\t\t\t\t\t\t\t<div class=\"wphtsp-content\">\n\t\t\t\t\t\t\t\t\t\t\t\t\t\t\t\t<div class=\"wphtsp-tl-content wphtsp-fullcontent\" ><p>D\u00e8cada marcada pel desplegament dels ajuntaments democr\u00e0tics i un marc legal de serveis socials per desenvolupar com a conseq\u00fc\u00e8ncia de les compet\u00e8ncies transferides a la Generalitat de Catalunya primer i al Govern Balear despr\u00e9s. En aquest context, les administracions p\u00fabliques locals i auton\u00f2miques incorporen a les seves carteres de serveis socials molts dels programes creats per IRES, mentre que continuen generant-ne d\u2019altres de prevenci\u00f3 i atenci\u00f3 individual, familiar i comunit\u00e0ria adaptats a les necessitats emergents.<\/p>\n<p>En aquest per\u00edode, IRES es desplega en nous territoris (Girona i Mallorca) i participa activament en l\u2019inici de la campanya d\u2019incid\u00e8ncia per introduir la <em>Probation<\/em> (mesures penals alternatives) en el Codi Penal espanyol.<\/p>\n<ul>\n<li>Servei d\u2019atenci\u00f3 social al jutjat de gu\u00e0rdia<\/li>\n<li>Servei de prevenci\u00f3 i atenci\u00f3 a VIH i SIDA<\/li>\n<li>Atenci\u00f3 social a dones preses i a persones preses estrangeres<\/li>\n<li>Formaci\u00f3 ocupacional<\/li>\n<li>CRAE infantil<\/li>\n<li>\u2026<\/li>\n<\/ul>\n<\/div>\n\t\t\t\t\t\t\t\t\t\t\t\t\t\t<\/div>\n\t\t\t\t\t\t\t\t\t\t\t<\/div>\n\t\t\t\t\t\t\t<\/div>\n\t\t<\/div>\n\t\t\t<div class=\"wphtsp-slider-nav-content\">\n\t\t\t<div class=\"wphtsp-slider-nav-wrapper wphtsp-img-left\" >\n\t\t\t\t\t\t\t\t\t<div class=\"wphtsp-timeline-img\">\n\t\t\t\t\t\t\t\t\t\t\t<\/div>\n\t\t\t\t\t<div class=\"wphtsp-content-wrapper wphtsp-no-image\">\n\t\t\t\t\t\t\t\t\t\t\t\t<h2 class=\"wphtsp-content-title\">\n\t\t\t\t\t\t\t\t\t\t\t\t\t\t\t<a href=\"https:\/\/www.fundacioires.org\/ca\/timeline-post\/1990\/\" target=\"_self\" >1990<\/a>\n\t\t\t\t\t\t\t\t\t\t\t\t\t<\/h2>\n\t\t\t\t\t\t\n\t\t\t\t\t\t\t\t\t\t\t\t\t<div class=\"wphtsp-content\">\n\t\t\t\t\t\t\t\t\t\t\t\t\t\t\t\t<div class=\"wphtsp-tl-content wphtsp-fullcontent\" ><p>Despr\u00e9s de vint anys d\u2019incid\u00e8ncia en els poders pol\u00edtics i judicials, l\u2019any 1996 les mesures penals alternatives s\u2019inclouen en el Codi Penal.<\/p>\n<ul>\n<li>Primers equips d\u2019execuci\u00f3 de mesures penals alternatives a la prov\u00edncia de Barcelona<\/li>\n<li>Nous programes de lluita contra la viol\u00e8ncia familiar i de g\u00e8nere a Barcelona i les Illes Balears.<\/li>\n<li>Programes preventius en mat\u00e8ria de drogodepend\u00e8ncia (Clubdenit)<\/li>\n<li>Gesti\u00f3 de la renda m\u00ednima d\u2019inserci\u00f3<\/li>\n<li>Aula d\u2019adults<\/li>\n<li>Servei d\u2019inserci\u00f3 sociolaboral<\/li>\n<li>Programes de lluita contra la viol\u00e8ncia de g\u00e8nere adre\u00e7ats a dones, fills\/es i homes<\/li>\n<li>Equip assessor de la fiscalia en drogodepend\u00e8ncies<\/li>\n<\/ul>\n<\/div>\n\t\t\t\t\t\t\t\t\t\t\t\t\t\t<\/div>\n\t\t\t\t\t\t\t\t\t\t\t<\/div>\n\t\t\t\t\t\t\t<\/div>\n\t\t<\/div>\n\t\t\t<div class=\"wphtsp-slider-nav-content\">\n\t\t\t<div class=\"wphtsp-slider-nav-wrapper wphtsp-img-left\" >\n\t\t\t\t\t\t\t\t\t<div class=\"wphtsp-timeline-img\">\n\t\t\t\t\t\t\t\t\t\t\t<\/div>\n\t\t\t\t\t<div class=\"wphtsp-content-wrapper wphtsp-no-image\">\n\t\t\t\t\t\t\t\t\t\t\t\t<h2 class=\"wphtsp-content-title\">\n\t\t\t\t\t\t\t\t\t\t\t\t\t\t\t<a href=\"https:\/\/www.fundacioires.org\/ca\/timeline-post\/2000\/\" target=\"_self\" >2000<\/a>\n\t\t\t\t\t\t\t\t\t\t\t\t\t<\/h2>\n\t\t\t\t\t\t\n\t\t\t\t\t\t\t\t\t\t\t\t\t<div class=\"wphtsp-content\">\n\t\t\t\t\t\t\t\t\t\t\t\t\t\t\t\t<div class=\"wphtsp-tl-content wphtsp-fullcontent\" ><p>El gran creixement del nombre de serveis i programes d\u2019IRES porta l\u2019entitat a una nova proposta organitzativa establint 4 \u00e0mbits d\u2019intervenci\u00f3: Inclusi\u00f3 social, Viol\u00e8ncies, Inf\u00e0ncia i Fam\u00edlies, i Just\u00edcia. Tamb\u00e9 es crea el departament de Recerca i Innovaci\u00f3 Social.<\/p>\n<p>El 2006, IRES es converteix en fundaci\u00f3 privada i inicia un proc\u00e9s de canvi que t\u00e9 com a objectiu obtenir finan\u00e7ament privat per a la creaci\u00f3 de projectes innovadors capa\u00e7os de respondre a les necessitats emergents.<\/p>\n<ul>\n<li>Serveis d\u2019acolliments i adopcions d\u2019infants amb necessitats especials i sense referents familiars<\/li>\n<li>Banc de productes no alimentaris<\/li>\n<\/ul>\n<\/div>\n\t\t\t\t\t\t\t\t\t\t\t\t\t\t<\/div>\n\t\t\t\t\t\t\t\t\t\t\t<\/div>\n\t\t\t\t\t\t\t<\/div>\n\t\t<\/div>\n\t\t\t<div class=\"wphtsp-slider-nav-content\">\n\t\t\t<div class=\"wphtsp-slider-nav-wrapper wphtsp-img-left\" >\n\t\t\t\t\t\t\t\t\t<div class=\"wphtsp-timeline-img\">\n\t\t\t\t\t\t\t\t\t\t\t<\/div>\n\t\t\t\t\t<div class=\"wphtsp-content-wrapper wphtsp-no-image\">\n\t\t\t\t\t\t\t\t\t\t\t\t<h2 class=\"wphtsp-content-title\">\n\t\t\t\t\t\t\t\t\t\t\t\t\t\t\t<a href=\"https:\/\/www.fundacioires.org\/ca\/timeline-post\/2010\/\" target=\"_self\" >2010<\/a>\n\t\t\t\t\t\t\t\t\t\t\t\t\t<\/h2>\n\t\t\t\t\t\t\n\t\t\t\t\t\t\t\t\t\t\t\t\t<div class=\"wphtsp-content\">\n\t\t\t\t\t\t\t\t\t\t\t\t\t\t\t\t<div class=\"wphtsp-tl-content wphtsp-fullcontent\" ><p>Aquesta d\u00e8cada est\u00e0 marcada pels estralls de la crisi econ\u00f2mica tant a la societat com a les entitats del tercer sector social. Els seus efectes porten IRES a dissenyar noves estrat\u00e8gies adre\u00e7ades al sector privat i a la generaci\u00f3 d\u2019aliances amb altres entitats del sector.<\/p>\n<p>El 2018 es replanteja l\u2019entitat a un nivell profund, amb una revisi\u00f3 de la marca, focalitzaci\u00f3 de l\u2019activitat, canvi de seu, nova estrat\u00e8gia i nou lideratge per dur-ho a terme a partir de 2019.<\/p>\n<ul>\n<li>Disseny i implementaci\u00f3 de projectes propis amb finan\u00e7ament publicoprivat (Aferra\u2019t, Fils, Casal en Fam\u00edlia, Click, Impulsa)<\/li>\n<\/ul>\n<\/div>\n\t\t\t\t\t\t\t\t\t\t\t\t\t\t<\/div>\n\t\t\t\t\t\t\t\t\t\t\t<\/div>\n\t\t\t\t\t\t\t<\/div>\n\t\t<\/div>\n\t<\/div>\n\t<\/div>\n<\/div>\n<\/div>\n<div>50 anys en imatges<\/div>\n<ul>\n<li>\n<p>        <img decoding=\"async\" src=\"\/wp-content\/uploads\/F-2.png\" alt=\"\"><\/p>\n<h3>1969<\/h3>\n<div>\n<p>Barraques que poblaven l&#8217;\u00e0rea de l&#8217;Hospitalet durant els anys 60 i 70.<\/p>\n<\/div>\n<\/li>\n<li>\n<p>        <img decoding=\"async\" src=\"\/wp-content\/uploads\/F-1.png\" alt=\"\"><\/p>\n<h3>1969<\/h3>\n<div>\n<p>Barraques predominants a la montanya de Montju\u00efc durant els anys 60 i 70.<\/p>\n<\/div>\n<\/li>\n<li>\n<p>        <img decoding=\"async\" src=\"\/wp-content\/uploads\/L-min.png\" alt=\"\"><\/p>\n<h3>1970<\/h3>\n<div>\n<p>Inauguraci\u00f3 oficial de la primera resid\u00e8ncia per ex presos a Sabadell.<\/p>\n<\/div>\n<\/li>\n<li>\n<p>        <img decoding=\"async\" src=\"\/wp-content\/uploads\/C-14-min.jpg\" alt=\"\"><\/p>\n<h3>1972<\/h3>\n<div>\n<p>Reuni\u00f3 per la primera mem\u00f2ria institucional de l&#8217;entitat.<\/p>\n<\/div>\n<\/li>\n<li>\n<p>        <img decoding=\"async\" src=\"\/wp-content\/uploads\/B-2-min.png\" alt=\"\"><\/p>\n<h3>1975<\/h3>\n<div>\n<p>Oficina de l&#8217;alberg per homes, on s&#8217;hi duien a terme tallers i formacions.<\/p>\n<\/div>\n<\/li>\n<li>\n<p>        <img decoding=\"async\" src=\"\/wp-content\/uploads\/C-16-min.jpg\" alt=\"\"><\/p>\n<h3>1976<\/h3>\n<\/li>\n<li>\n<p>        <img decoding=\"async\" src=\"\/wp-content\/uploads\/0001.jpg\" alt=\"\"><\/p>\n<h3>1983<\/h3>\n<div>\n<p>Cartell de la 1a edici\u00f3 de la <em>Confederation of European Probation<\/em>.<\/p>\n<\/div>\n<\/li>\n<li>\n<p>        <img decoding=\"async\" src=\"\/wp-content\/uploads\/SEMINARI_CEP_1984_ok.jpg\" alt=\"\"><\/p>\n<h3>1984<\/h3>\n<div>\n<p>Seminari de la <em>Confederation of European Probation.<\/em><\/p>\n<\/div>\n<\/li>\n<li>\n<p>        <img decoding=\"async\" src=\"\/wp-content\/uploads\/EDUCADORS_CARRER_OCT_1987-B.jpg\" alt=\"\"><\/p>\n<h3>1985<\/h3>\n<div>\n<p>Equip d&#8217;educadors i educadores de carrer.<\/p>\n<\/div>\n<\/li>\n<li>\n<p>        <img decoding=\"async\" src=\"\/wp-content\/uploads\/V-2.jpg\" alt=\"\"><\/p>\n<h3>1986<\/h3>\n<div>\n<p>Usuaris de l&#8217;entitat en un viver de Rub\u00ed (Barcelona).<\/p>\n<\/div>\n<\/li>\n<li>\n<p>        <img decoding=\"async\" src=\"\/wp-content\/uploads\/T-1.jpg\" alt=\"\"><\/p>\n<h3>1989<\/h3>\n<div>\n<p>Taller de fusteria impartit per l&#8217;entitat.<\/p>\n<\/div>\n<\/li>\n<li>\n<p>        <img decoding=\"async\" src=\"\/wp-content\/uploads\/T-2.jpg\" alt=\"\"><\/p>\n<h3>1989<\/h3>\n<div>\n<p>Taller de costura impartit per l&#8217;entitat.<\/p>\n<\/div>\n<\/li>\n<li>\n<p>        <img decoding=\"async\" src=\"\/wp-content\/uploads\/S-2-e1566989109740.jpg\" alt=\"\"><\/p>\n<h3>1991<\/h3>\n<div>\n<p>Taller de pintura dom\u00e8stica impartit per l&#8217;entitat.<\/p>\n<\/div>\n<\/li>\n<li>\n<p>        <img decoding=\"async\" src=\"\/wp-content\/uploads\/0008.jpg\" alt=\"\"><\/p>\n<h3>1994<\/h3>\n<div>\n<p>Celebraci\u00f3 del 25\u00e8 aniversari de la Fundaci\u00f3 IRES.\u00a0<\/p>\n<\/div>\n<\/li>\n<li>\n<p>        <img decoding=\"async\" src=\"\/wp-content\/uploads\/img19.jpg\" alt=\"\"><\/p>\n<h3>1995<\/h3>\n<div>\n<p>Jornada de debat \u00e8tic en motiu dels 25 anys de l&#8217;entitat.<\/p>\n<\/div>\n<\/li>\n<li>\n<p>        <img decoding=\"async\" src=\"\/wp-content\/uploads\/E.jpg\" alt=\"\"><\/p>\n<h3>1996<\/h3>\n<div>\n<p>Entrega del guard\u00f3 Creu de Sant Jordi al Palau de la Generalitat de Catalunya.<\/p>\n<\/div>\n<\/li>\n<li>\n<p>        <img decoding=\"async\" src=\"\/wp-content\/uploads\/K-2-e1566473091815.jpeg\" alt=\"\"><\/p>\n<h3>1996<\/h3>\n<div>\n<p>Equip de treballadors i treballadores de la Fundaci\u00f3 IRES a Girona.<\/p>\n<\/div>\n<\/li>\n<li>\n<p>        <img decoding=\"async\" src=\"\/wp-content\/uploads\/H-3.png\" alt=\"\"><\/p>\n<h3>1998<\/h3>\n<div>\n<p>Taller de jardineria i bot\u00e0nica impartit per l&#8217;entitat.<\/p>\n<\/div>\n<\/li>\n<li>\n<p>        <img decoding=\"async\" src=\"\/wp-content\/uploads\/D.png\" alt=\"\"><\/p>\n<h3>2001<\/h3>\n<div>\n<p>Exposici\u00f3 d&#8217;art solidari a la Casa Elizalde de Barcelona.<\/p>\n<\/div>\n<\/li>\n<li>\n<p>        <img decoding=\"async\" src=\"\/wp-content\/uploads\/P-2-min.png\" alt=\"\"><\/p>\n<h3>2005<\/h3>\n<div>\n<p>Cerim\u00f2nia d&#8217;entrega del Premi Just\u00edcia.<\/p>\n<\/div>\n<\/li>\n<li>\n<p>        <img decoding=\"async\" src=\"\/wp-content\/uploads\/O.png\" alt=\"\"><\/p>\n<h3>2006<\/h3>\n<div>\n<p>Cerim\u00f2nia d&#8217;entrega del Premi Acci\u00f3 21.<\/p>\n<\/div>\n<\/li>\n<li>\n<p>        <img decoding=\"async\" src=\"\/wp-content\/uploads\/INAUGURACIO_SEU_MANRESA_2007_OK.jpg\" alt=\"\"><\/p>\n<h3>2007<\/h3>\n<div>\n<p>Inauguraci\u00f3 de la sucursal de la Fundaci\u00f3 IRES a Manresa .<\/p>\n<\/div>\n<\/li>\n<li>\n<p>        <img decoding=\"async\" src=\"\/wp-content\/uploads\/INAUGURACIO_CRAE_PRIM_2008_ok-3.jpg\" alt=\"\"><\/p>\n<h3>2008<\/h3>\n<div>\n<p>Acte d&#8217;inauguraci\u00f3 del CRAE Prim.<\/p>\n<\/div>\n<\/li>\n<li>\n<p>        <img decoding=\"async\" src=\"\/wp-content\/uploads\/0002.jpg\" alt=\"\"><\/p>\n<h3>2011<\/h3>\n<div>\n<p>Cerim\u00f2nia d&#8217;entrega del Premi Comunicaci\u00f3 i Relacions P\u00fabliques.<\/p>\n<\/div>\n<\/li>\n<li>\n<p>        <img decoding=\"async\" src=\"\/wp-content\/uploads\/0001-1.jpg\" alt=\"\"><\/p>\n<h3>2012<\/h3>\n<div>\n<p>1a edici\u00f3 del projecte Rosa Solid\u00e0ria en motiu de la diada de Sant Jordi.<\/p>\n<\/div>\n<\/li>\n<li>\n<p>        <img decoding=\"async\" src=\"\/wp-content\/uploads\/Constitucio-Intermedia_2012_OK.jpg\" alt=\"\"><\/p>\n<h3>2012<\/h3>\n<div>\n<p>Acte de constitutci\u00f3 de la Fundaci\u00f3 Intermedia, entitat germana de la Fundaci\u00f3 IRES.<\/p>\n<\/div>\n<\/li>\n<li>\n<p>        <img decoding=\"async\" src=\"\/wp-content\/uploads\/IMG_3045-min.jpg\" alt=\"\"><\/p>\n<h3>2013<\/h3>\n<div>\n<p>Celebraci\u00f3 del 25\u00e8 aniversari de la Fundaci\u00f3 IRES a les Illes Balears.<\/p>\n<\/div>\n<\/li>\n<li>\n<p>        <img decoding=\"async\" src=\"\/wp-content\/uploads\/0008-1.jpg\" alt=\"\"><\/p>\n<h3>2014<\/h3>\n<div>\n<p>1a edici\u00f3 del Memorial Manuel Adroer Iglesias. Aquest memorIal va acabar impulsant la craci\u00f3 de l&#8217;InspIRES.<\/p>\n<\/div>\n<\/li>\n<li>\n<p>        <img decoding=\"async\" src=\"\/wp-content\/uploads\/14.jpg\" alt=\"\"><\/p>\n<h3>2019<\/h3>\n<div>\n<p>Celebraci\u00f3 del 50\u00e8 aniversari de la Fundaci\u00f3 IRES.<\/p>\n<\/div>\n<\/li>\n<\/ul>\n<p><!--more--><br \/>\n<!-- {\"name\":\"ES - Historia\",\"type\":\"layout\",\"children\":[{\"name\":\"Hero Parallax\",\"type\":\"section\",\"props\":{\"style\":\"default\",\"width\":\"default\",\"vertical_align\":\"\",\"title_position\":\"top-left\",\"title_rotation\":\"left\",\"title_breakpoint\":\"xl\",\"image_position\":\"top-center\",\"padding\":\"large\",\"image\":\"wp-content\\\/uploads\\\/historia-hero-bg.jpg\",\"text_color\":\"light\",\"image_size\":\"cover\",\"image_effect\":\"parallax\",\"image_width\":\"2560\",\"id\":\"hero\",\"class\":\"parallax\",\"image_parallax_bgy_start\":\"0\",\"image_parallax_bgy_end\":\"150\",\"image_parallax_easing\":\"0\"},\"children\":[{\"type\":\"row\",\"children\":[{\"type\":\"column\",\"props\":{\"image_position\":\"center-center\",\"media_overlay_gradient\":\"\",\"width_medium\":\"1-1\",\"position_sticky_breakpoint\":\"m\"},\"children\":[{\"type\":\"headline\",\"props\":{\"title_element\":\"h1\",\"title_style\":\"heading-medium\",\"content\":\"Hist\\u00f2ria\"}}]}]}]},{\"name\":\"Breadcrums Parallax\",\"type\":\"section\",\"props\":{\"style\":\"default\",\"width\":\"\",\"vertical_align\":\"middle\",\"title_position\":\"top-left\",\"title_rotation\":\"left\",\"title_breakpoint\":\"xl\",\"image_position\":\"center-center\",\"padding\":\"none\",\"image\":\"\",\"text_color\":\"light\",\"image_size\":\"cover\",\"image_width\":\"2560\",\"id\":\"breadcrums\"},\"children\":[{\"type\":\"row\",\"props\":{\"width\":\"default\"},\"children\":[{\"type\":\"column\",\"props\":{\"image_position\":\"center-center\",\"media_overlay_gradient\":\"\",\"width_medium\":\"1-1\",\"position_sticky_breakpoint\":\"m\"},\"children\":[{\"type\":\"module\",\"props\":{\"widget\":\"breadcrumbs-3\",\"menu_style\":\"nav\",\"type\":\"breadcrumbs\"},\"name\":\"Breadcrums\"}]}]}]},{\"name\":\"Under slide\",\"type\":\"section\",\"props\":{\"style\":\"default\",\"width\":\"default\",\"vertical_align\":\"middle\",\"title_position\":\"top-left\",\"title_rotation\":\"left\",\"title_breakpoint\":\"xl\",\"image_position\":\"bottom-right\",\"image\":\"\",\"image_effect\":\"parallax\",\"image_parallax_bgy_start\":\"300\",\"image_parallax_bgy_end\":\"450\",\"image_width\":\"700\",\"css\":\"@media (min-width:1011px){\\n    .el-section .subtitle{\\n        min-height:87px;\\n    }\\n}\\n\\n@media (min-width:959px) and (max-width:1010px){\\n    .el-section .subtitle{\\n        min-height:116px;\\n    }\\n}\"},\"children\":[{\"name\":\"\",\"type\":\"row\",\"props\":{\"width\":\"default\",\"margin_remove_bottom\":true},\"children\":[{\"name\":\"\",\"type\":\"column\",\"props\":{\"image_position\":\"center-center\",\"media_overlay_gradient\":\"\",\"width_medium\":\"1-1\",\"position_sticky_breakpoint\":\"m\"},\"children\":[{\"name\":\"\",\"type\":\"headline\",\"props\":{\"title_element\":\"div\",\"title_style\":\"h1\",\"text_align\":\"center\",\"maxwidth\":\"xlarge\",\"margin\":\"medium\",\"content\":\"\n\n<p><strong>El 1969 neix l\\u2019Institut de Reinserci\\u00f3 Social<\\\/strong><\\\/p>\",\"block_align\":\"center\"}},{\"type\":\"text\",\"props\":{\"margin\":\"default\",\"column_breakpoint\":\"m\",\"text_style\":\"lead\",\"text_size\":\"large\",\"text_align\":\"center\",\"maxwidth\":\"2xlarge\",\"content\":\"\n\n<p>El juny de 1969 neix IRES com la primera associaci\\u00f3 privada sense \\u00e0nim de lucre i professionalitzada d\\u2019\\u00e0mbit estatal, que treballa amb \\u00abpersones marginades i en l\\u2019\\u00e0mbit de la reinserci\\u00f3\\u00bb, amb la col\\u00b7laboraci\\u00f3 de persones volunt\\u00e0ries i amb finan\\u00e7ament privat.<\\\/p>\\n\n\n<p>En el seu primer any de funcionament va liderar la coordinaci\\u00f3 dels escassos recursos socials de la Barcelona de l\\u2019\\u00e8poca i despr\\u00e9s es va orientar a l\\u2019atenci\\u00f3 a \\u00abpersones marginades amb conductes antisocials o delictives\\u00bb, amb greus dificultats d\\u2019adaptaci\\u00f3 i, especialment, exrecluses.<\\\/p>\\n\n\n<p><strong>Cinc d\\u00e8cades d\\u2019innovaci\\u00f3 i atenci\\u00f3 a fam\\u00edlies<\\\/strong><\\\/p>\",\"block_align\":\"center\"}}]}]},{\"type\":\"row\",\"children\":[{\"type\":\"column\",\"props\":{\"image_position\":\"center-center\",\"media_overlay_gradient\":\"\",\"width_medium\":\"1-1\",\"position_sticky_breakpoint\":\"m\"},\"children\":[{\"type\":\"html\",\"props\":{\"content\":\"[th-slider design=\\\"design-2\\\" autoplay=\\\"false\\\" dots=\\\"false\\\" loop=\\\"false\\\" show_date=\\\"false\\\" show_full_content=\\\"true\\\"]\\n\"}}]}]},{\"type\":\"row\",\"props\":{\"status\":\"\"},\"children\":[{\"type\":\"column\",\"props\":{\"image_position\":\"center-center\",\"media_overlay_gradient\":\"\",\"width_medium\":\"1-1\",\"position_sticky_breakpoint\":\"m\"},\"children\":[{\"name\":\"\",\"type\":\"headline\",\"props\":{\"title_element\":\"div\",\"title_style\":\"h2\",\"text_align\":\"center\",\"maxwidth\":\"xlarge\",\"margin\":\"medium\",\"content\":\"50 anys en imatges\",\"block_align\":\"center\"}},{\"type\":\"gallery\",\"props\":{\"show_title\":true,\"show_meta\":true,\"show_content\":true,\"show_link\":false,\"show_hover_image\":false,\"grid_default\":\"1\",\"grid_medium\":\"3\",\"filter_style\":\"tab\",\"filter_all\":true,\"filter_position\":\"top\",\"filter_align\":\"left\",\"filter_grid_width\":\"auto\",\"overlay_mode\":\"cover\",\"overlay_hover\":true,\"overlay_style\":\"overlay-primary\",\"text_color\":\"light\",\"overlay_position\":\"center\",\"overlay_transition\":\"fade\",\"title_element\":\"h3\",\"meta_style\":\"meta\",\"meta_align\":\"below-title\",\"link_text\":\"\",\"link_style\":\"default\",\"text_align\":\"center\",\"margin\":\"default\",\"item_animation\":true,\"grid_masonry\":true,\"lightbox\":true,\"lightbox_image_orientation\":false,\"filter\":true,\"filter_all_label\":\"Totes\",\"grid_column_gap\":\"small\",\"grid_row_gap\":\"small\",\"filter_grid_breakpoint\":\"m\",\"overlay_link\":true,\"title_hover_style\":\"reset\",\"meta_element\":\"div\"},\"children\":[{\"type\":\"gallery_item\",\"props\":{\"text_color\":\"light\",\"image\":\"wp-content\\\/uploads\\\/F-2.png\",\"title\":\"1969\",\"tags\":\"1969 - 1979\",\"image_alt\":\"\",\"content\":\"\n\n<p>Barraques que poblaven l'\\u00e0rea de l'Hospitalet durant els anys 60 i 70.<\\\/p>\",\"text_color_hover\":false,\"meta\":\"\"}},{\"type\":\"gallery_item\",\"props\":{\"image\":\"wp-content\\\/uploads\\\/F-1.png\",\"tags\":\"1969 - 1979\",\"title\":\"1969\",\"content\":\"\n\n<p>Barraques predominants a la montanya de Montju\\u00efc durant els anys 60 i 70.<\\\/p>\",\"image_alt\":\"\",\"meta\":\"\"}},{\"type\":\"gallery_item\",\"props\":{\"image\":\"wp-content\\\/uploads\\\/L-min.png\",\"title\":\"1970\",\"tags\":\"1969 - 1979\",\"content\":\"\n\n<p>Inauguraci\\u00f3 oficial de la primera resid\\u00e8ncia per ex presos a Sabadell.<\\\/p>\"}},{\"type\":\"gallery_item\",\"props\":{\"tags\":\"1969 - 1979\",\"title\":\"1972\",\"image\":\"wp-content\\\/uploads\\\/C-14-min.jpg\",\"content\":\"\n\n<p>Reuni\\u00f3 per la primera mem\\u00f2ria institucional de l'entitat.<\\\/p>\"}},{\"type\":\"gallery_item\",\"props\":{\"image\":\"wp-content\\\/uploads\\\/B-2-min.png\",\"title\":\"1975\",\"tags\":\"1969 - 1979\",\"content\":\"\n\n<p>Oficina de l'alberg per homes, on s'hi duien a terme tallers i formacions.<\\\/p>\"}},{\"type\":\"gallery_item\",\"props\":{\"tags\":\"1969 - 1979\",\"image\":\"wp-content\\\/uploads\\\/C-16-min.jpg\",\"title\":\"1976\"}},{\"type\":\"gallery_item\",\"props\":{\"image\":\"wp-content\\\/uploads\\\/0001.jpg\",\"title\":\"1983\",\"tags\":\"1980 - 1989\",\"content\":\"\n\n<p>Cartell de la 1a edici\\u00f3 de la <em>Confederation of European Probation<\\\/em>.<\\\/p>\"}},{\"type\":\"gallery_item\",\"props\":{\"image\":\"wp-content\\\/uploads\\\/SEMINARI_CEP_1984_ok.jpg\",\"tags\":\"1980 - 1989\",\"title\":\"1984\",\"content\":\"\n\n<p>Seminari de la <em>Confederation of European Probation.<\\\/em><\\\/p>\"}},{\"type\":\"gallery_item\",\"props\":{\"image\":\"wp-content\\\/uploads\\\/EDUCADORS_CARRER_OCT_1987-B.jpg\",\"title\":\"1985\",\"tags\":\"1980 - 1989\",\"content\":\"\n\n<p>Equip d'educadors i educadores de carrer.<\\\/p>\"}},{\"type\":\"gallery_item\",\"props\":{\"image\":\"wp-content\\\/uploads\\\/V-2.jpg\",\"title\":\"1986\",\"tags\":\"1980 - 1989\",\"content\":\"\n\n<p>Usuaris de l'entitat en un viver de Rub\\u00ed (Barcelona).<\\\/p>\"}},{\"type\":\"gallery_item\",\"props\":{\"image\":\"wp-content\\\/uploads\\\/T-1.jpg\",\"title\":\"1989\",\"tags\":\"1980 - 1989\",\"content\":\"\n\n<p>Taller de fusteria impartit per l'entitat.<\\\/p>\"}},{\"type\":\"gallery_item\",\"props\":{\"image\":\"wp-content\\\/uploads\\\/T-2.jpg\",\"title\":\"1989\",\"tags\":\"1980 - 1989\",\"content\":\"\n\n<p>Taller de costura impartit per l'entitat.<\\\/p>\"}},{\"type\":\"gallery_item\",\"props\":{\"image\":\"wp-content\\\/uploads\\\/S-2-e1566989109740.jpg\",\"title\":\"1991\",\"tags\":\"1990 - 1999\",\"content\":\"\n\n<p>Taller de pintura dom\\u00e8stica impartit per l'entitat.<\\\/p>\"}},{\"type\":\"gallery_item\",\"props\":{\"image\":\"wp-content\\\/uploads\\\/0008.jpg\",\"title\":\"1994\",\"tags\":\"1990 - 1999\",\"content\":\"\n\n<p>Celebraci\\u00f3 del 25\\u00e8 aniversari de la Fundaci\\u00f3 IRES.\\u00a0<\\\/p>\"}},{\"type\":\"gallery_item\",\"props\":{\"image\":\"wp-content\\\/uploads\\\/img19.jpg\",\"title\":\"1995\",\"tags\":\"1990 - 1999\",\"content\":\"\n\n<p>Jornada de debat \\u00e8tic en motiu dels 25 anys de l'entitat.<\\\/p>\"}},{\"type\":\"gallery_item\",\"props\":{\"image\":\"wp-content\\\/uploads\\\/E.jpg\",\"title\":\"1996\",\"tags\":\"1990 - 1999\",\"content\":\"\n\n<p>Entrega del guard\\u00f3 Creu de Sant Jordi al Palau de la Generalitat de Catalunya.<\\\/p>\"}},{\"type\":\"gallery_item\",\"props\":{\"image\":\"wp-content\\\/uploads\\\/K-2-e1566473091815.jpeg\",\"title\":\"1996\",\"tags\":\"1990 - 1999\",\"content\":\"\n\n<p>Equip de treballadors i treballadores de la Fundaci\\u00f3 IRES a Girona.<\\\/p>\"}},{\"type\":\"gallery_item\",\"props\":{\"image\":\"wp-content\\\/uploads\\\/H-3.png\",\"title\":\"1998\",\"tags\":\"1990 - 1999\",\"content\":\"\n\n<p>Taller de jardineria i bot\\u00e0nica impartit per l'entitat.<\\\/p>\"}},{\"type\":\"gallery_item\",\"props\":{\"title\":\"2001\",\"image\":\"wp-content\\\/uploads\\\/D.png\",\"tags\":\"2000 - 2009\",\"content\":\"\n\n<p>Exposici\\u00f3 d'art solidari a la Casa Elizalde de Barcelona.<\\\/p>\"}},{\"type\":\"gallery_item\",\"props\":{\"image\":\"wp-content\\\/uploads\\\/P-2-min.png\",\"title\":\"2005\",\"tags\":\"2000 - 2009\",\"content\":\"\n\n<p>Cerim\\u00f2nia d'entrega del Premi Just\\u00edcia.<\\\/p>\"}},{\"type\":\"gallery_item\",\"props\":{\"image\":\"wp-content\\\/uploads\\\/O.png\",\"title\":\"2006\",\"tags\":\"2000 - 2009\",\"content\":\"\n\n<p>Cerim\\u00f2nia d'entrega del Premi Acci\\u00f3 21.<\\\/p>\"}},{\"type\":\"gallery_item\",\"props\":{\"image\":\"wp-content\\\/uploads\\\/INAUGURACIO_SEU_MANRESA_2007_OK.jpg\",\"title\":\"2007\",\"tags\":\"2000 - 2009\",\"content\":\"\n\n<p>Inauguraci\\u00f3 de la sucursal de la Fundaci\\u00f3 IRES a Manresa .<\\\/p>\"}},{\"type\":\"gallery_item\",\"props\":{\"image\":\"wp-content\\\/uploads\\\/INAUGURACIO_CRAE_PRIM_2008_ok-3.jpg\",\"title\":\"2008\",\"tags\":\"2000 - 2009\",\"content\":\"\n\n<p>Acte d'inauguraci\\u00f3 del CRAE Prim.<\\\/p>\"}},{\"type\":\"gallery_item\",\"props\":{\"image\":\"wp-content\\\/uploads\\\/0002.jpg\",\"title\":\"2011\",\"tags\":\"2010 - 2019\",\"content\":\"\n\n<p>Cerim\\u00f2nia d'entrega del Premi Comunicaci\\u00f3 i Relacions P\\u00fabliques.<\\\/p>\"}},{\"type\":\"gallery_item\",\"props\":{\"image\":\"wp-content\\\/uploads\\\/0001-1.jpg\",\"title\":\"2012\",\"tags\":\"2010 - 2019\",\"content\":\"\n\n<p>1a edici\\u00f3 del projecte Rosa Solid\\u00e0ria en motiu de la diada de Sant Jordi.<\\\/p>\"}},{\"type\":\"gallery_item\",\"props\":{\"image\":\"wp-content\\\/uploads\\\/Constitucio-Intermedia_2012_OK.jpg\",\"title\":\"2012\",\"tags\":\"2010 - 2019\",\"content\":\"\n\n<p>Acte de constitutci\\u00f3 de la Fundaci\\u00f3 Intermedia, entitat germana de la Fundaci\\u00f3 IRES.<\\\/p>\"}},{\"type\":\"gallery_item\",\"props\":{\"image\":\"wp-content\\\/uploads\\\/IMG_3045-min.jpg\",\"title\":\"2013\",\"tags\":\"2010 - 2019\",\"content\":\"\n\n<p>Celebraci\\u00f3 del 25\\u00e8 aniversari de la Fundaci\\u00f3 IRES a les Illes Balears.<\\\/p>\"}},{\"type\":\"gallery_item\",\"props\":{\"image\":\"wp-content\\\/uploads\\\/0008-1.jpg\",\"title\":\"2014\",\"tags\":\"2010 - 2019\",\"content\":\"\n\n<p>1a edici\\u00f3 del Memorial Manuel Adroer Iglesias. Aquest memorIal va acabar impulsant la craci\\u00f3 de l'InspIRES.<\\\/p>\"}},{\"type\":\"gallery_item\",\"props\":{\"image\":\"wp-content\\\/uploads\\\/14.jpg\",\"title\":\"2019\",\"tags\":\"2010 - 2019\",\"content\":\"\n\n<p>Celebraci\\u00f3 del 50\\u00e8 aniversari de la Fundaci\\u00f3 IRES.<\\\/p>\"}}]}]}]}]}],\"version\":\"2.7.16\",\"yooessentialsVersion\":\"1.5.10\"} --><\/p>\n","protected":false},"excerpt":{"rendered":"<p>Hist\u00f2ria El 1969 neix l\u2019Institut de Reinserci\u00f3 Social El juny de 1969 neix IRES com la primera associaci\u00f3 privada sense \u00e0nim de lucre i professionalitzada d\u2019\u00e0mbit estatal, que treballa amb \u00abpersones marginades i en l\u2019\u00e0mbit de la reinserci\u00f3\u00bb, amb la col\u00b7laboraci\u00f3 de persones volunt\u00e0ries i amb finan\u00e7ament privat. En el seu primer any de funcionament [&hellip;]<\/p>\n","protected":false},"author":1,"featured_media":0,"parent":2300,"menu_order":0,"comment_status":"closed","ping_status":"closed","template":"","meta":{"footnotes":""},"proyectos":[],"class_list":["post-15648","page","type-page","status-publish","hentry"],"yoast_head":"<!-- This site is optimized with the Yoast SEO plugin v27.4 - https:\/\/yoast.com\/product\/yoast-seo-wordpress\/ -->\n<title>Hist\u00f2ria - Fundaci\u00f3 IRES<\/title>\n<meta name=\"robots\" content=\"index, follow, max-snippet:-1, max-image-preview:large, max-video-preview:-1\" \/>\n<link rel=\"canonical\" href=\"https:\/\/www.fundacioires.org\/quienes-somos\/historia\/\" \/>\n<meta property=\"og:locale\" content=\"ca_ES\" \/>\n<meta property=\"og:type\" content=\"article\" \/>\n<meta property=\"og:title\" content=\"Hist\u00f2ria - Fundaci\u00f3 IRES\" \/>\n<meta property=\"og:description\" content=\"Hist\u00f2ria El 1969 neix l\u2019Institut de Reinserci\u00f3 Social El juny de 1969 neix IRES com la primera associaci\u00f3 privada sense \u00e0nim de lucre i professionalitzada d\u2019\u00e0mbit estatal, que treballa amb \u00abpersones marginades i en l\u2019\u00e0mbit de la reinserci\u00f3\u00bb, amb la col\u00b7laboraci\u00f3 de persones volunt\u00e0ries i amb finan\u00e7ament privat. En el seu primer any de funcionament [&hellip;]\" \/>\n<meta property=\"og:url\" content=\"https:\/\/www.fundacioires.org\/quienes-somos\/historia\/\" \/>\n<meta property=\"og:site_name\" content=\"Fundaci\u00f3 IRES\" \/>\n<meta property=\"article:modified_time\" content=\"2022-01-24T08:50:33+00:00\" \/>\n<meta property=\"og:image\" content=\"https:\/\/www.fundacioires.org\/wp-content\/uploads\/F-2.png\" \/>\n<meta name=\"twitter:card\" content=\"summary_large_image\" \/>\n<meta name=\"twitter:label1\" content=\"Est. reading time\" \/>\n\t<meta name=\"twitter:data1\" content=\"2 minutes\" \/>\n<script type=\"application\/ld+json\" class=\"yoast-schema-graph\">{\"@context\":\"https:\\\/\\\/schema.org\",\"@graph\":[{\"@type\":\"WebPage\",\"@id\":\"https:\\\/\\\/www.fundacioires.org\\\/quienes-somos\\\/historia\\\/\",\"url\":\"https:\\\/\\\/www.fundacioires.org\\\/quienes-somos\\\/historia\\\/\",\"name\":\"Hist\u00f2ria - Fundaci\u00f3 IRES\",\"isPartOf\":{\"@id\":\"https:\\\/\\\/www.fundacioires.org\\\/#website\"},\"datePublished\":\"2019-08-02T07:40:58+00:00\",\"dateModified\":\"2022-01-24T08:50:33+00:00\",\"breadcrumb\":{\"@id\":\"https:\\\/\\\/www.fundacioires.org\\\/quienes-somos\\\/historia\\\/#breadcrumb\"},\"inLanguage\":\"ca-ES\",\"potentialAction\":[{\"@type\":\"ReadAction\",\"target\":[\"https:\\\/\\\/www.fundacioires.org\\\/quienes-somos\\\/historia\\\/\"]}]},{\"@type\":\"BreadcrumbList\",\"@id\":\"https:\\\/\\\/www.fundacioires.org\\\/quienes-somos\\\/historia\\\/#breadcrumb\",\"itemListElement\":[{\"@type\":\"ListItem\",\"position\":1,\"name\":\"Portada\",\"item\":\"https:\\\/\\\/www.fundacioires.org\\\/\"},{\"@type\":\"ListItem\",\"position\":2,\"name\":\"Qui som\",\"item\":\"https:\\\/\\\/www.fundacioires.org\\\/ca\\\/qui-som\\\/\"},{\"@type\":\"ListItem\",\"position\":3,\"name\":\"Hist\u00f2ria\"}]},{\"@type\":\"WebSite\",\"@id\":\"https:\\\/\\\/www.fundacioires.org\\\/#website\",\"url\":\"https:\\\/\\\/www.fundacioires.org\\\/\",\"name\":\"Fundaci\u00f3 IRES\",\"description\":\"\",\"publisher\":{\"@id\":\"https:\\\/\\\/www.fundacioires.org\\\/#organization\"},\"potentialAction\":[{\"@type\":\"SearchAction\",\"target\":{\"@type\":\"EntryPoint\",\"urlTemplate\":\"https:\\\/\\\/www.fundacioires.org\\\/?s={search_term_string}\"},\"query-input\":{\"@type\":\"PropertyValueSpecification\",\"valueRequired\":true,\"valueName\":\"search_term_string\"}}],\"inLanguage\":\"ca-ES\"},{\"@type\":\"Organization\",\"@id\":\"https:\\\/\\\/www.fundacioires.org\\\/#organization\",\"name\":\"Fundanci\u00f3n IRES\",\"url\":\"https:\\\/\\\/www.fundacioires.org\\\/\",\"logo\":{\"@type\":\"ImageObject\",\"inLanguage\":\"ca-ES\",\"@id\":\"https:\\\/\\\/www.fundacioires.org\\\/#\\\/schema\\\/logo\\\/image\\\/\",\"url\":\"https:\\\/\\\/i0.wp.com\\\/www.fundacioires.org\\\/wp-content\\\/uploads\\\/faviconIRES.png?fit=32%2C32&ssl=1\",\"contentUrl\":\"https:\\\/\\\/i0.wp.com\\\/www.fundacioires.org\\\/wp-content\\\/uploads\\\/faviconIRES.png?fit=32%2C32&ssl=1\",\"width\":32,\"height\":32,\"caption\":\"Fundanci\u00f3n IRES\"},\"image\":{\"@id\":\"https:\\\/\\\/www.fundacioires.org\\\/#\\\/schema\\\/logo\\\/image\\\/\"}}]}<\/script>\n<!-- \/ Yoast SEO plugin. -->","yoast_head_json":{"title":"Hist\u00f2ria - Fundaci\u00f3 IRES","robots":{"index":"index","follow":"follow","max-snippet":"max-snippet:-1","max-image-preview":"max-image-preview:large","max-video-preview":"max-video-preview:-1"},"canonical":"https:\/\/www.fundacioires.org\/quienes-somos\/historia\/","og_locale":"ca_ES","og_type":"article","og_title":"Hist\u00f2ria - Fundaci\u00f3 IRES","og_description":"Hist\u00f2ria El 1969 neix l\u2019Institut de Reinserci\u00f3 Social El juny de 1969 neix IRES com la primera associaci\u00f3 privada sense \u00e0nim de lucre i professionalitzada d\u2019\u00e0mbit estatal, que treballa amb \u00abpersones marginades i en l\u2019\u00e0mbit de la reinserci\u00f3\u00bb, amb la col\u00b7laboraci\u00f3 de persones volunt\u00e0ries i amb finan\u00e7ament privat. En el seu primer any de funcionament [&hellip;]","og_url":"https:\/\/www.fundacioires.org\/quienes-somos\/historia\/","og_site_name":"Fundaci\u00f3 IRES","article_modified_time":"2022-01-24T08:50:33+00:00","og_image":[{"url":"https:\/\/www.fundacioires.org\/wp-content\/uploads\/F-2.png","type":"","width":"","height":""}],"twitter_card":"summary_large_image","twitter_misc":{"Est. reading time":"2 minutes"},"schema":{"@context":"https:\/\/schema.org","@graph":[{"@type":"WebPage","@id":"https:\/\/www.fundacioires.org\/quienes-somos\/historia\/","url":"https:\/\/www.fundacioires.org\/quienes-somos\/historia\/","name":"Hist\u00f2ria - Fundaci\u00f3 IRES","isPartOf":{"@id":"https:\/\/www.fundacioires.org\/#website"},"datePublished":"2019-08-02T07:40:58+00:00","dateModified":"2022-01-24T08:50:33+00:00","breadcrumb":{"@id":"https:\/\/www.fundacioires.org\/quienes-somos\/historia\/#breadcrumb"},"inLanguage":"ca-ES","potentialAction":[{"@type":"ReadAction","target":["https:\/\/www.fundacioires.org\/quienes-somos\/historia\/"]}]},{"@type":"BreadcrumbList","@id":"https:\/\/www.fundacioires.org\/quienes-somos\/historia\/#breadcrumb","itemListElement":[{"@type":"ListItem","position":1,"name":"Portada","item":"https:\/\/www.fundacioires.org\/"},{"@type":"ListItem","position":2,"name":"Qui som","item":"https:\/\/www.fundacioires.org\/ca\/qui-som\/"},{"@type":"ListItem","position":3,"name":"Hist\u00f2ria"}]},{"@type":"WebSite","@id":"https:\/\/www.fundacioires.org\/#website","url":"https:\/\/www.fundacioires.org\/","name":"Fundaci\u00f3 IRES","description":"","publisher":{"@id":"https:\/\/www.fundacioires.org\/#organization"},"potentialAction":[{"@type":"SearchAction","target":{"@type":"EntryPoint","urlTemplate":"https:\/\/www.fundacioires.org\/?s={search_term_string}"},"query-input":{"@type":"PropertyValueSpecification","valueRequired":true,"valueName":"search_term_string"}}],"inLanguage":"ca-ES"},{"@type":"Organization","@id":"https:\/\/www.fundacioires.org\/#organization","name":"Fundanci\u00f3n IRES","url":"https:\/\/www.fundacioires.org\/","logo":{"@type":"ImageObject","inLanguage":"ca-ES","@id":"https:\/\/www.fundacioires.org\/#\/schema\/logo\/image\/","url":"https:\/\/i0.wp.com\/www.fundacioires.org\/wp-content\/uploads\/faviconIRES.png?fit=32%2C32&ssl=1","contentUrl":"https:\/\/i0.wp.com\/www.fundacioires.org\/wp-content\/uploads\/faviconIRES.png?fit=32%2C32&ssl=1","width":32,"height":32,"caption":"Fundanci\u00f3n IRES"},"image":{"@id":"https:\/\/www.fundacioires.org\/#\/schema\/logo\/image\/"}}]}},"jetpack_sharing_enabled":true,"_links":{"self":[{"href":"https:\/\/www.fundacioires.org\/ca\/wp-json\/wp\/v2\/pages\/15648","targetHints":{"allow":["GET"]}}],"collection":[{"href":"https:\/\/www.fundacioires.org\/ca\/wp-json\/wp\/v2\/pages"}],"about":[{"href":"https:\/\/www.fundacioires.org\/ca\/wp-json\/wp\/v2\/types\/page"}],"author":[{"embeddable":true,"href":"https:\/\/www.fundacioires.org\/ca\/wp-json\/wp\/v2\/users\/1"}],"replies":[{"embeddable":true,"href":"https:\/\/www.fundacioires.org\/ca\/wp-json\/wp\/v2\/comments?post=15648"}],"version-history":[{"count":5,"href":"https:\/\/www.fundacioires.org\/ca\/wp-json\/wp\/v2\/pages\/15648\/revisions"}],"predecessor-version":[{"id":38011,"href":"https:\/\/www.fundacioires.org\/ca\/wp-json\/wp\/v2\/pages\/15648\/revisions\/38011"}],"up":[{"embeddable":true,"href":"https:\/\/www.fundacioires.org\/ca\/wp-json\/wp\/v2\/pages\/2300"}],"wp:attachment":[{"href":"https:\/\/www.fundacioires.org\/ca\/wp-json\/wp\/v2\/media?parent=15648"}],"wp:term":[{"taxonomy":"proyectos","embeddable":true,"href":"https:\/\/www.fundacioires.org\/ca\/wp-json\/wp\/v2\/proyectos?post=15648"}],"curies":[{"name":"wp","href":"https:\/\/api.w.org\/{rel}","templated":true}]}}