{"id":16487,"date":"2019-08-05T11:21:12","date_gmt":"2019-08-05T09:21:12","guid":{"rendered":"http:\/\/www.fundacioires.org\/?page_id=16487"},"modified":"2024-04-19T16:14:21","modified_gmt":"2024-04-19T14:14:21","slug":"projecte-impulsa","status":"publish","type":"page","link":"https:\/\/www.fundacioires.org\/ca\/que-fem\/ecosistema-de-projectes\/projecte-impulsa\/","title":{"rendered":"Impulsa"},"content":{"rendered":"<h1><strong>Impulsa<\/strong><\/h1>\n<div>\n<div class=\"traductor-textarea form-group\">\n<div class=\"textarea-desti col-xs-12 col-sm-6\">\n<div class=\"form-control second-textarea\">Un servei dirigit a les persones que es troben en una situaci\u00f3 de vulnerabilitat i que busquen un impuls per a reorientar la seva situaci\u00f3 vital actual, especialment en l&#8217;\u00e0mbit sociolaboral.<\/div>\n<\/div>\n<\/div>\n<\/div>\n<p><a href=\"#intro\">[chevron-down]<\/a><\/p>\n<div><strong>Qu\u00e8 fem?<\/strong><\/div>\n<div>\n<div class=\"traductor-textarea form-group\">\n<div class=\"textarea-desti col-xs-12 col-sm-6\">\n<div class=\"form-control second-textarea\">Acompanyem a persones en situaci\u00f3 de dificultat econ\u00f2mica, social i laboral <span>per a reorientar el moment vital en el qual es troba la persona.<\/span><\/div>\n<\/div>\n<\/div>\n<\/div>\n<p>\n    <a href=\"#formulari\">Consulta amb el nostre equip<\/a>\n<\/p>\n<div><strong>Qu\u00e8 oferim?<\/strong><\/div>\n<ul>\n<li>\n<h2>Tutories individualitzades<\/h2>\n<p><a href=\"#\">Read More<\/a><\/p>\n<\/li>\n<li>\n<h2>Sessions de cerca d&#8217;ocupaci\u00f3<\/h2>\n<p><a href=\"#\">Read More<\/a><\/p>\n<\/li>\n<li>\n<h2>Acompanyament en salut emocional<\/h2>\n<p><a href=\"#\">Read More<\/a><\/p>\n<\/li>\n<li>\n<h2>Sessions grupals d&#8217;apoderament<\/h2>\n<p><a href=\"#\">Read More<\/a><\/p>\n<\/li>\n<li>\n<h2>Participaci\u00f3 dels recursos del territori<\/h2>\n<p><a href=\"#\">Read More<\/a><\/p>\n<\/li>\n<\/ul>\n<p>\n    <a href=\"\/wp-content\/uploads\/Diptic-Impulsa-NOU-2023_Difu-1.pdf\">Veure el d\u00edptic<\/a>\n<\/p>\n<div><strong>Com ho fem?<\/strong><\/div>\n<div>\n<div class=\"traductor-textarea form-group\">\n<div class=\"textarea-desti col-xs-12 col-sm-6\">\n<div class=\"form-control second-textarea\">Amb l&#8217;objectiu d&#8217;empoderar a la persona per a aconseguir la seva inserci\u00f3 laboral i la plena autonomia, <strong>desenvolupem intervencions en tres nivells<\/strong>:<\/div>\n<\/div>\n<\/div>\n<\/div>\n<p><img decoding=\"async\" src=\"\/wp-content\/uploads\/GRAFIC_01-03.svg\" alt=\"\"><\/p>\n<p>\n    <a href=\"#formulari\">Encara t&#8217;ho penses? Impulsa\u2019t!<\/a>\n<\/p>\n<h3><strong><span style=\"color: #000000;\">Hist\u00f2ries que donen sentit a la nostra feina<\/span><\/strong><\/h3>\n<ul>\n<li>\n<p>        <img decoding=\"async\" src=\"\/wp-content\/uploads\/Foto-Marta-Pedret-copia-1.jpg\" alt=\"\"><\/p>\n<h3>&#8220;Impulsa \u00e9s acompanyar amb energia per pensar-se, retrobar-se i buscar el moment vital per fer el salt&#8221;<\/h3>\n<p>Testimonial<\/p>\n<div>\n<p>Marta Pedret, t\u00e8cnica de l&#8217;Impulsa<\/p>\n<\/div>\n<\/li>\n<li>\n<p>        <img decoding=\"async\" src=\"\/wp-content\/uploads\/Testimoni_Impulsa_01.jpg\" alt=\"\"><\/p>\n<h3>&#8220;Participar en l&#8217;Impulsa m&#8217;ajuda a establir confian\u00e7a amb mi mateixa en l&#8217;\u00e0mbit personal i professional&#8221;<\/h3>\n<p>Testimoni<\/p>\n<div>\n<p>Dolores Peir\u00f3<\/p>\n<\/div>\n<\/li>\n<li>\n<p>        <img decoding=\"async\" src=\"\/wp-content\/uploads\/Testimoni_Impulsa_02.jpg\" alt=\"\"><\/p>\n<h3>&#8220;El projecte Impulsa m\u2019ha ajudat a encaminar la meva vida professional i m\u2019aporta estabilitat emocional i seguretat en mi mateixa&#8221;<\/h3>\n<p>Testimoni<\/p>\n<div>\n<p>Iryna Savenok<\/p>\n<\/div>\n<\/li>\n<\/ul>\n<div>Vols contactar amb l&#8217;Impulsa?<\/div>\n<ul>\n<li>\n        <a href=\"mailto:impulsa@fundacioires.org\">impulsa@fundacioires.org<\/a>\n    <\/li>\n<li>\n        <a href=\"tel:645715533\">645 715 533<\/a>\n    <\/li>\n<li>\n        <a href=\"tel:605510968\">605 510 968<\/a>\n    <\/li>\n<\/ul>\n<div>\n<p><strong>Centre C\u00edvic Nord<br \/><\/strong>Passatge Lledoner, 6<br \/>08401, Granollers<\/p>\n<\/p>\n<\/div>\n<div>\n<p>Prefereixes que contactem amb tu? Deixa&#8217;ns les teves dades.<\/p>\n<\/div>\n<div>\n<p>    \n<div class=\"wpcf7 no-js\" id=\"wpcf7-f3961-o1\" lang=\"en-US\" dir=\"ltr\" data-wpcf7-id=\"3961\">\n<div class=\"screen-reader-response\"><p role=\"status\" aria-live=\"polite\" aria-atomic=\"true\"><\/p> <ul><\/ul><\/div>\n<form action=\"\/ca\/wp-json\/wp\/v2\/pages\/16487#wpcf7-f3961-o1\" method=\"post\" class=\"wpcf7-form init bb9e21171d24 cmatic-conn cmatic-aud-24 cmatic-mapd0-0 cmatic-v097802 cmatic-sent-0 cmatic-total-6823\" aria-label=\"Contact form\" novalidate=\"novalidate\" data-status=\"init\">\n<fieldset class=\"hidden-fields-container\"><input type=\"hidden\" name=\"_wpcf7\" value=\"3961\" \/><input type=\"hidden\" name=\"_wpcf7_version\" value=\"6.1.5\" \/><input type=\"hidden\" name=\"_wpcf7_locale\" value=\"en_US\" \/><input type=\"hidden\" name=\"_wpcf7_unit_tag\" value=\"wpcf7-f3961-o1\" \/><input type=\"hidden\" name=\"_wpcf7_container_post\" value=\"0\" \/><input type=\"hidden\" name=\"_wpcf7_posted_data_hash\" value=\"\" \/><input type=\"hidden\" name=\"_wpcf7cf_hidden_group_fields\" value=\"[]\" \/><input type=\"hidden\" name=\"_wpcf7cf_hidden_groups\" value=\"[]\" \/><input type=\"hidden\" name=\"_wpcf7cf_visible_groups\" value=\"[]\" \/><input type=\"hidden\" name=\"_wpcf7cf_repeaters\" value=\"[]\" \/><input type=\"hidden\" name=\"_wpcf7cf_steps\" value=\"{}\" \/><input type=\"hidden\" name=\"_wpcf7cf_options\" value=\"{&quot;form_id&quot;:3961,&quot;conditions&quot;:[],&quot;settings&quot;:{&quot;animation&quot;:&quot;yes&quot;,&quot;animation_intime&quot;:200,&quot;animation_outtime&quot;:200,&quot;conditions_ui&quot;:&quot;normal&quot;,&quot;notice_dismissed&quot;:false}}\" \/><input type=\"hidden\" name=\"_wpcf7_recaptcha_response\" value=\"\" \/>\n<\/fieldset>\n<div class=\"uk-form\" uk-grid>\n\n<div class=\"uk-width-1-2@s\">\n<label> Nom \n    <span class=\"wpcf7-form-control-wrap\" data-name=\"nombre-es\"><input size=\"40\" maxlength=\"400\" class=\"wpcf7-form-control wpcf7-text wpcf7-validates-as-required uk-input\" aria-required=\"true\" aria-invalid=\"false\" value=\"\" type=\"text\" name=\"nombre-es\" \/><\/span> <\/label>\n<\/div>\n<div class=\"uk-width-1-2@s\">\n<label> Cognoms\n    <span class=\"wpcf7-form-control-wrap\" data-name=\"apellidos-es\"><input size=\"40\" maxlength=\"400\" class=\"wpcf7-form-control wpcf7-text wpcf7-validates-as-required uk-input\" aria-required=\"true\" aria-invalid=\"false\" value=\"\" type=\"text\" name=\"apellidos-es\" \/><\/span> <\/label>\n<\/div>\n<div class=\"uk-width-1-1\">\n<label> El teu correu electr\u00f2nic \n    <span class=\"wpcf7-form-control-wrap\" data-name=\"email-es\"><input size=\"40\" maxlength=\"400\" class=\"wpcf7-form-control wpcf7-email wpcf7-validates-as-required wpcf7-text wpcf7-validates-as-email uk-input\" aria-required=\"true\" aria-invalid=\"false\" value=\"\" type=\"email\" name=\"email-es\" \/><\/span> <\/label>\n<\/div>\n<div class=\"uk-width-1-2@s\">\n<label> Empresa\/Entitat\n    <span class=\"wpcf7-form-control-wrap\" data-name=\"empresa-es\"><input size=\"40\" maxlength=\"400\" class=\"wpcf7-form-control wpcf7-text wpcf7-validates-as-required uk-input\" aria-required=\"true\" aria-invalid=\"false\" value=\"\" type=\"text\" name=\"empresa-es\" \/><\/span> <\/label>\n<\/div>\n<div class=\"uk-width-1-2@s\">\n<label> Un tel\u00e8fon \n    <span class=\"wpcf7-form-control-wrap\" data-name=\"telefono-es\"><input size=\"40\" maxlength=\"400\" class=\"wpcf7-form-control wpcf7-tel wpcf7-text wpcf7-validates-as-tel uk-input\" aria-invalid=\"false\" value=\"\" type=\"tel\" name=\"telefono-es\" \/><\/span> <\/label>\n<\/div>\n<div class=\"uk-width-1-1\">\n<label> Comentaris\n    <span class=\"wpcf7-form-control-wrap\" data-name=\"comentairos-es\"><textarea cols=\"40\" rows=\"10\" maxlength=\"2000\" class=\"wpcf7-form-control wpcf7-textarea uk-input\" aria-invalid=\"false\" name=\"comentairos-es\"><\/textarea><\/span> <\/label>\n<\/div>\n<div class=\"uk-width-1-1 uk-width-expand@s uk-grid-item-match uk-flex-middle\">\n    <span class=\"wpcf7-form-control-wrap\" data-name=\"newsletter\"><span class=\"wpcf7-form-control wpcf7-acceptance optional\"><span class=\"wpcf7-list-item\"><label><input type=\"checkbox\" name=\"newsletter\" value=\"1\" class=\"uk-checkbox\" aria-invalid=\"false\" \/><span class=\"wpcf7-list-item-label\">Vull rebre informaci\u00f3 de la Fundaci\u00f3n IRES<\/span><\/label><\/span><\/span><\/span>\n    <span class=\"wpcf7-form-control-wrap\" data-name=\"politicas\"><span class=\"wpcf7-form-control wpcf7-acceptance\"><span class=\"wpcf7-list-item\"><label><input type=\"checkbox\" name=\"politicas\" value=\"1\" class=\"uk-checkbox\" aria-invalid=\"false\" \/><span class=\"wpcf7-list-item-label\">Accepto l'<a href=\"\/ca\/avis-legal\/\" target=\"_blank\">Av\u00eds legal<\/a>, la <a href=\"\/ca\/politica-de-privacitat\/\" target=\"_blank\">Pol\u00edtica de privacitat<\/a> i la <a href=\"\/ca\/politica-de-privacitat-a-les-xarxes-socials\/\" target=\"_blank\">Pol\u00edtica de privacitat a les xarxes socials<\/a><\/span><\/label><\/span><\/span><\/span>\n<\/div>\n<div class=\"uk-width-1-1 uk-width-auto@s uk-flex uk-flex-bottom uk-positon-relative\">\n    <input class=\"wpcf7-form-control wpcf7-submit has-spinner uk-button uk-button-default\" type=\"submit\" value=\"Enviar\" \/>\n<\/div>\n<div class=\"uk-width-1-1>\n[anr_nocaptcha g-recaptcha-response]\n<\/div>\n<\/div>\n\n<style>\n.wpcf7-spinner{\n   position: absolute;\n   right: -70px;\n}\n<\/style><div class=\"wpcf7-response-output\" aria-hidden=\"true\"><\/div>\n<\/form>\n<\/div>\n<br \/>\n<script>\ndocument.getElementById('recipient').value = 'derivacioimpulsa@fundacioires.org';\n<\/script>\n<\/div>\n<p><!--more--><br \/>\n<!-- {\"name\":\"Landing Projecte Impulsa - ES\",\"type\":\"layout\",\"children\":[{\"name\":\"Hero Projectes Gran\",\"type\":\"section\",\"props\":{\"class\":\"parallax\",\"id\":\"hero\",\"image\":\"wp-content\\\/uploads\\\/WEB-Cap\\u00e7alera-projectes-11.jpg\",\"image_effect\":\"parallax\",\"image_parallax_bgy\":\"0,150\",\"image_parallax_easing\":\"0\",\"image_position\":\"bottom-center\",\"image_size\":\"cover\",\"media_overlay\":\"rgba(0, 0, 0, 0.6)\",\"padding\":\"xlarge\",\"style\":\"default\",\"text_color\":\"light\",\"title_breakpoint\":\"xl\",\"title_position\":\"top-left\",\"title_rotation\":\"left\",\"vertical_align\":\"\",\"width\":\"small\"},\"children\":[{\"type\":\"row\",\"children\":[{\"type\":\"column\",\"props\":{\"image_position\":\"center-center\",\"media_overlay_gradient\":\"\",\"position_sticky_breakpoint\":\"m\",\"width_medium\":\"1-1\"},\"children\":[{\"type\":\"headline\",\"props\":{\"content\":\"<strong>Impulsa<\\\/strong>\",\"text_align\":\"center\",\"title_element\":\"h1\",\"title_style\":\"heading-2xlarge\"}},{\"type\":\"text\",\"props\":{\"block_align\":\"center\",\"block_align_breakpoint\":\"s\",\"block_align_fallback\":\"center\",\"column_breakpoint\":\"m\",\"content\":\"\n\n<div class=\\\"traductor-textarea form-group\\\">\\n\n\n<div class=\\\"textarea-desti col-xs-12 col-sm-6\\\">\\n\n\n<div class=\\\"form-control second-textarea\\\">Un servei dirigit a les persones que es troben en una situaci\\u00f3 de vulnerabilitat i que busquen un impuls per a reorientar la seva situaci\\u00f3 vital actual, especialment en l'\\u00e0mbit sociolaboral.<\\\/div>\\n<\\\/div>\\n<\\\/div>\",\"margin\":\"default\",\"text_align\":\"center\",\"text_align_breakpoint\":\"s\",\"text_align_fallback\":\"left\",\"text_style\":\"lead\"}},{\"type\":\"icon\",\"props\":{\"icon\":\"chevron-down\",\"icon_width\":60,\"link\":\"#intro\",\"margin\":\"default\",\"text_align\":\"center\"}}]}],\"props\":{\"width\":\"default\"}}]},{\"name\":\"Breadcrums Parallax\",\"type\":\"section\",\"props\":{\"id\":\"breadcrums\",\"image\":\"\",\"image_position\":\"center-center\",\"image_size\":\"cover\",\"image_width\":\"2560\",\"padding\":\"none\",\"status\":\"disabled\",\"style\":\"default\",\"text_color\":\"light\",\"title_breakpoint\":\"xl\",\"title_position\":\"top-left\",\"title_rotation\":\"left\",\"vertical_align\":\"middle\",\"width\":\"\"},\"children\":[{\"type\":\"row\",\"props\":{\"width\":\"default\"},\"children\":[{\"type\":\"column\",\"props\":{\"image_position\":\"center-center\",\"media_overlay_gradient\":\"\",\"position_sticky_breakpoint\":\"m\",\"width_medium\":\"1-1\"},\"children\":[{\"type\":\"module\",\"props\":{\"menu_image_align\":\"center\",\"menu_image_margin\":true,\"menu_style\":\"default\",\"menu_type\":\"nav\",\"type\":\"breadcrumbs\",\"widget\":\"breadcrumbs-3\"},\"name\":\"Breadcrums\"}]}]}]},{\"name\":\"INTRO\",\"type\":\"section\",\"props\":{\"css\":\"@media (min-width:1011px){\\n    .el-section .subtitle{\\n        min-height:87px;\\n    }\\n}\\n\\n@media (min-width:959px) and (max-width:1010px){\\n    .el-section .subtitle{\\n        min-height:116px;\\n    }\\n}\",\"id\":\"intro\",\"image\":\"\",\"image_effect\":\"parallax\",\"image_parallax_bgy\":\"300,450\",\"image_parallax_easing\":\"1\",\"image_position\":\"bottom-right\",\"image_width\":\"700\",\"padding\":\"small\",\"padding_remove_top\":false,\"style\":\"default\",\"title_breakpoint\":\"xl\",\"title_position\":\"top-left\",\"title_rotation\":\"left\",\"vertical_align\":\"middle\",\"width\":\"small\"},\"children\":[{\"type\":\"row\",\"children\":[{\"type\":\"column\",\"props\":{\"image_position\":\"center-center\",\"media_overlay_gradient\":\"\",\"position_sticky_breakpoint\":\"m\"},\"children\":[{\"name\":\"\",\"type\":\"headline\",\"props\":{\"block_align\":\"center\",\"content\":\"<strong>Qu\\u00e8 fem?<\\\/strong>\",\"margin\":\"medium\",\"margin_remove_top\":false,\"text_align\":\"center\",\"text_align_breakpoint\":\"s\",\"title_element\":\"div\",\"title_style\":\"h1\"}},{\"type\":\"text\",\"props\":{\"block_align\":\"center\",\"block_align_breakpoint\":\"s\",\"block_align_fallback\":\"center\",\"column_breakpoint\":\"m\",\"content\":\"\n\n<div class=\\\"traductor-textarea form-group\\\">\\n\n\n<div class=\\\"textarea-desti col-xs-12 col-sm-6\\\">\\n\n\n<div class=\\\"form-control second-textarea\\\">Acompanyem a persones en situaci\\u00f3 de dificultat econ\\u00f2mica, social i laboral <span>per a reorientar el moment vital en el qual es troba la persona.<\\\/span><\\\/div>\\n<\\\/div>\\n<\\\/div>\",\"margin\":\"default\",\"text_align\":\"center\",\"text_align_breakpoint\":\"s\",\"text_align_fallback\":\"center\",\"text_style\":\"lead\"}},{\"type\":\"button\",\"props\":{\"grid_column_gap\":\"small\",\"grid_row_gap\":\"small\",\"margin\":\"default\",\"text_align\":\"center\"},\"children\":[{\"type\":\"button_item\",\"props\":{\"button_style\":\"default\",\"content\":\"Consulta amb el nostre equip\",\"icon\":\"commenting\",\"icon_align\":\"left\",\"link\":\"#formulari\"}}]}]}]}]},{\"name\":\"INTRO2\",\"type\":\"section\",\"props\":{\"class\":\"greenMuted\",\"css\":\"@media (min-width:1011px){\\n    .el-section .subtitle{\\n        min-height:87px;\\n    }\\n}\\n\\n@media (min-width:959px) and (max-width:1010px){\\n    .el-section .subtitle{\\n        min-height:116px;\\n    }\\n}\",\"id\":\"intro\",\"image\":\"\",\"image_effect\":\"parallax\",\"image_parallax_bgy\":\"300,450\",\"image_parallax_easing\":\"1\",\"image_position\":\"bottom-right\",\"image_width\":\"700\",\"padding_remove_top\":false,\"style\":\"default\",\"title_breakpoint\":\"xl\",\"title_position\":\"top-left\",\"title_rotation\":\"left\",\"vertical_align\":\"middle\",\"width\":\"default\"},\"children\":[{\"name\":\"\",\"type\":\"row\",\"props\":{\"margin_remove_bottom\":true,\"width\":\"default\"},\"children\":[{\"name\":\"\",\"type\":\"column\",\"props\":{\"image_position\":\"center-center\",\"media_overlay_gradient\":\"\",\"position_sticky_breakpoint\":\"m\",\"width_medium\":\"1-1\"},\"children\":[{\"name\":\"\",\"type\":\"headline\",\"props\":{\"block_align\":\"center\",\"content\":\"<strong>Qu\\u00e8 oferim?<\\\/strong>\",\"margin\":\"medium\",\"margin_remove_top\":false,\"text_align\":\"center\",\"text_align_breakpoint\":\"s\",\"title_element\":\"div\",\"title_style\":\"h1\"}}]}]},{\"type\":\"row\",\"children\":[{\"type\":\"column\",\"props\":{\"image_position\":\"center-center\",\"media_overlay_gradient\":\"\",\"position_sticky_breakpoint\":\"m\"},\"children\":[{\"type\":\"grid\",\"props\":{\"animation\":\"fade\",\"content_column_breakpoint\":\"m\",\"filter_align\":\"left\",\"filter_all\":true,\"filter_grid_breakpoint\":\"m\",\"filter_grid_width\":\"auto\",\"filter_position\":\"top\",\"filter_style\":\"tab\",\"grid_column_align\":true,\"grid_default\":\"1\",\"grid_medium\":\"3\",\"grid_row_align\":false,\"grid_small\":\"2\",\"icon_color\":\"primary\",\"icon_width\":\"65\",\"image_align\":\"top\",\"image_grid_breakpoint\":\"m\",\"image_grid_width\":\"1-2\",\"image_loading\":true,\"image_svg_animate\":false,\"image_svg_color\":\"emphasis\",\"image_svg_inline\":true,\"image_width\":\"70\",\"item_animation\":true,\"link_margin\":\"medium\",\"link_style\":\"primary\",\"link_text\":\"Read More\",\"margin\":\"default\",\"meta_align\":\"below-title\",\"meta_element\":\"div\",\"meta_style\":\"text-meta\",\"panel_padding\":\"default\",\"panel_style\":\"card-default\",\"parallax_easing\":\"1\",\"show_content\":true,\"show_image\":true,\"show_link\":false,\"show_meta\":true,\"show_title\":true,\"text_align\":\"center\",\"title_align\":\"top\",\"title_element\":\"h2\",\"title_grid_breakpoint\":\"m\",\"title_grid_width\":\"1-2\",\"title_hover_style\":\"reset\"},\"children\":[{\"type\":\"grid_item\",\"props\":{\"content\":\"\",\"icon\":\"comments\",\"image\":\"\",\"link\":\"#\",\"title\":\"Tutories individualitzades\"}},{\"type\":\"grid_item\",\"props\":{\"content\":\"\",\"icon\":\"search\",\"image\":\"\",\"link\":\"#\",\"title\":\"Sessions de cerca d'ocupaci\\u00f3\"}},{\"type\":\"grid_item\",\"props\":{\"content\":\"\",\"icon\":\"heart\",\"image\":\"\",\"link\":\"#\",\"title\":\"Acompanyament en salut emocional\"}},{\"type\":\"grid_item\",\"props\":{\"content\":\"\",\"icon\":\"users\",\"image\":\"\",\"link\":\"#\",\"title\":\"Sessions grupals d'apoderament\"}},{\"type\":\"grid_item\",\"props\":{\"content\":\"\",\"icon\":\"cog\",\"image\":\"\",\"link\":\"#\",\"title\":\"Participaci\\u00f3 dels recursos del territori\"}}]}]}]},{\"type\":\"row\",\"children\":[{\"type\":\"column\",\"props\":{\"image_position\":\"center-center\",\"media_overlay_gradient\":\"\",\"position_sticky_breakpoint\":\"m\"},\"children\":[{\"type\":\"button\",\"props\":{\"grid_column_gap\":\"small\",\"grid_row_gap\":\"small\",\"margin\":\"default\",\"text_align\":\"center\"},\"children\":[{\"type\":\"button_item\",\"props\":{\"button_style\":\"secondary\",\"content\":\"Veure el d\\u00edptic\",\"icon\":\"file-text\",\"icon_align\":\"left\",\"link\":\"wp-content\\\/uploads\\\/Diptic-Impulsa-NOU-2023_Difu-1.pdf\"}}]}]}]}]},{\"name\":\"GR\\u00c1FICO\",\"type\":\"section\",\"props\":{\"css\":\"@media (min-width:1011px){\\n    .el-section .subtitle{\\n        min-height:87px;\\n    }\\n}\\n\\n@media (min-width:959px) and (max-width:1010px){\\n    .el-section .subtitle{\\n        min-height:116px;\\n    }\\n}\",\"id\":\"intro\",\"image\":\"\",\"image_effect\":\"parallax\",\"image_parallax_bgy\":\"300,450\",\"image_parallax_easing\":\"1\",\"image_position\":\"bottom-right\",\"image_width\":\"700\",\"padding\":\"small\",\"padding_remove_top\":false,\"style\":\"default\",\"title_breakpoint\":\"xl\",\"title_position\":\"top-left\",\"title_rotation\":\"left\",\"vertical_align\":\"middle\",\"width\":\"small\"},\"children\":[{\"name\":\"\",\"type\":\"row\",\"props\":{\"margin_remove_bottom\":true,\"width\":\"default\"},\"children\":[{\"name\":\"\",\"type\":\"column\",\"props\":{\"image_position\":\"center-center\",\"media_overlay_gradient\":\"\",\"position_sticky_breakpoint\":\"m\",\"width_medium\":\"1-1\"},\"children\":[{\"name\":\"\",\"type\":\"headline\",\"props\":{\"block_align\":\"center\",\"content\":\"<strong>Com ho fem?<\\\/strong>\",\"margin\":\"medium\",\"margin_remove_top\":false,\"text_align\":\"center\",\"text_align_breakpoint\":\"s\",\"title_element\":\"div\",\"title_style\":\"h1\"}},{\"type\":\"text\",\"props\":{\"block_align\":\"center\",\"block_align_breakpoint\":\"s\",\"block_align_fallback\":\"center\",\"column_breakpoint\":\"m\",\"content\":\"\n\n<div class=\\\"traductor-textarea form-group\\\">\\n\n\n<div class=\\\"textarea-desti col-xs-12 col-sm-6\\\">\\n\n\n<div class=\\\"form-control second-textarea\\\">Amb l'objectiu d'empoderar a la persona per a aconseguir la seva inserci\\u00f3 laboral i la plena autonomia, <strong>desenvolupem intervencions en tres nivells<\\\/strong>:<\\\/div>\\n<\\\/div>\\n<\\\/div>\",\"margin\":\"default\",\"text_align\":\"center\",\"text_align_breakpoint\":\"s\",\"text_align_fallback\":\"left\",\"text_style\":\"lead\"}}]}]},{\"type\":\"row\",\"children\":[{\"type\":\"column\",\"props\":{\"image_position\":\"center-center\",\"media_overlay_gradient\":\"\",\"position_sticky_breakpoint\":\"m\"},\"children\":[{\"type\":\"image\",\"props\":{\"image\":\"wp-content\\\/uploads\\\/GRAFIC_01-03.svg\",\"image_svg_color\":\"emphasis\",\"image_width\":\"550\",\"margin\":\"default\",\"text_align\":\"center\"}}]}]},{\"type\":\"row\",\"children\":[{\"type\":\"column\",\"props\":{\"image_position\":\"center-center\",\"media_overlay_gradient\":\"\",\"position_sticky_breakpoint\":\"m\"},\"children\":[{\"type\":\"button\",\"props\":{\"grid_column_gap\":\"small\",\"grid_row_gap\":\"small\",\"margin\":\"default\",\"text_align\":\"center\"},\"children\":[{\"type\":\"button_item\",\"props\":{\"button_style\":\"default\",\"content\":\"Encara t'ho penses? Impulsa\\u2019t!\",\"icon_align\":\"left\",\"link\":\"#formulari\"}}]}]}]}]},{\"type\":\"section\",\"props\":{\"image\":\"wp-content\\\/uploads\\\/Untitled-design-4.jpg\",\"image_position\":\"center-center\",\"image_size\":\"cover\",\"padding\":\"xlarge\",\"status\":\"disabled\",\"style\":\"default\",\"title_breakpoint\":\"xl\",\"title_position\":\"top-left\",\"title_rotation\":\"left\",\"vertical_align\":\"middle\",\"width\":\"default\"},\"children\":[{\"type\":\"row\",\"props\":{\"margin\":\"default\",\"margin_remove_bottom\":false},\"children\":[{\"type\":\"column\",\"props\":{\"image_position\":\"center-center\",\"media_overlay_gradient\":\"\",\"position_sticky_breakpoint\":\"m\",\"text_color\":\"light\",\"vertical_align\":\"middle\",\"width_medium\":\"1-1\"},\"children\":[{\"type\":\"headline\",\"props\":{\"content\":\"<span style=\\\"color: #000000;\\\">Hist\\u00f2ries que donen sentit a la nostra feina<\\\/span>\",\"margin_remove_bottom\":true,\"margin_remove_top\":false,\"text_align\":\"center\",\"title_element\":\"h3\",\"title_style\":\"h1\"}},{\"type\":\"text\",\"props\":{\"column_breakpoint\":\"m\",\"content\":\"\",\"margin\":\"small\",\"margin_remove_bottom\":true,\"text_align\":\"center\"}}]}]}],\"name\":\"Una historia de vida\"},{\"type\":\"section\",\"props\":{\"class\":\"\",\"image\":\"wp-content\\\/uploads\\\/greenMuttedImg.jpg\",\"image_parallax_bgy\":\"130,130\",\"image_position\":\"top-center\",\"image_size\":\"cover\",\"padding\":\"xlarge\",\"status\":\"disabled\",\"style\":\"default\",\"title_breakpoint\":\"xl\",\"title_position\":\"top-left\",\"title_rotation\":\"left\",\"vertical_align\":\"middle\",\"width\":\"default\"},\"children\":[{\"type\":\"row\",\"props\":{\"column_gap\":\"large\",\"layout\":\"1-2,1-2\",\"match\":false,\"row_gap\":\"large\"},\"children\":[{\"type\":\"column\",\"props\":{\"image_position\":\"center-center\",\"media_overlay_gradient\":\"\",\"position_sticky_breakpoint\":\"m\",\"vertical_align\":\"middle\",\"width_medium\":\"1-2\"},\"children\":[{\"type\":\"image\",\"props\":{\"image\":\"wp-content\\\/uploads\\\/WEB_-450-x-600-Testimonial-vertical-1.jpg\",\"image_svg_color\":\"emphasis\",\"margin\":\"default\"}}]},{\"type\":\"column\",\"props\":{\"css\":\".el-column{\\n\\tmargin-top:50px;\\n}\",\"image_position\":\"center-center\",\"media_overlay_gradient\":\"\",\"position_sticky_breakpoint\":\"m\",\"vertical_align\":\"middle\",\"width_medium\":\"1-2\"},\"children\":[{\"name\":\"\",\"type\":\"headline\",\"props\":{\"content\":\"La hist\\u00f2ria del canvi vital de\",\"margin\":\"small\",\"maxwidth\":\"large\",\"text_align\":\"left\",\"title_element\":\"div\",\"title_style\":\"h2\"}},{\"type\":\"text\",\"props\":{\"column_breakpoint\":\"m\",\"content\":\"\n\n<p><strong>L'Almudena es trobava fora del mercat de treball, sense ingressos estables, amb problemes d'habitatge i amb deutes<\\\/strong> que exercien una pressi\\u00f3 contra la qual era dif\\u00edcil lluitar. Fugia de l'experi\\u00e8ncia laboral de molts anys en d'una oficina com a administrativa, comptable i comercial, cansada de negocis familiars als quals havia dedicat molt m\\u00e9s que una jornada laboral; negocis que mai havien acabat de funcionar i que li donaven mals de cap tots els dies.<\\\/p>\\n\n\n<p><strong>Despr\\u00e9s de 17 anys de vida laboral havia pres consci\\u00e8ncia del rumb que no volia per la seva vida<\\\/strong> per\\u00f2 buscava respostes per tornar a comen\\u00e7ar. L'Impulsa era testimoni d'una inquietud professional i motivaci\\u00f3 per emprendre un canvi vital.<\\\/p>\\n\n\n<p><strong>Almudena ha estat un exemple de progr\\u00e9s i canvi vital.<\\\/strong> S'ha format en diverses t\\u00e8cniques, ha creat la seva marca personal, ha treballat les seves xarxes socials, s'ha fet propaganda mitjan\\u00e7ant el llan\\u00e7ament d'ofertes que ha dissenyat en tr\\u00edptics i ha llogat una cabina de un centre d'est\\u00e8tica. Ha muntat un servei de tractaments facials mitjan\\u00e7ant t\\u00e8cniques mil\\u00b7len\\u00e0ries de depilaci\\u00f3 amb fil, massatge relaxant japon\\u00e8s seguint la t\\u00e8cnica Kobido i \\u00e9s representant a Catalunya de cosm\\u00e8tics frescos, naturals i 100% ecol\\u00f2gics.<\\\/p>\\n\n\n<p>Almudena, 42 anys<\\\/p>\",\"margin\":\"default\"}}]}]}],\"name\":\"2 columnes (foto+text)\"},{\"type\":\"section\",\"props\":{\"image_position\":\"center-center\",\"status\":\"disabled\",\"style\":\"default\",\"title_breakpoint\":\"xl\",\"title_position\":\"top-left\",\"title_rotation\":\"left\",\"vertical_align\":\"middle\",\"video\":\"https:\\\/\\\/www.youtube.com\\\/watch?v=x1dPblYyUcc\",\"width\":\"default\"},\"children\":[{\"type\":\"row\",\"children\":[{\"type\":\"column\",\"props\":{\"image_position\":\"center-center\",\"media_overlay_gradient\":\"\",\"position_sticky_breakpoint\":\"m\",\"width_medium\":\"1-1\"},\"children\":[{\"type\":\"overlay\",\"props\":{\"class\":\"hoverEffect\",\"content\":\"\n\n<div class=\\\"playVideo\\\" uk-lightbox=\\\"\\\"><a class=\\\"videoPlay\\\" href=\\\"https:\\\/\\\/www.youtube.com\\\/watch?v=LDPuqziCRRo\\\">\n\n<style>.cls-1{fill:#262626;}.cls-2{isolation:isolate;}.cls-3{fill:#fff;}<\\\/style><\\\/a><\\\/div>\",\"css\":\".el-image{\\n\\tborder-radius:8px;\\n}\\n\",\"hover_image\":\"\",\"image\":\"wp-content\\\/uploads\\\/Testimonials-horitzontals-500-x-925-13.jpg\",\"image_alt\":\"Frame v\\u00eddeo youtubers Click\",\"image_box_shadow\":\"large\",\"link\":\"https:\\\/\\\/www.youtube.com\\\/watch?v=x1dPblYyUcc\",\"link_style\":\"default\",\"link_target\":true,\"link_text\":\"V\\u00cdDEO\",\"margin\":\"default\",\"meta_align\":\"below-title\",\"meta_element\":\"div\",\"meta_style\":\"text-meta\",\"overlay_hover\":false,\"overlay_mode\":\"cover\",\"overlay_position\":\"center\",\"overlay_style\":\"\",\"overlay_transition\":\"fade\",\"text_align\":\"center\",\"text_color\":\"light\",\"title\":\"Taller de youtubers: \\\"Qui som\\\" \",\"title_element\":\"h3\",\"title_hover_style\":\"reset\"},\"name\":\"Video\"}]}]}],\"name\":\"Video\"},{\"type\":\"section\",\"props\":{\"class\":\"purpleMuted\",\"image_position\":\"center-center\",\"padding\":\"large\",\"status\":\"\",\"style\":\"default\",\"title_breakpoint\":\"xl\",\"title_position\":\"top-left\",\"title_rotation\":\"left\",\"vertical_align\":\"middle\",\"width\":\"default\"},\"children\":[{\"type\":\"row\",\"children\":[{\"type\":\"column\",\"props\":{\"image_position\":\"center-center\",\"media_overlay_gradient\":\"\",\"position_sticky_breakpoint\":\"m\",\"width_medium\":\"1-1\"},\"children\":[{\"type\":\"headline\",\"props\":{\"content\":\"<strong><span style=\\\"color: #000000;\\\">Hist\\u00f2ries que donen sentit a la nostra feina<\\\/span><\\\/strong>\",\"margin_remove_bottom\":true,\"margin_remove_top\":false,\"text_align\":\"center\",\"title_element\":\"h3\",\"title_style\":\"h1\"}},{\"type\":\"switcher\",\"props\":{\"id\":\"switcherLeftPanel\",\"image_align\":\"right\",\"image_border\":\"rounded\",\"image_box_shadow\":\"large\",\"image_breakpoint\":\"m\",\"image_grid_width\":\"auto\",\"image_gutter\":\"collapse\",\"image_svg_color\":\"emphasis\",\"image_vertical_align\":true,\"link_style\":\"default\",\"link_text\":\"Read more\",\"margin\":\"default\",\"maxwidth_align\":\"\",\"meta_align\":\"above-title\",\"meta_style\":\"meta\",\"show_content\":true,\"show_image\":true,\"show_label\":true,\"show_link\":true,\"show_meta\":true,\"show_thumbnail\":true,\"show_title\":true,\"switcher_align\":\"left\",\"switcher_animation\":\"fade\",\"switcher_breakpoint\":\"m\",\"switcher_grid_width\":\"auto\",\"switcher_gutter\":\"\",\"switcher_height\":true,\"switcher_margin\":\"\",\"switcher_position\":\"bottom\",\"switcher_style\":\"thumbnav\",\"switcher_thumbnail_height\":\"8\",\"switcher_thumbnail_nowrap\":false,\"switcher_thumbnail_svg_color\":\"primary\",\"switcher_thumbnail_svg_inline\":true,\"switcher_thumbnail_width\":\"8\",\"title_align\":\"top\",\"title_breakpoint\":\"m\",\"title_element\":\"h3\",\"title_grid_width\":\"1-2\",\"title_gutter\":\"\",\"title_margin\":\"small\"},\"children\":[{\"type\":\"switcher_item\",\"props\":{\"content\":\"\n\n<p>Marta Pedret, t\\u00e8cnica de l'Impulsa<\\\/p>\",\"image\":\"wp-content\\\/uploads\\\/Foto-Marta-Pedret-copia-1.jpg\",\"meta\":\"Testimonial\",\"thumbnail\":\"wp-content\\\/uploads\\\/switch-dot-active.svg\",\"title\":\"\\\"Impulsa \\u00e9s acompanyar amb energia per pensar-se, retrobar-se i buscar el moment vital per fer el salt\\\"\"}},{\"type\":\"switcher_item\",\"props\":{\"content\":\"\n\n<p>Dolores Peir\\u00f3<\\\/p>\",\"image\":\"wp-content\\\/uploads\\\/Testimoni_Impulsa_01.jpg\",\"meta\":\"Testimoni\",\"thumbnail\":\"wp-content\\\/uploads\\\/switch-dot-active.svg\",\"title\":\"\\\"Participar en l'Impulsa m'ajuda a establir confian\\u00e7a amb mi mateixa en l'\\u00e0mbit personal i professional\\\"\"}},{\"type\":\"switcher_item\",\"props\":{\"content\":\"\n\n<p>Iryna Savenok<\\\/p>\",\"image\":\"wp-content\\\/uploads\\\/Testimoni_Impulsa_02.jpg\",\"meta\":\"Testimoni\",\"thumbnail\":\"wp-content\\\/uploads\\\/switch-dot-active.svg\",\"title\":\"\\\"El projecte Impulsa m\\u2019ha ajudat a encaminar la meva vida professional i m\\u2019aporta estabilitat emocional i seguretat en mi mateixa\\\"\"}}],\"name\":\"Switcher Testimonial\"}]}]}],\"name\":\"Historias de vida\"},{\"type\":\"section\",\"props\":{\"class\":\"\",\"image_position\":\"center-center\",\"padding\":\"small\",\"status\":\"disabled\",\"style\":\"default\",\"title_breakpoint\":\"xl\",\"title_position\":\"top-left\",\"title_rotation\":\"left\",\"vertical_align\":\"middle\",\"width\":\"default\"},\"children\":[{\"type\":\"row\",\"children\":[{\"type\":\"column\",\"props\":{\"image_position\":\"center-center\",\"media_overlay_gradient\":\"\",\"position_sticky_breakpoint\":\"m\",\"width_medium\":\"1-1\"},\"children\":[{\"type\":\"headline\",\"props\":{\"content\":\"L'actualitat de l'Impulsa\",\"text_align\":\"center\",\"title_element\":\"h2\"}},{\"type\":\"html\",\"props\":{\"content\":\"[searchandfilter id=\\\"16054\\\" show=\\\"results\\\"]\"}}]}]}],\"name\":\"NOTIS\"},{\"type\":\"section\",\"props\":{\"image_position\":\"center-center\",\"status\":\"disabled\",\"style\":\"default\",\"title_breakpoint\":\"xl\",\"title_position\":\"top-left\",\"title_rotation\":\"left\",\"vertical_align\":\"middle\",\"width\":\"default\"},\"children\":[{\"type\":\"row\",\"children\":[{\"type\":\"column\",\"props\":{\"image_position\":\"center-center\",\"media_overlay_gradient\":\"\",\"position_sticky_breakpoint\":\"m\",\"width_medium\":\"1-1\"},\"children\":[{\"type\":\"headline\",\"props\":{\"content\":\"\\u00a1Sigue su actividad a tiempo real!\",\"margin\":\"medium\",\"text_align\":\"center\",\"title_element\":\"h2\"}},{\"type\":\"social\",\"props\":{\"grid\":\"horizontal\",\"grid_gap\":\"large\",\"link_style\":\"button\",\"link_target\":true,\"margin\":\"default\",\"text_align\":\"center\"},\"children\":[{\"type\":\"social_item\",\"props\":{\"link\":\"https:\\\/\\\/www.instagram.com\\\/projecteclick\\\/?hl=es\"}},{\"type\":\"social_item\",\"props\":{\"link\":\"https:\\\/\\\/www.youtube.com\\\/channel\\\/UCvsjVyXlDcqQ31kZ-G9aG4A\"}}]}]}]}],\"name\":\"Seguir en redes\"},{\"type\":\"section\",\"props\":{\"class\":\"\",\"id\":\"formulari\",\"image_position\":\"center-center\",\"style\":\"muted\",\"title_breakpoint\":\"xl\",\"title_position\":\"top-left\",\"title_rotation\":\"left\",\"vertical_align\":\"middle\",\"width\":\"default\"},\"children\":[{\"type\":\"row\",\"props\":{\"class\":\"\",\"layout\":\"large,expand\"},\"children\":[{\"type\":\"column\",\"props\":{\"css\":\".el-column{\\ndisplay: inline-block;\\nposition: relative;\\n}\",\"image_position\":\"center-center\",\"media_overlay_gradient\":\"\",\"position_sticky_breakpoint\":\"m\",\"width_medium\":\"large\"},\"children\":[{\"type\":\"headline\",\"props\":{\"content\":\"Vols contactar amb l'Impulsa?\",\"maxwidth\":\"medium\",\"title_element\":\"div\",\"title_style\":\"h1\"}},{\"type\":\"button\",\"props\":{\"grid_column_gap\":\"small\",\"grid_row_gap\":\"small\",\"margin\":\"default\"},\"children\":[{\"type\":\"button_item\",\"props\":{\"button_style\":\"default\",\"content\":\"impulsa@fundacioires.org\",\"icon\":\"mail\",\"icon_align\":\"left\",\"link\":\"mailto:impulsa@fundacioires.org\"}},{\"type\":\"button_item\",\"props\":{\"button_style\":\"default\",\"content\":\"645 715 533\",\"icon\":\"receiver\",\"icon_align\":\"left\",\"link\":\"tel:645715533\"}},{\"type\":\"button_item\",\"props\":{\"button_style\":\"default\",\"content\":\"605 510 968\",\"icon\":\"receiver\",\"icon_align\":\"left\",\"link\":\"tel:605510968\"}}]},{\"type\":\"text\",\"props\":{\"column_breakpoint\":\"m\",\"content\":\"\n\n<p><strong>Centre C\\u00edvic Nord<br \\\/><\\\/strong>Passatge Lledoner, 6<br \\\/>08401, Granollers<\\\/p>\\n\n\n<p><\\\/p>\",\"margin\":\"default\",\"text_style\":\"large\"}}]},{\"type\":\"column\",\"props\":{\"css\":\".el-column{\\n\\tmargin-top:5px;\\n}\",\"image_position\":\"center-center\",\"media_overlay_gradient\":\"\",\"position_sticky_breakpoint\":\"m\",\"width_medium\":\"expand\"},\"children\":[{\"type\":\"text\",\"props\":{\"column_breakpoint\":\"m\",\"content\":\"\n\n<p>Prefereixes que contactem amb tu? Deixa'ns les teves dades.<\\\/p>\",\"margin\":\"medium\",\"text_color\":\"emphasis\",\"text_style\":\"large\"}},{\"type\":\"html\",\"props\":{\"class\":\"\",\"content\":\"[contact-form-7 id=\\\"3961\\\" title=\\\"Formulario Contacto Empresas CAT\\\"] \\n<script>\\ndocument.getElementById('recipient').value = 'derivacioimpulsa@fundacioires.org';\\n<\\\/script>\",\"css\":\".el-element{\\n\\tmargin-bottom:20px;\\n}\"},\"name\":\"Formulari projecte CAT\"}]}]}],\"name\":\"Formulari\"}],\"version\":\"3.0.31\",\"yooessentialsVersion\":\"1.9.6\"} --><\/p>\n","protected":false},"excerpt":{"rendered":"<p>Impulsa Un servei dirigit a les persones que es troben en una situaci\u00f3 de vulnerabilitat i que busquen un impuls per a reorientar la seva situaci\u00f3 vital actual, especialment en l&#8217;\u00e0mbit sociolaboral. [chevron-down] Qu\u00e8 fem? Acompanyem a persones en situaci\u00f3 de dificultat econ\u00f2mica, social i laboral per a reorientar el moment vital en el qual [&hellip;]<\/p>\n","protected":false},"author":7,"featured_media":0,"parent":15645,"menu_order":0,"comment_status":"closed","ping_status":"closed","template":"","meta":{"footnotes":""},"proyectos":[],"class_list":["post-16487","page","type-page","status-publish","hentry"],"yoast_head":"<!-- This site is optimized with the Yoast SEO plugin v27.4 - https:\/\/yoast.com\/product\/yoast-seo-wordpress\/ -->\n<title>Impulsa - Fundaci\u00f3 IRES<\/title>\n<meta name=\"robots\" content=\"index, follow, max-snippet:-1, max-image-preview:large, max-video-preview:-1\" \/>\n<link rel=\"canonical\" href=\"https:\/\/www.fundacioires.org\/que-hacemos\/ecosistema-de-proyectos\/proyecto-impulsa\/\" \/>\n<meta property=\"og:locale\" content=\"ca_ES\" \/>\n<meta property=\"og:type\" content=\"article\" \/>\n<meta property=\"og:title\" content=\"Impulsa - Fundaci\u00f3 IRES\" \/>\n<meta property=\"og:description\" content=\"Impulsa Un servei dirigit a les persones que es troben en una situaci\u00f3 de vulnerabilitat i que busquen un impuls per a reorientar la seva situaci\u00f3 vital actual, especialment en l&#8217;\u00e0mbit sociolaboral. [chevron-down] Qu\u00e8 fem? Acompanyem a persones en situaci\u00f3 de dificultat econ\u00f2mica, social i laboral per a reorientar el moment vital en el qual [&hellip;]\" \/>\n<meta property=\"og:url\" content=\"https:\/\/www.fundacioires.org\/que-hacemos\/ecosistema-de-proyectos\/proyecto-impulsa\/\" \/>\n<meta property=\"og:site_name\" content=\"Fundaci\u00f3 IRES\" \/>\n<meta property=\"article:modified_time\" content=\"2024-04-19T14:14:21+00:00\" \/>\n<meta name=\"twitter:card\" content=\"summary_large_image\" \/>\n<meta name=\"twitter:label1\" content=\"Est. reading time\" \/>\n\t<meta name=\"twitter:data1\" content=\"1 minute\" \/>\n<script type=\"application\/ld+json\" class=\"yoast-schema-graph\">{\"@context\":\"https:\\\/\\\/schema.org\",\"@graph\":[{\"@type\":\"WebPage\",\"@id\":\"https:\\\/\\\/www.fundacioires.org\\\/que-hacemos\\\/ecosistema-de-proyectos\\\/proyecto-impulsa\\\/\",\"url\":\"https:\\\/\\\/www.fundacioires.org\\\/que-hacemos\\\/ecosistema-de-proyectos\\\/proyecto-impulsa\\\/\",\"name\":\"Impulsa - Fundaci\u00f3 IRES\",\"isPartOf\":{\"@id\":\"https:\\\/\\\/www.fundacioires.org\\\/#website\"},\"datePublished\":\"2019-08-05T09:21:12+00:00\",\"dateModified\":\"2024-04-19T14:14:21+00:00\",\"breadcrumb\":{\"@id\":\"https:\\\/\\\/www.fundacioires.org\\\/que-hacemos\\\/ecosistema-de-proyectos\\\/proyecto-impulsa\\\/#breadcrumb\"},\"inLanguage\":\"ca-ES\",\"potentialAction\":[{\"@type\":\"ReadAction\",\"target\":[\"https:\\\/\\\/www.fundacioires.org\\\/que-hacemos\\\/ecosistema-de-proyectos\\\/proyecto-impulsa\\\/\"]}]},{\"@type\":\"BreadcrumbList\",\"@id\":\"https:\\\/\\\/www.fundacioires.org\\\/que-hacemos\\\/ecosistema-de-proyectos\\\/proyecto-impulsa\\\/#breadcrumb\",\"itemListElement\":[{\"@type\":\"ListItem\",\"position\":1,\"name\":\"Portada\",\"item\":\"https:\\\/\\\/www.fundacioires.org\\\/\"},{\"@type\":\"ListItem\",\"position\":2,\"name\":\"Qu\u00e8 fem\",\"item\":\"https:\\\/\\\/www.fundacioires.org\\\/ca\\\/que-fem\\\/\"},{\"@type\":\"ListItem\",\"position\":3,\"name\":\"Ecosistema de projectes\",\"item\":\"https:\\\/\\\/www.fundacioires.org\\\/que-hacemos\\\/ecosistema-de-proyectos\\\/\"},{\"@type\":\"ListItem\",\"position\":4,\"name\":\"Impulsa\"}]},{\"@type\":\"WebSite\",\"@id\":\"https:\\\/\\\/www.fundacioires.org\\\/#website\",\"url\":\"https:\\\/\\\/www.fundacioires.org\\\/\",\"name\":\"Fundaci\u00f3 IRES\",\"description\":\"\",\"publisher\":{\"@id\":\"https:\\\/\\\/www.fundacioires.org\\\/#organization\"},\"potentialAction\":[{\"@type\":\"SearchAction\",\"target\":{\"@type\":\"EntryPoint\",\"urlTemplate\":\"https:\\\/\\\/www.fundacioires.org\\\/?s={search_term_string}\"},\"query-input\":{\"@type\":\"PropertyValueSpecification\",\"valueRequired\":true,\"valueName\":\"search_term_string\"}}],\"inLanguage\":\"ca-ES\"},{\"@type\":\"Organization\",\"@id\":\"https:\\\/\\\/www.fundacioires.org\\\/#organization\",\"name\":\"Fundanci\u00f3n IRES\",\"url\":\"https:\\\/\\\/www.fundacioires.org\\\/\",\"logo\":{\"@type\":\"ImageObject\",\"inLanguage\":\"ca-ES\",\"@id\":\"https:\\\/\\\/www.fundacioires.org\\\/#\\\/schema\\\/logo\\\/image\\\/\",\"url\":\"https:\\\/\\\/i0.wp.com\\\/www.fundacioires.org\\\/wp-content\\\/uploads\\\/faviconIRES.png?fit=32%2C32&ssl=1\",\"contentUrl\":\"https:\\\/\\\/i0.wp.com\\\/www.fundacioires.org\\\/wp-content\\\/uploads\\\/faviconIRES.png?fit=32%2C32&ssl=1\",\"width\":32,\"height\":32,\"caption\":\"Fundanci\u00f3n IRES\"},\"image\":{\"@id\":\"https:\\\/\\\/www.fundacioires.org\\\/#\\\/schema\\\/logo\\\/image\\\/\"}}]}<\/script>\n<!-- \/ Yoast SEO plugin. -->","yoast_head_json":{"title":"Impulsa - Fundaci\u00f3 IRES","robots":{"index":"index","follow":"follow","max-snippet":"max-snippet:-1","max-image-preview":"max-image-preview:large","max-video-preview":"max-video-preview:-1"},"canonical":"https:\/\/www.fundacioires.org\/que-hacemos\/ecosistema-de-proyectos\/proyecto-impulsa\/","og_locale":"ca_ES","og_type":"article","og_title":"Impulsa - Fundaci\u00f3 IRES","og_description":"Impulsa Un servei dirigit a les persones que es troben en una situaci\u00f3 de vulnerabilitat i que busquen un impuls per a reorientar la seva situaci\u00f3 vital actual, especialment en l&#8217;\u00e0mbit sociolaboral. [chevron-down] Qu\u00e8 fem? Acompanyem a persones en situaci\u00f3 de dificultat econ\u00f2mica, social i laboral per a reorientar el moment vital en el qual [&hellip;]","og_url":"https:\/\/www.fundacioires.org\/que-hacemos\/ecosistema-de-proyectos\/proyecto-impulsa\/","og_site_name":"Fundaci\u00f3 IRES","article_modified_time":"2024-04-19T14:14:21+00:00","twitter_card":"summary_large_image","twitter_misc":{"Est. reading time":"1 minute"},"schema":{"@context":"https:\/\/schema.org","@graph":[{"@type":"WebPage","@id":"https:\/\/www.fundacioires.org\/que-hacemos\/ecosistema-de-proyectos\/proyecto-impulsa\/","url":"https:\/\/www.fundacioires.org\/que-hacemos\/ecosistema-de-proyectos\/proyecto-impulsa\/","name":"Impulsa - Fundaci\u00f3 IRES","isPartOf":{"@id":"https:\/\/www.fundacioires.org\/#website"},"datePublished":"2019-08-05T09:21:12+00:00","dateModified":"2024-04-19T14:14:21+00:00","breadcrumb":{"@id":"https:\/\/www.fundacioires.org\/que-hacemos\/ecosistema-de-proyectos\/proyecto-impulsa\/#breadcrumb"},"inLanguage":"ca-ES","potentialAction":[{"@type":"ReadAction","target":["https:\/\/www.fundacioires.org\/que-hacemos\/ecosistema-de-proyectos\/proyecto-impulsa\/"]}]},{"@type":"BreadcrumbList","@id":"https:\/\/www.fundacioires.org\/que-hacemos\/ecosistema-de-proyectos\/proyecto-impulsa\/#breadcrumb","itemListElement":[{"@type":"ListItem","position":1,"name":"Portada","item":"https:\/\/www.fundacioires.org\/"},{"@type":"ListItem","position":2,"name":"Qu\u00e8 fem","item":"https:\/\/www.fundacioires.org\/ca\/que-fem\/"},{"@type":"ListItem","position":3,"name":"Ecosistema de projectes","item":"https:\/\/www.fundacioires.org\/que-hacemos\/ecosistema-de-proyectos\/"},{"@type":"ListItem","position":4,"name":"Impulsa"}]},{"@type":"WebSite","@id":"https:\/\/www.fundacioires.org\/#website","url":"https:\/\/www.fundacioires.org\/","name":"Fundaci\u00f3 IRES","description":"","publisher":{"@id":"https:\/\/www.fundacioires.org\/#organization"},"potentialAction":[{"@type":"SearchAction","target":{"@type":"EntryPoint","urlTemplate":"https:\/\/www.fundacioires.org\/?s={search_term_string}"},"query-input":{"@type":"PropertyValueSpecification","valueRequired":true,"valueName":"search_term_string"}}],"inLanguage":"ca-ES"},{"@type":"Organization","@id":"https:\/\/www.fundacioires.org\/#organization","name":"Fundanci\u00f3n IRES","url":"https:\/\/www.fundacioires.org\/","logo":{"@type":"ImageObject","inLanguage":"ca-ES","@id":"https:\/\/www.fundacioires.org\/#\/schema\/logo\/image\/","url":"https:\/\/i0.wp.com\/www.fundacioires.org\/wp-content\/uploads\/faviconIRES.png?fit=32%2C32&ssl=1","contentUrl":"https:\/\/i0.wp.com\/www.fundacioires.org\/wp-content\/uploads\/faviconIRES.png?fit=32%2C32&ssl=1","width":32,"height":32,"caption":"Fundanci\u00f3n IRES"},"image":{"@id":"https:\/\/www.fundacioires.org\/#\/schema\/logo\/image\/"}}]}},"jetpack_sharing_enabled":true,"_links":{"self":[{"href":"https:\/\/www.fundacioires.org\/ca\/wp-json\/wp\/v2\/pages\/16487","targetHints":{"allow":["GET"]}}],"collection":[{"href":"https:\/\/www.fundacioires.org\/ca\/wp-json\/wp\/v2\/pages"}],"about":[{"href":"https:\/\/www.fundacioires.org\/ca\/wp-json\/wp\/v2\/types\/page"}],"author":[{"embeddable":true,"href":"https:\/\/www.fundacioires.org\/ca\/wp-json\/wp\/v2\/users\/7"}],"replies":[{"embeddable":true,"href":"https:\/\/www.fundacioires.org\/ca\/wp-json\/wp\/v2\/comments?post=16487"}],"version-history":[{"count":5,"href":"https:\/\/www.fundacioires.org\/ca\/wp-json\/wp\/v2\/pages\/16487\/revisions"}],"predecessor-version":[{"id":59511,"href":"https:\/\/www.fundacioires.org\/ca\/wp-json\/wp\/v2\/pages\/16487\/revisions\/59511"}],"up":[{"embeddable":true,"href":"https:\/\/www.fundacioires.org\/ca\/wp-json\/wp\/v2\/pages\/15645"}],"wp:attachment":[{"href":"https:\/\/www.fundacioires.org\/ca\/wp-json\/wp\/v2\/media?parent=16487"}],"wp:term":[{"taxonomy":"proyectos","embeddable":true,"href":"https:\/\/www.fundacioires.org\/ca\/wp-json\/wp\/v2\/proyectos?post=16487"}],"curies":[{"name":"wp","href":"https:\/\/api.w.org\/{rel}","templated":true}]}}