{"id":2300,"date":"2019-04-17T17:26:40","date_gmt":"2019-04-17T15:26:40","guid":{"rendered":"https:\/\/fundacioires.org\/?page_id=2300"},"modified":"2019-04-17T19:48:46","modified_gmt":"2019-04-17T17:48:46","slug":"qui-som","status":"publish","type":"page","link":"https:\/\/www.fundacioires.org\/ca\/qui-som\/","title":{"rendered":"Qui som"},"content":{"rendered":"<div>\n<p>    <img decoding=\"async\" src=\"wp-content\/uploads\/quiene-somos-hero-bg.jpg\" alt=\"\"><\/p>\n<h3>La Fundaci\u00f3n<\/h3>\n<\/div>\n<div>La familia es lo primero<\/div>\n<div>\n<p>\u00bfQu\u00e9 har\u00edas por la familia? Ser\u00edas capaz de cambiar el mundo si fuera necesario. En IRES compartimos esta determinaci\u00f3n. Somos un grupo de profesionales que trabajamos para cambiar la situaci\u00f3n de familias en riesgo de vulnerabilidad. Y esto empieza cambiando el significado de \u00e9sta, para que sea, m\u00e1s que una debilidad, una oportunidad de cambio vital.<\/p>\n<\/div>\n<p><img decoding=\"async\" src=\"wp-content\/uploads\/quienes_somos_1.svg\" alt=\"\"><\/p>\n<div>\u00bfPorqu\u00e9?<\/div>\n<div>Compromiso profesional, y compromiso personal<\/div>\n<div>\n<p>Somos Fundaci\u00f3n, somos un equipo de profesionales, pero por encima de todo somos un grupo de personas, con todo lo que esto significa para nosotros. Compartir conocimientos, y ayudar y dar soporte integral a personas y familias en riesgo de exclusi\u00f3n es para nosotros una gran responsabilidad y un compromiso no s\u00f3lo profesional, tambi\u00e9n personal.<\/p>\n<\/div>\n<p><img decoding=\"async\" src=\"wp-content\/uploads\/quienes_somos_2.svg\" alt=\"\"><\/p>\n<div>\u00bfC\u00f3mo?<\/div>\n<div>Atendiendo personas, atendemos familias<\/div>\n<div>\n<p>El entorno familiar determina el desarrollo de la persona y condiciona sus oportunidades de integraci\u00f3n. Comprender y conocer su contexto familiar es b\u00e1sico para la intervenci\u00f3n que realizamos. Al intervenir con alg\u00fan miembro de la unidad familiar se genera un impacto positivo dentro de la misma y en su entorno m\u00e1s cercano. Por eso, al hablar de atender personas hablamos, inevitablemente, de atender familias.<\/p>\n<\/div>\n<p><img decoding=\"async\" src=\"wp-content\/uploads\/quienes_somos_3.svg\" alt=\"\"><\/p>\n<div>\u00bfPorqu\u00e9?<\/div>\n<div>Un ecosistema dise\u00f1ado para la atenci\u00f3n integral a las familias <\/div>\n<div>\n<p>Nuestro m\u00e9todo de trabajo se centra en cubrir dos \u00e1reas b\u00e1sicas en la dimensi\u00f3n familiar: el acceso a los recursos, tanto personales, educativos y econ\u00f3micos; y el fortalecimiento de los v\u00ednculos, que pasa por promover relaciones de car\u00e1cter familiar, social y\/o comunitaria, que generen crecimiento y seguridad. Esta doble perspectiva nos ayuda a promover su autonom\u00eda personal, mejorando as\u00ed la calidad de vida.<\/p>\n<\/div>\n<h2>Los valores que nos definen:<\/h2>\n<ul>\n<li>\n<p>        <img decoding=\"async\" src=\"wp-content\/uploads\/white-square-bg.svg\" alt=\"\"><\/p>\n<h3>EMPAT\u00cdA<\/h3>\n<\/li>\n<li>\n<p>        <img decoding=\"async\" src=\"wp-content\/uploads\/white-square-bg.svg\" alt=\"\"><\/p>\n<h3>PROFESIONALIDAD<\/h3>\n<\/li>\n<li>\n<p>        <img decoding=\"async\" src=\"wp-content\/uploads\/white-square-bg.svg\" alt=\"\"><\/p>\n<h3>OPTIMISMO<\/h3>\n<\/li>\n<li>\n<p>        <img decoding=\"async\" src=\"wp-content\/uploads\/white-square-bg.svg\" alt=\"\"><\/p>\n<h3>INNOVACI\u00d3N<\/h3>\n<\/li>\n<\/ul>\n<div>\n<p>        <img decoding=\"async\" src=\"wp-content\/uploads\/quienes_somos_que_queremos.jpg\" alt=\"\"><\/p>\n<h3>Qu\u00e9 queremos:<\/h3>\n<div>\n<ul class=\"uk-list uk-list-bullet uk-list-large\">\n<li>Prevenir situaciones de vulnerabilidad<\/li>\n<li>Mejorar el presente y futuro de las familias en situaci\u00f3n de vulnerabilidad<\/li>\n<li>Intervenir cuando se detecten situaciones familiares y personales de riesgo<\/li>\n<li>Impulsar cambios en las familias y personas, promoviendo sus potencialidades, su autonom\u00eda.<\/li>\n<\/ul>\n<\/div>\n<\/div>\n<div>\n<p>        <img decoding=\"async\" src=\"wp-content\/uploads\/quienes_somos_cada_familia.jpg\" alt=\"\"><\/p>\n<h3>Cada familia, una realidad<\/h3>\n<div>\n<p>Familias con hijo\/as, sin hijo\/as, familias monoparentales, familias homoparentales, familias numerosas\u2026<\/p>\n<p>Familia es todo aquel n\u00facleo de convivencia formado por figuras referentes que las une una relaci\u00f3n de afecto, ayuda y pertenencia. La realidad de los lazos familiares no se limita a la consanguinidad, ni al patrimonio, ni al hecho de vivir en el mismo domicilio. La realidad familiar surge del sentimiento de pertenencia y de identidad colectiva de cada familia. Por eso no hablamos de \u2018familia\u2019 sino de \u2018familias\u2019. Y por eso no hay una f\u00f3rmula \u00fanica de trabajo sino tantas como tipos de familias existen.<\/p>\n<\/div>\n<\/div>\n<hr>\n<h2>Metodolog\u00eda IRES<\/h2>\n<div>\n<p>En la Fundaci\u00f3n IRES hemos desarrollado una metodolog\u00eda de trabajo que nos permite atender de forma integral a las familias en situaci\u00f3n de vulnerabilidad, ya sea en el \u00e1mbito personal y\/o social, aumentando su capacidad de disponer de v\u00ednculos y\/o recursos.<\/p>\n<p>Esta metodolog\u00eda consiste en un ecosistema de programas sociales que ofrece una atenci\u00f3n integral a las familias, actuando sobre todos sus miembros, individual o colectivamente a trav\u00e9s de los diferentes programas que est\u00e1n vinculados a territorios definidos. El ecosistema proporciona as\u00ed una respuesta personalizada y m\u00e1s eficaz a las necesidades de cada familia. <\/p>\n<\/div>\n<hr>\n<h2>Trabajo en red y trabajo colaborativo<\/h2>\n<h4>Un trabajo en red que suma<\/h4>\n<div>\n<p>En un mundo globalizado e interconectado, el trabajo en red es imprescindible parar mejorar la atenci\u00f3n y aumentar la incidencia en el tercer sector social y en el territorio donde se act\u00faa, siempre con un objetivo com\u00fan: generar incidencia social y pol\u00edtica para la transformaci\u00f3n que la sociedad necesita.<\/p>\n<p>Por ello, formamos parte de organismos de \u00e1mbito europeo, espa\u00f1ol, catal\u00e1n y balear.<\/p>\n<\/div>\n<ul>\n<li>\n<h3>Alianzas<\/h3>\n<div>Vivamus sagittis lacus vel augue laoreet rutrum faucibus dolor auctor. Duis mollis, est non commodo luctus, nisi erat porttitor ligula, eget lacinia odio sem nec elit. Cum sociis natoque penatibus et magnis dis parturient montes, nascetur ridiculus mus. Cras mattis consectetur purus sit amet fermentum. Donec sed odio dui.<\/div>\n<\/li>\n<li>\n<h3>Plataformas y mesas <\/h3>\n<div>Vivamus sagittis lacus vel augue laoreet rutrum faucibus dolor auctor. Duis mollis, est non commodo luctus, nisi erat porttitor ligula, eget lacinia odio sem nec elit. Cum sociis natoque penatibus et magnis dis parturient montes, nascetur ridiculus mus. Cras mattis consectetur purus sit amet fermentum. Donec sed odio dui.<\/div>\n<\/li>\n<li>\n<h3>Instituciones educativa <\/h3>\n<div>Vivamus sagittis lacus vel augue laoreet rutrum faucibus dolor auctor. Duis mollis, est non commodo luctus, nisi erat porttitor ligula, eget lacinia odio sem nec elit. Cum sociis natoque penatibus et magnis dis parturient montes, nascetur ridiculus mus. Cras mattis consectetur purus sit amet fermentum. Donec sed odio dui.<\/div>\n<\/li>\n<\/ul>\n<h4>Crecemos con el trabajo colaborativo<\/h4>\n<div>\n<p>Adem\u00e1s de las estructuras federativas y participativas, IRES tambi\u00e9n ha generado formas de colaboraci\u00f3n con valor social con otras organizaciones, tales como:<\/p>\n<\/div>\n<ul>\n<li>\n<div>Fundaci\u00f3n Intermedia. Entidad patrona fundadora junto con Fundaci\u00f3n SURT y SUARA Cooperativa.<\/div>\n<\/li>\n<li>\n<div>Uni\u00f3n Temporal de Empresas (UTE). SUARA Cooperativa y Fundaci\u00f3n IReS. Programas formativos de violencias y Programas formativos por delitos de tr\u00e1fico.<\/div>\n<\/li>\n<li>\n<div>Prevensi, Uni\u00f3n Temporal de Empresas (UTE). INTRESS, Instituto de Psicolog\u00eda Forense y Fundaci\u00f3n IRES.<\/div>\n<\/li>\n<\/ul>\n<p><!-- {\"name\":\"QUIENES SOMOS - Castell\\u00e0\",\"type\":\"layout\",\"children\":[{\"name\":\"Hero\",\"type\":\"section\",\"props\":{\"style\":\"default\",\"width\":\"\",\"vertical_align\":\"middle\",\"title_position\":\"top-left\",\"title_rotation\":\"left\",\"title_breakpoint\":\"xl\",\"image_position\":\"center-center\",\"height\":\"\",\"padding\":\"none\",\"header_transparent\":\"\",\"animation\":\"\",\"image\":\"\",\"text_color\":\"light\",\"image_size\":\"cover\",\"image_effect\":\"\",\"image_visibility\":\"\",\"media_blend_mode\":\"\",\"image_width\":\"2560\",\"width_expand\":\"\",\"id\":\"hero\"},\"children\":[{\"type\":\"row\",\"props\":{\"layout\":\"1-1\",\"breakpoint\":\"m\",\"fixed_width\":\"large\",\"gutter\":\"\",\"width\":\"\",\"width_expand\":\"\",\"height\":\"\",\"margin\":\"\"},\"children\":[{\"type\":\"column\",\"props\":{\"widths\":[\"1-1\"],\"image_position\":\"center-center\",\"media_overlay_gradient\":\"\",\"vertical_align\":\"\",\"style\":\"\",\"text_color\":\"\",\"padding\":\"\"},\"children\":[{\"type\":\"slideshow\",\"props\":{\"show_title\":true,\"show_meta\":true,\"show_content\":true,\"show_link\":true,\"show_thumbnail\":true,\"slideshow_min_height\":\"300\",\"slideshow_autoplay_pause\":true,\"nav\":\"dotnav\",\"nav_position\":\"bottom-center\",\"nav_position_margin\":\"medium\",\"nav_align\":\"center\",\"nav_breakpoint\":\"s\",\"thumbnav_width\":\"100\",\"thumbnav_height\":\"75\",\"thumbnav_svg_color\":\"emphasis\",\"slidenav\":\"default\",\"slidenav_margin\":\"medium\",\"slidenav_breakpoint\":\"s\",\"slidenav_outside_breakpoint\":\"xl\",\"overlay_position\":\"top-left\",\"overlay_animation\":\"parallax\",\"title_element\":\"h3\",\"meta_style\":\"meta\",\"meta_align\":\"below-title\",\"link_text\":\"Read more\",\"link_style\":\"default\",\"margin\":\"default\",\"slideshow_height\":\"\",\"text_color\":\"\",\"slideshow_box_shadow\":\"\",\"slideshow_box_decoration\":\"\",\"slideshow_animation\":\"\",\"slideshow_kenburns\":\"\",\"nav_margin\":\"\",\"nav_color\":\"\",\"slidenav_outside_color\":\"\",\"overlay_container\":\"default\",\"overlay_container_padding\":\"large\",\"overlay_margin\":\"\",\"overlay_style\":\"\",\"overlay_padding\":\"\",\"overlay_width\":\"\",\"title_style\":\"heading-primary\",\"title_decoration\":\"\",\"title_color\":\"\",\"title_margin\":\"\",\"meta_color\":\"\",\"meta_margin\":\"\",\"content_style\":\"lead\",\"content_margin\":\"\",\"link_size\":\"\",\"link_margin\":\"\",\"text_align\":\"\",\"text_align_breakpoint\":\"\",\"text_align_fallback\":\"\",\"maxwidth\":\"\",\"maxwidth_align\":\"\",\"maxwidth_breakpoint\":\"\",\"animation\":\"\",\"visibility\":\"\",\"slidenav_large\":false,\"slideshow_max_height\":\"600\"},\"children\":[{\"type\":\"slideshow_item\",\"props\":{\"text_color\":\"light\",\"image\":\"wp-content\\\/uploads\\\/quiene-somos-hero-bg.jpg\",\"title\":\"La Fundaci\\u00f3n\",\"meta\":\"\",\"link\":\"\",\"link_text\":\"Saber m\\u00e1s\",\"content\":\"\"}}]}]}]}]},{\"name\":\"Under slide\",\"type\":\"section\",\"props\":{\"style\":\"default\",\"width\":\"default\",\"vertical_align\":\"middle\",\"title_position\":\"top-left\",\"title_rotation\":\"left\",\"title_breakpoint\":\"xl\",\"image_position\":\"bottom-right\",\"height\":\"percent\",\"padding\":\"large\",\"header_transparent\":\"\",\"animation\":\"\",\"image\":\"\",\"text_color\":\"\",\"image_size\":\"\",\"image_effect\":\"parallax\",\"image_visibility\":\"\",\"media_blend_mode\":\"\",\"image_parallax_breakpoint\":\"\",\"image_parallax_bgy_start\":\"300\",\"image_parallax_bgy_end\":\"450\",\"image_width\":\"700\",\"width_expand\":\"\",\"css\":\"@media (min-width:1011px){\\n    .el-section .subtitle{\\n        min-height:87px;\\n    }\\n}\\n\\n@media (min-width:959px) and (max-width:1010px){\\n    .el-section .subtitle{\\n        min-height:116px;\\n    }\\n}\"},\"children\":[{\"name\":\"\",\"type\":\"row\",\"props\":{\"fixed_width\":\"large\",\"breakpoint\":\"m\",\"layout\":\"1-1\",\"gutter\":\"\",\"width\":\"default\",\"margin\":\"\",\"margin_remove_bottom\":true,\"width_expand\":\"\",\"height\":\"\"},\"children\":[{\"name\":\"\",\"type\":\"column\",\"props\":{\"widths\":[\"1-1\"],\"image_position\":\"center-center\",\"media_overlay_gradient\":\"\",\"vertical_align\":\"\",\"style\":\"\",\"text_color\":\"\",\"padding\":\"\"},\"children\":[{\"name\":\"\",\"type\":\"headline\",\"props\":{\"title_element\":\"div\",\"title_style\":\"h1\",\"title_decoration\":\"\",\"title_color\":\"\",\"text_align\":\"center\",\"text_align_breakpoint\":\"\",\"text_align_fallback\":\"\",\"maxwidth\":\"\",\"maxwidth_align\":\"center\",\"maxwidth_breakpoint\":\"\",\"margin\":\"medium\",\"animation\":\"\",\"visibility\":\"\",\"content\":\"La familia es lo primero\"}},{\"type\":\"text\",\"props\":{\"margin\":\"default\",\"column_breakpoint\":\"m\",\"text_style\":\"lead\",\"text_color\":\"\",\"text_size\":\"large\",\"column\":\"\",\"text_align\":\"center\",\"text_align_breakpoint\":\"\",\"text_align_fallback\":\"\",\"maxwidth\":\"xxlarge\",\"maxwidth_align\":\"center\",\"maxwidth_breakpoint\":\"\",\"animation\":\"\",\"visibility\":\"\",\"content\":\"\n\n<p>\\u00bfQu\\u00e9 har\\u00edas por la familia? Ser\\u00edas capaz de cambiar el mundo si fuera necesario. En IRES compartimos esta determinaci\\u00f3n. Somos un grupo de profesionales que trabajamos para cambiar la situaci\\u00f3n de familias en riesgo de vulnerabilidad. Y esto empieza cambiando el significado de \\u00e9sta, para que sea, m\\u00e1s que una debilidad, una oportunidad de cambio vital.<\\\/p>\"}}]}]},{\"type\":\"row\",\"props\":{\"layout\":\",,\",\"breakpoint\":\"m\",\"fixed_width\":\"large\",\"gutter\":\"\",\"width\":\"default\",\"width_expand\":\"\",\"height\":\"\",\"margin\":\"\"},\"children\":[{\"type\":\"column\",\"props\":{\"widths\":[\"\"],\"image_position\":\"center-center\",\"media_overlay_gradient\":\"\",\"vertical_align\":\"\",\"style\":\"\",\"text_color\":\"\",\"padding\":\"\"},\"children\":[{\"type\":\"image\",\"props\":{\"margin\":\"default\",\"image_svg_color\":\"emphasis\",\"link_target\":\"\",\"image_border\":\"\",\"image_box_shadow\":\"\",\"image_hover_box_shadow\":\"\",\"image_box_decoration\":\"\",\"text_align\":\"center\",\"text_align_breakpoint\":\"\",\"text_align_fallback\":\"\",\"maxwidth\":\"\",\"maxwidth_align\":\"\",\"maxwidth_breakpoint\":\"\",\"animation\":\"\",\"visibility\":\"\",\"image\":\"wp-content\\\/uploads\\\/quienes_somos_1.svg\"}},{\"type\":\"headline\",\"props\":{\"title_element\":\"div\",\"title_style\":\"h1\",\"title_decoration\":\"\",\"title_color\":\"primary\",\"text_align\":\"center\",\"text_align_breakpoint\":\"\",\"text_align_fallback\":\"\",\"maxwidth\":\"\",\"maxwidth_align\":\"\",\"maxwidth_breakpoint\":\"\",\"margin\":\"\",\"animation\":\"\",\"visibility\":\"\",\"content\":\"\\u00bfPorqu\\u00e9?\"}},{\"type\":\"headline\",\"props\":{\"title_element\":\"div\",\"title_style\":\"h3\",\"title_decoration\":\"\",\"title_color\":\"\",\"text_align\":\"center\",\"text_align_breakpoint\":\"\",\"text_align_fallback\":\"\",\"maxwidth\":\"medium\",\"maxwidth_align\":\"center\",\"maxwidth_breakpoint\":\"\",\"margin\":\"\",\"animation\":\"\",\"visibility\":\"\",\"content\":\"Compromiso profesional, y compromiso personal\",\"class\":\"subtitle\"}},{\"type\":\"text\",\"props\":{\"margin\":\"medium\",\"column_breakpoint\":\"m\",\"text_style\":\"\",\"text_color\":\"\",\"text_size\":\"small\",\"column\":\"\",\"text_align\":\"\",\"text_align_breakpoint\":\"\",\"text_align_fallback\":\"\",\"maxwidth\":\"medium\",\"maxwidth_align\":\"center\",\"maxwidth_breakpoint\":\"\",\"animation\":\"\",\"visibility\":\"\",\"content\":\"\n\n<p>Somos Fundaci\\u00f3n, somos un equipo de profesionales, pero por encima de todo somos un grupo de personas, con todo lo que esto significa para nosotros. Compartir conocimientos, y ayudar y dar soporte integral a personas y familias en riesgo de exclusi\\u00f3n es para nosotros una gran responsabilidad y un compromiso no s\\u00f3lo profesional, tambi\\u00e9n personal.<\\\/p>\"}}]},{\"type\":\"column\",\"props\":{\"widths\":[\"\"],\"image_position\":\"center-center\",\"media_overlay_gradient\":\"\",\"vertical_align\":\"\",\"style\":\"\",\"text_color\":\"\",\"padding\":\"\"},\"children\":[{\"type\":\"image\",\"props\":{\"margin\":\"default\",\"image_svg_color\":\"emphasis\",\"link_target\":\"\",\"image_border\":\"\",\"image_box_shadow\":\"\",\"image_hover_box_shadow\":\"\",\"image_box_decoration\":\"\",\"text_align\":\"center\",\"text_align_breakpoint\":\"\",\"text_align_fallback\":\"\",\"maxwidth\":\"\",\"maxwidth_align\":\"\",\"maxwidth_breakpoint\":\"\",\"animation\":\"\",\"visibility\":\"\",\"image\":\"wp-content\\\/uploads\\\/quienes_somos_2.svg\"}},{\"type\":\"headline\",\"props\":{\"title_element\":\"div\",\"title_style\":\"h1\",\"title_decoration\":\"\",\"title_color\":\"danger\",\"text_align\":\"center\",\"text_align_breakpoint\":\"\",\"text_align_fallback\":\"\",\"maxwidth\":\"\",\"maxwidth_align\":\"\",\"maxwidth_breakpoint\":\"\",\"margin\":\"\",\"animation\":\"\",\"visibility\":\"\",\"content\":\"\\u00bfC\\u00f3mo?\"}},{\"type\":\"headline\",\"props\":{\"title_element\":\"div\",\"title_style\":\"h3\",\"title_decoration\":\"\",\"title_color\":\"\",\"text_align\":\"center\",\"text_align_breakpoint\":\"\",\"text_align_fallback\":\"\",\"maxwidth\":\"medium\",\"maxwidth_align\":\"center\",\"maxwidth_breakpoint\":\"\",\"margin\":\"\",\"animation\":\"\",\"visibility\":\"\",\"content\":\"Atendiendo personas, atendemos familias\",\"class\":\"subtitle\"}},{\"type\":\"text\",\"props\":{\"margin\":\"medium\",\"column_breakpoint\":\"m\",\"text_style\":\"\",\"text_color\":\"\",\"text_size\":\"small\",\"column\":\"\",\"text_align\":\"\",\"text_align_breakpoint\":\"\",\"text_align_fallback\":\"\",\"maxwidth\":\"medium\",\"maxwidth_align\":\"center\",\"maxwidth_breakpoint\":\"\",\"animation\":\"\",\"visibility\":\"\",\"content\":\"\n\n<p>El entorno familiar determina el desarrollo de la persona y condiciona sus oportunidades de integraci\\u00f3n. Comprender y conocer su contexto familiar es b\\u00e1sico para la intervenci\\u00f3n que realizamos. Al intervenir con alg\\u00fan miembro de la unidad familiar se genera un impacto positivo dentro de la misma y en su entorno m\\u00e1s cercano. Por eso, al hablar de atender personas hablamos, inevitablemente, de atender familias.<\\\/p>\\n\"}}]},{\"type\":\"column\",\"props\":{\"widths\":[\"\"],\"image_position\":\"center-center\",\"media_overlay_gradient\":\"\",\"vertical_align\":\"\",\"style\":\"\",\"text_color\":\"\",\"padding\":\"\"},\"children\":[{\"type\":\"image\",\"props\":{\"margin\":\"default\",\"image_svg_color\":\"emphasis\",\"link_target\":\"\",\"image_border\":\"\",\"image_box_shadow\":\"\",\"image_hover_box_shadow\":\"\",\"image_box_decoration\":\"\",\"text_align\":\"center\",\"text_align_breakpoint\":\"\",\"text_align_fallback\":\"\",\"maxwidth\":\"\",\"maxwidth_align\":\"\",\"maxwidth_breakpoint\":\"\",\"animation\":\"\",\"visibility\":\"\",\"image\":\"wp-content\\\/uploads\\\/quienes_somos_3.svg\"}},{\"type\":\"headline\",\"props\":{\"title_element\":\"div\",\"title_style\":\"h1\",\"title_decoration\":\"\",\"title_color\":\"\",\"text_align\":\"center\",\"text_align_breakpoint\":\"\",\"text_align_fallback\":\"\",\"maxwidth\":\"\",\"maxwidth_align\":\"\",\"maxwidth_breakpoint\":\"\",\"margin\":\"\",\"animation\":\"\",\"visibility\":\"\",\"content\":\"\\u00bfPorqu\\u00e9?\",\"class\":\"uk-text-secondary\"}},{\"type\":\"headline\",\"props\":{\"title_element\":\"div\",\"title_style\":\"h3\",\"title_decoration\":\"\",\"title_color\":\"\",\"text_align\":\"center\",\"text_align_breakpoint\":\"\",\"text_align_fallback\":\"\",\"maxwidth\":\"medium\",\"maxwidth_align\":\"center\",\"maxwidth_breakpoint\":\"\",\"margin\":\"\",\"animation\":\"\",\"visibility\":\"\",\"content\":\"Un ecosistema dise\\u00f1ado para la atenci\\u00f3n integral a las familias \",\"class\":\"subtitle\"}},{\"type\":\"text\",\"props\":{\"margin\":\"medium\",\"column_breakpoint\":\"m\",\"text_style\":\"\",\"text_color\":\"\",\"text_size\":\"small\",\"column\":\"\",\"text_align\":\"\",\"text_align_breakpoint\":\"\",\"text_align_fallback\":\"\",\"maxwidth\":\"medium\",\"maxwidth_align\":\"center\",\"maxwidth_breakpoint\":\"\",\"animation\":\"\",\"visibility\":\"\",\"content\":\"\n\n<p>Nuestro m\\u00e9todo de trabajo se centra en cubrir dos \\u00e1reas b\\u00e1sicas en la dimensi\\u00f3n familiar: el acceso a los recursos, tanto personales, educativos y econ\\u00f3micos; y el fortalecimiento de los v\\u00ednculos, que pasa por promover relaciones de car\\u00e1cter familiar, social y\\\/o comunitaria, que generen crecimiento y seguridad. Esta doble perspectiva nos ayuda a promover su autonom\\u00eda personal, mejorando as\\u00ed la calidad de vida.<\\\/p>\\n\"}}]}]}]},{\"type\":\"section\",\"props\":{\"style\":\"default\",\"width\":\"default\",\"vertical_align\":\"middle\",\"title_position\":\"top-left\",\"title_rotation\":\"left\",\"title_breakpoint\":\"xl\",\"image_position\":\"center-center\",\"text_color\":\"\",\"width_expand\":\"\",\"height\":\"\",\"padding\":\"\",\"header_transparent\":\"\",\"animation\":\"\"},\"children\":[{\"type\":\"row\",\"props\":{\"layout\":\"1-1\",\"breakpoint\":\"m\",\"fixed_width\":\"large\",\"gutter\":\"\",\"width\":\"\",\"width_expand\":\"\",\"height\":\"\",\"margin\":\"\"},\"children\":[{\"type\":\"column\",\"props\":{\"widths\":[\"1-1\"],\"image_position\":\"center-center\",\"media_overlay_gradient\":\"\",\"vertical_align\":\"\",\"style\":\"\",\"text_color\":\"\",\"padding\":\"\"},\"children\":[{\"type\":\"headline\",\"props\":{\"title_element\":\"h2\",\"title_style\":\"\",\"title_decoration\":\"\",\"title_color\":\"\",\"text_align\":\"center\",\"text_align_breakpoint\":\"\",\"text_align_fallback\":\"\",\"maxwidth\":\"\",\"maxwidth_align\":\"\",\"maxwidth_breakpoint\":\"\",\"margin\":\"\",\"animation\":\"\",\"visibility\":\"\",\"content\":\"Los valores que nos definen:\"}}]}]},{\"type\":\"row\",\"props\":{\"layout\":\"1-1\",\"breakpoint\":\"m\",\"fixed_width\":\"large\",\"gutter\":\"\",\"width\":\"\",\"width_expand\":\"\",\"height\":\"\",\"margin\":\"large\"},\"children\":[{\"type\":\"column\",\"props\":{\"widths\":[\"1-1\"],\"image_position\":\"center-center\",\"media_overlay_gradient\":\"\",\"vertical_align\":\"middle\",\"style\":\"\",\"text_color\":\"\",\"padding\":\"none\",\"image\":\"wp-content\\\/uploads\\\/quienes-somos-valores-line-bg.svg\"},\"children\":[{\"type\":\"gallery\",\"props\":{\"show_title\":true,\"show_meta\":true,\"show_content\":true,\"show_link\":true,\"show_hover_image\":true,\"grid_default\":\"2\",\"grid_medium\":\"4\",\"filter_style\":\"tab\",\"filter_all\":true,\"filter_position\":\"top\",\"filter_align\":\"left\",\"filter_grid_width\":\"auto\",\"filter_breakpoint\":\"m\",\"overlay_mode\":\"cover\",\"overlay_hover\":false,\"overlay_style\":\"overlay-default\",\"text_color\":\"light\",\"overlay_position\":\"center\",\"overlay_transition\":\"fade\",\"title_element\":\"h3\",\"meta_style\":\"meta\",\"meta_align\":\"below-title\",\"text_align\":\"center\",\"margin\":\"default\",\"item_animation\":\"\",\"gutter\":\"small\",\"grid_small\":\"4\",\"grid_large\":\"\",\"grid_xlarge\":\"\",\"filter_margin\":\"\",\"filter_gutter\":\"\",\"title_display\":\"\",\"content_display\":\"\",\"item_maxwidth\":\"\",\"overlay_padding\":\"none\",\"overlay_margin\":\"\",\"overlay_maxwidth\":\"\",\"image_transition\":\"\",\"image_box_shadow\":\"\",\"image_hover_box_shadow\":\"\",\"image_box_decoration\":\"\",\"title_transition\":\"\",\"title_style\":\"h4\",\"title_decoration\":\"\",\"title_color\":\"\",\"title_margin\":\"\",\"meta_transition\":\"\",\"meta_color\":\"\",\"meta_margin\":\"\",\"content_transition\":\"\",\"content_style\":\"\",\"content_margin\":\"\",\"text_align_breakpoint\":\"\",\"text_align_fallback\":\"\",\"maxwidth\":\"\",\"maxwidth_align\":\"\",\"maxwidth_breakpoint\":\"\",\"visibility\":\"\",\"image_width\":\"228\",\"image_height\":\"228\",\"css\":\".el-item{\\n\\tborder-radius: 50%;\\n}\\n.el-element > div > div:first-child .el-item > div{\\n\\tbackground-color:#583888;\\n}\\n.el-element > div > div:nth-child(2) .el-item > div{\\n\\tbackground-color:#1CAB8B;\\n}\\n.el-element > div > div:nth-child(3) .el-item > div{\\n\\tbackground-color:#F44144;\\n}\\n.el-element > div > div:nth-child(4) .el-item > div{\\n\\tbackground-color:#262626;\\n}\\n@media (max-width:892px){\\n    .el-title{\\n        font-size:14px;\\n    }\\n}\",\"link_type\":\"element\",\"link_text\":\"Read more\",\"link_style\":\"default\"},\"children\":[{\"type\":\"gallery_item\",\"props\":{\"text_color\":\"\",\"title\":\"EMPAT\\u00cdA\",\"image\":\"wp-content\\\/uploads\\\/white-square-bg.svg\"}},{\"type\":\"gallery_item\",\"props\":{\"text_color\":\"\",\"title\":\"PROFESIONALIDAD\",\"image\":\"wp-content\\\/uploads\\\/white-square-bg.svg\"}},{\"type\":\"gallery_item\",\"props\":{\"text_color\":\"\",\"title\":\"OPTIMISMO\",\"image\":\"wp-content\\\/uploads\\\/white-square-bg.svg\"}},{\"type\":\"gallery_item\",\"props\":{\"text_color\":\"\",\"title\":\"INNOVACI\\u00d3N\",\"image\":\"wp-content\\\/uploads\\\/white-square-bg.svg\"}}]}]}]},{\"type\":\"row\",\"props\":{\"layout\":\"1-1\",\"breakpoint\":\"m\",\"fixed_width\":\"large\",\"gutter\":\"\",\"width\":\"\",\"width_expand\":\"\",\"height\":\"\",\"margin\":\"xlarge\"},\"children\":[{\"type\":\"column\",\"props\":{\"widths\":[\"1-1\"],\"image_position\":\"center-center\",\"media_overlay_gradient\":\"\",\"vertical_align\":\"\",\"style\":\"\",\"text_color\":\"\",\"padding\":\"\"},\"children\":[{\"type\":\"panel\",\"props\":{\"link_text\":\"Read more\",\"title_element\":\"h3\",\"meta_style\":\"meta\",\"meta_align\":\"below-title\",\"icon_ratio\":4,\"image_align\":\"right\",\"image_grid_width\":\"1-2\",\"image_breakpoint\":\"m\",\"image_svg_color\":\"emphasis\",\"link_style\":\"default\",\"margin\":\"default\",\"panel_style\":\"card-default\",\"panel_size\":\"large\",\"title_style\":\"h3\",\"title_decoration\":\"\",\"title_color\":\"\",\"title_margin\":\"\",\"meta_color\":\"\",\"meta_margin\":\"\",\"content_style\":\"\",\"content_margin\":\"\",\"image_border\":\"\",\"image_box_shadow\":\"\",\"image_hover_box_shadow\":\"\",\"image_box_decoration\":\"\",\"icon_color\":\"\",\"image_gutter\":\"\",\"image_margin\":\"\",\"link_size\":\"\",\"link_margin\":\"\",\"text_align\":\"\",\"text_align_breakpoint\":\"\",\"text_align_fallback\":\"\",\"maxwidth\":\"\",\"maxwidth_align\":\"\",\"maxwidth_breakpoint\":\"\",\"animation\":\"\",\"visibility\":\"\",\"image\":\"wp-content\\\/uploads\\\/quienes_somos_que_queremos.jpg\",\"title\":\"Qu\\u00e9 queremos:\",\"content\":\"\n\n<ul class=\\\"uk-list uk-list-bullet uk-list-large\\\">\\n\n\n<li>Prevenir situaciones de vulnerabilidad<\\\/li>\\n\n\n<li>Mejorar el presente y futuro de las familias en situaci\\u00f3n de vulnerabilidad<\\\/li>\\n\n\n<li>Intervenir cuando se detecten situaciones familiares y personales de riesgo<\\\/li>\\n\n\n<li>Impulsar cambios en las familias y personas, promoviendo sus potencialidades, su autonom\\u00eda.<\\\/li>\\n<\\\/ul>\",\"panel_card_image\":true,\"title_align\":\"top\",\"title_grid_width\":\"1-2\",\"title_breakpoint\":\"m\"}}]}]},{\"type\":\"row\",\"props\":{\"layout\":\"1-1\",\"breakpoint\":\"m\",\"fixed_width\":\"large\",\"gutter\":\"\",\"width\":\"\",\"width_expand\":\"\",\"height\":\"\",\"margin\":\"\"},\"children\":[{\"type\":\"column\",\"props\":{\"widths\":[\"1-1\"],\"image_position\":\"center-center\",\"media_overlay_gradient\":\"\",\"vertical_align\":\"\",\"style\":\"\",\"text_color\":\"\",\"padding\":\"\"},\"children\":[{\"type\":\"panel\",\"props\":{\"link_text\":\"Read more\",\"title_element\":\"h3\",\"meta_style\":\"meta\",\"meta_align\":\"below-title\",\"icon_ratio\":4,\"image_align\":\"left\",\"image_grid_width\":\"1-2\",\"image_breakpoint\":\"m\",\"image_svg_color\":\"emphasis\",\"link_style\":\"default\",\"margin\":\"default\",\"panel_style\":\"card-default\",\"panel_size\":\"large\",\"title_style\":\"h3\",\"title_decoration\":\"\",\"title_color\":\"\",\"title_margin\":\"\",\"meta_color\":\"\",\"meta_margin\":\"\",\"content_style\":\"\",\"content_margin\":\"\",\"image_border\":\"\",\"image_box_shadow\":\"\",\"image_hover_box_shadow\":\"\",\"image_box_decoration\":\"\",\"icon_color\":\"\",\"image_gutter\":\"\",\"image_margin\":\"\",\"link_size\":\"\",\"link_margin\":\"\",\"text_align\":\"\",\"text_align_breakpoint\":\"\",\"text_align_fallback\":\"\",\"maxwidth\":\"\",\"maxwidth_align\":\"\",\"maxwidth_breakpoint\":\"\",\"animation\":\"\",\"visibility\":\"\",\"image\":\"wp-content\\\/uploads\\\/quienes_somos_cada_familia.jpg\",\"title\":\"Cada familia, una realidad\",\"content\":\"\n\n<p>Familias con hijo\\\/as, sin hijo\\\/as, familias monoparentales, familias homoparentales, familias numerosas\\u2026<\\\/p>\\n\n\n<p>Familia es todo aquel n\\u00facleo de convivencia formado por figuras referentes que las une una relaci\\u00f3n de afecto, ayuda y pertenencia. La realidad de los lazos familiares no se limita a la consanguinidad, ni al patrimonio, ni al hecho de vivir en el mismo domicilio. La realidad familiar surge del sentimiento de pertenencia y de identidad colectiva de cada familia. Por eso no hablamos de \\u2018familia\\u2019 sino de \\u2018familias\\u2019. Y por eso no hay una f\\u00f3rmula \\u00fanica de trabajo sino tantas como tipos de familias existen.<\\\/p>\",\"panel_card_image\":true,\"title_align\":\"top\",\"title_grid_width\":\"1-2\",\"title_breakpoint\":\"m\"}}]}]}]},{\"type\":\"section\",\"props\":{\"style\":\"default\",\"width\":\"default\",\"vertical_align\":\"middle\",\"title_position\":\"top-left\",\"title_rotation\":\"left\",\"title_breakpoint\":\"xl\",\"image_position\":\"center-center\",\"text_color\":\"\",\"width_expand\":\"\",\"height\":\"\",\"padding\":\"\",\"header_transparent\":\"\",\"animation\":\"\"},\"children\":[{\"type\":\"row\",\"props\":{\"layout\":\"1-1\",\"breakpoint\":\"m\",\"fixed_width\":\"large\",\"gutter\":\"\",\"width\":\"\",\"width_expand\":\"\",\"height\":\"\",\"margin\":\"\"},\"children\":[{\"type\":\"column\",\"props\":{\"widths\":[\"1-1\"],\"image_position\":\"center-center\",\"media_overlay_gradient\":\"\",\"vertical_align\":\"\",\"style\":\"\",\"text_color\":\"\",\"padding\":\"\"},\"children\":[{\"type\":\"divider\",\"props\":{\"divider_element\":\"hr\",\"divider_style\":\"\",\"divider_align\":\"\",\"divider_align_breakpoint\":\"\",\"divider_align_fallback\":\"\",\"maxwidth\":\"\",\"maxwidth_align\":\"\",\"maxwidth_breakpoint\":\"\",\"margin\":\"\",\"animation\":\"\",\"visibility\":\"\"}}]}]},{\"type\":\"row\",\"props\":{\"layout\":\",2-3\",\"breakpoint\":\"m\",\"fixed_width\":\"large\",\"gutter\":\"\",\"width\":\"\",\"width_expand\":\"\",\"height\":\"\",\"margin\":\"\"},\"children\":[{\"type\":\"column\",\"props\":{\"widths\":[\"\"],\"image_position\":\"center-center\",\"media_overlay_gradient\":\"\",\"vertical_align\":\"\",\"style\":\"\",\"text_color\":\"\",\"padding\":\"\"},\"children\":[{\"type\":\"headline\",\"props\":{\"title_element\":\"h2\",\"title_style\":\"\",\"title_decoration\":\"\",\"title_color\":\"\",\"text_align\":\"\",\"text_align_breakpoint\":\"\",\"text_align_fallback\":\"\",\"maxwidth\":\"\",\"maxwidth_align\":\"\",\"maxwidth_breakpoint\":\"\",\"margin\":\"\",\"animation\":\"\",\"visibility\":\"\",\"content\":\"Metodolog\\u00eda IRES\"}}]},{\"type\":\"column\",\"props\":{\"widths\":[\"2-3\"],\"image_position\":\"center-center\",\"media_overlay_gradient\":\"\",\"vertical_align\":\"\",\"style\":\"\",\"text_color\":\"\",\"padding\":\"\",\"css\":\".el-column{\\n\\tmargin-top:5px;\\n}\"},\"children\":[{\"type\":\"text\",\"props\":{\"margin\":\"default\",\"column_breakpoint\":\"m\",\"text_style\":\"\",\"text_color\":\"\",\"text_size\":\"large\",\"column\":\"\",\"text_align\":\"\",\"text_align_breakpoint\":\"\",\"text_align_fallback\":\"\",\"maxwidth\":\"\",\"maxwidth_align\":\"\",\"maxwidth_breakpoint\":\"\",\"animation\":\"\",\"visibility\":\"\",\"content\":\"\n\n<p>En la Fundaci\\u00f3n IRES hemos desarrollado una metodolog\\u00eda de trabajo que nos permite atender de forma integral a las familias en situaci\\u00f3n de vulnerabilidad, ya sea en el \\u00e1mbito personal y\\\/o social, aumentando su capacidad de disponer de v\\u00ednculos y\\\/o recursos.<\\\/p>\\n\n\n<p>Esta metodolog\\u00eda consiste en un ecosistema de programas sociales que ofrece una atenci\\u00f3n integral a las familias, actuando sobre todos sus miembros, individual o colectivamente a trav\\u00e9s de los diferentes programas que est\\u00e1n vinculados a territorios definidos. El ecosistema proporciona as\\u00ed una respuesta personalizada y m\\u00e1s eficaz a las necesidades de cada familia. <\\\/p>\"}}]}]},{\"type\":\"row\",\"props\":{\"layout\":\"1-1\",\"breakpoint\":\"m\",\"fixed_width\":\"large\",\"gutter\":\"\",\"width\":\"\",\"width_expand\":\"\",\"height\":\"\",\"margin\":\"\"},\"children\":[{\"type\":\"column\",\"props\":{\"widths\":[\"1-1\"],\"image_position\":\"center-center\",\"media_overlay_gradient\":\"\",\"vertical_align\":\"\",\"style\":\"\",\"text_color\":\"\",\"padding\":\"\"},\"children\":[{\"type\":\"divider\",\"props\":{\"divider_element\":\"hr\",\"divider_style\":\"\",\"divider_align\":\"\",\"divider_align_breakpoint\":\"\",\"divider_align_fallback\":\"\",\"maxwidth\":\"\",\"maxwidth_align\":\"\",\"maxwidth_breakpoint\":\"\",\"margin\":\"\",\"animation\":\"\",\"visibility\":\"\"}}]}]},{\"type\":\"row\",\"props\":{\"layout\":\",2-3\",\"breakpoint\":\"m\",\"fixed_width\":\"large\",\"gutter\":\"\",\"width\":\"\",\"width_expand\":\"\",\"height\":\"\",\"margin\":\"\"},\"children\":[{\"type\":\"column\",\"props\":{\"widths\":[\"\"],\"image_position\":\"center-center\",\"media_overlay_gradient\":\"\",\"vertical_align\":\"\",\"style\":\"\",\"text_color\":\"\",\"padding\":\"\"},\"children\":[{\"type\":\"headline\",\"props\":{\"title_element\":\"h2\",\"title_style\":\"\",\"title_decoration\":\"\",\"title_color\":\"\",\"text_align\":\"\",\"text_align_breakpoint\":\"\",\"text_align_fallback\":\"\",\"maxwidth\":\"\",\"maxwidth_align\":\"\",\"maxwidth_breakpoint\":\"\",\"margin\":\"\",\"animation\":\"\",\"visibility\":\"\",\"content\":\"Trabajo en red y trabajo colaborativo\"}}]},{\"type\":\"column\",\"props\":{\"widths\":[\"2-3\"],\"image_position\":\"center-center\",\"media_overlay_gradient\":\"\",\"vertical_align\":\"\",\"style\":\"\",\"text_color\":\"\",\"padding\":\"\",\"css\":\".el-column{\\n\\tmargin-top:5px;\\n}\"},\"children\":[{\"type\":\"headline\",\"props\":{\"title_element\":\"h4\",\"title_style\":\"h4\",\"title_decoration\":\"\",\"title_color\":\"\",\"text_align\":\"\",\"text_align_breakpoint\":\"\",\"text_align_fallback\":\"\",\"maxwidth\":\"\",\"maxwidth_align\":\"\",\"maxwidth_breakpoint\":\"\",\"margin\":\"\",\"animation\":\"\",\"visibility\":\"\",\"content\":\"Un trabajo en red que suma\"}},{\"type\":\"text\",\"props\":{\"margin\":\"default\",\"column_breakpoint\":\"m\",\"text_style\":\"\",\"text_color\":\"\",\"text_size\":\"large\",\"column\":\"\",\"text_align\":\"\",\"text_align_breakpoint\":\"\",\"text_align_fallback\":\"\",\"maxwidth\":\"\",\"maxwidth_align\":\"\",\"maxwidth_breakpoint\":\"\",\"animation\":\"\",\"visibility\":\"\",\"content\":\"\n\n<p>En un mundo globalizado e interconectado, el trabajo en red es imprescindible parar mejorar la atenci\\u00f3n y aumentar la incidencia en el tercer sector social y en el territorio donde se act\\u00faa, siempre con un objetivo com\\u00fan: generar incidencia social y pol\\u00edtica para la transformaci\\u00f3n que la sociedad necesita.<\\\/p>\\n\n\n<p>Por ello, formamos parte de organismos de \\u00e1mbito europeo, espa\\u00f1ol, catal\\u00e1n y balear.<\\\/p>\"}},{\"type\":\"accordion\",\"props\":{\"show_image\":true,\"show_link\":true,\"collapsible\":true,\"image_svg_color\":\"emphasis\",\"image_align\":\"top\",\"image_grid_width\":\"1-2\",\"image_breakpoint\":\"m\",\"link_text\":\"Read more\",\"link_style\":\"default\",\"content_style\":\"\",\"content_margin\":\"\",\"image_border\":\"\",\"image_gutter\":\"\",\"image_margin\":\"\",\"link_size\":\"\",\"link_margin\":\"\",\"text_align\":\"\",\"text_align_breakpoint\":\"\",\"text_align_fallback\":\"\",\"maxwidth\":\"\",\"maxwidth_align\":\"\",\"maxwidth_breakpoint\":\"\",\"margin\":\"\",\"animation\":\"\",\"visibility\":\"\"},\"children\":[{\"type\":\"accordion_item\",\"props\":{\"title\":\"Alianzas\",\"content\":\"Vivamus sagittis lacus vel augue laoreet rutrum faucibus dolor auctor. Duis mollis, est non commodo luctus, nisi erat porttitor ligula, eget lacinia odio sem nec elit. Cum sociis natoque penatibus et magnis dis parturient montes, nascetur ridiculus mus. Cras mattis consectetur purus sit amet fermentum. Donec sed odio dui.\"}},{\"type\":\"accordion_item\",\"props\":{\"title\":\"Plataformas y mesas \",\"content\":\"Vivamus sagittis lacus vel augue laoreet rutrum faucibus dolor auctor. Duis mollis, est non commodo luctus, nisi erat porttitor ligula, eget lacinia odio sem nec elit. Cum sociis natoque penatibus et magnis dis parturient montes, nascetur ridiculus mus. Cras mattis consectetur purus sit amet fermentum. Donec sed odio dui.\"}},{\"type\":\"accordion_item\",\"props\":{\"title\":\"Instituciones educativa \",\"content\":\"Vivamus sagittis lacus vel augue laoreet rutrum faucibus dolor auctor. Duis mollis, est non commodo luctus, nisi erat porttitor ligula, eget lacinia odio sem nec elit. Cum sociis natoque penatibus et magnis dis parturient montes, nascetur ridiculus mus. Cras mattis consectetur purus sit amet fermentum. Donec sed odio dui.\"}}]},{\"type\":\"headline\",\"props\":{\"title_element\":\"h4\",\"title_style\":\"h4\",\"title_decoration\":\"\",\"title_color\":\"\",\"text_align\":\"\",\"text_align_breakpoint\":\"\",\"text_align_fallback\":\"\",\"maxwidth\":\"\",\"maxwidth_align\":\"\",\"maxwidth_breakpoint\":\"\",\"margin\":\"\",\"animation\":\"\",\"visibility\":\"\",\"content\":\"Crecemos con el trabajo colaborativo\"}},{\"type\":\"text\",\"props\":{\"margin\":\"default\",\"column_breakpoint\":\"m\",\"text_style\":\"\",\"text_color\":\"\",\"text_size\":\"large\",\"column\":\"\",\"text_align\":\"\",\"text_align_breakpoint\":\"\",\"text_align_fallback\":\"\",\"maxwidth\":\"\",\"maxwidth_align\":\"\",\"maxwidth_breakpoint\":\"\",\"animation\":\"\",\"visibility\":\"\",\"content\":\"\n\n<p>Adem\\u00e1s de las estructuras federativas y participativas, IRES tambi\\u00e9n ha generado formas de colaboraci\\u00f3n con valor social con otras organizaciones, tales como:<\\\/p>\\n\"}},{\"type\":\"list\",\"props\":{\"show_image\":true,\"show_link\":true,\"image_svg_color\":\"emphasis\",\"image_align\":\"left\",\"image_vertical_align\":true,\"list_style\":\"bullet\",\"content_style\":\"\",\"image_border\":\"\",\"icon_color\":\"\",\"link_style\":\"\",\"text_align\":\"\",\"text_align_breakpoint\":\"\",\"text_align_fallback\":\"\",\"maxwidth\":\"\",\"maxwidth_align\":\"\",\"maxwidth_breakpoint\":\"\",\"margin\":\"\",\"animation\":\"\",\"visibility\":\"\",\"list_size\":true,\"class\":\"uk-text-large\"},\"children\":[{\"type\":\"list_item\",\"props\":{\"icon_color\":\"\",\"content\":\"Fundaci\\u00f3n Intermedia. Entidad patrona fundadora junto con Fundaci\\u00f3n SURT y SUARA Cooperativa.\"}},{\"type\":\"list_item\",\"props\":{\"icon_color\":\"\",\"content\":\"Uni\\u00f3n Temporal de Empresas (UTE). SUARA Cooperativa y Fundaci\\u00f3n IReS. Programas formativos de violencias y Programas formativos por delitos de tr\\u00e1fico.\"}},{\"type\":\"list_item\",\"props\":{\"icon_color\":\"\",\"content\":\"Prevensi, Uni\\u00f3n Temporal de Empresas (UTE). INTRESS, Instituto de Psicolog\\u00eda Forense y Fundaci\\u00f3n IRES.\"}}]}]}]}]}],\"version\":\"1.19.2\"} --><\/p>\n","protected":false},"excerpt":{"rendered":"<p>La Fundaci\u00f3n La familia es lo primero \u00bfQu\u00e9 har\u00edas por la familia? Ser\u00edas capaz de cambiar el mundo si fuera necesario. En IRES compartimos esta determinaci\u00f3n. Somos un grupo de profesionales que trabajamos para cambiar la situaci\u00f3n de familias en riesgo de vulnerabilidad. Y esto empieza cambiando el significado de \u00e9sta, para que sea, m\u00e1s [&hellip;]<\/p>\n","protected":false},"author":2,"featured_media":0,"parent":0,"menu_order":5,"comment_status":"closed","ping_status":"closed","template":"","meta":{"footnotes":""},"proyectos":[],"class_list":["post-2300","page","type-page","status-publish","hentry"],"yoast_head":"<!-- This site is optimized with the Yoast SEO plugin v27.4 - https:\/\/yoast.com\/product\/yoast-seo-wordpress\/ -->\n<title>Qui som - Fundaci\u00f3 IRES<\/title>\n<meta name=\"robots\" content=\"index, follow, max-snippet:-1, max-image-preview:large, max-video-preview:-1\" \/>\n<link rel=\"canonical\" href=\"https:\/\/www.fundacioires.org\/ca\/qui-som\/\" \/>\n<meta property=\"og:locale\" content=\"ca_ES\" \/>\n<meta property=\"og:type\" content=\"article\" \/>\n<meta property=\"og:title\" content=\"Qui som - Fundaci\u00f3 IRES\" \/>\n<meta property=\"og:description\" content=\"La Fundaci\u00f3n La familia es lo primero \u00bfQu\u00e9 har\u00edas por la familia? Ser\u00edas capaz de cambiar el mundo si fuera necesario. En IRES compartimos esta determinaci\u00f3n. Somos un grupo de profesionales que trabajamos para cambiar la situaci\u00f3n de familias en riesgo de vulnerabilidad. Y esto empieza cambiando el significado de \u00e9sta, para que sea, m\u00e1s [&hellip;]\" \/>\n<meta property=\"og:url\" content=\"https:\/\/www.fundacioires.org\/ca\/qui-som\/\" \/>\n<meta property=\"og:site_name\" content=\"Fundaci\u00f3 IRES\" \/>\n<meta property=\"article:modified_time\" content=\"2019-04-17T17:48:46+00:00\" \/>\n<meta property=\"og:image\" content=\"http:\/\/wp-content\/uploads\/quiene-somos-hero-bg.jpg\" \/>\n<meta name=\"twitter:card\" content=\"summary_large_image\" \/>\n<meta name=\"twitter:label1\" content=\"Est. reading time\" \/>\n\t<meta name=\"twitter:data1\" content=\"4 minutes\" \/>\n<script type=\"application\/ld+json\" class=\"yoast-schema-graph\">{\"@context\":\"https:\\\/\\\/schema.org\",\"@graph\":[{\"@type\":\"WebPage\",\"@id\":\"https:\\\/\\\/www.fundacioires.org\\\/ca\\\/qui-som\\\/\",\"url\":\"https:\\\/\\\/www.fundacioires.org\\\/ca\\\/qui-som\\\/\",\"name\":\"Qui som - Fundaci\u00f3 IRES\",\"isPartOf\":{\"@id\":\"https:\\\/\\\/www.fundacioires.org\\\/#website\"},\"datePublished\":\"2019-04-17T15:26:40+00:00\",\"dateModified\":\"2019-04-17T17:48:46+00:00\",\"breadcrumb\":{\"@id\":\"https:\\\/\\\/www.fundacioires.org\\\/ca\\\/qui-som\\\/#breadcrumb\"},\"inLanguage\":\"ca-ES\",\"potentialAction\":[{\"@type\":\"ReadAction\",\"target\":[\"https:\\\/\\\/www.fundacioires.org\\\/ca\\\/qui-som\\\/\"]}]},{\"@type\":\"BreadcrumbList\",\"@id\":\"https:\\\/\\\/www.fundacioires.org\\\/ca\\\/qui-som\\\/#breadcrumb\",\"itemListElement\":[{\"@type\":\"ListItem\",\"position\":1,\"name\":\"Portada\",\"item\":\"https:\\\/\\\/www.fundacioires.org\\\/\"},{\"@type\":\"ListItem\",\"position\":2,\"name\":\"Qui som\"}]},{\"@type\":\"WebSite\",\"@id\":\"https:\\\/\\\/www.fundacioires.org\\\/#website\",\"url\":\"https:\\\/\\\/www.fundacioires.org\\\/\",\"name\":\"Fundaci\u00f3 IRES\",\"description\":\"\",\"publisher\":{\"@id\":\"https:\\\/\\\/www.fundacioires.org\\\/#organization\"},\"potentialAction\":[{\"@type\":\"SearchAction\",\"target\":{\"@type\":\"EntryPoint\",\"urlTemplate\":\"https:\\\/\\\/www.fundacioires.org\\\/?s={search_term_string}\"},\"query-input\":{\"@type\":\"PropertyValueSpecification\",\"valueRequired\":true,\"valueName\":\"search_term_string\"}}],\"inLanguage\":\"ca-ES\"},{\"@type\":\"Organization\",\"@id\":\"https:\\\/\\\/www.fundacioires.org\\\/#organization\",\"name\":\"Fundanci\u00f3n IRES\",\"url\":\"https:\\\/\\\/www.fundacioires.org\\\/\",\"logo\":{\"@type\":\"ImageObject\",\"inLanguage\":\"ca-ES\",\"@id\":\"https:\\\/\\\/www.fundacioires.org\\\/#\\\/schema\\\/logo\\\/image\\\/\",\"url\":\"https:\\\/\\\/i0.wp.com\\\/www.fundacioires.org\\\/wp-content\\\/uploads\\\/faviconIRES.png?fit=32%2C32&ssl=1\",\"contentUrl\":\"https:\\\/\\\/i0.wp.com\\\/www.fundacioires.org\\\/wp-content\\\/uploads\\\/faviconIRES.png?fit=32%2C32&ssl=1\",\"width\":32,\"height\":32,\"caption\":\"Fundanci\u00f3n IRES\"},\"image\":{\"@id\":\"https:\\\/\\\/www.fundacioires.org\\\/#\\\/schema\\\/logo\\\/image\\\/\"}}]}<\/script>\n<!-- \/ Yoast SEO plugin. -->","yoast_head_json":{"title":"Qui som - Fundaci\u00f3 IRES","robots":{"index":"index","follow":"follow","max-snippet":"max-snippet:-1","max-image-preview":"max-image-preview:large","max-video-preview":"max-video-preview:-1"},"canonical":"https:\/\/www.fundacioires.org\/ca\/qui-som\/","og_locale":"ca_ES","og_type":"article","og_title":"Qui som - Fundaci\u00f3 IRES","og_description":"La Fundaci\u00f3n La familia es lo primero \u00bfQu\u00e9 har\u00edas por la familia? Ser\u00edas capaz de cambiar el mundo si fuera necesario. En IRES compartimos esta determinaci\u00f3n. Somos un grupo de profesionales que trabajamos para cambiar la situaci\u00f3n de familias en riesgo de vulnerabilidad. Y esto empieza cambiando el significado de \u00e9sta, para que sea, m\u00e1s [&hellip;]","og_url":"https:\/\/www.fundacioires.org\/ca\/qui-som\/","og_site_name":"Fundaci\u00f3 IRES","article_modified_time":"2019-04-17T17:48:46+00:00","og_image":[{"url":"wp-content\/uploads\/quiene-somos-hero-bg.jpg","type":"","width":"","height":""}],"twitter_card":"summary_large_image","twitter_misc":{"Est. reading time":"4 minutes"},"schema":{"@context":"https:\/\/schema.org","@graph":[{"@type":"WebPage","@id":"https:\/\/www.fundacioires.org\/ca\/qui-som\/","url":"https:\/\/www.fundacioires.org\/ca\/qui-som\/","name":"Qui som - Fundaci\u00f3 IRES","isPartOf":{"@id":"https:\/\/www.fundacioires.org\/#website"},"datePublished":"2019-04-17T15:26:40+00:00","dateModified":"2019-04-17T17:48:46+00:00","breadcrumb":{"@id":"https:\/\/www.fundacioires.org\/ca\/qui-som\/#breadcrumb"},"inLanguage":"ca-ES","potentialAction":[{"@type":"ReadAction","target":["https:\/\/www.fundacioires.org\/ca\/qui-som\/"]}]},{"@type":"BreadcrumbList","@id":"https:\/\/www.fundacioires.org\/ca\/qui-som\/#breadcrumb","itemListElement":[{"@type":"ListItem","position":1,"name":"Portada","item":"https:\/\/www.fundacioires.org\/"},{"@type":"ListItem","position":2,"name":"Qui som"}]},{"@type":"WebSite","@id":"https:\/\/www.fundacioires.org\/#website","url":"https:\/\/www.fundacioires.org\/","name":"Fundaci\u00f3 IRES","description":"","publisher":{"@id":"https:\/\/www.fundacioires.org\/#organization"},"potentialAction":[{"@type":"SearchAction","target":{"@type":"EntryPoint","urlTemplate":"https:\/\/www.fundacioires.org\/?s={search_term_string}"},"query-input":{"@type":"PropertyValueSpecification","valueRequired":true,"valueName":"search_term_string"}}],"inLanguage":"ca-ES"},{"@type":"Organization","@id":"https:\/\/www.fundacioires.org\/#organization","name":"Fundanci\u00f3n IRES","url":"https:\/\/www.fundacioires.org\/","logo":{"@type":"ImageObject","inLanguage":"ca-ES","@id":"https:\/\/www.fundacioires.org\/#\/schema\/logo\/image\/","url":"https:\/\/i0.wp.com\/www.fundacioires.org\/wp-content\/uploads\/faviconIRES.png?fit=32%2C32&ssl=1","contentUrl":"https:\/\/i0.wp.com\/www.fundacioires.org\/wp-content\/uploads\/faviconIRES.png?fit=32%2C32&ssl=1","width":32,"height":32,"caption":"Fundanci\u00f3n IRES"},"image":{"@id":"https:\/\/www.fundacioires.org\/#\/schema\/logo\/image\/"}}]}},"jetpack_sharing_enabled":true,"_links":{"self":[{"href":"https:\/\/www.fundacioires.org\/ca\/wp-json\/wp\/v2\/pages\/2300","targetHints":{"allow":["GET"]}}],"collection":[{"href":"https:\/\/www.fundacioires.org\/ca\/wp-json\/wp\/v2\/pages"}],"about":[{"href":"https:\/\/www.fundacioires.org\/ca\/wp-json\/wp\/v2\/types\/page"}],"author":[{"embeddable":true,"href":"https:\/\/www.fundacioires.org\/ca\/wp-json\/wp\/v2\/users\/2"}],"replies":[{"embeddable":true,"href":"https:\/\/www.fundacioires.org\/ca\/wp-json\/wp\/v2\/comments?post=2300"}],"version-history":[{"count":2,"href":"https:\/\/www.fundacioires.org\/ca\/wp-json\/wp\/v2\/pages\/2300\/revisions"}],"predecessor-version":[{"id":2360,"href":"https:\/\/www.fundacioires.org\/ca\/wp-json\/wp\/v2\/pages\/2300\/revisions\/2360"}],"wp:attachment":[{"href":"https:\/\/www.fundacioires.org\/ca\/wp-json\/wp\/v2\/media?parent=2300"}],"wp:term":[{"taxonomy":"proyectos","embeddable":true,"href":"https:\/\/www.fundacioires.org\/ca\/wp-json\/wp\/v2\/proyectos?post=2300"}],"curies":[{"name":"wp","href":"https:\/\/api.w.org\/{rel}","templated":true}]}}