{"id":2705,"date":"2019-04-18T00:57:22","date_gmt":"2019-04-17T22:57:22","guid":{"rendered":"https:\/\/fundacioires.org\/?page_id=2705"},"modified":"2025-09-17T15:23:11","modified_gmt":"2025-09-17T13:23:11","slug":"financament-privat","status":"publish","type":"page","link":"https:\/\/www.fundacioires.org\/ca\/financament-privat\/","title":{"rendered":"Finan\u00e7ament privat"},"content":{"rendered":"<h1>\n<p style=\"text-align: center;\"><strong>Finan\u00e7ament privat<\/strong><\/p>\n<\/h1>\n<h1>\n<p style=\"text-align: center;\">Sumem en xarxa<\/p>\n<\/h1>\n<div>\n<p style=\"text-align: center;\"><span>Les aliances, el treball en xarxa i de coordinaci\u00f3 que hi ha hagut amb d\u2019altres actors, entitats socials, amb les administracions i amb el sector privat \u00e9s clau. Gr\u00e0cies a aquestes sinergies,\u00a0<\/span><strong>s\u2019han ampliat projectes de l\u2019ecosistema tant a Catalunya com a Balears<\/strong><span>, creixent com a entitat referent en l\u2019atenci\u00f3 a les fam\u00edlies.<\/span><\/p>\n<\/div>\n<h1><strong>Les nostres aliances<\/strong><\/h1>\n<ul>\n<li>\n<p>        <img decoding=\"async\" src=\"\/wp-content\/uploads\/WEB_LOGOS_FINANCAMENT_CaixaProinfancia.svg\" alt=\"Caixa_Proinfancia\"><\/p>\n<h3>Caixa_Proinfancia<\/h3>\n<\/li>\n<li>\n<p>        <img decoding=\"async\" src=\"\/wp-content\/uploads\/WEB_LOGOS_FINANCAMENT_Fundacio_LaCaixa-1.svg\" alt=\"Fundacio\u0301_LaCaixa\"><\/p>\n<h3>Fundacio\u0301_LaCaixa<\/h3>\n<\/li>\n<li>\n<p>        <img decoding=\"async\" src=\"\/wp-content\/uploads\/WEB_LOGOS_FINANCAMENT_Hotel_Majestic.svg\" alt=\"Hotel_Majestic\"><\/p>\n<h3>Hotel_Majestic<\/h3>\n<\/li>\n<li>\n<p>        <img decoding=\"async\" src=\"\/wp-content\/uploads\/WEB_LOGOS_FINANCAMENT_Hotel_Sant_Francesc.png\" alt=\"Hotel_Sant_Francesc\"><\/p>\n<h3>Hotel_Sant_Francesc<\/h3>\n<\/li>\n<li>\n<p>        <img decoding=\"async\" src=\"\/wp-content\/uploads\/WEB_LOGOS_FINANCAMENT_Hotel_Can_Ferrereta.png\" alt=\"Hotel_Can_Ferrereta\"><\/p>\n<h3>Hotel_Can_Ferrereta<\/h3>\n<\/li>\n<li>\n<p>        <img decoding=\"async\" src=\"\/wp-content\/uploads\/Otro-logo.jpg\" alt=\"Hotel_Can_Ferrereta\"><\/p>\n<h3>Hotel_Villasoro<\/h3>\n<\/li>\n<li>\n<p>        <img decoding=\"async\" src=\"\/wp-content\/uploads\/WEB_LOGOS_FINANCAMENT_Adiquimica.png\" alt=\"Adiqui\u0301mica\"><\/p>\n<h3>Adiqui\u0301mica<\/h3>\n<\/li>\n<li>\n<p>        <img decoding=\"async\" src=\"\/wp-content\/uploads\/WEB_LOGOS_FINANCAMENT_Fund_Adroer_Martori_2.png\" alt=\"Fund_Adroer_Martori_2\"><\/p>\n<h3>Fund_Adroer_Martori_2<\/h3>\n<\/li>\n<\/ul>\n<h1><strong>Empreses col\u00b7laboradores<\/strong><\/h1>\n<ul>\n<li>\n<p>        <img decoding=\"async\" src=\"\/wp-content\/uploads\/WEB_LOGOS_FINANCAMENT_Fund_Mutua_Madrilena-1.svg\" alt=\"Viena\"><\/p>\n<h3>FMM<\/h3>\n<\/li>\n<li>\n<p>        <img decoding=\"async\" src=\"\/wp-content\/uploads\/Logo_FriquiFund_tight-2.png\" alt=\"Friquifund\"><\/p>\n<h3>Friquifund<\/h3>\n<\/li>\n<li>\n<p>        <img decoding=\"async\" src=\"\/wp-content\/uploads\/WEB_LOGOS_FINANCAMENT_Fund_Caixa_Enginyers_CAT.svg\" alt=\"Fund Caixa Enginyers\"><\/p>\n<h3>Fund Caixa Enginyers<\/h3>\n<\/li>\n<li>\n<p>        <img decoding=\"async\" src=\"\/wp-content\/uploads\/WEB_LOGOS_FINANCAMENT_Tram_2.svg\" alt=\"Tram\"><\/p>\n<h3>Tram<\/h3>\n<\/li>\n<li>\n<p>        <img decoding=\"async\" src=\"\/wp-content\/uploads\/brilten-inmobiliaria.png\" alt=\"Brilten\"><\/p>\n<h3>Brilten<\/h3>\n<\/li>\n<li>\n<p>        <img decoding=\"async\" src=\"\/wp-content\/uploads\/logo_Twentytu-per-presentacions-i-transperemcies-1024x337-1024x337-2.png\" alt=\"Twentytu\"><\/p>\n<h3>Twentytu<\/h3>\n<\/li>\n<li>\n<p>        <img decoding=\"async\" src=\"\/wp-content\/uploads\/WEB_LOGOS_FINANCAMENT_Nous_Cims.png\" alt=\"Twentytu\"><\/p>\n<h3>NousCims<\/h3>\n<\/li>\n<li>\n<p>        <img decoding=\"async\" src=\"\/wp-content\/uploads\/ANTONI-SERRA-SANTAMANS.jpg\" alt=\"Fund Antoni Serra Santam\"><\/p>\n<h3>Fund Antoni Serra Santam<\/h3>\n<\/li>\n<li>\n<p>        <img decoding=\"async\" src=\"\/wp-content\/uploads\/Logo_CaixaBank.jpg\" alt=\"Logo_CaixaBank\"><\/p>\n<h3>Logo_CaixaBank<\/h3>\n<\/li>\n<li>\n<p>        <img decoding=\"async\" src=\"\/wp-content\/uploads\/Logo_Fund_Roviralta.png\" alt=\"Logo_CaixaBank\"><\/p>\n<h3>Fund Roviralta<\/h3>\n<\/li>\n<\/ul>\n<h1><strong>Empreses amigues<\/strong><\/h1>\n<ul>\n<li>\n<p>        <img decoding=\"async\" src=\"\/wp-content\/uploads\/22@.png\" alt=\"22@\"><\/p>\n<h3>22@<\/h3>\n<\/li>\n<li>\n<p>        <img decoding=\"async\" src=\"\/wp-content\/uploads\/logo-ASHPAMA-horizontal-color.jpg\" alt=\"22@\"><\/p>\n<h3>Ashpama<\/h3>\n<\/li>\n<li>\n<p>        <img decoding=\"async\" src=\"\/wp-content\/uploads\/CCIB_logo_2024.png\" alt=\"22@\"><\/p>\n<h3>CCIB<\/h3>\n<\/li>\n<li>\n<p>        <img decoding=\"async\" src=\"\/wp-content\/uploads\/Logo_Eurofragance.png\" alt=\"22@\"><\/p>\n<h3>Eurofragance<\/h3>\n<\/li>\n<li>\n<p>        <img decoding=\"async\" src=\"\/wp-content\/uploads\/t-systems.png\" alt=\"t-systems\"><\/p>\n<h3>t-systems<\/h3>\n<\/li>\n<li>\n<p>        <img decoding=\"async\" src=\"\/wp-content\/uploads\/LOGOTIP-1.png\" alt=\"t-systems\"><\/p>\n<h3>Inetum<\/h3>\n<\/li>\n<li>\n<p>        <img decoding=\"async\" src=\"\/wp-content\/uploads\/HiltonHotelsLogo.svg\" alt=\"t-systems\"><\/p>\n<h3>Hilton<\/h3>\n<\/li>\n<li>\n<p>        <img decoding=\"async\" src=\"\/wp-content\/uploads\/Carburos-Logo-PNG.png\" alt=\"t-systems\"><\/p>\n<h3>Carburos<\/h3>\n<\/li>\n<li>\n<p>        <img decoding=\"async\" src=\"\/wp-content\/uploads\/Assessoria-Sainz-de-Baranda_CAT-scaled.jpg\" alt=\"Sainz De Baranda\"><\/p>\n<h3>Sainz De Baranda<\/h3>\n<\/li>\n<li>\n<p>        <img decoding=\"async\" src=\"\/wp-content\/uploads\/LOGOS-ALIATS_09-1.jpg\" alt=\"Sainz De Baranda\"><\/p>\n<h3>Mercedes<\/h3>\n<\/li>\n<li>\n<p>        <img decoding=\"async\" src=\"\/wp-content\/uploads\/logo-masoliver-16-9.png\" alt=\"Sainz De Baranda\"><\/p>\n<h3>MasOliver<\/h3>\n<\/li>\n<li>\n<p>        <img decoding=\"async\" src=\"\/wp-content\/uploads\/AP_Logo02_png.png\" alt=\"Sainz De Baranda\"><\/p>\n<h3>Beveland<\/h3>\n<\/li>\n<li>\n<p>        <img decoding=\"async\" src=\"\/wp-content\/uploads\/Logo_ETL_Consultores.jpg\" alt=\"Sainz De Baranda\"><\/p>\n<h3>ETL Consultores<\/h3>\n<\/li>\n<li>\n<p>        <img decoding=\"async\" src=\"\/wp-content\/uploads\/Inveniam-Group_CAST.png\" alt=\"Inveniam Group\"><\/p>\n<h3>Inveniam Group<\/h3>\n<\/li>\n<li>\n<p>        <img decoding=\"async\" src=\"\/wp-content\/uploads\/Logo-Fundacio-Casa-Misericordia-Barcelona-FCMB-2.png\" alt=\"Inveniam Group\"><\/p>\n<h3>Fund Casa Misericordia<\/h3>\n<\/li>\n<li>\n<p>        <img decoding=\"async\" src=\"\/wp-content\/uploads\/LOGOTIP-2.png\" alt=\"Inveniam Group\"><\/p>\n<h3>Felca<\/h3>\n<\/li>\n<li>\n<p>        <img decoding=\"async\" src=\"\/wp-content\/uploads\/Logo_004.svg\" alt=\"Inveniam Group\"><\/p>\n<h3>Manglar<\/h3>\n<\/li>\n<li>\n<p>        <img decoding=\"async\" src=\"\/wp-content\/uploads\/Logo_Asso_Dones_Montuieres.jpg\" alt=\"Inveniam Group\"><\/p>\n<h3>Aso Dones Mont<\/h3>\n<\/li>\n<li>\n<p>        <img decoding=\"async\" src=\"\/wp-content\/uploads\/ICALIA_LOGO.png\" alt=\"Inveniam Group\"><\/p>\n<h3>Icalia<\/h3>\n<\/li>\n<li>\n<p>        <img decoding=\"async\" src=\"\/wp-content\/uploads\/Baker_McKenzie_logo_2016.svg\" alt=\"Inveniam Group\"><\/p>\n<h3>Baker Mc<\/h3>\n<\/li>\n<li>\n<p>        <img decoding=\"async\" src=\"\/wp-content\/uploads\/Logo-350x100-1.png\" alt=\"Inveniam Group\"><\/p>\n<h3>Tribu<\/h3>\n<\/li>\n<li>\n<p>        <img decoding=\"async\" src=\"\/wp-content\/uploads\/Logo_PNG_Fundacio_bTEC.png\" alt=\"Inveniam Group\"><\/p>\n<h3>BTec<\/h3>\n<\/li>\n<li>\n<p>        <img decoding=\"async\" src=\"\/wp-content\/uploads\/ArtParaula.png\" alt=\"Inveniam Group\"><\/p>\n<h3>Art i paraula<\/h3>\n<\/li>\n<li>\n<p>        <img decoding=\"async\" src=\"\/wp-content\/uploads\/Diagonal111.png\" alt=\"Diagonal111\"><\/p>\n<h3>Diagonal111<\/h3>\n<\/li>\n<\/ul>\n<h1><strong>Han col\u00b7laborat en les nostres campanyes<\/strong><\/h1>\n<div>\n<p style=\"text-align: center;\"><strong>Sant Jordi<\/strong><br \/>Bumble, Eurofins, 22@network, Clece, Diagonal Mar, Inveniam Group, Immobili\u00e0ria Diagonal111 (Falaise S.L), Innovat Hotels SL (Twentytu), Col\u00b7legi de Farmac\u00e8utics de Barcelona, Comercial Masoliver S.A.U., Felca, Carburos Met\u00e1licos, Beveland, S.A., Manglar Coworking, Inetum, Innovat Hotels SL (Twentytu), LG Barcelona \u2013 Concesionario Mercedez Benz, Audiconsultores ETL Global S.L., Fundaci\u00f3 Casa Miseric\u00f2rdia de Barcelona, Asesoria Sainz de Baranda S.A.P., Giro 100, Baker Mckenzie, Apple La Maquinista, Garda, Premium.<\/p>\n<\/div>\n<div>\n<p style=\"text-align: center;\"><strong>Hotel Invisible<\/strong><br \/>Gremi Hotels de Barcelona, Splendon Suites, Hotel Gallery, Travil 98 (Duquesa), Europark, Gran Chef, Hotel Paral\u00b7lel, Josel SLU, Aparthotel Fira Suites, NH Belagua, NH Calderon, NH Constanza, NH BCN Centro, NH Entenza, NH Les Corts, NH Eixample, NH Sants, NH Podium, NH BCN Stadium, NH Diagonal Center, HH del Mar (Colibr\u00ed), HH Barri Gotic, HH Presidente, HH Ramblas, HH Tower, NH La Maquinista, NH Cornella, NH Ciutat de Vic, HH Sant Joan, HH Sant Just, NH Porta Barcelona, NH Sant Boi, Hotel Axel, Llogas S.A (Atiram), Slo Zolty (Atiram), Llihsa Hotels (Atiram), Tryp Condal, Alimara (Turisvall), Hotel Col\u00f3n, Hotel Alexandra, Grupotel Gran V\u00eda 678, Grupotel Gravina, Best Western Premier Hotel Dante, Hotel Mare Nostrum, Hotel Curious, Hotel Juan Carlos, Hotel Victoria Suite, AC Hotel Som by Marriot, Hotelera Glories Parc (Castell\u00f3n), Residencial Ciudad Diagonal (Castell\u00f3n), Hotel Monument Barcelona, Hotel Espa\u00f1a, Hotel Condes<\/p>\n<\/div>\n<div>\n<h2>Segueix-nos a les xarxes!<\/h2>\n<\/div>\n<ul>\n<li><a href=\"https:\/\/twitter.com\/fundacioires\">twitter<\/a>\n<\/li>\n<li><a href=\"https:\/\/www.facebook.com\/FundacioIres\">facebook<\/a>\n<\/li>\n<li><a href=\"http:\/\/www.linkedin.com\/company\/2095699?trk=vsrp_companies_res_name&#038;trkInfo=VSRPsearchId%3A469749431411125992574%2CVSRPtargetId%3A2095699%2CVSRPcmpt%3Aprimary\">linkedin<\/a>\n<\/li>\n<li><a href=\"https:\/\/www.instagram.com\/fundacioires\/\">instagram<\/a>\n<\/li>\n<li><a href=\"https:\/\/www.youtube.com\/user\/fundacioires1969\">youtube<\/a>\n<\/li>\n<\/ul>\n<div>Contacta amb Fundaci\u00f3 IRES<\/div>\n<div>\n<p>Si vols informaci\u00f3 sobre algun dels nostres projectes a Catalunya o Balears.<\/p>\n<p>Escriu-nos ara!<\/p>\n<\/div>\n<div>\n<p>Hola IRES, aquestes son les meves dades:<\/p>\n<\/div>\n<div>\n\n<div class=\"wpcf7 no-js\" id=\"wpcf7-f2475-o1\" lang=\"en-US\" dir=\"ltr\" data-wpcf7-id=\"2475\">\n<div class=\"screen-reader-response\"><p role=\"status\" aria-live=\"polite\" aria-atomic=\"true\"><\/p> <ul><\/ul><\/div>\n<form action=\"\/ca\/wp-json\/wp\/v2\/pages\/2705#wpcf7-f2475-o1\" method=\"post\" class=\"wpcf7-form init bb9e21171d24 cmatic-conn cmatic-aud-24 cmatic-mapd0-0 cmatic-v097802 cmatic-sent-0 cmatic-total-6845\" aria-label=\"Contact form\" novalidate=\"novalidate\" data-status=\"init\">\n<fieldset class=\"hidden-fields-container\"><input type=\"hidden\" name=\"_wpcf7\" value=\"2475\" \/><input type=\"hidden\" name=\"_wpcf7_version\" value=\"6.1.5\" \/><input type=\"hidden\" name=\"_wpcf7_locale\" value=\"en_US\" \/><input type=\"hidden\" name=\"_wpcf7_unit_tag\" value=\"wpcf7-f2475-o1\" \/><input type=\"hidden\" name=\"_wpcf7_container_post\" value=\"0\" \/><input type=\"hidden\" name=\"_wpcf7_posted_data_hash\" value=\"\" \/><input type=\"hidden\" name=\"_wpcf7cf_hidden_group_fields\" value=\"[]\" \/><input type=\"hidden\" name=\"_wpcf7cf_hidden_groups\" value=\"[]\" \/><input type=\"hidden\" name=\"_wpcf7cf_visible_groups\" value=\"[]\" \/><input type=\"hidden\" name=\"_wpcf7cf_repeaters\" value=\"[]\" \/><input type=\"hidden\" name=\"_wpcf7cf_steps\" value=\"{}\" \/><input type=\"hidden\" name=\"_wpcf7cf_options\" value=\"{&quot;form_id&quot;:2475,&quot;conditions&quot;:[],&quot;settings&quot;:{&quot;animation&quot;:&quot;yes&quot;,&quot;animation_intime&quot;:200,&quot;animation_outtime&quot;:200,&quot;conditions_ui&quot;:&quot;normal&quot;,&quot;notice_dismissed&quot;:false}}\" \/><input type=\"hidden\" name=\"_wpcf7_recaptcha_response\" value=\"\" \/>\n<\/fieldset>\n<div class=\"uk-form\" uk-grid>\n<div class=\"uk-width-1-1\">\n<label> Motiu de la consulta \n    <span class=\"wpcf7-form-control-wrap\" data-name=\"motivo-consulta\"><select class=\"wpcf7-form-control wpcf7-select wpcf7-validates-as-required uk-select\" aria-required=\"true\" aria-invalid=\"false\" name=\"motivo-consulta\"><option value=\"\">Seleccioneu un motiu<\/option><option value=\"S\u00f3c donant\">S\u00f3c donant<\/option><option value=\"S\u00f3c una empresa\">S\u00f3c una empresa<\/option><option value=\"S\u00f3c periodista\">S\u00f3c periodista<\/option><option value=\"Vull fer un voluntariat\">Vull fer un voluntariat<\/option><option value=\"S\u00f3c estudiant i vull informaci\u00f3\">S\u00f3c estudiant i vull informaci\u00f3<\/option><option value=\"Necessito ajuda\">Necessito ajuda<\/option><option value=\"Altres\">Altres<\/option><\/select><\/span><\/label>\n<\/div> \n<div class=\"uk-width-1-2@s\">\n<label> Nom \n    <span class=\"wpcf7-form-control-wrap\" data-name=\"nombre-es\"><input size=\"40\" maxlength=\"400\" class=\"wpcf7-form-control wpcf7-text wpcf7-validates-as-required uk-input\" aria-required=\"true\" aria-invalid=\"false\" value=\"\" type=\"text\" name=\"nombre-es\" \/><\/span> <\/label>\n<\/div>\n<div class=\"uk-width-1-2@s\">\n<label> Cognoms \n    <span class=\"wpcf7-form-control-wrap\" data-name=\"apellidos-es\"><input size=\"40\" maxlength=\"400\" class=\"wpcf7-form-control wpcf7-text wpcf7-validates-as-required uk-input\" aria-required=\"true\" aria-invalid=\"false\" value=\"\" type=\"text\" name=\"apellidos-es\" \/><\/span> <\/label>\n<\/div>\n<div class=\"uk-width-1-1\">\n<label> El teu correu electr\u00f2nic\n    <span class=\"wpcf7-form-control-wrap\" data-name=\"email-es\"><input size=\"40\" maxlength=\"400\" class=\"wpcf7-form-control wpcf7-email wpcf7-validates-as-required wpcf7-text wpcf7-validates-as-email uk-input\" aria-required=\"true\" aria-invalid=\"false\" value=\"\" type=\"email\" name=\"email-es\" \/><\/span> <\/label>\n<\/div>\n<div class=\"uk-width-1-1\">\n<label> Un tel\u00e8fon\n    <span class=\"wpcf7-form-control-wrap\" data-name=\"telefono-es\"><input size=\"40\" maxlength=\"400\" class=\"wpcf7-form-control wpcf7-tel wpcf7-text wpcf7-validates-as-tel uk-input\" aria-invalid=\"false\" value=\"\" type=\"tel\" name=\"telefono-es\" \/><\/span> <\/label>\n<\/div>\n<div class=\"uk-width-1-1\">\n<label> Comentaris\n    <span class=\"wpcf7-form-control-wrap\" data-name=\"comentairos-es\"><textarea cols=\"40\" rows=\"10\" maxlength=\"2000\" class=\"wpcf7-form-control wpcf7-textarea uk-input\" aria-invalid=\"false\" name=\"comentairos-es\"><\/textarea><\/span> <\/label>\n<\/div>\n<div class=\"uk-width-1-1 uk-width-expand@s uk-grid-item-match uk-flex-middle\">\n    <span class=\"wpcf7-form-control-wrap\" data-name=\"newsletter\"><span class=\"wpcf7-form-control wpcf7-acceptance optional\"><span class=\"wpcf7-list-item\"><label><input type=\"checkbox\" name=\"newsletter\" value=\"1\" class=\"uk-checkbox\" aria-invalid=\"false\" \/><span class=\"wpcf7-list-item-label\">Vull rebre informaci\u00f3 de la Fundaci\u00f3 IRES<\/span><\/label><\/span><\/span><\/span>\n    <span class=\"wpcf7-form-control-wrap\" data-name=\"politicas\"><span class=\"wpcf7-form-control wpcf7-acceptance\"><span class=\"wpcf7-list-item\"><label><input type=\"checkbox\" name=\"politicas\" value=\"1\" class=\"uk-checkbox\" aria-invalid=\"false\" \/><span class=\"wpcf7-list-item-label\">Accepto l'<a href=\"\/ca\/avis-legal\/\" target=\"_blank\">Av\u00eds legal<\/a>, la <a href=\"\/ca\/politica-de-privacitat\/\" target=\"_blank\">Pol\u00edtica de privacitat<\/a> i la <a href=\"\/ca\/politica-de-privacitat-a-les-xarxes-socials\/\" target=\"_blank\">Pol\u00edtica de privacitat a les xarxes socials<\/a><\/span><\/label><\/span><\/span><\/span>\n<\/div>\n<div class=\"uk-width-1-1 uk-width-auto@s uk-flex uk-flex-bottom uk-position-relative\">\n    <input class=\"wpcf7-form-control wpcf7-submit has-spinner uk-button uk-button-default\" type=\"submit\" value=\"Enviar\" \/>\n<\/div>\n<\/div>\n\n<style>\n.wpcf7-spinner{\n   position: absolute;\n   right: -50px;\n}\n<\/style><div class=\"wpcf7-response-output\" aria-hidden=\"true\"><\/div>\n<\/form>\n<\/div>\n<\/div>\n<p><!--more--><br \/>\n<!-- {\"name\":\"Financiaci\\u00f3n privada\",\"type\":\"layout\",\"children\":[{\"name\":\"Breadcrums Parallax\",\"type\":\"section\",\"props\":{\"id\":\"breadcrums\",\"image_position\":\"center-center\",\"image_size\":\"cover\",\"image_width\":\"2560\",\"padding\":\"none\",\"status\":\"disabled\",\"style\":\"default\",\"text_color\":\"light\",\"title_breakpoint\":\"xl\",\"title_position\":\"top-left\",\"title_rotation\":\"left\",\"vertical_align\":\"\",\"width\":\"default\"},\"children\":[{\"type\":\"row\",\"props\":{\"margin\":\"large\",\"width\":\"default\"},\"children\":[{\"type\":\"column\",\"props\":{\"image_position\":\"center-center\",\"position_sticky_breakpoint\":\"m\",\"width_medium\":\"1-1\"},\"children\":[{\"type\":\"module\",\"props\":{\"menu_image_align\":\"center\",\"menu_image_margin\":true,\"menu_style\":\"default\",\"menu_type\":\"nav\",\"type\":\"breadcrumbs\",\"widget\":\"breadcrumbs-3\"},\"name\":\"Breadcrums\"}]}]}]},{\"name\":\"Finan\\u00e7ament privat\",\"type\":\"section\",\"props\":{\"class\":\"parallax uk-position-relative\",\"height\":\"page\",\"image\":\"wp-content\\\/uploads\\\/IMG_CABECERA_WEB.png\",\"image_effect\":\"parallax\",\"image_parallax_bgy\":\"-50,50\",\"image_parallax_easing\":\"0\",\"image_position\":\"center-center\",\"image_size\":\"width-1-1\",\"image_width\":\"2560\",\"media_overlay\":\"rgba(1, 1, 1, 0.45)\",\"padding\":\"large\",\"style\":\"default\",\"text_color\":\"light\",\"title_breakpoint\":\"xl\",\"title_position\":\"top-left\",\"title_rotation\":\"left\",\"vertical_align\":\"\",\"width\":\"default\"},\"children\":[{\"type\":\"row\",\"props\":{\"height_offset_top\":true,\"height_viewport\":80},\"children\":[{\"type\":\"column\",\"props\":{\"image_position\":\"center-center\",\"position_sticky_breakpoint\":\"m\",\"vertical_align\":\"middle\",\"width_medium\":\"1-1\"},\"children\":[{\"type\":\"headline\",\"props\":{\"content\":\"\n\n<p style=\\\"text-align: center;\\\"><strong>Finan\\u00e7ament privat<\\\/strong><\\\/p>\",\"title_element\":\"h1\",\"title_style\":\"heading-medium\"}},{\"type\":\"headline\",\"props\":{\"content\":\"\n\n<p style=\\\"text-align: center;\\\">Sumem en xarxa<\\\/p>\",\"margin\":\"small\",\"title_element\":\"h1\",\"title_style\":\"h2\"}}]}]}]},{\"type\":\"section\",\"props\":{\"image_position\":\"center-center\",\"style\":\"default\",\"title_breakpoint\":\"xl\",\"title_position\":\"top-left\",\"title_rotation\":\"left\",\"vertical_align\":\"\",\"width\":\"default\"},\"children\":[{\"type\":\"row\",\"children\":[{\"type\":\"column\",\"props\":{\"image_position\":\"center-center\",\"position_sticky_breakpoint\":\"m\"},\"children\":[{\"type\":\"text\",\"props\":{\"block_align\":\"center\",\"column_breakpoint\":\"m\",\"content\":\"\n\n<p style=\\\"text-align: center;\\\"><span>Les aliances, el treball en xarxa i de coordinaci\\u00f3 que hi ha hagut amb d\\u2019altres actors, entitats socials, amb les administracions i amb el sector privat \\u00e9s clau. Gr\\u00e0cies a aquestes sinergies,\\u00a0<\\\/span><strong>s\\u2019han ampliat projectes de l\\u2019ecosistema tant a Catalunya com a Balears<\\\/strong><span>, creixent com a entitat referent en l\\u2019atenci\\u00f3 a les fam\\u00edlies.<\\\/span><\\\/p>\",\"margin\":\"default\",\"maxwidth\":\"2xlarge\",\"text_style\":\"lead\"}}]}]}]},{\"name\":\"LOGOS\",\"type\":\"section\",\"props\":{\"id\":\"contacto\",\"image_position\":\"center-center\",\"image_size\":\"cover\",\"image_width\":\"2560\",\"padding\":\"xsmall\",\"style\":\"default\",\"text_color\":\"light\",\"title_breakpoint\":\"xl\",\"title_position\":\"top-left\",\"title_rotation\":\"left\",\"vertical_align\":\"\",\"width\":\"default\"},\"children\":[{\"type\":\"row\",\"children\":[{\"type\":\"column\",\"props\":{\"image_position\":\"center-center\",\"position_sticky_breakpoint\":\"m\",\"width_medium\":\"1-1\"},\"children\":[{\"type\":\"headline\",\"props\":{\"content\":\"<strong>Les nostres aliances<\\\/strong>\",\"text_align\":\"center\",\"title_color\":\"primary\",\"title_element\":\"h1\",\"title_style\":\"h2\"}},{\"type\":\"grid\",\"props\":{\"content_column_breakpoint\":\"m\",\"filter_align\":\"left\",\"filter_all\":true,\"filter_grid_breakpoint\":\"m\",\"filter_grid_width\":\"auto\",\"filter_position\":\"top\",\"filter_style\":\"tab\",\"grid_column_align\":true,\"grid_default\":\"2\",\"grid_large\":\"3\",\"grid_medium\":\"4\",\"icon_width\":\"\",\"image_align\":\"between\",\"image_grid_breakpoint\":\"m\",\"image_grid_width\":\"1-2\",\"image_height\":\"110\",\"image_svg_color\":\"emphasis\",\"item_animation\":true,\"lightbox_bg_close\":true,\"link_style\":\"default\",\"link_text\":\"Read more\",\"margin\":\"default\",\"meta_align\":\"below-title\",\"meta_element\":\"div\",\"meta_style\":\"text-meta\",\"panel_padding\":\"small\",\"panel_style\":\"card-default\",\"parallax_easing\":\"1\",\"show_content\":true,\"show_hover_image\":true,\"show_hover_video\":true,\"show_image\":true,\"show_link\":true,\"show_meta\":true,\"show_title\":false,\"show_video\":true,\"text_align\":\"center\",\"title_align\":\"top\",\"title_element\":\"h3\",\"title_grid_breakpoint\":\"m\",\"title_grid_width\":\"1-2\",\"title_hover_style\":\"reset\"},\"children\":[{\"type\":\"grid_item\",\"props\":{\"image\":\"wp-content\\\/uploads\\\/WEB_LOGOS_FINANCAMENT_CaixaProinfancia.svg\",\"image_alt\":\"Caixa_Proinfancia\",\"title\":\"Caixa_Proinfancia\"}},{\"type\":\"grid_item\",\"props\":{\"image\":\"wp-content\\\/uploads\\\/WEB_LOGOS_FINANCAMENT_Fundacio_LaCaixa-1.svg\",\"image_alt\":\"Fundacio\\u0301_LaCaixa\",\"title\":\"Fundacio\\u0301_LaCaixa\"}},{\"type\":\"grid_item\",\"props\":{\"image\":\"wp-content\\\/uploads\\\/WEB_LOGOS_FINANCAMENT_Hotel_Majestic.svg\",\"image_alt\":\"Hotel_Majestic\",\"title\":\"Hotel_Majestic\"}},{\"type\":\"grid_item\",\"props\":{\"image\":\"wp-content\\\/uploads\\\/WEB_LOGOS_FINANCAMENT_Hotel_Sant_Francesc.png\",\"image_alt\":\"Hotel_Sant_Francesc\",\"title\":\"Hotel_Sant_Francesc\"}},{\"type\":\"grid_item\",\"props\":{\"image\":\"wp-content\\\/uploads\\\/WEB_LOGOS_FINANCAMENT_Hotel_Can_Ferrereta.png\",\"image_alt\":\"Hotel_Can_Ferrereta\",\"title\":\"Hotel_Can_Ferrereta\"}},{\"type\":\"grid_item\",\"props\":{\"image\":\"wp-content\\\/uploads\\\/Otro-logo.jpg\",\"image_alt\":\"Hotel_Can_Ferrereta\",\"title\":\"Hotel_Villasoro\"}},{\"type\":\"grid_item\",\"props\":{\"image\":\"wp-content\\\/uploads\\\/WEB_LOGOS_FINANCAMENT_Adiquimica.png\",\"image_alt\":\"Adiqui\\u0301mica\",\"title\":\"Adiqui\\u0301mica\"}},{\"type\":\"grid_item\",\"props\":{\"image\":\"wp-content\\\/uploads\\\/WEB_LOGOS_FINANCAMENT_Fund_Adroer_Martori_2.png\",\"image_alt\":\"Fund_Adroer_Martori_2\",\"title\":\"Fund_Adroer_Martori_2\"}}]}]}],\"props\":{\"margin\":\"large\"}},{\"type\":\"row\",\"children\":[{\"type\":\"column\",\"props\":{\"image_position\":\"center-center\",\"position_sticky_breakpoint\":\"m\",\"width_medium\":\"1-1\"},\"children\":[{\"type\":\"headline\",\"props\":{\"content\":\"<strong>Empreses col\\u00b7laboradores<\\\/strong>\",\"text_align\":\"center\",\"title_color\":\"primary\",\"title_element\":\"h1\",\"title_style\":\"h2\"}},{\"type\":\"grid\",\"props\":{\"content_column_breakpoint\":\"m\",\"filter_align\":\"left\",\"filter_all\":true,\"filter_grid_breakpoint\":\"m\",\"filter_grid_width\":\"auto\",\"filter_position\":\"top\",\"filter_style\":\"tab\",\"grid_column_align\":true,\"grid_default\":\"2\",\"grid_medium\":\"4\",\"icon_width\":\"\",\"image_align\":\"between\",\"image_grid_breakpoint\":\"m\",\"image_grid_width\":\"1-2\",\"image_height\":90,\"image_svg_color\":\"emphasis\",\"item_animation\":true,\"lightbox_bg_close\":true,\"link_style\":\"default\",\"link_text\":\"Read more\",\"margin\":\"default\",\"meta_align\":\"below-title\",\"meta_element\":\"div\",\"meta_style\":\"text-meta\",\"panel_padding\":\"default\",\"panel_style\":\"card-default\",\"parallax_easing\":\"1\",\"show_content\":true,\"show_hover_image\":true,\"show_hover_video\":true,\"show_image\":true,\"show_link\":true,\"show_meta\":true,\"show_title\":false,\"show_video\":true,\"text_align\":\"center\",\"title_align\":\"top\",\"title_element\":\"h3\",\"title_grid_breakpoint\":\"m\",\"title_grid_width\":\"1-2\",\"title_hover_style\":\"reset\"},\"children\":[{\"type\":\"grid_item\",\"props\":{\"image\":\"wp-content\\\/uploads\\\/WEB_LOGOS_FINANCAMENT_Fund_Mutua_Madrilena-1.svg\",\"image_alt\":\"Viena\",\"title\":\"FMM\"}},{\"type\":\"grid_item\",\"props\":{\"image\":\"wp-content\\\/uploads\\\/Logo_FriquiFund_tight-2.png\",\"image_alt\":\"Friquifund\",\"title\":\"Friquifund\"}},{\"type\":\"grid_item\",\"props\":{\"image\":\"wp-content\\\/uploads\\\/WEB_LOGOS_FINANCAMENT_Fund_Caixa_Enginyers_CAT.svg\",\"image_alt\":\"Fund Caixa Enginyers\",\"title\":\"Fund Caixa Enginyers\"}},{\"type\":\"grid_item\",\"props\":{\"image\":\"wp-content\\\/uploads\\\/WEB_LOGOS_FINANCAMENT_Tram_2.svg\",\"image_alt\":\"Tram\",\"title\":\"Tram\"}},{\"type\":\"grid_item\",\"props\":{\"image\":\"wp-content\\\/uploads\\\/brilten-inmobiliaria.png\",\"image_alt\":\"Brilten\",\"title\":\"Brilten\"}},{\"type\":\"grid_item\",\"props\":{\"image\":\"wp-content\\\/uploads\\\/logo_Twentytu-per-presentacions-i-transperemcies-1024x337-1024x337-2.png\",\"image_alt\":\"Twentytu\",\"title\":\"Twentytu\"}},{\"type\":\"grid_item\",\"props\":{\"image\":\"wp-content\\\/uploads\\\/WEB_LOGOS_FINANCAMENT_Nous_Cims.png\",\"image_alt\":\"Twentytu\",\"title\":\"NousCims\"}},{\"type\":\"grid_item\",\"props\":{\"image\":\"wp-content\\\/uploads\\\/ANTONI-SERRA-SANTAMANS.jpg\",\"image_alt\":\"Fund Antoni Serra Santam\",\"title\":\"Fund Antoni Serra Santam\"}},{\"type\":\"grid_item\",\"props\":{\"image\":\"wp-content\\\/uploads\\\/Logo_CaixaBank.jpg\",\"image_alt\":\"Logo_CaixaBank\",\"title\":\"Logo_CaixaBank\"}},{\"type\":\"grid_item\",\"props\":{\"image\":\"wp-content\\\/uploads\\\/Logo_Fund_Roviralta.png\",\"image_alt\":\"Logo_CaixaBank\",\"title\":\"Fund Roviralta\"}}]}]}],\"props\":{\"margin\":\"large\"}},{\"type\":\"row\",\"children\":[{\"type\":\"column\",\"props\":{\"image_position\":\"center-center\",\"position_sticky_breakpoint\":\"m\",\"width_medium\":\"1-1\"},\"children\":[{\"type\":\"headline\",\"props\":{\"content\":\"<strong>Empreses amigues<\\\/strong>\",\"text_align\":\"center\",\"title_color\":\"primary\",\"title_element\":\"h1\",\"title_style\":\"h2\"}},{\"type\":\"grid\",\"props\":{\"content_column_breakpoint\":\"m\",\"filter_align\":\"left\",\"filter_all\":true,\"filter_grid_breakpoint\":\"m\",\"filter_grid_width\":\"auto\",\"filter_position\":\"top\",\"filter_style\":\"tab\",\"grid_default\":\"2\",\"grid_medium\":\"4\",\"icon_width\":\"\",\"image_align\":\"between\",\"image_grid_breakpoint\":\"m\",\"image_grid_width\":\"1-2\",\"image_height\":110,\"image_svg_color\":\"emphasis\",\"item_animation\":true,\"lightbox_bg_close\":true,\"link_style\":\"default\",\"link_text\":\"Read more\",\"margin\":\"default\",\"meta_align\":\"below-title\",\"meta_element\":\"div\",\"meta_style\":\"text-meta\",\"panel_padding\":\"default\",\"panel_style\":\"card-default\",\"parallax_easing\":\"1\",\"show_content\":true,\"show_hover_image\":true,\"show_hover_video\":true,\"show_image\":true,\"show_link\":true,\"show_meta\":true,\"show_title\":false,\"show_video\":true,\"text_align\":\"center\",\"title_align\":\"top\",\"title_element\":\"h3\",\"title_grid_breakpoint\":\"m\",\"title_grid_width\":\"1-2\",\"title_hover_style\":\"reset\"},\"children\":[{\"type\":\"grid_item\",\"props\":{\"image\":\"wp-content\\\/uploads\\\/22@.png\",\"image_alt\":\"22@\",\"title\":\"22@\"}},{\"type\":\"grid_item\",\"props\":{\"image\":\"wp-content\\\/uploads\\\/logo-ASHPAMA-horizontal-color.jpg\",\"image_alt\":\"22@\",\"title\":\"Ashpama\"}},{\"type\":\"grid_item\",\"props\":{\"image\":\"wp-content\\\/uploads\\\/CCIB_logo_2024.png\",\"image_alt\":\"22@\",\"title\":\"CCIB\"}},{\"type\":\"grid_item\",\"props\":{\"image\":\"wp-content\\\/uploads\\\/Logo_Eurofragance.png\",\"image_alt\":\"22@\",\"title\":\"Eurofragance\"}},{\"type\":\"grid_item\",\"props\":{\"image\":\"wp-content\\\/uploads\\\/t-systems.png\",\"image_alt\":\"t-systems\",\"title\":\"t-systems\"}},{\"type\":\"grid_item\",\"props\":{\"image\":\"wp-content\\\/uploads\\\/LOGOTIP-1.png\",\"image_alt\":\"t-systems\",\"title\":\"Inetum\"}},{\"type\":\"grid_item\",\"props\":{\"image\":\"wp-content\\\/uploads\\\/HiltonHotelsLogo.svg\",\"image_alt\":\"t-systems\",\"title\":\"Hilton\"}},{\"type\":\"grid_item\",\"props\":{\"image\":\"wp-content\\\/uploads\\\/Carburos-Logo-PNG.png\",\"image_alt\":\"t-systems\",\"title\":\"Carburos\"}},{\"type\":\"grid_item\",\"props\":{\"image\":\"wp-content\\\/uploads\\\/Assessoria-Sainz-de-Baranda_CAT-scaled.jpg\",\"image_alt\":\"Sainz De Baranda\",\"title\":\"Sainz De Baranda\"}},{\"type\":\"grid_item\",\"props\":{\"image\":\"wp-content\\\/uploads\\\/LOGOS-ALIATS_09-1.jpg\",\"image_alt\":\"Sainz De Baranda\",\"title\":\"Mercedes\"}},{\"type\":\"grid_item\",\"props\":{\"image\":\"wp-content\\\/uploads\\\/logo-masoliver-16-9.png\",\"image_alt\":\"Sainz De Baranda\",\"title\":\"MasOliver\"}},{\"type\":\"grid_item\",\"props\":{\"image\":\"wp-content\\\/uploads\\\/AP_Logo02_png.png\",\"image_alt\":\"Sainz De Baranda\",\"title\":\"Beveland\"}},{\"type\":\"grid_item\",\"props\":{\"image\":\"wp-content\\\/uploads\\\/Logo_ETL_Consultores.jpg\",\"image_alt\":\"Sainz De Baranda\",\"title\":\"ETL Consultores\"}},{\"type\":\"grid_item\",\"props\":{\"image\":\"wp-content\\\/uploads\\\/Inveniam-Group_CAST.png\",\"image_alt\":\"Inveniam Group\",\"title\":\"Inveniam Group\"}},{\"type\":\"grid_item\",\"props\":{\"image\":\"wp-content\\\/uploads\\\/Logo-Fundacio-Casa-Misericordia-Barcelona-FCMB-2.png\",\"image_alt\":\"Inveniam Group\",\"title\":\"Fund Casa Misericordia\"}},{\"type\":\"grid_item\",\"props\":{\"image\":\"wp-content\\\/uploads\\\/LOGOTIP-2.png\",\"image_alt\":\"Inveniam Group\",\"title\":\"Felca\"}},{\"type\":\"grid_item\",\"props\":{\"image\":\"wp-content\\\/uploads\\\/Logo_004.svg\",\"image_alt\":\"Inveniam Group\",\"title\":\"Manglar\"}},{\"type\":\"grid_item\",\"props\":{\"image\":\"wp-content\\\/uploads\\\/Logo_Asso_Dones_Montuieres.jpg\",\"image_alt\":\"Inveniam Group\",\"title\":\"Aso Dones Mont\"}},{\"type\":\"grid_item\",\"props\":{\"image\":\"wp-content\\\/uploads\\\/ICALIA_LOGO.png\",\"image_alt\":\"Inveniam Group\",\"title\":\"Icalia\"}},{\"type\":\"grid_item\",\"props\":{\"image\":\"wp-content\\\/uploads\\\/Baker_McKenzie_logo_2016.svg\",\"image_alt\":\"Inveniam Group\",\"title\":\"Baker Mc\"}},{\"type\":\"grid_item\",\"props\":{\"image\":\"wp-content\\\/uploads\\\/Logo-350x100-1.png\",\"image_alt\":\"Inveniam Group\",\"title\":\"Tribu\"}},{\"type\":\"grid_item\",\"props\":{\"image\":\"wp-content\\\/uploads\\\/Logo_PNG_Fundacio_bTEC.png\",\"image_alt\":\"Inveniam Group\",\"title\":\"BTec\"}},{\"type\":\"grid_item\",\"props\":{\"image\":\"wp-content\\\/uploads\\\/ArtParaula.png\",\"image_alt\":\"Inveniam Group\",\"title\":\"Art i paraula\"}},{\"type\":\"grid_item\",\"props\":{\"image\":\"wp-content\\\/uploads\\\/Diagonal111.png\",\"image_alt\":\"Diagonal111\",\"title\":\"Diagonal111\"}}]}]}],\"props\":{\"margin\":\"large\"}},{\"type\":\"row\",\"children\":[{\"type\":\"column\",\"props\":{\"image_position\":\"center-center\",\"position_sticky_breakpoint\":\"m\",\"width_medium\":\"1-1\"},\"children\":[{\"type\":\"headline\",\"props\":{\"content\":\"<strong>Han col\\u00b7laborat en les nostres campanyes<\\\/strong>\",\"text_align\":\"center\",\"title_color\":\"primary\",\"title_element\":\"h1\",\"title_style\":\"h2\"}},{\"type\":\"text\",\"props\":{\"column_breakpoint\":\"m\",\"content\":\"\n\n<p style=\\\"text-align: center;\\\"><strong>Sant Jordi<\\\/strong><br \\\/>Bumble, Eurofins, 22@network, Clece, Diagonal Mar, Inveniam Group, Immobili\\u00e0ria Diagonal111 (Falaise S.L), Innovat Hotels SL (Twentytu), Col\\u00b7legi de Farmac\\u00e8utics de Barcelona, Comercial Masoliver S.A.U., Felca, Carburos Met\\u00e1licos, Beveland, S.A., Manglar Coworking, Inetum, Innovat Hotels SL (Twentytu), LG Barcelona \\u2013 Concesionario Mercedez Benz, Audiconsultores ETL Global S.L., Fundaci\\u00f3 Casa Miseric\\u00f2rdia de Barcelona, Asesoria Sainz de Baranda S.A.P., Giro 100, Baker Mckenzie, Apple La Maquinista, Garda, Premium.<\\\/p>\",\"margin\":\"default\",\"text_style\":\"large\"}},{\"type\":\"text\",\"props\":{\"column_breakpoint\":\"m\",\"content\":\"\n\n<p style=\\\"text-align: center;\\\"><strong>Hotel Invisible<\\\/strong><br \\\/>Gremi Hotels de Barcelona, Splendon Suites, Hotel Gallery, Travil 98 (Duquesa), Europark, Gran Chef, Hotel Paral\\u00b7lel, Josel SLU, Aparthotel Fira Suites, NH Belagua, NH Calderon, NH Constanza, NH BCN Centro, NH Entenza, NH Les Corts, NH Eixample, NH Sants, NH Podium, NH BCN Stadium, NH Diagonal Center, HH del Mar (Colibr\\u00ed), HH Barri Gotic, HH Presidente, HH Ramblas, HH Tower, NH La Maquinista, NH Cornella, NH Ciutat de Vic, HH Sant Joan, HH Sant Just, NH Porta Barcelona, NH Sant Boi, Hotel Axel, Llogas S.A (Atiram), Slo Zolty (Atiram), Llihsa Hotels (Atiram), Tryp Condal, Alimara (Turisvall), Hotel Col\\u00f3n, Hotel Alexandra, Grupotel Gran V\\u00eda 678, Grupotel Gravina, Best Western Premier Hotel Dante, Hotel Mare Nostrum, Hotel Curious, Hotel Juan Carlos, Hotel Victoria Suite, AC Hotel Som by Marriot, Hotelera Glories Parc (Castell\\u00f3n), Residencial Ciudad Diagonal (Castell\\u00f3n), Hotel Monument Barcelona, Hotel Espa\\u00f1a, Hotel Condes<\\\/p>\",\"margin\":\"default\",\"text_style\":\"large\"}}]}],\"props\":{\"margin\":\"large\"}}]},{\"type\":\"section\",\"props\":{\"image_position\":\"center-center\",\"style\":\"secondary\",\"title_breakpoint\":\"xl\",\"title_position\":\"top-left\",\"title_rotation\":\"left\",\"vertical_align\":\"\",\"width\":\"default\"},\"children\":[{\"type\":\"row\",\"children\":[{\"type\":\"column\",\"props\":{\"image_position\":\"center-center\",\"position_sticky_breakpoint\":\"m\",\"width_medium\":\"1-1\"},\"children\":[{\"type\":\"text\",\"props\":{\"column_breakpoint\":\"m\",\"content\":\"\n\n<h2>Segueix-nos a les xarxes!<\\\/h2>\",\"css\":\".el-element{\\n\\tfont-weight:500;\\n}\",\"dropcap\":false,\"margin\":\"default\",\"text_align\":\"center\",\"text_color\":\"emphasis\",\"text_style\":\"large\"},\"name\":\"XXSS\"},{\"type\":\"social\",\"props\":{\"grid\":\"horizontal\",\"grid_column_gap\":\"small\",\"grid_row_gap\":\"small\",\"id\":\"social\",\"image_svg_inline\":true,\"link_style\":\"button\",\"link_target\":true,\"margin\":\"default\",\"text_align\":\"center\"},\"children\":[{\"type\":\"social_item\",\"props\":{\"link\":\"https:\\\/\\\/twitter.com\\\/fundacioires\"}},{\"type\":\"social_item\",\"props\":{\"link\":\"https:\\\/\\\/www.facebook.com\\\/FundacioIres\"}},{\"type\":\"social_item\",\"props\":{\"link\":\"http:\\\/\\\/www.linkedin.com\\\/company\\\/2095699?trk=vsrp_companies_res_name&trkInfo=VSRPsearchId%3A469749431411125992574%2CVSRPtargetId%3A2095699%2CVSRPcmpt%3Aprimary\"}},{\"type\":\"social_item\",\"props\":{\"link\":\"https:\\\/\\\/www.instagram.com\\\/fundacioires\\\/\"}},{\"type\":\"social_item\",\"props\":{\"link\":\"https:\\\/\\\/www.youtube.com\\\/user\\\/fundacioires1969\"}}]}]}]}],\"name\":\"XXSS\"},{\"type\":\"section\",\"props\":{\"image_position\":\"center-center\",\"style\":\"muted\",\"title_breakpoint\":\"xl\",\"title_position\":\"top-left\",\"title_rotation\":\"left\",\"vertical_align\":\"\",\"width\":\"default\"},\"children\":[{\"type\":\"row\",\"props\":{\"layout\":\"large,expand\"},\"children\":[{\"type\":\"column\",\"props\":{\"css\":\".el-column{\\ndisplay: inline-block;\\nposition: relative;\\n}\",\"image_position\":\"center-center\",\"position_sticky_breakpoint\":\"m\",\"width_medium\":\"large\"},\"children\":[{\"type\":\"headline\",\"props\":{\"content\":\"Contacta amb Fundaci\\u00f3 IRES\",\"maxwidth\":\"medium\",\"title_element\":\"div\",\"title_style\":\"h1\"}},{\"type\":\"text\",\"props\":{\"column_breakpoint\":\"m\",\"content\":\"\n\n<p>Si vols informaci\\u00f3 sobre algun dels nostres projectes a Catalunya o Balears.<\\\/p>\\n\n\n<p>Escriu-nos ara!<\\\/p>\",\"margin\":\"default\",\"text_style\":\"large\"}}]},{\"type\":\"column\",\"props\":{\"css\":\".el-column{\\n\\tmargin-top:5px;\\n}\",\"image_position\":\"center-center\",\"position_sticky_breakpoint\":\"m\",\"width_medium\":\"expand\"},\"children\":[{\"type\":\"text\",\"props\":{\"column_breakpoint\":\"m\",\"content\":\"\n\n<p>Hola IRES, aquestes son les meves dades:<\\\/p>\",\"margin\":\"medium\",\"text_color\":\"emphasis\",\"text_style\":\"large\"}},{\"type\":\"html\",\"props\":{\"content\":\"[contact-form-7 id=\\\"2475\\\" title=\\\"Formulari Pagina Contacte CAT\\\"]\",\"css\":\".el-element{\\n\\tmargin-bottom:20px;\\n}\"}}]}]}],\"name\":\"FORMULARIO\"}],\"version\":\"4.5.25\",\"yooessentialsVersion\":\"2.4.6\"} --><\/p>\n","protected":false},"excerpt":{"rendered":"<p>Finan\u00e7ament privat Sumem en xarxa Les aliances, el treball en xarxa i de coordinaci\u00f3 que hi ha hagut amb d\u2019altres actors, entitats socials, amb les administracions i amb el sector privat \u00e9s clau. Gr\u00e0cies a aquestes sinergies,\u00a0s\u2019han ampliat projectes de l\u2019ecosistema tant a Catalunya com a Balears, creixent com a entitat referent en l\u2019atenci\u00f3 a [&hellip;]<\/p>\n","protected":false},"author":3,"featured_media":54486,"parent":0,"menu_order":0,"comment_status":"closed","ping_status":"closed","template":"","meta":{"footnotes":""},"proyectos":[],"class_list":["post-2705","page","type-page","status-publish","has-post-thumbnail","hentry"],"yoast_head":"<!-- This site is optimized with the Yoast SEO plugin v27.4 - https:\/\/yoast.com\/product\/yoast-seo-wordpress\/ -->\n<title>Finan\u00e7ament privat - Fundaci\u00f3 IRES<\/title>\n<meta name=\"description\" content=\"Tot l\u2019impacte i la transformaci\u00f3 que duem a terme \u00e9s possible gr\u00e0cies a la participaci\u00f3 i la solidaritat d&#039;empreses i entitats compromeses.\" \/>\n<meta name=\"robots\" content=\"index, follow, max-snippet:-1, max-image-preview:large, max-video-preview:-1\" \/>\n<link rel=\"canonical\" href=\"https:\/\/www.fundacioires.org\/ca\/financament-privat\/\" \/>\n<meta property=\"og:locale\" content=\"ca_ES\" \/>\n<meta property=\"og:type\" content=\"article\" \/>\n<meta property=\"og:title\" content=\"Un problema com\u00fa, una soluci\u00f3 conjunta.\" \/>\n<meta property=\"og:description\" content=\"Tot l\u2019impacte i la transformaci\u00f3 que duem a terme \u00e9s possible gr\u00e0cies a la participaci\u00f3 i la solidaritat d&#039;empreses i entitats compromeses.\" \/>\n<meta property=\"og:url\" content=\"https:\/\/www.fundacioires.org\/ca\/financament-privat\/\" \/>\n<meta property=\"og:site_name\" content=\"Fundaci\u00f3 IRES\" \/>\n<meta property=\"article:modified_time\" content=\"2025-09-17T13:23:11+00:00\" \/>\n<meta property=\"og:image\" content=\"https:\/\/www.fundacioires.org\/wp-content\/uploads\/IMG_CABECERA_WEB-1024x576.png\" \/>\n\t<meta property=\"og:image:width\" content=\"1024\" \/>\n\t<meta property=\"og:image:height\" content=\"576\" \/>\n\t<meta property=\"og:image:type\" content=\"image\/png\" \/>\n<meta name=\"twitter:card\" content=\"summary_large_image\" \/>\n<meta name=\"twitter:title\" content=\"Un problema com\u00fa, una soluci\u00f3 conjunta.\" \/>\n<meta name=\"twitter:description\" content=\"Tot l\u2019impacte i la transformaci\u00f3 que duem a terme \u00e9s possible gr\u00e0cies a la participaci\u00f3 i la solidaritat d&#039;empreses i entitats compromeses.\" \/>\n<meta name=\"twitter:image\" content=\"https:\/\/i0.wp.com\/www.fundacioires.org\/wp-content\/uploads\/IMG_CABECERA_WEB.png?fit=1920%2C1080&ssl=1\" \/>\n<meta name=\"twitter:label1\" content=\"Est. reading time\" \/>\n\t<meta name=\"twitter:data1\" content=\"11 minutes\" \/>\n<script type=\"application\/ld+json\" class=\"yoast-schema-graph\">{\"@context\":\"https:\\\/\\\/schema.org\",\"@graph\":[{\"@type\":\"WebPage\",\"@id\":\"https:\\\/\\\/www.fundacioires.org\\\/ca\\\/financament-privat\\\/\",\"url\":\"https:\\\/\\\/www.fundacioires.org\\\/ca\\\/financament-privat\\\/\",\"name\":\"Finan\u00e7ament privat - Fundaci\u00f3 IRES\",\"isPartOf\":{\"@id\":\"https:\\\/\\\/www.fundacioires.org\\\/#website\"},\"primaryImageOfPage\":{\"@id\":\"https:\\\/\\\/www.fundacioires.org\\\/ca\\\/financament-privat\\\/#primaryimage\"},\"image\":{\"@id\":\"https:\\\/\\\/www.fundacioires.org\\\/ca\\\/financament-privat\\\/#primaryimage\"},\"thumbnailUrl\":\"https:\\\/\\\/i0.wp.com\\\/www.fundacioires.org\\\/wp-content\\\/uploads\\\/IMG_CABECERA_WEB.png?fit=1920%2C1080&ssl=1\",\"datePublished\":\"2019-04-17T22:57:22+00:00\",\"dateModified\":\"2025-09-17T13:23:11+00:00\",\"description\":\"Tot l\u2019impacte i la transformaci\u00f3 que duem a terme \u00e9s possible gr\u00e0cies a la participaci\u00f3 i la solidaritat d'empreses i entitats compromeses.\",\"breadcrumb\":{\"@id\":\"https:\\\/\\\/www.fundacioires.org\\\/ca\\\/financament-privat\\\/#breadcrumb\"},\"inLanguage\":\"ca-ES\",\"potentialAction\":[{\"@type\":\"ReadAction\",\"target\":[\"https:\\\/\\\/www.fundacioires.org\\\/ca\\\/financament-privat\\\/\"]}]},{\"@type\":\"ImageObject\",\"inLanguage\":\"ca-ES\",\"@id\":\"https:\\\/\\\/www.fundacioires.org\\\/ca\\\/financament-privat\\\/#primaryimage\",\"url\":\"https:\\\/\\\/i0.wp.com\\\/www.fundacioires.org\\\/wp-content\\\/uploads\\\/IMG_CABECERA_WEB.png?fit=1920%2C1080&ssl=1\",\"contentUrl\":\"https:\\\/\\\/i0.wp.com\\\/www.fundacioires.org\\\/wp-content\\\/uploads\\\/IMG_CABECERA_WEB.png?fit=1920%2C1080&ssl=1\",\"width\":1920,\"height\":1080},{\"@type\":\"BreadcrumbList\",\"@id\":\"https:\\\/\\\/www.fundacioires.org\\\/ca\\\/financament-privat\\\/#breadcrumb\",\"itemListElement\":[{\"@type\":\"ListItem\",\"position\":1,\"name\":\"Portada\",\"item\":\"https:\\\/\\\/www.fundacioires.org\\\/\"},{\"@type\":\"ListItem\",\"position\":2,\"name\":\"Finan\u00e7ament privat\"}]},{\"@type\":\"WebSite\",\"@id\":\"https:\\\/\\\/www.fundacioires.org\\\/#website\",\"url\":\"https:\\\/\\\/www.fundacioires.org\\\/\",\"name\":\"Fundaci\u00f3 IRES\",\"description\":\"\",\"publisher\":{\"@id\":\"https:\\\/\\\/www.fundacioires.org\\\/#organization\"},\"potentialAction\":[{\"@type\":\"SearchAction\",\"target\":{\"@type\":\"EntryPoint\",\"urlTemplate\":\"https:\\\/\\\/www.fundacioires.org\\\/?s={search_term_string}\"},\"query-input\":{\"@type\":\"PropertyValueSpecification\",\"valueRequired\":true,\"valueName\":\"search_term_string\"}}],\"inLanguage\":\"ca-ES\"},{\"@type\":\"Organization\",\"@id\":\"https:\\\/\\\/www.fundacioires.org\\\/#organization\",\"name\":\"Fundanci\u00f3n IRES\",\"url\":\"https:\\\/\\\/www.fundacioires.org\\\/\",\"logo\":{\"@type\":\"ImageObject\",\"inLanguage\":\"ca-ES\",\"@id\":\"https:\\\/\\\/www.fundacioires.org\\\/#\\\/schema\\\/logo\\\/image\\\/\",\"url\":\"https:\\\/\\\/i0.wp.com\\\/www.fundacioires.org\\\/wp-content\\\/uploads\\\/faviconIRES.png?fit=32%2C32&ssl=1\",\"contentUrl\":\"https:\\\/\\\/i0.wp.com\\\/www.fundacioires.org\\\/wp-content\\\/uploads\\\/faviconIRES.png?fit=32%2C32&ssl=1\",\"width\":32,\"height\":32,\"caption\":\"Fundanci\u00f3n IRES\"},\"image\":{\"@id\":\"https:\\\/\\\/www.fundacioires.org\\\/#\\\/schema\\\/logo\\\/image\\\/\"}}]}<\/script>\n<!-- \/ Yoast SEO plugin. -->","yoast_head_json":{"title":"Finan\u00e7ament privat - Fundaci\u00f3 IRES","description":"Tot l\u2019impacte i la transformaci\u00f3 que duem a terme \u00e9s possible gr\u00e0cies a la participaci\u00f3 i la solidaritat d'empreses i entitats compromeses.","robots":{"index":"index","follow":"follow","max-snippet":"max-snippet:-1","max-image-preview":"max-image-preview:large","max-video-preview":"max-video-preview:-1"},"canonical":"https:\/\/www.fundacioires.org\/ca\/financament-privat\/","og_locale":"ca_ES","og_type":"article","og_title":"Un problema com\u00fa, una soluci\u00f3 conjunta.","og_description":"Tot l\u2019impacte i la transformaci\u00f3 que duem a terme \u00e9s possible gr\u00e0cies a la participaci\u00f3 i la solidaritat d'empreses i entitats compromeses.","og_url":"https:\/\/www.fundacioires.org\/ca\/financament-privat\/","og_site_name":"Fundaci\u00f3 IRES","article_modified_time":"2025-09-17T13:23:11+00:00","og_image":[{"width":1024,"height":576,"url":"https:\/\/www.fundacioires.org\/wp-content\/uploads\/IMG_CABECERA_WEB-1024x576.png","type":"image\/png"}],"twitter_card":"summary_large_image","twitter_title":"Un problema com\u00fa, una soluci\u00f3 conjunta.","twitter_description":"Tot l\u2019impacte i la transformaci\u00f3 que duem a terme \u00e9s possible gr\u00e0cies a la participaci\u00f3 i la solidaritat d'empreses i entitats compromeses.","twitter_image":"https:\/\/i0.wp.com\/www.fundacioires.org\/wp-content\/uploads\/IMG_CABECERA_WEB.png?fit=1920%2C1080&ssl=1","twitter_misc":{"Est. reading time":"11 minutes"},"schema":{"@context":"https:\/\/schema.org","@graph":[{"@type":"WebPage","@id":"https:\/\/www.fundacioires.org\/ca\/financament-privat\/","url":"https:\/\/www.fundacioires.org\/ca\/financament-privat\/","name":"Finan\u00e7ament privat - Fundaci\u00f3 IRES","isPartOf":{"@id":"https:\/\/www.fundacioires.org\/#website"},"primaryImageOfPage":{"@id":"https:\/\/www.fundacioires.org\/ca\/financament-privat\/#primaryimage"},"image":{"@id":"https:\/\/www.fundacioires.org\/ca\/financament-privat\/#primaryimage"},"thumbnailUrl":"https:\/\/i0.wp.com\/www.fundacioires.org\/wp-content\/uploads\/IMG_CABECERA_WEB.png?fit=1920%2C1080&ssl=1","datePublished":"2019-04-17T22:57:22+00:00","dateModified":"2025-09-17T13:23:11+00:00","description":"Tot l\u2019impacte i la transformaci\u00f3 que duem a terme \u00e9s possible gr\u00e0cies a la participaci\u00f3 i la solidaritat d'empreses i entitats compromeses.","breadcrumb":{"@id":"https:\/\/www.fundacioires.org\/ca\/financament-privat\/#breadcrumb"},"inLanguage":"ca-ES","potentialAction":[{"@type":"ReadAction","target":["https:\/\/www.fundacioires.org\/ca\/financament-privat\/"]}]},{"@type":"ImageObject","inLanguage":"ca-ES","@id":"https:\/\/www.fundacioires.org\/ca\/financament-privat\/#primaryimage","url":"https:\/\/i0.wp.com\/www.fundacioires.org\/wp-content\/uploads\/IMG_CABECERA_WEB.png?fit=1920%2C1080&ssl=1","contentUrl":"https:\/\/i0.wp.com\/www.fundacioires.org\/wp-content\/uploads\/IMG_CABECERA_WEB.png?fit=1920%2C1080&ssl=1","width":1920,"height":1080},{"@type":"BreadcrumbList","@id":"https:\/\/www.fundacioires.org\/ca\/financament-privat\/#breadcrumb","itemListElement":[{"@type":"ListItem","position":1,"name":"Portada","item":"https:\/\/www.fundacioires.org\/"},{"@type":"ListItem","position":2,"name":"Finan\u00e7ament privat"}]},{"@type":"WebSite","@id":"https:\/\/www.fundacioires.org\/#website","url":"https:\/\/www.fundacioires.org\/","name":"Fundaci\u00f3 IRES","description":"","publisher":{"@id":"https:\/\/www.fundacioires.org\/#organization"},"potentialAction":[{"@type":"SearchAction","target":{"@type":"EntryPoint","urlTemplate":"https:\/\/www.fundacioires.org\/?s={search_term_string}"},"query-input":{"@type":"PropertyValueSpecification","valueRequired":true,"valueName":"search_term_string"}}],"inLanguage":"ca-ES"},{"@type":"Organization","@id":"https:\/\/www.fundacioires.org\/#organization","name":"Fundanci\u00f3n IRES","url":"https:\/\/www.fundacioires.org\/","logo":{"@type":"ImageObject","inLanguage":"ca-ES","@id":"https:\/\/www.fundacioires.org\/#\/schema\/logo\/image\/","url":"https:\/\/i0.wp.com\/www.fundacioires.org\/wp-content\/uploads\/faviconIRES.png?fit=32%2C32&ssl=1","contentUrl":"https:\/\/i0.wp.com\/www.fundacioires.org\/wp-content\/uploads\/faviconIRES.png?fit=32%2C32&ssl=1","width":32,"height":32,"caption":"Fundanci\u00f3n IRES"},"image":{"@id":"https:\/\/www.fundacioires.org\/#\/schema\/logo\/image\/"}}]}},"jetpack_sharing_enabled":true,"_links":{"self":[{"href":"https:\/\/www.fundacioires.org\/ca\/wp-json\/wp\/v2\/pages\/2705","targetHints":{"allow":["GET"]}}],"collection":[{"href":"https:\/\/www.fundacioires.org\/ca\/wp-json\/wp\/v2\/pages"}],"about":[{"href":"https:\/\/www.fundacioires.org\/ca\/wp-json\/wp\/v2\/types\/page"}],"author":[{"embeddable":true,"href":"https:\/\/www.fundacioires.org\/ca\/wp-json\/wp\/v2\/users\/3"}],"replies":[{"embeddable":true,"href":"https:\/\/www.fundacioires.org\/ca\/wp-json\/wp\/v2\/comments?post=2705"}],"version-history":[{"count":41,"href":"https:\/\/www.fundacioires.org\/ca\/wp-json\/wp\/v2\/pages\/2705\/revisions"}],"predecessor-version":[{"id":80301,"href":"https:\/\/www.fundacioires.org\/ca\/wp-json\/wp\/v2\/pages\/2705\/revisions\/80301"}],"wp:featuredmedia":[{"embeddable":true,"href":"https:\/\/www.fundacioires.org\/ca\/wp-json\/wp\/v2\/media\/54486"}],"wp:attachment":[{"href":"https:\/\/www.fundacioires.org\/ca\/wp-json\/wp\/v2\/media?parent=2705"}],"wp:term":[{"taxonomy":"proyectos","embeddable":true,"href":"https:\/\/www.fundacioires.org\/ca\/wp-json\/wp\/v2\/proyectos?post=2705"}],"curies":[{"name":"wp","href":"https:\/\/api.w.org\/{rel}","templated":true}]}}