{"id":2762,"date":"2019-04-18T09:51:00","date_gmt":"2019-04-18T07:51:00","guid":{"rendered":"https:\/\/fundacioires.org\/?page_id=2762"},"modified":"2025-08-27T08:54:07","modified_gmt":"2025-08-27T06:54:07","slug":"financament-public","status":"publish","type":"page","link":"https:\/\/www.fundacioires.org\/ca\/financament-public\/","title":{"rendered":"Finan\u00e7ament p\u00fablic"},"content":{"rendered":"<h1><strong>Finan\u00e7ament p\u00fablic<\/strong><\/h1>\n<div>\n<p>Sumem en xarxa<\/p>\n<\/div>\n<h1><strong>Catalunya<\/strong><\/h1>\n<ul>\n<li>\n<p>        <img decoding=\"async\" src=\"\/wp-content\/uploads\/WEB_LOGO_FINANCAMENT_GenCat.svg\" alt=\"GenCat\"><\/p>\n<h3>GenCat<\/h3>\n<\/li>\n<li>\n<p>        <img decoding=\"async\" src=\"\/wp-content\/uploads\/WEB_LOGO_FINANCAMENT_GenCat_Dep_Justicia-1.svg\" alt=\"GenCat_Dep_Justi\u0301cia\"><\/p>\n<h3>GenCat_Dep_Justi\u0301cia<\/h3>\n<\/li>\n<li>\n<p>        <img decoding=\"async\" src=\"\/wp-content\/uploads\/WEB_LOGO_FINANCAMENT_GenCat_Dep_Drets_socials_Inclusio.svg\" alt=\"GenCat_Dep_Drets_socials\"><\/p>\n<h3>GenCat_Dep_Drets_socials_Inclusi\u00f3<\/h3>\n<\/li>\n<li>\n<p>        <img decoding=\"async\" src=\"\/wp-content\/uploads\/WEB_LOGO_FINANCAMENT_GenCat_ICAA.svg\" alt=\"GenCat_ICAA\"><\/p>\n<h3>GenCat_ICAA<\/h3>\n<\/li>\n<li>\n<p>        <img decoding=\"async\" src=\"\/wp-content\/uploads\/WEB_LOGO_FINANCAMENT_GenCat_DGAIA.png\" alt=\"\"><\/p>\n<h3>GenCat_DGAIA<\/h3>\n<\/li>\n<li>\n<p>        <img decoding=\"async\" src=\"\/wp-content\/uploads\/WEB_LOGOS_FINANCAMENT_AHC.svg\" alt=\"AHC\"><\/p>\n<h3>AHC<\/h3>\n<\/li>\n<li>\n<p>        <img decoding=\"async\" src=\"\/wp-content\/uploads\/WEB_LOGOS_FINANCAMENT_GenCat_Dep_Empresa_Treball.svg\" alt=\"GenCat_Dep_Empresa_Treball\"><\/p>\n<h3>GenCat_Dep_Empresa_Treball<\/h3>\n<\/li>\n<li>\n<p>        <img decoding=\"async\" src=\"\/wp-content\/uploads\/WEB_LOGOS_FINANCAMENT_SOC.svg\" alt=\"SOC\"><\/p>\n<h3>SOC<\/h3>\n<\/li>\n<li>\n<p>        <img decoding=\"async\" src=\"\/wp-content\/uploads\/WEB_LOGOS_FINANCAMENT_GenCat_Dep_Igualtat_Feminismes.svg\" alt=\"GenCat_Dep_Igualtat_Feminismes\"><\/p>\n<h3>GenCat_Dep_Igualtat_Feminismes<\/h3>\n<\/li>\n<li>\n<p>        <img decoding=\"async\" src=\"\/wp-content\/uploads\/WEB_LOGOS_FINANCAMENT_GenCat_Dep_Salut-1.svg\" alt=\"GenCat_Dep_Salut\"><\/p>\n<h3>GenCat_Dep_Salut<\/h3>\n<\/li>\n<li>\n<p>        <img decoding=\"async\" src=\"\/wp-content\/uploads\/WEB_LOGOS_FINANCAMENT_Agencia_Salut_Publica-1.svg\" alt=\"CSB_Age\u0300ncia_Salut_Pu\u0301blica\"><\/p>\n<h3>CSB_Age\u0300ncia_Salut_Pu\u0301blica<\/h3>\n<\/li>\n<li>\n<p>        <img decoding=\"async\" src=\"\/wp-content\/uploads\/WEB_LOGOS_FINANCAMENT_GenCat_Dep_Salut-2.svg\" alt=\"Sist_Salut_Cat\"><\/p>\n<h3>Sist_Salut_Cat<\/h3>\n<\/li>\n<li>\n<p>        <img decoding=\"async\" src=\"\/wp-content\/uploads\/WEB_LOGOS_FINANCAMENT_Ajuntament_Barcelona.svg\" alt=\"Ajuntament_Barcelona\"><\/p>\n<h3>Ajuntament_Barcelona<\/h3>\n<\/li>\n<li>\n<p>        <img decoding=\"async\" src=\"\/wp-content\/uploads\/WEB_LOGOS_FINANCAMENT_Aj_Sant_Adria_Besos.svg\" alt=\"Aj_Sant_Adria_Besos\"><\/p>\n<h3>Aj_Sant_Adria_Besos<\/h3>\n<\/li>\n<li>\n<p>        <img decoding=\"async\" src=\"\/wp-content\/uploads\/WEB_LOGOS_FINANCAMENT_Ajuntament_Matadepera.svg\" alt=\"Aj_Matadepera\"><\/p>\n<h3>Aj_Matadepera<\/h3>\n<\/li>\n<li>\n<p>        <img decoding=\"async\" src=\"\/wp-content\/uploads\/WEB_LOGOS_FINANCAMENT_Aj_Sant_Pere_Ribes.svg\" alt=\"Aj_Sant_Pere_Ribes\"><\/p>\n<h3>Aj_Sant_Pere_Ribes<\/h3>\n<\/li>\n<li>\n<p>        <img decoding=\"async\" src=\"\/wp-content\/uploads\/WEB_LOGOS_FINANCAMENT_Aj_Hospitalet.svg\" alt=\"Aj_Sant_Pere_Ribes\"><\/p>\n<h3>Aj_Sant_Pere_Ribes<\/h3>\n<\/li>\n<li>\n<p>        <img decoding=\"async\" src=\"\/wp-content\/uploads\/WEB_LOGOS_FINANCAMENT_Foment_Ciutat.png\" alt=\"Aj_Sant_Pere_Ribes\"><\/p>\n<h3>Foment_Ciutat<\/h3>\n<\/li>\n<li>\n<p>        <img decoding=\"async\" src=\"\/wp-content\/uploads\/WEB_LOGOS_FINANCAMENT_Diputacio_Barcelona.svg\" alt=\"Diputacio\u0301_Barcelona\"><\/p>\n<h3>Diputacio\u0301_Barcelona<\/h3>\n<\/li>\n<\/ul>\n<h1><strong>Balears<\/strong><\/h1>\n<ul>\n<li>\n<p>        <img decoding=\"async\" src=\"\/wp-content\/uploads\/WEB_LOGO_FINANCAMENT_GOIB-1.svg\" alt=\"Consell Mallorca\"><\/p>\n<h3>GOIB<\/h3>\n<\/li>\n<li>\n<p>        <img decoding=\"async\" src=\"\/wp-content\/uploads\/WEB_LOGOS_FINANCAMENT_Conselleria_Families_Benestar_Dependencia.svg\" alt=\"Consell Mallorca\"><\/p>\n<h3>GOIB_Families_Benestar_Dependencia<\/h3>\n<\/li>\n<li>\n<p>        <img decoding=\"async\" src=\"\/wp-content\/uploads\/logo-vector-institut-balear-de-la-dona-1-copia.jpg\" alt=\"Consell Mallorca\"><\/p>\n<h3>IBDona<\/h3>\n<\/li>\n<li>\n<p>        <img decoding=\"async\" src=\"\/wp-content\/uploads\/WEB_LOGOS_FINANCAMENT_Consell_Mallorca-1.svg\" alt=\"Consell Mallorca\"><\/p>\n<h3>Consell Mallorca<\/h3>\n<\/li>\n<li>\n<p>        <img decoding=\"async\" src=\"\/wp-content\/uploads\/WEB_LOGOS_FINANCAMENT_IMAS.svg\" alt=\"Consell Mallorca\"><\/p>\n<h3>IMAS<\/h3>\n<\/li>\n<li>\n<p>        <img decoding=\"async\" src=\"\/wp-content\/uploads\/WEB_LOGOS_FINANCAMENT_Aj_Palma.svg\" alt=\"Aj Palma\"><\/p>\n<h3>Aj Palma<\/h3>\n<\/li>\n<li>\n<p>        <img decoding=\"async\" src=\"\/wp-content\/uploads\/WEB_LOGOS_FINANCAMENT_Aj_Manacor-1.svg\" alt=\"Aj Manacor\"><\/p>\n<h3>Aj Manacor<\/h3>\n<\/li>\n<li>\n<p>        <img decoding=\"async\" src=\"\/wp-content\/uploads\/WEB_LOGOS_FINANCAMENT_Aj_Inca-1.png\" alt=\"Aj Son Servera\"><\/p>\n<h3>Aj Inca<\/h3>\n<\/li>\n<li>\n<p>        <img decoding=\"async\" src=\"\/wp-content\/uploads\/WEB_LOGOS_FINANCAMENT_Aj_Arta.svg\" alt=\"Aj Son Servera\"><\/p>\n<h3>Aj Arta<\/h3>\n<\/li>\n<li>\n<p>        <img decoding=\"async\" src=\"\/wp-content\/uploads\/WEB_LOGOS_FINANCAMENT_Pla_Mancomunitat.svg\" alt=\"Pla Mallorca\"><\/p>\n<h3>Pla Mallorca<\/h3>\n<\/li>\n<li>\n<p>        <img decoding=\"async\" src=\"\/wp-content\/uploads\/WEB_LOGOS_FINANCAMENT_Aj_Son_Servera.svg\" alt=\"Pla Mallorca\"><\/p>\n<h3>Aj Son Servera<\/h3>\n<\/li>\n<li>\n<p>        <img decoding=\"async\" src=\"\/wp-content\/uploads\/Aj_Sant_Llorenc.png\" alt=\"Pla Mallorca\"><\/p>\n<h3>Aj Sant Lloren\u00e7<\/h3>\n<\/li>\n<li>\n<p>        <img decoding=\"async\" src=\"\/wp-content\/uploads\/Escut_Ajuntament_de_sa_Pobla-1.png\" alt=\"Pla Mallorca\"><\/p>\n<h3>Aj Sa Pobla<\/h3>\n<\/li>\n<li>\n<p>        <img decoding=\"async\" src=\"\/wp-content\/uploads\/WEB_LOGOS_FINANCAMENT_SOIB.svg\" alt=\"SOIB\"><\/p>\n<h3>SOIB<\/h3>\n<\/li>\n<\/ul>\n<h1><strong>Estatals i europees<\/strong><\/h1>\n<ul>\n<li>\n<p>        <img decoding=\"async\" src=\"\/wp-content\/uploads\/WEB_LOGOS_FINANCAMENT_Minis_Justicia.svg\" alt=\"Minis_Justicia\"><\/p>\n<h3>Minis_Justicia<\/h3>\n<\/li>\n<li>\n<p>        <img decoding=\"async\" src=\"\/wp-content\/uploads\/WEB_LOGOS_FINANCAMENT_Minis_Igualdad_Pacto_Estado_1.svg\" alt=\"Minis_Igualdad_Pacto_Estado\"><\/p>\n<h3>Minis_Igualdad_Pacto_Estado<\/h3>\n<\/li>\n<li>\n<p>        <img decoding=\"async\" src=\"\/wp-content\/uploads\/iniciativa_ocupacio_juvenil.png\" alt=\"FSE\"><\/p>\n<h3>FSE<\/h3>\n<\/li>\n<\/ul>\n<div>\n<h2><strong>Segueix-nos a les xarxes!<\/strong><\/h2>\n<\/div>\n<ul>\n<li><a href=\"https:\/\/twitter.com\/fundacioires\">twitter<\/a>\n<\/li>\n<li><a href=\"https:\/\/www.facebook.com\/FundacioIres\">facebook<\/a>\n<\/li>\n<li><a href=\"http:\/\/www.linkedin.com\/company\/2095699?trk=vsrp_companies_res_name&#038;trkInfo=VSRPsearchId%3A469749431411125992574%2CVSRPtargetId%3A2095699%2CVSRPcmpt%3Aprimary\">linkedin<\/a>\n<\/li>\n<li><a href=\"https:\/\/www.instagram.com\/fundacioires\/\">instagram<\/a>\n<\/li>\n<li><a href=\"https:\/\/www.youtube.com\/user\/fundacioires1969\">youtube<\/a>\n<\/li>\n<\/ul>\n<div>Necessito contactar amb IRES<\/div>\n<div>\n<p>Si desitges informaci\u00f3n sobre algun dels nostres projectes a Catalunya o Balears.<\/p>\n<p>Escriu-nos ara!<\/p>\n<\/div>\n<div>\n<p>Hola IRES, aquestes son les meves dades:<\/p>\n<\/div>\n<div>\n\n<div class=\"wpcf7 no-js\" id=\"wpcf7-f2475-o1\" lang=\"en-US\" dir=\"ltr\" data-wpcf7-id=\"2475\">\n<div class=\"screen-reader-response\"><p role=\"status\" aria-live=\"polite\" aria-atomic=\"true\"><\/p> <ul><\/ul><\/div>\n<form action=\"\/ca\/wp-json\/wp\/v2\/pages\/2762#wpcf7-f2475-o1\" method=\"post\" class=\"wpcf7-form init bb9e21171d24 cmatic-conn cmatic-aud-24 cmatic-mapd0-0 cmatic-v097802 cmatic-sent-0 cmatic-total-6845\" aria-label=\"Contact form\" novalidate=\"novalidate\" data-status=\"init\">\n<fieldset class=\"hidden-fields-container\"><input type=\"hidden\" name=\"_wpcf7\" value=\"2475\" \/><input type=\"hidden\" name=\"_wpcf7_version\" value=\"6.1.5\" \/><input type=\"hidden\" name=\"_wpcf7_locale\" value=\"en_US\" \/><input type=\"hidden\" name=\"_wpcf7_unit_tag\" value=\"wpcf7-f2475-o1\" \/><input type=\"hidden\" name=\"_wpcf7_container_post\" value=\"0\" \/><input type=\"hidden\" name=\"_wpcf7_posted_data_hash\" value=\"\" \/><input type=\"hidden\" name=\"_wpcf7cf_hidden_group_fields\" value=\"[]\" \/><input type=\"hidden\" name=\"_wpcf7cf_hidden_groups\" value=\"[]\" \/><input type=\"hidden\" name=\"_wpcf7cf_visible_groups\" value=\"[]\" \/><input type=\"hidden\" name=\"_wpcf7cf_repeaters\" value=\"[]\" \/><input type=\"hidden\" name=\"_wpcf7cf_steps\" value=\"{}\" \/><input type=\"hidden\" name=\"_wpcf7cf_options\" value=\"{&quot;form_id&quot;:2475,&quot;conditions&quot;:[],&quot;settings&quot;:{&quot;animation&quot;:&quot;yes&quot;,&quot;animation_intime&quot;:200,&quot;animation_outtime&quot;:200,&quot;conditions_ui&quot;:&quot;normal&quot;,&quot;notice_dismissed&quot;:false}}\" \/><input type=\"hidden\" name=\"_wpcf7_recaptcha_response\" value=\"\" \/>\n<\/fieldset>\n<div class=\"uk-form\" uk-grid>\n<div class=\"uk-width-1-1\">\n<label> Motiu de la consulta \n    <span class=\"wpcf7-form-control-wrap\" data-name=\"motivo-consulta\"><select class=\"wpcf7-form-control wpcf7-select wpcf7-validates-as-required uk-select\" aria-required=\"true\" aria-invalid=\"false\" name=\"motivo-consulta\"><option value=\"\">Seleccioneu un motiu<\/option><option value=\"S\u00f3c donant\">S\u00f3c donant<\/option><option value=\"S\u00f3c una empresa\">S\u00f3c una empresa<\/option><option value=\"S\u00f3c periodista\">S\u00f3c periodista<\/option><option value=\"Vull fer un voluntariat\">Vull fer un voluntariat<\/option><option value=\"S\u00f3c estudiant i vull informaci\u00f3\">S\u00f3c estudiant i vull informaci\u00f3<\/option><option value=\"Necessito ajuda\">Necessito ajuda<\/option><option value=\"Altres\">Altres<\/option><\/select><\/span><\/label>\n<\/div> \n<div class=\"uk-width-1-2@s\">\n<label> Nom \n    <span class=\"wpcf7-form-control-wrap\" data-name=\"nombre-es\"><input size=\"40\" maxlength=\"400\" class=\"wpcf7-form-control wpcf7-text wpcf7-validates-as-required uk-input\" aria-required=\"true\" aria-invalid=\"false\" value=\"\" type=\"text\" name=\"nombre-es\" \/><\/span> <\/label>\n<\/div>\n<div class=\"uk-width-1-2@s\">\n<label> Cognoms \n    <span class=\"wpcf7-form-control-wrap\" data-name=\"apellidos-es\"><input size=\"40\" maxlength=\"400\" class=\"wpcf7-form-control wpcf7-text wpcf7-validates-as-required uk-input\" aria-required=\"true\" aria-invalid=\"false\" value=\"\" type=\"text\" name=\"apellidos-es\" \/><\/span> <\/label>\n<\/div>\n<div class=\"uk-width-1-1\">\n<label> El teu correu electr\u00f2nic\n    <span class=\"wpcf7-form-control-wrap\" data-name=\"email-es\"><input size=\"40\" maxlength=\"400\" class=\"wpcf7-form-control wpcf7-email wpcf7-validates-as-required wpcf7-text wpcf7-validates-as-email uk-input\" aria-required=\"true\" aria-invalid=\"false\" value=\"\" type=\"email\" name=\"email-es\" \/><\/span> <\/label>\n<\/div>\n<div class=\"uk-width-1-1\">\n<label> Un tel\u00e8fon\n    <span class=\"wpcf7-form-control-wrap\" data-name=\"telefono-es\"><input size=\"40\" maxlength=\"400\" class=\"wpcf7-form-control wpcf7-tel wpcf7-text wpcf7-validates-as-tel uk-input\" aria-invalid=\"false\" value=\"\" type=\"tel\" name=\"telefono-es\" \/><\/span> <\/label>\n<\/div>\n<div class=\"uk-width-1-1\">\n<label> Comentaris\n    <span class=\"wpcf7-form-control-wrap\" data-name=\"comentairos-es\"><textarea cols=\"40\" rows=\"10\" maxlength=\"2000\" class=\"wpcf7-form-control wpcf7-textarea uk-input\" aria-invalid=\"false\" name=\"comentairos-es\"><\/textarea><\/span> <\/label>\n<\/div>\n<div class=\"uk-width-1-1 uk-width-expand@s uk-grid-item-match uk-flex-middle\">\n    <span class=\"wpcf7-form-control-wrap\" data-name=\"newsletter\"><span class=\"wpcf7-form-control wpcf7-acceptance optional\"><span class=\"wpcf7-list-item\"><label><input type=\"checkbox\" name=\"newsletter\" value=\"1\" class=\"uk-checkbox\" aria-invalid=\"false\" \/><span class=\"wpcf7-list-item-label\">Vull rebre informaci\u00f3 de la Fundaci\u00f3 IRES<\/span><\/label><\/span><\/span><\/span>\n    <span class=\"wpcf7-form-control-wrap\" data-name=\"politicas\"><span class=\"wpcf7-form-control wpcf7-acceptance\"><span class=\"wpcf7-list-item\"><label><input type=\"checkbox\" name=\"politicas\" value=\"1\" class=\"uk-checkbox\" aria-invalid=\"false\" \/><span class=\"wpcf7-list-item-label\">Accepto l'<a href=\"\/ca\/avis-legal\/\" target=\"_blank\">Av\u00eds legal<\/a>, la <a href=\"\/ca\/politica-de-privacitat\/\" target=\"_blank\">Pol\u00edtica de privacitat<\/a> i la <a href=\"\/ca\/politica-de-privacitat-a-les-xarxes-socials\/\" target=\"_blank\">Pol\u00edtica de privacitat a les xarxes socials<\/a><\/span><\/label><\/span><\/span><\/span>\n<\/div>\n<div class=\"uk-width-1-1 uk-width-auto@s uk-flex uk-flex-bottom uk-position-relative\">\n    <input class=\"wpcf7-form-control wpcf7-submit has-spinner uk-button uk-button-default\" type=\"submit\" value=\"Enviar\" \/>\n<\/div>\n<\/div>\n\n<style>\n.wpcf7-spinner{\n   position: absolute;\n   right: -50px;\n}\n<\/style><div class=\"wpcf7-response-output\" aria-hidden=\"true\"><\/div>\n<\/form>\n<\/div>\n<\/div>\n<p><!--more--><br \/>\n<!-- {\"name\":\"Financiadores p\\u00fablicos\",\"type\":\"layout\",\"children\":[{\"name\":\"Breadcrums Parallax\",\"type\":\"section\",\"props\":{\"id\":\"breadcrums\",\"image_position\":\"center-center\",\"image_size\":\"cover\",\"image_width\":\"2560\",\"padding\":\"none\",\"status\":\"disabled\",\"style\":\"default\",\"text_color\":\"light\",\"title_breakpoint\":\"xl\",\"title_position\":\"top-left\",\"title_rotation\":\"left\",\"vertical_align\":\"\",\"width\":\"default\"},\"children\":[{\"type\":\"row\",\"props\":{\"margin\":\"large\",\"width\":\"default\"},\"children\":[{\"type\":\"column\",\"props\":{\"image_position\":\"center-center\",\"position_sticky_breakpoint\":\"m\",\"width_medium\":\"1-1\"},\"children\":[{\"type\":\"module\",\"props\":{\"menu_image_align\":\"center\",\"menu_image_margin\":true,\"menu_style\":\"default\",\"menu_type\":\"nav\",\"type\":\"breadcrumbs\",\"widget\":\"breadcrumbs-3\"},\"name\":\"Breadcrums\"}]}]}]},{\"type\":\"section\",\"props\":{\"height\":\"page\",\"image\":\"wp-content\\\/uploads\\\/IMG-Cabecera-Hero-1.jpg\",\"image_effect\":\"parallax\",\"image_position\":\"top-center\",\"image_size\":\"width-1-1\",\"image_width\":\"2560\",\"media_overlay\":\"rgba(0, 0, 0, 0.47)\",\"padding\":\"large\",\"style\":\"default\",\"text_color\":\"light\",\"title_breakpoint\":\"xl\",\"title_position\":\"top-left\",\"title_rotation\":\"left\",\"vertical_align\":\"\",\"width\":\"default\"},\"children\":[{\"type\":\"row\",\"children\":[{\"type\":\"column\",\"props\":{\"image_position\":\"center-center\",\"position_sticky_breakpoint\":\"m\"},\"children\":[{\"type\":\"headline\",\"props\":{\"content\":\"<strong>Finan\\u00e7ament p\\u00fablic<\\\/strong>\",\"text_align\":\"center\",\"title_element\":\"h1\",\"title_style\":\"heading-medium\"}},{\"type\":\"text\",\"props\":{\"column_breakpoint\":\"m\",\"content\":\"\n\n<p>Sumem en xarxa<\\\/p>\",\"margin\":\"small\",\"text_align\":\"center\",\"text_style\":\"lead\"}}]}]}],\"name\":\"CABECERA\"},{\"name\":\"Els nostres finan\\u00e7adors p\\u00fablics\",\"type\":\"section\",\"props\":{\"id\":\"contacto\",\"image_position\":\"center-center\",\"image_size\":\"cover\",\"image_width\":\"2560\",\"padding_remove_horizontal\":false,\"style\":\"default\",\"text_color\":\"light\",\"title_breakpoint\":\"xl\",\"title_position\":\"top-left\",\"title_rotation\":\"left\",\"vertical_align\":\"\",\"width\":\"default\"},\"children\":[{\"type\":\"row\",\"children\":[{\"type\":\"column\",\"props\":{\"image_position\":\"center-center\",\"position_sticky_breakpoint\":\"m\",\"width_medium\":\"1-1\"},\"children\":[{\"type\":\"headline\",\"props\":{\"content\":\"<strong>Catalunya<\\\/strong>\",\"margin\":\"small\",\"text_align\":\"center\",\"title_color\":\"primary\",\"title_element\":\"h1\",\"title_style\":\"h2\"}},{\"type\":\"grid\",\"props\":{\"content_column_breakpoint\":\"m\",\"filter_align\":\"left\",\"filter_all\":true,\"filter_grid_breakpoint\":\"m\",\"filter_grid_width\":\"auto\",\"filter_position\":\"top\",\"filter_style\":\"tab\",\"grid_column_align\":true,\"grid_default\":\"2\",\"grid_medium\":\"4\",\"icon_width\":\"\",\"image_align\":\"between\",\"image_grid_breakpoint\":\"m\",\"image_grid_width\":\"1-2\",\"image_height\":\"100\",\"image_svg_color\":\"emphasis\",\"item_animation\":true,\"lightbox_bg_close\":true,\"link_style\":\"default\",\"link_text\":\"Read more\",\"margin\":\"default\",\"meta_align\":\"below-title\",\"meta_element\":\"div\",\"meta_style\":\"text-meta\",\"panel_padding\":\"small\",\"panel_style\":\"card-default\",\"parallax_easing\":\"1\",\"show_content\":true,\"show_hover_image\":true,\"show_hover_video\":true,\"show_image\":true,\"show_link\":true,\"show_meta\":true,\"show_title\":false,\"show_video\":true,\"text_align\":\"center\",\"title_align\":\"top\",\"title_element\":\"h3\",\"title_grid_breakpoint\":\"m\",\"title_grid_width\":\"1-2\",\"title_hover_style\":\"reset\"},\"children\":[{\"type\":\"grid_item\",\"props\":{\"image\":\"wp-content\\\/uploads\\\/WEB_LOGO_FINANCAMENT_GenCat.svg\",\"image_alt\":\"GenCat\",\"title\":\"GenCat\"}},{\"type\":\"grid_item\",\"props\":{\"image\":\"wp-content\\\/uploads\\\/WEB_LOGO_FINANCAMENT_GenCat_Dep_Justicia-1.svg\",\"image_alt\":\"GenCat_Dep_Justi\\u0301cia\",\"title\":\"GenCat_Dep_Justi\\u0301cia\"}},{\"type\":\"grid_item\",\"props\":{\"image\":\"wp-content\\\/uploads\\\/WEB_LOGO_FINANCAMENT_GenCat_Dep_Drets_socials_Inclusio.svg\",\"image_alt\":\"GenCat_Dep_Drets_socials\",\"title\":\"GenCat_Dep_Drets_socials_Inclusi\\u00f3\"}},{\"type\":\"grid_item\",\"props\":{\"image\":\"wp-content\\\/uploads\\\/WEB_LOGO_FINANCAMENT_GenCat_ICAA.svg\",\"image_alt\":\"GenCat_ICAA\",\"title\":\"GenCat_ICAA\"}},{\"type\":\"grid_item\",\"props\":{\"image\":\"wp-content\\\/uploads\\\/WEB_LOGO_FINANCAMENT_GenCat_DGAIA.png\",\"title\":\"GenCat_DGAIA\"}},{\"type\":\"grid_item\",\"props\":{\"image\":\"wp-content\\\/uploads\\\/WEB_LOGOS_FINANCAMENT_AHC.svg\",\"image_alt\":\"AHC\",\"title\":\"AHC\"}},{\"type\":\"grid_item\",\"props\":{\"image\":\"wp-content\\\/uploads\\\/WEB_LOGOS_FINANCAMENT_GenCat_Dep_Empresa_Treball.svg\",\"image_alt\":\"GenCat_Dep_Empresa_Treball\",\"title\":\"GenCat_Dep_Empresa_Treball\"}},{\"type\":\"grid_item\",\"props\":{\"image\":\"wp-content\\\/uploads\\\/WEB_LOGOS_FINANCAMENT_SOC.svg\",\"image_alt\":\"SOC\",\"title\":\"SOC\"}},{\"type\":\"grid_item\",\"props\":{\"image\":\"wp-content\\\/uploads\\\/WEB_LOGOS_FINANCAMENT_GenCat_Dep_Igualtat_Feminismes.svg\",\"image_alt\":\"GenCat_Dep_Igualtat_Feminismes\",\"title\":\"GenCat_Dep_Igualtat_Feminismes\"}},{\"type\":\"grid_item\",\"props\":{\"image\":\"wp-content\\\/uploads\\\/WEB_LOGOS_FINANCAMENT_GenCat_Dep_Salut-1.svg\",\"image_alt\":\"GenCat_Dep_Salut\",\"title\":\"GenCat_Dep_Salut\"}},{\"type\":\"grid_item\",\"props\":{\"image\":\"wp-content\\\/uploads\\\/WEB_LOGOS_FINANCAMENT_Agencia_Salut_Publica-1.svg\",\"image_alt\":\"CSB_Age\\u0300ncia_Salut_Pu\\u0301blica\",\"title\":\"CSB_Age\\u0300ncia_Salut_Pu\\u0301blica\"}},{\"type\":\"grid_item\",\"props\":{\"image\":\"wp-content\\\/uploads\\\/WEB_LOGOS_FINANCAMENT_GenCat_Dep_Salut-2.svg\",\"image_alt\":\"Sist_Salut_Cat\",\"title\":\"Sist_Salut_Cat\"}},{\"type\":\"grid_item\",\"props\":{\"image\":\"wp-content\\\/uploads\\\/WEB_LOGOS_FINANCAMENT_Ajuntament_Barcelona.svg\",\"image_alt\":\"Ajuntament_Barcelona\",\"title\":\"Ajuntament_Barcelona\"}},{\"type\":\"grid_item\",\"props\":{\"image\":\"wp-content\\\/uploads\\\/WEB_LOGOS_FINANCAMENT_Aj_Sant_Adria_Besos.svg\",\"image_alt\":\"Aj_Sant_Adria_Besos\",\"title\":\"Aj_Sant_Adria_Besos\"}},{\"type\":\"grid_item\",\"props\":{\"image\":\"wp-content\\\/uploads\\\/WEB_LOGOS_FINANCAMENT_Ajuntament_Matadepera.svg\",\"image_alt\":\"Aj_Matadepera\",\"title\":\"Aj_Matadepera\"}},{\"type\":\"grid_item\",\"props\":{\"image\":\"wp-content\\\/uploads\\\/WEB_LOGOS_FINANCAMENT_Aj_Sant_Pere_Ribes.svg\",\"image_alt\":\"Aj_Sant_Pere_Ribes\",\"title\":\"Aj_Sant_Pere_Ribes\"}},{\"type\":\"grid_item\",\"props\":{\"image\":\"wp-content\\\/uploads\\\/WEB_LOGOS_FINANCAMENT_Aj_Hospitalet.svg\",\"image_alt\":\"Aj_Sant_Pere_Ribes\",\"title\":\"Aj_Sant_Pere_Ribes\"}},{\"type\":\"grid_item\",\"props\":{\"image\":\"wp-content\\\/uploads\\\/WEB_LOGOS_FINANCAMENT_Foment_Ciutat.png\",\"image_alt\":\"Aj_Sant_Pere_Ribes\",\"title\":\"Foment_Ciutat\"}},{\"type\":\"grid_item\",\"props\":{\"image\":\"wp-content\\\/uploads\\\/WEB_LOGOS_FINANCAMENT_Diputacio_Barcelona.svg\",\"image_alt\":\"Diputacio\\u0301_Barcelona\",\"title\":\"Diputacio\\u0301_Barcelona\"}}],\"name\":\"CAT\"},{\"type\":\"grid\",\"props\":{\"content_column_breakpoint\":\"m\",\"filter_align\":\"left\",\"filter_all\":true,\"filter_grid_breakpoint\":\"m\",\"filter_grid_width\":\"auto\",\"filter_position\":\"top\",\"filter_style\":\"tab\",\"grid_default\":\"2\",\"grid_medium\":\"4\",\"icon_width\":80,\"image_align\":\"top\",\"image_grid_breakpoint\":\"m\",\"image_grid_width\":\"1-2\",\"image_svg_color\":\"emphasis\",\"item_animation\":true,\"lightbox_bg_close\":true,\"link_style\":\"default\",\"link_text\":\"Read more\",\"margin\":\"default\",\"meta_align\":\"below-title\",\"meta_element\":\"div\",\"meta_style\":\"text-meta\",\"panel_padding\":\"default\",\"panel_style\":\"card-default\",\"parallax_easing\":\"1\",\"show_content\":true,\"show_hover_image\":true,\"show_hover_video\":true,\"show_image\":true,\"show_link\":true,\"show_meta\":true,\"show_title\":true,\"show_video\":true,\"status\":\"disabled\",\"text_align\":\"center\",\"title_align\":\"top\",\"title_element\":\"h3\",\"title_grid_breakpoint\":\"m\",\"title_grid_width\":\"1-2\",\"title_hover_style\":\"reset\"},\"children\":[{\"type\":\"grid_item\",\"props\":{\"image\":\"wp-content\\\/uploads\\\/Gene_0012_1-Generalitat-catalunya.jpg\",\"image_alt\":\"Logotipo de hotel Majestic\"}},{\"type\":\"grid_item\",\"props\":{\"image\":\"wp-content\\\/uploads\\\/Gene_0011_2-Dept-empresa-i-coneixement.jpg\"}},{\"type\":\"grid_item\",\"props\":{\"image\":\"wp-content\\\/uploads\\\/Gene_0010_3-UB.jpg\"}},{\"type\":\"grid_item\",\"props\":{\"image\":\"wp-content\\\/uploads\\\/Gene_0009_4-logo-departament-justicia_171877.jpg\"}},{\"type\":\"grid_item\",\"props\":{\"image\":\"wp-content\\\/uploads\\\/Gene_0008_5-Direc-gen-de-serveis-penitenciaris.jpg\"}},{\"type\":\"grid_item\",\"props\":{\"image\":\"wp-content\\\/uploads\\\/Gene_0007_6-dep-de-salut.jpg\"}},{\"type\":\"grid_item\",\"props\":{\"image\":\"wp-content\\\/uploads\\\/Gene_0006_7-Institut-catala-de-la-salut.jpg\"}},{\"type\":\"grid_item\",\"props\":{\"image\":\"wp-content\\\/uploads\\\/Gene_0005_8-dept-territori-i-sostenabilitat.jpg\"}},{\"type\":\"grid_item\",\"props\":{\"image\":\"wp-content\\\/uploads\\\/Gene_0004_10-direcc-gen-de-proteccio\\u0301-social.jpg\"}},{\"type\":\"grid_item\",\"props\":{\"image\":\"wp-content\\\/uploads\\\/Gene_0003_10-Gene_Dpt-Treball_Secretaria-dAfers-Socials-i-Fami\\u0301lies.jpg\"}},{\"type\":\"grid_item\",\"props\":{\"image\":\"wp-content\\\/uploads\\\/Gene_0002_11-DGAIA_Catalun\\u0303a.jpg\"}},{\"type\":\"grid_item\",\"props\":{\"image\":\"wp-content\\\/uploads\\\/Gene_0001_12-icaa_h2.jpg\"}},{\"type\":\"grid_item\",\"props\":{\"image\":\"wp-content\\\/uploads\\\/Gene_0000_14-SOC.jpg\"}}],\"name\":\"CAT (OLD)\"}]}]},{\"type\":\"row\",\"children\":[{\"type\":\"column\",\"props\":{\"image_position\":\"center-center\",\"position_sticky_breakpoint\":\"m\",\"width_medium\":\"1-1\"},\"children\":[{\"type\":\"text\",\"props\":{\"column_breakpoint\":\"m\",\"content\":\"\n\n<h3 style=\\\"text-align: center;\\\">Ajuntaments<\\\/h3>\",\"margin\":\"default\"}},{\"type\":\"grid\",\"props\":{\"content_column_breakpoint\":\"m\",\"filter_align\":\"left\",\"filter_all\":true,\"filter_grid_breakpoint\":\"m\",\"filter_grid_width\":\"auto\",\"filter_position\":\"top\",\"filter_style\":\"tab\",\"grid_default\":\"2\",\"grid_medium\":\"4\",\"icon_width\":80,\"image_align\":\"top\",\"image_grid_breakpoint\":\"m\",\"image_grid_width\":\"1-2\",\"image_svg_color\":\"emphasis\",\"item_animation\":true,\"lightbox_bg_close\":true,\"link_style\":\"default\",\"link_text\":\"Read more\",\"margin\":\"default\",\"meta_align\":\"below-title\",\"meta_element\":\"div\",\"meta_style\":\"text-meta\",\"panel_padding\":\"default\",\"panel_style\":\"card-default\",\"parallax_easing\":\"1\",\"show_content\":true,\"show_hover_image\":true,\"show_hover_video\":true,\"show_image\":true,\"show_link\":true,\"show_meta\":true,\"show_title\":true,\"show_video\":true,\"text_align\":\"center\",\"title_align\":\"top\",\"title_element\":\"h3\",\"title_grid_breakpoint\":\"m\",\"title_grid_width\":\"1-2\",\"title_hover_style\":\"reset\"},\"children\":[{\"type\":\"grid_item\",\"props\":{\"image\":\"wp-content\\\/uploads\\\/LOGO-08_Ajuntament-de-BCN.jpg\"}},{\"type\":\"grid_item\",\"props\":{\"image\":\"wp-content\\\/uploads\\\/AJUNTAMENTS_0006_2-Ajunt-de-Matadepera.jpg\"}},{\"type\":\"grid_item\",\"props\":{\"image\":\"wp-content\\\/uploads\\\/AJUNTAMENTS_0005_3-Ajunt-Sant-Pere-de-Ribes.jpg\"}},{\"type\":\"grid_item\",\"props\":{\"image\":\"wp-content\\\/uploads\\\/AJUNTAMENTS_0004_4-Ajunt-Sant-Adria\\u0300-del-Beso\\u0300s.jpg\"}},{\"type\":\"grid_item\",\"props\":{\"image\":\"wp-content\\\/uploads\\\/AJUNTAMENTS_0003_5-Ajunt-Cornella\\u0300-de-Llobregat.jpg\"}},{\"type\":\"grid_item\",\"props\":{\"image\":\"wp-content\\\/uploads\\\/AJUNTAMENTS_0001_7-Ajunt-de-Piera.jpg\"}}]}]}],\"props\":{\"status\":\"disabled\"}},{\"type\":\"row\",\"children\":[{\"type\":\"column\",\"props\":{\"image_position\":\"center-center\",\"position_sticky_breakpoint\":\"m\",\"width_medium\":\"1-1\"},\"children\":[{\"type\":\"headline\",\"props\":{\"content\":\"<strong>Balears<\\\/strong>\",\"margin\":\"small\",\"text_align\":\"center\",\"title_color\":\"primary\",\"title_element\":\"h1\",\"title_style\":\"h2\"}},{\"type\":\"grid\",\"props\":{\"content_column_breakpoint\":\"m\",\"filter_align\":\"left\",\"filter_all\":true,\"filter_grid_breakpoint\":\"m\",\"filter_grid_width\":\"auto\",\"filter_position\":\"top\",\"filter_style\":\"tab\",\"grid_column_align\":true,\"grid_default\":\"2\",\"grid_medium\":\"4\",\"icon_width\":\"\",\"image_align\":\"between\",\"image_grid_breakpoint\":\"m\",\"image_grid_width\":\"1-2\",\"image_height\":100,\"image_svg_color\":\"emphasis\",\"item_animation\":true,\"lightbox_bg_close\":true,\"link_style\":\"default\",\"link_text\":\"Read more\",\"margin\":\"default\",\"meta_align\":\"below-title\",\"meta_element\":\"div\",\"meta_style\":\"text-meta\",\"panel_padding\":\"small\",\"panel_style\":\"card-default\",\"parallax_easing\":\"1\",\"show_content\":true,\"show_hover_image\":true,\"show_hover_video\":true,\"show_image\":true,\"show_link\":true,\"show_meta\":true,\"show_title\":false,\"show_video\":true,\"text_align\":\"center\",\"title_align\":\"top\",\"title_element\":\"h3\",\"title_grid_breakpoint\":\"m\",\"title_grid_width\":\"1-2\",\"title_hover_style\":\"reset\"},\"children\":[{\"type\":\"grid_item\",\"props\":{\"image\":\"wp-content\\\/uploads\\\/WEB_LOGO_FINANCAMENT_GOIB-1.svg\",\"image_alt\":\"Consell Mallorca\",\"title\":\"GOIB\"}},{\"type\":\"grid_item\",\"props\":{\"image\":\"wp-content\\\/uploads\\\/WEB_LOGOS_FINANCAMENT_Conselleria_Families_Benestar_Dependencia.svg\",\"image_alt\":\"Consell Mallorca\",\"title\":\"GOIB_Families_Benestar_Dependencia\"}},{\"type\":\"grid_item\",\"props\":{\"image\":\"wp-content\\\/uploads\\\/logo-vector-institut-balear-de-la-dona-1-copia.jpg\",\"image_alt\":\"Consell Mallorca\",\"title\":\"IBDona\"}},{\"type\":\"grid_item\",\"props\":{\"image\":\"wp-content\\\/uploads\\\/WEB_LOGOS_FINANCAMENT_Consell_Mallorca-1.svg\",\"image_alt\":\"Consell Mallorca\",\"title\":\"Consell Mallorca\"}},{\"type\":\"grid_item\",\"props\":{\"image\":\"wp-content\\\/uploads\\\/WEB_LOGOS_FINANCAMENT_IMAS.svg\",\"image_alt\":\"Consell Mallorca\",\"title\":\"IMAS\"}},{\"type\":\"grid_item\",\"props\":{\"image\":\"wp-content\\\/uploads\\\/WEB_LOGOS_FINANCAMENT_Aj_Palma.svg\",\"image_alt\":\"Aj Palma\",\"title\":\"Aj Palma\"}},{\"type\":\"grid_item\",\"props\":{\"image\":\"wp-content\\\/uploads\\\/WEB_LOGOS_FINANCAMENT_Aj_Manacor-1.svg\",\"image_alt\":\"Aj Manacor\",\"title\":\"Aj Manacor\"}},{\"type\":\"grid_item\",\"props\":{\"image\":\"wp-content\\\/uploads\\\/WEB_LOGOS_FINANCAMENT_Aj_Inca-1.png\",\"image_alt\":\"Aj Son Servera\",\"title\":\"Aj Inca\"}},{\"type\":\"grid_item\",\"props\":{\"image\":\"wp-content\\\/uploads\\\/WEB_LOGOS_FINANCAMENT_Aj_Arta.svg\",\"image_alt\":\"Aj Son Servera\",\"title\":\"Aj Arta\"}},{\"type\":\"grid_item\",\"props\":{\"image\":\"wp-content\\\/uploads\\\/WEB_LOGOS_FINANCAMENT_Pla_Mancomunitat.svg\",\"image_alt\":\"Pla Mallorca\",\"title\":\"Pla Mallorca\"}},{\"type\":\"grid_item\",\"props\":{\"image\":\"wp-content\\\/uploads\\\/WEB_LOGOS_FINANCAMENT_Aj_Son_Servera.svg\",\"image_alt\":\"Pla Mallorca\",\"title\":\"Aj Son Servera\"}},{\"type\":\"grid_item\",\"props\":{\"image\":\"wp-content\\\/uploads\\\/Aj_Sant_Llorenc.png\",\"image_alt\":\"Pla Mallorca\",\"title\":\"Aj Sant Lloren\\u00e7\"}},{\"type\":\"grid_item\",\"props\":{\"image\":\"wp-content\\\/uploads\\\/Escut_Ajuntament_de_sa_Pobla-1.png\",\"image_alt\":\"Pla Mallorca\",\"title\":\"Aj Sa Pobla\"}},{\"type\":\"grid_item\",\"props\":{\"image\":\"wp-content\\\/uploads\\\/WEB_LOGOS_FINANCAMENT_SOIB.svg\",\"image_alt\":\"SOIB\",\"title\":\"SOIB\"}}],\"name\":\"BAL\"},{\"type\":\"grid\",\"props\":{\"content_column_breakpoint\":\"m\",\"filter_align\":\"left\",\"filter_all\":true,\"filter_grid_breakpoint\":\"m\",\"filter_grid_width\":\"auto\",\"filter_position\":\"top\",\"filter_style\":\"tab\",\"grid_default\":\"2\",\"grid_medium\":\"4\",\"icon_width\":80,\"image_align\":\"top\",\"image_grid_breakpoint\":\"m\",\"image_grid_width\":\"1-2\",\"image_svg_color\":\"emphasis\",\"item_animation\":true,\"lightbox_bg_close\":true,\"link_style\":\"default\",\"link_text\":\"Read more\",\"margin\":\"default\",\"meta_align\":\"below-title\",\"meta_element\":\"div\",\"meta_style\":\"text-meta\",\"panel_padding\":\"default\",\"panel_style\":\"card-default\",\"parallax_easing\":\"1\",\"show_content\":true,\"show_hover_image\":true,\"show_hover_video\":true,\"show_image\":true,\"show_link\":true,\"show_meta\":true,\"show_title\":false,\"show_video\":true,\"status\":\"disabled\",\"text_align\":\"center\",\"title_align\":\"top\",\"title_element\":\"h3\",\"title_grid_breakpoint\":\"m\",\"title_grid_width\":\"1-2\",\"title_hover_style\":\"reset\"},\"children\":[{\"type\":\"grid_item\",\"props\":{\"image\":\"wp-content\\\/uploads\\\/balears_0009_1-Ayuntamiento-palma.jpg\"}},{\"type\":\"grid_item\",\"props\":{\"image\":\"wp-content\\\/uploads\\\/190-x-80-logos-2.jpg\"}},{\"type\":\"grid_item\",\"props\":{\"image\":\"wp-content\\\/uploads\\\/190-x-80-logos-3.jpg\"}},{\"type\":\"grid_item\",\"props\":{\"image\":\"wp-content\\\/uploads\\\/190-x-80-logos-5-1.jpg\"}}]}]}]},{\"type\":\"row\",\"children\":[{\"type\":\"column\",\"props\":{\"image_position\":\"center-center\",\"position_sticky_breakpoint\":\"m\",\"width_medium\":\"1-1\"},\"children\":[{\"type\":\"text\",\"props\":{\"column_breakpoint\":\"m\",\"content\":\"\n\n<h3 style=\\\"text-align: center;\\\">Barcelona<\\\/h3>\",\"margin\":\"default\"}},{\"type\":\"grid\",\"props\":{\"content_column_breakpoint\":\"m\",\"filter_align\":\"left\",\"filter_all\":true,\"filter_grid_breakpoint\":\"m\",\"filter_grid_width\":\"auto\",\"filter_position\":\"top\",\"filter_style\":\"tab\",\"grid_default\":\"2\",\"grid_medium\":\"2\",\"icon_width\":80,\"image_align\":\"top\",\"image_grid_breakpoint\":\"m\",\"image_grid_width\":\"1-2\",\"image_svg_color\":\"emphasis\",\"item_animation\":true,\"lightbox_bg_close\":true,\"link_style\":\"default\",\"link_text\":\"Read more\",\"margin\":\"default\",\"meta_align\":\"below-title\",\"meta_element\":\"div\",\"meta_style\":\"text-meta\",\"panel_padding\":\"default\",\"panel_style\":\"card-default\",\"parallax_easing\":\"1\",\"show_content\":true,\"show_hover_image\":true,\"show_hover_video\":true,\"show_image\":true,\"show_link\":true,\"show_meta\":true,\"show_title\":true,\"show_video\":true,\"text_align\":\"center\",\"title_align\":\"top\",\"title_element\":\"h3\",\"title_grid_breakpoint\":\"m\",\"title_grid_width\":\"1-2\",\"title_hover_style\":\"reset\"},\"children\":[{\"type\":\"grid_item\",\"props\":{\"image\":\"wp-content\\\/uploads\\\/LOGO-09_Diba.jpg\"}},{\"type\":\"grid_item\",\"props\":{\"image\":\"wp-content\\\/uploads\\\/barcelonaespan\\u0303a_0002_4.-Consorci-Biblioteques-de-BCN.jpg\"}}]}]}],\"props\":{\"status\":\"disabled\"}},{\"type\":\"row\",\"children\":[{\"type\":\"column\",\"props\":{\"image_position\":\"center-center\",\"position_sticky_breakpoint\":\"m\",\"width_medium\":\"1-1\"},\"children\":[{\"type\":\"headline\",\"props\":{\"content\":\"<strong>Estatals i europees<\\\/strong>\",\"margin\":\"small\",\"text_align\":\"center\",\"title_color\":\"primary\",\"title_element\":\"h1\",\"title_style\":\"h2\"}},{\"type\":\"grid\",\"props\":{\"content_column_breakpoint\":\"m\",\"filter_align\":\"left\",\"filter_all\":true,\"filter_grid_breakpoint\":\"m\",\"filter_grid_width\":\"auto\",\"filter_position\":\"top\",\"filter_style\":\"tab\",\"grid_default\":\"2\",\"grid_medium\":\"3\",\"icon_width\":\"\",\"image_align\":\"between\",\"image_grid_breakpoint\":\"m\",\"image_grid_width\":\"1-2\",\"image_height\":\"200\",\"image_svg_color\":\"emphasis\",\"item_animation\":true,\"lightbox_bg_close\":true,\"link_style\":\"default\",\"link_text\":\"Read more\",\"margin\":\"default\",\"meta_align\":\"below-title\",\"meta_element\":\"div\",\"meta_style\":\"text-meta\",\"panel_padding\":\"small\",\"panel_style\":\"card-default\",\"parallax_easing\":\"1\",\"show_content\":true,\"show_hover_image\":true,\"show_hover_video\":true,\"show_image\":true,\"show_link\":true,\"show_meta\":true,\"show_title\":false,\"show_video\":true,\"text_align\":\"center\",\"title_align\":\"top\",\"title_element\":\"h3\",\"title_grid_breakpoint\":\"m\",\"title_grid_width\":\"1-2\",\"title_hover_style\":\"reset\"},\"children\":[{\"type\":\"grid_item\",\"props\":{\"image\":\"wp-content\\\/uploads\\\/WEB_LOGOS_FINANCAMENT_Minis_Justicia.svg\",\"image_alt\":\"Minis_Justicia\",\"title\":\"Minis_Justicia\"}},{\"type\":\"grid_item\",\"props\":{\"image\":\"wp-content\\\/uploads\\\/WEB_LOGOS_FINANCAMENT_Minis_Igualdad_Pacto_Estado_1.svg\",\"image_alt\":\"Minis_Igualdad_Pacto_Estado\",\"title\":\"Minis_Igualdad_Pacto_Estado\"}},{\"type\":\"grid_item\",\"props\":{\"image\":\"wp-content\\\/uploads\\\/iniciativa_ocupacio_juvenil.png\",\"image_alt\":\"FSE\",\"title\":\"FSE\"}}],\"name\":\"ESP Y UE\"},{\"type\":\"grid\",\"props\":{\"content_column_breakpoint\":\"m\",\"filter_align\":\"left\",\"filter_all\":true,\"filter_grid_breakpoint\":\"m\",\"filter_grid_width\":\"auto\",\"filter_position\":\"top\",\"filter_style\":\"tab\",\"grid_default\":\"2\",\"grid_medium\":\"2\",\"icon_width\":80,\"image_align\":\"top\",\"image_grid_breakpoint\":\"m\",\"image_grid_width\":\"1-2\",\"image_svg_color\":\"emphasis\",\"item_animation\":true,\"lightbox_bg_close\":true,\"link_style\":\"default\",\"link_text\":\"Read more\",\"margin\":\"default\",\"meta_align\":\"below-title\",\"meta_element\":\"div\",\"meta_style\":\"text-meta\",\"panel_padding\":\"default\",\"panel_style\":\"card-default\",\"parallax_easing\":\"1\",\"show_content\":true,\"show_hover_image\":true,\"show_hover_video\":true,\"show_image\":true,\"show_link\":true,\"show_meta\":true,\"show_title\":true,\"show_video\":true,\"status\":\"disabled\",\"text_align\":\"center\",\"title_align\":\"top\",\"title_element\":\"h3\",\"title_grid_breakpoint\":\"m\",\"title_grid_width\":\"1-2\",\"title_hover_style\":\"reset\"},\"children\":[{\"type\":\"grid_item\",\"props\":{\"image\":\"wp-content\\\/uploads\\\/barcelonaespan\\u0303a_0001_6.-Ministerio-de-Sanidad.jpg\"}},{\"type\":\"grid_item\",\"props\":{\"image\":\"wp-content\\\/uploads\\\/barcelonaespan\\u0303a_0000_7.-Ministerio-de-Justicia.jpg\"}}],\"name\":\"ESP y UE\"}]}]}]},{\"type\":\"section\",\"props\":{\"image_position\":\"center-center\",\"style\":\"secondary\",\"title_breakpoint\":\"xl\",\"title_position\":\"top-left\",\"title_rotation\":\"left\",\"vertical_align\":\"\",\"width\":\"default\"},\"children\":[{\"type\":\"row\",\"children\":[{\"type\":\"column\",\"props\":{\"image_position\":\"center-center\",\"position_sticky_breakpoint\":\"m\"},\"children\":[{\"type\":\"text\",\"props\":{\"column_breakpoint\":\"m\",\"content\":\"\n\n<h2><strong>Segueix-nos a les xarxes!<\\\/strong><\\\/h2>\",\"css\":\".el-element{\\n\\tfont-weight:500;\\n}\",\"dropcap\":false,\"margin\":\"default\",\"text_align\":\"center\",\"text_color\":\"emphasis\",\"text_style\":\"large\"}},{\"type\":\"social\",\"props\":{\"grid\":\"horizontal\",\"grid_column_gap\":\"small\",\"grid_row_gap\":\"small\",\"id\":\"social\",\"image_svg_inline\":true,\"link_style\":\"button\",\"link_target\":true,\"margin\":\"default\",\"text_align\":\"center\"},\"children\":[{\"type\":\"social_item\",\"props\":{\"link\":\"https:\\\/\\\/twitter.com\\\/fundacioires\"}},{\"type\":\"social_item\",\"props\":{\"link\":\"https:\\\/\\\/www.facebook.com\\\/FundacioIres\"}},{\"type\":\"social_item\",\"props\":{\"link\":\"http:\\\/\\\/www.linkedin.com\\\/company\\\/2095699?trk=vsrp_companies_res_name&trkInfo=VSRPsearchId%3A469749431411125992574%2CVSRPtargetId%3A2095699%2CVSRPcmpt%3Aprimary\"}},{\"type\":\"social_item\",\"props\":{\"link\":\"https:\\\/\\\/www.instagram.com\\\/fundacioires\\\/\"}},{\"type\":\"social_item\",\"props\":{\"link\":\"https:\\\/\\\/www.youtube.com\\\/user\\\/fundacioires1969\"}}]}]}]}]},{\"type\":\"section\",\"props\":{\"image_position\":\"center-center\",\"style\":\"muted\",\"title_breakpoint\":\"xl\",\"title_position\":\"top-left\",\"title_rotation\":\"left\",\"vertical_align\":\"\",\"width\":\"default\"},\"children\":[{\"type\":\"row\",\"props\":{\"layout\":\"large,expand\"},\"children\":[{\"type\":\"column\",\"props\":{\"css\":\".el-column{\\ndisplay: inline-block;\\nposition: relative;\\n}\",\"image_position\":\"center-center\",\"position_sticky_breakpoint\":\"m\",\"width_medium\":\"large\"},\"children\":[{\"type\":\"headline\",\"props\":{\"content\":\"Necessito contactar amb IRES\",\"maxwidth\":\"medium\",\"title_element\":\"div\",\"title_style\":\"h1\"}},{\"type\":\"text\",\"props\":{\"column_breakpoint\":\"m\",\"content\":\"\n\n<p>Si desitges informaci\\u00f3n sobre algun dels nostres projectes a Catalunya o Balears.<\\\/p>\\n\n\n<p>Escriu-nos ara!<\\\/p>\",\"margin\":\"default\",\"text_style\":\"large\"}}]},{\"type\":\"column\",\"props\":{\"css\":\".el-column{\\n\\tmargin-top:5px;\\n}\",\"image_position\":\"center-center\",\"position_sticky_breakpoint\":\"m\",\"width_medium\":\"expand\"},\"children\":[{\"type\":\"text\",\"props\":{\"column_breakpoint\":\"m\",\"content\":\"\n\n<p>Hola IRES, aquestes son les meves dades:<\\\/p>\",\"margin\":\"medium\",\"text_color\":\"emphasis\",\"text_style\":\"large\"}},{\"type\":\"html\",\"props\":{\"content\":\"[contact-form-7 id=\\\"2475\\\" title=\\\"Formulari Pagina Contacte CAT\\\"]\",\"css\":\".el-element{\\n\\tmargin-bottom:20px;\\n}\"}}]}]}],\"name\":\"FORMULARIO\"}],\"version\":\"4.5.21\",\"yooessentialsVersion\":\"2.3.12\"} --><\/p>\n","protected":false},"excerpt":{"rendered":"<p>Finan\u00e7ament p\u00fablic Sumem en xarxa Catalunya GenCat GenCat_Dep_Justi\u0301cia GenCat_Dep_Drets_socials_Inclusi\u00f3 GenCat_ICAA GenCat_DGAIA AHC GenCat_Dep_Empresa_Treball SOC GenCat_Dep_Igualtat_Feminismes GenCat_Dep_Salut CSB_Age\u0300ncia_Salut_Pu\u0301blica Sist_Salut_Cat Ajuntament_Barcelona Aj_Sant_Adria_Besos Aj_Matadepera Aj_Sant_Pere_Ribes Aj_Sant_Pere_Ribes Foment_Ciutat Diputacio\u0301_Barcelona Balears GOIB GOIB_Families_Benestar_Dependencia IBDona Consell Mallorca IMAS Aj Palma Aj Manacor Aj Inca Aj Arta Pla Mallorca Aj Son Servera Aj Sant Lloren\u00e7 Aj Sa Pobla SOIB Estatals i europees [&hellip;]<\/p>\n","protected":false},"author":3,"featured_media":79293,"parent":0,"menu_order":0,"comment_status":"closed","ping_status":"closed","template":"","meta":{"footnotes":""},"proyectos":[],"class_list":["post-2762","page","type-page","status-publish","has-post-thumbnail","hentry"],"yoast_head":"<!-- This site is optimized with the Yoast SEO plugin v27.4 - https:\/\/yoast.com\/product\/yoast-seo-wordpress\/ -->\n<title>Finan\u00e7ament p\u00fablic - Fundaci\u00f3 IRES<\/title>\n<meta name=\"description\" content=\"Ser transparents han estat sempre la nostra prioritat. Per aix\u00f2 expliquem a qu\u00e8 destinem aquests diners i quin \u00e9s el nostre impacte social.\" \/>\n<meta name=\"robots\" content=\"index, follow, max-snippet:-1, max-image-preview:large, max-video-preview:-1\" \/>\n<link rel=\"canonical\" href=\"https:\/\/www.fundacioires.org\/ca\/financament-public\/\" \/>\n<meta property=\"og:locale\" content=\"ca_ES\" \/>\n<meta property=\"og:type\" content=\"article\" \/>\n<meta property=\"og:title\" content=\"Finan\u00e7ament p\u00fablic - Fundaci\u00f3 IRES\" \/>\n<meta property=\"og:description\" content=\"Ser transparents han estat sempre la nostra prioritat. Per aix\u00f2 expliquem a qu\u00e8 destinem aquests diners i quin \u00e9s el nostre impacte social.\" \/>\n<meta property=\"og:url\" content=\"https:\/\/www.fundacioires.org\/ca\/financament-public\/\" \/>\n<meta property=\"og:site_name\" content=\"Fundaci\u00f3 IRES\" \/>\n<meta property=\"article:modified_time\" content=\"2025-08-27T06:54:07+00:00\" \/>\n<meta property=\"og:image\" content=\"https:\/\/www.fundacioires.org\/wp-content\/uploads\/Financament_Public.jpg\" \/>\n\t<meta property=\"og:image:width\" content=\"1920\" \/>\n\t<meta property=\"og:image:height\" content=\"1080\" \/>\n\t<meta property=\"og:image:type\" content=\"image\/jpeg\" \/>\n<meta name=\"twitter:card\" content=\"summary_large_image\" \/>\n<meta name=\"twitter:image\" content=\"https:\/\/i0.wp.com\/www.fundacioires.org\/wp-content\/uploads\/Financament_Public.jpg?fit=1920%2C1080&ssl=1\" \/>\n<meta name=\"twitter:label1\" content=\"Est. reading time\" \/>\n\t<meta name=\"twitter:data1\" content=\"8 minutes\" \/>\n<script type=\"application\/ld+json\" class=\"yoast-schema-graph\">{\"@context\":\"https:\\\/\\\/schema.org\",\"@graph\":[{\"@type\":\"WebPage\",\"@id\":\"https:\\\/\\\/www.fundacioires.org\\\/ca\\\/financament-public\\\/\",\"url\":\"https:\\\/\\\/www.fundacioires.org\\\/ca\\\/financament-public\\\/\",\"name\":\"Finan\u00e7ament p\u00fablic - Fundaci\u00f3 IRES\",\"isPartOf\":{\"@id\":\"https:\\\/\\\/www.fundacioires.org\\\/#website\"},\"primaryImageOfPage\":{\"@id\":\"https:\\\/\\\/www.fundacioires.org\\\/ca\\\/financament-public\\\/#primaryimage\"},\"image\":{\"@id\":\"https:\\\/\\\/www.fundacioires.org\\\/ca\\\/financament-public\\\/#primaryimage\"},\"thumbnailUrl\":\"https:\\\/\\\/i0.wp.com\\\/www.fundacioires.org\\\/wp-content\\\/uploads\\\/Financament_Public.jpg?fit=1920%2C1080&ssl=1\",\"datePublished\":\"2019-04-18T07:51:00+00:00\",\"dateModified\":\"2025-08-27T06:54:07+00:00\",\"description\":\"Ser transparents han estat sempre la nostra prioritat. Per aix\u00f2 expliquem a qu\u00e8 destinem aquests diners i quin \u00e9s el nostre impacte social.\",\"breadcrumb\":{\"@id\":\"https:\\\/\\\/www.fundacioires.org\\\/ca\\\/financament-public\\\/#breadcrumb\"},\"inLanguage\":\"ca-ES\",\"potentialAction\":[{\"@type\":\"ReadAction\",\"target\":[\"https:\\\/\\\/www.fundacioires.org\\\/ca\\\/financament-public\\\/\"]}]},{\"@type\":\"ImageObject\",\"inLanguage\":\"ca-ES\",\"@id\":\"https:\\\/\\\/www.fundacioires.org\\\/ca\\\/financament-public\\\/#primaryimage\",\"url\":\"https:\\\/\\\/i0.wp.com\\\/www.fundacioires.org\\\/wp-content\\\/uploads\\\/Financament_Public.jpg?fit=1920%2C1080&ssl=1\",\"contentUrl\":\"https:\\\/\\\/i0.wp.com\\\/www.fundacioires.org\\\/wp-content\\\/uploads\\\/Financament_Public.jpg?fit=1920%2C1080&ssl=1\",\"width\":1920,\"height\":1080},{\"@type\":\"BreadcrumbList\",\"@id\":\"https:\\\/\\\/www.fundacioires.org\\\/ca\\\/financament-public\\\/#breadcrumb\",\"itemListElement\":[{\"@type\":\"ListItem\",\"position\":1,\"name\":\"Portada\",\"item\":\"https:\\\/\\\/www.fundacioires.org\\\/\"},{\"@type\":\"ListItem\",\"position\":2,\"name\":\"Finan\u00e7ament p\u00fablic\"}]},{\"@type\":\"WebSite\",\"@id\":\"https:\\\/\\\/www.fundacioires.org\\\/#website\",\"url\":\"https:\\\/\\\/www.fundacioires.org\\\/\",\"name\":\"Fundaci\u00f3 IRES\",\"description\":\"\",\"publisher\":{\"@id\":\"https:\\\/\\\/www.fundacioires.org\\\/#organization\"},\"potentialAction\":[{\"@type\":\"SearchAction\",\"target\":{\"@type\":\"EntryPoint\",\"urlTemplate\":\"https:\\\/\\\/www.fundacioires.org\\\/?s={search_term_string}\"},\"query-input\":{\"@type\":\"PropertyValueSpecification\",\"valueRequired\":true,\"valueName\":\"search_term_string\"}}],\"inLanguage\":\"ca-ES\"},{\"@type\":\"Organization\",\"@id\":\"https:\\\/\\\/www.fundacioires.org\\\/#organization\",\"name\":\"Fundanci\u00f3n IRES\",\"url\":\"https:\\\/\\\/www.fundacioires.org\\\/\",\"logo\":{\"@type\":\"ImageObject\",\"inLanguage\":\"ca-ES\",\"@id\":\"https:\\\/\\\/www.fundacioires.org\\\/#\\\/schema\\\/logo\\\/image\\\/\",\"url\":\"https:\\\/\\\/i0.wp.com\\\/www.fundacioires.org\\\/wp-content\\\/uploads\\\/faviconIRES.png?fit=32%2C32&ssl=1\",\"contentUrl\":\"https:\\\/\\\/i0.wp.com\\\/www.fundacioires.org\\\/wp-content\\\/uploads\\\/faviconIRES.png?fit=32%2C32&ssl=1\",\"width\":32,\"height\":32,\"caption\":\"Fundanci\u00f3n IRES\"},\"image\":{\"@id\":\"https:\\\/\\\/www.fundacioires.org\\\/#\\\/schema\\\/logo\\\/image\\\/\"}}]}<\/script>\n<!-- \/ Yoast SEO plugin. -->","yoast_head_json":{"title":"Finan\u00e7ament p\u00fablic - Fundaci\u00f3 IRES","description":"Ser transparents han estat sempre la nostra prioritat. Per aix\u00f2 expliquem a qu\u00e8 destinem aquests diners i quin \u00e9s el nostre impacte social.","robots":{"index":"index","follow":"follow","max-snippet":"max-snippet:-1","max-image-preview":"max-image-preview:large","max-video-preview":"max-video-preview:-1"},"canonical":"https:\/\/www.fundacioires.org\/ca\/financament-public\/","og_locale":"ca_ES","og_type":"article","og_title":"Finan\u00e7ament p\u00fablic - Fundaci\u00f3 IRES","og_description":"Ser transparents han estat sempre la nostra prioritat. Per aix\u00f2 expliquem a qu\u00e8 destinem aquests diners i quin \u00e9s el nostre impacte social.","og_url":"https:\/\/www.fundacioires.org\/ca\/financament-public\/","og_site_name":"Fundaci\u00f3 IRES","article_modified_time":"2025-08-27T06:54:07+00:00","og_image":[{"width":1920,"height":1080,"url":"https:\/\/www.fundacioires.org\/wp-content\/uploads\/Financament_Public.jpg","type":"image\/jpeg"}],"twitter_card":"summary_large_image","twitter_image":"https:\/\/i0.wp.com\/www.fundacioires.org\/wp-content\/uploads\/Financament_Public.jpg?fit=1920%2C1080&ssl=1","twitter_misc":{"Est. reading time":"8 minutes"},"schema":{"@context":"https:\/\/schema.org","@graph":[{"@type":"WebPage","@id":"https:\/\/www.fundacioires.org\/ca\/financament-public\/","url":"https:\/\/www.fundacioires.org\/ca\/financament-public\/","name":"Finan\u00e7ament p\u00fablic - Fundaci\u00f3 IRES","isPartOf":{"@id":"https:\/\/www.fundacioires.org\/#website"},"primaryImageOfPage":{"@id":"https:\/\/www.fundacioires.org\/ca\/financament-public\/#primaryimage"},"image":{"@id":"https:\/\/www.fundacioires.org\/ca\/financament-public\/#primaryimage"},"thumbnailUrl":"https:\/\/i0.wp.com\/www.fundacioires.org\/wp-content\/uploads\/Financament_Public.jpg?fit=1920%2C1080&ssl=1","datePublished":"2019-04-18T07:51:00+00:00","dateModified":"2025-08-27T06:54:07+00:00","description":"Ser transparents han estat sempre la nostra prioritat. Per aix\u00f2 expliquem a qu\u00e8 destinem aquests diners i quin \u00e9s el nostre impacte social.","breadcrumb":{"@id":"https:\/\/www.fundacioires.org\/ca\/financament-public\/#breadcrumb"},"inLanguage":"ca-ES","potentialAction":[{"@type":"ReadAction","target":["https:\/\/www.fundacioires.org\/ca\/financament-public\/"]}]},{"@type":"ImageObject","inLanguage":"ca-ES","@id":"https:\/\/www.fundacioires.org\/ca\/financament-public\/#primaryimage","url":"https:\/\/i0.wp.com\/www.fundacioires.org\/wp-content\/uploads\/Financament_Public.jpg?fit=1920%2C1080&ssl=1","contentUrl":"https:\/\/i0.wp.com\/www.fundacioires.org\/wp-content\/uploads\/Financament_Public.jpg?fit=1920%2C1080&ssl=1","width":1920,"height":1080},{"@type":"BreadcrumbList","@id":"https:\/\/www.fundacioires.org\/ca\/financament-public\/#breadcrumb","itemListElement":[{"@type":"ListItem","position":1,"name":"Portada","item":"https:\/\/www.fundacioires.org\/"},{"@type":"ListItem","position":2,"name":"Finan\u00e7ament p\u00fablic"}]},{"@type":"WebSite","@id":"https:\/\/www.fundacioires.org\/#website","url":"https:\/\/www.fundacioires.org\/","name":"Fundaci\u00f3 IRES","description":"","publisher":{"@id":"https:\/\/www.fundacioires.org\/#organization"},"potentialAction":[{"@type":"SearchAction","target":{"@type":"EntryPoint","urlTemplate":"https:\/\/www.fundacioires.org\/?s={search_term_string}"},"query-input":{"@type":"PropertyValueSpecification","valueRequired":true,"valueName":"search_term_string"}}],"inLanguage":"ca-ES"},{"@type":"Organization","@id":"https:\/\/www.fundacioires.org\/#organization","name":"Fundanci\u00f3n IRES","url":"https:\/\/www.fundacioires.org\/","logo":{"@type":"ImageObject","inLanguage":"ca-ES","@id":"https:\/\/www.fundacioires.org\/#\/schema\/logo\/image\/","url":"https:\/\/i0.wp.com\/www.fundacioires.org\/wp-content\/uploads\/faviconIRES.png?fit=32%2C32&ssl=1","contentUrl":"https:\/\/i0.wp.com\/www.fundacioires.org\/wp-content\/uploads\/faviconIRES.png?fit=32%2C32&ssl=1","width":32,"height":32,"caption":"Fundanci\u00f3n IRES"},"image":{"@id":"https:\/\/www.fundacioires.org\/#\/schema\/logo\/image\/"}}]}},"jetpack_sharing_enabled":true,"_links":{"self":[{"href":"https:\/\/www.fundacioires.org\/ca\/wp-json\/wp\/v2\/pages\/2762","targetHints":{"allow":["GET"]}}],"collection":[{"href":"https:\/\/www.fundacioires.org\/ca\/wp-json\/wp\/v2\/pages"}],"about":[{"href":"https:\/\/www.fundacioires.org\/ca\/wp-json\/wp\/v2\/types\/page"}],"author":[{"embeddable":true,"href":"https:\/\/www.fundacioires.org\/ca\/wp-json\/wp\/v2\/users\/3"}],"replies":[{"embeddable":true,"href":"https:\/\/www.fundacioires.org\/ca\/wp-json\/wp\/v2\/comments?post=2762"}],"version-history":[{"count":30,"href":"https:\/\/www.fundacioires.org\/ca\/wp-json\/wp\/v2\/pages\/2762\/revisions"}],"predecessor-version":[{"id":79473,"href":"https:\/\/www.fundacioires.org\/ca\/wp-json\/wp\/v2\/pages\/2762\/revisions\/79473"}],"wp:featuredmedia":[{"embeddable":true,"href":"https:\/\/www.fundacioires.org\/ca\/wp-json\/wp\/v2\/media\/79293"}],"wp:attachment":[{"href":"https:\/\/www.fundacioires.org\/ca\/wp-json\/wp\/v2\/media?parent=2762"}],"wp:term":[{"taxonomy":"proyectos","embeddable":true,"href":"https:\/\/www.fundacioires.org\/ca\/wp-json\/wp\/v2\/proyectos?post=2762"}],"curies":[{"name":"wp","href":"https:\/\/api.w.org\/{rel}","templated":true}]}}