{"id":28306,"date":"2021-02-01T15:21:04","date_gmt":"2021-02-01T14:21:04","guid":{"rendered":"https:\/\/www.fundacioires.org\/?page_id=28306"},"modified":"2021-02-02T10:35:52","modified_gmt":"2021-02-02T09:35:52","slug":"iresnews-2","status":"publish","type":"page","link":"https:\/\/www.fundacioires.org\/ca\/iresnews-2\/","title":{"rendered":"IRESnews: la comunicaci\u00f3 interna de l&#8217;IRES"},"content":{"rendered":"\n<div class=\"wp-block-columns has-2-columns is-layout-flex wp-container-core-columns-is-layout-9d6595d7 wp-block-columns-is-layout-flex\">\n<div class=\"wp-block-column is-layout-flow wp-block-column-is-layout-flow\">\n<p class=\"has-text-color has-very-dark-gray-color\"><a rel=\"noreferrer noopener\" aria-label=\" (opens in a new tab)\" href=\"https:\/\/us8.campaign-archive.com\/?u=b6bf601de8b10a1c36d93f1dd&amp;id=a73e1d3225\" target=\"_blank\"><strong>IRESnews #1<\/strong><\/a> Inici del confinament, guia del Teletreball, Habits saludables i recomanacions dels equips!<\/p>\n\n\n\n<p class=\"has-text-color has-very-dark-gray-color\"><a rel=\"noreferrer noopener\" aria-label=\"IRESnews#2 (opens in a new tab)\" href=\"https:\/\/us8.campaign-archive.com\/?u=b6bf601de8b10a1c36d93f1dd&amp;id=bbde83d2fc\" target=\"_blank\"><strong>IRESnews #3<\/strong><\/a> Com van viure els primers mesos de confinament els serveis de d&#8217;atenci\u00f3 a la inf\u00e0ncia, joventut i fam\u00edlies.<\/p>\n\n\n\n<p class=\"has-text-color has-very-dark-gray-color\"><a rel=\"noreferrer noopener\" aria-label=\" (opens in a new tab)\" href=\"https:\/\/us8.campaign-archive.com\/?u=b6bf601de8b10a1c36d93f1dd&amp;id=1d36f5171c\" target=\"_blank\"><strong>IRESnews #5<\/strong><\/a> El conte del Coronavirus de la Fam\u00edlia de la Naiara (Servei Adopcions), not\u00edcies sobre Sant Jordi 2020 <\/p>\n\n\n\n<p><strong><a href=\"https:\/\/us8.campaign-archive.com\/?u=b6bf601de8b10a1c36d93f1dd&amp;id=e7795c6da6\">IRESnews #7 <\/a><\/strong>Sortir al carrer amb infants i El dol en confinament.<\/p>\n\n\n\n<p><strong><a href=\"https:\/\/us8.campaign-archive.com\/?u=b6bf601de8b10a1c36d93f1dd&amp;id=b6b3a31004\">IRESnews #9 <\/a><\/strong> Com van viure els mesos de confinament els serveis d&#8217;atenci\u00f3 a la inclusi\u00f3, recomanacions musicals i Manual de l&#8217;App Temps IRES.<\/p>\n\n\n\n<p><strong><a href=\"https:\/\/us8.campaign-archive.com\/?u=b6bf601de8b10a1c36d93f1dd&amp;id=a2024c4e83\">IRESnews #11<\/a><\/strong> Pla de conting\u00e8ncia i prevenci\u00f3 de la COVID-19 i Reglament de Funcionament del Pla d&#8217;Igualtat.<\/p>\n\n\n\n<p><strong><a href=\"https:\/\/mailchi.mp\/fundacioires.org\/t57kky7b43-4730506\">IRESnews #13<\/a><\/strong> Especial Renda M\u00ednima  Garantida i reflexi\u00f3 de l&#8217;equip d&#8217;Adopcions sobre la gesti\u00f3 personal i d&#8217;equip en el confinament.<\/p>\n\n\n\n<p><a href=\"https:\/\/mailchi.mp\/fundacioires.org\/t57kky7b43-4748218\"><strong>IRESnews #15<\/strong><\/a> Venus sense c\u00e0non, el relat gr\u00e0fic; presentaci\u00f3 de la Marga (Mentories Palma) i el Pablo (Comunicaci\u00f3).<\/p>\n\n\n\n<p><strong><a href=\"https:\/\/mailchi.mp\/fundacioires.org\/t57kky7b43-4763386\">IRESnews #17<\/a><\/strong> Eines per a comunicar!: com fer \u00fas de les XXSS i com elaborar not\u00edcies o articles.<\/p>\n\n\n\n<p><strong><a href=\"https:\/\/us8.admin.mailchimp.com\/reports\/show?id=4799718\">IRESnews #19<\/a><\/strong> La fam\u00edlia IRES creix amb el naeixement del Marc i presentaci\u00f3 de la S\u00edlvia (Comunicaci\u00f3 i Fundraising) i el Tonis (Relacions Sanes)<\/p>\n<\/div>\n\n\n\n<div class=\"wp-block-column is-layout-flow wp-block-column-is-layout-flow\">\n<p class=\"has-text-color has-very-dark-gray-color\"><a rel=\"noreferrer noopener\" aria-label=\"IRESnews #2 (opens in a new tab)\" href=\"https:\/\/us8.campaign-archive.com\/?u=b6bf601de8b10a1c36d93f1dd&amp;id=2439aadef8\" target=\"_blank\"><strong>IRESnews #2<\/strong><\/a> Guies d&#8217;\u00fas del Trello i One Note de Microsoft, recomanacions musicals i de salut f\u00edsica!<\/p>\n\n\n\n<p class=\"has-text-color has-very-dark-gray-color\"><a rel=\"noreferrer noopener\" aria-label=\"IRESnews #4 (opens in a new tab)\" href=\"https:\/\/us8.campaign-archive.com\/?u=b6bf601de8b10a1c36d93f1dd&amp;id=83a5b921c7\" target=\"_blank\"><strong>IRESnews #4<\/strong><\/a><strong> <\/strong>Com van viure els priemrs mesos de confinament els serveis d&#8217;atenci\u00f3 a les viol\u00e8ncies, manual Teams i recomanacions dels equips.<\/p>\n\n\n\n<p class=\"has-text-color has-very-dark-gray-color\"><a rel=\"noreferrer noopener\" href=\"https:\/\/us8.campaign-archive.com\/?u=b6bf601de8b10a1c36d93f1dd&amp;id=1d36f5171c\" target=\"_blank\"><strong>IRESnews #6<\/strong><\/a><strong> <\/strong>Especial Sant Jordi, xarxa liter\u00e0ria IRES i guia d&#8217;Alimentaci\u00f3 Saludable<\/p>\n\n\n\n<p><strong><a href=\"https:\/\/us8.campaign-archive.com\/?u=b6bf601de8b10a1c36d93f1dd&amp;id=2f83aaf4c7\">IRESnews #8 <\/a><\/strong>Guia per a fam\u00edlies amb adolescents, recomanacions cinemaogr\u00e0fiques i nou cap\u00edtol del conte-c\u00f2mic de la fam\u00edlia de la Naiara. <\/p>\n\n\n\n<p><a href=\"https:\/\/us8.campaign-archive.com\/?u=b6bf601de8b10a1c36d93f1dd&amp;id=21157a8b1f\"><strong>IRESnews #10<\/strong><\/a> Desescalada a IRES i recomanacions de les companyes sobre documentals audiovisuals.<\/p>\n\n\n\n<p><a href=\"https:\/\/us8.campaign-archive.com\/?u=b6bf601de8b10a1c36d93f1dd&amp;id=21157a8b1f\"><strong>IRESnews #12<\/strong><\/a> Els equips ens expliquen com ha estat  la intervenci\u00f3 comunit\u00e0ria a l\u2019\u00e0mbit judicial en el confinament.<\/p>\n\n\n\n<p><strong><a href=\"https:\/\/mailchi.mp\/fundacioires.org\/t57kky7b43-4730506\">IRESnews #14<\/a><\/strong> &#8216;Les escletxes del coninament&#8217;: Article del servei d&#8217;Adopcions i presentaci\u00f3 de la Irene i el Narciso (Medi Obert); i Joana Llobera (SAIVG).<\/p>\n\n\n\n<p><strong><a href=\"https:\/\/mailchi.mp\/fundacioires.org\/t57kky7b43-4753298\">IRESnews #16<\/a><\/strong> Presentaci\u00f3 de la nova seu a Balears; Br\u00faixola Comunit\u00e0ria d&#8217;ECAS, amb el projecte Aferra&#8217;t.<\/p>\n\n\n\n<p><a href=\"https:\/\/mailchi.mp\/fundacioires.org\/t57kky7b43-4770538\"><strong>IRESnews #18 <\/strong><\/a>Infografia mem\u00f2ria 2019, benivinguda al m\u00f3n de la J\u00falia i presentaci\u00f3 de la Carmen Gallardo (MPA).<\/p>\n\n\n\n<p><strong><a href=\"https:\/\/mailchi.mp\/fundacioires.org\/t57kky7b43-4817186\">IRESnews #20<\/a><\/strong> Projecte Click al Festival Poblenou, dol migratori amb Aferra&#8217;t i desfilant prejudicis amb Fils.<\/p>\n<\/div>\n<\/div>\n\n\n\n<figure class=\"wp-block-video\"><\/figure>\n","protected":false},"excerpt":{"rendered":"<p>IRESnews #1 Inici del confinament, guia del Teletreball, Habits saludables i recomanacions dels equips! IRESnews #3 Com van viure els primers mesos de confinament els serveis de d&#8217;atenci\u00f3 a la inf\u00e0ncia, joventut i fam\u00edlies. IRESnews #5 El conte del Coronavirus de la Fam\u00edlia de la Naiara (Servei Adopcions), not\u00edcies sobre Sant Jordi 2020 IRESnews #7 [&hellip;]<\/p>\n","protected":false},"author":7,"featured_media":28319,"parent":0,"menu_order":0,"comment_status":"closed","ping_status":"closed","template":"","meta":{"footnotes":""},"proyectos":[],"class_list":["post-28306","page","type-page","status-publish","has-post-thumbnail","hentry"],"yoast_head":"<!-- This site is optimized with the Yoast SEO plugin v27.4 - https:\/\/yoast.com\/product\/yoast-seo-wordpress\/ -->\n<title>IRESnews: la comunicaci\u00f3 interna de l&#039;IRES - Fundaci\u00f3 IRES<\/title>\n<meta name=\"robots\" content=\"index, follow, max-snippet:-1, max-image-preview:large, max-video-preview:-1\" \/>\n<link rel=\"canonical\" href=\"https:\/\/www.fundacioires.org\/ca\/iresnews-2\/\" \/>\n<meta property=\"og:locale\" content=\"ca_ES\" \/>\n<meta property=\"og:type\" content=\"article\" \/>\n<meta property=\"og:title\" content=\"IRESnews: la comunicaci\u00f3 interna de l&#039;IRES - Fundaci\u00f3 IRES\" \/>\n<meta property=\"og:description\" content=\"IRESnews #1 Inici del confinament, guia del Teletreball, Habits saludables i recomanacions dels equips! IRESnews #3 Com van viure els primers mesos de confinament els serveis de d&#8217;atenci\u00f3 a la inf\u00e0ncia, joventut i fam\u00edlies. IRESnews #5 El conte del Coronavirus de la Fam\u00edlia de la Naiara (Servei Adopcions), not\u00edcies sobre Sant Jordi 2020 IRESnews #7 [&hellip;]\" \/>\n<meta property=\"og:url\" content=\"https:\/\/www.fundacioires.org\/ca\/iresnews-2\/\" \/>\n<meta property=\"og:site_name\" content=\"Fundaci\u00f3 IRES\" \/>\n<meta property=\"article:modified_time\" content=\"2021-02-02T09:35:52+00:00\" \/>\n<meta property=\"og:image\" content=\"https:\/\/i1.wp.com\/www.fundacioires.org\/wp-content\/uploads\/C\u00f2pia-de-Pl_web_p\u00e0gina.png?fit=1920%2C910&ssl=1\" \/>\n\t<meta property=\"og:image:width\" content=\"1920\" \/>\n\t<meta property=\"og:image:height\" content=\"910\" \/>\n\t<meta property=\"og:image:type\" content=\"image\/png\" \/>\n<meta name=\"twitter:card\" content=\"summary_large_image\" \/>\n<meta name=\"twitter:label1\" content=\"Est. reading time\" \/>\n\t<meta name=\"twitter:data1\" content=\"2 minutes\" \/>\n<script type=\"application\/ld+json\" class=\"yoast-schema-graph\">{\"@context\":\"https:\\\/\\\/schema.org\",\"@graph\":[{\"@type\":\"WebPage\",\"@id\":\"https:\\\/\\\/www.fundacioires.org\\\/ca\\\/iresnews-2\\\/\",\"url\":\"https:\\\/\\\/www.fundacioires.org\\\/ca\\\/iresnews-2\\\/\",\"name\":\"IRESnews: la comunicaci\u00f3 interna de l'IRES - Fundaci\u00f3 IRES\",\"isPartOf\":{\"@id\":\"https:\\\/\\\/www.fundacioires.org\\\/#website\"},\"primaryImageOfPage\":{\"@id\":\"https:\\\/\\\/www.fundacioires.org\\\/ca\\\/iresnews-2\\\/#primaryimage\"},\"image\":{\"@id\":\"https:\\\/\\\/www.fundacioires.org\\\/ca\\\/iresnews-2\\\/#primaryimage\"},\"thumbnailUrl\":\"https:\\\/\\\/i0.wp.com\\\/www.fundacioires.org\\\/wp-content\\\/uploads\\\/C%C3%B2pia-de-Pl_web_p%C3%A0gina.png?fit=1920%2C910&ssl=1\",\"datePublished\":\"2021-02-01T14:21:04+00:00\",\"dateModified\":\"2021-02-02T09:35:52+00:00\",\"breadcrumb\":{\"@id\":\"https:\\\/\\\/www.fundacioires.org\\\/ca\\\/iresnews-2\\\/#breadcrumb\"},\"inLanguage\":\"ca-ES\",\"potentialAction\":[{\"@type\":\"ReadAction\",\"target\":[\"https:\\\/\\\/www.fundacioires.org\\\/ca\\\/iresnews-2\\\/\"]}]},{\"@type\":\"ImageObject\",\"inLanguage\":\"ca-ES\",\"@id\":\"https:\\\/\\\/www.fundacioires.org\\\/ca\\\/iresnews-2\\\/#primaryimage\",\"url\":\"https:\\\/\\\/i0.wp.com\\\/www.fundacioires.org\\\/wp-content\\\/uploads\\\/C%C3%B2pia-de-Pl_web_p%C3%A0gina.png?fit=1920%2C910&ssl=1\",\"contentUrl\":\"https:\\\/\\\/i0.wp.com\\\/www.fundacioires.org\\\/wp-content\\\/uploads\\\/C%C3%B2pia-de-Pl_web_p%C3%A0gina.png?fit=1920%2C910&ssl=1\",\"width\":1920,\"height\":910},{\"@type\":\"BreadcrumbList\",\"@id\":\"https:\\\/\\\/www.fundacioires.org\\\/ca\\\/iresnews-2\\\/#breadcrumb\",\"itemListElement\":[{\"@type\":\"ListItem\",\"position\":1,\"name\":\"Portada\",\"item\":\"https:\\\/\\\/www.fundacioires.org\\\/\"},{\"@type\":\"ListItem\",\"position\":2,\"name\":\"IRESnews: la comunicaci\u00f3 interna de l&#8217;IRES\"}]},{\"@type\":\"WebSite\",\"@id\":\"https:\\\/\\\/www.fundacioires.org\\\/#website\",\"url\":\"https:\\\/\\\/www.fundacioires.org\\\/\",\"name\":\"Fundaci\u00f3 IRES\",\"description\":\"\",\"publisher\":{\"@id\":\"https:\\\/\\\/www.fundacioires.org\\\/#organization\"},\"potentialAction\":[{\"@type\":\"SearchAction\",\"target\":{\"@type\":\"EntryPoint\",\"urlTemplate\":\"https:\\\/\\\/www.fundacioires.org\\\/?s={search_term_string}\"},\"query-input\":{\"@type\":\"PropertyValueSpecification\",\"valueRequired\":true,\"valueName\":\"search_term_string\"}}],\"inLanguage\":\"ca-ES\"},{\"@type\":\"Organization\",\"@id\":\"https:\\\/\\\/www.fundacioires.org\\\/#organization\",\"name\":\"Fundanci\u00f3n IRES\",\"url\":\"https:\\\/\\\/www.fundacioires.org\\\/\",\"logo\":{\"@type\":\"ImageObject\",\"inLanguage\":\"ca-ES\",\"@id\":\"https:\\\/\\\/www.fundacioires.org\\\/#\\\/schema\\\/logo\\\/image\\\/\",\"url\":\"https:\\\/\\\/i0.wp.com\\\/www.fundacioires.org\\\/wp-content\\\/uploads\\\/faviconIRES.png?fit=32%2C32&ssl=1\",\"contentUrl\":\"https:\\\/\\\/i0.wp.com\\\/www.fundacioires.org\\\/wp-content\\\/uploads\\\/faviconIRES.png?fit=32%2C32&ssl=1\",\"width\":32,\"height\":32,\"caption\":\"Fundanci\u00f3n IRES\"},\"image\":{\"@id\":\"https:\\\/\\\/www.fundacioires.org\\\/#\\\/schema\\\/logo\\\/image\\\/\"}}]}<\/script>\n<!-- \/ Yoast SEO plugin. -->","yoast_head_json":{"title":"IRESnews: la comunicaci\u00f3 interna de l'IRES - Fundaci\u00f3 IRES","robots":{"index":"index","follow":"follow","max-snippet":"max-snippet:-1","max-image-preview":"max-image-preview:large","max-video-preview":"max-video-preview:-1"},"canonical":"https:\/\/www.fundacioires.org\/ca\/iresnews-2\/","og_locale":"ca_ES","og_type":"article","og_title":"IRESnews: la comunicaci\u00f3 interna de l'IRES - Fundaci\u00f3 IRES","og_description":"IRESnews #1 Inici del confinament, guia del Teletreball, Habits saludables i recomanacions dels equips! IRESnews #3 Com van viure els primers mesos de confinament els serveis de d&#8217;atenci\u00f3 a la inf\u00e0ncia, joventut i fam\u00edlies. IRESnews #5 El conte del Coronavirus de la Fam\u00edlia de la Naiara (Servei Adopcions), not\u00edcies sobre Sant Jordi 2020 IRESnews #7 [&hellip;]","og_url":"https:\/\/www.fundacioires.org\/ca\/iresnews-2\/","og_site_name":"Fundaci\u00f3 IRES","article_modified_time":"2021-02-02T09:35:52+00:00","og_image":[{"width":1920,"height":910,"url":"https:\/\/i1.wp.com\/www.fundacioires.org\/wp-content\/uploads\/C\u00f2pia-de-Pl_web_p\u00e0gina.png?fit=1920%2C910&ssl=1","type":"image\/png"}],"twitter_card":"summary_large_image","twitter_misc":{"Est. reading time":"2 minutes"},"schema":{"@context":"https:\/\/schema.org","@graph":[{"@type":"WebPage","@id":"https:\/\/www.fundacioires.org\/ca\/iresnews-2\/","url":"https:\/\/www.fundacioires.org\/ca\/iresnews-2\/","name":"IRESnews: la comunicaci\u00f3 interna de l'IRES - Fundaci\u00f3 IRES","isPartOf":{"@id":"https:\/\/www.fundacioires.org\/#website"},"primaryImageOfPage":{"@id":"https:\/\/www.fundacioires.org\/ca\/iresnews-2\/#primaryimage"},"image":{"@id":"https:\/\/www.fundacioires.org\/ca\/iresnews-2\/#primaryimage"},"thumbnailUrl":"https:\/\/i0.wp.com\/www.fundacioires.org\/wp-content\/uploads\/C%C3%B2pia-de-Pl_web_p%C3%A0gina.png?fit=1920%2C910&ssl=1","datePublished":"2021-02-01T14:21:04+00:00","dateModified":"2021-02-02T09:35:52+00:00","breadcrumb":{"@id":"https:\/\/www.fundacioires.org\/ca\/iresnews-2\/#breadcrumb"},"inLanguage":"ca-ES","potentialAction":[{"@type":"ReadAction","target":["https:\/\/www.fundacioires.org\/ca\/iresnews-2\/"]}]},{"@type":"ImageObject","inLanguage":"ca-ES","@id":"https:\/\/www.fundacioires.org\/ca\/iresnews-2\/#primaryimage","url":"https:\/\/i0.wp.com\/www.fundacioires.org\/wp-content\/uploads\/C%C3%B2pia-de-Pl_web_p%C3%A0gina.png?fit=1920%2C910&ssl=1","contentUrl":"https:\/\/i0.wp.com\/www.fundacioires.org\/wp-content\/uploads\/C%C3%B2pia-de-Pl_web_p%C3%A0gina.png?fit=1920%2C910&ssl=1","width":1920,"height":910},{"@type":"BreadcrumbList","@id":"https:\/\/www.fundacioires.org\/ca\/iresnews-2\/#breadcrumb","itemListElement":[{"@type":"ListItem","position":1,"name":"Portada","item":"https:\/\/www.fundacioires.org\/"},{"@type":"ListItem","position":2,"name":"IRESnews: la comunicaci\u00f3 interna de l&#8217;IRES"}]},{"@type":"WebSite","@id":"https:\/\/www.fundacioires.org\/#website","url":"https:\/\/www.fundacioires.org\/","name":"Fundaci\u00f3 IRES","description":"","publisher":{"@id":"https:\/\/www.fundacioires.org\/#organization"},"potentialAction":[{"@type":"SearchAction","target":{"@type":"EntryPoint","urlTemplate":"https:\/\/www.fundacioires.org\/?s={search_term_string}"},"query-input":{"@type":"PropertyValueSpecification","valueRequired":true,"valueName":"search_term_string"}}],"inLanguage":"ca-ES"},{"@type":"Organization","@id":"https:\/\/www.fundacioires.org\/#organization","name":"Fundanci\u00f3n IRES","url":"https:\/\/www.fundacioires.org\/","logo":{"@type":"ImageObject","inLanguage":"ca-ES","@id":"https:\/\/www.fundacioires.org\/#\/schema\/logo\/image\/","url":"https:\/\/i0.wp.com\/www.fundacioires.org\/wp-content\/uploads\/faviconIRES.png?fit=32%2C32&ssl=1","contentUrl":"https:\/\/i0.wp.com\/www.fundacioires.org\/wp-content\/uploads\/faviconIRES.png?fit=32%2C32&ssl=1","width":32,"height":32,"caption":"Fundanci\u00f3n IRES"},"image":{"@id":"https:\/\/www.fundacioires.org\/#\/schema\/logo\/image\/"}}]}},"jetpack_sharing_enabled":true,"_links":{"self":[{"href":"https:\/\/www.fundacioires.org\/ca\/wp-json\/wp\/v2\/pages\/28306","targetHints":{"allow":["GET"]}}],"collection":[{"href":"https:\/\/www.fundacioires.org\/ca\/wp-json\/wp\/v2\/pages"}],"about":[{"href":"https:\/\/www.fundacioires.org\/ca\/wp-json\/wp\/v2\/types\/page"}],"author":[{"embeddable":true,"href":"https:\/\/www.fundacioires.org\/ca\/wp-json\/wp\/v2\/users\/7"}],"replies":[{"embeddable":true,"href":"https:\/\/www.fundacioires.org\/ca\/wp-json\/wp\/v2\/comments?post=28306"}],"version-history":[{"count":5,"href":"https:\/\/www.fundacioires.org\/ca\/wp-json\/wp\/v2\/pages\/28306\/revisions"}],"predecessor-version":[{"id":28351,"href":"https:\/\/www.fundacioires.org\/ca\/wp-json\/wp\/v2\/pages\/28306\/revisions\/28351"}],"wp:featuredmedia":[{"embeddable":true,"href":"https:\/\/www.fundacioires.org\/ca\/wp-json\/wp\/v2\/media\/28319"}],"wp:attachment":[{"href":"https:\/\/www.fundacioires.org\/ca\/wp-json\/wp\/v2\/media?parent=28306"}],"wp:term":[{"taxonomy":"proyectos","embeddable":true,"href":"https:\/\/www.fundacioires.org\/ca\/wp-json\/wp\/v2\/proyectos?post=28306"}],"curies":[{"name":"wp","href":"https:\/\/api.w.org\/{rel}","templated":true}]}}