{"id":31546,"date":"2021-05-28T13:30:52","date_gmt":"2021-05-28T11:30:52","guid":{"rendered":"https:\/\/www.fundacioires.org\/?page_id=31546"},"modified":"2022-07-18T13:24:41","modified_gmt":"2022-07-18T11:24:41","slug":"memoria-activitat-cat-2020","status":"publish","type":"page","link":"https:\/\/www.fundacioires.org\/ca\/memoria-activitat-cat-2020\/","title":{"rendered":"Mem\u00f2ria d&#8217;activitat 2020 &#8211; CAT"},"content":{"rendered":"<h1>\n<p>Mem\u00f2ria d&#8217;activitats 2020<br \/>\u2013<\/p>\n<\/h1>\n<div><strong>Fundaci\u00f3 IRES<\/strong><\/div>\n<div>\n<p style=\"text-align: center;\"><strong>M\u00e9s de 50 anys<\/strong> oferint <strong><span style=\"color: #5d32a7;\">atenci\u00f3 integral<\/span><\/strong> a persones i fam\u00edlies en situaci\u00f3 de vulnerabilitat, a trav\u00e9s d&#8217;un equip de professionals de <strong><span style=\"color: #1cab8b;\"> l&#8217;\u00e0mbit social, psicol\u00f2gic i educatiu.<\/span><\/strong><\/p>\n<\/div>\n<p>\n    <a href=\"\/wp-content\/uploads\/MEMORIA_2020_DEFINITIU_CAT_compressed.pdf\">Accedeix a la Mem\u00f2ria completa de 2020<\/a>\n<\/p>\n<h1>\n<p>La nostra acci\u00f3 social durant l&#8217;any de la Covid-19<\/p>\n<\/h1>\n<div>\n<h3 style=\"text-align: left;\">Davant d&#8217;una crisi global <strong>emergeixen i s&#8217;aguditzen moltes necessitats socials<\/strong>. Es posa en relleu la import\u00e0ncia i la urg\u00e8ncia de construir un sistema de vida m\u00e9s just, equitatiu, i que vetlli pel <strong>benestar de les persones i fam\u00edlies m\u00e9s vulnerables<\/strong>.<\/h3>\n<\/div>\n<p><img decoding=\"async\" src=\"\/wp-content\/uploads\/MASCARILLA-45.svg\" alt=\"\"><br \/>\n<video src=\"\/wp-content\/uploads\/VIDEO-MEMORIA-MP4-2.mp4\" poster=\"\"><\/video><\/p>\n<div>\n<h2 style=\"text-align: center;\"><strong><span style=\"color: #5d32a7;\">El 2020 a IRES:<\/span> adaptaci\u00f3, resposta a les necessitats i activaci\u00f3 de nous recursos<\/strong><\/h2>\n<\/div>\n<ul>\n<li>\n<p>        <img decoding=\"async\" src=\"\/wp-content\/uploads\/COVID-2020-42.svg\" alt=\"\"><\/p>\n<h6>91%<\/h6>\n<p>de serveis actius durant l&#8217;Estat d&#8217;alarma<\/p>\n<\/li>\n<li>\n<p>        <img decoding=\"async\" src=\"\/wp-content\/uploads\/COVID-2020-43.svg\" alt=\"\"><\/p>\n<h6>4<\/h6>\n<p>campanyes de captaci\u00f3 <\/p>\n<\/li>\n<li>\n<p>        <img decoding=\"async\" src=\"\/wp-content\/uploads\/COVID-2020-44.svg\" alt=\"\"><\/p>\n<h6>70<\/h6>\n<p>fam\u00edlies ateses  davant la bretxa digital<\/p>\n<\/li>\n<\/ul>\n<p><img decoding=\"async\" src=\"\/wp-content\/uploads\/MAPA_CAT_CAT-1.svg\" alt=\"\"><br \/>\n<img decoding=\"async\" src=\"\/wp-content\/uploads\/MAPA_BAL_CAT-1.svg\" alt=\"\"><\/p>\n<ul>\n<li>\n<p>        <img decoding=\"async\" src=\"\/wp-content\/uploads\/7J1A4301-scaled.jpg\" alt=\"Serveis amb infants en Catalunya de la Fundaci\u00f3 IRES\"><\/p>\n<h2>Serveis als territoris<\/h2>\n<p>02 February, 2021<\/p>\n<div>\n<h1 style=\"text-align: center;\"><strong><span style=\"color: #1cab8b;\">39<\/span><\/strong><\/h1>\n<\/div>\n<p><a href=\"#2\">Read More<\/a><\/p>\n<\/li>\n<li>\n<p>        <img decoding=\"async\" src=\"\/wp-content\/uploads\/7J1A5685-scaled.jpg\" alt=\"Fam\u00edlia del casal en fam\u00edlia de la Fundaci\u00f3 IRES al territori de Sant Mart\u00ed\"><\/p>\n<h2>Persones i fam\u00edlies ateses<\/h2>\n<p>02 February, 2021<\/p>\n<div>\n<h1 style=\"text-align: center;\"><strong><span style=\"color: #1cab8b;\">14.151<\/span><\/strong><\/h1>\n<\/div>\n<p><a href=\"#2\">Read More<\/a><\/p>\n<\/li>\n<\/ul>\n<p><img decoding=\"async\" src=\"\/wp-content\/uploads\/ICONA_COR-09.svg\" alt=\"\"><\/p>\n<div>\n<h3 style=\"text-align: left;\"><span style=\"color: #5d32a7;\">Tot i l&#8217;esfor\u00e7 dels equips, <strong>el nombre de persones ateses aquest any s&#8217;ha vist afectat per la pand\u00e8mia.<\/strong><\/span><\/h3>\n<\/div>\n<div>\n<h3 style=\"text-align: center;\"><span style=\"color: #252525;\">El fet de no poder realitzar intervenci\u00f3 grupal aix\u00ed com la reducci\u00f3 dels tallers formatius per a joves s\u2019ha tradu\u00eft en <strong> un descens del 18% en el nombre de persones ateses en 2020.<\/strong><\/span><\/h3>\n<\/div>\n<h1>El nostre equip<\/h1>\n<div>\n<h3><span style=\"color: #919191;\">Formem un equip multidisciplinar que creu en les persones i el seu potencial per trobar en les situacions de vulnerabilitat una oportunitat de canvi vital.<\/span><\/h3>\n<\/div>\n<div>\n<h3><span style=\"color: #919191;\">Durant el passat any, les persones que treballen en IRES van reunir tot el seu coneixement, experi\u00e8ncia i capacitat d&#8217;adaptaci\u00f3 per ajustar-se a unes circumst\u00e0ncies sense precedents i a l&#8217;servei de les persones que atenien.<\/h3>\n<\/div>\n<div>\n<h1><strong><span style=\"color: #1cab8b;\">\u2013<\/span><\/strong><\/h1>\n<\/div>\n<p><img decoding=\"async\" src=\"\/wp-content\/uploads\/Disseny-sense-titol-22-scaled.jpg\" alt=\"Fam\u00edlia del Casal en Familia de la Fundaci\u00f3 IRES\"><\/p>\n<ul>\n<li>\n<p>        <img decoding=\"async\" src=\"\/wp-content\/uploads\/ICONO-PROFES-15.svg\" alt=\"\"><\/p>\n<h6>202<\/h6>\n<p>Professionals<\/p>\n<\/li>\n<li>\n<p>        <img decoding=\"async\" src=\"\/wp-content\/uploads\/VOLUNTARIS-48-48.svg\" alt=\"\"><\/p>\n<h6>40<\/h6>\n<p>Persones volunt\u00e0ries<\/p>\n<\/li>\n<\/ul>\n<p><img decoding=\"async\" src=\"\/wp-content\/uploads\/GRAFIC_GENERESSS-54.svg\" alt=\"\"><\/p>\n<div>\n<p style=\"text-align: center;\"><i>Cap persona identificada com a &#8220;no-bin\u00e0ria&#8221;<\/i><\/p>\n<\/div>\n<div>\n<p>    <img decoding=\"async\" src=\"\/wp-content\/uploads\/COVIDDD-49.png\" alt=\"Serveis amb infants en Catalunya de la Fundaci\u00f3 IRES\"><\/p>\n<h2>Plantilla afectada pel virus de  la COVID-19<\/h2>\n<div>\n<h1 style=\"text-align: center;\"><strong><span style=\"color: #1cab8b;\">14,36%<\/span><\/strong><\/h1>\n<\/div>\n<p><a href=\"#2\">Read More<\/a><\/p>\n<\/div>\n<ul>\n<li>\n<p>        <img decoding=\"async\" src=\"\/wp-content\/uploads\/ICONO-FORMACION-14.svg\" alt=\"\"><\/p>\n<h6>\n<div class=\"counter counter-value\">66<\/div>\n<\/h6>\n<p>Formacions<\/p>\n<\/li>\n<li>\n<p>        <img decoding=\"async\" src=\"\/wp-content\/uploads\/FORMACIONES-47.svg\" alt=\"\"><\/p>\n<h6>497<\/h6>\n<p>hores de formacions<\/p>\n<\/li>\n<\/ul>\n<h2><span style=\"color: #1cab8b;\">Innovaci\u00f3 social i oficina de projectes<\/span><\/h2>\n<div>\n<h3 style=\"text-align: left;\">La innovaci\u00f3 social \u00e9s una eina clau per adaptar-nos a una realitat social en transformaci\u00f3 constant i donar resposta a les necessitats emergents, generar <strong>nous  models d&#8217;atenci\u00f3, metodologies innovadores y projectes pioners<\/strong> adaptats als problemes socials.<\/h3>\n<\/div>\n<p><img decoding=\"async\" src=\"\/wp-content\/uploads\/GRAFICO-INNOVACIO-SOCIAL-OFI-PROJECTES-10-10-46.svg\" alt=\"\"><\/p>\n<div>\n<p style=\"text-align: left;\"><strong><span style=\"color: #beaddc;\">\u25cf <\/span><span style=\"color: #252525;\">Projectes recurrents<\/span><\/strong><\/p>\n<\/div>\n<div>\n<p style=\"text-align: left;\"><strong><span style=\"color: #a8a8a8;\">\u25cf <\/span><span style=\"color: #252525;\">Projectes de nova creaci\u00f3<\/span><\/strong><\/p>\n<\/div>\n<div>\n<p style=\"text-align: left;\"><strong><span style=\"color: #a4ddd1;\">\u25cf <\/span><span style=\"color: #252525;\">Projectes de transformaci\u00f3<\/span><\/strong><\/p>\n<\/div>\n<div>\n<p style=\"text-align: left;\"><strong><span style=\"color: #fab3b5;\">\u25cf <\/span><span style=\"color: #252525;\">Assessorament intern<\/span><\/strong><\/p>\n<\/div>\n<h1>La nostra xarxa i aliances estrat\u00e8giques<\/h1>\n<div>\n<h3><span style=\"color: #919191;\">En el 2020, m\u00e9s que mai, hem treballat en xarxa per a superar els obstacles que ten\u00edem i aqu\u00ed, administracions, empreses, entitats i ciutadania, van construir noves sinergies de treball col\u00b7laboratiu.<\/span><\/h3>\n<\/div>\n<div>\n<h1><strong><span style=\"color: #1cab8b;\">\u2013<\/span><\/strong><\/h1>\n<\/div>\n<p><img decoding=\"async\" src=\"\/wp-content\/uploads\/XARXA-40.svg\" alt=\"\"><\/p>\n<h1>RSC i alineament estrat\u00e8gic<\/h1>\n<div>\n<h3>Integrem els <strong>Objetius de Desenvolupament Sostenible (ODS)<\/strong> a la nostra responsabilitat social corporativa.<\/h3>\n<\/div>\n<p><img decoding=\"async\" src=\"\/wp-content\/uploads\/ODSSS-50.svg\" alt=\"Signatura d'un conveni de col\u00b7laboraci\u00f3 amb l'empresa TRAM per les Beques Click\"><br \/>\n<img decoding=\"async\" src=\"\/wp-content\/uploads\/ODS_TOTS_CAT_02.png\" alt=\"\"><br \/>\n<img decoding=\"async\" src=\"\/wp-content\/uploads\/Foto-signatura-Conveni-Beques-Click-20-21.jpeg\" alt=\"Signatura d'un conveni de col\u00b7laboraci\u00f3 amb l'empresa TRAM per les Beques Click\"><\/p>\n<div>\n<p><span style=\"color: #252525;\">Signatura de la renovaci\u00f3 del conveni <strong>Beques Click<\/strong> en el 2020 amb l&#8217;empresa<strong> TRAM<\/strong> de Barcelona per l&#8217;acc\u00e9s a una <strong>Educaci\u00f3 de qualitat<\/strong><\/span><\/p>\n<\/div>\n<h1>Gesti\u00f3 financera<\/h1>\n<div>\n<h3><span style=\"color: #919191;\">Ser transparents i rendir comptes ha estat sempre el nostre comprom\u00eds i prioritat<\/span><\/h3>\n<\/div>\n<div>\n<h1><strong><span style=\"color: #1cab8b;\">\u2013<\/span><\/strong><\/h1>\n<\/div>\n<p><img decoding=\"async\" src=\"\/wp-content\/uploads\/FINANZAS-52.svg\" alt=\"\"><\/p>\n<div>\n<h4 style=\"text-align: left;\"><strong>Finan\u00e7ament de l&#8217;activitat<\/strong><br \/><strong>5.625.857,89 \u20ac<\/strong><\/h4>\n<\/div>\n<div><strong><span style=\"color: #beaddc;\">\u25cf <\/span><\/strong><span style=\"color: #252525;\">Prestaci\u00f3 de serveis<\/div>\n<div><strong><span style=\"color: #a4ddd1;\">\u25cf <\/span><\/strong><span style=\"color: #252525;\">Subvencions p\u00fabliques<\/div>\n<div>\n<p><strong><span style=\"color: #fab3b5;\">\u25cf <\/span><\/strong><span style=\"color: #252525;\">Captaci\u00f3 privada<\/span><\/p>\n<\/div>\n<p><img decoding=\"async\" src=\"\/wp-content\/uploads\/FINANZAS-53.svg\" alt=\"\"><\/p>\n<div>\n<h4 style=\"text-align: left;\"><strong>Despeses<\/strong><br \/><strong>5.622.314,36 \u20ac<\/strong><\/h4>\n<\/div>\n<div>\n<p style=\"text-align: left;\"><strong><span style=\"color: #a4ddd1;\">\u25cf <\/span><\/strong><span style=\"color: #252525;\">Estructura de l&#8217;entitat i activitats de sensibilizaci\u00f3 i incid\u00e8ncia<\/span><\/p>\n<\/div>\n<div>\n<p style=\"text-align: left;\"><strong><span style=\"color: #beaddc;\">\u25cf <\/span><\/strong><span style=\"color: #252525;\">Inversi\u00f3 en programes socials destinats a les fam\u00edlies i les persones que atenem<\/span><\/p>\n<\/div>\n<h1>Comunicaci\u00f3 i sensibilizaci\u00f3<\/h1>\n<div>\n<h3>Comunicar sobre la vulnerabilitat en un any en qu\u00e8 moltes m\u00e9s persones que mai s&#8217;han sentit vulnerables<\/h3>\n<\/div>\n<ul>\n<li>\n<p>        <img decoding=\"async\" src=\"\/wp-content\/uploads\/COMU-27.svg\" alt=\"\"><\/p>\n<h6>\n<div class=\"counter counter-value\">90<\/div>\n<\/h6>\n<p>Publicacions<\/p>\n<\/li>\n<li>\n<p>        <img decoding=\"async\" src=\"\/wp-content\/uploads\/COMU-30.svg\" alt=\"\"><\/p>\n<h6>\n<div class=\"counter counter-value\">109<\/div>\n<\/h6>\n<p>Aparicions en mitjans<\/p>\n<\/li>\n<li>\n<p>        <img decoding=\"async\" src=\"\/wp-content\/uploads\/COMU-31.svg\" alt=\"\"><\/p>\n<h6>\n<div class=\"counter counter-value\">7.097.007 <\/div>\n<\/h6>\n<p>Persones d&#8217;audi\u00e8ncia estimada<\/p>\n<\/li>\n<\/ul>\n<div>\n<p>        <img decoding=\"async\" src=\"\/wp-content\/uploads\/7J1A6001-scaled.jpg\" alt=\"Foto de dos nens del Casal en Fam\u00edlia de la Fundaci\u00f3 IRES\"><\/p>\n<\/div>\n<blockquote>\n<p><em><strong><span><strong><span style=\"color: #1cab8b;\">\u201cAquesta crisi ens assenyala que l&#8217;esfor\u00e7 ha de ser col\u00b7lectiu. Ens interpel\u00b7la a tots i totes: ciutadania, administracions i sector privat, i remarca que la fragilitat davant el virus nom\u00e9s es compensa amb suport mutu i amb corresponsabilitat.\u201d <\/span><\/strong> <\/span><\/strong>\u00a0<\/em><\/p>\n<\/blockquote>\n<div>\n<p style=\"text-align: left;\"><em><strong>Mireia Hernando<\/strong><br \/><\/em><em>Coordinadora de projectes de la Fundaci\u00f3 IRES en 2020.<\/em><\/p>\n<\/div>\n<h2><span style=\"color: #1cab8b;\">Empreses i institucions compromeses amb la causa de la Fundaci\u00f3 IRES<\/span><\/h2>\n<ul>\n<li>\n<p>        <img decoding=\"async\" src=\"\/wp-content\/uploads\/1-31.png\" alt=\"\"><\/p>\n<\/li>\n<li>\n<p>        <img decoding=\"async\" src=\"\/wp-content\/uploads\/2-28.png\" alt=\"\"><\/p>\n<\/li>\n<li>\n<p>        <img decoding=\"async\" src=\"\/wp-content\/uploads\/3-17.png\" alt=\"\"><\/p>\n<\/li>\n<li>\n<p>        <img decoding=\"async\" src=\"\/wp-content\/uploads\/4-10.png\" alt=\"\"><\/p>\n<\/li>\n<li>\n<p>        <img decoding=\"async\" src=\"\/wp-content\/uploads\/EDM_logo_Mesa-de-trabajo-1-copia-1.png\" alt=\"\"><\/p>\n<\/li>\n<li>\n<p>        <img decoding=\"async\" src=\"\/wp-content\/uploads\/Logo_landing_04.png\" alt=\"\"><\/p>\n<\/li>\n<li>\n<p>        <img decoding=\"async\" src=\"\/wp-content\/uploads\/Logo_landing_06.png\" alt=\"\"><\/p>\n<\/li>\n<li>\n<p>        <img decoding=\"async\" src=\"\/wp-content\/uploads\/Logo_landing_05.png\" alt=\"\"><\/p>\n<\/li>\n<li>\n<p>        <img decoding=\"async\" src=\"\/wp-content\/uploads\/6-4.png\" alt=\"\"><\/p>\n<\/li>\n<li>\n<p>        <img decoding=\"async\" src=\"\/wp-content\/uploads\/7-2.png\" alt=\"\"><\/p>\n<\/li>\n<li>\n<p>        <img decoding=\"async\" src=\"\/wp-content\/uploads\/9-2.png\" alt=\"\"><\/p>\n<\/li>\n<li>\n<p>        <img decoding=\"async\" src=\"\/wp-content\/uploads\/C_AF_SOC_ESP_COL.png\" alt=\"\"><\/p>\n<\/li>\n<li>\n<p>        <img decoding=\"async\" src=\"\/wp-content\/uploads\/20.png\" alt=\"\"><\/p>\n<\/li>\n<li>\n<p>        <img decoding=\"async\" src=\"\/wp-content\/uploads\/Logo_landing_01.png\" alt=\"\"><\/p>\n<\/li>\n<li>\n<p>        <img decoding=\"async\" src=\"\/wp-content\/uploads\/10-3.png\" alt=\"\"><\/p>\n<\/li>\n<li>\n<p>        <img decoding=\"async\" src=\"\/wp-content\/uploads\/14-1.png\" alt=\"\"><\/p>\n<\/li>\n<li>\n<p>        <img decoding=\"async\" src=\"\/wp-content\/uploads\/13-3.png\" alt=\"\"><\/p>\n<\/li>\n<li>\n<p>        <img decoding=\"async\" src=\"\/wp-content\/uploads\/15-1.png\" alt=\"\"><\/p>\n<\/li>\n<li>\n<p>        <img decoding=\"async\" src=\"\/wp-content\/uploads\/18.png\" alt=\"\"><\/p>\n<\/li>\n<li>\n<p>        <img decoding=\"async\" src=\"\/wp-content\/uploads\/19.png\" alt=\"\"><\/p>\n<\/li>\n<li>\n<p>        <img decoding=\"async\" src=\"\/wp-content\/uploads\/0_consell_mallorca_vector-2.png\" alt=\"\"><\/p>\n<\/li>\n<li>\n<p>        <img decoding=\"async\" src=\"\/wp-content\/uploads\/Logo_landing_03.png\" alt=\"\"><\/p>\n<\/li>\n<li>\n<p>        <img decoding=\"async\" src=\"\/wp-content\/uploads\/12-2.png\" alt=\"\"><\/p>\n<\/li>\n<li>\n<p>        <img decoding=\"async\" src=\"\/wp-content\/uploads\/Logo_landing_02.png\" alt=\"\"><\/p>\n<\/li>\n<\/ul>\n<div>\n<p style=\"text-align: center;\"><strong>Treballant dia a dia per fer de la vulnerabilitat una oportunitat de canvi<\/strong><\/p>\n<\/div>\n<div>\n<p>    <img decoding=\"async\" src=\"\/wp-content\/uploads\/IMG_Vulnerhab-scaled.jpg\" alt=\"\"><\/p>\n<\/div>\n<p><a href=\"https:\/\/www.facebook.com\/FundacioIres\/\"><img decoding=\"async\" src=\"\/wp-content\/uploads\/XXSS-20.svg\" alt=\"\"><\/a><br \/>\n<a href=\"https:\/\/twitter.com\/fundacioires\"><img decoding=\"async\" src=\"\/wp-content\/uploads\/XXSS-22.svg\" alt=\"\"><\/a><br \/>\n<a href=\"https:\/\/www.instagram.com\/fundacioires\/\"><img decoding=\"async\" src=\"\/wp-content\/uploads\/XXSS-21.svg\" alt=\"\"><\/a><br \/>\n<a href=\"https:\/\/www.youtube.com\/channel\/UCBEvRmKJE-5nHccVjgPhdTA\"><img decoding=\"async\" src=\"\/wp-content\/uploads\/XXSS-23.svg\" alt=\"\"><\/a><br \/>\n<a href=\"https:\/\/www.linkedin.com\/company\/fundaci-ires\"><img decoding=\"async\" src=\"\/wp-content\/uploads\/XXSS-24.svg\" alt=\"\"><\/a><\/p>\n<div>\n<p>Contacta amb el nostre equip i t&#8217;acompanyarem<\/p>\n<\/div>\n<div>\n<p><a href=\"mailto:fils@fundacioires.org\">fundacioires@fundacioires.org<\/a><\/p>\n<p>Tel\u00e8fon: 93 486 47 50<\/p>\n<p>Av. Roma 157, 2n Barcelona<\/p>\n<\/div>\n<div>\n<p>Prefereixes que contactem amb tu? Deixa&#8217;ns les teves dades.<\/p>\n<\/div>\n<div>\n\n<div class=\"wpcf7 no-js\" id=\"wpcf7-f2475-o1\" lang=\"en-US\" dir=\"ltr\" data-wpcf7-id=\"2475\">\n<div class=\"screen-reader-response\"><p role=\"status\" aria-live=\"polite\" aria-atomic=\"true\"><\/p> <ul><\/ul><\/div>\n<form action=\"\/ca\/wp-json\/wp\/v2\/pages\/31546#wpcf7-f2475-o1\" method=\"post\" class=\"wpcf7-form init bb9e21171d24 cmatic-conn cmatic-aud-24 cmatic-mapd0-0 cmatic-v097802 cmatic-sent-0 cmatic-total-6845\" aria-label=\"Contact form\" novalidate=\"novalidate\" data-status=\"init\">\n<fieldset class=\"hidden-fields-container\"><input type=\"hidden\" name=\"_wpcf7\" value=\"2475\" \/><input type=\"hidden\" name=\"_wpcf7_version\" value=\"6.1.5\" \/><input type=\"hidden\" name=\"_wpcf7_locale\" value=\"en_US\" \/><input type=\"hidden\" name=\"_wpcf7_unit_tag\" value=\"wpcf7-f2475-o1\" \/><input type=\"hidden\" name=\"_wpcf7_container_post\" value=\"0\" \/><input type=\"hidden\" name=\"_wpcf7_posted_data_hash\" value=\"\" \/><input type=\"hidden\" name=\"_wpcf7cf_hidden_group_fields\" value=\"[]\" \/><input type=\"hidden\" name=\"_wpcf7cf_hidden_groups\" value=\"[]\" \/><input type=\"hidden\" name=\"_wpcf7cf_visible_groups\" value=\"[]\" \/><input type=\"hidden\" name=\"_wpcf7cf_repeaters\" value=\"[]\" \/><input type=\"hidden\" name=\"_wpcf7cf_steps\" value=\"{}\" \/><input type=\"hidden\" name=\"_wpcf7cf_options\" value=\"{&quot;form_id&quot;:2475,&quot;conditions&quot;:[],&quot;settings&quot;:{&quot;animation&quot;:&quot;yes&quot;,&quot;animation_intime&quot;:200,&quot;animation_outtime&quot;:200,&quot;conditions_ui&quot;:&quot;normal&quot;,&quot;notice_dismissed&quot;:false}}\" \/><input type=\"hidden\" name=\"_wpcf7_recaptcha_response\" value=\"\" \/>\n<\/fieldset>\n<div class=\"uk-form\" uk-grid>\n<div class=\"uk-width-1-1\">\n<label> Motiu de la consulta \n    <span class=\"wpcf7-form-control-wrap\" data-name=\"motivo-consulta\"><select class=\"wpcf7-form-control wpcf7-select wpcf7-validates-as-required uk-select\" aria-required=\"true\" aria-invalid=\"false\" name=\"motivo-consulta\"><option value=\"\">Seleccioneu un motiu<\/option><option value=\"S\u00f3c donant\">S\u00f3c donant<\/option><option value=\"S\u00f3c una empresa\">S\u00f3c una empresa<\/option><option value=\"S\u00f3c periodista\">S\u00f3c periodista<\/option><option value=\"Vull fer un voluntariat\">Vull fer un voluntariat<\/option><option value=\"S\u00f3c estudiant i vull informaci\u00f3\">S\u00f3c estudiant i vull informaci\u00f3<\/option><option value=\"Necessito ajuda\">Necessito ajuda<\/option><option value=\"Altres\">Altres<\/option><\/select><\/span><\/label>\n<\/div> \n<div class=\"uk-width-1-2@s\">\n<label> Nom \n    <span class=\"wpcf7-form-control-wrap\" data-name=\"nombre-es\"><input size=\"40\" maxlength=\"400\" class=\"wpcf7-form-control wpcf7-text wpcf7-validates-as-required uk-input\" aria-required=\"true\" aria-invalid=\"false\" value=\"\" type=\"text\" name=\"nombre-es\" \/><\/span> <\/label>\n<\/div>\n<div class=\"uk-width-1-2@s\">\n<label> Cognoms \n    <span class=\"wpcf7-form-control-wrap\" data-name=\"apellidos-es\"><input size=\"40\" maxlength=\"400\" class=\"wpcf7-form-control wpcf7-text wpcf7-validates-as-required uk-input\" aria-required=\"true\" aria-invalid=\"false\" value=\"\" type=\"text\" name=\"apellidos-es\" \/><\/span> <\/label>\n<\/div>\n<div class=\"uk-width-1-1\">\n<label> El teu correu electr\u00f2nic\n    <span class=\"wpcf7-form-control-wrap\" data-name=\"email-es\"><input size=\"40\" maxlength=\"400\" class=\"wpcf7-form-control wpcf7-email wpcf7-validates-as-required wpcf7-text wpcf7-validates-as-email uk-input\" aria-required=\"true\" aria-invalid=\"false\" value=\"\" type=\"email\" name=\"email-es\" \/><\/span> <\/label>\n<\/div>\n<div class=\"uk-width-1-1\">\n<label> Un tel\u00e8fon\n    <span class=\"wpcf7-form-control-wrap\" data-name=\"telefono-es\"><input size=\"40\" maxlength=\"400\" class=\"wpcf7-form-control wpcf7-tel wpcf7-text wpcf7-validates-as-tel uk-input\" aria-invalid=\"false\" value=\"\" type=\"tel\" name=\"telefono-es\" \/><\/span> <\/label>\n<\/div>\n<div class=\"uk-width-1-1\">\n<label> Comentaris\n    <span class=\"wpcf7-form-control-wrap\" data-name=\"comentairos-es\"><textarea cols=\"40\" rows=\"10\" maxlength=\"2000\" class=\"wpcf7-form-control wpcf7-textarea uk-input\" aria-invalid=\"false\" name=\"comentairos-es\"><\/textarea><\/span> <\/label>\n<\/div>\n<div class=\"uk-width-1-1 uk-width-expand@s uk-grid-item-match uk-flex-middle\">\n    <span class=\"wpcf7-form-control-wrap\" data-name=\"newsletter\"><span class=\"wpcf7-form-control wpcf7-acceptance optional\"><span class=\"wpcf7-list-item\"><label><input type=\"checkbox\" name=\"newsletter\" value=\"1\" class=\"uk-checkbox\" aria-invalid=\"false\" \/><span class=\"wpcf7-list-item-label\">Vull rebre informaci\u00f3 de la Fundaci\u00f3 IRES<\/span><\/label><\/span><\/span><\/span>\n    <span class=\"wpcf7-form-control-wrap\" data-name=\"politicas\"><span class=\"wpcf7-form-control wpcf7-acceptance\"><span class=\"wpcf7-list-item\"><label><input type=\"checkbox\" name=\"politicas\" value=\"1\" class=\"uk-checkbox\" aria-invalid=\"false\" \/><span class=\"wpcf7-list-item-label\">Accepto l'<a href=\"\/ca\/avis-legal\/\" target=\"_blank\">Av\u00eds legal<\/a>, la <a href=\"\/ca\/politica-de-privacitat\/\" target=\"_blank\">Pol\u00edtica de privacitat<\/a> i la <a href=\"\/ca\/politica-de-privacitat-a-les-xarxes-socials\/\" target=\"_blank\">Pol\u00edtica de privacitat a les xarxes socials<\/a><\/span><\/label><\/span><\/span><\/span>\n<\/div>\n<div class=\"uk-width-1-1 uk-width-auto@s uk-flex uk-flex-bottom uk-position-relative\">\n    <input class=\"wpcf7-form-control wpcf7-submit has-spinner uk-button uk-button-default\" type=\"submit\" value=\"Enviar\" \/>\n<\/div>\n<\/div>\n\n<style>\n.wpcf7-spinner{\n   position: absolute;\n   right: -50px;\n}\n<\/style><div class=\"wpcf7-response-output\" aria-hidden=\"true\"><\/div>\n<\/form>\n<\/div>\n<\/div>\n<p><!--more--><br \/>\n<!-- {\"name\":\"MEMORIA ACTIVIDAD 2020\",\"type\":\"layout\",\"children\":[{\"name\":\"CABECERA + T\\u00cdTULO\",\"type\":\"section\",\"props\":{\"style\":\"default\",\"width\":\"default\",\"vertical_align\":\"\",\"title_position\":\"top-left\",\"title_rotation\":\"left\",\"title_breakpoint\":\"xl\",\"image_position\":\"top-center\",\"padding\":\"large\",\"image\":\"wp-content\\\/uploads\\\/PARALLAX-landing.png\",\"text_color\":\"light\",\"image_size\":\"cover\",\"image_effect\":\"parallax\",\"image_width\":\"2560\",\"id\":\"hero\",\"class\":\"parallax\",\"image_parallax_bgy_start\":\"0\",\"image_parallax_bgy_end\":\"150\",\"image_parallax_easing\":\"0\"},\"children\":[{\"type\":\"row\",\"children\":[{\"type\":\"column\",\"props\":{\"image_position\":\"center-center\",\"media_overlay_gradient\":\"\",\"width_medium\":\"1-1\"},\"children\":[{\"type\":\"headline\",\"props\":{\"title_element\":\"h1\",\"title_style\":\"heading-large\",\"text_align\":\"center\",\"content\":\"\n\n<p>Mem\\u00f2ria d'activitats 2020<br \\\/>\\u2013<\\\/p>\",\"position\":\"relative\",\"position_top\":\"110\"}}]}]}]},{\"name\":\"Intro\",\"type\":\"section\",\"props\":{\"style\":\"default\",\"width\":\"large\",\"vertical_align\":\"middle\",\"title_position\":\"top-left\",\"title_rotation\":\"left\",\"title_breakpoint\":\"xl\",\"image_position\":\"bottom-right\",\"padding\":\"small\",\"animation\":\"slide-bottom-medium\",\"image\":\"wp-content\\\/uploads\\\/Sin-ti\\u0301tulo-1-1.jpg\",\"image_size\":\"cover\",\"image_effect\":\"parallax\",\"image_parallax_bgy_start\":\"300\",\"image_parallax_bgy_end\":\"450\",\"image_width\":\"700\",\"css\":\"@media (min-width:1011px){\\n    .el-section .subtitle{\\n        min-height:87px;\\n    }\\n}\\n\\n@media (min-width:959px) and (max-width:1010px){\\n    .el-section .subtitle{\\n        min-height:116px;\\n    }\\n}\",\"id\":\"second\",\"padding_remove_top\":false},\"children\":[{\"name\":\"\",\"type\":\"row\",\"props\":{\"width\":\"xlarge\",\"margin_remove_bottom\":true},\"children\":[{\"name\":\"\",\"type\":\"column\",\"props\":{\"image_position\":\"center-center\",\"media_overlay_gradient\":\"\",\"width_medium\":\"1-1\"},\"children\":[{\"name\":\"\",\"type\":\"headline\",\"props\":{\"title_element\":\"div\",\"title_style\":\"h1\",\"text_align\":\"center\",\"text_align_breakpoint\":\"s\",\"text_align_fallback\":\"center\",\"margin\":\"medium\",\"content\":\"<strong>Fundaci\\u00f3 IRES<\\\/strong>\",\"block_align\":\"center\",\"margin_remove_bottom\":true}},{\"type\":\"text\",\"props\":{\"margin\":\"default\",\"column_breakpoint\":\"m\",\"text_style\":\"lead\",\"text_size\":\"large\",\"text_align\":\"center\",\"text_align_breakpoint\":\"s\",\"text_align_fallback\":\"center\",\"maxwidth\":\"2xlarge\",\"content\":\"\n\n<p style=\\\"text-align: center;\\\"><strong>M\\u00e9s de 50 anys<\\\/strong> oferint <strong><span style=\\\"color: #5d32a7;\\\">atenci\\u00f3 integral<\\\/span><\\\/strong> a persones i fam\\u00edlies en situaci\\u00f3 de vulnerabilitat, a trav\\u00e9s d'un equip de professionals de <strong><span style=\\\"color: #1cab8b;\\\"> l'\\u00e0mbit social, psicol\\u00f2gic i educatiu.<\\\/span><\\\/strong><\\\/p>\",\"block_align\":\"center\",\"block_align_breakpoint\":\"s\",\"block_align_fallback\":\"center\",\"margin_remove_top\":false}},{\"type\":\"button\",\"props\":{\"grid_column_gap\":\"small\",\"grid_row_gap\":\"small\",\"margin\":\"default\",\"text_align\":\"center\"},\"children\":[{\"type\":\"button_item\",\"props\":{\"button_style\":\"danger\",\"icon_align\":\"left\",\"content\":\"Accedeix a la Mem\\u00f2ria completa de 2020\",\"link\":\"wp-content\\\/uploads\\\/MEMORIA_2020_DEFINITIU_CAT_compressed.pdf\",\"icon\":\"file-text\",\"link_target\":\"blank\"}}]}]}]}]},{\"type\":\"section\",\"props\":{\"style\":\"default\",\"width\":\"default\",\"vertical_align\":\"middle\",\"title_position\":\"top-left\",\"title_rotation\":\"left\",\"title_breakpoint\":\"xl\",\"image_position\":\"center-center\",\"animation\":\"fade\",\"status\":\"disabled\"},\"children\":[{\"type\":\"row\",\"props\":{\"layout\":\"1-2,1-2\"},\"children\":[{\"type\":\"column\",\"props\":{\"image_position\":\"center-center\",\"media_overlay_gradient\":\"\",\"width_medium\":\"1-2\"},\"children\":[{\"type\":\"headline\",\"props\":{\"title_element\":\"h1\",\"content\":\"Metodologia\"}},{\"type\":\"text\",\"props\":{\"margin\":\"default\",\"column_breakpoint\":\"m\",\"content\":\"\n\n<h3><span style=\\\"color: #999999;\\\">Trabajamos a trav\\u00e9s de un ecosistema de proyectos sociales que nos permiten llevar a cabo intervenciones m\\u00e1s completas, transversales y ajustadas a cada miembro de la familia.<\\\/span><\\\/h3>\"}},{\"type\":\"text\",\"props\":{\"margin\":\"default\",\"column_breakpoint\":\"m\",\"content\":\"\n\n<h1><strong><span style=\\\"color: #1cab8b;\\\">\\u2013<\\\/span><\\\/strong><\\\/h1>\"}},{\"type\":\"image\",\"props\":{\"margin\":\"default\",\"image_svg_color\":\"emphasis\",\"image\":\"wp-content\\\/uploads\\\/INFOGRAFIA_MEMORIA_06-05.svg\",\"image_width\":\"300\",\"text_align\":\"center\"}}]},{\"type\":\"column\",\"props\":{\"image_position\":\"center-center\",\"media_overlay_gradient\":\"\",\"width_medium\":\"1-2\"},\"children\":[{\"type\":\"image\",\"props\":{\"margin\":\"default\",\"image_svg_color\":\"emphasis\",\"image\":\"wp-content\\\/uploads\\\/B_ECOSISTEMA_NOU_04_CAST.svg\",\"image_alt\":\"Ecosistema de Proyectos Sociales.\"}}]}]},{\"type\":\"row\",\"props\":{\"layout\":\"1-3,1-3,1-3\"},\"children\":[{\"type\":\"column\",\"props\":{\"image_position\":\"center-center\",\"media_overlay_gradient\":\"\",\"width_medium\":\"1-3\"},\"children\":[{\"type\":\"headline\",\"props\":{\"title_element\":\"h1\",\"content\":\"\n\n<h2 style=\\\"text-align: center;\\\"><strong><span style=\\\"color: #1cab8b;\\\">Atenci\\u00f3n<\\\/span><\\\/strong><\\\/h2>\",\"text_align\":\"center\"}},{\"type\":\"text\",\"props\":{\"margin\":\"default\",\"column_breakpoint\":\"m\",\"content\":\"\n\n<h3 style=\\\"text-align: center;\\\"><strong>Atendiendo personas, atendemos familias<\\\/strong>; el centro de nuestra atenci\\u00f3n. Porque el entorno familiar determina el desarrollo de la persona y condiciona sus oportunidades.<\\\/h3>\",\"text_align\":\"center\"}}]},{\"type\":\"column\",\"props\":{\"image_position\":\"center-center\",\"media_overlay_gradient\":\"\",\"width_medium\":\"1-3\"},\"children\":[{\"type\":\"headline\",\"props\":{\"title_element\":\"h1\",\"content\":\"\n\n<h2 style=\\\"text-align: center;\\\"><strong><span style=\\\"color: #1cab8b;\\\">\\u00bfQu\\u00e9 hacemos?<\\\/span><\\\/strong><\\\/h2>\",\"text_align\":\"center\"}},{\"type\":\"text\",\"props\":{\"margin\":\"default\",\"column_breakpoint\":\"m\",\"content\":\"\n\n<h3 style=\\\"text-align: center;\\\">Ofrecer herramientas para <strong>fortalecer sus v\\u00ednculos y potenciar los recursos<\\\/strong> personales, educativos y econ\\u00f3micos que les permitan afrontar las dificultades de futuro y mejorar su calidad de vida.<\\\/h3>\",\"text_align\":\"center\"}}]},{\"type\":\"column\",\"props\":{\"image_position\":\"center-center\",\"media_overlay_gradient\":\"\",\"width_medium\":\"1-3\"},\"children\":[{\"type\":\"headline\",\"props\":{\"title_element\":\"h1\",\"content\":\"\n\n<h2 style=\\\"text-align: center;\\\"><strong><span style=\\\"color: #1cab8b;\\\">\\u00bfC\\u00f3mo lo hacemos?<\\\/span><\\\/strong><\\\/h2>\",\"text_align\":\"center\"}},{\"type\":\"text\",\"props\":{\"margin\":\"default\",\"column_breakpoint\":\"m\",\"content\":\"\n\n<h3 style=\\\"text-align: center;\\\">A trav\\u00e9s de <strong>nuestros proyectos sociales<\\\/strong>, l\\u00edneas de trabajo y el <strong>trabajo en red<\\\/strong>, con la implicaci\\u00f3n de entidades sociales, administraciones y empresas vinculadas a los territorios donde estamos presentes.<\\\/h3>\",\"text_align\":\"center\"}}]}]}],\"name\":\"METODOLOGIA\"},{\"type\":\"section\",\"props\":{\"style\":\"default\",\"width\":\"default\",\"vertical_align\":\"middle\",\"title_position\":\"top-left\",\"title_rotation\":\"left\",\"title_breakpoint\":\"xl\",\"image_position\":\"top-center\",\"padding\":\"large\",\"class\":\"\",\"image\":\"\",\"image_size\":\"cover\",\"image_parallax_bgy_start\":\"130\",\"image_parallax_bgy_end\":\"130\",\"animation\":\"slide-right-medium\"},\"children\":[{\"type\":\"row\",\"props\":{\"layout\":\"2-3,1-3\",\"margin\":\"default\",\"match\":false,\"column_gap\":\"large\",\"row_gap\":\"large\"},\"children\":[{\"type\":\"column\",\"props\":{\"image_position\":\"center-center\",\"media_overlay_gradient\":\"\",\"vertical_align\":\"middle\",\"width_medium\":\"2-3\"},\"children\":[{\"type\":\"headline\",\"props\":{\"title_element\":\"h1\",\"content\":\"\n\n<p>La nostra acci\\u00f3 social durant l'any de la Covid-19<\\\/p>\",\"text_align\":\"left\"}},{\"type\":\"text\",\"props\":{\"margin\":\"default\",\"column_breakpoint\":\"m\",\"content\":\"\n\n<h3 style=\\\"text-align: left;\\\">Davant d'una crisi global <strong>emergeixen i s'aguditzen moltes necessitats socials<\\\/strong>. Es posa en relleu la import\\u00e0ncia i la urg\\u00e8ncia de construir un sistema de vida m\\u00e9s just, equitatiu, i que vetlli pel <strong>benestar de les persones i fam\\u00edlies m\\u00e9s vulnerables<\\\/strong>.<\\\/h3>\",\"text_size\":\"small\",\"text_align\":\"left\"}}]},{\"type\":\"column\",\"props\":{\"image_position\":\"center-center\",\"media_overlay_gradient\":\"\",\"width_medium\":\"1-3\"},\"children\":[{\"type\":\"image\",\"props\":{\"margin\":\"default\",\"image_svg_color\":\"emphasis\",\"image\":\"wp-content\\\/uploads\\\/MASCARILLA-45.svg\",\"image_width\":\"320\",\"position\":\"relative\",\"position_top\":\"50\"}}]}]},{\"type\":\"row\",\"children\":[{\"type\":\"column\",\"props\":{\"image_position\":\"center-center\",\"media_overlay_gradient\":\"\"},\"children\":[{\"type\":\"video\",\"props\":{\"video_controls\":true,\"margin\":\"default\",\"video_box_decoration\":\"\",\"video_box_shadow\":\"small\",\"video\":\"wp-content\\\/uploads\\\/VIDEO-MEMORIA-MP4-2.mp4\",\"video_loop\":true,\"video_muted\":true,\"video_autoplay\":true,\"position\":\"relative\",\"text_align\":\"left\",\"maxwidth\":\"2xlarge\",\"block_align\":\"center\",\"position_top\":\"20\"}}]}]},{\"type\":\"row\",\"props\":{\"margin\":\"large\"},\"children\":[{\"type\":\"column\",\"props\":{\"image_position\":\"center-center\",\"media_overlay_gradient\":\"\",\"width_medium\":\"\"},\"children\":[{\"type\":\"text\",\"props\":{\"margin\":\"default\",\"column_breakpoint\":\"m\",\"content\":\"\n\n<h2 style=\\\"text-align: center;\\\"><strong><span style=\\\"color: #5d32a7;\\\">El 2020 a IRES:<\\\/span> adaptaci\\u00f3, resposta a les necessitats i activaci\\u00f3 de nous recursos<\\\/strong><\\\/h2>\",\"maxwidth\":\"xlarge\",\"block_align\":\"center\"}}]}]},{\"type\":\"row\",\"props\":{\"width\":\"small\"},\"children\":[{\"type\":\"column\",\"props\":{\"image_position\":\"center-center\",\"media_overlay_gradient\":\"\",\"width_medium\":\"\"},\"children\":[{\"type\":\"grid\",\"props\":{\"show_title\":true,\"show_meta\":true,\"show_content\":false,\"show_image\":true,\"show_link\":true,\"grid_default\":\"1\",\"grid_medium\":\"3\",\"filter_style\":\"tab\",\"filter_all\":true,\"filter_position\":\"top\",\"filter_align\":\"left\",\"filter_grid_width\":\"auto\",\"title_element\":\"h6\",\"meta_style\":\"\",\"meta_align\":\"below-title\",\"image_align\":\"top\",\"image_grid_width\":\"1-2\",\"image_svg_color\":\"emphasis\",\"link_text\":\"Read more\",\"link_style\":\"default\",\"margin\":\"default\",\"item_animation\":\"\",\"grid_small\":\"3\",\"item_maxwidth\":\"small\",\"title_style\":\"h1\",\"title_color\":\"primary\",\"meta_margin\":\"small\",\"content_margin\":\"small\",\"text_align\":\"center\",\"margin_remove_top\":false,\"id\":\"datosGrid\",\"title_align\":\"top\",\"title_grid_width\":\"1-2\",\"css\":\".\",\"image_width\":\"150\",\"block_align\":\"center\",\"title_hover_style\":\"reset\",\"grid_column_gap\":\"medium\",\"grid_row_gap\":\"medium\",\"filter_grid_breakpoint\":\"m\",\"title_grid_breakpoint\":\"m\",\"image_grid_breakpoint\":\"m\",\"icon_width\":60,\"meta_element\":\"div\",\"content_column_breakpoint\":\"m\",\"lightbox\":false},\"children\":[{\"type\":\"grid_item\",\"props\":{\"title\":\"91%\",\"meta\":\"de serveis actius durant l'Estat d'alarma\",\"image\":\"wp-content\\\/uploads\\\/COVID-2020-42.svg\"}},{\"type\":\"grid_item\",\"props\":{\"title\":\"4\",\"meta\":\"campanyes de captaci\\u00f3 \",\"image\":\"wp-content\\\/uploads\\\/COVID-2020-43.svg\"}},{\"type\":\"grid_item\",\"props\":{\"title\":\"70\",\"meta\":\"fam\\u00edlies ateses  davant la bretxa digital\",\"image\":\"wp-content\\\/uploads\\\/COVID-2020-44.svg\"}}],\"name\":\"Cifras HOME\"}]}]}],\"name\":\"TESTIMONIO\"},{\"type\":\"section\",\"props\":{\"style\":\"muted\",\"width\":\"default\",\"vertical_align\":\"middle\",\"title_position\":\"top-left\",\"title_rotation\":\"left\",\"title_breakpoint\":\"xl\",\"image_position\":\"center-center\",\"animation\":\"fade\"},\"children\":[{\"type\":\"row\",\"props\":{\"layout\":\"1-4,1-2,1-4\"},\"children\":[{\"type\":\"column\",\"props\":{\"image_position\":\"center-center\",\"media_overlay_gradient\":\"\",\"width_medium\":\"1-4\"},\"children\":[{\"type\":\"image\",\"props\":{\"margin\":\"default\",\"image_svg_color\":\"emphasis\",\"image\":\"wp-content\\\/uploads\\\/MAPA_CAT_CAT-1.svg\",\"image_width\":\"200\"}},{\"type\":\"image\",\"props\":{\"margin\":\"default\",\"image_svg_color\":\"emphasis\",\"image\":\"wp-content\\\/uploads\\\/MAPA_BAL_CAT-1.svg\",\"image_width\":\"200\"}}]},{\"type\":\"column\",\"props\":{\"image_position\":\"center-center\",\"media_overlay_gradient\":\"\",\"width_medium\":\"1-2\"},\"children\":[{\"type\":\"grid\",\"props\":{\"show_title\":true,\"show_meta\":false,\"show_content\":true,\"show_image\":true,\"show_link\":false,\"grid_default\":\"1\",\"grid_medium\":\"2\",\"filter_style\":\"tab\",\"filter_all\":true,\"filter_position\":\"top\",\"filter_align\":\"left\",\"filter_grid_width\":\"auto\",\"filter_grid_breakpoint\":\"m\",\"title_hover_style\":\"reset\",\"title_element\":\"h2\",\"title_align\":\"top\",\"title_grid_width\":\"1-2\",\"title_grid_breakpoint\":\"m\",\"meta_style\":\"\",\"meta_align\":\"above-title\",\"content_column_breakpoint\":\"m\",\"icon_width\":80,\"image_align\":\"top\",\"image_grid_width\":\"1-2\",\"image_grid_breakpoint\":\"m\",\"image_svg_color\":\"emphasis\",\"link_text\":\"Read More\",\"link_style\":\"text\",\"margin\":\"large\",\"item_animation\":true,\"panel_content_width\":\"small\",\"title_style\":\"h4\",\"grid_row_gap\":\"large\",\"text_align\":\"center\",\"content_align\":true,\"content_margin\":\"medium\",\"title_link\":true,\"image_link\":true,\"image_width\":\"610\",\"meta_element\":\"div\",\"panel_style\":\"card-default\",\"panel_card_image\":true,\"meta_color\":\"muted\",\"grid_small\":\"2\",\"grid_masonry\":false,\"grid_parallax\":\"\",\"panel_link\":true},\"children\":[{\"type\":\"grid_item\",\"props\":{\"title\":\"Serveis als territoris\",\"image\":\"wp-content\\\/uploads\\\/7J1A4301-scaled.jpg\",\"image_alt\":\"Serveis amb infants en Catalunya de la Fundaci\\u00f3 IRES\",\"link\":\"#2\",\"meta\":\"02 February, 2021\",\"content\":\"\n\n<h1 style=\\\"text-align: center;\\\"><strong><span style=\\\"color: #1cab8b;\\\">39<\\\/span><\\\/strong><\\\/h1>\"}},{\"type\":\"grid_item\",\"props\":{\"title\":\"Persones i fam\\u00edlies ateses\",\"image\":\"wp-content\\\/uploads\\\/7J1A5685-scaled.jpg\",\"image_alt\":\"Fam\\u00edlia del casal en fam\\u00edlia de la Fundaci\\u00f3 IRES al territori de Sant Mart\\u00ed\",\"link\":\"#2\",\"meta\":\"02 February, 2021\",\"content\":\"\n\n<h1 style=\\\"text-align: center;\\\"><strong><span style=\\\"color: #1cab8b;\\\">14.151<\\\/span><\\\/strong><\\\/h1>\"}}]}]},{\"type\":\"column\",\"props\":{\"image_position\":\"center-center\",\"media_overlay_gradient\":\"\",\"width_medium\":\"1-4\",\"preserve_color\":false},\"children\":[{\"type\":\"image\",\"props\":{\"margin\":\"default\",\"image_svg_color\":\"emphasis\",\"image\":\"wp-content\\\/uploads\\\/ICONA_COR-09.svg\",\"image_width\":\"85\",\"text_align\":\"left\"}},{\"type\":\"text\",\"props\":{\"margin\":\"default\",\"column_breakpoint\":\"m\",\"content\":\"\n\n<h3 style=\\\"text-align: left;\\\"><span style=\\\"color: #5d32a7;\\\">Tot i l'esfor\\u00e7 dels equips, <strong>el nombre de persones ateses aquest any s'ha vist afectat per la pand\\u00e8mia.<\\\/strong><\\\/span><\\\/h3>\",\"text_align\":\"center\"}}]}]},{\"type\":\"row\",\"children\":[{\"type\":\"column\",\"props\":{\"image_position\":\"center-center\",\"media_overlay_gradient\":\"\"},\"children\":[{\"type\":\"text\",\"props\":{\"margin\":\"default\",\"column_breakpoint\":\"m\",\"content\":\"\n\n<h3 style=\\\"text-align: center;\\\"><span style=\\\"color: #252525;\\\">El fet de no poder realitzar intervenci\\u00f3 grupal aix\\u00ed com la reducci\\u00f3 dels tallers formatius per a joves s\\u2019ha tradu\\u00eft en <strong> un descens del 18% en el nombre de persones ateses en 2020.<\\\/strong><\\\/span><\\\/h3>\",\"maxwidth\":\"xlarge\",\"block_align\":\"center\"}}]}]}],\"name\":\"NUESTRA ACCI\\u00d3N SOCIAL\"},{\"type\":\"section\",\"props\":{\"style\":\"default\",\"width\":\"default\",\"vertical_align\":\"middle\",\"title_position\":\"top-left\",\"title_rotation\":\"left\",\"title_breakpoint\":\"xl\",\"image_position\":\"center-center\",\"animation\":\"slide-right-medium\",\"image\":\"\",\"image_size\":\"cover\"},\"children\":[{\"type\":\"row\",\"props\":{\"layout\":\"1-2,1-2\"},\"children\":[{\"type\":\"column\",\"props\":{\"image_position\":\"center-center\",\"media_overlay_gradient\":\"\",\"width_medium\":\"1-2\"},\"children\":[{\"type\":\"headline\",\"props\":{\"title_element\":\"h1\",\"content\":\"El nostre equip\"}},{\"type\":\"text\",\"props\":{\"margin\":\"default\",\"column_breakpoint\":\"m\",\"content\":\"\n\n<h3><span style=\\\"color: #919191;\\\">Formem un equip multidisciplinar que creu en les persones i el seu potencial per trobar en les situacions de vulnerabilitat una oportunitat de canvi vital.<\\\/span><\\\/h3>\"}},{\"type\":\"text\",\"props\":{\"margin\":\"default\",\"column_breakpoint\":\"m\",\"content\":\"\n\n<h3><span style=\\\"color: #919191;\\\">Durant el passat any, les persones que treballen en IRES van reunir tot el seu coneixement, experi\\u00e8ncia i capacitat d'adaptaci\\u00f3 per ajustar-se a unes circumst\\u00e0ncies sense precedents i a l'servei de les persones que atenien.<\\\/h3>\"}},{\"type\":\"text\",\"props\":{\"margin\":\"default\",\"column_breakpoint\":\"m\",\"content\":\"\n\n<h1><strong><span style=\\\"color: #1cab8b;\\\">\\u2013<\\\/span><\\\/strong><\\\/h1>\",\"margin_remove_top\":false}}]},{\"type\":\"column\",\"props\":{\"image_position\":\"center-center\",\"media_overlay_gradient\":\"\",\"width_medium\":\"1-2\"},\"children\":[{\"type\":\"image\",\"props\":{\"margin\":\"default\",\"image_svg_color\":\"emphasis\",\"image_border\":\"rounded\",\"image_box_shadow\":\"large\",\"text_align\":\"left\",\"text_align_breakpoint\":\"m\",\"text_align_fallback\":\"center\",\"animation\":\"parallax\",\"image\":\"wp-content\\\/uploads\\\/Disseny-sense-titol-22-scaled.jpg\",\"parallax_y_start\":\"0\",\"parallax_y_end\":\"-50\",\"image_alt\":\"Fam\\u00edlia del Casal en Familia de la Fundaci\\u00f3 IRES\",\"position\":\"relative\",\"position_top\":\"30\"}}]}]},{\"type\":\"row\",\"props\":{\"layout\":\"1-4,1-2,1-4\"},\"children\":[{\"type\":\"column\",\"props\":{\"image_position\":\"center-center\",\"media_overlay_gradient\":\"\",\"width_medium\":\"1-4\"},\"children\":[{\"type\":\"grid\",\"props\":{\"show_title\":true,\"show_meta\":true,\"show_content\":false,\"show_image\":true,\"show_link\":true,\"grid_default\":\"1\",\"grid_medium\":\"1\",\"filter_style\":\"tab\",\"filter_all\":true,\"filter_position\":\"top\",\"filter_align\":\"left\",\"filter_grid_width\":\"auto\",\"title_element\":\"h6\",\"meta_style\":\"\",\"meta_align\":\"below-title\",\"image_align\":\"top\",\"image_grid_width\":\"1-2\",\"image_svg_color\":\"emphasis\",\"link_text\":\"Read more\",\"link_style\":\"default\",\"margin\":\"default\",\"item_animation\":\"\",\"grid_small\":\"1\",\"item_maxwidth\":\"small\",\"title_style\":\"h1\",\"title_color\":\"primary\",\"meta_margin\":\"small\",\"content_margin\":\"small\",\"text_align\":\"center\",\"margin_remove_top\":false,\"id\":\"datosGrid\",\"title_align\":\"top\",\"title_grid_width\":\"1-2\",\"css\":\".\",\"image_width\":\"150\",\"image_height\":\"150\",\"block_align\":\"center\",\"title_hover_style\":\"reset\",\"grid_column_gap\":\"medium\",\"grid_row_gap\":\"medium\",\"filter_grid_breakpoint\":\"m\",\"title_grid_breakpoint\":\"m\",\"image_grid_breakpoint\":\"m\",\"icon_width\":60,\"meta_element\":\"div\",\"content_column_breakpoint\":\"m\"},\"children\":[{\"type\":\"grid_item\",\"props\":{\"title\":\"202\",\"meta\":\"Professionals\",\"image\":\"wp-content\\\/uploads\\\/ICONO-PROFES-15.svg\"}},{\"type\":\"grid_item\",\"props\":{\"image\":\"wp-content\\\/uploads\\\/VOLUNTARIS-48-48.svg\",\"meta\":\"Persones volunt\\u00e0ries\",\"title\":\"40\"}}],\"name\":\"Cifras HOME\"}]},{\"type\":\"column\",\"props\":{\"image_position\":\"center-center\",\"media_overlay_gradient\":\"\",\"width_medium\":\"1-2\"},\"children\":[{\"type\":\"image\",\"props\":{\"margin\":\"default\",\"image_svg_color\":\"emphasis\",\"image\":\"wp-content\\\/uploads\\\/GRAFIC_GENERESSS-54.svg\",\"image_width\":\"500\",\"text_align\":\"center\"}},{\"type\":\"text\",\"props\":{\"margin\":\"default\",\"column_breakpoint\":\"m\",\"content\":\"\n\n<p style=\\\"text-align: center;\\\"><i>Cap persona identificada com a \\\"no-bin\\u00e0ria\\\"<\\\/i><\\\/p>\"}},{\"type\":\"grid\",\"props\":{\"show_title\":true,\"show_meta\":false,\"show_content\":true,\"show_image\":true,\"show_link\":false,\"grid_default\":\"1\",\"grid_medium\":\"1\",\"filter_style\":\"tab\",\"filter_all\":true,\"filter_position\":\"top\",\"filter_align\":\"left\",\"filter_grid_width\":\"auto\",\"filter_grid_breakpoint\":\"m\",\"title_hover_style\":\"reset\",\"title_element\":\"h2\",\"title_align\":\"top\",\"title_grid_width\":\"1-2\",\"title_grid_breakpoint\":\"m\",\"meta_style\":\"\",\"meta_align\":\"above-title\",\"content_column_breakpoint\":\"m\",\"icon_width\":80,\"image_align\":\"left\",\"image_grid_width\":\"1-2\",\"image_grid_breakpoint\":\"m\",\"image_svg_color\":\"emphasis\",\"link_text\":\"Read More\",\"link_style\":\"text\",\"margin\":\"large\",\"item_animation\":true,\"panel_content_width\":\"small\",\"title_style\":\"h4\",\"grid_row_gap\":\"large\",\"text_align\":\"center\",\"content_align\":true,\"content_margin\":\"medium\",\"title_link\":true,\"image_link\":true,\"image_width\":\"610\",\"meta_element\":\"div\",\"panel_style\":\"card-default\",\"panel_card_image\":true,\"meta_color\":\"muted\",\"grid_small\":\"1\",\"grid_masonry\":false,\"grid_parallax\":\"\",\"panel_link\":true,\"position\":\"relative\",\"position_top\":\"-20\"},\"children\":[{\"type\":\"grid_item\",\"props\":{\"title\":\"Plantilla afectada pel virus de  la COVID-19\",\"image\":\"wp-content\\\/uploads\\\/COVIDDD-49.png\",\"image_alt\":\"Serveis amb infants en Catalunya de la Fundaci\\u00f3 IRES\",\"link\":\"#2\",\"meta\":\"\",\"content\":\"\n\n<h1 style=\\\"text-align: center;\\\"><strong><span style=\\\"color: #1cab8b;\\\">14,36%<\\\/span><\\\/strong><\\\/h1>\"}}]}]},{\"type\":\"column\",\"props\":{\"image_position\":\"center-center\",\"media_overlay_gradient\":\"\",\"width_medium\":\"1-4\"},\"children\":[{\"type\":\"grid\",\"props\":{\"show_title\":true,\"show_meta\":true,\"show_content\":false,\"show_image\":true,\"show_link\":true,\"grid_default\":\"1\",\"grid_medium\":\"1\",\"filter_style\":\"tab\",\"filter_all\":true,\"filter_position\":\"top\",\"filter_align\":\"left\",\"filter_grid_width\":\"auto\",\"title_element\":\"h6\",\"meta_style\":\"\",\"meta_align\":\"below-title\",\"image_align\":\"top\",\"image_grid_width\":\"1-2\",\"image_svg_color\":\"emphasis\",\"link_text\":\"Read more\",\"link_style\":\"default\",\"margin\":\"default\",\"item_animation\":\"\",\"grid_small\":\"1\",\"item_maxwidth\":\"small\",\"title_style\":\"h1\",\"title_color\":\"primary\",\"meta_margin\":\"small\",\"content_margin\":\"small\",\"text_align\":\"center\",\"margin_remove_top\":false,\"id\":\"datosGrid\",\"title_align\":\"top\",\"title_grid_width\":\"1-2\",\"css\":\".\",\"image_width\":\"150\",\"image_height\":\"150\",\"block_align\":\"center\",\"title_hover_style\":\"reset\",\"grid_column_gap\":\"medium\",\"grid_row_gap\":\"medium\",\"filter_grid_breakpoint\":\"m\",\"title_grid_breakpoint\":\"m\",\"image_grid_breakpoint\":\"m\",\"icon_width\":60,\"meta_element\":\"div\",\"content_column_breakpoint\":\"m\"},\"children\":[{\"type\":\"grid_item\",\"props\":{\"title\":\"\n\n<div class=\\\"counter counter-value\\\">66<\\\/div>\",\"meta\":\"Formacions\",\"content\":\"\",\"image\":\"wp-content\\\/uploads\\\/ICONO-FORMACION-14.svg\"}},{\"type\":\"grid_item\",\"props\":{\"meta\":\"hores de formacions\",\"title\":\"497\",\"image\":\"wp-content\\\/uploads\\\/FORMACIONES-47.svg\"}}],\"name\":\"Cifras HOME\"}]}]}],\"name\":\"NUESTRO EQUIPO\"},{\"type\":\"section\",\"props\":{\"style\":\"muted\",\"width\":\"default\",\"vertical_align\":\"middle\",\"title_position\":\"top-left\",\"title_rotation\":\"left\",\"title_breakpoint\":\"xl\",\"image_position\":\"center-center\",\"padding\":\"small\",\"animation\":\"slide-right-medium\"},\"children\":[{\"type\":\"row\",\"children\":[{\"type\":\"column\",\"props\":{\"image_position\":\"center-center\",\"media_overlay_gradient\":\"\"},\"children\":[{\"type\":\"headline\",\"props\":{\"title_element\":\"h2\",\"content\":\"<span style=\\\"color: #1cab8b;\\\">Innovaci\\u00f3 social i oficina de projectes<\\\/span>\"}}]}]},{\"type\":\"row\",\"props\":{\"layout\":\"1-2,1-4,1-4|1-1,1-2,1-2\"},\"children\":[{\"type\":\"column\",\"props\":{\"image_position\":\"center-center\",\"media_overlay_gradient\":\"\",\"width_medium\":\"1-2\",\"width_small\":\"1-1\"},\"children\":[{\"type\":\"text\",\"props\":{\"margin\":\"default\",\"column_breakpoint\":\"m\",\"content\":\"\n\n<h3 style=\\\"text-align: left;\\\">La innovaci\\u00f3 social \\u00e9s una eina clau per adaptar-nos a una realitat social en transformaci\\u00f3 constant i donar resposta a les necessitats emergents, generar <strong>nous  models d'atenci\\u00f3, metodologies innovadores y projectes pioners<\\\/strong> adaptats als problemes socials.<\\\/h3>\",\"text_align\":\"center\",\"position\":\"relative\",\"position_top\":\"10\"}}]},{\"type\":\"column\",\"props\":{\"image_position\":\"center-center\",\"media_overlay_gradient\":\"\",\"width_medium\":\"1-4\",\"width_small\":\"1-2\"},\"children\":[{\"type\":\"image\",\"props\":{\"margin\":\"default\",\"image_svg_color\":\"emphasis\",\"image\":\"wp-content\\\/uploads\\\/GRAFICO-INNOVACIO-SOCIAL-OFI-PROJECTES-10-10-46.svg\",\"image_width\":\"280\",\"text_align\":\"center\"}}]},{\"type\":\"column\",\"props\":{\"image_position\":\"center-center\",\"media_overlay_gradient\":\"\",\"width_medium\":\"1-4\",\"width_small\":\"1-2\"},\"children\":[{\"type\":\"text\",\"props\":{\"margin\":\"default\",\"column_breakpoint\":\"m\",\"content\":\"\n\n<p style=\\\"text-align: left;\\\"><strong><span style=\\\"color: #beaddc;\\\">\\u25cf <\\\/span><span style=\\\"color: #252525;\\\">Projectes recurrents<\\\/span><\\\/strong><\\\/p>\",\"text_align\":\"left\",\"position\":\"relative\",\"position_top\":\"40\"}},{\"type\":\"text\",\"props\":{\"margin\":\"default\",\"column_breakpoint\":\"m\",\"content\":\"\n\n<p style=\\\"text-align: left;\\\"><strong><span style=\\\"color: #a8a8a8;\\\">\\u25cf <\\\/span><span style=\\\"color: #252525;\\\">Projectes de nova creaci\\u00f3<\\\/span><\\\/strong><\\\/p>\",\"text_align\":\"left\",\"position\":\"relative\",\"position_top\":\"40\"}},{\"type\":\"text\",\"props\":{\"margin\":\"default\",\"column_breakpoint\":\"m\",\"content\":\"\n\n<p style=\\\"text-align: left;\\\"><strong><span style=\\\"color: #a4ddd1;\\\">\\u25cf <\\\/span><span style=\\\"color: #252525;\\\">Projectes de transformaci\\u00f3<\\\/span><\\\/strong><\\\/p>\",\"text_align\":\"left\",\"position\":\"relative\",\"position_top\":\"40\"}},{\"type\":\"text\",\"props\":{\"margin\":\"default\",\"column_breakpoint\":\"m\",\"content\":\"\n\n<p style=\\\"text-align: left;\\\"><strong><span style=\\\"color: #fab3b5;\\\">\\u25cf <\\\/span><span style=\\\"color: #252525;\\\">Assessorament intern<\\\/span><\\\/strong><\\\/p>\",\"text_align\":\"left\",\"position\":\"relative\",\"position_top\":\"40\"}}]}]}],\"name\":\"INNOVACI\\u00d3 SOCIAL I OFI DE PROJECTES\"},{\"type\":\"section\",\"props\":{\"style\":\"default\",\"width\":\"default\",\"vertical_align\":\"middle\",\"title_position\":\"top-left\",\"title_rotation\":\"left\",\"title_breakpoint\":\"xl\",\"image_position\":\"center-center\",\"animation\":\"fade\"},\"children\":[{\"type\":\"row\",\"props\":{\"layout\":\"1-2,1-2\"},\"children\":[{\"type\":\"column\",\"props\":{\"image_position\":\"center-center\",\"media_overlay_gradient\":\"\",\"width_medium\":\"1-2\"},\"children\":[{\"type\":\"headline\",\"props\":{\"title_element\":\"h1\",\"content\":\"La nostra xarxa i aliances estrat\\u00e8giques\",\"position\":\"relative\",\"position_top\":\"20\"}},{\"type\":\"text\",\"props\":{\"margin\":\"default\",\"column_breakpoint\":\"m\",\"content\":\"\n\n<h3><span style=\\\"color: #919191;\\\">En el 2020, m\\u00e9s que mai, hem treballat en xarxa per a superar els obstacles que ten\\u00edem i aqu\\u00ed, administracions, empreses, entitats i ciutadania, van construir noves sinergies de treball col\\u00b7laboratiu.<\\\/span><\\\/h3>\",\"position\":\"relative\",\"position_top\":\"20\"}},{\"type\":\"text\",\"props\":{\"margin\":\"default\",\"column_breakpoint\":\"m\",\"content\":\"\n\n<h1><strong><span style=\\\"color: #1cab8b;\\\">\\u2013<\\\/span><\\\/strong><\\\/h1>\",\"margin_remove_top\":false,\"position\":\"relative\",\"position_top\":\"20\"}}]},{\"type\":\"column\",\"props\":{\"image_position\":\"center-center\",\"media_overlay_gradient\":\"\",\"width_medium\":\"1-2\"},\"children\":[{\"type\":\"image\",\"props\":{\"margin\":\"default\",\"image_svg_color\":\"emphasis\",\"image\":\"wp-content\\\/uploads\\\/XARXA-40.svg\",\"image_svg_inline\":true,\"maxwidth\":\"2xlarge\",\"text_align\":\"center\",\"block_align\":\"center\",\"image_height\":\"400\"}}]}]}],\"name\":\"Nuestra red\"},{\"type\":\"section\",\"props\":{\"style\":\"default\",\"width\":\"default\",\"vertical_align\":\"middle\",\"title_position\":\"top-left\",\"title_rotation\":\"left\",\"title_breakpoint\":\"xl\",\"image_position\":\"center-center\",\"animation\":\"fade\",\"image\":\"wp-content\\\/uploads\\\/Sin-ti\\u0301tulo-2.png\",\"image_size\":\"cover\"},\"children\":[{\"type\":\"row\",\"props\":{\"layout\":\"1-2,1-2\"},\"children\":[{\"type\":\"column\",\"props\":{\"image_position\":\"center-center\",\"media_overlay_gradient\":\"\",\"width_medium\":\"1-2\"},\"children\":[{\"type\":\"headline\",\"props\":{\"title_element\":\"h1\",\"content\":\"RSC i alineament estrat\\u00e8gic\"}},{\"type\":\"text\",\"props\":{\"margin\":\"default\",\"column_breakpoint\":\"m\",\"content\":\"\n\n<h3>Integrem els <strong>Objetius de Desenvolupament Sostenible (ODS)<\\\/strong> a la nostra responsabilitat social corporativa.<\\\/h3>\"}},{\"type\":\"image\",\"props\":{\"margin\":\"default\",\"image_svg_color\":\"emphasis\",\"text_align\":\"left\",\"text_align_breakpoint\":\"m\",\"text_align_fallback\":\"center\",\"animation\":\"parallax\",\"image\":\"wp-content\\\/uploads\\\/ODSSS-50.svg\",\"parallax_y_start\":\"0\",\"parallax_y_end\":\"-50\",\"image_alt\":\"Signatura d'un conveni de col\\u00b7laboraci\\u00f3 amb l'empresa TRAM per les Beques Click\",\"position\":\"relative\",\"position_top\":\"15\"}},{\"type\":\"image\",\"props\":{\"margin\":\"default\",\"image_svg_color\":\"emphasis\",\"image\":\"wp-content\\\/uploads\\\/ODS_TOTS_CAT_02.png\",\"image_width\":\"450\",\"text_align\":\"left\"}}]},{\"type\":\"column\",\"props\":{\"image_position\":\"center-center\",\"media_overlay_gradient\":\"\",\"width_medium\":\"1-2\"},\"children\":[{\"type\":\"image\",\"props\":{\"margin\":\"default\",\"image_svg_color\":\"emphasis\",\"image_border\":\"rounded\",\"image_box_shadow\":\"large\",\"text_align\":\"left\",\"text_align_breakpoint\":\"m\",\"text_align_fallback\":\"center\",\"animation\":\"parallax\",\"image\":\"wp-content\\\/uploads\\\/Foto-signatura-Conveni-Beques-Click-20-21.jpeg\",\"parallax_y_start\":\"0\",\"parallax_y_end\":\"-50\",\"image_alt\":\"Signatura d'un conveni de col\\u00b7laboraci\\u00f3 amb l'empresa TRAM per les Beques Click\"}},{\"type\":\"text\",\"props\":{\"margin\":\"default\",\"column_breakpoint\":\"m\",\"content\":\"\n\n<p><span style=\\\"color: #252525;\\\">Signatura de la renovaci\\u00f3 del conveni <strong>Beques Click<\\\/strong> en el 2020 amb l'empresa<strong> TRAM<\\\/strong> de Barcelona per l'acc\\u00e9s a una <strong>Educaci\\u00f3 de qualitat<\\\/strong><\\\/span><\\\/p>\",\"position\":\"relative\",\"position_top\":\"-20\"}}]}]},{\"type\":\"row\",\"props\":{\"layout\":\"1-4,1-4,1-4,1-4|1-2,1-2,1-2,1-2\",\"status\":\"disabled\"},\"children\":[{\"type\":\"column\",\"props\":{\"image_position\":\"center-center\",\"media_overlay_gradient\":\"\",\"width_medium\":\"1-4\",\"width_small\":\"1-2\"},\"children\":[{\"type\":\"image\",\"props\":{\"margin\":\"default\",\"image_svg_color\":\"emphasis\",\"image\":\"wp-content\\\/uploads\\\/ODS_IRES_CAST-03.svg\",\"image_width\":\"180\",\"text_align\":\"center\"}},{\"type\":\"headline\",\"props\":{\"title_element\":\"h1\",\"content\":\"\n\n<h3 style=\\\"text-align: center;\\\"><strong><span style=\\\"color: #1cab8b;\\\">Educaci\\u00f3n<\\\/strong><\\\/h3>\",\"text_align\":\"center\"}},{\"type\":\"text\",\"props\":{\"margin\":\"default\",\"column_breakpoint\":\"m\",\"content\":\"\n\n<h4 style=\\\"text-align: center;\\\">Mejorar la calidad de vida de las personas y el acceso a la educaci\\u00f3n inclusiva y equitativa.<\\\/h4>\",\"text_align\":\"center\"}}]},{\"type\":\"column\",\"props\":{\"image_position\":\"center-center\",\"media_overlay_gradient\":\"\",\"width_medium\":\"1-4\",\"width_small\":\"1-2\"},\"children\":[{\"type\":\"image\",\"props\":{\"margin\":\"default\",\"image_svg_color\":\"emphasis\",\"image\":\"wp-content\\\/uploads\\\/ODS_IRES_CAST-04.svg\",\"image_width\":\"180\",\"text_align\":\"center\"}},{\"type\":\"headline\",\"props\":{\"title_element\":\"h1\",\"content\":\"\n\n<h3 style=\\\"text-align: center;\\\"><strong><span style=\\\"color: #1cab8b;\\\">Igualdad<\\\/span><\\\/strong><\\\/h3>\",\"text_align\":\"center\"}},{\"type\":\"text\",\"props\":{\"margin\":\"default\",\"column_breakpoint\":\"m\",\"content\":\"\n\n<h4 style=\\\"text-align: center;\\\">Promover la igualdad como un derecho fundamental para construir un mundo m\\u00e1s justo y sostenible.<\\\/h4>\",\"text_align\":\"center\"}}]},{\"type\":\"column\",\"props\":{\"image_position\":\"center-center\",\"media_overlay_gradient\":\"\",\"width_medium\":\"1-4\",\"width_small\":\"1-2\"},\"children\":[{\"type\":\"image\",\"props\":{\"margin\":\"default\",\"image_svg_color\":\"emphasis\",\"image\":\"wp-content\\\/uploads\\\/ODS_IRES_CAST-06.svg\",\"image_width\":\"180\",\"text_align\":\"center\"}},{\"type\":\"headline\",\"props\":{\"title_element\":\"h1\",\"content\":\"\n\n<h3 style=\\\"text-align: center;\\\"><strong><span style=\\\"color: #1cab8b;\\\">Equidad<\\\/span><\\\/strong><\\\/h3>\",\"text_align\":\"center\"}},{\"type\":\"text\",\"props\":{\"margin\":\"default\",\"column_breakpoint\":\"m\",\"content\":\"\n\n<h4 style=\\\"text-align: center;\\\">Reducir la pobreza para evitar desigualdades y grandes disparidades en el acceso a los recursos.<\\\/h4>\",\"text_align\":\"center\"}}]},{\"type\":\"column\",\"props\":{\"image_position\":\"center-center\",\"media_overlay_gradient\":\"\",\"width_medium\":\"1-4\",\"width_small\":\"1-2\"},\"children\":[{\"type\":\"image\",\"props\":{\"margin\":\"default\",\"image_svg_color\":\"emphasis\",\"image\":\"wp-content\\\/uploads\\\/ODS_IRES_CAST-10.svg\",\"image_width\":\"180\",\"text_align\":\"center\"}},{\"type\":\"headline\",\"props\":{\"title_element\":\"h1\",\"content\":\"\n\n<h3 style=\\\"text-align: center;\\\"><strong><span style=\\\"color: #1cab8b;\\\">Alianzas<\\\/span><\\\/strong><\\\/h3>\",\"text_align\":\"center\"}},{\"type\":\"text\",\"props\":{\"margin\":\"default\",\"column_breakpoint\":\"m\",\"content\":\"\n\n<h4 style=\\\"text-align: center;\\\">Generar alianzas construidas sobre principios y valores compartidos que colocan a las personas en el centro.<\\\/h4>\",\"text_align\":\"center\"}}]}]}],\"name\":\"RSC Y ALINEACI\\u00d3N ESTRAT\\u00c9GICA\"},{\"type\":\"section\",\"props\":{\"style\":\"default\",\"width\":\"default\",\"vertical_align\":\"middle\",\"title_position\":\"top-left\",\"title_rotation\":\"left\",\"title_breakpoint\":\"xl\",\"image_position\":\"center-center\",\"animation\":\"slide-right-medium\"},\"children\":[{\"type\":\"row\",\"props\":{\"layout\":\"1-2,1-2\"},\"children\":[{\"type\":\"column\",\"props\":{\"image_position\":\"center-center\",\"media_overlay_gradient\":\"\",\"width_medium\":\"1-2\"},\"children\":[{\"type\":\"headline\",\"props\":{\"title_element\":\"h1\",\"content\":\"Gesti\\u00f3 financera\"}},{\"type\":\"text\",\"props\":{\"margin\":\"default\",\"column_breakpoint\":\"m\",\"content\":\"\n\n<h3><span style=\\\"color: #919191;\\\">Ser transparents i rendir comptes ha estat sempre el nostre comprom\\u00eds i prioritat<\\\/span><\\\/h3>\"}},{\"type\":\"text\",\"props\":{\"margin\":\"default\",\"column_breakpoint\":\"m\",\"content\":\"\n\n<h1><strong><span style=\\\"color: #1cab8b;\\\">\\u2013<\\\/span><\\\/strong><\\\/h1>\",\"margin_remove_top\":false}}]},{\"type\":\"column\",\"props\":{\"image_position\":\"center-center\",\"media_overlay_gradient\":\"\",\"width_medium\":\"1-2\"},\"children\":[]}]},{\"type\":\"row\",\"props\":{\"layout\":\"1-4,1-4,1-4,1-4|1-2,1-2,1-2,1-2\"},\"children\":[{\"type\":\"column\",\"props\":{\"image_position\":\"center-center\",\"media_overlay_gradient\":\"\",\"width_medium\":\"1-4\",\"width_small\":\"1-2\"},\"children\":[{\"type\":\"image\",\"props\":{\"margin\":\"default\",\"image_svg_color\":\"emphasis\",\"image\":\"wp-content\\\/uploads\\\/FINANZAS-52.svg\"}}]},{\"type\":\"column\",\"props\":{\"image_position\":\"center-center\",\"media_overlay_gradient\":\"\",\"width_medium\":\"1-4\",\"width_small\":\"1-2\"},\"children\":[{\"type\":\"text\",\"props\":{\"margin\":\"default\",\"column_breakpoint\":\"m\",\"content\":\"\n\n<h4 style=\\\"text-align: left;\\\"><strong>Finan\\u00e7ament de l'activitat<\\\/strong><br \\\/><strong>5.625.857,89 \\u20ac<\\\/strong><\\\/h4>\",\"text_align\":\"left\",\"position\":\"relative\",\"position_top\":\"20\"}},{\"type\":\"text\",\"props\":{\"margin\":\"default\",\"column_breakpoint\":\"m\",\"content\":\"<strong><span style=\\\"color: #beaddc;\\\">\\u25cf <\\\/span><\\\/strong><span style=\\\"color: #252525;\\\">Prestaci\\u00f3 de serveis\",\"text_align\":\"left\",\"position\":\"relative\",\"position_top\":\"20\"}},{\"type\":\"text\",\"props\":{\"margin\":\"default\",\"column_breakpoint\":\"m\",\"content\":\"<strong><span style=\\\"color: #a4ddd1;\\\">\\u25cf <\\\/span><\\\/strong><span style=\\\"color: #252525;\\\">Subvencions p\\u00fabliques\",\"text_align\":\"left\",\"position\":\"relative\",\"position_top\":\"20\"}},{\"type\":\"text\",\"props\":{\"margin\":\"default\",\"column_breakpoint\":\"m\",\"content\":\"\n\n<p><strong><span style=\\\"color: #fab3b5;\\\">\\u25cf <\\\/span><\\\/strong><span style=\\\"color: #252525;\\\">Captaci\\u00f3 privada<\\\/span><\\\/p>\",\"text_align\":\"left\",\"position\":\"relative\",\"position_top\":\"20\"}}]},{\"type\":\"column\",\"props\":{\"image_position\":\"center-center\",\"media_overlay_gradient\":\"\",\"width_medium\":\"1-4\",\"width_small\":\"1-2\"},\"children\":[{\"type\":\"image\",\"props\":{\"margin\":\"default\",\"image_svg_color\":\"emphasis\",\"image\":\"wp-content\\\/uploads\\\/FINANZAS-53.svg\"}}]},{\"type\":\"column\",\"props\":{\"image_position\":\"center-center\",\"media_overlay_gradient\":\"\",\"width_medium\":\"1-4\",\"width_small\":\"1-2\"},\"children\":[{\"type\":\"text\",\"props\":{\"margin\":\"default\",\"column_breakpoint\":\"m\",\"content\":\"\n\n<h4 style=\\\"text-align: left;\\\"><strong>Despeses<\\\/strong><br \\\/><strong>5.622.314,36 \\u20ac<\\\/strong><\\\/h4>\",\"text_align\":\"left\",\"position\":\"relative\",\"position_top\":\"0\"}},{\"type\":\"text\",\"props\":{\"margin\":\"default\",\"column_breakpoint\":\"m\",\"content\":\"\n\n<p style=\\\"text-align: left;\\\"><strong><span style=\\\"color: #a4ddd1;\\\">\\u25cf <\\\/span><\\\/strong><span style=\\\"color: #252525;\\\">Estructura de l'entitat i activitats de sensibilizaci\\u00f3 i incid\\u00e8ncia<\\\/span><\\\/p>\",\"text_align\":\"left\",\"position\":\"relative\",\"position_top\":\"0\"}},{\"type\":\"text\",\"props\":{\"margin\":\"default\",\"column_breakpoint\":\"m\",\"content\":\"\n\n<p style=\\\"text-align: left;\\\"><strong><span style=\\\"color: #beaddc;\\\">\\u25cf <\\\/span><\\\/strong><span style=\\\"color: #252525;\\\">Inversi\\u00f3 en programes socials destinats a les fam\\u00edlies i les persones que atenem<\\\/span><\\\/p>\",\"text_align\":\"left\",\"position\":\"relative\",\"position_top\":\"0\"}}]}]}],\"name\":\"GESTI\\u00d3N FINANCIERA\"},{\"type\":\"section\",\"props\":{\"style\":\"default\",\"width\":\"default\",\"vertical_align\":\"middle\",\"title_position\":\"top-left\",\"title_rotation\":\"left\",\"title_breakpoint\":\"xl\",\"image_position\":\"center-center\",\"animation\":\"fade\",\"image\":\"wp-content\\\/uploads\\\/Sin-ti\\u0301tulo-1-1.jpg\",\"image_size\":\"cover\"},\"children\":[{\"type\":\"row\",\"props\":{\"layout\":\"2-3,1-3\"},\"children\":[{\"type\":\"column\",\"props\":{\"image_position\":\"center-center\",\"media_overlay_gradient\":\"\",\"width_medium\":\"2-3\"},\"children\":[]},{\"type\":\"column\",\"props\":{\"image_position\":\"center-center\",\"media_overlay_gradient\":\"\",\"width_medium\":\"1-3\"},\"children\":[]}]},{\"type\":\"row\",\"children\":[{\"type\":\"column\",\"props\":{\"image_position\":\"center-center\",\"media_overlay_gradient\":\"\",\"width_medium\":\"1-3\"},\"children\":[{\"type\":\"headline\",\"props\":{\"title_element\":\"h1\",\"content\":\"Comunicaci\\u00f3 i sensibilizaci\\u00f3\"}},{\"type\":\"text\",\"props\":{\"margin\":\"default\",\"column_breakpoint\":\"m\",\"content\":\"\n\n<h3>Comunicar sobre la vulnerabilitat en un any en qu\\u00e8 moltes m\\u00e9s persones que mai s'han sentit vulnerables<\\\/h3>\"}}]},{\"type\":\"column\",\"props\":{\"image_position\":\"center-center\",\"media_overlay_gradient\":\"\",\"width_medium\":\"2-3\"},\"children\":[{\"type\":\"grid\",\"props\":{\"show_title\":true,\"show_meta\":true,\"show_content\":false,\"show_image\":true,\"show_link\":true,\"grid_default\":\"1\",\"grid_medium\":\"3\",\"filter_style\":\"tab\",\"filter_all\":true,\"filter_position\":\"top\",\"filter_align\":\"left\",\"filter_grid_width\":\"auto\",\"title_element\":\"h6\",\"meta_style\":\"\",\"meta_align\":\"below-title\",\"image_align\":\"top\",\"image_grid_width\":\"1-2\",\"image_svg_color\":\"emphasis\",\"link_text\":\"Read more\",\"link_style\":\"default\",\"margin\":\"default\",\"item_animation\":\"\",\"grid_small\":\"3\",\"item_maxwidth\":\"small\",\"title_style\":\"h1\",\"title_color\":\"primary\",\"meta_margin\":\"small\",\"content_margin\":\"small\",\"text_align\":\"center\",\"margin_remove_top\":false,\"id\":\"datosGrid\",\"title_align\":\"top\",\"title_grid_width\":\"1-2\",\"css\":\".\",\"image_width\":\"120\",\"block_align\":\"center\",\"title_hover_style\":\"reset\",\"grid_column_gap\":\"medium\",\"grid_row_gap\":\"medium\",\"filter_grid_breakpoint\":\"m\",\"title_grid_breakpoint\":\"m\",\"image_grid_breakpoint\":\"m\",\"icon_width\":60,\"meta_element\":\"div\",\"content_column_breakpoint\":\"m\",\"image_height\":\"80\"},\"children\":[{\"type\":\"grid_item\",\"props\":{\"title\":\"\n\n<div class=\\\"counter counter-value\\\">90<\\\/div>\",\"meta\":\"Publicacions\",\"content\":\"\",\"image\":\"wp-content\\\/uploads\\\/COMU-27.svg\"}},{\"type\":\"grid_item\",\"props\":{\"title\":\"\n\n<div class=\\\"counter counter-value\\\">109<\\\/div>\",\"meta\":\"Aparicions en mitjans\",\"content\":\"\",\"image\":\"wp-content\\\/uploads\\\/COMU-30.svg\"}},{\"type\":\"grid_item\",\"props\":{\"title\":\"\n\n<div class=\\\"counter counter-value\\\">7.097.007 <\\\/div>\",\"meta\":\"Persones d'audi\\u00e8ncia estimada\",\"content\":\"\",\"image\":\"wp-content\\\/uploads\\\/COMU-31.svg\"}}],\"name\":\"Cifras HOME\"}]}],\"props\":{\"layout\":\"1-3,2-3\"}}],\"name\":\"COMU\"},{\"type\":\"section\",\"props\":{\"style\":\"default\",\"width\":\"default\",\"vertical_align\":\"middle\",\"title_position\":\"top-left\",\"title_rotation\":\"left\",\"title_breakpoint\":\"xl\",\"image_position\":\"center-center\"},\"children\":[{\"type\":\"row\",\"children\":[{\"type\":\"column\",\"props\":{\"image_position\":\"center-center\",\"media_overlay_gradient\":\"\",\"width_medium\":\"2-3\"},\"children\":[{\"type\":\"panel\",\"props\":{\"link_text\":\"Read more\",\"title_hover_style\":\"reset\",\"title_element\":\"h3\",\"title_align\":\"top\",\"title_grid_width\":\"1-2\",\"title_grid_breakpoint\":\"m\",\"meta_style\":\"meta\",\"meta_align\":\"below-title\",\"meta_element\":\"div\",\"content_column_breakpoint\":\"m\",\"icon_width\":80,\"image_align\":\"top\",\"image_grid_width\":\"1-2\",\"image_grid_breakpoint\":\"m\",\"image_svg_color\":\"emphasis\",\"link_style\":\"default\",\"margin\":\"default\",\"image\":\"wp-content\\\/uploads\\\/7J1A6001-scaled.jpg\",\"image_alt\":\"Foto de dos nens del Casal en Fam\\u00edlia de la Fundaci\\u00f3 IRES\",\"content\":\"\"}}]},{\"type\":\"column\",\"props\":{\"image_position\":\"center-center\",\"media_overlay_gradient\":\"\",\"width_medium\":\"1-3\"},\"children\":[{\"type\":\"quotation\",\"props\":{\"content\":\"\n\n<p><em><strong><span><strong><span style=\\\"color: #1cab8b;\\\">\\u201cAquesta crisi ens assenyala que l'esfor\\u00e7 ha de ser col\\u00b7lectiu. Ens interpel\\u00b7la a tots i totes: ciutadania, administracions i sector privat, i remarca que la fragilitat davant el virus nom\\u00e9s es compensa amb suport mutu i amb corresponsabilitat.\\u201d <\\\/span><\\\/strong> <\\\/span><\\\/strong>\\u00a0<\\\/em><\\\/p>\"}},{\"type\":\"text\",\"props\":{\"margin\":\"default\",\"column_breakpoint\":\"m\",\"content\":\"\n\n<p style=\\\"text-align: left;\\\"><em><strong>Mireia Hernando<\\\/strong><br \\\/><\\\/em><em>Coordinadora de projectes de la Fundaci\\u00f3 IRES en 2020.<\\\/em><\\\/p>\"}}]}],\"props\":{\"layout\":\"2-3,1-3\"}}]},{\"type\":\"section\",\"props\":{\"style\":\"muted\",\"width\":\"default\",\"vertical_align\":\"middle\",\"title_position\":\"top-left\",\"title_rotation\":\"left\",\"title_breakpoint\":\"xl\",\"image_position\":\"center-center\",\"animation\":\"slide-bottom-medium\"},\"children\":[{\"type\":\"row\",\"children\":[{\"type\":\"column\",\"props\":{\"image_position\":\"center-center\",\"media_overlay_gradient\":\"\"},\"children\":[{\"type\":\"headline\",\"props\":{\"title_element\":\"h2\",\"content\":\"<span style=\\\"color: #1cab8b;\\\">Empreses i institucions compromeses amb la causa de la Fundaci\\u00f3 IRES<\\\/span>\",\"text_align\":\"center\",\"maxwidth\":\"xlarge\",\"block_align\":\"center\"}},{\"type\":\"grid\",\"props\":{\"show_title\":true,\"show_meta\":true,\"show_content\":true,\"show_image\":true,\"show_link\":true,\"grid_default\":\"1\",\"grid_medium\":\"4\",\"filter_style\":\"tab\",\"filter_all\":true,\"filter_position\":\"top\",\"filter_align\":\"left\",\"filter_grid_width\":\"auto\",\"filter_grid_breakpoint\":\"m\",\"title_hover_style\":\"reset\",\"title_element\":\"h3\",\"title_align\":\"top\",\"title_grid_width\":\"1-2\",\"title_grid_breakpoint\":\"m\",\"meta_style\":\"meta\",\"meta_align\":\"below-title\",\"meta_element\":\"div\",\"content_column_breakpoint\":\"m\",\"icon_width\":80,\"image_align\":\"top\",\"image_grid_width\":\"1-2\",\"image_grid_breakpoint\":\"m\",\"image_svg_color\":\"emphasis\",\"link_text\":\"Read more\",\"link_style\":\"default\",\"margin\":\"default\",\"item_animation\":\"\",\"grid_small\":\"4\",\"image_width\":\"300\"},\"children\":[{\"type\":\"grid_item\",\"props\":{\"image\":\"wp-content\\\/uploads\\\/1-31.png\",\"panel_style\":\"card-default\"}},{\"type\":\"grid_item\",\"props\":{\"image\":\"wp-content\\\/uploads\\\/2-28.png\",\"panel_style\":\"card-default\"}},{\"type\":\"grid_item\",\"props\":{\"image\":\"wp-content\\\/uploads\\\/3-17.png\",\"panel_style\":\"card-default\"}},{\"type\":\"grid_item\",\"props\":{\"image\":\"wp-content\\\/uploads\\\/4-10.png\",\"panel_style\":\"card-default\"}},{\"type\":\"grid_item\",\"props\":{\"image\":\"wp-content\\\/uploads\\\/EDM_logo_Mesa-de-trabajo-1-copia-1.png\",\"panel_style\":\"card-default\"}},{\"type\":\"grid_item\",\"props\":{\"image\":\"wp-content\\\/uploads\\\/Logo_landing_04.png\",\"panel_style\":\"card-default\"}},{\"type\":\"grid_item\",\"props\":{\"image\":\"wp-content\\\/uploads\\\/Logo_landing_06.png\",\"panel_style\":\"card-default\"}},{\"type\":\"grid_item\",\"props\":{\"image\":\"wp-content\\\/uploads\\\/Logo_landing_05.png\",\"panel_style\":\"card-default\"}},{\"type\":\"grid_item\",\"props\":{\"image\":\"wp-content\\\/uploads\\\/6-4.png\",\"panel_style\":\"card-default\"}},{\"type\":\"grid_item\",\"props\":{\"image\":\"wp-content\\\/uploads\\\/7-2.png\",\"panel_style\":\"card-default\"}},{\"type\":\"grid_item\",\"props\":{\"image\":\"wp-content\\\/uploads\\\/9-2.png\",\"panel_style\":\"card-default\"}},{\"type\":\"grid_item\",\"props\":{\"image\":\"wp-content\\\/uploads\\\/C_AF_SOC_ESP_COL.png\",\"panel_style\":\"card-default\"}},{\"type\":\"grid_item\",\"props\":{\"image\":\"wp-content\\\/uploads\\\/20.png\",\"panel_style\":\"card-default\"}},{\"type\":\"grid_item\",\"props\":{\"image\":\"wp-content\\\/uploads\\\/Logo_landing_01.png\",\"panel_style\":\"card-default\"}},{\"type\":\"grid_item\",\"props\":{\"image\":\"wp-content\\\/uploads\\\/10-3.png\",\"panel_style\":\"card-default\"}},{\"type\":\"grid_item\",\"props\":{\"image\":\"wp-content\\\/uploads\\\/14-1.png\",\"panel_style\":\"card-default\"}},{\"type\":\"grid_item\",\"props\":{\"image\":\"wp-content\\\/uploads\\\/13-3.png\",\"panel_style\":\"card-default\"}},{\"type\":\"grid_item\",\"props\":{\"image\":\"wp-content\\\/uploads\\\/15-1.png\",\"panel_style\":\"card-default\"}},{\"type\":\"grid_item\",\"props\":{\"image\":\"wp-content\\\/uploads\\\/18.png\",\"panel_style\":\"card-default\"}},{\"type\":\"grid_item\",\"props\":{\"image\":\"wp-content\\\/uploads\\\/19.png\",\"panel_style\":\"card-default\"}},{\"type\":\"grid_item\",\"props\":{\"image\":\"wp-content\\\/uploads\\\/0_consell_mallorca_vector-2.png\",\"panel_style\":\"card-default\"}},{\"type\":\"grid_item\",\"props\":{\"image\":\"wp-content\\\/uploads\\\/Logo_landing_03.png\",\"panel_style\":\"card-default\"}},{\"type\":\"grid_item\",\"props\":{\"image\":\"wp-content\\\/uploads\\\/12-2.png\",\"panel_style\":\"card-default\"}},{\"type\":\"grid_item\",\"props\":{\"image\":\"wp-content\\\/uploads\\\/Logo_landing_02.png\",\"panel_style\":\"card-default\"}}]}]}]},{\"type\":\"row\",\"props\":{\"status\":\"disabled\"},\"children\":[{\"type\":\"column\",\"props\":{\"image_position\":\"center-center\",\"media_overlay_gradient\":\"\"},\"children\":[{\"type\":\"panel-slider\",\"props\":{\"show_title\":false,\"show_meta\":false,\"show_content\":false,\"show_image\":true,\"show_link\":false,\"slider_width\":\"fixed\",\"slider_width_default\":\"1-1\",\"slider_width_medium\":\"1-3\",\"slider_gap\":\"small\",\"slider_autoplay_pause\":true,\"nav\":\"dotnav\",\"nav_align\":\"center\",\"nav_breakpoint\":\"s\",\"slidenav\":\"outside\",\"slidenav_margin\":\"medium\",\"slidenav_breakpoint\":\"xl\",\"slidenav_outside_breakpoint\":\"xl\",\"panel_card_match\":true,\"title_hover_style\":\"reset\",\"title_element\":\"h3\",\"title_align\":\"top\",\"title_grid_width\":\"1-2\",\"title_grid_breakpoint\":\"m\",\"meta_style\":\"meta\",\"meta_align\":\"below-title\",\"meta_element\":\"div\",\"content_column_breakpoint\":\"m\",\"icon_width\":80,\"image_align\":\"top\",\"image_grid_width\":\"1-2\",\"image_grid_breakpoint\":\"m\",\"image_svg_color\":\"emphasis\",\"link_text\":\"Read more\",\"link_style\":\"default\",\"margin\":\"default\",\"slider_sets\":true},\"children\":[{\"type\":\"panel-slider_item\",\"props\":{\"title\":\"1\",\"image\":\"wp-content\\\/uploads\\\/1-31.png\"}},{\"type\":\"panel-slider_item\",\"props\":{\"title\":\"2\",\"image\":\"wp-content\\\/uploads\\\/2-28.png\"}},{\"type\":\"panel-slider_item\",\"props\":{\"title\":\"5\",\"image\":\"wp-content\\\/uploads\\\/5-8.png\"}},{\"type\":\"panel-slider_item\",\"props\":{\"title\":\"6\",\"image\":\"wp-content\\\/uploads\\\/6-4.png\"}},{\"type\":\"panel-slider_item\",\"props\":{\"title\":\"7\",\"image\":\"wp-content\\\/uploads\\\/7-2.png\"}},{\"type\":\"panel-slider_item\",\"props\":{\"title\":\"9\",\"image\":\"wp-content\\\/uploads\\\/9-2.png\"}},{\"type\":\"panel-slider_item\",\"props\":{\"title\":\"10\",\"image\":\"wp-content\\\/uploads\\\/10-3.png\"}},{\"type\":\"panel-slider_item\",\"props\":{\"title\":\"11\",\"image\":\"wp-content\\\/uploads\\\/11-2.png\"}},{\"type\":\"panel-slider_item\",\"props\":{\"title\":\"12\",\"image\":\"wp-content\\\/uploads\\\/12-2.png\"}},{\"type\":\"panel-slider_item\",\"props\":{\"title\":\"13\",\"image\":\"wp-content\\\/uploads\\\/13-3.png\"}},{\"type\":\"panel-slider_item\",\"props\":{\"title\":\"14\",\"image\":\"wp-content\\\/uploads\\\/14-1.png\"}},{\"type\":\"panel-slider_item\",\"props\":{\"title\":\"15\",\"image\":\"wp-content\\\/uploads\\\/15-1.png\"}},{\"type\":\"panel-slider_item\",\"props\":{\"title\":\"16\",\"image\":\"wp-content\\\/uploads\\\/16-1.png\"}},{\"type\":\"panel-slider_item\",\"props\":{\"title\":\"17\",\"image\":\"wp-content\\\/uploads\\\/17.png\"}},{\"type\":\"panel-slider_item\",\"props\":{\"title\":\"18\",\"image\":\"wp-content\\\/uploads\\\/18.png\"}},{\"type\":\"panel-slider_item\",\"props\":{\"title\":\"19\",\"image\":\"wp-content\\\/uploads\\\/19.png\"}},{\"type\":\"panel-slider_item\",\"props\":{\"title\":\"20\",\"image\":\"wp-content\\\/uploads\\\/20.png\"}}]}]}]}],\"name\":\"LISTADO EMPRESAS E INSTITUCIONES\"},{\"type\":\"section\",\"props\":{\"style\":\"default\",\"width\":\"default\",\"vertical_align\":\"middle\",\"title_position\":\"top-left\",\"title_rotation\":\"left\",\"title_breakpoint\":\"xl\",\"image_position\":\"center-center\",\"animation\":\"slide-bottom-medium\",\"status\":\"disabled\"},\"children\":[{\"type\":\"row\",\"children\":[{\"type\":\"column\",\"props\":{\"image_position\":\"center-center\",\"media_overlay_gradient\":\"\"},\"children\":[{\"type\":\"headline\",\"props\":{\"title_element\":\"h2\",\"content\":\"<span style=\\\"color: #1cab8b;\\\">Treballem amb est\\u00e0ndards de qualitat<\\\/span>\",\"text_align\":\"center\"}},{\"type\":\"image\",\"props\":{\"margin\":\"default\",\"image_svg_color\":\"emphasis\",\"image\":\"wp-content\\\/uploads\\\/QUALITAT.svg\",\"image_width\":\"250\",\"text_align\":\"center\"}}]}]}],\"name\":\"CALIDAD\"},{\"type\":\"section\",\"props\":{\"style\":\"primary\",\"width\":\"default\",\"vertical_align\":\"middle\",\"title_position\":\"top-left\",\"title_rotation\":\"left\",\"title_breakpoint\":\"xl\",\"image_position\":\"center-center\",\"animation\":\"fade\"},\"children\":[{\"type\":\"row\",\"children\":[{\"type\":\"column\",\"props\":{\"image_position\":\"center-center\",\"media_overlay_gradient\":\"\"},\"children\":[{\"name\":\"\",\"type\":\"headline\",\"props\":{\"title_element\":\"div\",\"title_style\":\"h1\",\"text_align\":\"center\",\"text_align_breakpoint\":\"s\",\"text_align_fallback\":\"center\",\"margin\":\"medium\",\"content\":\"\n\n<p style=\\\"text-align: center;\\\"><strong>Treballant dia a dia per fer de la vulnerabilitat una oportunitat de canvi<\\\/strong><\\\/p>\",\"block_align\":\"center\"}}]}]}],\"name\":\"OUTRO\"},{\"type\":\"section\",\"props\":{\"style\":\"default\",\"width\":\"\",\"vertical_align\":\"middle\",\"title_position\":\"top-left\",\"title_rotation\":\"left\",\"title_breakpoint\":\"xl\",\"image_position\":\"center-center\",\"padding_remove_top\":true,\"padding_remove_bottom\":true},\"children\":[{\"type\":\"row\",\"children\":[{\"type\":\"column\",\"props\":{\"image_position\":\"center-center\",\"media_overlay_gradient\":\"\"},\"children\":[{\"type\":\"gallery\",\"props\":{\"show_title\":false,\"show_meta\":false,\"show_content\":false,\"show_link\":false,\"show_hover_image\":false,\"grid_default\":\"1\",\"grid_medium\":\"1\",\"filter_style\":\"tab\",\"filter_all\":true,\"filter_position\":\"top\",\"filter_align\":\"left\",\"filter_grid_width\":\"auto\",\"filter_grid_breakpoint\":\"m\",\"overlay_mode\":\"caption\",\"overlay_hover\":false,\"overlay_style\":\"overlay-default\",\"text_color\":\"light\",\"overlay_position\":\"center\",\"overlay_transition\":\"fade\",\"title_hover_style\":\"reset\",\"title_element\":\"h3\",\"meta_style\":\"meta\",\"meta_align\":\"below-title\",\"meta_element\":\"div\",\"link_text\":\"Read more\",\"link_style\":\"default\",\"text_align\":\"center\",\"margin\":\"remove-vertical\",\"item_animation\":\"none\",\"grid_small\":\"1\",\"overlay_padding\":\"large\",\"overlay_margin\":\"large\",\"overlay_maxwidth\":\"large\",\"image_transition\":\"scale-down\"},\"children\":[{\"type\":\"gallery_item\",\"props\":{\"image\":\"wp-content\\\/uploads\\\/IMG_Vulnerhab-scaled.jpg\"}}]}]}]}],\"name\":\"OUTRO (II)\"},{\"type\":\"section\",\"props\":{\"style\":\"default\",\"width\":\"xsmall\",\"vertical_align\":\"middle\",\"title_position\":\"top-left\",\"title_rotation\":\"left\",\"title_breakpoint\":\"xl\",\"image_position\":\"center-center\",\"padding_remove_top\":true,\"animation\":\"scale-up\"},\"children\":[{\"type\":\"row\",\"props\":{\"layout\":\"1-5,1-5,1-5,1-5,1-5|1-2,1-2,1-3,1-3,1-3\"},\"children\":[{\"type\":\"column\",\"props\":{\"image_position\":\"center-center\",\"media_overlay_gradient\":\"\",\"width_medium\":\"1-5\",\"width_small\":\"1-2\"},\"children\":[{\"type\":\"image\",\"props\":{\"margin\":\"default\",\"image_svg_color\":\"emphasis\",\"image\":\"wp-content\\\/uploads\\\/XXSS-20.svg\",\"image_width\":\"70\",\"link\":\"https:\\\/\\\/www.facebook.com\\\/FundacioIres\\\/\",\"link_target\":\"blank\",\"text_align\":\"center\",\"position\":\"relative\",\"position_top\":\"-90\"}}]},{\"type\":\"column\",\"props\":{\"image_position\":\"center-center\",\"media_overlay_gradient\":\"\",\"width_medium\":\"1-5\",\"width_small\":\"1-2\"},\"children\":[{\"type\":\"image\",\"props\":{\"margin\":\"default\",\"image_svg_color\":\"emphasis\",\"image\":\"wp-content\\\/uploads\\\/XXSS-22.svg\",\"image_width\":\"70\",\"link\":\"https:\\\/\\\/twitter.com\\\/fundacioires\",\"link_target\":\"blank\",\"text_align\":\"center\",\"position\":\"relative\",\"position_top\":\"-90\"}}]},{\"type\":\"column\",\"props\":{\"image_position\":\"center-center\",\"media_overlay_gradient\":\"\",\"width_medium\":\"1-5\",\"width_small\":\"1-3\"},\"children\":[{\"type\":\"image\",\"props\":{\"margin\":\"default\",\"image_svg_color\":\"emphasis\",\"image\":\"wp-content\\\/uploads\\\/XXSS-21.svg\",\"image_width\":\"70\",\"link\":\"https:\\\/\\\/www.instagram.com\\\/fundacioires\\\/\",\"link_target\":\"blank\",\"text_align\":\"center\",\"position\":\"relative\",\"position_top\":\"-90\"}}]},{\"type\":\"column\",\"props\":{\"image_position\":\"center-center\",\"media_overlay_gradient\":\"\",\"width_medium\":\"1-5\",\"width_small\":\"1-3\"},\"children\":[{\"type\":\"image\",\"props\":{\"margin\":\"default\",\"image_svg_color\":\"emphasis\",\"image\":\"wp-content\\\/uploads\\\/XXSS-23.svg\",\"image_width\":\"70\",\"link\":\"https:\\\/\\\/www.youtube.com\\\/channel\\\/UCBEvRmKJE-5nHccVjgPhdTA\",\"link_target\":\"blank\",\"text_align\":\"center\",\"position\":\"relative\",\"position_top\":\"-90\",\"margin_remove_top\":false}}]},{\"type\":\"column\",\"props\":{\"image_position\":\"center-center\",\"media_overlay_gradient\":\"\",\"width_medium\":\"1-5\",\"width_small\":\"1-3\"},\"children\":[{\"type\":\"image\",\"props\":{\"margin\":\"default\",\"image_svg_color\":\"emphasis\",\"image\":\"wp-content\\\/uploads\\\/XXSS-24.svg\",\"image_width\":\"70\",\"link\":\"https:\\\/\\\/www.linkedin.com\\\/company\\\/fundaci-ires\",\"link_target\":\"blank\",\"text_align\":\"center\",\"position\":\"relative\",\"position_top\":\"-90\"}}]}]}],\"name\":\"XXSS\"},{\"type\":\"section\",\"props\":{\"style\":\"muted\",\"width\":\"default\",\"vertical_align\":\"middle\",\"title_position\":\"top-left\",\"title_rotation\":\"left\",\"title_breakpoint\":\"xl\",\"image_position\":\"center-center\",\"class\":\"\"},\"children\":[{\"type\":\"row\",\"props\":{\"layout\":\"large,expand\",\"class\":\"\"},\"children\":[{\"type\":\"column\",\"props\":{\"image_position\":\"center-center\",\"media_overlay_gradient\":\"\",\"css\":\".el-column{\\ndisplay: inline-block;\\nposition: relative;\\n}\",\"width_medium\":\"large\"},\"children\":[{\"type\":\"headline\",\"props\":{\"title_element\":\"div\",\"title_style\":\"h1\",\"maxwidth\":\"medium\",\"content\":\"\n\n<p>Contacta amb el nostre equip i t'acompanyarem<\\\/p>\"}},{\"type\":\"text\",\"props\":{\"margin\":\"default\",\"column_breakpoint\":\"m\",\"text_size\":\"large\",\"content\":\"\n\n<p><a href=\\\"mailto:fils@fundacioires.org\\\">fundacioires@fundacioires.org<\\\/a><\\\/p>\\n\n\n<p>Tel\\u00e8fon: 93 486 47 50<\\\/p>\\n\n\n<p>Av. Roma 157, 2n Barcelona<\\\/p>\"}}]},{\"type\":\"column\",\"props\":{\"image_position\":\"center-center\",\"media_overlay_gradient\":\"\",\"css\":\".el-column{\\n\\tmargin-top:5px;\\n}\",\"width_medium\":\"expand\"},\"children\":[{\"type\":\"text\",\"props\":{\"margin\":\"medium\",\"column_breakpoint\":\"m\",\"text_color\":\"emphasis\",\"text_size\":\"large\",\"content\":\"\n\n<p>Prefereixes que contactem amb tu? Deixa'ns les teves dades.<\\\/p>\"}},{\"type\":\"html\",\"props\":{\"content\":\"[contact-form-7 id=\\\"2475\\\" title=\\\"Formulari Pagina Contacte CAT\\\"]\",\"class\":\"\",\"css\":\".el-element{\\n\\tmargin-bottom:20px;\\n}\"}}]}]}],\"name\":\"Formulari\"}],\"version\":\"2.4.14\"} --><\/p>\n","protected":false},"excerpt":{"rendered":"<p>Mem\u00f2ria d&#8217;activitats 2020\u2013 Fundaci\u00f3 IRES M\u00e9s de 50 anys oferint atenci\u00f3 integral a persones i fam\u00edlies en situaci\u00f3 de vulnerabilitat, a trav\u00e9s d&#8217;un equip de professionals de l&#8217;\u00e0mbit social, psicol\u00f2gic i educatiu. Accedeix a la Mem\u00f2ria completa de 2020 La nostra acci\u00f3 social durant l&#8217;any de la Covid-19 Davant d&#8217;una crisi global emergeixen i s&#8217;aguditzen [&hellip;]<\/p>\n","protected":false},"author":7,"featured_media":0,"parent":0,"menu_order":0,"comment_status":"closed","ping_status":"closed","template":"","meta":{"footnotes":""},"proyectos":[],"class_list":["post-31546","page","type-page","status-publish","hentry"],"yoast_head":"<!-- This site is optimized with the Yoast SEO plugin v27.4 - https:\/\/yoast.com\/product\/yoast-seo-wordpress\/ -->\n<title>Mem\u00f2ria d&#039;activitat 2020 - CAT - Fundaci\u00f3 IRES<\/title>\n<meta name=\"robots\" content=\"index, follow, max-snippet:-1, max-image-preview:large, max-video-preview:-1\" \/>\n<link rel=\"canonical\" href=\"https:\/\/www.fundacioires.org\/ca\/memoria-activitat-cat-2020\/\" \/>\n<meta property=\"og:locale\" content=\"ca_ES\" \/>\n<meta property=\"og:type\" content=\"article\" \/>\n<meta property=\"og:title\" content=\"Mem\u00f2ria d&#039;activitat 2020 - CAT - Fundaci\u00f3 IRES\" \/>\n<meta property=\"og:description\" content=\"Mem\u00f2ria d&#8217;activitats 2020\u2013 Fundaci\u00f3 IRES M\u00e9s de 50 anys oferint atenci\u00f3 integral a persones i fam\u00edlies en situaci\u00f3 de vulnerabilitat, a trav\u00e9s d&#8217;un equip de professionals de l&#8217;\u00e0mbit social, psicol\u00f2gic i educatiu. Accedeix a la Mem\u00f2ria completa de 2020 La nostra acci\u00f3 social durant l&#8217;any de la Covid-19 Davant d&#8217;una crisi global emergeixen i s&#8217;aguditzen [&hellip;]\" \/>\n<meta property=\"og:url\" content=\"https:\/\/www.fundacioires.org\/ca\/memoria-activitat-cat-2020\/\" \/>\n<meta property=\"og:site_name\" content=\"Fundaci\u00f3 IRES\" \/>\n<meta property=\"article:modified_time\" content=\"2022-07-18T11:24:41+00:00\" \/>\n<meta name=\"twitter:card\" content=\"summary_large_image\" \/>\n<meta name=\"twitter:label1\" content=\"Est. reading time\" \/>\n\t<meta name=\"twitter:data1\" content=\"19 minutes\" \/>\n<script type=\"application\/ld+json\" class=\"yoast-schema-graph\">{\"@context\":\"https:\\\/\\\/schema.org\",\"@graph\":[{\"@type\":\"WebPage\",\"@id\":\"https:\\\/\\\/www.fundacioires.org\\\/ca\\\/memoria-activitat-cat-2020\\\/\",\"url\":\"https:\\\/\\\/www.fundacioires.org\\\/ca\\\/memoria-activitat-cat-2020\\\/\",\"name\":\"Mem\u00f2ria d'activitat 2020 - CAT - Fundaci\u00f3 IRES\",\"isPartOf\":{\"@id\":\"https:\\\/\\\/www.fundacioires.org\\\/#website\"},\"datePublished\":\"2021-05-28T11:30:52+00:00\",\"dateModified\":\"2022-07-18T11:24:41+00:00\",\"breadcrumb\":{\"@id\":\"https:\\\/\\\/www.fundacioires.org\\\/ca\\\/memoria-activitat-cat-2020\\\/#breadcrumb\"},\"inLanguage\":\"ca-ES\",\"potentialAction\":[{\"@type\":\"ReadAction\",\"target\":[\"https:\\\/\\\/www.fundacioires.org\\\/ca\\\/memoria-activitat-cat-2020\\\/\"]}]},{\"@type\":\"BreadcrumbList\",\"@id\":\"https:\\\/\\\/www.fundacioires.org\\\/ca\\\/memoria-activitat-cat-2020\\\/#breadcrumb\",\"itemListElement\":[{\"@type\":\"ListItem\",\"position\":1,\"name\":\"Portada\",\"item\":\"https:\\\/\\\/www.fundacioires.org\\\/\"},{\"@type\":\"ListItem\",\"position\":2,\"name\":\"Mem\u00f2ria d&#8217;activitat 2020 &#8211; CAT\"}]},{\"@type\":\"WebSite\",\"@id\":\"https:\\\/\\\/www.fundacioires.org\\\/#website\",\"url\":\"https:\\\/\\\/www.fundacioires.org\\\/\",\"name\":\"Fundaci\u00f3 IRES\",\"description\":\"\",\"publisher\":{\"@id\":\"https:\\\/\\\/www.fundacioires.org\\\/#organization\"},\"potentialAction\":[{\"@type\":\"SearchAction\",\"target\":{\"@type\":\"EntryPoint\",\"urlTemplate\":\"https:\\\/\\\/www.fundacioires.org\\\/?s={search_term_string}\"},\"query-input\":{\"@type\":\"PropertyValueSpecification\",\"valueRequired\":true,\"valueName\":\"search_term_string\"}}],\"inLanguage\":\"ca-ES\"},{\"@type\":\"Organization\",\"@id\":\"https:\\\/\\\/www.fundacioires.org\\\/#organization\",\"name\":\"Fundanci\u00f3n IRES\",\"url\":\"https:\\\/\\\/www.fundacioires.org\\\/\",\"logo\":{\"@type\":\"ImageObject\",\"inLanguage\":\"ca-ES\",\"@id\":\"https:\\\/\\\/www.fundacioires.org\\\/#\\\/schema\\\/logo\\\/image\\\/\",\"url\":\"https:\\\/\\\/i0.wp.com\\\/www.fundacioires.org\\\/wp-content\\\/uploads\\\/faviconIRES.png?fit=32%2C32&ssl=1\",\"contentUrl\":\"https:\\\/\\\/i0.wp.com\\\/www.fundacioires.org\\\/wp-content\\\/uploads\\\/faviconIRES.png?fit=32%2C32&ssl=1\",\"width\":32,\"height\":32,\"caption\":\"Fundanci\u00f3n IRES\"},\"image\":{\"@id\":\"https:\\\/\\\/www.fundacioires.org\\\/#\\\/schema\\\/logo\\\/image\\\/\"}}]}<\/script>\n<!-- \/ Yoast SEO plugin. -->","yoast_head_json":{"title":"Mem\u00f2ria d'activitat 2020 - CAT - Fundaci\u00f3 IRES","robots":{"index":"index","follow":"follow","max-snippet":"max-snippet:-1","max-image-preview":"max-image-preview:large","max-video-preview":"max-video-preview:-1"},"canonical":"https:\/\/www.fundacioires.org\/ca\/memoria-activitat-cat-2020\/","og_locale":"ca_ES","og_type":"article","og_title":"Mem\u00f2ria d'activitat 2020 - CAT - Fundaci\u00f3 IRES","og_description":"Mem\u00f2ria d&#8217;activitats 2020\u2013 Fundaci\u00f3 IRES M\u00e9s de 50 anys oferint atenci\u00f3 integral a persones i fam\u00edlies en situaci\u00f3 de vulnerabilitat, a trav\u00e9s d&#8217;un equip de professionals de l&#8217;\u00e0mbit social, psicol\u00f2gic i educatiu. Accedeix a la Mem\u00f2ria completa de 2020 La nostra acci\u00f3 social durant l&#8217;any de la Covid-19 Davant d&#8217;una crisi global emergeixen i s&#8217;aguditzen [&hellip;]","og_url":"https:\/\/www.fundacioires.org\/ca\/memoria-activitat-cat-2020\/","og_site_name":"Fundaci\u00f3 IRES","article_modified_time":"2022-07-18T11:24:41+00:00","twitter_card":"summary_large_image","twitter_misc":{"Est. reading time":"19 minutes"},"schema":{"@context":"https:\/\/schema.org","@graph":[{"@type":"WebPage","@id":"https:\/\/www.fundacioires.org\/ca\/memoria-activitat-cat-2020\/","url":"https:\/\/www.fundacioires.org\/ca\/memoria-activitat-cat-2020\/","name":"Mem\u00f2ria d'activitat 2020 - CAT - Fundaci\u00f3 IRES","isPartOf":{"@id":"https:\/\/www.fundacioires.org\/#website"},"datePublished":"2021-05-28T11:30:52+00:00","dateModified":"2022-07-18T11:24:41+00:00","breadcrumb":{"@id":"https:\/\/www.fundacioires.org\/ca\/memoria-activitat-cat-2020\/#breadcrumb"},"inLanguage":"ca-ES","potentialAction":[{"@type":"ReadAction","target":["https:\/\/www.fundacioires.org\/ca\/memoria-activitat-cat-2020\/"]}]},{"@type":"BreadcrumbList","@id":"https:\/\/www.fundacioires.org\/ca\/memoria-activitat-cat-2020\/#breadcrumb","itemListElement":[{"@type":"ListItem","position":1,"name":"Portada","item":"https:\/\/www.fundacioires.org\/"},{"@type":"ListItem","position":2,"name":"Mem\u00f2ria d&#8217;activitat 2020 &#8211; CAT"}]},{"@type":"WebSite","@id":"https:\/\/www.fundacioires.org\/#website","url":"https:\/\/www.fundacioires.org\/","name":"Fundaci\u00f3 IRES","description":"","publisher":{"@id":"https:\/\/www.fundacioires.org\/#organization"},"potentialAction":[{"@type":"SearchAction","target":{"@type":"EntryPoint","urlTemplate":"https:\/\/www.fundacioires.org\/?s={search_term_string}"},"query-input":{"@type":"PropertyValueSpecification","valueRequired":true,"valueName":"search_term_string"}}],"inLanguage":"ca-ES"},{"@type":"Organization","@id":"https:\/\/www.fundacioires.org\/#organization","name":"Fundanci\u00f3n IRES","url":"https:\/\/www.fundacioires.org\/","logo":{"@type":"ImageObject","inLanguage":"ca-ES","@id":"https:\/\/www.fundacioires.org\/#\/schema\/logo\/image\/","url":"https:\/\/i0.wp.com\/www.fundacioires.org\/wp-content\/uploads\/faviconIRES.png?fit=32%2C32&ssl=1","contentUrl":"https:\/\/i0.wp.com\/www.fundacioires.org\/wp-content\/uploads\/faviconIRES.png?fit=32%2C32&ssl=1","width":32,"height":32,"caption":"Fundanci\u00f3n IRES"},"image":{"@id":"https:\/\/www.fundacioires.org\/#\/schema\/logo\/image\/"}}]}},"jetpack_sharing_enabled":true,"_links":{"self":[{"href":"https:\/\/www.fundacioires.org\/ca\/wp-json\/wp\/v2\/pages\/31546","targetHints":{"allow":["GET"]}}],"collection":[{"href":"https:\/\/www.fundacioires.org\/ca\/wp-json\/wp\/v2\/pages"}],"about":[{"href":"https:\/\/www.fundacioires.org\/ca\/wp-json\/wp\/v2\/types\/page"}],"author":[{"embeddable":true,"href":"https:\/\/www.fundacioires.org\/ca\/wp-json\/wp\/v2\/users\/7"}],"replies":[{"embeddable":true,"href":"https:\/\/www.fundacioires.org\/ca\/wp-json\/wp\/v2\/comments?post=31546"}],"version-history":[{"count":5,"href":"https:\/\/www.fundacioires.org\/ca\/wp-json\/wp\/v2\/pages\/31546\/revisions"}],"predecessor-version":[{"id":42876,"href":"https:\/\/www.fundacioires.org\/ca\/wp-json\/wp\/v2\/pages\/31546\/revisions\/42876"}],"wp:attachment":[{"href":"https:\/\/www.fundacioires.org\/ca\/wp-json\/wp\/v2\/media?parent=31546"}],"wp:term":[{"taxonomy":"proyectos","embeddable":true,"href":"https:\/\/www.fundacioires.org\/ca\/wp-json\/wp\/v2\/proyectos?post=31546"}],"curies":[{"name":"wp","href":"https:\/\/api.w.org\/{rel}","templated":true}]}}