{"id":3819,"date":"2019-05-16T16:27:59","date_gmt":"2019-05-16T14:27:59","guid":{"rendered":"http:\/\/www.fundacioires.org\/?page_id=3819"},"modified":"2020-06-12T14:39:49","modified_gmt":"2020-06-12T12:39:49","slug":"implica","status":"publish","type":"page","link":"https:\/\/www.fundacioires.org\/ca\/ets-empresa\/implica\/","title":{"rendered":"Implica"},"content":{"rendered":"<p><!-- Builder # --><\/p>\n<h1>Implica-hi el teu equip<\/h1>\n<div>Equips socialment responsables<\/div>\n<div>\n<p>Els millors ambaixadors i ambaixadores dels valors d\u2019una empresa s\u00f3n els membres del seu propi equip. Per aix\u00f2, \u00e9s important que les pol\u00edtiques d\u2019RSC d\u2019una organitzaci\u00f3 els tinguin en compte i els impliquin en les accions de responsabilitat social. Aix\u00f2 revertir\u00e0 positivament en el clima laboral, perqu\u00e8 se sentiran part d\u2019un projecte positiu i m\u00e9s integrats en l\u2019organitzaci\u00f3.<\/p>\n<\/div>\n<div>\n<p>        <img decoding=\"async\" src=\"wp-content\/uploads\/implica-voluntariado.img_.jpg\" alt=\"\"><\/p>\n<h4>Voluntariat corporatiu<\/h4>\n<div>\n<p>Si tens ganes d\u2019impulsar un voluntariat corporatiu a la teva empresa, t\u2019esperem a la Fundaci\u00f3 IRES! Tenim m\u00e9s de 30 projectes socials en marxa en favor de les fam\u00edlies m\u00e9s vulnerables de Catalunya i les Balears. Les opcions de voluntariat corporatiu s\u00f3n infinites: tallers formatius, classes d\u2019idiomes, sortides culturals o d\u2019oci amb les persones usu\u00e0ries, rehabilitaci\u00f3 de centres, etc. Se te n\u2019acut alguna? En parlem!<\/p>\n<\/div>\n<p><a href=\"#formulario\">Vull col\u00b7laborar amb Ires<\/a><\/p>\n<\/div>\n<div>\n<p>        <img decoding=\"async\" src=\"wp-content\/uploads\/implica-servicios-img.jpg\" alt=\"\"><\/p>\n<h4>Presta&#8217;ns els teus serveis<\/h4>\n<div>\n<p>Com a empresa especialista en la teva \u00e0rea tens molt a aportar. Per aix\u00f2, tota empresa que ho desitgi pot prestar els seus serveis de forma volunt\u00e0ria a la Fundaci\u00f3 IRES: tasques de disseny i web, produccions audiovisuals, cessi\u00f3 d\u2019espais publicitaris, traduccions\u2026 Totes s\u00f3n benvingudes! Contacta amb nosaltres i explorarem la millor manera de sumar esfor\u00e7os!<\/p>\n<\/div>\n<p><a href=\"#formulario\">Vull col\u00b7laborar amb Ires<\/a><\/p>\n<\/div>\n<div>\n<p>        <img decoding=\"async\" src=\"wp-content\/uploads\/implica-iniciativa-img.jpg\" alt=\"\"><\/p>\n<h4>Llan\u00e7a la teva iniciativa solid\u00e0ria<\/h4>\n<div>\n<p>Per col\u00b7laborar amb la nostra causa pots llan\u00e7ar i liderar una iniciativa solid\u00e0ria a la teva empresa implicant-hi el teu equip, familiars, amics\u2026 Com? Se\u2019ns ocorren unes quantes maneres!: converteix els teus esdeveniments corporatius en solidaris, organitza un acte esportiu o un sopar solidari o proposa la donaci\u00f3 del cost del caf\u00e8 dels divendres.<\/p>\n<p>Deixa anar la teva imaginaci\u00f3 i llan\u00e7a la teva iniciativa solid\u00e0ria!<\/p>\n<p>\u00a0<\/p>\n<\/div>\n<p><a href=\"#formulario\">Vull col\u00b7laborar amb Ires<\/a><\/p>\n<\/div>\n<div>\n<p>        <img decoding=\"async\" src=\"wp-content\/uploads\/implica-teaming-img.jpg\" alt=\"\"><\/p>\n<h4>Teaming, el poder de las microdonacions<\/h4>\n<div>\n<p>Amb l&#8217;acci\u00f3 de Teaming us proposem un petit gest que pot canviar el futur de moltes fam\u00edlies que el necessiten: que cada treballador\/a doni 1 \u20ac de la seva n\u00f2mina mensual a la Fundaci\u00f3 IRES i que l&#8217;empresa, si aix\u00ed ho desitja, iguali la quantitat aportada entre tots\/as.<\/p>\n<p>Proposa aquesta iniciativa en la teva empresa i podrem fer molt amb molt poc!<\/p>\n<\/div>\n<p><a href=\"#formulario\">Vull col\u00b7laborar amb ires<\/a><\/p>\n<\/div>\n<h3>\n<p>Hi ha moltes maneres de promoure la participaci\u00f3 dels equips en accions solid\u00e0ries. Aquestes nom\u00e9s en s\u00f3n algunes. Escoltem les teves propostes!<\/p>\n<\/h3>\n<ul>\n<li>\n<p>        <img decoding=\"async\" src=\"wp-content\/uploads\/empresa_02.jpg\" alt=\"\"><\/p>\n<h3>Skyscanner<\/h3>\n<p>Testimonis<\/p>\n<div>\n<p>M\u00e9s de 60 professionals de l\u2019equip de Barcelona dediquen la seva jornada de voluntariat One Day als infants de la Fundaci\u00f3 IRES.<\/p>\n<\/div>\n<\/li>\n<li>\n<p>        <img decoding=\"async\" src=\"wp-content\/uploads\/empresa_03.jpg\" alt=\"\"><\/p>\n<h3>Decathlon Espa\u00f1a<\/h3>\n<p>Testimonis<\/p>\n<div>\n<p>Onze voluntaris i volunt\u00e0ries visiten el Casal en Fam\u00edlia amb molta energia i una divertida gimcana que encomana alegria a grans i petits\/es.<\/p>\n<\/div>\n<\/li>\n<li>\n<p>        <img decoding=\"async\" src=\"wp-content\/uploads\/empresa_01.jpg\" alt=\"\"><\/p>\n<h3>CBG<\/h3>\n<p>Testimonis<\/p>\n<div>\n<p>Teaming solidari de l\u2019equip CBG Barcelona per recaptar fons per als projectes socials.<\/p>\n<\/div>\n<\/li>\n<\/ul>\n<div>Desitjo participar<\/div>\n<div>\n<p>Desitjo que el meu equip s&#8217;impliqui.<\/p>\n<p>Laura Esquivel<br \/>empresa@fundacioires.org<br \/>93 486 47 50 \/ 695 237 970<\/p>\n<\/div>\n<div>\n<p>Prefereixes que contactem amb tu? Deixa&#8217;ns les teves dades.<\/p>\n<\/div>\n<div>\n\n<div class=\"wpcf7 no-js\" id=\"wpcf7-f3961-o1\" lang=\"en-US\" dir=\"ltr\" data-wpcf7-id=\"3961\">\n<div class=\"screen-reader-response\"><p role=\"status\" aria-live=\"polite\" aria-atomic=\"true\"><\/p> <ul><\/ul><\/div>\n<form action=\"\/ca\/wp-json\/wp\/v2\/pages\/3819#wpcf7-f3961-o1\" method=\"post\" class=\"wpcf7-form init bb9e21171d24 cmatic-conn cmatic-aud-24 cmatic-mapd0-0 cmatic-v097802 cmatic-sent-0 cmatic-total-6845\" aria-label=\"Contact form\" novalidate=\"novalidate\" data-status=\"init\">\n<fieldset class=\"hidden-fields-container\"><input type=\"hidden\" name=\"_wpcf7\" value=\"3961\" \/><input type=\"hidden\" name=\"_wpcf7_version\" value=\"6.1.5\" \/><input type=\"hidden\" name=\"_wpcf7_locale\" value=\"en_US\" \/><input type=\"hidden\" name=\"_wpcf7_unit_tag\" value=\"wpcf7-f3961-o1\" \/><input type=\"hidden\" name=\"_wpcf7_container_post\" value=\"0\" \/><input type=\"hidden\" name=\"_wpcf7_posted_data_hash\" value=\"\" \/><input type=\"hidden\" name=\"_wpcf7cf_hidden_group_fields\" value=\"[]\" \/><input type=\"hidden\" name=\"_wpcf7cf_hidden_groups\" value=\"[]\" \/><input type=\"hidden\" name=\"_wpcf7cf_visible_groups\" value=\"[]\" \/><input type=\"hidden\" name=\"_wpcf7cf_repeaters\" value=\"[]\" \/><input type=\"hidden\" name=\"_wpcf7cf_steps\" value=\"{}\" \/><input type=\"hidden\" name=\"_wpcf7cf_options\" value=\"{&quot;form_id&quot;:3961,&quot;conditions&quot;:[],&quot;settings&quot;:{&quot;animation&quot;:&quot;yes&quot;,&quot;animation_intime&quot;:200,&quot;animation_outtime&quot;:200,&quot;conditions_ui&quot;:&quot;normal&quot;,&quot;notice_dismissed&quot;:false}}\" \/><input type=\"hidden\" name=\"_wpcf7_recaptcha_response\" value=\"\" \/>\n<\/fieldset>\n<div class=\"uk-form\" uk-grid>\n\n<div class=\"uk-width-1-2@s\">\n<label> Nom \n    <span class=\"wpcf7-form-control-wrap\" data-name=\"nombre-es\"><input size=\"40\" maxlength=\"400\" class=\"wpcf7-form-control wpcf7-text wpcf7-validates-as-required uk-input\" aria-required=\"true\" aria-invalid=\"false\" value=\"\" type=\"text\" name=\"nombre-es\" \/><\/span> <\/label>\n<\/div>\n<div class=\"uk-width-1-2@s\">\n<label> Cognoms\n    <span class=\"wpcf7-form-control-wrap\" data-name=\"apellidos-es\"><input size=\"40\" maxlength=\"400\" class=\"wpcf7-form-control wpcf7-text wpcf7-validates-as-required uk-input\" aria-required=\"true\" aria-invalid=\"false\" value=\"\" type=\"text\" name=\"apellidos-es\" \/><\/span> <\/label>\n<\/div>\n<div class=\"uk-width-1-1\">\n<label> El teu correu electr\u00f2nic \n    <span class=\"wpcf7-form-control-wrap\" data-name=\"email-es\"><input size=\"40\" maxlength=\"400\" class=\"wpcf7-form-control wpcf7-email wpcf7-validates-as-required wpcf7-text wpcf7-validates-as-email uk-input\" aria-required=\"true\" aria-invalid=\"false\" value=\"\" type=\"email\" name=\"email-es\" \/><\/span> <\/label>\n<\/div>\n<div class=\"uk-width-1-2@s\">\n<label> Empresa\/Entitat\n    <span class=\"wpcf7-form-control-wrap\" data-name=\"empresa-es\"><input size=\"40\" maxlength=\"400\" class=\"wpcf7-form-control wpcf7-text wpcf7-validates-as-required uk-input\" aria-required=\"true\" aria-invalid=\"false\" value=\"\" type=\"text\" name=\"empresa-es\" \/><\/span> <\/label>\n<\/div>\n<div class=\"uk-width-1-2@s\">\n<label> Un tel\u00e8fon \n    <span class=\"wpcf7-form-control-wrap\" data-name=\"telefono-es\"><input size=\"40\" maxlength=\"400\" class=\"wpcf7-form-control wpcf7-tel wpcf7-text wpcf7-validates-as-tel uk-input\" aria-invalid=\"false\" value=\"\" type=\"tel\" name=\"telefono-es\" \/><\/span> <\/label>\n<\/div>\n<div class=\"uk-width-1-1\">\n<label> Comentaris\n    <span class=\"wpcf7-form-control-wrap\" data-name=\"comentairos-es\"><textarea cols=\"40\" rows=\"10\" maxlength=\"2000\" class=\"wpcf7-form-control wpcf7-textarea uk-input\" aria-invalid=\"false\" name=\"comentairos-es\"><\/textarea><\/span> <\/label>\n<\/div>\n<div class=\"uk-width-1-1 uk-width-expand@s uk-grid-item-match uk-flex-middle\">\n    <span class=\"wpcf7-form-control-wrap\" data-name=\"newsletter\"><span class=\"wpcf7-form-control wpcf7-acceptance optional\"><span class=\"wpcf7-list-item\"><label><input type=\"checkbox\" name=\"newsletter\" value=\"1\" class=\"uk-checkbox\" aria-invalid=\"false\" \/><span class=\"wpcf7-list-item-label\">Vull rebre informaci\u00f3 de la Fundaci\u00f3n IRES<\/span><\/label><\/span><\/span><\/span>\n    <span class=\"wpcf7-form-control-wrap\" data-name=\"politicas\"><span class=\"wpcf7-form-control wpcf7-acceptance\"><span class=\"wpcf7-list-item\"><label><input type=\"checkbox\" name=\"politicas\" value=\"1\" class=\"uk-checkbox\" aria-invalid=\"false\" \/><span class=\"wpcf7-list-item-label\">Accepto l'<a href=\"\/ca\/avis-legal\/\" target=\"_blank\">Av\u00eds legal<\/a>, la <a href=\"\/ca\/politica-de-privacitat\/\" target=\"_blank\">Pol\u00edtica de privacitat<\/a> i la <a href=\"\/ca\/politica-de-privacitat-a-les-xarxes-socials\/\" target=\"_blank\">Pol\u00edtica de privacitat a les xarxes socials<\/a><\/span><\/label><\/span><\/span><\/span>\n<\/div>\n<div class=\"uk-width-1-1 uk-width-auto@s uk-flex uk-flex-bottom uk-positon-relative\">\n    <input class=\"wpcf7-form-control wpcf7-submit has-spinner uk-button uk-button-default\" type=\"submit\" value=\"Enviar\" \/>\n<\/div>\n<div class=\"uk-width-1-1>\n[anr_nocaptcha g-recaptcha-response]\n<\/div>\n<\/div>\n\n<style>\n.wpcf7-spinner{\n   position: absolute;\n   right: -70px;\n}\n<\/style><div class=\"wpcf7-response-output\" aria-hidden=\"true\"><\/div>\n<\/form>\n<\/div>\n<\/div>\n<p><!-- {\"name\":\"IMPLICA ES\",\"type\":\"layout\",\"children\":[{\"name\":\"Hero Parallax\",\"type\":\"section\",\"props\":{\"style\":\"default\",\"width\":\"default\",\"vertical_align\":\"\",\"title_position\":\"top-left\",\"title_rotation\":\"left\",\"title_breakpoint\":\"xl\",\"image_position\":\"top-center\",\"height\":\"\",\"padding\":\"large\",\"header_transparent\":\"\",\"animation\":\"\",\"image\":\"wp-content\\\/uploads\\\/impica-hero-bg.jpg\",\"text_color\":\"light\",\"image_size\":\"cover\",\"image_effect\":\"parallax\",\"image_visibility\":\"\",\"media_blend_mode\":\"\",\"image_width\":\"2560\",\"width_expand\":\"\",\"id\":\"hero\",\"class\":\"parallax\",\"image_parallax_breakpoint\":\"\",\"video_width\":\"\",\"video_height\":\"\",\"image_parallax_bgy_start\":\"0\",\"image_parallax_bgy_end\":\"150\",\"image_parallax_easing\":\"0\"},\"children\":[{\"type\":\"row\",\"props\":{\"layout\":\"1-1\",\"breakpoint\":\"m\",\"fixed_width\":\"large\",\"gutter\":\"\",\"width\":\"\",\"width_expand\":\"\",\"height\":\"\",\"margin\":\"\"},\"children\":[{\"type\":\"column\",\"props\":{\"widths\":[\"1-1\"],\"image_position\":\"center-center\",\"media_overlay_gradient\":\"\",\"vertical_align\":\"\",\"style\":\"\",\"text_color\":\"\",\"padding\":\"\"},\"children\":[{\"type\":\"headline\",\"props\":{\"title_element\":\"h1\",\"title_style\":\"heading-medium\",\"title_decoration\":\"\",\"title_color\":\"\",\"text_align\":\"\",\"text_align_breakpoint\":\"\",\"text_align_fallback\":\"\",\"maxwidth\":\"\",\"maxwidth_breakpoint\":\"\",\"margin\":\"\",\"animation\":\"\",\"visibility\":\"\",\"content\":\"Implica-hi el teu equip\",\"block_align\":\"\"}}]}]}]},{\"name\":\"Breadcrums Parallax\",\"type\":\"section\",\"props\":{\"style\":\"default\",\"width\":\"\",\"vertical_align\":\"middle\",\"title_position\":\"top-left\",\"title_rotation\":\"left\",\"title_breakpoint\":\"xl\",\"image_position\":\"center-center\",\"height\":\"\",\"padding\":\"none\",\"header_transparent\":\"\",\"animation\":\"\",\"image\":\"\",\"text_color\":\"light\",\"image_size\":\"cover\",\"image_effect\":\"\",\"image_visibility\":\"\",\"media_blend_mode\":\"\",\"image_width\":\"2560\",\"width_expand\":\"\",\"id\":\"breadcrums\",\"css\":\"\"},\"children\":[{\"type\":\"row\",\"props\":{\"layout\":\"1-1\",\"breakpoint\":\"m\",\"fixed_width\":\"large\",\"gutter\":\"\",\"width\":\"default\",\"width_expand\":\"\",\"height\":\"\",\"margin\":\"\"},\"children\":[{\"type\":\"column\",\"props\":{\"widths\":[\"1-1\"],\"image_position\":\"center-center\",\"media_overlay_gradient\":\"\",\"vertical_align\":\"\",\"style\":\"\",\"text_color\":\"\",\"padding\":\"\"},\"children\":[{\"type\":\"wordpress_widget\",\"props\":{\"widget\":\"breadcrumbs-3\",\"style\":\"\",\"title_style\":\"\",\"title_decoration\":\"\",\"title_color\":\"\",\"list_style\":\"\",\"link_style\":\"\",\"menu_style\":\"nav\",\"text_align\":\"\",\"text_align_breakpoint\":\"\",\"text_align_fallback\":\"\",\"maxwidth\":\"\",\"maxwidth_breakpoint\":\"\",\"margin\":\"\",\"animation\":\"\",\"visibility\":\"\",\"type\":\"breadcrumbs\",\"block_align\":\"\"},\"name\":\"Breadcrums\"}]}]}]},{\"name\":\"Under slide\",\"type\":\"section\",\"props\":{\"style\":\"default\",\"width\":\"default\",\"vertical_align\":\"middle\",\"title_position\":\"top-left\",\"title_rotation\":\"left\",\"title_breakpoint\":\"xl\",\"image_position\":\"bottom-right\",\"height\":\"\",\"padding\":\"small\",\"header_transparent\":\"\",\"animation\":\"fade\",\"image\":\"\",\"text_color\":\"\",\"image_size\":\"\",\"image_effect\":\"parallax\",\"image_visibility\":\"\",\"media_blend_mode\":\"\",\"image_parallax_breakpoint\":\"\",\"image_parallax_bgy_start\":\"300\",\"image_parallax_bgy_end\":\"450\",\"image_width\":\"700\",\"width_expand\":\"\",\"css\":\"@media (min-width:1011px){\\n    .el-section .subtitle{\\n        min-height:87px;\\n    }\\n}\\n\\n@media (min-width:959px) and (max-width:1010px){\\n    .el-section .subtitle{\\n        min-height:116px;\\n    }\\n}\\n\\n\"},\"children\":[{\"name\":\"\",\"type\":\"row\",\"props\":{\"fixed_width\":\"large\",\"breakpoint\":\"m\",\"layout\":\"1-1\",\"gutter\":\"\",\"width\":\"default\",\"margin\":\"\",\"margin_remove_bottom\":true,\"width_expand\":\"\",\"height\":\"\"},\"children\":[{\"name\":\"\",\"type\":\"column\",\"props\":{\"widths\":[\"1-1\"],\"image_position\":\"center-center\",\"media_overlay_gradient\":\"\",\"vertical_align\":\"\",\"style\":\"\",\"text_color\":\"\",\"padding\":\"\"},\"children\":[{\"name\":\"\",\"type\":\"headline\",\"props\":{\"title_element\":\"div\",\"title_style\":\"h1\",\"title_decoration\":\"\",\"title_color\":\"\",\"text_align\":\"center\",\"text_align_breakpoint\":\"\",\"text_align_fallback\":\"\",\"maxwidth\":\"xlarge\",\"maxwidth_breakpoint\":\"\",\"margin\":\"default\",\"animation\":\"slide-top-small\",\"visibility\":\"\",\"content\":\"Equips socialment responsables\",\"block_align\":\"center\",\"title_font_family\":\"\",\"position\":\"\",\"position_z_index\":\"\",\"block_align_breakpoint\":\"\",\"block_align_fallback\":\"\"}},{\"type\":\"text\",\"props\":{\"margin\":\"default\",\"column_breakpoint\":\"m\",\"text_style\":\"lead\",\"text_color\":\"\",\"text_size\":\"large\",\"column\":\"\",\"text_align\":\"center\",\"text_align_breakpoint\":\"\",\"text_align_fallback\":\"\",\"maxwidth\":\"xxlarge\",\"maxwidth_breakpoint\":\"\",\"animation\":\"\",\"visibility\":\"\",\"content\":\"\n\n<p>Els millors ambaixadors i ambaixadores dels valors d\\u2019una empresa s\\u00f3n els membres del seu propi equip. Per aix\\u00f2, \\u00e9s important que les pol\\u00edtiques d\\u2019RSC d\\u2019una organitzaci\\u00f3 els tinguin en compte i els impliquin en les accions de responsabilitat social. Aix\\u00f2 revertir\\u00e0 positivament en el clima laboral, perqu\\u00e8 se sentiran part d\\u2019un projecte positiu i m\\u00e9s integrats en l\\u2019organitzaci\\u00f3.<\\\/p>\",\"block_align\":\"center\",\"position\":\"\",\"position_z_index\":\"\",\"block_align_breakpoint\":\"\",\"block_align_fallback\":\"\"}}]}]}]},{\"type\":\"section\",\"props\":{\"style\":\"default\",\"width\":\"default\",\"vertical_align\":\"middle\",\"title_position\":\"top-left\",\"title_rotation\":\"left\",\"title_breakpoint\":\"xl\",\"image_position\":\"center-center\",\"text_color\":\"\",\"width_expand\":\"\",\"height\":\"\",\"padding\":\"\",\"header_transparent\":\"\",\"animation\":\"slide-bottom-small\",\"animation_delay\":true},\"children\":[{\"type\":\"row\",\"props\":{\"layout\":\"1-1\",\"breakpoint\":\"m\",\"fixed_width\":\"large\",\"gutter\":\"\",\"width\":\"\",\"width_expand\":\"\",\"height\":\"\",\"margin\":\"large\"},\"children\":[{\"type\":\"column\",\"props\":{\"widths\":[\"1-1\"],\"image_position\":\"center-center\",\"media_overlay_gradient\":\"\",\"vertical_align\":\"\",\"style\":\"\",\"text_color\":\"\",\"padding\":\"\"},\"children\":[{\"type\":\"panel\",\"props\":{\"link_text\":\"Vull col\\u00b7laborar amb Ires\",\"title_element\":\"h4\",\"title_align\":\"top\",\"title_grid_width\":\"1-2\",\"title_breakpoint\":\"m\",\"meta_style\":\"meta\",\"meta_align\":\"below-title\",\"icon_ratio\":4,\"image_align\":\"right\",\"image_grid_width\":\"auto\",\"image_breakpoint\":\"m\",\"image_svg_color\":\"emphasis\",\"link_style\":\"text\",\"margin\":\"\",\"panel_style\":\"card-default\",\"panel_content_padding\":\"\",\"panel_size\":\"\",\"title_style\":\"h3\",\"title_decoration\":\"\",\"title_color\":\"\",\"title_gutter\":\"\",\"title_margin\":\"\",\"meta_color\":\"\",\"meta_margin\":\"\",\"content_style\":\"\",\"content_margin\":\"\",\"image_border\":\"\",\"image_box_shadow\":\"\",\"image_hover_box_shadow\":\"\",\"image_box_decoration\":\"\",\"icon_color\":\"\",\"image_gutter\":\"\",\"image_margin\":\"\",\"link_type\":\"\",\"link_size\":\"\",\"link_margin\":\"medium\",\"text_align\":\"\",\"text_align_breakpoint\":\"\",\"text_align_fallback\":\"\",\"maxwidth\":\"\",\"maxwidth_breakpoint\":\"\",\"animation\":\"\",\"visibility\":\"\",\"image\":\"wp-content\\\/uploads\\\/implica-voluntariado.img_.jpg\",\"content\":\"\n\n<p>Si tens ganes d\\u2019impulsar un voluntariat corporatiu a la teva empresa, t\\u2019esperem a la Fundaci\\u00f3 IRES! Tenim m\\u00e9s de 30 projectes socials en marxa en favor de les fam\\u00edlies m\\u00e9s vulnerables de Catalunya i les Balears. Les opcions de voluntariat corporatiu s\\u00f3n infinites: tallers formatius, classes d\\u2019idiomes, sortides culturals o d\\u2019oci amb les persones usu\\u00e0ries, rehabilitaci\\u00f3 de centres, etc. Se te n\\u2019acut alguna? En parlem!<\\\/p>\",\"link\":\"#formulario\",\"panel_card_image\":true,\"css\":\"@media (min-width:959px){\\n    .el-content{\\n        margin-bottom: 20px;\\n    }\\n    .el-element .uk-card-body{\\n        padding: 36px 58px 36px 58px;\\n    }\\n    .el-link{\\n        position: absolute;\\n        bottom: 36px;\\n        }\\n}\",\"title\":\"Voluntariat corporatiu\",\"class\":\"hoverEffect\",\"block_align\":\"\",\"title_hover_style\":\"reset\"}}]}]},{\"type\":\"row\",\"props\":{\"layout\":\"1-1\",\"breakpoint\":\"m\",\"fixed_width\":\"large\",\"gutter\":\"\",\"width\":\"\",\"width_expand\":\"\",\"height\":\"\",\"margin\":\"large\"},\"children\":[{\"type\":\"column\",\"props\":{\"widths\":[\"1-1\"],\"image_position\":\"center-center\",\"media_overlay_gradient\":\"\",\"vertical_align\":\"\",\"style\":\"\",\"text_color\":\"\",\"padding\":\"\"},\"children\":[{\"type\":\"panel\",\"props\":{\"link_text\":\"Vull col\\u00b7laborar amb Ires\",\"title_element\":\"h4\",\"title_align\":\"top\",\"title_grid_width\":\"1-2\",\"title_breakpoint\":\"m\",\"meta_style\":\"meta\",\"meta_align\":\"below-title\",\"icon_ratio\":4,\"image_align\":\"left\",\"image_grid_width\":\"auto\",\"image_breakpoint\":\"m\",\"image_svg_color\":\"emphasis\",\"link_style\":\"text\",\"margin\":\"default\",\"panel_style\":\"card-default\",\"panel_content_padding\":\"\",\"panel_size\":\"\",\"title_style\":\"h3\",\"title_decoration\":\"\",\"title_color\":\"\",\"title_gutter\":\"\",\"title_margin\":\"\",\"meta_color\":\"\",\"meta_margin\":\"\",\"content_style\":\"\",\"content_margin\":\"\",\"image_border\":\"\",\"image_box_shadow\":\"\",\"image_hover_box_shadow\":\"\",\"image_box_decoration\":\"\",\"icon_color\":\"\",\"image_gutter\":\"\",\"image_margin\":\"\",\"link_type\":\"\",\"link_size\":\"\",\"link_margin\":\"medium\",\"text_align\":\"\",\"text_align_breakpoint\":\"\",\"text_align_fallback\":\"\",\"maxwidth\":\"\",\"maxwidth_breakpoint\":\"\",\"animation\":\"\",\"visibility\":\"\",\"image\":\"wp-content\\\/uploads\\\/implica-servicios-img.jpg\",\"content\":\"\n\n<p>Com a empresa especialista en la teva \\u00e0rea tens molt a aportar. Per aix\\u00f2, tota empresa que ho desitgi pot prestar els seus serveis de forma volunt\\u00e0ria a la Fundaci\\u00f3 IRES: tasques de disseny i web, produccions audiovisuals, cessi\\u00f3 d\\u2019espais publicitaris, traduccions\\u2026 Totes s\\u00f3n benvingudes! Contacta amb nosaltres i explorarem la millor manera de sumar esfor\\u00e7os!<\\\/p>\",\"link\":\"#formulario\",\"panel_card_image\":true,\"css\":\"@media (min-width:959px){\\n    .el-content{\\n        margin-bottom: 20px;\\n    }\\n    .el-element .uk-card-body{\\n        padding: 36px 58px 36px 58px;\\n    }\\n    .el-link{\\n        position: absolute;\\n        bottom: 36px;\\n        }\\n}\",\"title\":\"Presta'ns els teus serveis\",\"class\":\"hoverEffect\",\"block_align\":\"\",\"title_hover_style\":\"reset\"}}]}]},{\"type\":\"row\",\"props\":{\"layout\":\"1-1\",\"breakpoint\":\"m\",\"fixed_width\":\"large\",\"gutter\":\"\",\"width\":\"\",\"width_expand\":\"\",\"height\":\"\",\"margin\":\"large\"},\"children\":[{\"type\":\"column\",\"props\":{\"widths\":[\"1-1\"],\"image_position\":\"center-center\",\"media_overlay_gradient\":\"\",\"vertical_align\":\"\",\"style\":\"\",\"text_color\":\"\",\"padding\":\"\"},\"children\":[{\"type\":\"panel\",\"props\":{\"link_text\":\"Vull col\\u00b7laborar amb Ires\",\"title_element\":\"h4\",\"title_align\":\"top\",\"title_grid_width\":\"1-2\",\"title_breakpoint\":\"m\",\"meta_style\":\"meta\",\"meta_align\":\"below-title\",\"icon_ratio\":4,\"image_align\":\"right\",\"image_grid_width\":\"auto\",\"image_breakpoint\":\"m\",\"image_svg_color\":\"emphasis\",\"link_style\":\"text\",\"margin\":\"\",\"panel_style\":\"card-default\",\"panel_content_padding\":\"\",\"panel_size\":\"\",\"title_style\":\"h3\",\"title_decoration\":\"\",\"title_color\":\"\",\"title_gutter\":\"\",\"title_margin\":\"\",\"meta_color\":\"\",\"meta_margin\":\"\",\"content_style\":\"\",\"content_margin\":\"\",\"image_border\":\"\",\"image_box_shadow\":\"\",\"image_hover_box_shadow\":\"\",\"image_box_decoration\":\"\",\"icon_color\":\"\",\"image_gutter\":\"\",\"image_margin\":\"\",\"link_type\":\"\",\"link_size\":\"\",\"link_margin\":\"medium\",\"text_align\":\"\",\"text_align_breakpoint\":\"\",\"text_align_fallback\":\"\",\"maxwidth\":\"\",\"maxwidth_breakpoint\":\"\",\"animation\":\"\",\"visibility\":\"\",\"image\":\"wp-content\\\/uploads\\\/implica-iniciativa-img.jpg\",\"content\":\"\n\n<p>Per col\\u00b7laborar amb la nostra causa pots llan\\u00e7ar i liderar una iniciativa solid\\u00e0ria a la teva empresa implicant-hi el teu equip, familiars, amics\\u2026 Com? Se\\u2019ns ocorren unes quantes maneres!: converteix els teus esdeveniments corporatius en solidaris, organitza un acte esportiu o un sopar solidari o proposa la donaci\\u00f3 del cost del caf\\u00e8 dels divendres.<\\\/p>\\n\n\n<p>Deixa anar la teva imaginaci\\u00f3 i llan\\u00e7a la teva iniciativa solid\\u00e0ria!<\\\/p>\\n\n\n<p>\\u00a0<\\\/p>\",\"link\":\"#formulario\",\"panel_card_image\":true,\"css\":\"@media (min-width:959px){\\n    .el-content{\\n        margin-bottom: 20px;\\n    }\\n    .el-element .uk-card-body{\\n        padding: 36px 58px 36px 58px;\\n    }\\n    .el-link{\\n        position: absolute;\\n        bottom: 36px;\\n        }\\n}\",\"title\":\"Llan\\u00e7a la teva iniciativa solid\\u00e0ria\",\"class\":\"hoverEffect\",\"block_align\":\"\",\"title_hover_style\":\"reset\"}}]}]},{\"type\":\"row\",\"props\":{\"layout\":\"1-1\",\"breakpoint\":\"m\",\"fixed_width\":\"large\",\"gutter\":\"\",\"width\":\"\",\"width_expand\":\"\",\"height\":\"\",\"margin\":\"large\"},\"children\":[{\"type\":\"column\",\"props\":{\"widths\":[\"1-1\"],\"image_position\":\"center-center\",\"media_overlay_gradient\":\"\",\"vertical_align\":\"\",\"style\":\"\",\"text_color\":\"\",\"padding\":\"\"},\"children\":[{\"type\":\"panel\",\"props\":{\"link_text\":\"Vull col\\u00b7laborar amb ires\",\"title_element\":\"h4\",\"title_align\":\"top\",\"title_grid_width\":\"1-2\",\"title_breakpoint\":\"m\",\"meta_style\":\"meta\",\"meta_align\":\"below-title\",\"icon_ratio\":4,\"image_align\":\"left\",\"image_grid_width\":\"auto\",\"image_breakpoint\":\"m\",\"image_svg_color\":\"emphasis\",\"link_style\":\"text\",\"margin\":\"default\",\"panel_style\":\"card-default\",\"panel_content_padding\":\"\",\"panel_size\":\"\",\"title_style\":\"h3\",\"title_decoration\":\"\",\"title_color\":\"\",\"title_gutter\":\"\",\"title_margin\":\"\",\"meta_color\":\"\",\"meta_margin\":\"\",\"content_style\":\"\",\"content_margin\":\"\",\"image_border\":\"\",\"image_box_shadow\":\"\",\"image_hover_box_shadow\":\"\",\"image_box_decoration\":\"\",\"icon_color\":\"\",\"image_gutter\":\"\",\"image_margin\":\"\",\"link_type\":\"\",\"link_size\":\"\",\"link_margin\":\"medium\",\"text_align\":\"\",\"text_align_breakpoint\":\"\",\"text_align_fallback\":\"\",\"maxwidth\":\"\",\"maxwidth_breakpoint\":\"\",\"animation\":\"\",\"visibility\":\"\",\"image\":\"wp-content\\\/uploads\\\/implica-teaming-img.jpg\",\"content\":\"\n\n<p>Amb l'acci\\u00f3 de Teaming us proposem un petit gest que pot canviar el futur de moltes fam\\u00edlies que el necessiten: que cada treballador\\\/a doni 1 \\u20ac de la seva n\\u00f2mina mensual a la Fundaci\\u00f3 IRES i que l'empresa, si aix\\u00ed ho desitja, iguali la quantitat aportada entre tots\\\/as.<\\\/p>\\n\n\n<p>Proposa aquesta iniciativa en la teva empresa i podrem fer molt amb molt poc!<\\\/p>\",\"link\":\"#formulario\",\"panel_card_image\":true,\"css\":\"@media (min-width:959px){\\n    .el-content{\\n        margin-bottom: 20px;\\n    }\\n    .el-element .uk-card-body{\\n        padding: 36px 58px 36px 58px;\\n    }\\n    .el-link{\\n        position: absolute;\\n        bottom: 36px;\\n        }\\n}\",\"title\":\"Teaming, el poder de las microdonacions\",\"class\":\"hoverEffect\",\"block_align\":\"\",\"title_hover_style\":\"reset\"}}]}]}]},{\"type\":\"section\",\"props\":{\"style\":\"default\",\"width\":\"default\",\"vertical_align\":\"middle\",\"title_position\":\"top-left\",\"title_rotation\":\"left\",\"title_breakpoint\":\"xl\",\"image_position\":\"center-center\",\"text_color\":\"\",\"width_expand\":\"\",\"height\":\"\",\"padding\":\"\",\"header_transparent\":\"\",\"animation\":\"fade\",\"padding_remove_top\":false},\"children\":[{\"type\":\"row\",\"props\":{\"layout\":\"1-1\",\"breakpoint\":\"m\",\"fixed_width\":\"large\",\"gutter\":\"\",\"width\":\"\",\"width_expand\":\"\",\"height\":\"\",\"margin\":\"xlarge\"},\"children\":[{\"type\":\"column\",\"props\":{\"widths\":[\"1-1\"],\"image_position\":\"center-center\",\"media_overlay_gradient\":\"\",\"vertical_align\":\"\",\"style\":\"\",\"text_color\":\"\",\"padding\":\"\"},\"children\":[{\"type\":\"headline\",\"props\":{\"title_element\":\"h3\",\"title_style\":\"h2\",\"title_decoration\":\"\",\"title_color\":\"\",\"text_align\":\"center\",\"text_align_breakpoint\":\"\",\"text_align_fallback\":\"\",\"maxwidth\":\"xxlarge\",\"maxwidth_breakpoint\":\"\",\"margin\":\"\",\"animation\":\"slide-top-small\",\"visibility\":\"\",\"content\":\"\n\n<p>Hi ha moltes maneres de promoure la participaci\\u00f3 dels equips en accions solid\\u00e0ries. Aquestes nom\\u00e9s en s\\u00f3n algunes. Escoltem les teves propostes!<\\\/p>\",\"block_align\":\"center\"}}]}]},{\"type\":\"row\",\"props\":{\"layout\":\"1-1\",\"breakpoint\":\"m\",\"fixed_width\":\"large\",\"gutter\":\"\",\"width\":\"\",\"width_expand\":\"\",\"height\":\"\",\"margin\":\"\"},\"children\":[{\"type\":\"column\",\"props\":{\"widths\":[\"1-1\"],\"image_position\":\"center-center\",\"media_overlay_gradient\":\"\",\"vertical_align\":\"\",\"style\":\"\",\"text_color\":\"\",\"padding\":\"\"},\"children\":[{\"type\":\"switcher\",\"props\":{\"show_title\":true,\"show_meta\":true,\"show_content\":true,\"show_image\":true,\"show_link\":true,\"show_label\":true,\"show_thumbnail\":true,\"switcher_style\":\"thumbnav\",\"switcher_thumbnail_svg_color\":\"primary\",\"switcher_position\":\"bottom\",\"switcher_align\":\"left\",\"switcher_grid_width\":\"auto\",\"switcher_breakpoint\":\"m\",\"switcher_animation\":\"fade\",\"switcher_height\":true,\"title_element\":\"h3\",\"meta_style\":\"meta\",\"meta_align\":\"above-title\",\"image_svg_color\":\"emphasis\",\"image_align\":\"right\",\"image_grid_width\":\"auto\",\"image_breakpoint\":\"m\",\"switcher_thumbnail_width\":\"8\",\"switcher_thumbnail_height\":\"8\",\"link_text\":\"Read more\",\"link_style\":\"default\",\"margin\":\"default\",\"switcher_margin\":\"\",\"switcher_gutter\":\"\",\"title_style\":\"\",\"title_decoration\":\"\",\"title_color\":\"\",\"title_margin\":\"small\",\"meta_color\":\"\",\"meta_margin\":\"\",\"content_style\":\"\",\"content_margin\":\"\",\"image_border\":\"rounded\",\"image_box_shadow\":\"large\",\"image_box_decoration\":\"\",\"image_gutter\":\"collapse\",\"image_margin\":\"\",\"link_size\":\"\",\"link_margin\":\"\",\"text_align\":\"\",\"text_align_breakpoint\":\"\",\"text_align_fallback\":\"\",\"maxwidth\":\"\",\"maxwidth_align\":\"\",\"maxwidth_breakpoint\":\"\",\"animation\":\"fade\",\"visibility\":\"\",\"switcher_thumbnail_svg_inline\":true,\"id\":\"switcherLeftPanel\",\"switcher_thumbnail_nowrap\":false,\"image_vertical_align\":true,\"title_align\":\"top\",\"title_grid_width\":\"1-2\",\"title_breakpoint\":\"m\",\"title_gutter\":\"\"},\"children\":[{\"type\":\"switcher_item\",\"props\":{\"image\":\"wp-content\\\/uploads\\\/empresa_02.jpg\",\"content\":\"\n\n<p>M\\u00e9s de 60 professionals de l\\u2019equip de Barcelona dediquen la seva jornada de voluntariat One Day als infants de la Fundaci\\u00f3 IRES.<\\\/p>\",\"title\":\"Skyscanner\",\"meta\":\"Testimonis\",\"thumbnail\":\"wp-content\\\/uploads\\\/switch-dot-active.svg\",\"label\":\"\"}},{\"type\":\"switcher_item\",\"props\":{\"image\":\"wp-content\\\/uploads\\\/empresa_03.jpg\",\"content\":\"\n\n<p>Onze voluntaris i volunt\\u00e0ries visiten el Casal en Fam\\u00edlia amb molta energia i una divertida gimcana que encomana alegria a grans i petits\\\/es.<\\\/p>\",\"title\":\"Decathlon Espa\\u00f1a\",\"meta\":\"Testimonis\",\"thumbnail\":\"wp-content\\\/uploads\\\/switch-dot-active.svg\",\"label\":\"\"}},{\"type\":\"switcher_item\",\"props\":{\"image\":\"wp-content\\\/uploads\\\/empresa_01.jpg\",\"content\":\"\n\n<p>Teaming solidari de l\\u2019equip CBG Barcelona per recaptar fons per als projectes socials.<\\\/p>\",\"title\":\"CBG\",\"meta\":\"Testimonis\",\"thumbnail\":\"wp-content\\\/uploads\\\/switch-dot-active.svg\"}}],\"name\":\"Switcher Testimonial\"}]}]}]},{\"type\":\"section\",\"props\":{\"style\":\"default\",\"width\":\"default\",\"vertical_align\":\"middle\",\"title_position\":\"top-left\",\"title_rotation\":\"left\",\"title_breakpoint\":\"xl\",\"image_position\":\"center-center\",\"text_color\":\"\",\"width_expand\":\"\",\"height\":\"\",\"padding\":\"\",\"header_transparent\":\"\",\"animation\":\"fade\",\"class\":\"\",\"css\":\"\"},\"children\":[{\"type\":\"row\",\"props\":{\"layout\":\"1-1\",\"breakpoint\":\"m\",\"fixed_width\":\"large\",\"gutter\":\"\",\"width\":\"\",\"width_expand\":\"\",\"height\":\"\",\"margin\":\"\"},\"children\":[{\"type\":\"column\",\"props\":{\"widths\":[\"1-1\"],\"image_position\":\"center-center\",\"media_overlay_gradient\":\"\",\"vertical_align\":\"\",\"style\":\"\",\"text_color\":\"dark\",\"padding\":\"\"},\"children\":[]}]}]},{\"type\":\"section\",\"props\":{\"style\":\"muted\",\"width\":\"default\",\"vertical_align\":\"middle\",\"title_position\":\"top-left\",\"title_rotation\":\"left\",\"title_breakpoint\":\"xl\",\"image_position\":\"center-center\",\"text_color\":\"\",\"width_expand\":\"\",\"height\":\"\",\"padding\":\"\",\"header_transparent\":\"\",\"animation\":\"\",\"class\":\"\",\"id\":\"formulario\"},\"children\":[{\"type\":\"row\",\"props\":{\"layout\":\"fixed,\",\"breakpoint\":\"m\",\"fixed_width\":\"large\",\"gutter\":\"\",\"width\":\"\",\"width_expand\":\"\",\"height\":\"\",\"margin\":\"\",\"class\":\"\",\"order_last\":false},\"children\":[{\"type\":\"column\",\"props\":{\"widths\":[\"fixed\"],\"image_position\":\"center-center\",\"media_overlay_gradient\":\"\",\"vertical_align\":\"\",\"style\":\"\",\"text_color\":\"\",\"padding\":\"\",\"css\":\".el-column{\\ndisplay: inline-block;\\nposition: relative;\\n}\"},\"children\":[{\"type\":\"headline\",\"props\":{\"title_element\":\"div\",\"title_style\":\"h1\",\"title_decoration\":\"\",\"title_color\":\"\",\"text_align\":\"\",\"text_align_breakpoint\":\"\",\"text_align_fallback\":\"\",\"maxwidth\":\"medium\",\"maxwidth_breakpoint\":\"\",\"margin\":\"\",\"animation\":\"\",\"visibility\":\"\",\"content\":\"Desitjo participar\",\"block_align\":\"\",\"title_font_family\":\"\",\"position\":\"\",\"position_z_index\":\"\",\"block_align_breakpoint\":\"\",\"block_align_fallback\":\"\"}},{\"type\":\"text\",\"props\":{\"margin\":\"default\",\"column_breakpoint\":\"m\",\"text_style\":\"\",\"text_color\":\"\",\"text_size\":\"large\",\"column\":\"\",\"text_align\":\"\",\"text_align_breakpoint\":\"\",\"text_align_fallback\":\"\",\"maxwidth\":\"\",\"maxwidth_breakpoint\":\"\",\"animation\":\"\",\"visibility\":\"\",\"content\":\"\n\n<p>Desitjo que el meu equip s'impliqui.<\\\/p>\\n\n\n<p><br \\\/>Laura Esquivel<br \\\/>empresa@fundacioires.org<br \\\/>93 486 47 50 \\\/ 695 237 970<\\\/p>\",\"block_align\":\"\",\"position\":\"\",\"position_z_index\":\"\",\"block_align_breakpoint\":\"\",\"block_align_fallback\":\"\"}}]},{\"type\":\"column\",\"props\":{\"widths\":[\"\"],\"image_position\":\"center-center\",\"media_overlay_gradient\":\"\",\"vertical_align\":\"\",\"style\":\"\",\"text_color\":\"\",\"padding\":\"\",\"css\":\".el-column{\\n\\tmargin-top:5px;\\n}\"},\"children\":[{\"type\":\"text\",\"props\":{\"margin\":\"medium\",\"column_breakpoint\":\"m\",\"text_style\":\"\",\"text_color\":\"emphasis\",\"text_size\":\"large\",\"column\":\"\",\"text_align\":\"\",\"text_align_breakpoint\":\"\",\"text_align_fallback\":\"\",\"maxwidth\":\"\",\"maxwidth_breakpoint\":\"\",\"animation\":\"\",\"visibility\":\"\",\"content\":\"\n\n<p>Prefereixes que contactem amb tu? Deixa'ns les teves dades.<\\\/p>\",\"block_align\":\"\"}},{\"type\":\"html\",\"props\":{\"content\":\"[contact-form-7 id=\\\"3961\\\" title=\\\"Formulario Contacto Empresas CAT\\\"]\",\"class\":\"\",\"css\":\".el-element{\\n\\tmargin-bottom:20px;\\n}\"}}]}]}]}],\"version\":\"1.21.0\",\"props\":[]} --><\/p>\n","protected":false},"excerpt":{"rendered":"<p>Implica-hi el teu equip Equips socialment responsables Els millors ambaixadors i ambaixadores dels valors d\u2019una empresa s\u00f3n els membres del seu propi equip. Per aix\u00f2, \u00e9s important que les pol\u00edtiques d\u2019RSC d\u2019una organitzaci\u00f3 els tinguin en compte i els impliquin en les accions de responsabilitat social. Aix\u00f2 revertir\u00e0 positivament en el clima laboral, perqu\u00e8 se [&hellip;]<\/p>\n","protected":false},"author":1,"featured_media":0,"parent":4124,"menu_order":0,"comment_status":"closed","ping_status":"closed","template":"","meta":{"footnotes":""},"proyectos":[],"class_list":["post-3819","page","type-page","status-publish","hentry"],"yoast_head":"<!-- This site is optimized with the Yoast SEO plugin v27.4 - https:\/\/yoast.com\/product\/yoast-seo-wordpress\/ -->\n<title>Implica - Fundaci\u00f3 IRES<\/title>\n<meta name=\"robots\" content=\"index, follow, max-snippet:-1, max-image-preview:large, max-video-preview:-1\" \/>\n<link rel=\"canonical\" href=\"https:\/\/www.fundacioires.org\/ca\/ets-empresa\/implica\/\" \/>\n<meta property=\"og:locale\" content=\"ca_ES\" \/>\n<meta property=\"og:type\" content=\"article\" \/>\n<meta property=\"og:title\" content=\"Implica - Fundaci\u00f3 IRES\" \/>\n<meta property=\"og:description\" content=\"Implica-hi el teu equip Equips socialment responsables Els millors ambaixadors i ambaixadores dels valors d\u2019una empresa s\u00f3n els membres del seu propi equip. Per aix\u00f2, \u00e9s important que les pol\u00edtiques d\u2019RSC d\u2019una organitzaci\u00f3 els tinguin en compte i els impliquin en les accions de responsabilitat social. Aix\u00f2 revertir\u00e0 positivament en el clima laboral, perqu\u00e8 se [&hellip;]\" \/>\n<meta property=\"og:url\" content=\"https:\/\/www.fundacioires.org\/ca\/ets-empresa\/implica\/\" \/>\n<meta property=\"og:site_name\" content=\"Fundaci\u00f3 IRES\" \/>\n<meta property=\"article:modified_time\" content=\"2020-06-12T12:39:49+00:00\" \/>\n<meta property=\"og:image\" content=\"http:\/\/wp-content\/uploads\/implica-voluntariado.img_.jpg\" \/>\n<meta name=\"twitter:card\" content=\"summary_large_image\" \/>\n<meta name=\"twitter:label1\" content=\"Est. reading time\" \/>\n\t<meta name=\"twitter:data1\" content=\"3 minutes\" \/>\n<script type=\"application\/ld+json\" class=\"yoast-schema-graph\">{\"@context\":\"https:\\\/\\\/schema.org\",\"@graph\":[{\"@type\":\"WebPage\",\"@id\":\"https:\\\/\\\/www.fundacioires.org\\\/ca\\\/ets-empresa\\\/implica\\\/\",\"url\":\"https:\\\/\\\/www.fundacioires.org\\\/ca\\\/ets-empresa\\\/implica\\\/\",\"name\":\"Implica - Fundaci\u00f3 IRES\",\"isPartOf\":{\"@id\":\"https:\\\/\\\/www.fundacioires.org\\\/#website\"},\"datePublished\":\"2019-05-16T14:27:59+00:00\",\"dateModified\":\"2020-06-12T12:39:49+00:00\",\"breadcrumb\":{\"@id\":\"https:\\\/\\\/www.fundacioires.org\\\/ca\\\/ets-empresa\\\/implica\\\/#breadcrumb\"},\"inLanguage\":\"ca-ES\",\"potentialAction\":[{\"@type\":\"ReadAction\",\"target\":[\"https:\\\/\\\/www.fundacioires.org\\\/ca\\\/ets-empresa\\\/implica\\\/\"]}]},{\"@type\":\"BreadcrumbList\",\"@id\":\"https:\\\/\\\/www.fundacioires.org\\\/ca\\\/ets-empresa\\\/implica\\\/#breadcrumb\",\"itemListElement\":[{\"@type\":\"ListItem\",\"position\":1,\"name\":\"Portada\",\"item\":\"https:\\\/\\\/www.fundacioires.org\\\/\"},{\"@type\":\"ListItem\",\"position\":2,\"name\":\"Ets empresa?\",\"item\":\"https:\\\/\\\/www.fundacioires.org\\\/ca\\\/ets-empresa\\\/\"},{\"@type\":\"ListItem\",\"position\":3,\"name\":\"Implica\"}]},{\"@type\":\"WebSite\",\"@id\":\"https:\\\/\\\/www.fundacioires.org\\\/#website\",\"url\":\"https:\\\/\\\/www.fundacioires.org\\\/\",\"name\":\"Fundaci\u00f3 IRES\",\"description\":\"\",\"publisher\":{\"@id\":\"https:\\\/\\\/www.fundacioires.org\\\/#organization\"},\"potentialAction\":[{\"@type\":\"SearchAction\",\"target\":{\"@type\":\"EntryPoint\",\"urlTemplate\":\"https:\\\/\\\/www.fundacioires.org\\\/?s={search_term_string}\"},\"query-input\":{\"@type\":\"PropertyValueSpecification\",\"valueRequired\":true,\"valueName\":\"search_term_string\"}}],\"inLanguage\":\"ca-ES\"},{\"@type\":\"Organization\",\"@id\":\"https:\\\/\\\/www.fundacioires.org\\\/#organization\",\"name\":\"Fundanci\u00f3n IRES\",\"url\":\"https:\\\/\\\/www.fundacioires.org\\\/\",\"logo\":{\"@type\":\"ImageObject\",\"inLanguage\":\"ca-ES\",\"@id\":\"https:\\\/\\\/www.fundacioires.org\\\/#\\\/schema\\\/logo\\\/image\\\/\",\"url\":\"https:\\\/\\\/i0.wp.com\\\/www.fundacioires.org\\\/wp-content\\\/uploads\\\/faviconIRES.png?fit=32%2C32&ssl=1\",\"contentUrl\":\"https:\\\/\\\/i0.wp.com\\\/www.fundacioires.org\\\/wp-content\\\/uploads\\\/faviconIRES.png?fit=32%2C32&ssl=1\",\"width\":32,\"height\":32,\"caption\":\"Fundanci\u00f3n IRES\"},\"image\":{\"@id\":\"https:\\\/\\\/www.fundacioires.org\\\/#\\\/schema\\\/logo\\\/image\\\/\"}}]}<\/script>\n<!-- \/ Yoast SEO plugin. -->","yoast_head_json":{"title":"Implica - Fundaci\u00f3 IRES","robots":{"index":"index","follow":"follow","max-snippet":"max-snippet:-1","max-image-preview":"max-image-preview:large","max-video-preview":"max-video-preview:-1"},"canonical":"https:\/\/www.fundacioires.org\/ca\/ets-empresa\/implica\/","og_locale":"ca_ES","og_type":"article","og_title":"Implica - Fundaci\u00f3 IRES","og_description":"Implica-hi el teu equip Equips socialment responsables Els millors ambaixadors i ambaixadores dels valors d\u2019una empresa s\u00f3n els membres del seu propi equip. Per aix\u00f2, \u00e9s important que les pol\u00edtiques d\u2019RSC d\u2019una organitzaci\u00f3 els tinguin en compte i els impliquin en les accions de responsabilitat social. Aix\u00f2 revertir\u00e0 positivament en el clima laboral, perqu\u00e8 se [&hellip;]","og_url":"https:\/\/www.fundacioires.org\/ca\/ets-empresa\/implica\/","og_site_name":"Fundaci\u00f3 IRES","article_modified_time":"2020-06-12T12:39:49+00:00","og_image":[{"url":"wp-content\/uploads\/implica-voluntariado.img_.jpg","type":"","width":"","height":""}],"twitter_card":"summary_large_image","twitter_misc":{"Est. reading time":"3 minutes"},"schema":{"@context":"https:\/\/schema.org","@graph":[{"@type":"WebPage","@id":"https:\/\/www.fundacioires.org\/ca\/ets-empresa\/implica\/","url":"https:\/\/www.fundacioires.org\/ca\/ets-empresa\/implica\/","name":"Implica - Fundaci\u00f3 IRES","isPartOf":{"@id":"https:\/\/www.fundacioires.org\/#website"},"datePublished":"2019-05-16T14:27:59+00:00","dateModified":"2020-06-12T12:39:49+00:00","breadcrumb":{"@id":"https:\/\/www.fundacioires.org\/ca\/ets-empresa\/implica\/#breadcrumb"},"inLanguage":"ca-ES","potentialAction":[{"@type":"ReadAction","target":["https:\/\/www.fundacioires.org\/ca\/ets-empresa\/implica\/"]}]},{"@type":"BreadcrumbList","@id":"https:\/\/www.fundacioires.org\/ca\/ets-empresa\/implica\/#breadcrumb","itemListElement":[{"@type":"ListItem","position":1,"name":"Portada","item":"https:\/\/www.fundacioires.org\/"},{"@type":"ListItem","position":2,"name":"Ets empresa?","item":"https:\/\/www.fundacioires.org\/ca\/ets-empresa\/"},{"@type":"ListItem","position":3,"name":"Implica"}]},{"@type":"WebSite","@id":"https:\/\/www.fundacioires.org\/#website","url":"https:\/\/www.fundacioires.org\/","name":"Fundaci\u00f3 IRES","description":"","publisher":{"@id":"https:\/\/www.fundacioires.org\/#organization"},"potentialAction":[{"@type":"SearchAction","target":{"@type":"EntryPoint","urlTemplate":"https:\/\/www.fundacioires.org\/?s={search_term_string}"},"query-input":{"@type":"PropertyValueSpecification","valueRequired":true,"valueName":"search_term_string"}}],"inLanguage":"ca-ES"},{"@type":"Organization","@id":"https:\/\/www.fundacioires.org\/#organization","name":"Fundanci\u00f3n IRES","url":"https:\/\/www.fundacioires.org\/","logo":{"@type":"ImageObject","inLanguage":"ca-ES","@id":"https:\/\/www.fundacioires.org\/#\/schema\/logo\/image\/","url":"https:\/\/i0.wp.com\/www.fundacioires.org\/wp-content\/uploads\/faviconIRES.png?fit=32%2C32&ssl=1","contentUrl":"https:\/\/i0.wp.com\/www.fundacioires.org\/wp-content\/uploads\/faviconIRES.png?fit=32%2C32&ssl=1","width":32,"height":32,"caption":"Fundanci\u00f3n IRES"},"image":{"@id":"https:\/\/www.fundacioires.org\/#\/schema\/logo\/image\/"}}]}},"jetpack_sharing_enabled":true,"_links":{"self":[{"href":"https:\/\/www.fundacioires.org\/ca\/wp-json\/wp\/v2\/pages\/3819","targetHints":{"allow":["GET"]}}],"collection":[{"href":"https:\/\/www.fundacioires.org\/ca\/wp-json\/wp\/v2\/pages"}],"about":[{"href":"https:\/\/www.fundacioires.org\/ca\/wp-json\/wp\/v2\/types\/page"}],"author":[{"embeddable":true,"href":"https:\/\/www.fundacioires.org\/ca\/wp-json\/wp\/v2\/users\/1"}],"replies":[{"embeddable":true,"href":"https:\/\/www.fundacioires.org\/ca\/wp-json\/wp\/v2\/comments?post=3819"}],"version-history":[{"count":5,"href":"https:\/\/www.fundacioires.org\/ca\/wp-json\/wp\/v2\/pages\/3819\/revisions"}],"predecessor-version":[{"id":22620,"href":"https:\/\/www.fundacioires.org\/ca\/wp-json\/wp\/v2\/pages\/3819\/revisions\/22620"}],"up":[{"embeddable":true,"href":"https:\/\/www.fundacioires.org\/ca\/wp-json\/wp\/v2\/pages\/4124"}],"wp:attachment":[{"href":"https:\/\/www.fundacioires.org\/ca\/wp-json\/wp\/v2\/media?parent=3819"}],"wp:term":[{"taxonomy":"proyectos","embeddable":true,"href":"https:\/\/www.fundacioires.org\/ca\/wp-json\/wp\/v2\/proyectos?post=3819"}],"curies":[{"name":"wp","href":"https:\/\/api.w.org\/{rel}","templated":true}]}}