{"id":3826,"date":"2019-05-16T16:09:23","date_gmt":"2019-05-16T14:09:23","guid":{"rendered":"http:\/\/www.fundacioires.org\/?page_id=3826"},"modified":"2025-10-31T14:15:49","modified_gmt":"2025-10-31T13:15:49","slug":"formacions-tallers","status":"publish","type":"page","link":"https:\/\/www.fundacioires.org\/ca\/que-fem\/formacions-tallers\/","title":{"rendered":"Formaci\u00f3 per a empreses"},"content":{"rendered":"<h1>Formacions i tallers<\/h1>\n<div><strong>Per una empresa compromesa<\/strong><\/div>\n<div>\n<p><strong>Empresa Compromesa<\/strong> \u00e9s un programa de formacions dissenyat per a les empreses que es preocupen per la igualtat i el benestar dels seus empleats\/ades, i que entenen que un ambient laboral saludable repercuteix positivament <span style=\"font-weight: 400;\">en la <\/span><span style=\"font-weight: 400;\">cohesi\u00f3 dels equips i la seva activitat<\/span>.<\/p>\n<p>Gestionar conflictes, integrar la perspectiva de g\u00e8nere o promoure la conciliaci\u00f3 laboral s\u00f3n nom\u00e9s alguns dels cursos que ajudaran a fer que la teva tamb\u00e9 sigui una empresa compromesa.<\/p>\n<\/div>\n<h3>\n<p>Webinars i cursos presencials dirigits a empreses, <br \/>organitzacions i persones del tercer sector<\/p>\n<\/h3>\n<div>\n<p>        <img decoding=\"async\" src=\"\/wp-content\/uploads\/Formacions-BAL-Empreses-i-admin.png\" alt=\"\"><\/p>\n<h3>Tallers sobre igualtat<\/h3>\n<p>INSTITUTS<\/p>\n<div>\n<p>Sensibilitzaci\u00f3 i prevenci\u00f3 de viol\u00e8ncies masclistes i promoci\u00f3 de la igualtat de g\u00e8nere dirigida a totes les edats, especialment a poblaci\u00f3 infantojuvenil.<\/p>\n<\/div>\n<p><a href=\"\/wp-content\/uploads\/CATALEG-TALLERS-Oct-2025-Igualtat-Professora-CAT-2.pdf\">VEURE CAT\u00c0LEG<\/a><\/p>\n<\/div>\n<div>\n<p>        <img decoding=\"async\" src=\"\/wp-content\/uploads\/Formacions-BAL-Tallers.png\" alt=\"\"><\/p>\n<h3>Tallers sobre sexualitat<\/h3>\n<p>INSTITUTS<\/p>\n<div>\n<p>Promoci\u00f3 de relacions igualit\u00e0ries a trav\u00e9s d&#8217;una educaci\u00f3 sexual amb perspectiva de g\u00e8nere i de diversitat.<\/p>\n<\/div>\n<p><a href=\"\/wp-content\/uploads\/CATALEG-TALLERS-Oct-2025-Sexualitat-CAT-2.pdf\">VEURE CAT\u00c0LEG<\/a><\/p>\n<\/div>\n<div>\n<p>        <img decoding=\"async\" src=\"\/wp-content\/uploads\/2-20.png\" alt=\"\"><\/p>\n<h3>Formacions per a empreses<\/h3>\n<p>EMPRESES<\/p>\n<div>\n<p>Impartim formacions bonificades a empreses que volen millorar les compet\u00e8ncies dels seus equips i el seu comprom\u00eds amb la igualtat.<\/p>\n<\/div>\n<p><a href=\"https:\/\/www.fundacioires.org\/ca\/que-fem\/formacio-bonificada-empreses\/\">VULL M\u00c9S INFORMACI\u00d3<\/a><\/p>\n<\/div>\n<div>\n<p>Aquesta oferta formativa \u00e9s <strong>bonificable a trav\u00e9s de la Fundaci\u00f3 Tripartita, <\/strong>i contribueix a donar resposta als reptes de l&#8217;<strong>Agenda 2030 per un desenvolupament sostenible<\/strong>.<\/p>\n<\/div>\n<p><img decoding=\"async\" src=\"\/wp-content\/uploads\/Sin-ti%CC%81tulo-2-06.png\" alt=\"\"><\/p>\n<div>\n<p><strong>Formacions amb impacte social<\/strong><\/p>\n<\/div>\n<div>\n<p>El doble benefici de formar-se amb nosaltres<\/p>\n<\/div>\n<div>\n<p>Volem compartir la nostra experi\u00e8ncia en perspectiva de g\u00e8nere i gesti\u00f3 de conflictes amb l\u2019objectiu de <strong>promoure el desenvolupament d\u2019entorns de treball saludables<\/strong>.<\/p>\n<p>Els <strong>beneficis<\/strong> s\u00f3n destinats als <strong>projectes de la fundaci\u00f3 <\/strong>per continuar responent als reptes socials oferint atenci\u00f3 integral a fam\u00edlies en situaci\u00f3 de vulnerabilitat.<\/p>\n<\/div>\n<p><img decoding=\"async\" src=\"\/wp-content\/uploads\/MG_0162-e1580992105506.jpg\" alt=\"\"><\/p>\n<div>Com funciona?<\/div>\n<div>\n<p><span style=\"color: #000000;\"><strong>Adaptem<\/strong> i <strong>combinem<\/strong> els cursos segons les necessitats de l\u2019entitat, o podem crear p\u00edndoles formatives amb <b>continguts especifics<\/b>.<\/span><\/p>\n<p><span style=\"color: #000000;\">Tant si la teva empresa tria un pla de diversos cursos o un \u00fanic curs, oferim <strong>seguiment i avaluaci\u00f3 cont\u00ednua dels resultats<\/strong> mitjan\u00e7ant l\u2019assessorament personalitzat per part dels responsables de l\u2019\u00e0rea de formaci\u00f3.<\/span><\/p>\n<\/div>\n<div><strong>Vull m\u00e9s informaci\u00f3<\/strong><\/div>\n<ul>\n<li>\n<p>\n        <a href=\"mailto:formacio@fundacioires.org\">formacio@fundacioires.org<\/a>\n    <\/p>\n<\/li>\n<li>\n<p>\n        <a href=\"tel:695803561\">695 803 561<\/a>\n    <\/p>\n<\/li>\n<li>\n<p>\n        <a href=\"tel:971722856\">971 722 856<\/a>\n    <\/p>\n<\/li>\n<li>\n<p>\n        <a href=\"tel:934864750\">934 864 750<\/a>\n    <\/p>\n<\/li>\n<\/ul>\n<div>\n<p>Prefereixes que et contactem? Deixa&#8217;ns les teves dades<\/p>\n<\/div>\n<div>\n<p>    \n<div class=\"wpcf7 no-js\" id=\"wpcf7-f3961-o1\" lang=\"en-US\" dir=\"ltr\" data-wpcf7-id=\"3961\">\n<div class=\"screen-reader-response\"><p role=\"status\" aria-live=\"polite\" aria-atomic=\"true\"><\/p> <ul><\/ul><\/div>\n<form action=\"\/ca\/wp-json\/wp\/v2\/pages\/3826#wpcf7-f3961-o1\" method=\"post\" class=\"wpcf7-form init bb9e21171d24 cmatic-conn cmatic-aud-24 cmatic-mapd0-0 cmatic-v097802 cmatic-sent-0 cmatic-total-6845\" aria-label=\"Contact form\" novalidate=\"novalidate\" data-status=\"init\">\n<fieldset class=\"hidden-fields-container\"><input type=\"hidden\" name=\"_wpcf7\" value=\"3961\" \/><input type=\"hidden\" name=\"_wpcf7_version\" value=\"6.1.5\" \/><input type=\"hidden\" name=\"_wpcf7_locale\" value=\"en_US\" \/><input type=\"hidden\" name=\"_wpcf7_unit_tag\" value=\"wpcf7-f3961-o1\" \/><input type=\"hidden\" name=\"_wpcf7_container_post\" value=\"0\" \/><input type=\"hidden\" name=\"_wpcf7_posted_data_hash\" value=\"\" \/><input type=\"hidden\" name=\"_wpcf7cf_hidden_group_fields\" value=\"[]\" \/><input type=\"hidden\" name=\"_wpcf7cf_hidden_groups\" value=\"[]\" \/><input type=\"hidden\" name=\"_wpcf7cf_visible_groups\" value=\"[]\" \/><input type=\"hidden\" name=\"_wpcf7cf_repeaters\" value=\"[]\" \/><input type=\"hidden\" name=\"_wpcf7cf_steps\" value=\"{}\" \/><input type=\"hidden\" name=\"_wpcf7cf_options\" value=\"{&quot;form_id&quot;:3961,&quot;conditions&quot;:[],&quot;settings&quot;:{&quot;animation&quot;:&quot;yes&quot;,&quot;animation_intime&quot;:200,&quot;animation_outtime&quot;:200,&quot;conditions_ui&quot;:&quot;normal&quot;,&quot;notice_dismissed&quot;:false}}\" \/><input type=\"hidden\" name=\"_wpcf7_recaptcha_response\" value=\"\" \/>\n<\/fieldset>\n<div class=\"uk-form\" uk-grid>\n\n<div class=\"uk-width-1-2@s\">\n<label> Nom \n    <span class=\"wpcf7-form-control-wrap\" data-name=\"nombre-es\"><input size=\"40\" maxlength=\"400\" class=\"wpcf7-form-control wpcf7-text wpcf7-validates-as-required uk-input\" aria-required=\"true\" aria-invalid=\"false\" value=\"\" type=\"text\" name=\"nombre-es\" \/><\/span> <\/label>\n<\/div>\n<div class=\"uk-width-1-2@s\">\n<label> Cognoms\n    <span class=\"wpcf7-form-control-wrap\" data-name=\"apellidos-es\"><input size=\"40\" maxlength=\"400\" class=\"wpcf7-form-control wpcf7-text wpcf7-validates-as-required uk-input\" aria-required=\"true\" aria-invalid=\"false\" value=\"\" type=\"text\" name=\"apellidos-es\" \/><\/span> <\/label>\n<\/div>\n<div class=\"uk-width-1-1\">\n<label> El teu correu electr\u00f2nic \n    <span class=\"wpcf7-form-control-wrap\" data-name=\"email-es\"><input size=\"40\" maxlength=\"400\" class=\"wpcf7-form-control wpcf7-email wpcf7-validates-as-required wpcf7-text wpcf7-validates-as-email uk-input\" aria-required=\"true\" aria-invalid=\"false\" value=\"\" type=\"email\" name=\"email-es\" \/><\/span> <\/label>\n<\/div>\n<div class=\"uk-width-1-2@s\">\n<label> Empresa\/Entitat\n    <span class=\"wpcf7-form-control-wrap\" data-name=\"empresa-es\"><input size=\"40\" maxlength=\"400\" class=\"wpcf7-form-control wpcf7-text wpcf7-validates-as-required uk-input\" aria-required=\"true\" aria-invalid=\"false\" value=\"\" type=\"text\" name=\"empresa-es\" \/><\/span> <\/label>\n<\/div>\n<div class=\"uk-width-1-2@s\">\n<label> Un tel\u00e8fon \n    <span class=\"wpcf7-form-control-wrap\" data-name=\"telefono-es\"><input size=\"40\" maxlength=\"400\" class=\"wpcf7-form-control wpcf7-tel wpcf7-text wpcf7-validates-as-tel uk-input\" aria-invalid=\"false\" value=\"\" type=\"tel\" name=\"telefono-es\" \/><\/span> <\/label>\n<\/div>\n<div class=\"uk-width-1-1\">\n<label> Comentaris\n    <span class=\"wpcf7-form-control-wrap\" data-name=\"comentairos-es\"><textarea cols=\"40\" rows=\"10\" maxlength=\"2000\" class=\"wpcf7-form-control wpcf7-textarea uk-input\" aria-invalid=\"false\" name=\"comentairos-es\"><\/textarea><\/span> <\/label>\n<\/div>\n<div class=\"uk-width-1-1 uk-width-expand@s uk-grid-item-match uk-flex-middle\">\n    <span class=\"wpcf7-form-control-wrap\" data-name=\"newsletter\"><span class=\"wpcf7-form-control wpcf7-acceptance optional\"><span class=\"wpcf7-list-item\"><label><input type=\"checkbox\" name=\"newsletter\" value=\"1\" class=\"uk-checkbox\" aria-invalid=\"false\" \/><span class=\"wpcf7-list-item-label\">Vull rebre informaci\u00f3 de la Fundaci\u00f3n IRES<\/span><\/label><\/span><\/span><\/span>\n    <span class=\"wpcf7-form-control-wrap\" data-name=\"politicas\"><span class=\"wpcf7-form-control wpcf7-acceptance\"><span class=\"wpcf7-list-item\"><label><input type=\"checkbox\" name=\"politicas\" value=\"1\" class=\"uk-checkbox\" aria-invalid=\"false\" \/><span class=\"wpcf7-list-item-label\">Accepto l'<a href=\"\/ca\/avis-legal\/\" target=\"_blank\">Av\u00eds legal<\/a>, la <a href=\"\/ca\/politica-de-privacitat\/\" target=\"_blank\">Pol\u00edtica de privacitat<\/a> i la <a href=\"\/ca\/politica-de-privacitat-a-les-xarxes-socials\/\" target=\"_blank\">Pol\u00edtica de privacitat a les xarxes socials<\/a><\/span><\/label><\/span><\/span><\/span>\n<\/div>\n<div class=\"uk-width-1-1 uk-width-auto@s uk-flex uk-flex-bottom uk-positon-relative\">\n    <input class=\"wpcf7-form-control wpcf7-submit has-spinner uk-button uk-button-default\" type=\"submit\" value=\"Enviar\" \/>\n<\/div>\n<div class=\"uk-width-1-1>\n[anr_nocaptcha g-recaptcha-response]\n<\/div>\n<\/div>\n\n<style>\n.wpcf7-spinner{\n   position: absolute;\n   right: -70px;\n}\n<\/style><div class=\"wpcf7-response-output\" aria-hidden=\"true\"><\/div>\n<\/form>\n<\/div>\n<br \/>\n<script>\ndocument.getElementById('recipient').value = 'formacio@fundacioires.org';\n<\/script>\n<\/div>\n<p><!--more--><br \/>\n<!-- {\"name\":\"FORMACI\\u00d3N EMPRESAS ES\",\"type\":\"layout\",\"children\":[{\"name\":\"CABECERA\",\"type\":\"section\",\"props\":{\"class\":\"parallax\",\"id\":\"hero\",\"image\":\"wp-content\\\/uploads\\\/1837-1.jpg\",\"image_effect\":\"parallax\",\"image_parallax_bgy\":\"0,150\",\"image_parallax_easing\":\"0\",\"image_position\":\"center-center\",\"image_size\":\"cover\",\"image_width\":\"2560\",\"media_background\":\"#4C4949\",\"media_blend_mode\":\"overlay\",\"padding\":\"xlarge\",\"style\":\"default\",\"text_color\":\"light\",\"title_breakpoint\":\"xl\",\"title_position\":\"top-left\",\"title_rotation\":\"left\",\"vertical_align\":\"\",\"width\":\"default\"},\"children\":[{\"type\":\"row\",\"children\":[{\"type\":\"column\",\"props\":{\"image_position\":\"center-center\",\"position_sticky_breakpoint\":\"m\",\"width_medium\":\"1-1\"},\"children\":[{\"type\":\"headline\",\"props\":{\"content\":\"Formacions i tallers\",\"position_top\":\"0\",\"title_element\":\"h1\",\"title_style\":\"heading-medium\"}}]}]}]},{\"name\":\"INTRO\",\"type\":\"section\",\"props\":{\"animation\":\"fade\",\"css\":\"@media (min-width:1011px){\\n    .el-section .subtitle{\\n        min-height:87px;\\n    }\\n}\\n\\n@media (min-width:959px) and (max-width:1010px){\\n    .el-section .subtitle{\\n        min-height:116px;\\n    }\\n}\\n\\n.el-section{\\n\\tpadding-bottom:100px;\\n}\",\"image_effect\":\"parallax\",\"image_parallax_bgy\":\"300,450\",\"image_parallax_easing\":\"1\",\"image_position\":\"bottom-right\",\"image_width\":\"700\",\"padding\":\"small\",\"style\":\"default\",\"title_breakpoint\":\"xl\",\"title_position\":\"top-left\",\"title_rotation\":\"left\",\"vertical_align\":\"\",\"width\":\"default\"},\"children\":[{\"type\":\"row\",\"props\":{\"margin_remove_bottom\":true,\"width\":\"default\"},\"children\":[{\"type\":\"column\",\"props\":{\"image_position\":\"center-center\",\"position_sticky_breakpoint\":\"m\",\"width_medium\":\"1-1\"},\"children\":[{\"type\":\"headline\",\"props\":{\"animation\":\"slide-top-small\",\"block_align\":\"center\",\"content\":\"<strong>Per una empresa compromesa<\\\/strong>\",\"margin\":\"medium\",\"text_align\":\"center\",\"title_color\":\"background\",\"title_element\":\"div\",\"title_style\":\"h1\"}},{\"type\":\"text\",\"props\":{\"block_align\":\"center\",\"column_breakpoint\":\"m\",\"content\":\"\n\n<p><strong>Empresa Compromesa<\\\/strong> \\u00e9s un programa de formacions dissenyat per a les empreses que es preocupen per la igualtat i el benestar dels seus empleats\\\/ades, i que entenen que un ambient laboral saludable repercuteix positivament <span style=\\\"font-weight: 400;\\\">en la <\\\/span><span style=\\\"font-weight: 400;\\\">cohesi\\u00f3 dels equips i la seva activitat<\\\/span>.<\\\/p>\\n\n\n<p>Gestionar conflictes, integrar la perspectiva de g\\u00e8nere o promoure la conciliaci\\u00f3 laboral s\\u00f3n nom\\u00e9s alguns dels cursos que ajudaran a fer que la teva tamb\\u00e9 sigui una empresa compromesa.<\\\/p>\",\"margin\":\"default\",\"margin_remove_bottom\":false,\"maxwidth\":\"2xlarge\",\"text_align\":\"center\",\"text_style\":\"lead\"}}]}]}]},{\"type\":\"section\",\"props\":{\"animation\":\"fade\",\"animation_delay\":\"200\",\"css\":\".el-section > div{\\n \\tbackground-size: 100% 465px;\\n    padding-bottom:150px;\\n}\\n\",\"image\":\"wp-content\\\/uploads\\\/greenMuttedImg.jpg\",\"image_position\":\"top-center\",\"image_size\":\"cover\",\"style\":\"default\",\"title_breakpoint\":\"xl\",\"title_position\":\"top-left\",\"title_rotation\":\"left\",\"vertical_align\":\"\",\"width\":\"default\"},\"children\":[{\"type\":\"row\",\"props\":{\"margin\":\"large\"},\"children\":[{\"type\":\"column\",\"props\":{\"image_position\":\"center-center\",\"position_sticky_breakpoint\":\"m\",\"width_medium\":\"1-1\"},\"children\":[{\"type\":\"headline\",\"props\":{\"animation\":\"slide-top-small\",\"content\":\"\n\n<p>Webinars i cursos presencials dirigits a empreses, <br \\\/>organitzacions i persones del tercer sector<\\\/p>\",\"margin\":\"small\",\"margin_remove_bottom\":false,\"text_align\":\"center\",\"title_element\":\"h3\",\"title_style\":\"h2\"}}]}]},{\"type\":\"row\",\"props\":{\"layout\":\"1-3,1-3,1-3\",\"margin_remove_top\":false},\"children\":[{\"type\":\"column\",\"props\":{\"image_position\":\"center-center\",\"position_sticky_breakpoint\":\"m\",\"width_medium\":\"1-3\"},\"children\":[{\"type\":\"panel\",\"props\":{\"content\":\"\n\n<p>Sensibilitzaci\\u00f3 i prevenci\\u00f3 de viol\\u00e8ncies masclistes i promoci\\u00f3 de la igualtat de g\\u00e8nere dirigida a totes les edats, especialment a poblaci\\u00f3 infantojuvenil.<\\\/p>\",\"content_column_breakpoint\":\"m\",\"content_margin\":\"small\",\"icon_width\":80,\"image\":\"wp-content\\\/uploads\\\/Formacions-BAL-Empreses-i-admin.png\",\"image_align\":\"top\",\"image_grid_breakpoint\":\"m\",\"image_grid_width\":\"1-2\",\"image_svg_color\":\"emphasis\",\"link\":\"wp-content\\\/uploads\\\/CATALEG-TALLERS-Oct-2025-Igualtat-Professora-CAT-2.pdf\",\"link_style\":\"text\",\"link_text\":\"VEURE CAT\\u00c0LEG\",\"margin\":\"default\",\"meta\":\"INSTITUTS\",\"meta_align\":\"above-title\",\"meta_element\":\"div\",\"meta_style\":\"text-meta\",\"panel_image_no_padding\":true,\"panel_padding\":\"small\",\"panel_style\":\"card-default\",\"title\":\"Tallers sobre igualtat\",\"title_align\":\"top\",\"title_element\":\"h3\",\"title_grid_breakpoint\":\"m\",\"title_grid_width\":\"1-2\",\"title_hover_style\":\"reset\",\"title_margin\":\"small\"}}]},{\"type\":\"column\",\"props\":{\"image_position\":\"center-center\",\"position_sticky_breakpoint\":\"m\",\"width_medium\":\"1-3\"},\"children\":[{\"type\":\"panel\",\"props\":{\"content\":\"\n\n<p>Promoci\\u00f3 de relacions igualit\\u00e0ries a trav\\u00e9s d'una educaci\\u00f3 sexual amb perspectiva de g\\u00e8nere i de diversitat.<\\\/p>\",\"content_column_breakpoint\":\"m\",\"content_margin\":\"small\",\"icon_width\":80,\"image\":\"wp-content\\\/uploads\\\/Formacions-BAL-Tallers.png\",\"image_align\":\"top\",\"image_grid_breakpoint\":\"m\",\"image_grid_width\":\"1-2\",\"image_svg_color\":\"emphasis\",\"link\":\"wp-content\\\/uploads\\\/CATALEG-TALLERS-Oct-2025-Sexualitat-CAT-2.pdf\",\"link_style\":\"text\",\"link_text\":\"VEURE CAT\\u00c0LEG\",\"margin\":\"default\",\"meta\":\"INSTITUTS\",\"meta_align\":\"above-title\",\"meta_element\":\"div\",\"meta_style\":\"text-meta\",\"panel_image_no_padding\":true,\"panel_padding\":\"small\",\"panel_style\":\"card-default\",\"title\":\"Tallers sobre sexualitat\",\"title_align\":\"top\",\"title_element\":\"h3\",\"title_grid_breakpoint\":\"m\",\"title_grid_width\":\"1-2\",\"title_hover_style\":\"reset\",\"title_margin\":\"small\"}}]},{\"type\":\"column\",\"props\":{\"image_position\":\"center-center\",\"position_sticky_breakpoint\":\"m\",\"width_medium\":\"1-3\"},\"children\":[{\"type\":\"panel\",\"props\":{\"content\":\"\n\n<p>Impartim formacions bonificades a empreses que volen millorar les compet\\u00e8ncies dels seus equips i el seu comprom\\u00eds amb la igualtat.<\\\/p>\",\"content_column_breakpoint\":\"m\",\"content_margin\":\"small\",\"icon_width\":80,\"image\":\"wp-content\\\/uploads\\\/2-20.png\",\"image_align\":\"top\",\"image_grid_breakpoint\":\"m\",\"image_grid_width\":\"1-2\",\"image_svg_color\":\"emphasis\",\"link\":\"https:\\\/\\\/www.fundacioires.org\\\/ca\\\/que-fem\\\/formacio-bonificada-empreses\\\/\",\"link_style\":\"text\",\"link_target\":true,\"link_text\":\"VULL M\\u00c9S INFORMACI\\u00d3\",\"margin\":\"default\",\"meta\":\"EMPRESES\",\"meta_align\":\"above-title\",\"meta_element\":\"div\",\"meta_style\":\"text-meta\",\"panel_image_no_padding\":true,\"panel_padding\":\"small\",\"panel_style\":\"card-default\",\"title\":\"Formacions per a empreses\",\"title_align\":\"top\",\"title_element\":\"h3\",\"title_grid_breakpoint\":\"m\",\"title_grid_width\":\"1-2\",\"title_hover_style\":\"reset\",\"title_margin\":\"small\"}}]}]},{\"type\":\"row\",\"props\":{\"column_gap\":\"medium\",\"layout\":\"1-2,1-2\",\"row_gap\":\"medium\",\"status\":\"disabled\"},\"children\":[{\"type\":\"column\",\"props\":{\"image_position\":\"center-center\",\"position_sticky_breakpoint\":\"m\",\"width_small\":\"1-2\"},\"children\":[{\"type\":\"panel\",\"props\":{\"class\":\"hoverEffect\",\"content\":\"\n\n<div class=\\\"traductor-textarea form-group\\\">\\n\n\n<div class=\\\"textarea-desti col-xs-12 col-sm-6\\\">\\n\n\n<div class=\\\"form-control second-textarea\\\">Dirigida a professionals i organitzacions per a promoure la igualtat entre dones i homes, prevenir possibles formes de discriminaci\\u00f3 i incorporar la perspectiva de g\\u00e8nere en l'\\u00e0mbit professional.<\\\/div>\\n<\\\/div>\\n<\\\/div>\",\"content_column_breakpoint\":\"m\",\"content_margin\":\"small\",\"content_style\":\"text-large\",\"css\":\".el-content{\\n\\tmin-height: 165px;\\n}\\n@media (max-width:785px){\\n\\t.uk-text-lead{\\n\\t\\tfont-size: 20px;\\n    }\\n}\",\"height_expand\":true,\"icon_width\":80,\"image\":\"wp-content\\\/uploads\\\/Formacions-BAL-Empreses-i-admin.png\",\"image_align\":\"top\",\"image_grid_breakpoint\":\"m\",\"image_grid_width\":\"1-2\",\"image_svg_color\":\"emphasis\",\"link\":\"wp-content\\\/uploads\\\/CATALEG-FORMACIONS-IGUALTAT-2023-CAT-DEF_Difu-1.pdf\",\"link_margin\":\"small\",\"link_style\":\"default\",\"link_target\":true,\"link_text\":\"Vull veure els cursos\",\"margin\":\"default\",\"meta\":\"\",\"meta_align\":\"above-title\",\"meta_element\":\"div\",\"meta_style\":\"text-meta\",\"panel_image_no_padding\":true,\"panel_link\":true,\"panel_link_hover\":\"true\",\"panel_padding\":\"default\",\"panel_style\":\"card-default\",\"title\":\"Formacions per a empreses i Administracions\",\"title_align\":\"top\",\"title_element\":\"h3\",\"title_grid_breakpoint\":\"m\",\"title_grid_width\":\"1-2\",\"title_hover_style\":\"reset\"},\"name\":\"Panel Formacions CAT Empreses\"}]},{\"type\":\"column\",\"props\":{\"image_position\":\"center-center\",\"position_sticky_breakpoint\":\"m\",\"width_small\":\"1-2\"},\"children\":[{\"type\":\"panel\",\"props\":{\"class\":\"hoverEffect\",\"content\":\"\n\n<div class=\\\"traductor-textarea form-group\\\">\\n\n\n<div class=\\\"textarea-desti col-xs-12 col-sm-6\\\">\\n\n\n<div class=\\\"form-control second-textarea\\\">Tallers especialitzats de sensibilitzaci\\u00f3 i prevenci\\u00f3 de viol\\u00e8ncies masclistes i promoci\\u00f3 de la igualtat de g\\u00e8nere dirigida a totes les edats, especialment a poblaci\\u00f3 infantojuvenil.<\\\/div>\\n<\\\/div>\\n<\\\/div>\",\"content_column_breakpoint\":\"m\",\"content_margin\":\"small\",\"content_style\":\"text-large\",\"css\":\".el-content{\\n\\tmin-height: 165px;\\n}\\n@media (max-width:785px){\\n\\t.uk-text-lead{\\n\\t\\tfont-size: 20px;\\n    }\\n}\",\"height_expand\":true,\"icon_width\":80,\"image\":\"wp-content\\\/uploads\\\/Formacions-BAL-Tallers.png\",\"image_align\":\"top\",\"image_grid_breakpoint\":\"m\",\"image_grid_width\":\"1-2\",\"image_svg_color\":\"emphasis\",\"link\":\"wp-content\\\/uploads\\\/CATALEG-TALLERS-IGUALTAT-2023_DEF_CAT_compressed.pdf\",\"link_margin\":\"small\",\"link_style\":\"default\",\"link_target\":true,\"link_text\":\"Vull veure els cursos\",\"margin\":\"default\",\"meta\":\"\",\"meta_align\":\"above-title\",\"meta_element\":\"div\",\"meta_style\":\"text-meta\",\"panel_image_no_padding\":true,\"panel_link\":true,\"panel_link_hover\":\"true\",\"panel_padding\":\"default\",\"panel_style\":\"card-default\",\"title\":\"Tallers de prevenci\\u00f3 i sensibilitzaci\\u00f3\",\"title_align\":\"top\",\"title_element\":\"h3\",\"title_grid_breakpoint\":\"m\",\"title_grid_width\":\"1-2\",\"title_hover_style\":\"reset\"},\"name\":\"Panel Formacions CAT Equips\"}]}]},{\"type\":\"row\",\"props\":{\"column_gap\":\"medium\",\"layout\":\"1-2,1-2\",\"row_gap\":\"medium\",\"status\":\"disabled\"},\"children\":[{\"type\":\"column\",\"props\":{\"image_position\":\"center-center\",\"position_sticky_breakpoint\":\"m\",\"width_small\":\"1-2\"},\"children\":[{\"type\":\"panel\",\"props\":{\"class\":\"hoverEffect\",\"content\":\"\n\n<p>Promoci\\u00f3 d'espais de treball igualitaris, respectuosos i compromesos amb el futur que volem.<\\\/p>\",\"content_column_breakpoint\":\"m\",\"content_margin\":\"small\",\"content_style\":\"text-large\",\"css\":\".el-content{\\n\\tmin-height: 100px;\\n}\\n@media (max-width:785px){\\n\\t.uk-text-lead{\\n\\t\\tfont-size: 20px;\\n    }\\n}\",\"height_expand\":true,\"icon_width\":80,\"image\":\"wp-content\\\/uploads\\\/1-22.png\",\"image_align\":\"top\",\"image_grid_breakpoint\":\"m\",\"image_grid_width\":\"1-2\",\"image_svg_color\":\"emphasis\",\"link\":\"wp-content\\\/uploads\\\/CAT-Perspectiva-de-ge\\u0300nere_compressed.pdf\",\"link_margin\":\"small\",\"link_style\":\"default\",\"link_target\":true,\"link_text\":\"Vull veure els cursos\",\"margin\":\"default\",\"meta\":\"CATALUNYA\",\"meta_align\":\"above-title\",\"meta_element\":\"div\",\"meta_style\":\"text-meta\",\"panel_image_no_padding\":true,\"panel_link\":true,\"panel_link_hover\":\"true\",\"panel_padding\":\"default\",\"panel_style\":\"card-default\",\"title\":\"Perspectiva de g\\u00e8nere\",\"title_align\":\"top\",\"title_element\":\"h3\",\"title_grid_breakpoint\":\"m\",\"title_grid_width\":\"1-2\",\"title_hover_style\":\"reset\"},\"name\":\"Panel Formacions CAT G\\u00e8nere\"}]},{\"type\":\"column\",\"props\":{\"image_position\":\"center-center\",\"position_sticky_breakpoint\":\"m\",\"width_small\":\"1-2\"},\"children\":[{\"type\":\"panel\",\"props\":{\"class\":\"hoverEffect\",\"content\":\"\n\n<p>Estils de comunicaci\\u00f3 i lideratge per a promoure din\\u00e0miques de treball saludables.<\\\/p>\",\"content_column_breakpoint\":\"m\",\"content_margin\":\"small\",\"content_style\":\"text-large\",\"css\":\".el-content{\\n\\tmin-height: 100px;\\n}\\n@media (max-width:785px){\\n\\t.uk-text-lead{\\n\\t\\tfont-size: 20px;\\n    }\\n}\",\"height_expand\":true,\"icon_width\":80,\"image\":\"wp-content\\\/uploads\\\/2-20.png\",\"image_align\":\"top\",\"image_grid_breakpoint\":\"m\",\"image_grid_width\":\"1-2\",\"image_svg_color\":\"emphasis\",\"link\":\"wp-content\\\/uploads\\\/CAT_Gestio\\u0301-dequips_ago2021_amb-Pintando-Emociones_BAIXA.pdf\",\"link_margin\":\"small\",\"link_style\":\"default\",\"link_target\":true,\"link_text\":\"Vull veure els cursos\",\"margin\":\"default\",\"meta\":\"CATALUNYA\",\"meta_align\":\"above-title\",\"meta_element\":\"div\",\"meta_style\":\"text-meta\",\"panel_image_no_padding\":true,\"panel_link\":true,\"panel_link_hover\":\"true\",\"panel_padding\":\"default\",\"panel_style\":\"card-default\",\"title\":\"Gesti\\u00f3 d'equips\",\"title_align\":\"top\",\"title_element\":\"h3\",\"title_grid_breakpoint\":\"m\",\"title_grid_width\":\"1-2\",\"title_hover_style\":\"reset\"},\"name\":\"Panel Formacions CAT Equips\"}]}]},{\"type\":\"row\",\"children\":[{\"type\":\"column\",\"props\":{\"image_position\":\"center-center\",\"position_sticky_breakpoint\":\"m\",\"width_medium\":\"1-1\"},\"children\":[{\"type\":\"button\",\"props\":{\"animation\":\"scale-up\",\"grid_column_gap\":\"small\",\"grid_row_gap\":\"small\",\"margin\":\"default\",\"status\":\"disabled\",\"text_align\":\"center\"},\"children\":[{\"type\":\"button_item\",\"props\":{\"button_style\":\"primary\",\"content\":\"Accedeix al cat\\u00e0leg complet\",\"dialog_layout\":\"modal\",\"dialog_offcanvas_flip\":true,\"icon_align\":\"left\",\"link\":\"wp-content\\\/uploads\\\/CAT_Complet-IRES_ago2021_con-Pintant-Emocions_BAIXA-1.pdf\",\"link_target\":\"blank\"}}]},{\"type\":\"headline\",\"props\":{\"animation\":\"slide-top-small\",\"content\":\"\n\n<p>Forma't amb professionals d'IRES<br \\\/><br \\\/><\\\/p>\",\"text_align\":\"center\",\"title_element\":\"h3\",\"title_style\":\"h2\"}},{\"type\":\"grid\",\"props\":{\"class\":\"linkedinPerfiles\",\"content_column_breakpoint\":\"m\",\"css\":\".el-title{\\n\\tfont-size:16px;\\n    min-height:45px;\\n}\\n.el-meta{\\n\\tfont-size:10px;\\n\\tpadding-bottom:10px;\\n    border-bottom:1px solid #D8D8D8;\\n}\\n.el-link{\\n\\tmargin-top:15px;\\n}\",\"filter_align\":\"left\",\"filter_all\":true,\"filter_grid_breakpoint\":\"m\",\"filter_grid_width\":\"auto\",\"filter_position\":\"top\",\"filter_style\":\"tab\",\"grid_default\":\"2\",\"grid_large\":\"4\",\"grid_medium\":\"4\",\"grid_small\":\"3\",\"icon_width\":80,\"image_align\":\"between\",\"image_border\":\"circle\",\"image_box_shadow\":\"small\",\"image_grid_breakpoint\":\"m\",\"image_grid_width\":\"1-2\",\"image_height\":\"127\",\"image_svg_color\":\"emphasis\",\"image_width\":\"127\",\"item_animation\":true,\"lightbox_bg_close\":true,\"link_margin\":\"remove\",\"link_style\":\"\",\"link_text\":\" \",\"margin\":\"small\",\"meta_align\":\"below-content\",\"meta_color\":\"emphasis\",\"meta_element\":\"div\",\"meta_margin\":\"medium\",\"meta_style\":\"text-meta\",\"parallax_easing\":\"1\",\"position\":\"relative\",\"show_content\":true,\"show_hover_image\":true,\"show_hover_video\":true,\"show_image\":true,\"show_link\":true,\"show_meta\":true,\"show_title\":false,\"show_video\":true,\"text_align\":\"center\",\"title_align\":\"top\",\"title_color\":\"muted\",\"title_element\":\"h4\",\"title_grid_breakpoint\":\"m\",\"title_grid_width\":\"1-2\",\"title_hover_style\":\"reset\",\"title_style\":\"h6\"},\"children\":[{\"type\":\"grid_item\",\"props\":{\"image\":\"wp-content\\\/uploads\\\/Sin-ti\\u0301tulo-1-01.png\",\"link\":\"http:\\\/\\\/linkedin.com\\\/in\\\/alba-fern%C3%A1ndez-pous-90614496\",\"meta\":\"Alba Fern\\u00e1ndez Pous\",\"title\":\"Alba Fern\\u00e1ndez Pous\"}},{\"type\":\"grid_item\",\"props\":{\"image\":\"wp-content\\\/uploads\\\/Sin-ti\\u0301tulo-1-02.png\",\"link\":\"https:\\\/\\\/www.linkedin.com\\\/in\\\/aharon-fernandez-cuadrado\\\/\",\"meta\":\"Aharon Fdez. Cuadrado\",\"title\":\"Aharon Fdez. Cuadrado\"}},{\"type\":\"grid_item\",\"props\":{\"image\":\"wp-content\\\/uploads\\\/Sin-ti\\u0301tulo-1-03.png\",\"link\":\"https:\\\/\\\/www.linkedin.com\\\/in\\\/kirianmg\\\/\",\"meta\":\"Kirian Mu\\u00f1oz G\\u00f3mez\",\"title\":\"Kirian Mu\\u00f1oz G\\u00f3mez\"}},{\"type\":\"grid_item\",\"props\":{\"image\":\"wp-content\\\/uploads\\\/Sin-ti\\u0301tulo-1-04.png\",\"link\":\"https:\\\/\\\/www.linkedin.com\\\/in\\\/juditcardellachlliso\\\/\",\"meta\":\"Judith Cardellach\",\"title\":\"Judith Cardellach\"}}],\"name\":\"MODUL EQUIP\"},{\"type\":\"grid\",\"props\":{\"block_align\":\"center\",\"class\":\"linkedinPerfiles\",\"content_column_breakpoint\":\"m\",\"css\":\".el-title{\\n\\tfont-size:16px;\\n    min-height:45px;\\n}\\n.el-meta{\\n\\tfont-size:10px;\\n\\tpadding-bottom:10px;\\n    border-bottom:1px solid #D8D8D8;\\n}\\n.el-link{\\n\\tmargin-top:15px;\\n}\",\"filter_align\":\"left\",\"filter_all\":true,\"filter_grid_breakpoint\":\"m\",\"filter_grid_width\":\"auto\",\"filter_position\":\"top\",\"filter_style\":\"tab\",\"grid_default\":\"2\",\"grid_large\":\"2\",\"grid_medium\":\"2\",\"grid_small\":\"2\",\"icon_width\":80,\"image_align\":\"between\",\"image_border\":\"circle\",\"image_box_shadow\":\"small\",\"image_grid_breakpoint\":\"m\",\"image_grid_width\":\"1-2\",\"image_height\":\"127\",\"image_svg_color\":\"emphasis\",\"image_width\":\"127\",\"item_animation\":true,\"lightbox_bg_close\":true,\"link_margin\":\"remove\",\"link_style\":\"\",\"link_text\":\" \",\"margin\":\"default\",\"maxwidth\":\"large\",\"meta_align\":\"below-content\",\"meta_color\":\"emphasis\",\"meta_element\":\"div\",\"meta_margin\":\"medium\",\"meta_style\":\"text-meta\",\"parallax_easing\":\"1\",\"position\":\"relative\",\"position_top\":\"20\",\"show_content\":true,\"show_hover_image\":true,\"show_hover_video\":true,\"show_image\":true,\"show_link\":true,\"show_meta\":true,\"show_title\":false,\"show_video\":true,\"text_align\":\"center\",\"title_align\":\"top\",\"title_color\":\"muted\",\"title_element\":\"h4\",\"title_grid_breakpoint\":\"m\",\"title_grid_width\":\"1-2\",\"title_hover_style\":\"reset\",\"title_style\":\"h6\"},\"children\":[{\"type\":\"grid_item\",\"props\":{\"image\":\"wp-content\\\/uploads\\\/Sin-ti\\u0301tulo-1-05.png\",\"link\":\"https:\\\/\\\/www.linkedin.com\\\/in\\\/aantequera\\\/\",\"meta\":\"Ariadna Antequera\",\"title\":\"Ariadna Antequera\"}},{\"type\":\"grid_item\",\"props\":{\"image\":\"wp-content\\\/uploads\\\/Sin-ti\\u0301tulo-1-06.png\",\"meta\":\"ANDREA RIERA CAMPILLO\",\"title\":\"ANDREA RIERA CAMPILLO\"}}],\"name\":\"MODUL EQUIP\"}]}],\"props\":{\"status\":\"disabled\"}},{\"type\":\"row\",\"children\":[{\"type\":\"column\",\"props\":{\"image_position\":\"center-center\",\"position_sticky_breakpoint\":\"m\",\"width_medium\":\"1-1\"},\"children\":[{\"type\":\"text\",\"props\":{\"block_align\":\"center\",\"column_breakpoint\":\"m\",\"content\":\"\n\n<p>Aquesta oferta formativa \\u00e9s <strong>bonificable a trav\\u00e9s de la Fundaci\\u00f3 Tripartita, <\\\/strong>i contribueix a donar resposta als reptes de l'<strong>Agenda 2030 per un desenvolupament sostenible<\\\/strong>.<\\\/p>\",\"margin\":\"default\",\"maxwidth\":\"xlarge\",\"text_align\":\"center\",\"text_style\":\"lead\"}},{\"type\":\"image\",\"props\":{\"image\":\"wp-content\\\/uploads\\\/Sin-ti\\u0301tulo-2-06.png\",\"image_svg_color\":\"emphasis\",\"image_width\":\"400\",\"margin\":\"default\",\"text_align\":\"center\"}}]}],\"props\":{\"margin_remove_bottom\":true}}],\"name\":\"CAT\\u00c1LOGOS\"},{\"type\":\"section\",\"props\":{\"css\":\"@media (min-width:960px){\\n    .el-section > div{\\n    \\tbackground-position-y: calc(50px);\\n    }\\n}\\n.el-section{\\n\\toverflow:hidden;\\n}\",\"image\":\"wp-content\\\/uploads\\\/redMuttedImg.jpg\",\"image_position\":\"top-center\",\"image_size\":\"cover\",\"padding_remove_bottom\":false,\"style\":\"default\",\"title_breakpoint\":\"xl\",\"title_position\":\"top-left\",\"title_rotation\":\"left\",\"vertical_align\":\"\",\"width\":\"default\"},\"children\":[{\"type\":\"row\",\"props\":{\"layout\":\"1-2,1-2\"},\"children\":[{\"type\":\"column\",\"props\":{\"css\":\".el-column{\\n\\tmargin-top:50px;\\n}\",\"image_position\":\"center-center\",\"position_sticky_breakpoint\":\"m\",\"vertical_align\":\"middle\",\"width_medium\":\"1-2\"},\"children\":[{\"type\":\"text\",\"props\":{\"column_breakpoint\":\"m\",\"content\":\"\n\n<p><strong>Formacions amb impacte social<\\\/strong><\\\/p>\",\"margin\":\"\",\"text_align\":\"left\",\"text_align_breakpoint\":\"s\",\"text_align_fallback\":\"center\",\"text_style\":\"lead\"}},{\"type\":\"text\",\"props\":{\"column_breakpoint\":\"m\",\"content\":\"\n\n<p>El doble benefici de formar-se amb nosaltres<\\\/p>\",\"margin\":\"\",\"text_align\":\"left\",\"text_align_breakpoint\":\"s\",\"text_align_fallback\":\"center\",\"text_style\":\"lead\"}},{\"type\":\"text\",\"props\":{\"column_breakpoint\":\"m\",\"content\":\"\n\n<p>Volem compartir la nostra experi\\u00e8ncia en perspectiva de g\\u00e8nere i gesti\\u00f3 de conflictes amb l\\u2019objectiu de <strong>promoure el desenvolupament d\\u2019entorns de treball saludables<\\\/strong>.<\\\/p>\\n\n\n<p>Els <strong>beneficis<\\\/strong> s\\u00f3n destinats als <strong>projectes de la fundaci\\u00f3 <\\\/strong>per continuar responent als reptes socials oferint atenci\\u00f3 integral a fam\\u00edlies en situaci\\u00f3 de vulnerabilitat.<\\\/p>\",\"margin\":\"default\",\"text_color\":\"emphasis\"}}]},{\"type\":\"column\",\"props\":{\"image_position\":\"center-center\",\"position_sticky_breakpoint\":\"m\",\"width_medium\":\"1-2\"},\"children\":[{\"type\":\"image\",\"props\":{\"animation\":\"parallax\",\"image\":\"wp-content\\\/uploads\\\/MG_0162-e1580992105506.jpg\",\"image_border\":\"rounded\",\"image_svg_color\":\"emphasis\",\"image_width\":\"500\",\"margin\":\"small\",\"parallax_easing\":\"1\",\"parallax_y\":\"50,0\",\"position\":\"relative\",\"text_align\":\"center\"}}]}]}],\"name\":\"FORMACIONS AMB IMPACTE SOCIAL\"},{\"type\":\"section\",\"props\":{\"animation\":\"fade\",\"image\":\"wp-content\\\/uploads\\\/Sin-ti\\u0301tulo-1-1.jpg\",\"image_position\":\"center-center\",\"image_size\":\"cover\",\"padding\":\"large\",\"style\":\"default\",\"title_breakpoint\":\"xl\",\"title_position\":\"top-left\",\"title_rotation\":\"left\",\"vertical_align\":\"\",\"width\":\"default\"},\"children\":[{\"type\":\"row\",\"props\":{\"layout\":\"1-3,2-3\"},\"children\":[{\"type\":\"column\",\"props\":{\"image_position\":\"center-center\",\"position_sticky_breakpoint\":\"m\",\"width_medium\":\"1-3\"},\"children\":[{\"type\":\"headline\",\"props\":{\"block_align\":\"center\",\"content\":\"Com funciona?\",\"margin\":\"large\",\"text_align\":\"left\",\"text_align_breakpoint\":\"s\",\"text_align_fallback\":\"center\",\"title_element\":\"div\",\"title_style\":\"h2\"}}]},{\"type\":\"column\",\"props\":{\"css\":\".el-column{\\n\\tmargin-top:5px;\\n}\",\"image_position\":\"center-center\",\"position_sticky_breakpoint\":\"m\",\"width_medium\":\"2-3\"},\"children\":[{\"type\":\"text\",\"props\":{\"column_breakpoint\":\"m\",\"content\":\"\n\n<p><span style=\\\"color: #000000;\\\"><strong>Adaptem<\\\/strong> i <strong>combinem<\\\/strong> els cursos segons les necessitats de l\\u2019entitat, o podem crear p\\u00edndoles formatives amb <b>continguts especifics<\\\/b>.<\\\/span><\\\/p>\\n\n\n<p><span style=\\\"color: #000000;\\\">Tant si la teva empresa tria un pla de diversos cursos o un \\u00fanic curs, oferim <strong>seguiment i avaluaci\\u00f3 cont\\u00ednua dels resultats<\\\/strong> mitjan\\u00e7ant l\\u2019assessorament personalitzat per part dels responsables de l\\u2019\\u00e0rea de formaci\\u00f3.<\\\/span><\\\/p>\",\"margin\":\"default\",\"text_style\":\"large\"}}]}]}]},{\"type\":\"section\",\"props\":{\"animation\":\"fade\",\"id\":\"implicarEmpresa\",\"image_position\":\"center-center\",\"style\":\"muted\",\"title_breakpoint\":\"xl\",\"title_position\":\"top-left\",\"title_rotation\":\"left\",\"vertical_align\":\"\",\"width\":\"default\"},\"children\":[{\"type\":\"row\",\"props\":{\"layout\":\"large,expand\"},\"children\":[{\"type\":\"column\",\"props\":{\"css\":\".el-column{\\ndisplay: inline-block;\\nposition: relative;\\n}\",\"image_position\":\"center-center\",\"position_sticky_breakpoint\":\"m\",\"width_medium\":\"large\"},\"children\":[{\"type\":\"headline\",\"props\":{\"content\":\"<strong>Vull m\\u00e9s informaci\\u00f3<\\\/strong>\",\"maxwidth\":\"medium\",\"title_element\":\"div\",\"title_style\":\"h1\"}},{\"type\":\"button\",\"props\":{\"grid_column_gap\":\"small\",\"grid_row_gap\":\"small\",\"margin\":\"default\"},\"children\":[{\"type\":\"button_item\",\"props\":{\"button_style\":\"default\",\"content\":\"formacio@fundacioires.org\",\"dialog_layout\":\"modal\",\"dialog_offcanvas_flip\":true,\"icon\":\"mail\",\"icon_align\":\"left\",\"link\":\"mailto:formacio@fundacioires.org\",\"link_title\":\"Contacta per e-mail\"}},{\"type\":\"button_item\",\"props\":{\"button_style\":\"default\",\"content\":\"695 803 561\",\"dialog_layout\":\"modal\",\"dialog_offcanvas_flip\":true,\"icon\":\"receiver\",\"icon_align\":\"left\",\"link\":\"tel:695803561\",\"link_title\":\"Contacta per tel\\u00e8fon\"}},{\"type\":\"button_item\",\"props\":{\"button_style\":\"default\",\"content\":\"971 722 856\",\"dialog_layout\":\"modal\",\"dialog_offcanvas_flip\":true,\"icon\":\"receiver\",\"icon_align\":\"left\",\"link\":\"tel:971722856\",\"link_title\":\"Contacta per tel\\u00e8fon (Balears)\"}},{\"type\":\"button_item\",\"props\":{\"button_style\":\"default\",\"content\":\"934 864 750\",\"dialog_layout\":\"modal\",\"dialog_offcanvas_flip\":true,\"icon\":\"receiver\",\"icon_align\":\"left\",\"link\":\"tel:934864750\",\"link_title\":\"Contacta per tel\\u00e8fon (Catalunya)\"}}]}]},{\"type\":\"column\",\"props\":{\"css\":\".el-column{\\n\\tmargin-top:5px;\\n}\",\"image_position\":\"center-center\",\"position_sticky_breakpoint\":\"m\",\"width_medium\":\"expand\"},\"children\":[{\"type\":\"text\",\"props\":{\"column_breakpoint\":\"m\",\"content\":\"\n\n<p>Prefereixes que et contactem? Deixa'ns les teves dades<\\\/p>\",\"margin\":\"medium\",\"text_color\":\"emphasis\",\"text_style\":\"large\"}},{\"type\":\"html\",\"props\":{\"content\":\"[contact-form-7 id=\\\"3961\\\" title=\\\"Formulario Contacto Empresas CAT\\\"]\\n<script>\\ndocument.getElementById('recipient').value = 'formacio@fundacioires.org';\\n<\\\/script>\",\"css\":\".el-element{\\n\\tmargin-bottom:20px;\\n}\"}}]}]}]}],\"version\":\"4.5.28\",\"yooessentialsVersion\":\"2.4.7\"} --><\/p>\n","protected":false},"excerpt":{"rendered":"<p>Formacions i tallers Per una empresa compromesa Empresa Compromesa \u00e9s un programa de formacions dissenyat per a les empreses que es preocupen per la igualtat i el benestar dels seus empleats\/ades, i que entenen que un ambient laboral saludable repercuteix positivament en la cohesi\u00f3 dels equips i la seva activitat. Gestionar conflictes, integrar la perspectiva [&hellip;]<\/p>\n","protected":false},"author":1,"featured_media":80347,"parent":4122,"menu_order":0,"comment_status":"closed","ping_status":"closed","template":"","meta":{"footnotes":""},"proyectos":[],"class_list":["post-3826","page","type-page","status-publish","has-post-thumbnail","hentry"],"yoast_head":"<!-- This site is optimized with the Yoast SEO plugin v27.4 - https:\/\/yoast.com\/product\/yoast-seo-wordpress\/ -->\n<title>Formaci\u00f3 per a empreses - Fundaci\u00f3 IRES<\/title>\n<meta name=\"description\" content=\"Formacions i tallers, presencials i online, dirigits a empreses, organitzacions i persones del tercer sector.\" \/>\n<meta name=\"robots\" content=\"index, follow, max-snippet:-1, max-image-preview:large, max-video-preview:-1\" \/>\n<link rel=\"canonical\" href=\"https:\/\/www.fundacioires.org\/ca\/que-fem\/formacions-tallers\/\" \/>\n<meta property=\"og:locale\" content=\"ca_ES\" \/>\n<meta property=\"og:type\" content=\"article\" \/>\n<meta property=\"og:title\" content=\"Formacions i tallers\" \/>\n<meta property=\"og:description\" content=\"Formacions i tallers, presencials i online, dirigits a empreses, organitzacions i persones del tercer sector.\" \/>\n<meta property=\"og:url\" content=\"https:\/\/www.fundacioires.org\/ca\/que-fem\/formacions-tallers\/\" \/>\n<meta property=\"og:site_name\" content=\"Fundaci\u00f3 IRES\" \/>\n<meta property=\"article:modified_time\" content=\"2025-10-31T13:15:49+00:00\" \/>\n<meta property=\"og:image\" content=\"https:\/\/www.fundacioires.org\/wp-content\/uploads\/LANDING-FORMACIONS-Cabecera.jpg\" \/>\n\t<meta property=\"og:image:width\" content=\"1920\" \/>\n\t<meta property=\"og:image:height\" content=\"1080\" \/>\n\t<meta property=\"og:image:type\" content=\"image\/jpeg\" \/>\n<meta name=\"twitter:card\" content=\"summary_large_image\" \/>\n<meta name=\"twitter:title\" content=\"Formacions i tallers\" \/>\n<meta name=\"twitter:description\" content=\"Formacions i tallers, presencials i online, dirigits a empreses, organitzacions i persones del tercer sector.\" \/>\n<meta name=\"twitter:image\" content=\"https:\/\/i0.wp.com\/www.fundacioires.org\/wp-content\/uploads\/LANDING-FORMACIONS-Cabecera.jpg?fit=1920%2C1080&ssl=1\" \/>\n<meta name=\"twitter:label1\" content=\"Est. reading time\" \/>\n\t<meta name=\"twitter:data1\" content=\"3 minutes\" \/>\n<script type=\"application\/ld+json\" class=\"yoast-schema-graph\">{\"@context\":\"https:\\\/\\\/schema.org\",\"@graph\":[{\"@type\":\"WebPage\",\"@id\":\"https:\\\/\\\/www.fundacioires.org\\\/ca\\\/que-fem\\\/formacions-tallers\\\/\",\"url\":\"https:\\\/\\\/www.fundacioires.org\\\/ca\\\/que-fem\\\/formacions-tallers\\\/\",\"name\":\"Formaci\u00f3 per a empreses - Fundaci\u00f3 IRES\",\"isPartOf\":{\"@id\":\"https:\\\/\\\/www.fundacioires.org\\\/#website\"},\"primaryImageOfPage\":{\"@id\":\"https:\\\/\\\/www.fundacioires.org\\\/ca\\\/que-fem\\\/formacions-tallers\\\/#primaryimage\"},\"image\":{\"@id\":\"https:\\\/\\\/www.fundacioires.org\\\/ca\\\/que-fem\\\/formacions-tallers\\\/#primaryimage\"},\"thumbnailUrl\":\"https:\\\/\\\/i0.wp.com\\\/www.fundacioires.org\\\/wp-content\\\/uploads\\\/LANDING-FORMACIONS-Cabecera.jpg?fit=1920%2C1080&ssl=1\",\"datePublished\":\"2019-05-16T14:09:23+00:00\",\"dateModified\":\"2025-10-31T13:15:49+00:00\",\"description\":\"Formacions i tallers, presencials i online, dirigits a empreses, organitzacions i persones del tercer sector.\",\"breadcrumb\":{\"@id\":\"https:\\\/\\\/www.fundacioires.org\\\/ca\\\/que-fem\\\/formacions-tallers\\\/#breadcrumb\"},\"inLanguage\":\"ca-ES\",\"potentialAction\":[{\"@type\":\"ReadAction\",\"target\":[\"https:\\\/\\\/www.fundacioires.org\\\/ca\\\/que-fem\\\/formacions-tallers\\\/\"]}]},{\"@type\":\"ImageObject\",\"inLanguage\":\"ca-ES\",\"@id\":\"https:\\\/\\\/www.fundacioires.org\\\/ca\\\/que-fem\\\/formacions-tallers\\\/#primaryimage\",\"url\":\"https:\\\/\\\/i0.wp.com\\\/www.fundacioires.org\\\/wp-content\\\/uploads\\\/LANDING-FORMACIONS-Cabecera.jpg?fit=1920%2C1080&ssl=1\",\"contentUrl\":\"https:\\\/\\\/i0.wp.com\\\/www.fundacioires.org\\\/wp-content\\\/uploads\\\/LANDING-FORMACIONS-Cabecera.jpg?fit=1920%2C1080&ssl=1\",\"width\":1920,\"height\":1080},{\"@type\":\"BreadcrumbList\",\"@id\":\"https:\\\/\\\/www.fundacioires.org\\\/ca\\\/que-fem\\\/formacions-tallers\\\/#breadcrumb\",\"itemListElement\":[{\"@type\":\"ListItem\",\"position\":1,\"name\":\"Portada\",\"item\":\"https:\\\/\\\/www.fundacioires.org\\\/\"},{\"@type\":\"ListItem\",\"position\":2,\"name\":\"Qu\u00e8 fem\",\"item\":\"https:\\\/\\\/www.fundacioires.org\\\/ca\\\/que-fem\\\/\"},{\"@type\":\"ListItem\",\"position\":3,\"name\":\"Formaci\u00f3 per a empreses\"}]},{\"@type\":\"WebSite\",\"@id\":\"https:\\\/\\\/www.fundacioires.org\\\/#website\",\"url\":\"https:\\\/\\\/www.fundacioires.org\\\/\",\"name\":\"Fundaci\u00f3 IRES\",\"description\":\"\",\"publisher\":{\"@id\":\"https:\\\/\\\/www.fundacioires.org\\\/#organization\"},\"potentialAction\":[{\"@type\":\"SearchAction\",\"target\":{\"@type\":\"EntryPoint\",\"urlTemplate\":\"https:\\\/\\\/www.fundacioires.org\\\/?s={search_term_string}\"},\"query-input\":{\"@type\":\"PropertyValueSpecification\",\"valueRequired\":true,\"valueName\":\"search_term_string\"}}],\"inLanguage\":\"ca-ES\"},{\"@type\":\"Organization\",\"@id\":\"https:\\\/\\\/www.fundacioires.org\\\/#organization\",\"name\":\"Fundanci\u00f3n IRES\",\"url\":\"https:\\\/\\\/www.fundacioires.org\\\/\",\"logo\":{\"@type\":\"ImageObject\",\"inLanguage\":\"ca-ES\",\"@id\":\"https:\\\/\\\/www.fundacioires.org\\\/#\\\/schema\\\/logo\\\/image\\\/\",\"url\":\"https:\\\/\\\/i0.wp.com\\\/www.fundacioires.org\\\/wp-content\\\/uploads\\\/faviconIRES.png?fit=32%2C32&ssl=1\",\"contentUrl\":\"https:\\\/\\\/i0.wp.com\\\/www.fundacioires.org\\\/wp-content\\\/uploads\\\/faviconIRES.png?fit=32%2C32&ssl=1\",\"width\":32,\"height\":32,\"caption\":\"Fundanci\u00f3n IRES\"},\"image\":{\"@id\":\"https:\\\/\\\/www.fundacioires.org\\\/#\\\/schema\\\/logo\\\/image\\\/\"}}]}<\/script>\n<!-- \/ Yoast SEO plugin. -->","yoast_head_json":{"title":"Formaci\u00f3 per a empreses - Fundaci\u00f3 IRES","description":"Formacions i tallers, presencials i online, dirigits a empreses, organitzacions i persones del tercer sector.","robots":{"index":"index","follow":"follow","max-snippet":"max-snippet:-1","max-image-preview":"max-image-preview:large","max-video-preview":"max-video-preview:-1"},"canonical":"https:\/\/www.fundacioires.org\/ca\/que-fem\/formacions-tallers\/","og_locale":"ca_ES","og_type":"article","og_title":"Formacions i tallers","og_description":"Formacions i tallers, presencials i online, dirigits a empreses, organitzacions i persones del tercer sector.","og_url":"https:\/\/www.fundacioires.org\/ca\/que-fem\/formacions-tallers\/","og_site_name":"Fundaci\u00f3 IRES","article_modified_time":"2025-10-31T13:15:49+00:00","og_image":[{"width":1920,"height":1080,"url":"https:\/\/www.fundacioires.org\/wp-content\/uploads\/LANDING-FORMACIONS-Cabecera.jpg","type":"image\/jpeg"}],"twitter_card":"summary_large_image","twitter_title":"Formacions i tallers","twitter_description":"Formacions i tallers, presencials i online, dirigits a empreses, organitzacions i persones del tercer sector.","twitter_image":"https:\/\/i0.wp.com\/www.fundacioires.org\/wp-content\/uploads\/LANDING-FORMACIONS-Cabecera.jpg?fit=1920%2C1080&ssl=1","twitter_misc":{"Est. reading time":"3 minutes"},"schema":{"@context":"https:\/\/schema.org","@graph":[{"@type":"WebPage","@id":"https:\/\/www.fundacioires.org\/ca\/que-fem\/formacions-tallers\/","url":"https:\/\/www.fundacioires.org\/ca\/que-fem\/formacions-tallers\/","name":"Formaci\u00f3 per a empreses - Fundaci\u00f3 IRES","isPartOf":{"@id":"https:\/\/www.fundacioires.org\/#website"},"primaryImageOfPage":{"@id":"https:\/\/www.fundacioires.org\/ca\/que-fem\/formacions-tallers\/#primaryimage"},"image":{"@id":"https:\/\/www.fundacioires.org\/ca\/que-fem\/formacions-tallers\/#primaryimage"},"thumbnailUrl":"https:\/\/i0.wp.com\/www.fundacioires.org\/wp-content\/uploads\/LANDING-FORMACIONS-Cabecera.jpg?fit=1920%2C1080&ssl=1","datePublished":"2019-05-16T14:09:23+00:00","dateModified":"2025-10-31T13:15:49+00:00","description":"Formacions i tallers, presencials i online, dirigits a empreses, organitzacions i persones del tercer sector.","breadcrumb":{"@id":"https:\/\/www.fundacioires.org\/ca\/que-fem\/formacions-tallers\/#breadcrumb"},"inLanguage":"ca-ES","potentialAction":[{"@type":"ReadAction","target":["https:\/\/www.fundacioires.org\/ca\/que-fem\/formacions-tallers\/"]}]},{"@type":"ImageObject","inLanguage":"ca-ES","@id":"https:\/\/www.fundacioires.org\/ca\/que-fem\/formacions-tallers\/#primaryimage","url":"https:\/\/i0.wp.com\/www.fundacioires.org\/wp-content\/uploads\/LANDING-FORMACIONS-Cabecera.jpg?fit=1920%2C1080&ssl=1","contentUrl":"https:\/\/i0.wp.com\/www.fundacioires.org\/wp-content\/uploads\/LANDING-FORMACIONS-Cabecera.jpg?fit=1920%2C1080&ssl=1","width":1920,"height":1080},{"@type":"BreadcrumbList","@id":"https:\/\/www.fundacioires.org\/ca\/que-fem\/formacions-tallers\/#breadcrumb","itemListElement":[{"@type":"ListItem","position":1,"name":"Portada","item":"https:\/\/www.fundacioires.org\/"},{"@type":"ListItem","position":2,"name":"Qu\u00e8 fem","item":"https:\/\/www.fundacioires.org\/ca\/que-fem\/"},{"@type":"ListItem","position":3,"name":"Formaci\u00f3 per a empreses"}]},{"@type":"WebSite","@id":"https:\/\/www.fundacioires.org\/#website","url":"https:\/\/www.fundacioires.org\/","name":"Fundaci\u00f3 IRES","description":"","publisher":{"@id":"https:\/\/www.fundacioires.org\/#organization"},"potentialAction":[{"@type":"SearchAction","target":{"@type":"EntryPoint","urlTemplate":"https:\/\/www.fundacioires.org\/?s={search_term_string}"},"query-input":{"@type":"PropertyValueSpecification","valueRequired":true,"valueName":"search_term_string"}}],"inLanguage":"ca-ES"},{"@type":"Organization","@id":"https:\/\/www.fundacioires.org\/#organization","name":"Fundanci\u00f3n IRES","url":"https:\/\/www.fundacioires.org\/","logo":{"@type":"ImageObject","inLanguage":"ca-ES","@id":"https:\/\/www.fundacioires.org\/#\/schema\/logo\/image\/","url":"https:\/\/i0.wp.com\/www.fundacioires.org\/wp-content\/uploads\/faviconIRES.png?fit=32%2C32&ssl=1","contentUrl":"https:\/\/i0.wp.com\/www.fundacioires.org\/wp-content\/uploads\/faviconIRES.png?fit=32%2C32&ssl=1","width":32,"height":32,"caption":"Fundanci\u00f3n IRES"},"image":{"@id":"https:\/\/www.fundacioires.org\/#\/schema\/logo\/image\/"}}]}},"jetpack_sharing_enabled":true,"_links":{"self":[{"href":"https:\/\/www.fundacioires.org\/ca\/wp-json\/wp\/v2\/pages\/3826","targetHints":{"allow":["GET"]}}],"collection":[{"href":"https:\/\/www.fundacioires.org\/ca\/wp-json\/wp\/v2\/pages"}],"about":[{"href":"https:\/\/www.fundacioires.org\/ca\/wp-json\/wp\/v2\/types\/page"}],"author":[{"embeddable":true,"href":"https:\/\/www.fundacioires.org\/ca\/wp-json\/wp\/v2\/users\/1"}],"replies":[{"embeddable":true,"href":"https:\/\/www.fundacioires.org\/ca\/wp-json\/wp\/v2\/comments?post=3826"}],"version-history":[{"count":25,"href":"https:\/\/www.fundacioires.org\/ca\/wp-json\/wp\/v2\/pages\/3826\/revisions"}],"predecessor-version":[{"id":81306,"href":"https:\/\/www.fundacioires.org\/ca\/wp-json\/wp\/v2\/pages\/3826\/revisions\/81306"}],"up":[{"embeddable":true,"href":"https:\/\/www.fundacioires.org\/ca\/wp-json\/wp\/v2\/pages\/4122"}],"wp:featuredmedia":[{"embeddable":true,"href":"https:\/\/www.fundacioires.org\/ca\/wp-json\/wp\/v2\/media\/80347"}],"wp:attachment":[{"href":"https:\/\/www.fundacioires.org\/ca\/wp-json\/wp\/v2\/media?parent=3826"}],"wp:term":[{"taxonomy":"proyectos","embeddable":true,"href":"https:\/\/www.fundacioires.org\/ca\/wp-json\/wp\/v2\/proyectos?post=3826"}],"curies":[{"name":"wp","href":"https:\/\/api.w.org\/{rel}","templated":true}]}}