{"id":4076,"date":"2019-05-17T12:20:04","date_gmt":"2019-05-17T10:20:04","guid":{"rendered":"http:\/\/www.fundacioires.org\/?page_id=4076"},"modified":"2021-11-11T15:35:37","modified_gmt":"2021-11-11T14:35:37","slug":"herencies-i-llegats","status":"publish","type":"page","link":"https:\/\/www.fundacioires.org\/ca\/herencies-i-llegats\/","title":{"rendered":"Her\u00e8ncies i llegats"},"content":{"rendered":"<h1>Her\u00e8ncies i llegats<\/h1>\n<div>\n<p>Passats que canvien futurs<\/p>\n<\/div>\n<div>\n<p>El teu comprom\u00eds i solidaritat poden perdurar per millorar les condicions de vida de les fam\u00edlies que m\u00e9s ho necessiten. Un acte gener\u00f3s que pot canviar el futur de moltes fam\u00edlies en situaci\u00f3 de vulnerabilitat.<\/p>\n<\/div>\n<p><img decoding=\"async\" src=\"\/wp-content\/uploads\/herencias-testamento.jpg\" alt=\"\"><\/p>\n<div>Com puc fer un testament a favor de la Fundaci\u00f3 IRES?<\/div>\n<div>\n<p>Existeixen diverses formes d\u2019incloure la Fundaci\u00f3 IRES en el teu testament:<\/p>\n<ul>\n<li>Designar-la com a <strong>hereva universal: <\/strong>en el cas de no tenir hereus<\/li>\n<li>Com a <strong>cohereva universal: <\/strong>si vols deixar a m\u00e9s d\u2019un\/a hereu\/hereva, assenyalant el percentatge assignat a cadasc\u00fa<\/li>\n<li><strong>Llegat concret: <\/strong>s\u2019assenyala en el testament quins b\u00e9ns o drets vols que siguin destinats a la Fundaci\u00f3.<\/li>\n<\/ul>\n<p><strong>Si vols incloure la Fundaci\u00f3 IRES en el teu testament<\/strong>, com a hereu o legatari, nom\u00e9s cal assenyalar-ho davant notari, incloent-hi les dades seg\u00fcents:<\/p>\n<\/div>\n<div>\n<p>Fundaci\u00f3 Institut de Reinserci\u00f3 Social<\/p>\n<p>Domicili social:<br \/>Av. de Roma, 157, 2a planta<br \/>08011 Barcelona<br \/>NIF: G-64147184<\/p>\n<\/div>\n<div>\n<p><span style=\"color: #5d32a7;\">Gr\u00e0cies per ajudar a convertir la vulnerabilitat en una oportunitat per a les fam\u00edlies!<\/span><\/p>\n<\/div>\n<div>\n<p>Pots trucar al 93 486 47 50 o escriure a atencioaldonant@fundacioires.org<\/p>\n<\/div>\n<div>\n<p>\u00c9s una gran decisi\u00f3, prefereixes que et truquem?<\/p>\n<\/div>\n<div>\n\n<div class=\"wpcf7 no-js\" id=\"wpcf7-f4088-o1\" lang=\"en-US\" dir=\"ltr\" data-wpcf7-id=\"4088\">\n<div class=\"screen-reader-response\"><p role=\"status\" aria-live=\"polite\" aria-atomic=\"true\"><\/p> <ul><\/ul><\/div>\n<form action=\"\/ca\/wp-json\/wp\/v2\/pages\/4076#wpcf7-f4088-o1\" method=\"post\" class=\"wpcf7-form init bb9e21171d24 cmatic-conn cmatic-aud-24 cmatic-mapd0-0 cmatic-v097802 cmatic-sent-0 cmatic-total-6836\" aria-label=\"Contact form\" novalidate=\"novalidate\" data-status=\"init\">\n<fieldset class=\"hidden-fields-container\"><input type=\"hidden\" name=\"_wpcf7\" value=\"4088\" \/><input type=\"hidden\" name=\"_wpcf7_version\" value=\"6.1.5\" \/><input type=\"hidden\" name=\"_wpcf7_locale\" value=\"en_US\" \/><input type=\"hidden\" name=\"_wpcf7_unit_tag\" value=\"wpcf7-f4088-o1\" \/><input type=\"hidden\" name=\"_wpcf7_container_post\" value=\"0\" \/><input type=\"hidden\" name=\"_wpcf7_posted_data_hash\" value=\"\" \/><input type=\"hidden\" name=\"_wpcf7cf_hidden_group_fields\" value=\"[]\" \/><input type=\"hidden\" name=\"_wpcf7cf_hidden_groups\" value=\"[]\" \/><input type=\"hidden\" name=\"_wpcf7cf_visible_groups\" value=\"[]\" \/><input type=\"hidden\" name=\"_wpcf7cf_repeaters\" value=\"[]\" \/><input type=\"hidden\" name=\"_wpcf7cf_steps\" value=\"{}\" \/><input type=\"hidden\" name=\"_wpcf7cf_options\" value=\"{&quot;form_id&quot;:4088,&quot;conditions&quot;:[],&quot;settings&quot;:{&quot;animation&quot;:&quot;yes&quot;,&quot;animation_intime&quot;:200,&quot;animation_outtime&quot;:200,&quot;conditions_ui&quot;:&quot;normal&quot;,&quot;notice_dismissed&quot;:false}}\" \/><input type=\"hidden\" name=\"_wpcf7_recaptcha_response\" value=\"\" \/>\n<\/fieldset>\n<div class=\"uk-form herenciasLlamame uk-grid-small\" uk-grid=\"\">\n    <div class=\"uk-width-1-1\">\n        <div class=\"uk-inline uk-width-1-1\">\n            <i class=\"uk-form-icon\" style=\"z-index:1;\" uk-icon=\"icon: receiver\">\n            <\/i><span class=\"wpcf7-form-control-wrap\" data-name=\"telefono-es\"><input size=\"40\" maxlength=\"400\" class=\"wpcf7-form-control wpcf7-tel wpcf7-validates-as-required wpcf7-text wpcf7-validates-as-tel uk-input uk-padding-large uk-padding-remove-right uk-padding-remove-top uk-padding-remove-bottom uk-text-large uk-text-center\" aria-required=\"true\" aria-invalid=\"false\" placeholder=\"Escriu el teu n\u00famero de tel\u00e8fon\" value=\"\" type=\"tel\" name=\"telefono-es\" \/><\/span><\/div><\/div>\n    <div class=\"uk-width-expand uk-grid-item-match uk-flex-middle\">\n        <span class=\"wpcf7-form-control-wrap\" data-name=\"politicas\"><span class=\"wpcf7-form-control wpcf7-acceptance\"><span class=\"wpcf7-list-item\"><label><input type=\"checkbox\" name=\"politicas\" value=\"1\" class=\"uk-checkbox\" aria-invalid=\"false\" \/><span class=\"wpcf7-list-item-label\"><div class=\"uk-text-small uk-text-emphasis politicasText\">\n            Accepto l'<a href=\"\/ca\/avis-legal\/\" target=\"_blank\">Av\u00eds legal<\/a> i la <a href=\"\/ca\/politica-de-privacitat\/\" target=\"_blank\">Pol\u00edtica de privacitat<\/a>\n        <\/div><\/span><\/label><\/span><\/span><\/span>\n    <\/div>\n    <div class=\"uk-width-1-1 uk-width-auto@s uk-text-center\">\n        <input class=\"wpcf7-form-control wpcf7-submit has-spinner uk-button uk-button-default\" type=\"submit\" value=\"Truqueu-me\" \/>\n    <\/div>\n<\/div><div class=\"wpcf7-response-output\" aria-hidden=\"true\"><\/div>\n<\/form>\n<\/div>\n<\/div>\n<div>Preguntes freq\u00fcents<\/div>\n<ul>\n<li>\n<h3>A qu\u00e8 destinar\u00e0 la Fundaci\u00f3 IRES la meva her\u00e8ncia o llegat?<\/h3>\n<div>\n<p>La Fundaci\u00f3 IRES destinar\u00e0 tots els b\u00e9ns que rebi a continuar la labor en l\u2019atenci\u00f3 integral a fam\u00edlies que viuen situacions de vulnerabilitat, acompanyant-les en el seu proc\u00e9s vital cap a la plena autonomia.<\/p>\n<\/div>\n<\/li>\n<li>\n<h3>Per qu\u00e8 \u00e9s important fer un testament?<\/h3>\n<div>\n<p>Redactar el teu testament \u00e9s la millor manera que es compleixin els teus \u00faltims desitjos i voluntats. A m\u00e9s, facilita als hereus la repartici\u00f3 del patrimoni.<\/p>\n<p>No redactar testament implica que en el moment de la defunci\u00f3 s\u2019hagi de fer una declaraci\u00f3 d\u2019hereus i, en el cas que no n\u2019hi hagi, els b\u00e9ns seran destinats a la comunitat aut\u00f2noma que correspongui o a l\u2019Estat.<\/p>\n<\/div>\n<\/li>\n<li>\n<h3>Quina difer\u00e8ncia hi ha entre her\u00e8ncia i llegat?<\/h3>\n<div>\n<p>En una her\u00e8ncia l\u2019hereu rep la titularitat dels b\u00e9ns del difunt i, amb aquests, tots els drets i obligacions vigents. L\u2019her\u00e8ncia es produeix sempre quan mor la persona i, si no hi ha testament, s\u2019aplicar\u00e0 la llei. En un llegat, en canvi, es transfereixen b\u00e9ns concrets, per\u00f2 sense respondre al passiu de l\u2019her\u00e8ncia, i nom\u00e9s es dona per voluntat del testador.<\/p>\n<\/div>\n<\/li>\n<li>\n<h3>Afecta la meva decisi\u00f3 als hereus leg\u00edtims?<\/h3>\n<div>\n<p>Quan hi hagi hereus leg\u00edtims, la llei vetlla perqu\u00e8 els seus drets siguin sempre respectats i rebin la part que els correspongui, mentre que tu podr\u00e0s decidir sobre la resta de l\u2019her\u00e8ncia.<\/p>\n<\/div>\n<\/li>\n<li>\n<h3>Puc canviar el testament?<\/h3>\n<div>\n<p>Tot testament \u00e9s un acte lliure, personal i revocable. Pots modificar-lo sempre que vulguis, seguint el mateix procediment d\u2019acudir al notari. Sempre tindr\u00e0 validesa legal l\u2019\u00faltim.<\/p>\n<\/div>\n<\/li>\n<li>\n<h3>Haig de notificar a la Fundaci\u00f3 IRES que l\u2019he incl\u00f2s en el meu testament?<\/h3>\n<div>\n<p>No cal que comuniquis a la Fundaci\u00f3 IRES, ni de manera formal ni informal, que l\u2019has incl\u00f2s en el teu testament. El notari t\u00e9 l\u2019obligaci\u00f3 legal d\u2019informar-ne les entitats anomenades en el testament una vegada t\u00e9 coneixement de la defunci\u00f3 de la persona.<\/p>\n<\/div>\n<\/li>\n<li>\n<h3>Com afecta l\u2019impost de successi\u00f3 a la meva her\u00e8ncia o llegat?<\/h3>\n<div>\n<p>Les entitats sense \u00e0nim de lucre, com la nostra, estan reconegudes d\u2019utilitat p\u00fablica i no estan subjectes a l\u2019impost de successi\u00f3, per la qual cosa la totalitat dels b\u00e9ns rebuts per her\u00e8ncia o llegat solidaris es destinar\u00e0 a la nostra causa.<\/p>\n<\/div>\n<\/li>\n<\/ul>\n<p><!--more--><br \/>\n<!-- {\"name\":\"Herencias y legados ES\",\"type\":\"layout\",\"children\":[{\"name\":\"Hero Parallax\",\"type\":\"section\",\"props\":{\"style\":\"default\",\"width\":\"default\",\"vertical_align\":\"\",\"title_position\":\"top-left\",\"title_rotation\":\"left\",\"title_breakpoint\":\"xl\",\"image_position\":\"top-center\",\"padding\":\"large\",\"image\":\"wp-content\\\/uploads\\\/herencias-hero-bg.jpg\",\"text_color\":\"light\",\"image_size\":\"cover\",\"image_effect\":\"parallax\",\"image_width\":\"2560\",\"id\":\"hero\",\"class\":\"parallax\",\"image_parallax_bgy_start\":\"0\",\"image_parallax_bgy_end\":\"150\",\"image_parallax_easing\":\"0\"},\"children\":[{\"type\":\"row\",\"children\":[{\"type\":\"column\",\"props\":{\"image_position\":\"center-center\",\"media_overlay_gradient\":\"\",\"width_medium\":\"1-1\"},\"children\":[{\"type\":\"headline\",\"props\":{\"title_element\":\"h1\",\"title_style\":\"heading-medium\",\"content\":\"Her\\u00e8ncies i llegats\"}}]}]}]},{\"name\":\"Breadcrums Parallax\",\"type\":\"section\",\"props\":{\"style\":\"default\",\"width\":\"\",\"vertical_align\":\"middle\",\"title_position\":\"top-left\",\"title_rotation\":\"left\",\"title_breakpoint\":\"xl\",\"image_position\":\"center-center\",\"padding\":\"none\",\"image\":\"\",\"text_color\":\"light\",\"image_size\":\"cover\",\"image_width\":\"2560\",\"id\":\"breadcrums\"},\"children\":[{\"type\":\"row\",\"props\":{\"width\":\"default\"},\"children\":[{\"type\":\"column\",\"props\":{\"image_position\":\"center-center\",\"media_overlay_gradient\":\"\",\"width_medium\":\"1-1\"},\"children\":[{\"type\":\"module\",\"props\":{\"widget\":\"breadcrumbs-3\",\"menu_style\":\"nav\",\"type\":\"breadcrumbs\"},\"name\":\"Breadcrums\"}]}]}]},{\"name\":\"Under slide\",\"type\":\"section\",\"props\":{\"style\":\"default\",\"width\":\"default\",\"vertical_align\":\"middle\",\"title_position\":\"top-left\",\"title_rotation\":\"left\",\"title_breakpoint\":\"xl\",\"image_position\":\"bottom-right\",\"padding\":\"small\",\"animation\":\"fade\",\"image\":\"\",\"image_effect\":\"parallax\",\"image_parallax_bgy_start\":\"300\",\"image_parallax_bgy_end\":\"450\",\"image_width\":\"700\",\"css\":\"@media (min-width:1011px){\\n    .el-section .subtitle{\\n        min-height:87px;\\n    }\\n}\\n\\n@media (min-width:959px) and (max-width:1010px){\\n    .el-section .subtitle{\\n        min-height:116px;\\n    }\\n}\"},\"children\":[{\"name\":\"\",\"type\":\"row\",\"props\":{\"width\":\"default\",\"margin_remove_bottom\":true},\"children\":[{\"name\":\"\",\"type\":\"column\",\"props\":{\"image_position\":\"center-center\",\"media_overlay_gradient\":\"\",\"width_medium\":\"1-1\"},\"children\":[{\"name\":\"\",\"type\":\"headline\",\"props\":{\"title_element\":\"div\",\"title_style\":\"h1\",\"text_align\":\"center\",\"margin\":\"medium\",\"animation\":\"slide-top-small\",\"content\":\"\n\n<p>Passats que canvien futurs<\\\/p>\",\"block_align\":\"center\"}},{\"type\":\"text\",\"props\":{\"margin\":\"default\",\"column_breakpoint\":\"m\",\"text_style\":\"lead\",\"text_size\":\"large\",\"text_align\":\"center\",\"maxwidth\":\"2xlarge\",\"content\":\"\n\n<p>El teu comprom\\u00eds i solidaritat poden perdurar per millorar les condicions de vida de les fam\\u00edlies que m\\u00e9s ho necessiten. Un acte gener\\u00f3s que pot canviar el futur de moltes fam\\u00edlies en situaci\\u00f3 de vulnerabilitat.<\\\/p>\",\"block_align\":\"center\"}}]}]}]},{\"type\":\"section\",\"props\":{\"style\":\"default\",\"width\":\"default\",\"vertical_align\":\"middle\",\"title_position\":\"top-left\",\"title_rotation\":\"left\",\"title_breakpoint\":\"xl\",\"image_position\":\"center-center\",\"animation\":\"fade\"},\"children\":[{\"type\":\"row\",\"props\":{\"layout\":\"1-2,1-2\",\"match\":false,\"column_gap\":\"large\",\"row_gap\":\"large\"},\"children\":[{\"type\":\"column\",\"props\":{\"image_position\":\"center-center\",\"media_overlay_gradient\":\"\",\"vertical_align\":\"middle\",\"width_medium\":\"1-2\"},\"children\":[{\"type\":\"image\",\"props\":{\"margin\":\"default\",\"image_svg_color\":\"emphasis\",\"image_border\":\"rounded\",\"image_box_shadow\":\"large\",\"text_align\":\"left\",\"text_align_breakpoint\":\"m\",\"text_align_fallback\":\"center\",\"animation\":\"parallax\",\"image\":\"wp-content\\\/uploads\\\/herencias-testamento.jpg\",\"parallax_y_start\":\"20\",\"parallax_y_end\":\"-80\",\"position\":\"relative\",\"position_top\":\"-110\"}}]},{\"type\":\"column\",\"props\":{\"image_position\":\"center-center\",\"media_overlay_gradient\":\"\",\"vertical_align\":\"middle\",\"width_medium\":\"1-2\"},\"children\":[{\"name\":\"\",\"type\":\"headline\",\"props\":{\"title_element\":\"div\",\"title_style\":\"h2\",\"text_align\":\"left\",\"margin\":\"large\",\"content\":\"Com puc fer un testament a favor de la Fundaci\\u00f3 IRES?\",\"block_align\":\"center\"}},{\"type\":\"text\",\"props\":{\"margin\":\"default\",\"column_breakpoint\":\"m\",\"content\":\"\n\n<p>Existeixen diverses formes d\\u2019incloure la Fundaci\\u00f3 IRES en el teu testament:<\\\/p>\\n\n\n<ul>\\n\n\n<li>Designar-la com a <strong>hereva universal: <\\\/strong>en el cas de no tenir hereus<\\\/li>\\n\n\n<li>Com a <strong>cohereva universal: <\\\/strong>si vols deixar a m\\u00e9s d\\u2019un\\\/a hereu\\\/hereva, assenyalant el percentatge assignat a cadasc\\u00fa<\\\/li>\\n\n\n<li><strong>Llegat concret: <\\\/strong>s\\u2019assenyala en el testament quins b\\u00e9ns o drets vols que siguin destinats a la Fundaci\\u00f3.<\\\/li>\\n<\\\/ul>\\n\n\n<p><strong>Si vols incloure la Fundaci\\u00f3 IRES en el teu testament<\\\/strong>, com a hereu o legatari, nom\\u00e9s cal assenyalar-ho davant notari, incloent-hi les dades seg\\u00fcents:<\\\/p>\",\"position\":\"relative\",\"position_top\":\"-40\"}},{\"type\":\"text\",\"props\":{\"margin\":\"default\",\"column_breakpoint\":\"m\",\"text_color\":\"emphasis\",\"text_size\":\"large\",\"content\":\"\n\n<p>Fundaci\\u00f3 Institut de Reinserci\\u00f3 Social<\\\/p>\\n\n\n<p>Domicili social:<br \\\/>Av. de Roma, 157, 2a planta<br \\\/>08011 Barcelona<br \\\/>NIF: G-64147184<\\\/p>\",\"position\":\"relative\",\"position_top\":\"-30\"}},{\"type\":\"headline\",\"props\":{\"title_element\":\"div\",\"title_style\":\"h3\",\"content\":\"\n\n<p><span style=\\\"color: #5d32a7;\\\">Gr\\u00e0cies per ajudar a convertir la vulnerabilitat en una oportunitat per a les fam\\u00edlies!<\\\/span><\\\/p>\",\"css\":\".el-element{\\n\\tline-height:36px;\\n    font-weight:500;\\n}\",\"position\":\"relative\",\"position_top\":\"-40\"}}]}]}]},{\"type\":\"section\",\"props\":{\"style\":\"secondary\",\"width\":\"default\",\"vertical_align\":\"middle\",\"title_position\":\"top-left\",\"title_rotation\":\"left\",\"title_breakpoint\":\"xl\",\"image_position\":\"center-center\",\"animation\":\"fade\",\"animation_delay\":\"200\"},\"children\":[{\"type\":\"row\",\"children\":[{\"type\":\"column\",\"props\":{\"image_position\":\"center-center\",\"media_overlay_gradient\":\"\",\"width_medium\":\"1-1\"},\"children\":[{\"type\":\"headline\",\"props\":{\"title_element\":\"div\",\"title_style\":\"h2\",\"text_align\":\"center\",\"margin\":\"small\",\"content\":\"\n\n<p>Pots trucar al 93 486 47 50 o escriure a atencioaldonant@fundacioires.org<\\\/p>\"}},{\"type\":\"text\",\"props\":{\"margin\":\"medium\",\"column_breakpoint\":\"m\",\"text_size\":\"large\",\"text_align\":\"center\",\"content\":\"\n\n<p>\\u00c9s una gran decisi\\u00f3, prefereixes que et truquem?<\\\/p>\",\"margin_remove_top\":true}},{\"type\":\"html\",\"props\":{\"content\":\"[contact-form-7 id=\\\"4088\\\" title=\\\"Herencies - TRUQUEU-ME\\\"]\",\"class\":\"uk-margin-auto uk-width-large\"}}]}]}]},{\"type\":\"section\",\"props\":{\"style\":\"default\",\"width\":\"default\",\"vertical_align\":\"middle\",\"title_position\":\"top-left\",\"title_rotation\":\"left\",\"title_breakpoint\":\"xl\",\"image_position\":\"center-center\",\"animation\":\"fade\",\"animation_delay\":\"200\"},\"children\":[{\"type\":\"row\",\"children\":[{\"type\":\"column\",\"props\":{\"image_position\":\"center-center\",\"media_overlay_gradient\":\"\",\"width_medium\":\"1-1\"},\"children\":[{\"name\":\"\",\"type\":\"headline\",\"props\":{\"title_element\":\"div\",\"title_style\":\"h2\",\"text_align\":\"center\",\"margin\":\"large\",\"animation\":\"slide-top-small\",\"content\":\"Preguntes freq\\u00fcents\",\"block_align\":\"center\"}},{\"type\":\"accordion\",\"props\":{\"show_image\":true,\"show_link\":true,\"collapsible\":true,\"image_svg_color\":\"emphasis\",\"image_align\":\"top\",\"image_grid_width\":\"1-2\",\"link_text\":\"Read more\",\"link_style\":\"default\",\"maxwidth\":\"xlarge\",\"id\":\"accordionFAQ\",\"block_align\":\"center\",\"image_grid_breakpoint\":\"m\",\"content_column_breakpoint\":\"m\",\"multiple\":false},\"children\":[{\"type\":\"accordion_item\",\"props\":{\"title\":\"A qu\\u00e8 destinar\\u00e0 la Fundaci\\u00f3 IRES la meva her\\u00e8ncia o llegat?\",\"content\":\"\n\n<p>La Fundaci\\u00f3 IRES destinar\\u00e0 tots els b\\u00e9ns que rebi a continuar la labor en l\\u2019atenci\\u00f3 integral a fam\\u00edlies que viuen situacions de vulnerabilitat, acompanyant-les en el seu proc\\u00e9s vital cap a la plena autonomia.<\\\/p>\"}},{\"type\":\"accordion_item\",\"props\":{\"title\":\"Per qu\\u00e8 \\u00e9s important fer un testament?\",\"content\":\"\n\n<p>Redactar el teu testament \\u00e9s la millor manera que es compleixin els teus \\u00faltims desitjos i voluntats. A m\\u00e9s, facilita als hereus la repartici\\u00f3 del patrimoni.<\\\/p>\\n\n\n<p>No redactar testament implica que en el moment de la defunci\\u00f3 s\\u2019hagi de fer una declaraci\\u00f3 d\\u2019hereus i, en el cas que no n\\u2019hi hagi, els b\\u00e9ns seran destinats a la comunitat aut\\u00f2noma que correspongui o a l\\u2019Estat.<\\\/p>\"}},{\"type\":\"accordion_item\",\"props\":{\"title\":\"Quina difer\\u00e8ncia hi ha entre her\\u00e8ncia i llegat?\",\"content\":\"\n\n<p>En una her\\u00e8ncia l\\u2019hereu rep la titularitat dels b\\u00e9ns del difunt i, amb aquests, tots els drets i obligacions vigents. L\\u2019her\\u00e8ncia es produeix sempre quan mor la persona i, si no hi ha testament, s\\u2019aplicar\\u00e0 la llei. En un llegat, en canvi, es transfereixen b\\u00e9ns concrets, per\\u00f2 sense respondre al passiu de l\\u2019her\\u00e8ncia, i nom\\u00e9s es dona per voluntat del testador.<\\\/p>\"}},{\"type\":\"accordion_item\",\"props\":{\"title\":\"Afecta la meva decisi\\u00f3 als hereus leg\\u00edtims?\",\"content\":\"\n\n<p>Quan hi hagi hereus leg\\u00edtims, la llei vetlla perqu\\u00e8 els seus drets siguin sempre respectats i rebin la part que els correspongui, mentre que tu podr\\u00e0s decidir sobre la resta de l\\u2019her\\u00e8ncia.<\\\/p>\"}},{\"type\":\"accordion_item\",\"props\":{\"title\":\"Puc canviar el testament?\",\"content\":\"\n\n<p>Tot testament \\u00e9s un acte lliure, personal i revocable. Pots modificar-lo sempre que vulguis, seguint el mateix procediment d\\u2019acudir al notari. Sempre tindr\\u00e0 validesa legal l\\u2019\\u00faltim.<\\\/p>\"}},{\"type\":\"accordion_item\",\"props\":{\"title\":\"Haig de notificar a la Fundaci\\u00f3 IRES que l\\u2019he incl\\u00f2s en el meu testament?\",\"content\":\"\n\n<p>No cal que comuniquis a la Fundaci\\u00f3 IRES, ni de manera formal ni informal, que l\\u2019has incl\\u00f2s en el teu testament. El notari t\\u00e9 l\\u2019obligaci\\u00f3 legal d\\u2019informar-ne les entitats anomenades en el testament una vegada t\\u00e9 coneixement de la defunci\\u00f3 de la persona.<\\\/p>\"}},{\"type\":\"accordion_item\",\"props\":{\"title\":\"Com afecta l\\u2019impost de successi\\u00f3 a la meva her\\u00e8ncia o llegat?\",\"content\":\"\n\n<p>Les entitats sense \\u00e0nim de lucre, com la nostra, estan reconegudes d\\u2019utilitat p\\u00fablica i no estan subjectes a l\\u2019impost de successi\\u00f3, per la qual cosa la totalitat dels b\\u00e9ns rebuts per her\\u00e8ncia o llegat solidaris es destinar\\u00e0 a la nostra causa.<\\\/p>\"}}]}]}]}]},{\"type\":\"section\",\"props\":{\"style\":\"default\",\"width\":\"default\",\"vertical_align\":\"middle\",\"title_position\":\"top-left\",\"title_rotation\":\"left\",\"title_breakpoint\":\"xl\",\"image_position\":\"center-center\",\"text_color\":\"light\",\"padding\":\"large\",\"image\":\"wp-content\\\/uploads\\\/herencias-hotel-invisible-bg.jpg\",\"image_size\":\"cover\",\"image_effect\":\"parallax\",\"media_overlay\":\"rgba(38, 38, 38, 0.54)\",\"image_parallax_bgy_start\":\"-50\",\"image_parallax_bgy_end\":\"50\",\"status\":\"disabled\"},\"children\":[{\"type\":\"row\",\"props\":{\"margin_remove_top\":false},\"children\":[{\"type\":\"column\",\"props\":{\"image_position\":\"center-center\",\"media_overlay_gradient\":\"\",\"width_medium\":\"1-1\"},\"children\":[{\"type\":\"headline\",\"props\":{\"title_element\":\"h2\",\"title_style\":\"h1\",\"text_align\":\"center\",\"content\":\"\n\n<p>Benvinguts a l\\u2019Hotel Invisible<\\\/p>\"}},{\"type\":\"headline\",\"props\":{\"title_element\":\"h4\",\"title_style\":\"h2\",\"text_align\":\"center\",\"content\":\"\n\n<p>Reserva una nit d\\u2019insomni a l\\u2019Hotel Invisible perqu\\u00e8 ning\\u00fa no hagi de dormir en habitacions com aquestes.<\\\/p>\"}},{\"type\":\"button\",\"props\":{\"margin\":\"medium\",\"text_align\":\"center\",\"grid_column_gap\":\"small\",\"grid_row_gap\":\"small\"},\"children\":[{\"type\":\"button_item\",\"props\":{\"button_style\":\"secondary\",\"icon_align\":\"left\",\"link_target\":\"blank\",\"content\":\"Reserva-LA ara\",\"link\":\"https:\\\/\\\/www.fundacioires.org\\\/hotelinvisible\\\/\"}}]}]}]}],\"name\":\"Parallax bg section\"}],\"version\":\"2.6.9\"} --><\/p>\n","protected":false},"excerpt":{"rendered":"<p>Her\u00e8ncies i llegats Passats que canvien futurs El teu comprom\u00eds i solidaritat poden perdurar per millorar les condicions de vida de les fam\u00edlies que m\u00e9s ho necessiten. Un acte gener\u00f3s que pot canviar el futur de moltes fam\u00edlies en situaci\u00f3 de vulnerabilitat. Com puc fer un testament a favor de la Fundaci\u00f3 IRES? Existeixen diverses [&hellip;]<\/p>\n","protected":false},"author":2,"featured_media":0,"parent":0,"menu_order":0,"comment_status":"closed","ping_status":"closed","template":"","meta":{"footnotes":""},"proyectos":[],"class_list":["post-4076","page","type-page","status-publish","hentry"],"yoast_head":"<!-- This site is optimized with the Yoast SEO plugin v27.4 - https:\/\/yoast.com\/product\/yoast-seo-wordpress\/ -->\n<title>Her\u00e8ncies i llegats - Fundaci\u00f3 IRES<\/title>\n<meta name=\"robots\" content=\"index, follow, max-snippet:-1, max-image-preview:large, max-video-preview:-1\" \/>\n<link rel=\"canonical\" href=\"https:\/\/www.fundacioires.org\/ca\/col\u00b7labora-com-a-particular__trashed\/herencies-i-llegats\/\" \/>\n<meta property=\"og:locale\" content=\"ca_ES\" \/>\n<meta property=\"og:type\" content=\"article\" \/>\n<meta property=\"og:title\" content=\"Her\u00e8ncies i llegats - Fundaci\u00f3 IRES\" \/>\n<meta property=\"og:description\" content=\"Her\u00e8ncies i llegats Passats que canvien futurs El teu comprom\u00eds i solidaritat poden perdurar per millorar les condicions de vida de les fam\u00edlies que m\u00e9s ho necessiten. Un acte gener\u00f3s que pot canviar el futur de moltes fam\u00edlies en situaci\u00f3 de vulnerabilitat. Com puc fer un testament a favor de la Fundaci\u00f3 IRES? Existeixen diverses [&hellip;]\" \/>\n<meta property=\"og:url\" content=\"https:\/\/www.fundacioires.org\/ca\/col\u00b7labora-com-a-particular__trashed\/herencies-i-llegats\/\" \/>\n<meta property=\"og:site_name\" content=\"Fundaci\u00f3 IRES\" \/>\n<meta property=\"article:modified_time\" content=\"2021-11-11T14:35:37+00:00\" \/>\n<meta property=\"og:image\" content=\"https:\/\/www.fundacioires.org\/wp-content\/uploads\/herencias-testamento.jpg\" \/>\n<meta name=\"twitter:card\" content=\"summary_large_image\" \/>\n<meta name=\"twitter:label1\" content=\"Est. reading time\" \/>\n\t<meta name=\"twitter:data1\" content=\"3 minutes\" \/>\n<script type=\"application\/ld+json\" class=\"yoast-schema-graph\">{\"@context\":\"https:\\\/\\\/schema.org\",\"@graph\":[{\"@type\":\"WebPage\",\"@id\":\"https:\\\/\\\/www.fundacioires.org\\\/ca\\\/col%c2%b7labora-com-a-particular__trashed\\\/herencies-i-llegats\\\/\",\"url\":\"https:\\\/\\\/www.fundacioires.org\\\/ca\\\/col%c2%b7labora-com-a-particular__trashed\\\/herencies-i-llegats\\\/\",\"name\":\"Her\u00e8ncies i llegats - Fundaci\u00f3 IRES\",\"isPartOf\":{\"@id\":\"https:\\\/\\\/www.fundacioires.org\\\/#website\"},\"datePublished\":\"2019-05-17T10:20:04+00:00\",\"dateModified\":\"2021-11-11T14:35:37+00:00\",\"breadcrumb\":{\"@id\":\"https:\\\/\\\/www.fundacioires.org\\\/ca\\\/col%c2%b7labora-com-a-particular__trashed\\\/herencies-i-llegats\\\/#breadcrumb\"},\"inLanguage\":\"ca-ES\",\"potentialAction\":[{\"@type\":\"ReadAction\",\"target\":[\"https:\\\/\\\/www.fundacioires.org\\\/ca\\\/col%c2%b7labora-com-a-particular__trashed\\\/herencies-i-llegats\\\/\"]}]},{\"@type\":\"BreadcrumbList\",\"@id\":\"https:\\\/\\\/www.fundacioires.org\\\/ca\\\/col%c2%b7labora-com-a-particular__trashed\\\/herencies-i-llegats\\\/#breadcrumb\",\"itemListElement\":[{\"@type\":\"ListItem\",\"position\":1,\"name\":\"Portada\",\"item\":\"https:\\\/\\\/www.fundacioires.org\\\/\"},{\"@type\":\"ListItem\",\"position\":2,\"name\":\"Her\u00e8ncies i llegats\"}]},{\"@type\":\"WebSite\",\"@id\":\"https:\\\/\\\/www.fundacioires.org\\\/#website\",\"url\":\"https:\\\/\\\/www.fundacioires.org\\\/\",\"name\":\"Fundaci\u00f3 IRES\",\"description\":\"\",\"publisher\":{\"@id\":\"https:\\\/\\\/www.fundacioires.org\\\/#organization\"},\"potentialAction\":[{\"@type\":\"SearchAction\",\"target\":{\"@type\":\"EntryPoint\",\"urlTemplate\":\"https:\\\/\\\/www.fundacioires.org\\\/?s={search_term_string}\"},\"query-input\":{\"@type\":\"PropertyValueSpecification\",\"valueRequired\":true,\"valueName\":\"search_term_string\"}}],\"inLanguage\":\"ca-ES\"},{\"@type\":\"Organization\",\"@id\":\"https:\\\/\\\/www.fundacioires.org\\\/#organization\",\"name\":\"Fundanci\u00f3n IRES\",\"url\":\"https:\\\/\\\/www.fundacioires.org\\\/\",\"logo\":{\"@type\":\"ImageObject\",\"inLanguage\":\"ca-ES\",\"@id\":\"https:\\\/\\\/www.fundacioires.org\\\/#\\\/schema\\\/logo\\\/image\\\/\",\"url\":\"https:\\\/\\\/i0.wp.com\\\/www.fundacioires.org\\\/wp-content\\\/uploads\\\/faviconIRES.png?fit=32%2C32&ssl=1\",\"contentUrl\":\"https:\\\/\\\/i0.wp.com\\\/www.fundacioires.org\\\/wp-content\\\/uploads\\\/faviconIRES.png?fit=32%2C32&ssl=1\",\"width\":32,\"height\":32,\"caption\":\"Fundanci\u00f3n IRES\"},\"image\":{\"@id\":\"https:\\\/\\\/www.fundacioires.org\\\/#\\\/schema\\\/logo\\\/image\\\/\"}}]}<\/script>\n<!-- \/ Yoast SEO plugin. -->","yoast_head_json":{"title":"Her\u00e8ncies i llegats - Fundaci\u00f3 IRES","robots":{"index":"index","follow":"follow","max-snippet":"max-snippet:-1","max-image-preview":"max-image-preview:large","max-video-preview":"max-video-preview:-1"},"canonical":"https:\/\/www.fundacioires.org\/ca\/col\u00b7labora-com-a-particular__trashed\/herencies-i-llegats\/","og_locale":"ca_ES","og_type":"article","og_title":"Her\u00e8ncies i llegats - Fundaci\u00f3 IRES","og_description":"Her\u00e8ncies i llegats Passats que canvien futurs El teu comprom\u00eds i solidaritat poden perdurar per millorar les condicions de vida de les fam\u00edlies que m\u00e9s ho necessiten. Un acte gener\u00f3s que pot canviar el futur de moltes fam\u00edlies en situaci\u00f3 de vulnerabilitat. Com puc fer un testament a favor de la Fundaci\u00f3 IRES? Existeixen diverses [&hellip;]","og_url":"https:\/\/www.fundacioires.org\/ca\/col\u00b7labora-com-a-particular__trashed\/herencies-i-llegats\/","og_site_name":"Fundaci\u00f3 IRES","article_modified_time":"2021-11-11T14:35:37+00:00","og_image":[{"url":"https:\/\/www.fundacioires.org\/wp-content\/uploads\/herencias-testamento.jpg","type":"","width":"","height":""}],"twitter_card":"summary_large_image","twitter_misc":{"Est. reading time":"3 minutes"},"schema":{"@context":"https:\/\/schema.org","@graph":[{"@type":"WebPage","@id":"https:\/\/www.fundacioires.org\/ca\/col%c2%b7labora-com-a-particular__trashed\/herencies-i-llegats\/","url":"https:\/\/www.fundacioires.org\/ca\/col%c2%b7labora-com-a-particular__trashed\/herencies-i-llegats\/","name":"Her\u00e8ncies i llegats - Fundaci\u00f3 IRES","isPartOf":{"@id":"https:\/\/www.fundacioires.org\/#website"},"datePublished":"2019-05-17T10:20:04+00:00","dateModified":"2021-11-11T14:35:37+00:00","breadcrumb":{"@id":"https:\/\/www.fundacioires.org\/ca\/col%c2%b7labora-com-a-particular__trashed\/herencies-i-llegats\/#breadcrumb"},"inLanguage":"ca-ES","potentialAction":[{"@type":"ReadAction","target":["https:\/\/www.fundacioires.org\/ca\/col%c2%b7labora-com-a-particular__trashed\/herencies-i-llegats\/"]}]},{"@type":"BreadcrumbList","@id":"https:\/\/www.fundacioires.org\/ca\/col%c2%b7labora-com-a-particular__trashed\/herencies-i-llegats\/#breadcrumb","itemListElement":[{"@type":"ListItem","position":1,"name":"Portada","item":"https:\/\/www.fundacioires.org\/"},{"@type":"ListItem","position":2,"name":"Her\u00e8ncies i llegats"}]},{"@type":"WebSite","@id":"https:\/\/www.fundacioires.org\/#website","url":"https:\/\/www.fundacioires.org\/","name":"Fundaci\u00f3 IRES","description":"","publisher":{"@id":"https:\/\/www.fundacioires.org\/#organization"},"potentialAction":[{"@type":"SearchAction","target":{"@type":"EntryPoint","urlTemplate":"https:\/\/www.fundacioires.org\/?s={search_term_string}"},"query-input":{"@type":"PropertyValueSpecification","valueRequired":true,"valueName":"search_term_string"}}],"inLanguage":"ca-ES"},{"@type":"Organization","@id":"https:\/\/www.fundacioires.org\/#organization","name":"Fundanci\u00f3n IRES","url":"https:\/\/www.fundacioires.org\/","logo":{"@type":"ImageObject","inLanguage":"ca-ES","@id":"https:\/\/www.fundacioires.org\/#\/schema\/logo\/image\/","url":"https:\/\/i0.wp.com\/www.fundacioires.org\/wp-content\/uploads\/faviconIRES.png?fit=32%2C32&ssl=1","contentUrl":"https:\/\/i0.wp.com\/www.fundacioires.org\/wp-content\/uploads\/faviconIRES.png?fit=32%2C32&ssl=1","width":32,"height":32,"caption":"Fundanci\u00f3n IRES"},"image":{"@id":"https:\/\/www.fundacioires.org\/#\/schema\/logo\/image\/"}}]}},"jetpack_sharing_enabled":true,"_links":{"self":[{"href":"https:\/\/www.fundacioires.org\/ca\/wp-json\/wp\/v2\/pages\/4076","targetHints":{"allow":["GET"]}}],"collection":[{"href":"https:\/\/www.fundacioires.org\/ca\/wp-json\/wp\/v2\/pages"}],"about":[{"href":"https:\/\/www.fundacioires.org\/ca\/wp-json\/wp\/v2\/types\/page"}],"author":[{"embeddable":true,"href":"https:\/\/www.fundacioires.org\/ca\/wp-json\/wp\/v2\/users\/2"}],"replies":[{"embeddable":true,"href":"https:\/\/www.fundacioires.org\/ca\/wp-json\/wp\/v2\/comments?post=4076"}],"version-history":[{"count":5,"href":"https:\/\/www.fundacioires.org\/ca\/wp-json\/wp\/v2\/pages\/4076\/revisions"}],"predecessor-version":[{"id":36230,"href":"https:\/\/www.fundacioires.org\/ca\/wp-json\/wp\/v2\/pages\/4076\/revisions\/36230"}],"wp:attachment":[{"href":"https:\/\/www.fundacioires.org\/ca\/wp-json\/wp\/v2\/media?parent=4076"}],"wp:term":[{"taxonomy":"proyectos","embeddable":true,"href":"https:\/\/www.fundacioires.org\/ca\/wp-json\/wp\/v2\/proyectos?post=4076"}],"curies":[{"name":"wp","href":"https:\/\/api.w.org\/{rel}","templated":true}]}}