{"id":70761,"date":"2025-04-03T12:05:54","date_gmt":"2025-04-03T10:05:54","guid":{"rendered":"https:\/\/www.fundacioires.org\/?page_id=70761"},"modified":"2025-05-06T10:45:08","modified_gmt":"2025-05-06T08:45:08","slug":"una-rosa-per-una-causa-2025","status":"publish","type":"page","link":"https:\/\/www.fundacioires.org\/ca\/una-rosa-per-una-causa-2025\/","title":{"rendered":"Una rosa per una causa 2025"},"content":{"rendered":"<h1>\n<p style=\"text-align: center;\">Una rosa per una causa<\/p>\n<\/h1>\n<div>\n<p style=\"text-align: center;\"><span style=\"background-color: white;\">Amb les nostres <strong><span style=\"color: #c41a2c;\">roses solid\u00e0ries de Sant Jordi<\/span><\/strong> ajudes a florir noves oportunitats per a persones i fam\u00edlies que afronten situacions de vulnerabilitat i malestar emocional. Col\u00b7labora per fer-ho possible i participa en el <strong>sorteig d\u2019una nit a una suite del Majestic Hotel &amp; Spa de Barcelona<\/strong>.<\/span><\/p>\n<\/div>\n<h1><strong>Aquesta 10a edici\u00f3 hem recaptat<\/strong><\/h1>\n<h1>\n<p class=\"uk-heading-large uk-text-center\" data-id=\"page#1-1-0-0\"><strong><span><span style=\"color: #c41a2c;\">12.063,07\u20ac<\/span><\/span><\/strong><\/p>\n<\/h1>\n<div>\n<p><strong><span style=\"color: #252525;\">Destinats a l\u2019atenci\u00f3 integral de fam\u00edlies en situaci\u00f3 de vulnerabilitat<\/span><\/strong><\/p>\n<\/div>\n<div>\n<p><strong>Moltes gr\u00e0cies<\/strong><span>\u00a0a totes les persones que n\u2019han format part: a totes les persones volunt\u00e0ries, als equips de l\u2019IRES que van participar, a aquelles que heu regalat les nostres roses solid\u00e0ries, i als mitjans de comunicaci\u00f3 que es van fer ress\u00f2 d\u2019aquesta iniciativa.<\/span><\/p>\n<\/div>\n<ul>\n<li>\n<p><img decoding=\"async\" src=\"\/wp-content\/uploads\/14-2.jpg\" alt=\"\"><\/p>\n<\/li>\n<li>\n<p><img decoding=\"async\" src=\"\/wp-content\/uploads\/12-2.jpg\" alt=\"\"><\/p>\n<\/li>\n<li>\n<p><img decoding=\"async\" src=\"\/wp-content\/uploads\/13-4.jpg\" alt=\"\"><\/p>\n<\/li>\n<li>\n<p><img decoding=\"async\" src=\"\/wp-content\/uploads\/15-3.jpg\" alt=\"\"><\/p>\n<\/li>\n<\/ul>\n<div>\n<p style=\"text-align: center;\">Participant en #UnaRosaPerUnaCausa, <strong>fas possible l&#8217;atenci\u00f3 integral a persones i fam\u00edlies<\/strong> que afronten situacions de dificultat que incrementen el seu risc d\u2019exclusi\u00f3 social. Potenciem les seves fortaleses i habilitats, perqu\u00e8 puguin transformar les seves vides.<\/p>\n<\/div>\n<div>\n<h2><strong><span style=\"color: #c41a2c;\">Gr\u00e0cies per fer cr\u00e9ixer un roser d\u2019oportunitats!<\/span><\/strong><\/h2>\n<\/div>\n<div><strong>Punts de llibre al Casal en Fam\u00edlia<\/strong><\/div>\n<div>\n<p style=\"text-align: center;\">Els nens i nenes del Casal en Fam\u00edlia han celebrat la Diada amb una activitat protagonitzada pel segon disseny guanyador \u201cRosa IRES\u201d\u00a0 del concurs impulsat per la Facultat de Comunicaci\u00f3 Blanquerna \u2013 URL dins\u00a0 &#8220;Una rosa per una causa&#8221;, fet per<strong>\u00a0Alicia Gim\u00e9nez de la Rubia <\/strong>i<strong> Carla Tach\u00f3 Pradas<\/strong><\/p>\n<\/div>\n<ul>\n<li>\n<p><img decoding=\"async\" src=\"\/wp-content\/uploads\/1-19.jpg\" alt=\"\"><\/p>\n<\/li>\n<li>\n<p><img decoding=\"async\" src=\"\/wp-content\/uploads\/4-15.jpg\" alt=\"\"><\/p>\n<\/li>\n<li>\n<p><img decoding=\"async\" src=\"\/wp-content\/uploads\/7-8.jpg\" alt=\"\"><\/p>\n<\/li>\n<li>\n<p><img decoding=\"async\" src=\"\/wp-content\/uploads\/5-12.jpg\" alt=\"\"><\/p>\n<\/li>\n<li>\n<p><img decoding=\"async\" src=\"\/wp-content\/uploads\/8-6.jpg\" alt=\"\"><\/p>\n<\/li>\n<li>\n<p><img decoding=\"async\" src=\"\/wp-content\/uploads\/10-5.jpg\" alt=\"\"><\/p>\n<\/li>\n<li>\n<p><img decoding=\"async\" src=\"\/wp-content\/uploads\/9-5.jpg\" alt=\"\"><\/p>\n<\/li>\n<\/ul>\n<div><strong>Les nostres aliances<\/strong><\/div>\n<div>\n<p><img decoding=\"async\" src=\"\/wp-content\/uploads\/Sin-titulo-7.png\" alt=\"\"><\/p>\n<\/div>\n<div>\n<p style=\"text-align: center;\"><strong>Disseny de la capsa<br \/><\/strong>Ona Bancells i Berta Garrido<br \/>Facultat de Comunicaci\u00f3<\/p>\n<\/div>\n<div>\n<p><img decoding=\"async\" src=\"\/wp-content\/uploads\/Sin-ti%CC%81tulo-1-8.png\" alt=\"\"><\/p>\n<\/div>\n<div>\n<p style=\"text-align: center;\"><strong>Majestic Hotel &amp; Spa de Barcelona<\/strong><\/p>\n<\/div>\n<h2><strong>Entitats i empreses que ho fan possible<\/strong><\/h2>\n<ul>\n<li>\n<p><img decoding=\"async\" src=\"\/wp-content\/uploads\/LOGOS-ALIATS_01.jpg\" alt=\"\"><\/p>\n<\/li>\n<li>\n<p><img decoding=\"async\" src=\"\/wp-content\/uploads\/LOGOS-ALIATS_02.jpg\" alt=\"\"><\/p>\n<\/li>\n<li>\n<p><img decoding=\"async\" src=\"\/wp-content\/uploads\/Sin-titulo-14.png\" alt=\"\"><\/p>\n<\/li>\n<li>\n<p><img decoding=\"async\" src=\"\/wp-content\/uploads\/Sin-ti%CC%81tulo-2-3.png\" alt=\"\"><\/p>\n<\/li>\n<li>\n<p><img decoding=\"async\" src=\"\/wp-content\/uploads\/logo_felca.png\" alt=\"\"><\/p>\n<\/li>\n<li>\n<p><img decoding=\"async\" src=\"\/wp-content\/uploads\/LOGOS-ALIATS_08.jpg\" alt=\"\"><\/p>\n<\/li>\n<li>\n<p><img decoding=\"async\" src=\"\/wp-content\/uploads\/LOGOS-ALIATS_10.jpg\" alt=\"\"><\/p>\n<\/li>\n<li>\n<p><img decoding=\"async\" src=\"\/wp-content\/uploads\/LOGOS-ALIATS_12.jpg\" alt=\"\"><\/p>\n<\/li>\n<li>\n<p><img decoding=\"async\" src=\"\/wp-content\/uploads\/Sin-titulo-16.png\" alt=\"\"><\/p>\n<\/li>\n<li>\n<p><img decoding=\"async\" src=\"\/wp-content\/uploads\/Sin-titulo-12-1.png\" alt=\"\"><\/p>\n<\/li>\n<li>\n<p><img decoding=\"async\" src=\"\/wp-content\/uploads\/LOGOS-ALIATS_14-1.jpg\" alt=\"\"><\/p>\n<\/li>\n<li>\n<p><img decoding=\"async\" src=\"\/wp-content\/uploads\/LOGOS-ALIATS_15.jpg\" alt=\"\"><\/p>\n<\/li>\n<li>\n<p><img decoding=\"async\" src=\"\/wp-content\/uploads\/LOGOS-ALIATS_17.jpg\" alt=\"\"><\/p>\n<\/li>\n<li>\n<p><img decoding=\"async\" src=\"\/wp-content\/uploads\/LOGOS-ALIATS_16.jpg\" alt=\"\"><\/p>\n<\/li>\n<li>\n<p><img decoding=\"async\" src=\"\/wp-content\/uploads\/LOGOS-ALIATS_18.jpg\" alt=\"\"><\/p>\n<\/li>\n<li>\n<p><img decoding=\"async\" src=\"\/wp-content\/uploads\/LOGOS-ALIATS_19.jpg\" alt=\"\"><\/p>\n<\/li>\n<\/ul>\n<div><b>Vols con\u00e8ixer tot el que fem des de la Fundaci\u00f3 IRES?<\/b><\/div>\n<p>\n    <a href=\"https:\/\/www.fundacioires.org\/ca\/que-fem\/la-nostra-causa\/\">S\u00ed, vull saber-ne m\u00e9s!<\/a>\n<\/p>\n<p><!--more--><br \/>\n<!-- {\"type\":\"layout\",\"children\":[{\"name\":\"Hero Parallax\",\"type\":\"section\",\"props\":{\"animation\":\"fade\",\"class\":\"parallax uk-position-relative\",\"height\":\"page\",\"image\":\"wp-content\\\/uploads\\\/IMG-CABECERA-HERO_04.svg\",\"image_effect\":\"parallax\",\"image_parallax_bgy\":\"0,150\",\"image_parallax_easing\":\"0\",\"image_position\":\"top-center\",\"image_size\":\"cover\",\"media_overlay\":\"rgba(0, 0, 0, 0.03)\",\"padding\":\"small\",\"padding_remove_top\":false,\"style\":\"default\",\"text_color\":\"dark\",\"title_breakpoint\":\"xl\",\"title_position\":\"top-left\",\"title_rotation\":\"left\",\"vertical_align\":\"\",\"width\":\"default\"},\"children\":[{\"type\":\"row\",\"props\":{\"height\":\"viewport\"},\"children\":[{\"type\":\"column\",\"props\":{\"image_position\":\"center-center\",\"position_sticky_breakpoint\":\"m\",\"vertical_align\":\"middle\",\"width_medium\":\"1-1\"},\"children\":[{\"type\":\"headline\",\"props\":{\"blend\":false,\"block_align\":\"center\",\"content\":\"\n\n<p style=\\\"text-align: center;\\\">Una rosa per una causa<\\\/p>\",\"maxwidth\":\"xlarge\",\"title_element\":\"h1\",\"title_style\":\"heading-large\"}},{\"type\":\"text\",\"props\":{\"block_align\":\"center\",\"column_breakpoint\":\"m\",\"content\":\"\n\n<p style=\\\"text-align: center;\\\"><span style=\\\"background-color: white;\\\">Amb les nostres <strong><span style=\\\"color: #c41a2c;\\\">roses solid\\u00e0ries de Sant Jordi<\\\/span><\\\/strong> ajudes a florir noves oportunitats per a persones i fam\\u00edlies que afronten situacions de vulnerabilitat i malestar emocional. Col\\u00b7labora per fer-ho possible i participa en el <strong>sorteig d\\u2019una nit a una suite del Majestic Hotel &amp; Spa de Barcelona<\\\/strong>.<\\\/span><\\\/p>\",\"margin\":\"default\",\"maxwidth\":\"2xlarge\",\"text_align\":\"center\",\"text_style\":\"lead\"}},{\"type\":\"button\",\"props\":{\"grid_column_gap\":\"small\",\"grid_row_gap\":\"small\",\"margin\":\"default\",\"status\":\"disabled\",\"text_align\":\"center\"},\"children\":[{\"type\":\"button_item\",\"props\":{\"button_style\":\"primary\",\"content\":\"Vull participar\",\"icon\":\"heart\",\"icon_align\":\"left\",\"link\":\"#Formulari\"}}]}]}]}]},{\"type\":\"section\",\"props\":{\"image_position\":\"center-center\",\"padding\":\"small\",\"style\":\"default\",\"title_breakpoint\":\"xl\",\"title_position\":\"top-left\",\"title_rotation\":\"left\",\"vertical_align\":\"\",\"width\":\"expand\"},\"children\":[{\"type\":\"row\",\"children\":[{\"type\":\"column\",\"props\":{\"image_position\":\"center-center\",\"position_sticky_breakpoint\":\"m\"},\"children\":[{\"type\":\"headline\",\"props\":{\"content\":\"<strong>Aquesta 10a edici\\u00f3 hem recaptat<\\\/strong>\",\"text_align\":\"center\",\"title_element\":\"h1\"}}]}]},{\"type\":\"row\",\"props\":{\"column_gap\":\"small\",\"layout\":\"1-2,1-2\",\"width\":\"large\"},\"children\":[{\"type\":\"column\",\"props\":{\"image_position\":\"center-center\",\"position_sticky_breakpoint\":\"m\",\"width_medium\":\"1-2\"},\"children\":[{\"type\":\"headline\",\"props\":{\"content\":\"\n\n<p class=\\\"uk-heading-large uk-text-center\\\" data-id=\\\"page#1-1-0-0\\\"><strong><span><span style=\\\"color: #c41a2c;\\\">12.063,07\\u20ac<\\\/span><\\\/span><\\\/strong><\\\/p>\",\"text_align\":\"center\",\"title_element\":\"h1\",\"title_style\":\"heading-large\"}},{\"type\":\"text\",\"props\":{\"block_align\":\"center\",\"column_breakpoint\":\"m\",\"content\":\"\n\n<p><strong><span style=\\\"color: #252525;\\\">Destinats a l\\u2019atenci\\u00f3 integral de fam\\u00edlies en situaci\\u00f3 de vulnerabilitat<\\\/span><\\\/strong><\\\/p>\",\"margin\":\"default\",\"maxwidth\":\"large\",\"text_align\":\"center\",\"text_style\":\"large\"}}]},{\"type\":\"column\",\"props\":{\"image_position\":\"center-center\",\"position_sticky_breakpoint\":\"m\",\"width_medium\":\"1-2\"},\"children\":[{\"type\":\"text\",\"props\":{\"column_breakpoint\":\"m\",\"content\":\"\n\n<p><strong>Moltes gr\\u00e0cies<\\\/strong><span>\\u00a0a totes les persones que n\\u2019han format part: a totes les persones volunt\\u00e0ries, als equips de l\\u2019IRES que van participar, a aquelles que heu regalat les nostres roses solid\\u00e0ries, i als mitjans de comunicaci\\u00f3 que es van fer ress\\u00f2 d\\u2019aquesta iniciativa.<\\\/span><\\\/p>\",\"margin\":\"default\",\"text_style\":\"lead\"}}]}]},{\"type\":\"row\",\"children\":[{\"type\":\"column\",\"props\":{\"image_position\":\"center-center\",\"position_sticky_breakpoint\":\"m\"},\"children\":[{\"type\":\"panel-slider\",\"props\":{\"content_column_breakpoint\":\"m\",\"icon_width\":80,\"image_align\":\"top\",\"image_grid_breakpoint\":\"m\",\"image_grid_width\":\"1-2\",\"image_svg_color\":\"emphasis\",\"link_style\":\"default\",\"link_text\":\"Read more\",\"margin\":\"default\",\"meta_align\":\"below-title\",\"meta_element\":\"div\",\"meta_style\":\"text-meta\",\"nav\":\"dotnav\",\"nav_align\":\"center\",\"nav_breakpoint\":\"s\",\"panel_match\":true,\"show_content\":true,\"show_image\":true,\"show_link\":true,\"show_meta\":true,\"show_title\":true,\"slidenav\":\"outside\",\"slidenav_breakpoint\":\"xl\",\"slidenav_margin\":\"medium\",\"slidenav_outside_breakpoint\":\"xl\",\"slider_autoplay_pause\":true,\"slider_gap\":\"default\",\"slider_width\":\"fixed\",\"slider_width_default\":\"1-1\",\"slider_width_medium\":\"1-3\",\"title_align\":\"top\",\"title_element\":\"h3\",\"title_grid_breakpoint\":\"m\",\"title_grid_width\":\"1-2\",\"title_hover_style\":\"reset\"},\"children\":[{\"type\":\"panel-slider_item\",\"props\":{\"image\":\"wp-content\\\/uploads\\\/14-2.jpg\"}},{\"type\":\"panel-slider_item\",\"props\":{\"image\":\"wp-content\\\/uploads\\\/12-2.jpg\"}},{\"type\":\"panel-slider_item\",\"props\":{\"image\":\"wp-content\\\/uploads\\\/13-4.jpg\"}},{\"type\":\"panel-slider_item\",\"props\":{\"image\":\"wp-content\\\/uploads\\\/15-3.jpg\"}}]}]}]}],\"name\":\"CAPTACI\\u00d3\"},{\"type\":\"section\",\"props\":{\"class\":\"redMuted\",\"image_position\":\"center-center\",\"status\":\"disabled\",\"style\":\"default\",\"title_breakpoint\":\"xl\",\"title_position\":\"top-left\",\"title_rotation\":\"left\",\"vertical_align\":\"\",\"width\":\"default\"},\"children\":[{\"type\":\"row\",\"props\":{\"layout\":\"1-2,1-2\"},\"children\":[{\"type\":\"column\",\"props\":{\"image_position\":\"center-center\",\"position_sticky_breakpoint\":\"m\",\"width_medium\":\"1-2\"},\"children\":[{\"type\":\"headline\",\"props\":{\"content\":\"On ens pots trobar el <strong>23 d'abril<\\\/strong>?\",\"maxwidth\":\"large\",\"title_element\":\"div\",\"title_style\":\"h1\"}},{\"type\":\"text\",\"props\":{\"block_align_breakpoint\":\"l\",\"block_align_fallback\":\"center\",\"column_breakpoint\":\"m\",\"content\":\"\n\n<h4>El dia de Sant Jordi ens trobar\\u00e0s a l'entrada principal del <strong>Majestic Hotel &amp; Spa<\\\/strong> per celebrar la Diada amb <strong>#UnaRosaPerUnaCausa<\\\/strong>, el sorteig d\\u2019una nit a una suite de l\\u2019hotel i alguna sorpresa m\\u00e9s.<\\\/h4>\\n\n\n<h4><strong>Ens pots trobar a:<\\\/strong><br \\\/>Passeig de Gr\\u00e0cia, 68 (amb C. Val\\u00e8ncia)<br \\\/>Des de les 9:30h del mat\\u00ed<\\\/h4>\",\"margin\":\"small\",\"margin_remove_top\":false,\"maxwidth\":\"large\",\"maxwidth_breakpoint\":\"m\",\"parallax_breakpoint\":\"m\",\"parallax_easing\":\"0.3\",\"parallax_end\":\"50vh + 50%\",\"parallax_opacity\":\"0.7,1\",\"parallax_x\":\"-150,0\",\"text_align\":\"left\",\"text_align_breakpoint\":\"l\",\"text_align_fallback\":\"center\"}},{\"type\":\"button\",\"props\":{\"grid_column_gap\":\"small\",\"grid_row_gap\":\"small\",\"margin\":\"default\"},\"children\":[{\"type\":\"button_item\",\"props\":{\"button_style\":\"default\",\"content\":\"Com arribar-hi?\",\"icon\":\"location\",\"icon_align\":\"left\",\"link\":\"https:\\\/\\\/goo.gl\\\/maps\\\/chKdqKW3b4wvueTBA\"}}]}]},{\"type\":\"column\",\"props\":{\"image_position\":\"center-center\",\"position_sticky_breakpoint\":\"m\",\"width_medium\":\"1-2\"},\"children\":[{\"type\":\"image\",\"props\":{\"animation\":\"parallax\",\"css\":\".el-image { max-width: 70vw; }\",\"image\":\"wp-content\\\/uploads\\\/IMG_Rosas_Landing_01.svg\",\"image_svg_color\":\"emphasis\",\"image_width\":\"780\",\"margin\":\"default\",\"parallax_easing\":\"1\",\"parallax_y\":\"-3vh,3vh\",\"position\":\"absolute\",\"position_right\":\"160\",\"position_top\":\"-20\",\"position_z_index\":\"0\",\"text_align\":\"center\",\"text_align_breakpoint\":\"m\"}},{\"type\":\"panel-slider\",\"props\":{\"content_column_breakpoint\":\"m\",\"icon_width\":80,\"image_align\":\"top\",\"image_border\":\"rounded\",\"image_grid_breakpoint\":\"m\",\"image_grid_width\":\"1-2\",\"image_svg_color\":\"emphasis\",\"link_style\":\"default\",\"link_text\":\"Read more\",\"margin\":\"default\",\"meta_align\":\"below-title\",\"meta_element\":\"div\",\"meta_style\":\"text-meta\",\"nav\":\"dotnav\",\"nav_align\":\"center\",\"nav_breakpoint\":\"s\",\"panel_match\":true,\"show_content\":true,\"show_image\":true,\"show_link\":true,\"show_meta\":true,\"show_title\":true,\"slidenav\":\"outside\",\"slidenav_breakpoint\":\"xl\",\"slidenav_margin\":\"medium\",\"slidenav_outside_breakpoint\":\"xl\",\"slider_autoplay\":true,\"slider_autoplay_pause\":true,\"slider_gap\":\"default\",\"slider_width\":\"fixed\",\"slider_width_default\":\"1-1\",\"slider_width_medium\":\"1-1\",\"title_align\":\"top\",\"title_element\":\"h3\",\"title_grid_breakpoint\":\"m\",\"title_grid_width\":\"1-2\",\"title_hover_style\":\"reset\"},\"children\":[{\"type\":\"panel-slider_item\",\"props\":{\"image\":\"wp-content\\\/uploads\\\/FOTO_LANDING_SJ25_03.jpg\"}},{\"type\":\"panel-slider_item\",\"props\":{\"image\":\"wp-content\\\/uploads\\\/FOTO_LANDING_SJ25_02.jpg\"}},{\"type\":\"panel-slider_item\",\"props\":{\"image\":\"wp-content\\\/uploads\\\/FOTO_LANDING_SJ25_01.jpg\"}}]}]}]}],\"name\":\"Parada rosas\"},{\"name\":\"FORMULARI CONCURS\",\"type\":\"section\",\"props\":{\"css\":\"@media (min-width:1011px){\\n    .el-section .subtitle{\\n        min-height:87px;\\n    }\\n}\\n\\n@media (min-width:959px) and (max-width:1010px){\\n    .el-section .subtitle{\\n        min-height:116px;\\n    }\\n}\",\"id\":\"Formulari\",\"image_effect\":\"parallax\",\"image_parallax_bgy\":\"300,450\",\"image_parallax_easing\":\"1\",\"image_position\":\"bottom-right\",\"image_size\":\"cover\",\"image_width\":\"700\",\"padding\":\"large\",\"status\":\"disabled\",\"style\":\"default\",\"title_breakpoint\":\"xl\",\"title_position\":\"top-left\",\"title_rotation\":\"left\",\"vertical_align\":\"\",\"width\":\"\"},\"children\":[{\"type\":\"row\",\"props\":{\"column_gap\":\"large\",\"divider\":false,\"layout\":\"1-2,1-2\",\"margin\":\"large\",\"margin_remove_bottom\":false,\"width\":\"default\"},\"children\":[{\"type\":\"column\",\"props\":{\"image_position\":\"center-center\",\"position_sticky_breakpoint\":\"m\",\"width_medium\":\"1-2\"},\"children\":[{\"type\":\"panel\",\"props\":{\"content\":\"\n\n<h4>Aquest Sant Jordi, <strong>sortegem una nit en una suite del <span style=\\\"color: #c13b2a;\\\">Majestic Hotel &amp; Spa de Barcelona<\\\/span> per a dues persones<\\\/strong>. Un establiment emblem\\u00e0tic al cor de la ciutat comtal que \\u00e9s tot un referent d\\u2019estil elegant i atemporal.<\\\/h4>\",\"content_column_breakpoint\":\"m\",\"icon_width\":80,\"image\":\"wp-content\\\/uploads\\\/suite-hotel-majestic-centro-barcelona_02.png\",\"image_align\":\"top\",\"image_grid_breakpoint\":\"m\",\"image_grid_width\":\"1-2\",\"image_svg_color\":\"emphasis\",\"link_style\":\"default\",\"link_text\":\"Read more\",\"margin\":\"default\",\"meta_align\":\"below-title\",\"meta_element\":\"div\",\"meta_style\":\"text-meta\",\"panel_image_no_padding\":true,\"panel_padding\":\"default\",\"panel_style\":\"card-default\",\"title_align\":\"top\",\"title_element\":\"h3\",\"title_grid_breakpoint\":\"m\",\"title_grid_width\":\"1-2\",\"title_hover_style\":\"reset\"}}]},{\"type\":\"column\",\"props\":{\"image_position\":\"center-center\",\"position_sticky_breakpoint\":\"m\",\"width_medium\":\"1-2\"},\"children\":[{\"type\":\"headline\",\"props\":{\"content\":\"<strong>Participa en el concurs!<\\\/strong>\",\"maxwidth\":\"medium\",\"title_element\":\"div\",\"title_style\":\"h1\"}},{\"type\":\"html\",\"props\":{\"content\":\"[contact-form-7 id=\\\"96350b2\\\" title=\\\"Formulari Sant Jordi 2024 CAT\\\"]\\n<script>\\ndocument.getElementById('recipient').value = 'comunicacio@fundacioires.org';\\n<\\\/script>\",\"css\":\".el-element{\\n\\tmargin-bottom:20px;\\n}\"},\"name\":\"Formulari projecte CAT\"}]}]}]},{\"type\":\"section\",\"props\":{\"image\":\"wp-content\\\/uploads\\\/IMG-ROSAS-FONDO.svg\",\"image_position\":\"bottom-center\",\"status\":\"disabled\",\"style\":\"default\",\"title_breakpoint\":\"xl\",\"title_position\":\"top-left\",\"title_rotation\":\"left\",\"vertical_align\":\"\",\"width\":\"default\"},\"children\":[{\"type\":\"row\",\"children\":[{\"type\":\"column\",\"props\":{\"image_position\":\"center-center\",\"position_sticky_breakpoint\":\"m\"},\"children\":[{\"type\":\"headline\",\"props\":{\"content\":\"\n\n<p style=\\\"text-align: center;\\\"><strong><span style=\\\"color: #c41a2c;\\\">Roses solid\\u00e0ries amb premi<\\\/span><\\\/strong><\\\/p>\",\"margin\":\"small\",\"title_element\":\"h3\",\"title_style\":\"heading-medium\"}},{\"type\":\"text\",\"props\":{\"block_align\":\"center\",\"column_breakpoint\":\"m\",\"content\":\"\n\n<p>Aquesta Diada amb les nostres roses sortegem una nit en una suite del <strong><span style=\\\"color: #c41a2c;\\\">Majestic Hotel &amp; Spa Barcelona<\\\/span><\\\/strong> per a dues persones.<br \\\/><strong>Participa en el concurs a partir del dia 22!<\\\/strong><\\\/p>\",\"margin\":\"default\",\"maxwidth\":\"xlarge\",\"text_align\":\"center\",\"text_style\":\"lead\"}}]}],\"props\":{\"width\":\"expand\"}},{\"type\":\"row\",\"children\":[{\"type\":\"column\",\"props\":{\"image_position\":\"center-center\",\"position_sticky_breakpoint\":\"m\"},\"children\":[{\"type\":\"panel\",\"props\":{\"block_align\":\"center\",\"content\":\"\n\n<h4>Un establiment emblem\\u00e0tic al cor de la ciutat comtal amb <strong>m\\u00e9s de 10 anys de comprom\\u00eds social<\\\/strong> amb la campanya #UnaRosaPerUnaCausa.<\\\/h4>\",\"content_column_breakpoint\":\"m\",\"icon_width\":80,\"image\":\"wp-content\\\/uploads\\\/suite-hotel-majestic-centro-barcelona_02.png\",\"image_align\":\"top\",\"image_grid_breakpoint\":\"m\",\"image_grid_width\":\"1-2\",\"image_svg_color\":\"emphasis\",\"link_style\":\"default\",\"link_text\":\"Read more\",\"margin\":\"default\",\"maxwidth\":\"large\",\"meta_align\":\"below-title\",\"meta_element\":\"div\",\"meta_style\":\"text-meta\",\"panel_image_no_padding\":true,\"panel_padding\":\"default\",\"panel_style\":\"card-default\",\"title_align\":\"top\",\"title_element\":\"h3\",\"title_grid_breakpoint\":\"m\",\"title_grid_width\":\"1-2\",\"title_hover_style\":\"reset\"}}]}]}],\"name\":\"PRE-CONCURS (OCULTO)\"},{\"type\":\"section\",\"props\":{\"class\":\"redMuted\",\"image_position\":\"center-center\",\"image_size\":\"cover\",\"style\":\"default\",\"title_breakpoint\":\"xl\",\"title_position\":\"top-left\",\"title_rotation\":\"left\",\"vertical_align\":\"\",\"width\":\"default\"},\"children\":[{\"type\":\"row\",\"children\":[{\"type\":\"column\",\"props\":{\"image_position\":\"center-center\",\"position_sticky_breakpoint\":\"m\"},\"children\":[{\"type\":\"text\",\"props\":{\"block_align\":\"center\",\"column_breakpoint\":\"m\",\"content\":\"\n\n<p style=\\\"text-align: center;\\\">Participant en #UnaRosaPerUnaCausa, <strong>fas possible l'atenci\\u00f3 integral a persones i fam\\u00edlies<\\\/strong> que afronten situacions de dificultat que incrementen el seu risc d\\u2019exclusi\\u00f3 social. Potenciem les seves fortaleses i habilitats, perqu\\u00e8 puguin transformar les seves vides.<\\\/p>\",\"margin\":\"default\",\"maxwidth\":\"2xlarge\",\"text_style\":\"lead\"}},{\"type\":\"text\",\"props\":{\"column_breakpoint\":\"m\",\"content\":\"\n\n<h2><strong><span style=\\\"color: #c41a2c;\\\">Gr\\u00e0cies per fer cr\\u00e9ixer un roser d\\u2019oportunitats!<\\\/span><\\\/strong><\\\/h2>\",\"margin\":\"default\",\"text_align\":\"center\",\"text_style\":\"lead\"}}]}]}],\"name\":\"AGRADECIMIENTO\"},{\"type\":\"section\",\"props\":{\"image_position\":\"center-center\",\"style\":\"default\",\"title_breakpoint\":\"xl\",\"title_position\":\"top-left\",\"title_rotation\":\"left\",\"vertical_align\":\"middle\",\"width\":\"\"},\"children\":[{\"type\":\"row\",\"children\":[{\"type\":\"column\",\"props\":{\"image_position\":\"center-center\",\"position_sticky_breakpoint\":\"m\"},\"children\":[{\"type\":\"headline\",\"props\":{\"block_align\":\"center\",\"content\":\"<strong>Punts de llibre al Casal en Fam\\u00edlia<\\\/strong>\",\"maxwidth\":\"2xlarge\",\"text_align\":\"center\",\"title_element\":\"div\",\"title_style\":\"h1\"}},{\"type\":\"text\",\"props\":{\"block_align\":\"center\",\"column_breakpoint\":\"m\",\"content\":\"\n\n<p style=\\\"text-align: center;\\\">Els nens i nenes del Casal en Fam\\u00edlia han celebrat la Diada amb una activitat protagonitzada pel segon disseny guanyador \\u201cRosa IRES\\u201d\\u00a0 del concurs impulsat per la Facultat de Comunicaci\\u00f3 Blanquerna \\u2013 URL dins\\u00a0 \\\"Una rosa per una causa\\\", fet per<strong>\\u00a0Alicia Gim\\u00e9nez de la Rubia <\\\/strong>i<strong> Carla Tach\\u00f3 Pradas<\\\/strong><\\\/p>\",\"margin\":\"default\",\"maxwidth\":\"2xlarge\",\"text_style\":\"lead\"}}]}]},{\"type\":\"row\",\"props\":{\"width\":\"expand\"},\"children\":[{\"type\":\"column\",\"props\":{\"image_position\":\"center-center\",\"position_sticky_breakpoint\":\"m\"},\"children\":[{\"type\":\"panel-slider\",\"props\":{\"content_column_breakpoint\":\"m\",\"icon_width\":80,\"image_align\":\"top\",\"image_grid_breakpoint\":\"m\",\"image_grid_width\":\"1-2\",\"image_svg_color\":\"emphasis\",\"link_style\":\"default\",\"link_text\":\"Read more\",\"margin\":\"default\",\"meta_align\":\"below-title\",\"meta_element\":\"div\",\"meta_style\":\"text-meta\",\"nav\":\"dotnav\",\"nav_align\":\"center\",\"nav_breakpoint\":\"s\",\"panel_match\":true,\"show_content\":true,\"show_image\":true,\"show_link\":true,\"show_meta\":true,\"show_title\":false,\"slidenav\":\"outside\",\"slidenav_breakpoint\":\"xl\",\"slidenav_margin\":\"medium\",\"slidenav_outside_breakpoint\":\"xl\",\"slider_autoplay\":true,\"slider_autoplay_pause\":true,\"slider_gap\":\"default\",\"slider_width\":\"fixed\",\"slider_width_default\":\"1-1\",\"slider_width_medium\":\"1-3\",\"title_align\":\"top\",\"title_element\":\"h3\",\"title_grid_breakpoint\":\"m\",\"title_grid_width\":\"1-2\",\"title_hover_style\":\"reset\"},\"children\":[{\"type\":\"panel-slider_item\",\"props\":{\"image\":\"wp-content\\\/uploads\\\/1-19.jpg\"}},{\"type\":\"panel-slider_item\",\"props\":{\"image\":\"wp-content\\\/uploads\\\/4-15.jpg\"}},{\"type\":\"panel-slider_item\",\"props\":{\"image\":\"wp-content\\\/uploads\\\/7-8.jpg\"}},{\"type\":\"panel-slider_item\",\"props\":{\"image\":\"wp-content\\\/uploads\\\/5-12.jpg\"}},{\"type\":\"panel-slider_item\",\"props\":{\"image\":\"wp-content\\\/uploads\\\/8-6.jpg\"}},{\"type\":\"panel-slider_item\",\"props\":{\"image\":\"wp-content\\\/uploads\\\/10-5.jpg\"}},{\"type\":\"panel-slider_item\",\"props\":{\"image\":\"wp-content\\\/uploads\\\/9-5.jpg\"}}]}]}]}],\"name\":\"PUNT DE LLIBRE CASAL\"},{\"type\":\"section\",\"props\":{\"image_position\":\"center-center\",\"padding_remove_top\":false,\"style\":\"muted\",\"title_breakpoint\":\"xl\",\"title_position\":\"top-left\",\"title_rotation\":\"left\",\"vertical_align\":\"\",\"width\":\"default\"},\"children\":[{\"type\":\"row\",\"props\":{\"margin\":\"medium\"},\"children\":[{\"type\":\"column\",\"props\":{\"image_position\":\"center-center\",\"position_sticky_breakpoint\":\"m\",\"width_medium\":\"1-1\"},\"children\":[{\"type\":\"headline\",\"props\":{\"block_align\":\"center\",\"content\":\"<strong>Les nostres aliances<\\\/strong>\",\"maxwidth\":\"xlarge\",\"text_align\":\"center\",\"title_element\":\"div\",\"title_style\":\"h1\"}}]}]},{\"type\":\"row\",\"props\":{\"layout\":\"1-2,1-2\",\"width\":\"small\"},\"children\":[{\"type\":\"column\",\"props\":{\"image_position\":\"center-center\",\"position_sticky_breakpoint\":\"m\",\"width_medium\":\"1-2\"},\"children\":[{\"type\":\"grid\",\"props\":{\"content_column_breakpoint\":\"m\",\"filter_align\":\"left\",\"filter_all\":true,\"filter_grid_breakpoint\":\"m\",\"filter_grid_width\":\"auto\",\"filter_position\":\"top\",\"filter_style\":\"tab\",\"grid_default\":\"1\",\"grid_medium\":\"1\",\"icon_width\":80,\"image_align\":\"top\",\"image_grid_breakpoint\":\"m\",\"image_grid_width\":\"1-2\",\"image_svg_color\":\"emphasis\",\"item_animation\":true,\"link_style\":\"default\",\"link_text\":\"Read more\",\"margin\":\"default\",\"meta_align\":\"below-title\",\"meta_element\":\"div\",\"meta_style\":\"text-meta\",\"panel_padding\":\"small\",\"parallax_easing\":\"1\",\"show_content\":true,\"show_image\":true,\"show_link\":true,\"show_meta\":true,\"show_title\":true,\"text_align\":\"center\",\"title_align\":\"top\",\"title_element\":\"h3\",\"title_grid_breakpoint\":\"m\",\"title_grid_width\":\"1-2\",\"title_hover_style\":\"reset\"},\"children\":[{\"type\":\"grid_item\",\"props\":{\"image\":\"wp-content\\\/uploads\\\/Sin-titulo-7.png\",\"panel_style\":\"card-default\"}}]},{\"type\":\"text\",\"props\":{\"block_align\":\"center\",\"column_breakpoint\":\"m\",\"content\":\"\n\n<p style=\\\"text-align: center;\\\"><strong>Disseny de la capsa<br \\\/><\\\/strong>Ona Bancells i Berta Garrido<br \\\/>Facultat de Comunicaci\\u00f3<\\\/p>\",\"margin\":\"default\",\"maxwidth\":\"2xlarge\",\"text_style\":\"large\"}}]},{\"type\":\"column\",\"props\":{\"image_position\":\"center-center\",\"position_sticky_breakpoint\":\"m\",\"width_medium\":\"1-2\"},\"children\":[{\"type\":\"grid\",\"props\":{\"content_column_breakpoint\":\"m\",\"filter_align\":\"left\",\"filter_all\":true,\"filter_grid_breakpoint\":\"m\",\"filter_grid_width\":\"auto\",\"filter_position\":\"top\",\"filter_style\":\"tab\",\"grid_default\":\"1\",\"grid_medium\":\"1\",\"icon_width\":80,\"image_align\":\"top\",\"image_grid_breakpoint\":\"m\",\"image_grid_width\":\"1-2\",\"image_svg_color\":\"emphasis\",\"item_animation\":true,\"link_style\":\"default\",\"link_text\":\"Read more\",\"margin\":\"default\",\"meta_align\":\"below-title\",\"meta_element\":\"div\",\"meta_style\":\"text-meta\",\"panel_padding\":\"small\",\"parallax_easing\":\"1\",\"show_content\":true,\"show_image\":true,\"show_link\":true,\"show_meta\":true,\"show_title\":true,\"text_align\":\"center\",\"title_align\":\"top\",\"title_element\":\"h3\",\"title_grid_breakpoint\":\"m\",\"title_grid_width\":\"1-2\",\"title_hover_style\":\"reset\"},\"children\":[{\"type\":\"grid_item\",\"props\":{\"image\":\"wp-content\\\/uploads\\\/Sin-ti\\u0301tulo-1-8.png\",\"panel_style\":\"card-default\"}}]},{\"type\":\"text\",\"props\":{\"block_align\":\"center\",\"column_breakpoint\":\"m\",\"content\":\"\n\n<p style=\\\"text-align: center;\\\"><strong>Majestic Hotel &amp; Spa de Barcelona<\\\/strong><\\\/p>\",\"margin\":\"default\",\"maxwidth\":\"2xlarge\",\"text_style\":\"large\"}}]}]},{\"type\":\"row\",\"props\":{\"margin\":\"large\"},\"children\":[{\"type\":\"column\",\"props\":{\"image_position\":\"center-center\",\"position_sticky_breakpoint\":\"m\",\"width_medium\":\"1-1\"},\"children\":[{\"type\":\"headline\",\"props\":{\"content\":\"<strong>Entitats i empreses que ho fan possible<\\\/strong>\",\"text_align\":\"center\",\"title_element\":\"h2\"}},{\"type\":\"panel-slider\",\"props\":{\"content_column_breakpoint\":\"m\",\"icon_width\":80,\"image_align\":\"top\",\"image_grid_breakpoint\":\"m\",\"image_grid_width\":\"1-2\",\"image_height\":\"100\",\"image_svg_color\":\"emphasis\",\"link_style\":\"default\",\"link_text\":\"Read more\",\"margin\":\"default\",\"meta_align\":\"below-title\",\"meta_element\":\"div\",\"meta_style\":\"text-meta\",\"nav\":\"dotnav\",\"nav_align\":\"center\",\"nav_breakpoint\":\"s\",\"panel_link\":false,\"panel_match\":true,\"panel_padding\":\"small\",\"panel_style\":\"card-default\",\"show_content\":true,\"show_image\":true,\"show_link\":true,\"show_meta\":true,\"show_title\":true,\"slidenav\":\"outside\",\"slidenav_breakpoint\":\"xl\",\"slidenav_margin\":\"medium\",\"slidenav_outside_breakpoint\":\"xl\",\"slider_autoplay\":true,\"slider_autoplay_interval\":\"5\",\"slider_autoplay_pause\":true,\"slider_gap\":\"default\",\"slider_velocity\":\"0.5\",\"slider_width\":\"fixed\",\"slider_width_default\":\"1-1\",\"slider_width_medium\":\"1-4\",\"text_align\":\"center\",\"title_align\":\"top\",\"title_element\":\"h3\",\"title_grid_breakpoint\":\"m\",\"title_grid_width\":\"1-2\",\"title_hover_style\":\"reset\"},\"children\":[{\"type\":\"panel-slider_item\",\"props\":{\"image\":\"wp-content\\\/uploads\\\/LOGOS-ALIATS_01.jpg\"}},{\"type\":\"panel-slider_item\",\"props\":{\"image\":\"wp-content\\\/uploads\\\/LOGOS-ALIATS_02.jpg\"}},{\"type\":\"panel-slider_item\",\"props\":{\"image\":\"wp-content\\\/uploads\\\/Sin-titulo-14.png\"}},{\"type\":\"panel-slider_item\",\"props\":{\"image\":\"wp-content\\\/uploads\\\/Sin-ti\\u0301tulo-2-3.png\"}},{\"type\":\"panel-slider_item\",\"props\":{\"image\":\"wp-content\\\/uploads\\\/logo_felca.png\"}},{\"type\":\"panel-slider_item\",\"props\":{\"image\":\"wp-content\\\/uploads\\\/LOGOS-ALIATS_08.jpg\"}},{\"type\":\"panel-slider_item\",\"props\":{\"image\":\"wp-content\\\/uploads\\\/LOGOS-ALIATS_10.jpg\"}},{\"type\":\"panel-slider_item\",\"props\":{\"image\":\"wp-content\\\/uploads\\\/LOGOS-ALIATS_12.jpg\"}},{\"type\":\"panel-slider_item\",\"props\":{\"image\":\"wp-content\\\/uploads\\\/Sin-titulo-16.png\"}},{\"type\":\"panel-slider_item\",\"props\":{\"image\":\"wp-content\\\/uploads\\\/Sin-titulo-12-1.png\"}},{\"type\":\"panel-slider_item\",\"props\":{\"image\":\"wp-content\\\/uploads\\\/LOGOS-ALIATS_14-1.jpg\"}},{\"type\":\"panel-slider_item\",\"props\":{\"image\":\"wp-content\\\/uploads\\\/LOGOS-ALIATS_15.jpg\"}},{\"type\":\"panel-slider_item\",\"props\":{\"image\":\"wp-content\\\/uploads\\\/LOGOS-ALIATS_17.jpg\"}},{\"type\":\"panel-slider_item\",\"props\":{\"image\":\"wp-content\\\/uploads\\\/LOGOS-ALIATS_16.jpg\"}},{\"type\":\"panel-slider_item\",\"props\":{\"image\":\"wp-content\\\/uploads\\\/LOGOS-ALIATS_18.jpg\"}},{\"type\":\"panel-slider_item\",\"props\":{\"image\":\"wp-content\\\/uploads\\\/LOGOS-ALIATS_19.jpg\"}}]}]}]}],\"name\":\"Empresas\"},{\"type\":\"section\",\"props\":{\"animation\":\"fade\",\"class\":\"redMuted\",\"image_position\":\"center-center\",\"status\":\"disabled\",\"style\":\"default\",\"title_breakpoint\":\"xl\",\"title_position\":\"top-left\",\"title_rotation\":\"left\",\"vertical_align\":\"\",\"width\":\"xlarge\"},\"children\":[{\"type\":\"row\",\"children\":[{\"type\":\"column\",\"props\":{\"image_position\":\"center-center\",\"position_sticky_breakpoint\":\"m\"},\"children\":[{\"type\":\"panel\",\"props\":{\"content\":\"\n\n<p>Si vols compartir la Diada amb el teu equip, contacta amb nosaltres i t'expliquem com fer-ho.<\\\/p>\\n\n\n<p>Truca'ns al <a href=\\\"tel:653938113\\\"><strong>653 938 113<\\\/strong><\\\/a> o escriu a:<\\\/p>\",\"content_column_breakpoint\":\"m\",\"content_style\":\"text-large\",\"icon\":\"\",\"icon_width\":80,\"image\":\"wp-content\\\/uploads\\\/MicrosoftTeams-image-2.jpg\",\"image_align\":\"left\",\"image_grid_breakpoint\":\"m\",\"image_grid_width\":\"1-2\",\"image_svg_color\":\"emphasis\",\"link\":\"mailto:comunicacio@fundacioires.org\",\"link_style\":\"danger\",\"link_text\":\"comunicacio@fundacioires.org\",\"margin\":\"default\",\"meta_align\":\"below-title\",\"meta_element\":\"div\",\"meta_style\":\"text-meta\",\"panel_expand\":\"image\",\"panel_image_no_padding\":true,\"panel_padding\":\"default\",\"panel_style\":\"card-default\",\"title\":\"Ets una empresa?\",\"title_align\":\"top\",\"title_element\":\"h3\",\"title_grid_breakpoint\":\"m\",\"title_grid_width\":\"1-2\",\"title_hover_style\":\"reset\",\"title_style\":\"h2\"}}]}],\"props\":{\"width\":\"expand\"}}],\"name\":\"INTRO + EMPRESA (Oculto)\"},{\"type\":\"section\",\"props\":{\"image_position\":\"center-center\",\"padding\":\"small\",\"padding_remove_bottom\":true,\"padding_remove_top\":false,\"status\":\"disabled\",\"style\":\"default\",\"title_breakpoint\":\"xl\",\"title_position\":\"top-left\",\"title_rotation\":\"left\",\"vertical_align\":\"\",\"width\":\"large\",\"width_expand\":\"left\"},\"children\":[{\"type\":\"row\",\"props\":{\"column_gap\":\"large\",\"layout\":\"2-3,1-3\",\"row_gap\":\"large\"},\"children\":[{\"type\":\"column\",\"props\":{\"image_position\":\"center-center\",\"position_sticky_breakpoint\":\"m\",\"vertical_align\":\"middle\",\"width_large\":\"2-3\"},\"children\":[{\"type\":\"image\",\"props\":{\"animation\":\"parallax\",\"css\":\".el-image { max-width: 70vw; }\",\"image\":\"wp-content\\\/uploads\\\/Top-Parallax-Hero-Verm.svg\",\"image_svg_color\":\"emphasis\",\"image_width\":\"540\",\"margin\":\"default\",\"parallax_easing\":\"1\",\"parallax_y\":\"-3vh,3vh\",\"position\":\"absolute\",\"position_right\":\"60\",\"position_top\":\"-40\",\"position_z_index\":\"0\",\"text_align\":\"center\",\"text_align_breakpoint\":\"m\"}},{\"type\":\"panel-slider\",\"props\":{\"content_column_breakpoint\":\"m\",\"icon_width\":80,\"image_align\":\"top\",\"image_border\":\"rounded\",\"image_grid_breakpoint\":\"m\",\"image_grid_width\":\"1-2\",\"image_height\":\"540\",\"image_svg_color\":\"emphasis\",\"link_style\":\"default\",\"link_text\":\"Read more\",\"margin\":\"default\",\"meta_align\":\"below-title\",\"meta_element\":\"div\",\"meta_style\":\"text-meta\",\"nav\":\"dotnav\",\"nav_align\":\"center\",\"nav_breakpoint\":\"s\",\"panel_match\":true,\"show_content\":true,\"show_image\":true,\"show_link\":true,\"show_meta\":true,\"show_title\":true,\"slidenav\":\"outside\",\"slidenav_breakpoint\":\"xl\",\"slidenav_margin\":\"medium\",\"slidenav_outside_breakpoint\":\"xl\",\"slider_autoplay\":true,\"slider_autoplay_pause\":true,\"slider_gap\":\"default\",\"slider_width\":\"fixed\",\"slider_width_default\":\"1-1\",\"slider_width_medium\":\"1-1\",\"text_align\":\"center\",\"title_align\":\"top\",\"title_element\":\"h3\",\"title_grid_breakpoint\":\"m\",\"title_grid_width\":\"1-2\",\"title_hover_style\":\"reset\"},\"children\":[{\"type\":\"panel-slider_item\",\"props\":{\"image\":\"wp-content\\\/uploads\\\/20230412_173623_ED-1.png\"}},{\"type\":\"panel-slider_item\",\"props\":{\"image\":\"wp-content\\\/uploads\\\/20230412_180156_ED-1.png\"}},{\"type\":\"panel-slider_item\",\"props\":{\"image\":\"wp-content\\\/uploads\\\/20230412_174953_ED-1.png\"}},{\"type\":\"panel-slider_item\",\"props\":{\"image\":\"wp-content\\\/uploads\\\/20230412_174201_ED-1.png\"}}]}]},{\"type\":\"column\",\"props\":{\"image_position\":\"center-center\",\"position_sticky_breakpoint\":\"m\",\"vertical_align\":\"middle\",\"width_large\":\"1-3\"},\"children\":[{\"type\":\"text\",\"props\":{\"animation\":\"none\",\"block_align_breakpoint\":\"l\",\"block_align_fallback\":\"center\",\"column_breakpoint\":\"m\",\"content\":\"\n\n<h1><strong>\\u00daniques, especials, diverses<\\\/strong><\\\/h1>\",\"margin\":\"default\",\"margin_remove_bottom\":false,\"margin_remove_top\":false,\"maxwidth\":\"xlarge\",\"maxwidth_breakpoint\":\"m\",\"parallax_easing\":\"0.3\",\"parallax_x\":\"150,0\",\"text_align\":\"left\",\"text_align_breakpoint\":\"l\",\"text_align_fallback\":\"center\"}},{\"type\":\"text\",\"props\":{\"animation\":\"none\",\"block_align_breakpoint\":\"l\",\"block_align_fallback\":\"center\",\"column_breakpoint\":\"m\",\"content\":\"\n\n<p>Aix\\u00ed son les roses que han creat els nens i les nenes del <strong>Casal en Fam\\u00edlia<\\\/strong>! Els vam proposar fer un punt de llibre amb pintura i utilitzant les seves empremtes, i aquest ha estat el resultat. Unes creacions molt originals, \\u00faniques i especials, com elles i ells.<\\\/p>\",\"margin\":\"remove-vertical\",\"margin_remove_top\":false,\"maxwidth\":\"xlarge\",\"maxwidth_breakpoint\":\"m\",\"parallax_easing\":\"0.3\",\"parallax_x\":\"150,0\",\"text_align\":\"left\",\"text_align_breakpoint\":\"l\",\"text_align_fallback\":\"center\",\"text_style\":\"large\"}},{\"type\":\"image\",\"props\":{\"animation\":\"parallax\",\"css\":\".el-image { max-width: 70vw; }\",\"image\":\"wp-content\\\/uploads\\\/Top-Parallax-Hero-Rosa.svg\",\"image_svg_color\":\"emphasis\",\"image_width\":\"500\",\"margin\":\"default\",\"parallax_easing\":\"1\",\"parallax_y\":\"-3vh,3vh\",\"position\":\"absolute\",\"position_right\":\"220\",\"position_top\":\"400\",\"position_z_index\":\"0\",\"text_align\":\"center\",\"text_align_breakpoint\":\"m\"}}]}]}],\"name\":\"Testimoni 01 (OCULTO)\"},{\"type\":\"section\",\"props\":{\"image_position\":\"center-center\",\"padding\":\"xlarge\",\"padding_remove_bottom\":false,\"padding_remove_top\":false,\"status\":\"disabled\",\"style\":\"default\",\"title_breakpoint\":\"xl\",\"title_position\":\"top-left\",\"title_rotation\":\"left\",\"vertical_align\":\"\",\"width\":\"large\",\"width_expand\":\"right\"},\"children\":[{\"type\":\"row\",\"props\":{\"column_gap\":\"large\",\"layout\":\"1-3,2-3\",\"row_gap\":\"large\"},\"children\":[{\"type\":\"column\",\"props\":{\"image_position\":\"center-center\",\"order_first\":\"l\",\"position_sticky_breakpoint\":\"m\",\"vertical_align\":\"middle\",\"width_large\":\"1-3\"},\"children\":[{\"type\":\"image\",\"props\":{\"animation\":\"parallax\",\"css\":\".el-image { max-width: 70vw; }\",\"image\":\"wp-content\\\/uploads\\\/Top-Parallax-Hero-Verm.svg\",\"image_svg_color\":\"emphasis\",\"image_width\":\"320\",\"margin\":\"default\",\"parallax_easing\":\"1\",\"parallax_y\":\"-3vh,3vh\",\"position\":\"absolute\",\"position_right\":\"50\",\"position_top\":\"-450\",\"position_z_index\":\"0\",\"text_align\":\"center\",\"text_align_breakpoint\":\"m\"}},{\"type\":\"text\",\"props\":{\"animation\":\"none\",\"block_align_breakpoint\":\"l\",\"block_align_fallback\":\"center\",\"column_breakpoint\":\"m\",\"content\":\"\n\n<h1><strong>Fam\\u00edlies que reesciuren la seva hist\\u00f2ria<\\\/strong><\\\/h1>\",\"margin\":\"default\",\"margin_remove_bottom\":false,\"margin_remove_top\":false,\"maxwidth\":\"xlarge\",\"maxwidth_breakpoint\":\"m\",\"parallax_easing\":\"0.3\",\"parallax_x\":\"150,0\",\"text_align\":\"left\",\"text_align_breakpoint\":\"l\",\"text_align_fallback\":\"center\"}},{\"type\":\"text\",\"props\":{\"block_align_breakpoint\":\"l\",\"block_align_fallback\":\"center\",\"column_breakpoint\":\"m\",\"content\":\"\n\n<p>Aquests punts de llibre acompanyaran hist\\u00f2ries i somnis, contes i rialles. A la <strong>Fundaci\\u00f3 IRES<\\\/strong> ens adaptem a les necessitats de cada fam\\u00edlia respectant les seves singularitats, per a que totes puguin reescriure el seu futur amb les mateixes oportunitats.<\\\/p>\",\"margin\":\"small\",\"margin_remove_top\":false,\"maxwidth\":\"xlarge\",\"maxwidth_breakpoint\":\"m\",\"parallax_breakpoint\":\"m\",\"parallax_easing\":\"0.3\",\"parallax_end\":\"50vh + 50%\",\"parallax_opacity\":\"0.7,1\",\"parallax_x\":\"-150,0\",\"text_align\":\"left\",\"text_align_breakpoint\":\"l\",\"text_align_fallback\":\"center\",\"text_style\":\"large\"}},{\"type\":\"image\",\"props\":{\"animation\":\"parallax\",\"css\":\".el-image { max-width: 70vw; }\",\"image\":\"wp-content\\\/uploads\\\/Top-Parallax-Hero-Rosa.svg\",\"image_svg_color\":\"emphasis\",\"image_width\":\"285\",\"margin\":\"default\",\"parallax_easing\":\"1\",\"parallax_y\":\"-3vh,3vh\",\"position\":\"absolute\",\"position_right\":\"-310\",\"position_top\":\"200\",\"position_z_index\":\"0\",\"text_align\":\"center\",\"text_align_breakpoint\":\"m\"}}]},{\"type\":\"column\",\"props\":{\"image_position\":\"center-center\",\"order_first\":\"xs\",\"position_sticky_breakpoint\":\"m\",\"vertical_align\":\"middle\",\"width_large\":\"2-3\"},\"children\":[{\"type\":\"panel-slider\",\"props\":{\"content_column_breakpoint\":\"m\",\"icon_width\":80,\"image_align\":\"top\",\"image_border\":\"rounded\",\"image_grid_breakpoint\":\"m\",\"image_grid_width\":\"1-2\",\"image_height\":\"540\",\"image_svg_color\":\"emphasis\",\"link_style\":\"default\",\"link_text\":\"Read more\",\"margin\":\"default\",\"meta_align\":\"below-title\",\"meta_element\":\"div\",\"meta_style\":\"text-meta\",\"nav\":\"dotnav\",\"nav_align\":\"center\",\"nav_breakpoint\":\"s\",\"panel_match\":true,\"show_content\":true,\"show_image\":true,\"show_link\":true,\"show_meta\":true,\"show_title\":true,\"slidenav\":\"outside\",\"slidenav_breakpoint\":\"xl\",\"slidenav_margin\":\"medium\",\"slidenav_outside_breakpoint\":\"xl\",\"slider_autoplay\":true,\"slider_autoplay_pause\":true,\"slider_gap\":\"default\",\"slider_width\":\"fixed\",\"slider_width_default\":\"1-1\",\"slider_width_medium\":\"1-1\",\"title_align\":\"top\",\"title_element\":\"h3\",\"title_grid_breakpoint\":\"m\",\"title_grid_width\":\"1-2\",\"title_hover_style\":\"reset\"},\"children\":[{\"type\":\"panel-slider_item\",\"props\":{\"image\":\"wp-content\\\/uploads\\\/20230413_111111_ED-1.png\"}},{\"type\":\"panel-slider_item\",\"props\":{\"image\":\"wp-content\\\/uploads\\\/20230413_102340_ED-1.png\"}},{\"type\":\"panel-slider_item\",\"props\":{\"image\":\"wp-content\\\/uploads\\\/20230413_101128_ED-1.png\"}},{\"type\":\"panel-slider_item\",\"props\":{\"image\":\"wp-content\\\/uploads\\\/20230413_101937_ED-1.png\"}},{\"type\":\"panel-slider_item\",\"props\":{\"image\":\"wp-content\\\/uploads\\\/20230413_102528_ED-1.png\"}}]}]}]}],\"name\":\"Testimoni 02 (OCULTO)\"},{\"type\":\"section\",\"props\":{\"image\":\"wp-content\\\/uploads\\\/00_SLIDER_Web_Gene\\u0301rica.png\",\"image_position\":\"center-center\",\"image_size\":\"cover\",\"padding\":\"large\",\"style\":\"default\",\"title_breakpoint\":\"xl\",\"title_position\":\"top-left\",\"title_rotation\":\"left\",\"vertical_align\":\"\",\"width\":\"default\"},\"children\":[{\"type\":\"row\",\"props\":{\"margin\":\"default\",\"margin_remove_bottom\":false},\"children\":[{\"type\":\"column\",\"props\":{\"image_position\":\"center-center\",\"position_sticky_breakpoint\":\"m\",\"text_color\":\"light\",\"vertical_align\":\"middle\",\"width_medium\":\"1-1\"},\"children\":[{\"type\":\"headline\",\"props\":{\"block_align\":\"center\",\"content\":\"<b>Vols con\\u00e8ixer tot el que fem des de la Fundaci\\u00f3 IRES?<\\\/b>\",\"margin_remove_bottom\":false,\"margin_remove_top\":false,\"maxwidth\":\"xlarge\",\"text_align\":\"center\",\"title_element\":\"div\",\"title_style\":\"h1\"}},{\"type\":\"button\",\"props\":{\"grid_column_gap\":\"small\",\"grid_row_gap\":\"small\",\"margin\":\"medium\",\"margin_remove_bottom\":true,\"text_align\":\"center\"},\"children\":[{\"type\":\"button_item\",\"props\":{\"button_style\":\"secondary\",\"content\":\"S\\u00ed, vull saber-ne m\\u00e9s!\",\"icon\":\"heart\",\"icon_align\":\"left\",\"link\":\"https:\\\/\\\/www.fundacioires.org\\\/ca\\\/que-fem\\\/la-nostra-causa\\\/\"}}]}]}]}],\"name\":\"CTA DONACI\\u00d3\"}],\"version\":\"4.4.20\",\"yooessentialsVersion\":\"2.2.31\"} --><\/p>\n","protected":false},"excerpt":{"rendered":"<p>Una rosa per una causa Amb les nostres roses solid\u00e0ries de Sant Jordi ajudes a florir noves oportunitats per a persones i fam\u00edlies que afronten situacions de vulnerabilitat i malestar emocional. Col\u00b7labora per fer-ho possible i participa en el sorteig d\u2019una nit a una suite del Majestic Hotel &amp; Spa de Barcelona. Aquesta 10a edici\u00f3 [&hellip;]<\/p>\n","protected":false},"author":7,"featured_media":70762,"parent":0,"menu_order":0,"comment_status":"closed","ping_status":"closed","template":"","meta":{"footnotes":""},"proyectos":[],"class_list":["post-70761","page","type-page","status-publish","has-post-thumbnail","hentry"],"yoast_head":"<!-- This site is optimized with the Yoast SEO plugin v27.4 - https:\/\/yoast.com\/product\/yoast-seo-wordpress\/ -->\n<title>Una rosa per una causa 2025 - Fundaci\u00f3 IRES<\/title>\n<meta name=\"description\" content=\"Regalant les nostres roses solid\u00e0ries fas cr\u00e9ixer un roser d\u2019oportunitats per a persones i fam\u00edlies en situaci\u00f3 de vulnerabilitat.\" \/>\n<meta name=\"robots\" content=\"index, follow, max-snippet:-1, max-image-preview:large, max-video-preview:-1\" \/>\n<link rel=\"canonical\" href=\"https:\/\/www.fundacioires.org\/una-rosa-por-una-causa-2025\/\" \/>\n<meta property=\"og:locale\" content=\"ca_ES\" \/>\n<meta property=\"og:type\" content=\"article\" \/>\n<meta property=\"og:title\" content=\"Una rosa per una causa 2025 - Fundaci\u00f3 IRES\" \/>\n<meta property=\"og:description\" content=\"Regalant les nostres roses solid\u00e0ries fas cr\u00e9ixer un roser d\u2019oportunitats per a persones i fam\u00edlies en situaci\u00f3 de vulnerabilitat.\" \/>\n<meta property=\"og:url\" content=\"https:\/\/www.fundacioires.org\/una-rosa-por-una-causa-2025\/\" \/>\n<meta property=\"og:site_name\" content=\"Fundaci\u00f3 IRES\" \/>\n<meta property=\"article:modified_time\" content=\"2025-05-06T08:45:08+00:00\" \/>\n<meta property=\"og:image\" content=\"https:\/\/www.fundacioires.org\/wp-content\/uploads\/IMG-MINIATURA-PAGINA-SJ-25.png\" \/>\n\t<meta property=\"og:image:width\" content=\"300\" \/>\n\t<meta property=\"og:image:height\" content=\"300\" \/>\n\t<meta property=\"og:image:type\" content=\"image\/png\" \/>\n<meta name=\"twitter:card\" content=\"summary_large_image\" \/>\n<meta name=\"twitter:image\" content=\"https:\/\/i0.wp.com\/www.fundacioires.org\/wp-content\/uploads\/IMG-MINIATURA-PAGINA-SJ-25.png?fit=300%2C300&ssl=1\" \/>\n<meta name=\"twitter:label1\" content=\"Est. reading time\" \/>\n\t<meta name=\"twitter:data1\" content=\"6 minutes\" \/>\n<script type=\"application\/ld+json\" class=\"yoast-schema-graph\">{\"@context\":\"https:\\\/\\\/schema.org\",\"@graph\":[{\"@type\":\"WebPage\",\"@id\":\"https:\\\/\\\/www.fundacioires.org\\\/una-rosa-por-una-causa-2025\\\/\",\"url\":\"https:\\\/\\\/www.fundacioires.org\\\/una-rosa-por-una-causa-2025\\\/\",\"name\":\"Una rosa per una causa 2025 - Fundaci\u00f3 IRES\",\"isPartOf\":{\"@id\":\"https:\\\/\\\/www.fundacioires.org\\\/#website\"},\"primaryImageOfPage\":{\"@id\":\"https:\\\/\\\/www.fundacioires.org\\\/una-rosa-por-una-causa-2025\\\/#primaryimage\"},\"image\":{\"@id\":\"https:\\\/\\\/www.fundacioires.org\\\/una-rosa-por-una-causa-2025\\\/#primaryimage\"},\"thumbnailUrl\":\"https:\\\/\\\/i0.wp.com\\\/www.fundacioires.org\\\/wp-content\\\/uploads\\\/IMG-MINIATURA-PAGINA-SJ-25.png?fit=300%2C300&ssl=1\",\"datePublished\":\"2025-04-03T10:05:54+00:00\",\"dateModified\":\"2025-05-06T08:45:08+00:00\",\"description\":\"Regalant les nostres roses solid\u00e0ries fas cr\u00e9ixer un roser d\u2019oportunitats per a persones i fam\u00edlies en situaci\u00f3 de vulnerabilitat.\",\"breadcrumb\":{\"@id\":\"https:\\\/\\\/www.fundacioires.org\\\/una-rosa-por-una-causa-2025\\\/#breadcrumb\"},\"inLanguage\":\"ca-ES\",\"potentialAction\":[{\"@type\":\"ReadAction\",\"target\":[\"https:\\\/\\\/www.fundacioires.org\\\/una-rosa-por-una-causa-2025\\\/\"]}]},{\"@type\":\"ImageObject\",\"inLanguage\":\"ca-ES\",\"@id\":\"https:\\\/\\\/www.fundacioires.org\\\/una-rosa-por-una-causa-2025\\\/#primaryimage\",\"url\":\"https:\\\/\\\/i0.wp.com\\\/www.fundacioires.org\\\/wp-content\\\/uploads\\\/IMG-MINIATURA-PAGINA-SJ-25.png?fit=300%2C300&ssl=1\",\"contentUrl\":\"https:\\\/\\\/i0.wp.com\\\/www.fundacioires.org\\\/wp-content\\\/uploads\\\/IMG-MINIATURA-PAGINA-SJ-25.png?fit=300%2C300&ssl=1\",\"width\":300,\"height\":300},{\"@type\":\"BreadcrumbList\",\"@id\":\"https:\\\/\\\/www.fundacioires.org\\\/una-rosa-por-una-causa-2025\\\/#breadcrumb\",\"itemListElement\":[{\"@type\":\"ListItem\",\"position\":1,\"name\":\"Portada\",\"item\":\"https:\\\/\\\/www.fundacioires.org\\\/\"},{\"@type\":\"ListItem\",\"position\":2,\"name\":\"Una rosa per una causa 2025\"}]},{\"@type\":\"WebSite\",\"@id\":\"https:\\\/\\\/www.fundacioires.org\\\/#website\",\"url\":\"https:\\\/\\\/www.fundacioires.org\\\/\",\"name\":\"Fundaci\u00f3 IRES\",\"description\":\"\",\"publisher\":{\"@id\":\"https:\\\/\\\/www.fundacioires.org\\\/#organization\"},\"potentialAction\":[{\"@type\":\"SearchAction\",\"target\":{\"@type\":\"EntryPoint\",\"urlTemplate\":\"https:\\\/\\\/www.fundacioires.org\\\/?s={search_term_string}\"},\"query-input\":{\"@type\":\"PropertyValueSpecification\",\"valueRequired\":true,\"valueName\":\"search_term_string\"}}],\"inLanguage\":\"ca-ES\"},{\"@type\":\"Organization\",\"@id\":\"https:\\\/\\\/www.fundacioires.org\\\/#organization\",\"name\":\"Fundanci\u00f3n IRES\",\"url\":\"https:\\\/\\\/www.fundacioires.org\\\/\",\"logo\":{\"@type\":\"ImageObject\",\"inLanguage\":\"ca-ES\",\"@id\":\"https:\\\/\\\/www.fundacioires.org\\\/#\\\/schema\\\/logo\\\/image\\\/\",\"url\":\"https:\\\/\\\/i0.wp.com\\\/www.fundacioires.org\\\/wp-content\\\/uploads\\\/faviconIRES.png?fit=32%2C32&ssl=1\",\"contentUrl\":\"https:\\\/\\\/i0.wp.com\\\/www.fundacioires.org\\\/wp-content\\\/uploads\\\/faviconIRES.png?fit=32%2C32&ssl=1\",\"width\":32,\"height\":32,\"caption\":\"Fundanci\u00f3n IRES\"},\"image\":{\"@id\":\"https:\\\/\\\/www.fundacioires.org\\\/#\\\/schema\\\/logo\\\/image\\\/\"}}]}<\/script>\n<!-- \/ Yoast SEO plugin. -->","yoast_head_json":{"title":"Una rosa per una causa 2025 - Fundaci\u00f3 IRES","description":"Regalant les nostres roses solid\u00e0ries fas cr\u00e9ixer un roser d\u2019oportunitats per a persones i fam\u00edlies en situaci\u00f3 de vulnerabilitat.","robots":{"index":"index","follow":"follow","max-snippet":"max-snippet:-1","max-image-preview":"max-image-preview:large","max-video-preview":"max-video-preview:-1"},"canonical":"https:\/\/www.fundacioires.org\/una-rosa-por-una-causa-2025\/","og_locale":"ca_ES","og_type":"article","og_title":"Una rosa per una causa 2025 - Fundaci\u00f3 IRES","og_description":"Regalant les nostres roses solid\u00e0ries fas cr\u00e9ixer un roser d\u2019oportunitats per a persones i fam\u00edlies en situaci\u00f3 de vulnerabilitat.","og_url":"https:\/\/www.fundacioires.org\/una-rosa-por-una-causa-2025\/","og_site_name":"Fundaci\u00f3 IRES","article_modified_time":"2025-05-06T08:45:08+00:00","og_image":[{"width":300,"height":300,"url":"https:\/\/www.fundacioires.org\/wp-content\/uploads\/IMG-MINIATURA-PAGINA-SJ-25.png","type":"image\/png"}],"twitter_card":"summary_large_image","twitter_image":"https:\/\/i0.wp.com\/www.fundacioires.org\/wp-content\/uploads\/IMG-MINIATURA-PAGINA-SJ-25.png?fit=300%2C300&ssl=1","twitter_misc":{"Est. reading time":"6 minutes"},"schema":{"@context":"https:\/\/schema.org","@graph":[{"@type":"WebPage","@id":"https:\/\/www.fundacioires.org\/una-rosa-por-una-causa-2025\/","url":"https:\/\/www.fundacioires.org\/una-rosa-por-una-causa-2025\/","name":"Una rosa per una causa 2025 - Fundaci\u00f3 IRES","isPartOf":{"@id":"https:\/\/www.fundacioires.org\/#website"},"primaryImageOfPage":{"@id":"https:\/\/www.fundacioires.org\/una-rosa-por-una-causa-2025\/#primaryimage"},"image":{"@id":"https:\/\/www.fundacioires.org\/una-rosa-por-una-causa-2025\/#primaryimage"},"thumbnailUrl":"https:\/\/i0.wp.com\/www.fundacioires.org\/wp-content\/uploads\/IMG-MINIATURA-PAGINA-SJ-25.png?fit=300%2C300&ssl=1","datePublished":"2025-04-03T10:05:54+00:00","dateModified":"2025-05-06T08:45:08+00:00","description":"Regalant les nostres roses solid\u00e0ries fas cr\u00e9ixer un roser d\u2019oportunitats per a persones i fam\u00edlies en situaci\u00f3 de vulnerabilitat.","breadcrumb":{"@id":"https:\/\/www.fundacioires.org\/una-rosa-por-una-causa-2025\/#breadcrumb"},"inLanguage":"ca-ES","potentialAction":[{"@type":"ReadAction","target":["https:\/\/www.fundacioires.org\/una-rosa-por-una-causa-2025\/"]}]},{"@type":"ImageObject","inLanguage":"ca-ES","@id":"https:\/\/www.fundacioires.org\/una-rosa-por-una-causa-2025\/#primaryimage","url":"https:\/\/i0.wp.com\/www.fundacioires.org\/wp-content\/uploads\/IMG-MINIATURA-PAGINA-SJ-25.png?fit=300%2C300&ssl=1","contentUrl":"https:\/\/i0.wp.com\/www.fundacioires.org\/wp-content\/uploads\/IMG-MINIATURA-PAGINA-SJ-25.png?fit=300%2C300&ssl=1","width":300,"height":300},{"@type":"BreadcrumbList","@id":"https:\/\/www.fundacioires.org\/una-rosa-por-una-causa-2025\/#breadcrumb","itemListElement":[{"@type":"ListItem","position":1,"name":"Portada","item":"https:\/\/www.fundacioires.org\/"},{"@type":"ListItem","position":2,"name":"Una rosa per una causa 2025"}]},{"@type":"WebSite","@id":"https:\/\/www.fundacioires.org\/#website","url":"https:\/\/www.fundacioires.org\/","name":"Fundaci\u00f3 IRES","description":"","publisher":{"@id":"https:\/\/www.fundacioires.org\/#organization"},"potentialAction":[{"@type":"SearchAction","target":{"@type":"EntryPoint","urlTemplate":"https:\/\/www.fundacioires.org\/?s={search_term_string}"},"query-input":{"@type":"PropertyValueSpecification","valueRequired":true,"valueName":"search_term_string"}}],"inLanguage":"ca-ES"},{"@type":"Organization","@id":"https:\/\/www.fundacioires.org\/#organization","name":"Fundanci\u00f3n IRES","url":"https:\/\/www.fundacioires.org\/","logo":{"@type":"ImageObject","inLanguage":"ca-ES","@id":"https:\/\/www.fundacioires.org\/#\/schema\/logo\/image\/","url":"https:\/\/i0.wp.com\/www.fundacioires.org\/wp-content\/uploads\/faviconIRES.png?fit=32%2C32&ssl=1","contentUrl":"https:\/\/i0.wp.com\/www.fundacioires.org\/wp-content\/uploads\/faviconIRES.png?fit=32%2C32&ssl=1","width":32,"height":32,"caption":"Fundanci\u00f3n IRES"},"image":{"@id":"https:\/\/www.fundacioires.org\/#\/schema\/logo\/image\/"}}]}},"jetpack_sharing_enabled":true,"_links":{"self":[{"href":"https:\/\/www.fundacioires.org\/ca\/wp-json\/wp\/v2\/pages\/70761","targetHints":{"allow":["GET"]}}],"collection":[{"href":"https:\/\/www.fundacioires.org\/ca\/wp-json\/wp\/v2\/pages"}],"about":[{"href":"https:\/\/www.fundacioires.org\/ca\/wp-json\/wp\/v2\/types\/page"}],"author":[{"embeddable":true,"href":"https:\/\/www.fundacioires.org\/ca\/wp-json\/wp\/v2\/users\/7"}],"replies":[{"embeddable":true,"href":"https:\/\/www.fundacioires.org\/ca\/wp-json\/wp\/v2\/comments?post=70761"}],"version-history":[{"count":55,"href":"https:\/\/www.fundacioires.org\/ca\/wp-json\/wp\/v2\/pages\/70761\/revisions"}],"predecessor-version":[{"id":72770,"href":"https:\/\/www.fundacioires.org\/ca\/wp-json\/wp\/v2\/pages\/70761\/revisions\/72770"}],"wp:featuredmedia":[{"embeddable":true,"href":"https:\/\/www.fundacioires.org\/ca\/wp-json\/wp\/v2\/media\/70762"}],"wp:attachment":[{"href":"https:\/\/www.fundacioires.org\/ca\/wp-json\/wp\/v2\/media?parent=70761"}],"wp:term":[{"taxonomy":"proyectos","embeddable":true,"href":"https:\/\/www.fundacioires.org\/ca\/wp-json\/wp\/v2\/proyectos?post=70761"}],"curies":[{"name":"wp","href":"https:\/\/api.w.org\/{rel}","templated":true}]}}