{"id":81692,"date":"2025-11-25T16:36:28","date_gmt":"2025-11-25T15:36:28","guid":{"rendered":"https:\/\/www.fundacioires.org\/?page_id=81692"},"modified":"2026-01-29T17:03:12","modified_gmt":"2026-01-29T16:03:12","slug":"sense-genere-de-dubtes","status":"publish","type":"page","link":"https:\/\/www.fundacioires.org\/ca\/que-fem\/ecosistema-de-projectes\/sense-genere-de-dubtes\/","title":{"rendered":"Sense G\u00e8nere de Dubtes"},"content":{"rendered":"<h1><strong>Sense G\u00e8nere de Dubtes<\/strong><\/h1>\n<div>\n<h2>Un espai digital per parlar clar sobre igualtat, relacions i sexualitat sana<\/h2>\n<\/div>\n<p><p>\n        <a href=\"#FORM\">Vull saber-ne m\u00e9s!<\/a>\n    <\/p>\n<\/p>\n<div><strong>Qu\u00e8 \u00e9s Sense?<\/strong><\/div>\n<div>\n<p>Un projecte creat per i per a joves. <strong>Neix de les inquietuds que han sorgit als tallers d\u2019igualtat i prevenci\u00f3 de viol\u00e8ncies masclistes<\/strong> a les Illes Balears de la m\u00e0 de Fundaci\u00f3 IRES, i vol anar m\u00e9s enll\u00e0 de les aules per oferir un espai digital proper, segur i a l\u2019abast d\u2019un clic.<\/p>\n<\/div>\n<div>\n<\/div>\n<p><p>\n        <a href=\"https:\/\/www.instagram.com\/sensegeneredubtes\/\">SEGUEIX-NOS A L&#8217;INSTAGRAM!<\/a>\n    <\/p>\n<\/p>\n<div><span style=\"color: #ffffff;\"><b>Contingut clar, \u00fatil i sense prejudicis<\/b><\/span><\/div>\n<div>\n<p><span style=\"color: #ffffff;\">Volem <strong>crear una comunitat<\/strong> on totes les persones puguem <strong>viure i relacionar-nos sense viol\u00e8ncies, amb llibertat i respecte<\/strong>, abordant\u00a0<\/span><span style=\"color: #ffffff;\">temes que ens afecten directament: sexualitat sana, relacions de parella respectuoses, igualtat de g\u00e8nere i molt m\u00e9s.<\/span><\/p>\n<\/div>\n<ul>\n<li>\n<p>        <img decoding=\"async\" src=\"\/wp-content\/uploads\/ICONO-SENSIB-1.svg\" alt=\"\"><\/p>\n<h3>SENSIBILITZACI\u00d3<\/h3>\n<div>\n<p class=\"cvGsUA direction-ltr align-start para-style-body\"><span>per obrir els ulls i q\u00fcestionar els mites que circulen a les xarxes<\/span><\/p>\n<\/div>\n<\/li>\n<li>\n<p>        <img decoding=\"async\" src=\"\/wp-content\/uploads\/ICONO-PREVEN-1.svg\" alt=\"\"><\/p>\n<h3>PREVENCI\u00d3<\/h3>\n<div>\n<p><span>perqu\u00e8 \u00e9s millor tenir eines abans que trobar-nos amb el problema<\/span><\/p>\n<\/div>\n<\/li>\n<li>\n<p>        <img decoding=\"async\" src=\"\/wp-content\/uploads\/ICONO-IGUAL.svg\" alt=\"\"><\/p>\n<h3>IGUALTAT<\/h3>\n<div>\n<p class=\"cvGsUA direction-ltr align-start para-style-body\"><span>com a base per a qualsevol relaci\u00f3 sana i lliure<\/span><\/p>\n<\/div>\n<\/li>\n<li>\n<p>        <img decoding=\"async\" src=\"\/wp-content\/uploads\/ICONO-ACOMP.svg\" alt=\"\"><\/p>\n<h3>ACOMPANYAMENT<\/h3>\n<div>\n<p class=\"cvGsUA direction-ltr align-start para-style-body\">per no sentir-nos soles davant els dubtes i tenir informaci\u00f3 fiable sempre a m\u00e0<\/p>\n<\/div>\n<\/li>\n<\/ul>\n<div><strong>Materials de sensibilitzaci\u00f3 adaptats<\/strong><\/div>\n<div>Igualtat accessible<\/div>\n<div>\n<p style=\"text-align: center;\">Materials pensats perqu\u00e8 tothom pugui entendre i parlar d\u2019igualtat, consentiment i relacions respectuoses<\/p>\n<\/div>\n<ul>\n<li>\n<h3>Surt del motlle<\/h3>\n<p>IGUALTAT ACCESIBLE<\/p>\n<p><a href=\"\/wp-content\/uploads\/SURTDELMOTLLE_ADAPTAT_LOGOS.pdf\">Veure material<\/a><\/p>\n<\/li>\n<li>\n<h3>No \u00e9s normal<\/h3>\n<p>IGUALTAT ACCESIBLE<\/p>\n<p><a href=\"\/wp-content\/uploads\/NOESNORMAL_POSTER_PALMA_ADAPTAT.pdf.pdf\">Veure material<\/a><\/p>\n<\/li>\n<li>\n<h3>Ingredients relaci\u00f3 sana<\/h3>\n<p>IGUALTAT ACCESIBLE<\/p>\n<p><a href=\"\/wp-content\/uploads\/INGREDIENTSRELACIOSANA_ADAPTAT_LOGOS-comprimido.pdf\">Veure material<\/a><\/p>\n<\/li>\n<li>\n<h3>Consentiment<\/h3>\n<p>IGUALTAT ACCESIBLE<\/p>\n<p><a href=\"\/wp-content\/uploads\/CONSENTIMENT_ADAPTAT_LOGOS.pdf\">Veure material<\/a><\/p>\n<\/li>\n<\/ul>\n<div>\n<p><span>Sense \u00e9s un projecte de sensibilitzaci\u00f3 creat per la Fundaci\u00f3 IRES i desenvolupat amb el suport del Ministerio de Igualdad.<\/span><\/p>\n<\/div>\n<p><img decoding=\"async\" src=\"\/wp-content\/uploads\/ministerio-de-igualdad-01.svg\" alt=\"\"><\/p>\n<div><strong>Tens m\u00e9s dubtes?<\/strong><\/div>\n<ul>\n<li>\n<p>\n        <a href=\"mailto:sensegenerededubtes@fundacioires.org\">sensegenerededubtes@fundacioires.org<\/a>\n    <\/p>\n<\/li>\n<li>\n<p>\n        <a href=\"tel:971722856\">971 722 856<\/a>\n    <\/p>\n<\/li>\n<\/ul>\n<div>\n<p>Prefereixes que contactem amb tu? Deixa\u2019ns les teves dades.<\/p>\n<\/div>\n<div>\n<p>    \n<div class=\"wpcf7 no-js\" id=\"wpcf7-f15641-o1\" lang=\"en-US\" dir=\"ltr\" data-wpcf7-id=\"15641\">\n<div class=\"screen-reader-response\"><p role=\"status\" aria-live=\"polite\" aria-atomic=\"true\"><\/p> <ul><\/ul><\/div>\n<form action=\"\/ca\/wp-json\/wp\/v2\/pages\/81692#wpcf7-f15641-o1\" method=\"post\" class=\"wpcf7-form init bb9e21171d24 cmatic-conn cmatic-aud-24 cmatic-mapd0-0 cmatic-v097802 cmatic-sent-0 cmatic-total-6845\" aria-label=\"Contact form\" novalidate=\"novalidate\" data-status=\"init\">\n<fieldset class=\"hidden-fields-container\"><input type=\"hidden\" name=\"_wpcf7\" value=\"15641\" \/><input type=\"hidden\" name=\"_wpcf7_version\" value=\"6.1.5\" \/><input type=\"hidden\" name=\"_wpcf7_locale\" value=\"en_US\" \/><input type=\"hidden\" name=\"_wpcf7_unit_tag\" value=\"wpcf7-f15641-o1\" \/><input type=\"hidden\" name=\"_wpcf7_container_post\" value=\"0\" \/><input type=\"hidden\" name=\"_wpcf7_posted_data_hash\" value=\"\" \/><input type=\"hidden\" name=\"_wpcf7cf_hidden_group_fields\" value=\"[]\" \/><input type=\"hidden\" name=\"_wpcf7cf_hidden_groups\" value=\"[]\" \/><input type=\"hidden\" name=\"_wpcf7cf_visible_groups\" value=\"[]\" \/><input type=\"hidden\" name=\"_wpcf7cf_repeaters\" value=\"[]\" \/><input type=\"hidden\" name=\"_wpcf7cf_steps\" value=\"{}\" \/><input type=\"hidden\" name=\"_wpcf7cf_options\" value=\"{&quot;form_id&quot;:15641,&quot;conditions&quot;:[],&quot;settings&quot;:{&quot;animation&quot;:&quot;yes&quot;,&quot;animation_intime&quot;:200,&quot;animation_outtime&quot;:200,&quot;conditions_ui&quot;:&quot;normal&quot;,&quot;notice_dismissed&quot;:false}}\" \/><input type=\"hidden\" name=\"_wpcf7_recaptcha_response\" value=\"\" \/>\n<\/fieldset>\n<div class=\"uk-form\" uk-grid>\n<div class=\"uk-width-1-1 uk-hidden\">\n    <span class=\"wpcf7-form-control-wrap\" data-name=\"email-recipient\"><input size=\"40\" maxlength=\"400\" class=\"wpcf7-form-control wpcf7-text wpcf7-validates-as-required uk-input\" id=\"recipient\" aria-required=\"true\" aria-invalid=\"false\" value=\"\" type=\"text\" name=\"email-recipient\" \/><\/span>\n<\/div>\n<div class=\"uk-width-1-1 uk-width-1-2@s\">\n<label> Nom\n    <span class=\"wpcf7-form-control-wrap\" data-name=\"nom\"><input size=\"40\" maxlength=\"400\" class=\"wpcf7-form-control wpcf7-text wpcf7-validates-as-required uk-input\" aria-required=\"true\" aria-invalid=\"false\" value=\"\" type=\"text\" name=\"nom\" \/><\/span> <\/label>\n<\/div>\n<div class=\"uk-width-1-1 uk-width-1-2@s\">\n<label> Cognoms\n    <span class=\"wpcf7-form-control-wrap\" data-name=\"cognoms\"><input size=\"40\" maxlength=\"400\" class=\"wpcf7-form-control wpcf7-text wpcf7-validates-as-required uk-input\" aria-required=\"true\" aria-invalid=\"false\" value=\"\" type=\"text\" name=\"cognoms\" \/><\/span> <\/label>\n<\/div>\n<div class=\"uk-width-1-1\">\n<label> Empresa (Opcional)\n    <span class=\"wpcf7-form-control-wrap\" data-name=\"empresa-ca\"><input size=\"40\" maxlength=\"400\" class=\"wpcf7-form-control wpcf7-text uk-input\" aria-invalid=\"false\" value=\"\" type=\"text\" name=\"empresa-ca\" \/><\/span> <\/label>\n<\/div>\n<div class=\"uk-width-1-1\">\n<label> El teu correu electr\u00f2nic\n    <span class=\"wpcf7-form-control-wrap\" data-name=\"email-ca\"><input size=\"40\" maxlength=\"400\" class=\"wpcf7-form-control wpcf7-email wpcf7-validates-as-required wpcf7-text wpcf7-validates-as-email uk-input\" aria-required=\"true\" aria-invalid=\"false\" value=\"\" type=\"email\" name=\"email-ca\" \/><\/span> <\/label>\n<\/div>\n<div class=\"uk-width-1-1\">\n<label> Un tel\u00e8fon (opcional)\n    <span class=\"wpcf7-form-control-wrap\" data-name=\"telefon\"><input size=\"40\" maxlength=\"400\" class=\"wpcf7-form-control wpcf7-tel wpcf7-text wpcf7-validates-as-tel uk-input\" aria-invalid=\"false\" value=\"\" type=\"tel\" name=\"telefon\" \/><\/span> <\/label>\n<\/div>\n<div class=\"uk-width-1-1\">\n<label> Comentaris\n    <span class=\"wpcf7-form-control-wrap\" data-name=\"comentaris\"><textarea cols=\"40\" rows=\"10\" maxlength=\"2000\" class=\"wpcf7-form-control wpcf7-textarea uk-input\" aria-invalid=\"false\" name=\"comentaris\"><\/textarea><\/span> <\/label>\n<\/div>\n<div class=\"uk-width-1-1 uk-width-expand@s uk-grid-item-match uk-flex-middle\">\n    <span class=\"wpcf7-form-control-wrap\" data-name=\"newsletter\"><span class=\"wpcf7-form-control wpcf7-acceptance optional\"><span class=\"wpcf7-list-item\"><label><input type=\"checkbox\" name=\"newsletter\" value=\"1\" class=\"uk-checkbox\" aria-invalid=\"false\" \/><span class=\"wpcf7-list-item-label\">Vull rebre informaci\u00f3 de la Fundaci\u00f3 IRES<\/span><\/label><\/span><\/span><\/span>\n    <span class=\"wpcf7-form-control-wrap\" data-name=\"politicas\"><span class=\"wpcf7-form-control wpcf7-acceptance\"><span class=\"wpcf7-list-item\"><label><input type=\"checkbox\" name=\"politicas\" value=\"1\" class=\"uk-checkbox\" aria-invalid=\"false\" \/><span class=\"wpcf7-list-item-label\">Accepto l'<a href=\"\/ca\/avis-legal\/\" target=\"_blank\">Av\u00eds legal<\/a>, la <a href=\"\/ca\/politica-de-privacitat\/\" target=\"_blank\">Pol\u00edtica de privacitat<\/a> i la <a href=\"\/ca\/politica-de-privacitat-a-les-xarxes-socials\/\" target=\"_blank\">Pol\u00edtica de privacitat a les xarxes socials<\/a><\/span><\/label><\/span><\/span><\/span>\n<\/div>\n<div class=\"uk-width-1-1 uk-width-auto@s uk-flex uk-flex-bottom uk-positon-relative\">\n    <input class=\"wpcf7-form-control wpcf7-submit has-spinner uk-button uk-button-default\" type=\"submit\" value=\"Enviar\" \/>\n<\/div>\n<\/div>\n\n<style>\n.wpcf7-spinner{\n   position: absolute;\n   right: -70px;\n}\n<\/style><div class=\"wpcf7-response-output\" aria-hidden=\"true\"><\/div>\n<\/form>\n<\/div>\n<br \/>\n<script>\ndocument.getElementById('recipient').value = 'sensegenerededubtes@fundacioires.org';\n<\/script>\n<\/div>\n<p><!--more--><br \/>\n<!-- {\"type\":\"layout\",\"children\":[{\"type\":\"section\",\"props\":{\"animation\":\"fade\",\"height\":\"pixels\",\"height_viewport\":600,\"image\":\"wp-content\\\/uploads\\\/CABECERA-SENSE-PROVISIONAL-3.png\",\"image_effect\":\"parallax\",\"image_parallax_easing\":\"1\",\"image_position\":\"center-center\",\"image_size\":\"cover\",\"media_overlay\":\"rgba(0, 0, 0, 0.4)\",\"style\":\"default\",\"text_color\":\"light\",\"title_breakpoint\":\"xl\",\"title_position\":\"top-left\",\"title_rotation\":\"left\",\"vertical_align\":\"\",\"width\":\"default\"},\"children\":[{\"type\":\"row\",\"children\":[{\"type\":\"column\",\"props\":{\"image_position\":\"center-center\",\"position_sticky_breakpoint\":\"m\"},\"children\":[{\"type\":\"headline\",\"props\":{\"block_align\":\"center\",\"content\":\"<strong>Sense G\\u00e8nere de Dubtes<\\\/strong>\",\"maxwidth\":\"xlarge\",\"text_align\":\"center\",\"title_element\":\"h1\",\"title_style\":\"heading-large\"}},{\"type\":\"text\",\"props\":{\"block_align\":\"center\",\"column_breakpoint\":\"m\",\"content\":\"\n\n<h2>Un espai digital per parlar clar sobre igualtat, relacions i sexualitat sana<\\\/h2>\",\"margin\":\"default\",\"maxwidth\":\"xlarge\",\"text_align\":\"center\",\"text_style\":\"lead\"}},{\"type\":\"button\",\"props\":{\"grid_column_gap\":\"small\",\"grid_row_gap\":\"small\",\"margin\":\"default\",\"text_align\":\"center\"},\"children\":[{\"type\":\"button_item\",\"props\":{\"button_style\":\"default\",\"content\":\"Vull saber-ne m\\u00e9s!\",\"dialog_layout\":\"modal\",\"dialog_offcanvas_flip\":true,\"icon\":\"plus-circle\",\"icon_align\":\"left\",\"link\":\"#FORM\"}}]}]}]}],\"name\":\"Cabecera\"},{\"name\":\"Qu\\u00e8 \\u00e9s SENSE?\",\"type\":\"section\",\"props\":{\"css\":\"@media (min-width:1011px){\\n    .el-section .subtitle{\\n        min-height:87px;\\n    }\\n}\\n\\n@media (min-width:959px) and (max-width:1010px){\\n    .el-section .subtitle{\\n        min-height:116px;\\n    }\\n}\",\"id\":\"second\",\"image_effect\":\"parallax\",\"image_parallax_bgy\":\"300,450\",\"image_parallax_easing\":\"1\",\"image_position\":\"bottom-right\",\"image_width\":\"700\",\"padding\":\"small\",\"style\":\"default\",\"title_breakpoint\":\"xl\",\"title_position\":\"top-left\",\"title_rotation\":\"left\",\"vertical_align\":\"\",\"width\":\"large\"},\"children\":[{\"type\":\"row\",\"props\":{\"margin_remove_bottom\":true,\"width\":\"expand\"},\"children\":[{\"type\":\"column\",\"props\":{\"image_position\":\"center-center\",\"position_sticky_breakpoint\":\"m\"},\"children\":[{\"type\":\"headline\",\"props\":{\"block_align\":\"center\",\"content\":\"<strong>Qu\\u00e8 \\u00e9s Sense?<\\\/strong>\",\"margin\":\"small\",\"maxwidth\":\"2xlarge\",\"text_align\":\"center\",\"text_align_breakpoint\":\"s\",\"title_element\":\"div\",\"title_style\":\"h1\"}},{\"type\":\"text\",\"props\":{\"block_align\":\"center\",\"block_align_breakpoint\":\"s\",\"block_align_fallback\":\"center\",\"column_breakpoint\":\"m\",\"content\":\"\n\n<p>Un projecte creat per i per a joves. <strong>Neix de les inquietuds que han sorgit als tallers d\\u2019igualtat i prevenci\\u00f3 de viol\\u00e8ncies masclistes<\\\/strong> a les Illes Balears de la m\\u00e0 de Fundaci\\u00f3 IRES, i vol anar m\\u00e9s enll\\u00e0 de les aules per oferir un espai digital proper, segur i a l\\u2019abast d\\u2019un clic.<\\\/p>\",\"margin\":\"default\",\"maxwidth\":\"2xlarge\",\"text_align\":\"center\",\"text_align_breakpoint\":\"s\",\"text_align_fallback\":\"left\",\"text_style\":\"lead\"}}]}]},{\"type\":\"row\",\"children\":[{\"type\":\"column\",\"props\":{\"image_position\":\"center-center\",\"position_sticky_breakpoint\":\"m\"},\"children\":[{\"type\":\"panel-slider\",\"props\":{\"content_column_breakpoint\":\"m\",\"icon_width\":80,\"image_align\":\"top\",\"image_grid_breakpoint\":\"m\",\"image_grid_width\":\"1-2\",\"image_svg_color\":\"emphasis\",\"link_style\":\"default\",\"link_text\":\"Read more\",\"margin\":\"default\",\"meta_align\":\"below-title\",\"meta_element\":\"div\",\"meta_style\":\"text-meta\",\"nav\":\"dotnav\",\"nav_align\":\"center\",\"nav_breakpoint\":\"s\",\"panel_match\":true,\"show_content\":true,\"show_hover_image\":true,\"show_hover_video\":true,\"show_image\":true,\"show_link\":true,\"show_meta\":true,\"show_title\":true,\"show_video\":true,\"slidenav\":\"outside\",\"slidenav_breakpoint\":\"xl\",\"slidenav_margin\":\"medium\",\"slidenav_outside_breakpoint\":\"xl\",\"slider_autoplay_pause\":true,\"slider_gap\":\"default\",\"slider_width\":\"fixed\",\"slider_width_default\":\"1-1\",\"slider_width_medium\":\"1-3\",\"status\":\"disabled\",\"title_align\":\"top\",\"title_element\":\"h3\",\"title_grid_breakpoint\":\"m\",\"title_grid_width\":\"1-2\",\"title_hover_style\":\"reset\"},\"children\":[{\"type\":\"panel-slider_item\",\"props\":{\"image\":\"wp-content\\\/uploads\\\/IMG_SENSE_03.webp\"}},{\"type\":\"panel-slider_item\",\"props\":{\"image\":\"wp-content\\\/uploads\\\/IMG_SENSE_04.webp\"}},{\"type\":\"panel-slider_item\",\"props\":{\"image\":\"wp-content\\\/uploads\\\/IMG_SENSE_02.webp\"}},{\"type\":\"panel-slider_item\",\"props\":{\"image\":\"wp-content\\\/uploads\\\/IMG_SENSE_01.webp\"}}]},{\"type\":\"overlay-slider\",\"props\":{\"animation\":\"slide-bottom-medium\",\"css\":\".el-image{\\n\\tborder-radius:10px;\\n}\",\"image_height\":530,\"image_width\":\"400\",\"link_style\":\"default\",\"link_target\":true,\"link_text\":\"\",\"margin\":\"default\",\"meta_align\":\"below-title\",\"meta_element\":\"div\",\"meta_style\":\"text-meta\",\"nav\":\"\",\"nav_align\":\"center\",\"nav_below\":true,\"nav_breakpoint\":\"s\",\"nav_position\":\"bottom-center\",\"nav_position_margin\":\"medium\",\"overlay_link\":true,\"overlay_mode\":\"cover\",\"overlay_position\":\"center\",\"overlay_transition\":\"fade\",\"show_content\":true,\"show_hover_image\":true,\"show_hover_video\":true,\"show_link\":true,\"show_meta\":true,\"show_title\":true,\"slidenav\":\"\",\"slidenav_breakpoint\":\"s\",\"slidenav_margin\":\"medium\",\"slidenav_outside_breakpoint\":\"xl\",\"slider_autoplay\":true,\"slider_autoplay_interval\":\"0\",\"slider_autoplay_pause\":false,\"slider_gap\":\"small\",\"slider_parallax\":false,\"slider_sets\":false,\"slider_velocity\":\"0.05\",\"slider_width\":\"fixed\",\"slider_width_default\":\"4-5\",\"slider_width_large\":\"1-3\",\"slider_width_medium\":\"1-3\",\"slider_width_small\":\"3-5\",\"slider_width_xlarge\":\"1-3\",\"text_align\":\"center\",\"title_element\":\"h3\",\"title_hover_style\":\"reset\"},\"children\":[{\"type\":\"overlay-slider_item\",\"props\":{\"yooessentials_access_conditions\":[],\"yooessentials_access_mode\":\"AND\"},\"source_extended\":{\"props\":{\"image\":{\"query\":{\"name\":\"#node\"},\"name\":\"media_url_raw\"},\"link\":{\"query\":{\"name\":\"#node\"},\"name\":\"permalink\"}}},\"source\":{\"query\":{\"name\":\"instagram43E50F.media\",\"arguments\":{\"media_type\":\"all\",\"offset\":0,\"limit\":20}}}}],\"name\":\"Instagram Slider\"}]}],\"props\":{\"width\":\"xlarge\"}},{\"type\":\"row\",\"children\":[{\"type\":\"column\",\"props\":{\"image_position\":\"center-center\",\"position_sticky_breakpoint\":\"m\"},\"children\":[{\"type\":\"button\",\"props\":{\"grid_column_gap\":\"small\",\"grid_row_gap\":\"small\",\"margin\":\"default\",\"text_align\":\"center\"},\"children\":[{\"type\":\"button_item\",\"props\":{\"button_style\":\"danger\",\"content\":\"SEGUEIX-NOS A L'INSTAGRAM!\",\"dialog_layout\":\"modal\",\"dialog_offcanvas_flip\":true,\"icon\":\"heart\",\"icon_align\":\"left\",\"link\":\"https:\\\/\\\/www.instagram.com\\\/sensegeneredubtes\\\/\",\"link_title\":\"SEGUEIX-NOS A L'INSTAGRAM!\"}}]}]}]}]},{\"type\":\"section\",\"props\":{\"class\":\"greenMuted\",\"image\":\"wp-content\\\/uploads\\\/Sin-titulo-2.png\",\"image_position\":\"center-center\",\"image_size\":\"cover\",\"style\":\"default\",\"title_breakpoint\":\"xl\",\"title_position\":\"top-left\",\"title_rotation\":\"left\",\"vertical_align\":\"middle\",\"width\":\"default\"},\"children\":[{\"type\":\"row\",\"children\":[{\"type\":\"column\",\"props\":{\"image_position\":\"center-center\",\"position_sticky_breakpoint\":\"m\"},\"children\":[{\"type\":\"headline\",\"props\":{\"block_align\":\"center\",\"content\":\"<span style=\\\"color: #ffffff;\\\"><b>Contingut clar, \\u00fatil i sense prejudicis<\\\/b><\\\/span>\",\"margin\":\"small\",\"maxwidth\":\"2xlarge\",\"text_align\":\"center\",\"text_align_breakpoint\":\"s\",\"title_element\":\"div\",\"title_style\":\"h1\"}},{\"type\":\"text\",\"props\":{\"block_align\":\"center\",\"block_align_breakpoint\":\"s\",\"block_align_fallback\":\"center\",\"column_breakpoint\":\"m\",\"content\":\"\n\n<p><span style=\\\"color: #ffffff;\\\">Volem <strong>crear una comunitat<\\\/strong> on totes les persones puguem <strong>viure i relacionar-nos sense viol\\u00e8ncies, amb llibertat i respecte<\\\/strong>, abordant\\u00a0<\\\/span><span style=\\\"color: #ffffff;\\\">temes que ens afecten directament: sexualitat sana, relacions de parella respectuoses, igualtat de g\\u00e8nere i molt m\\u00e9s.<\\\/span><\\\/p>\",\"margin\":\"default\",\"maxwidth\":\"2xlarge\",\"text_align\":\"center\",\"text_align_breakpoint\":\"s\",\"text_align_fallback\":\"left\",\"text_style\":\"lead\"}},{\"type\":\"grid\",\"props\":{\"content_column_breakpoint\":\"m\",\"content_margin\":\"small\",\"filter_align\":\"left\",\"filter_all\":true,\"filter_grid_breakpoint\":\"m\",\"filter_grid_width\":\"auto\",\"filter_position\":\"top\",\"filter_style\":\"tab\",\"grid_column_gap\":\"medium\",\"grid_default\":\"1\",\"grid_divider\":false,\"grid_medium\":\"4\",\"grid_row_gap\":\"medium\",\"grid_small\":\"2\",\"icon_width\":80,\"image_align\":\"top\",\"image_grid_breakpoint\":\"m\",\"image_grid_width\":\"1-2\",\"image_link\":false,\"image_loading\":false,\"image_svg_color\":\"emphasis\",\"image_width\":\"140\",\"item_animation\":true,\"lightbox_bg_close\":true,\"link_style\":\"secondary\",\"link_text\":\"Vull saber-ne m\\u00e9s!\",\"margin\":\"default\",\"margin_remove_top\":false,\"meta_align\":\"above-title\",\"meta_color\":\"primary\",\"meta_element\":\"div\",\"meta_margin\":\"small\",\"meta_style\":\"heading-small\",\"panel_link\":false,\"panel_padding\":\"small\",\"panel_style\":\"card-default\",\"parallax_easing\":\"1\",\"show_content\":true,\"show_hover_image\":true,\"show_hover_video\":true,\"show_image\":true,\"show_link\":true,\"show_meta\":true,\"show_title\":true,\"show_video\":true,\"text_align\":\"center\",\"title_align\":\"top\",\"title_element\":\"h3\",\"title_grid_breakpoint\":\"m\",\"title_grid_width\":\"1-2\",\"title_hover_style\":\"reset\",\"title_margin\":\"small\",\"title_style\":\"h3\"},\"children\":[{\"type\":\"grid_item\",\"props\":{\"content\":\"\n\n<p class=\\\"cvGsUA direction-ltr align-start para-style-body\\\"><span>per obrir els ulls i q\\u00fcestionar els mites que circulen a les xarxes<\\\/span><\\\/p>\",\"image\":\"wp-content\\\/uploads\\\/ICONO-SENSIB-1.svg\",\"meta\":\"\",\"title\":\"SENSIBILITZACI\\u00d3\"}},{\"type\":\"grid_item\",\"props\":{\"content\":\"\n\n<p><span>perqu\\u00e8 \\u00e9s millor tenir eines abans que trobar-nos amb el problema<\\\/span><\\\/p>\",\"image\":\"wp-content\\\/uploads\\\/ICONO-PREVEN-1.svg\",\"meta\":\"\",\"title\":\"PREVENCI\\u00d3\"}},{\"type\":\"grid_item\",\"props\":{\"content\":\"\n\n<p class=\\\"cvGsUA direction-ltr align-start para-style-body\\\"><span>com a base per a qualsevol relaci\\u00f3 sana i lliure<\\\/span><\\\/p>\",\"image\":\"wp-content\\\/uploads\\\/ICONO-IGUAL.svg\",\"meta\":\"\",\"title\":\"IGUALTAT\"}},{\"type\":\"grid_item\",\"props\":{\"content\":\"\n\n<p class=\\\"cvGsUA direction-ltr align-start para-style-body\\\">per no sentir-nos soles davant els dubtes i tenir informaci\\u00f3 fiable sempre a m\\u00e0<\\\/p>\",\"image\":\"wp-content\\\/uploads\\\/ICONO-ACOMP.svg\",\"meta\":\"\",\"title\":\"ACOMPANYAMENT\"}}]}]}]}],\"name\":\"Qu\\u00e8 fem a SENSE?\"},{\"type\":\"section\",\"props\":{\"class\":\"greenMuted\",\"image_position\":\"center-center\",\"style\":\"default\",\"title_breakpoint\":\"xl\",\"title_position\":\"top-left\",\"title_rotation\":\"left\",\"vertical_align\":\"middle\",\"width\":\"default\"},\"children\":[{\"type\":\"row\",\"children\":[{\"type\":\"column\",\"props\":{\"image_position\":\"center-center\",\"position_sticky_breakpoint\":\"m\"},\"children\":[{\"type\":\"headline\",\"props\":{\"block_align\":\"center\",\"content\":\"<strong>Materials de sensibilitzaci\\u00f3 adaptats<\\\/strong>\",\"margin\":\"small\",\"maxwidth\":\"2xlarge\",\"text_align\":\"center\",\"text_align_breakpoint\":\"s\",\"title_element\":\"div\",\"title_style\":\"h1\"}},{\"type\":\"headline\",\"props\":{\"block_align\":\"center\",\"content\":\"Igualtat accessible\",\"margin\":\"small\",\"maxwidth\":\"2xlarge\",\"text_align\":\"center\",\"text_align_breakpoint\":\"s\",\"title_color\":\"primary\",\"title_element\":\"div\",\"title_style\":\"h1\"}},{\"type\":\"text\",\"props\":{\"block_align\":\"center\",\"column_breakpoint\":\"m\",\"content\":\"\n\n<p style=\\\"text-align: center;\\\">Materials pensats perqu\\u00e8 tothom pugui entendre i parlar d\\u2019igualtat, consentiment i relacions respectuoses<\\\/p>\",\"margin\":\"default\",\"maxwidth\":\"xlarge\",\"text_style\":\"lead\"}}]}]},{\"type\":\"row\",\"children\":[{\"type\":\"column\",\"props\":{\"image_position\":\"center-center\",\"position_sticky_breakpoint\":\"m\"},\"children\":[{\"type\":\"panel-slider\",\"props\":{\"content_column_breakpoint\":\"m\",\"icon_color\":\"primary\",\"icon_width\":80,\"image_align\":\"top\",\"image_grid_breakpoint\":\"m\",\"image_grid_width\":\"1-2\",\"image_svg_color\":\"emphasis\",\"link_size\":\"small\",\"link_style\":\"default\",\"link_target\":true,\"link_text\":\"Veure material\",\"margin\":\"default\",\"meta_align\":\"below-title\",\"meta_element\":\"div\",\"meta_margin\":\"small\",\"meta_style\":\"text-meta\",\"nav\":\"dotnav\",\"nav_align\":\"center\",\"nav_breakpoint\":\"s\",\"panel_match\":true,\"panel_padding\":\"small\",\"panel_style\":\"card-default\",\"show_content\":true,\"show_hover_image\":true,\"show_hover_video\":true,\"show_image\":true,\"show_link\":true,\"show_meta\":false,\"show_title\":true,\"show_video\":true,\"slidenav\":\"outside\",\"slidenav_breakpoint\":\"xl\",\"slidenav_margin\":\"medium\",\"slidenav_outside_breakpoint\":\"xl\",\"slider_autoplay_pause\":true,\"slider_gap\":\"default\",\"slider_width\":\"fixed\",\"slider_width_default\":\"1-1\",\"slider_width_medium\":\"1-3\",\"text_align\":\"center\",\"title_align\":\"top\",\"title_element\":\"h3\",\"title_grid_breakpoint\":\"m\",\"title_grid_width\":\"1-2\",\"title_hover_style\":\"reset\",\"title_margin\":\"small\"},\"children\":[{\"type\":\"panel-slider_item\",\"props\":{\"icon\":\"image\",\"link\":\"wp-content\\\/uploads\\\/SURTDELMOTLLE_ADAPTAT_LOGOS.pdf\",\"meta\":\"IGUALTAT ACCESIBLE\",\"title\":\"Surt del motlle\"}},{\"type\":\"panel-slider_item\",\"props\":{\"icon\":\"image\",\"link\":\"wp-content\\\/uploads\\\/NOESNORMAL_POSTER_PALMA_ADAPTAT.pdf.pdf\",\"meta\":\"IGUALTAT ACCESIBLE\",\"title\":\"No \\u00e9s normal\"}},{\"type\":\"panel-slider_item\",\"props\":{\"icon\":\"image\",\"link\":\"wp-content\\\/uploads\\\/INGREDIENTSRELACIOSANA_ADAPTAT_LOGOS-comprimido.pdf\",\"meta\":\"IGUALTAT ACCESIBLE\",\"title\":\"Ingredients relaci\\u00f3 sana\"}},{\"type\":\"panel-slider_item\",\"props\":{\"icon\":\"image\",\"link\":\"wp-content\\\/uploads\\\/CONSENTIMENT_ADAPTAT_LOGOS.pdf\",\"meta\":\"IGUALTAT ACCESIBLE\",\"title\":\"Consentiment\"}}]}]}]}],\"name\":\"MATERIALS\"},{\"type\":\"section\",\"props\":{\"image_position\":\"center-center\",\"style\":\"default\",\"title_breakpoint\":\"xl\",\"title_position\":\"top-left\",\"title_rotation\":\"left\",\"vertical_align\":\"middle\",\"width\":\"default\"},\"children\":[{\"type\":\"row\",\"props\":{\"layout\":\"2-3,1-3\",\"width\":\"xlarge\"},\"children\":[{\"type\":\"column\",\"props\":{\"image_position\":\"center-center\",\"position_sticky_breakpoint\":\"m\",\"width_medium\":\"2-3\"},\"children\":[{\"type\":\"text\",\"props\":{\"block_align\":\"center\",\"block_align_breakpoint\":\"s\",\"block_align_fallback\":\"center\",\"column_breakpoint\":\"m\",\"content\":\"\n\n<p><span>Sense \\u00e9s un projecte de sensibilitzaci\\u00f3 creat per la Fundaci\\u00f3 IRES i desenvolupat amb el suport del Ministerio de Igualdad.<\\\/span><\\\/p>\",\"margin\":\"default\",\"maxwidth\":\"2xlarge\",\"text_align\":\"left\",\"text_align_breakpoint\":\"s\",\"text_align_fallback\":\"left\",\"text_style\":\"lead\"}}]},{\"type\":\"column\",\"props\":{\"image_position\":\"center-center\",\"position_sticky_breakpoint\":\"m\",\"width_medium\":\"1-3\"},\"children\":[{\"type\":\"image\",\"props\":{\"image\":\"wp-content\\\/uploads\\\/ministerio-de-igualdad-01.svg\",\"image_height\":100,\"image_svg_color\":\"emphasis\",\"margin\":\"default\"}}]}]}],\"name\":\"CLIENT\"},{\"type\":\"section\",\"props\":{\"image_position\":\"center-center\",\"status\":\"disabled\",\"style\":\"default\",\"title_breakpoint\":\"xl\",\"title_position\":\"top-left\",\"title_rotation\":\"left\",\"vertical_align\":\"middle\",\"width\":\"default\"},\"children\":[{\"type\":\"row\",\"children\":[{\"type\":\"column\",\"props\":{\"image_position\":\"center-center\",\"position_sticky_breakpoint\":\"m\"},\"children\":[{\"type\":\"headline\",\"props\":{\"content\":\"<strong>Comunitat Sense<\\\/strong>\",\"text_align\":\"center\",\"title_color\":\"background\",\"title_element\":\"h1\"}}]}]}],\"name\":\"GALERIA\"},{\"type\":\"section\",\"props\":{\"class\":\"greenMuted\",\"image_position\":\"center-center\",\"status\":\"disabled\",\"style\":\"default\",\"title_breakpoint\":\"xl\",\"title_position\":\"top-left\",\"title_rotation\":\"left\",\"vertical_align\":\"\",\"width\":\"xlarge\"},\"children\":[{\"type\":\"row\",\"children\":[{\"type\":\"column\",\"props\":{\"image_position\":\"center-center\",\"position_sticky_breakpoint\":\"m\"},\"children\":[{\"type\":\"headline\",\"props\":{\"content\":\"<strong>Preguntes freq\\u00fcents<\\\/strong>\",\"text_align\":\"center\",\"title_color\":\"background\",\"title_element\":\"h1\"}},{\"type\":\"text\",\"props\":{\"block_align\":\"center\",\"block_align_breakpoint\":\"s\",\"block_align_fallback\":\"center\",\"column_breakpoint\":\"m\",\"content\":\"\n\n<p>Lorem ipsum dolor sit amet, consectetur adipiscing elit. Phasellus sed mauris pharetra, accumsan nisi eget, ullamcorper urna. Etiam molestie imperdiet orci nec scelerisque. Cras sed bibendum erat. Nulla congue sagittis urna, a pharetra mauris maximus vitae. Morbi luctus cursus venenatis. In quis nunc quis lacus lobortis congue eu in lectus<\\\/p>\",\"margin\":\"default\",\"maxwidth\":\"2xlarge\",\"text_align\":\"center\",\"text_align_breakpoint\":\"s\",\"text_align_fallback\":\"center\",\"text_style\":\"lead\"}}]}]},{\"type\":\"row\",\"children\":[{\"type\":\"column\",\"props\":{\"image_position\":\"center-center\",\"position_sticky_breakpoint\":\"m\"},\"children\":[{\"type\":\"accordion\",\"props\":{\"block_align\":\"center\",\"class\":\"white\",\"collapsible\":true,\"content_column_breakpoint\":\"m\",\"id\":\"accordionFAQ\",\"image_align\":\"top\",\"image_grid_breakpoint\":\"m\",\"image_grid_width\":\"1-2\",\"image_svg_color\":\"emphasis\",\"link_style\":\"default\",\"link_text\":\"Read more\",\"maxwidth\":\"xlarge\",\"show_image\":true,\"show_link\":true},\"children\":[{\"type\":\"accordion_item\",\"props\":{\"content\":\"\n\n<h4><strong>Primer pas per saber si aquest viatge \\u00e9s per a tu.<\\\/strong><\\\/h4>\\n\n\n<p>Sessi\\u00f3 informativa personalitzada que et permetr\\u00e0 resoldre dubtes, rebre imputs per a la reflexi\\u00f3, apropar-te a aquest projecte, con\\u00e8ixer una mica la realitat dels infants del sistemes de protecci\\u00f3.<\\\/p>\\n\n\n<p><\\\/p>\",\"title\":\"1) ENTREVISTA INFORMATIVA\"}},{\"type\":\"accordion_item\",\"props\":{\"content\":\"\n\n<h4><strong>Comen\\u00e7a oficialment el cam\\u00ed per oferir-se com a fam\\u00edlia acollidora.<\\\/strong><\\\/h4>\\n\n\n<p>Omples i presentes el formulari de sol\\u00b7licitud. Mostres la voluntat formal d'iniciar el proc\\u00e9s. La teva motivaci\\u00f3 queda registrada. Inicia el cam\\u00ed!<\\\/p>\",\"title\":\"2) SOL\\u00b7LICITUD D\\u2019ACOLLIMENT\"}},{\"type\":\"accordion_item\",\"props\":{\"content\":\"\n\n<h4><strong>Equipar-te pel viatge.<\\\/strong><\\\/h4>\\n\n\n<p>Participes d\\u2019un curs formatiu obligatori on es tracten temes com el vincle, la reparaci\\u00f3 emocional, el trauma, la relaci\\u00f3 amb la fam\\u00edlia d\\u2019origen, etc. Comparteixes amb altres fam\\u00edlies interessades i et fas preguntes clau. Reflexiones sobre el que implica cuidar, reparar i acompanyar.<\\\/p>\",\"title\":\"3) SESSIONS FORMATIVES\"}},{\"type\":\"accordion_item\",\"props\":{\"content\":\"\n\n<h4><strong>Fer el mapa del viatge.<\\\/strong><\\\/h4>\\n\n\n<p>Les professionals t\\u2019ajuden a con\\u00e8ixer els teus punts forts i les teves necessitats a trav\\u00e9s d'entrevistes i visites a domicili.<\\\/p>\",\"title\":\"4) VALORACI\\u00d3\"}}]}]}],\"props\":{\"width\":\"xsmall\"}},{\"type\":\"row\",\"children\":[{\"type\":\"column\",\"props\":{\"image_position\":\"center-center\",\"position_sticky_breakpoint\":\"m\"},\"children\":[{\"type\":\"button\",\"props\":{\"grid_column_gap\":\"small\",\"grid_row_gap\":\"small\",\"margin\":\"default\",\"text_align\":\"center\"},\"children\":[{\"type\":\"button_item\",\"props\":{\"button_style\":\"default\",\"content\":\"PREGUNTES FREQ\\u00dcENTS\",\"dialog_layout\":\"modal\",\"dialog_offcanvas_flip\":true,\"icon\":\"forward\",\"icon_align\":\"left\",\"link\":\"https:\\\/\\\/www.fundacioires.org\\\/ca\\\/que-fem\\\/ecosistema-de-projectes\\\/acolliments\\\/\"}}]}]}]},{\"type\":\"row\",\"children\":[{\"type\":\"column\",\"props\":{\"image_position\":\"center-center\",\"position_sticky_breakpoint\":\"m\"},\"children\":[{\"type\":\"text\",\"props\":{\"block_align\":\"center\",\"block_align_breakpoint\":\"s\",\"block_align_fallback\":\"center\",\"column_breakpoint\":\"m\",\"content\":\"\n\n<p>Som una <strong>entitat col\\u00b7laboradora acreditada<\\\/strong> des de l'any 1999 per l\\u2019Institut Catal\\u00e0 de l\\u2019Acolliment i de l\\u2019Adopci\\u00f3 (ICAA).<\\\/p>\",\"margin\":\"default\",\"maxwidth\":\"xlarge\",\"text_align\":\"center\",\"text_align_breakpoint\":\"s\",\"text_align_fallback\":\"center\",\"text_style\":\"lead\"}},{\"type\":\"panel\",\"props\":{\"block_align\":\"center\",\"content_column_breakpoint\":\"m\",\"icon_width\":80,\"image\":\"wp-content\\\/uploads\\\/LOGO_ICAA_VECTORIAL-02.svg\",\"image_align\":\"top\",\"image_grid_breakpoint\":\"m\",\"image_grid_width\":\"1-2\",\"image_svg_color\":\"emphasis\",\"link_style\":\"default\",\"link_text\":\"Read more\",\"margin\":\"default\",\"maxwidth\":\"large\",\"meta_align\":\"below-title\",\"meta_element\":\"div\",\"meta_style\":\"text-meta\",\"panel_padding\":\"small\",\"panel_style\":\"card-default\",\"title_align\":\"top\",\"title_element\":\"h3\",\"title_grid_breakpoint\":\"m\",\"title_grid_width\":\"1-2\",\"title_hover_style\":\"reset\"}}]}]}],\"name\":\"FAQS\"},{\"type\":\"section\",\"props\":{\"image_position\":\"center-center\",\"image_size\":\"cover\",\"status\":\"disabled\",\"style\":\"default\",\"title_breakpoint\":\"xl\",\"title_position\":\"top-left\",\"title_rotation\":\"left\",\"vertical_align\":\"\",\"width\":\"default\"},\"children\":[{\"type\":\"row\",\"children\":[{\"type\":\"column\",\"props\":{\"image_position\":\"center-center\",\"image_size\":\"cover\",\"position_sticky_breakpoint\":\"m\",\"width_medium\":\"1-1\"},\"children\":[{\"type\":\"headline\",\"props\":{\"content\":\"<strong>Petites grans hist\\u00f2ries<\\\/strong>\",\"text_align\":\"center\",\"title_color\":\"background\",\"title_element\":\"h1\"}},{\"type\":\"switcher\",\"props\":{\"content_margin\":\"small\",\"id\":\"switcherLeftPanel\",\"image_align\":\"right\",\"image_border\":\"rounded\",\"image_box_shadow\":\"medium\",\"image_breakpoint\":\"m\",\"image_grid_width\":\"auto\",\"image_gutter\":\"collapse\",\"image_svg_color\":\"emphasis\",\"image_vertical_align\":true,\"image_width\":\"900\",\"link_style\":\"default\",\"link_text\":\"Read more\",\"margin\":\"default\",\"meta_align\":\"above-title\",\"meta_margin\":\"small\",\"meta_style\":\"meta\",\"show_content\":true,\"show_image\":true,\"show_label\":true,\"show_link\":true,\"show_meta\":true,\"show_thumbnail\":true,\"show_title\":true,\"switcher_align\":\"center\",\"switcher_animation\":\"fade\",\"switcher_breakpoint\":\"m\",\"switcher_grid_width\":\"auto\",\"switcher_height\":true,\"switcher_position\":\"bottom\",\"switcher_style\":\"thumbnav\",\"switcher_thumbnail_height\":\"8\",\"switcher_thumbnail_nowrap\":false,\"switcher_thumbnail_svg_color\":\"primary\",\"switcher_thumbnail_svg_inline\":true,\"switcher_thumbnail_width\":\"8\",\"title_align\":\"top\",\"title_breakpoint\":\"m\",\"title_element\":\"h3\",\"title_grid_width\":\"1-2\",\"title_margin\":\"small\"},\"children\":[{\"type\":\"switcher_item\",\"props\":{\"content\":\"\",\"image\":\"wp-content\\\/uploads\\\/Testimoni-1.png\",\"image_alt\":\"Foto familia adopcions necessitats especials\",\"meta\":\"Fam\\u00edlia acollidora\",\"thumbnail\":\"wp-content\\\/uploads\\\/switch-dot-active.svg\",\"title\":\"\\\"\\u00c9s de les coses que fa gran a la fam\\u00edlia, perqu\\u00e8 l\\u2019acolliment ha estat bo tant per les criatures que hem tingut com pels meus fills.\\\"\"}},{\"type\":\"switcher_item\",\"props\":{\"content\":\"\",\"image\":\"wp-content\\\/uploads\\\/Testimoni-3.png\",\"image_alt\":\"Foto familia adopcions necessitats especials\",\"meta\":\"Fam\\u00edlia acollidora\",\"thumbnail\":\"wp-content\\\/uploads\\\/switch-dot-active.svg\",\"title\":\"\\\"Jo en el moment en qu\\u00e8 vaig decidir fer aix\\u00f2, era un regal. Sempre dic que tinc molta sort, sento orgull\\\"\"}},{\"type\":\"switcher_item\",\"props\":{\"content\":\"\",\"image\":\"wp-content\\\/uploads\\\/Testimoni-2.png\",\"image_alt\":\"Foto familia adopcions necessitats especials\",\"meta\":\"Fam\\u00edlia acollidora\",\"thumbnail\":\"wp-content\\\/uploads\\\/switch-dot-active.svg\",\"title\":\"\\\"En el moment en que el nen trepitja casa teva, \\u00e9s un m\\u00e9s. Val la pena donar-li l\\u2019oportunitat. Cal reprendre aquests valors familiars, fer arrels.\\\"\"}}],\"name\":\"TESTIMONIOS\"}]}],\"props\":{\"margin_remove_top\":false}}],\"name\":\"Historias de vida\"},{\"type\":\"section\",\"props\":{\"id\":\"FORM\",\"image_position\":\"center-center\",\"style\":\"muted\",\"title_breakpoint\":\"xl\",\"title_position\":\"top-left\",\"title_rotation\":\"left\",\"vertical_align\":\"\",\"width\":\"default\"},\"children\":[{\"type\":\"row\",\"props\":{\"layout\":\"large,expand\"},\"children\":[{\"type\":\"column\",\"props\":{\"css\":\".el-column{\\ndisplay: inline-block;\\nposition: relative;\\n}\",\"image_position\":\"center-center\",\"position_sticky_breakpoint\":\"m\",\"width_medium\":\"large\"},\"children\":[{\"type\":\"headline\",\"props\":{\"content\":\"<strong>Tens m\\u00e9s dubtes?<\\\/strong>\",\"maxwidth\":\"medium\",\"title_element\":\"div\",\"title_style\":\"h1\"}},{\"type\":\"button\",\"props\":{\"grid_column_gap\":\"small\",\"grid_row_gap\":\"small\",\"margin\":\"default\"},\"children\":[{\"type\":\"button_item\",\"props\":{\"button_style\":\"default\",\"content\":\"sensegenerededubtes@fundacioires.org\",\"dialog_layout\":\"modal\",\"dialog_offcanvas_flip\":true,\"icon\":\"mail\",\"icon_align\":\"left\",\"link\":\"mailto:sensegenerededubtes@fundacioires.org\",\"link_title\":\"Contacta per e-mail!\"}},{\"type\":\"button_item\",\"props\":{\"button_style\":\"default\",\"content\":\"971 722 856\",\"dialog_layout\":\"modal\",\"dialog_offcanvas_flip\":true,\"icon\":\"receiver\",\"icon_align\":\"left\",\"link\":\"tel:971722856\",\"link_title\":\"Contacta per tel\\u00e8fon!\"}}]}]},{\"type\":\"column\",\"props\":{\"css\":\".el-column{\\n\\tmargin-top:5px;\\n}\",\"image_position\":\"center-center\",\"position_sticky_breakpoint\":\"m\",\"width_medium\":\"expand\"},\"children\":[{\"type\":\"text\",\"props\":{\"column_breakpoint\":\"m\",\"content\":\"\n\n<p>Prefereixes que contactem amb tu? Deixa\\u2019ns les teves dades.<\\\/p>\",\"margin\":\"medium\",\"text_color\":\"emphasis\",\"text_style\":\"large\"}},{\"type\":\"html\",\"props\":{\"content\":\"[contact-form-7 id=\\\"15641\\\" title=\\\"Formulari Contacte  PROJECTES - CA\\\"]\\n<script>\\ndocument.getElementById('recipient').value = 'sensegenerededubtes@fundacioires.org';\\n<\\\/script>\",\"css\":\".el-element{\\n\\tmargin-bottom:20px;\\n}\"},\"name\":\"Formulari projecte CAT\"}]}]}],\"name\":\"Formulari\"}],\"version\":\"4.5.33\",\"yooessentialsVersion\":\"2.4.12\"} --><\/p>\n","protected":false},"excerpt":{"rendered":"<p>Sense G\u00e8nere de Dubtes Un espai digital per parlar clar sobre igualtat, relacions i sexualitat sana Vull saber-ne m\u00e9s! Qu\u00e8 \u00e9s Sense? Un projecte creat per i per a joves. Neix de les inquietuds que han sorgit als tallers d\u2019igualtat i prevenci\u00f3 de viol\u00e8ncies masclistes a les Illes Balears de la m\u00e0 de Fundaci\u00f3 IRES, [&hellip;]<\/p>\n","protected":false},"author":7,"featured_media":82184,"parent":15645,"menu_order":0,"comment_status":"closed","ping_status":"closed","template":"","meta":{"footnotes":""},"proyectos":[189],"class_list":["post-81692","page","type-page","status-publish","has-post-thumbnail","hentry","proyectos-publico-privado"],"yoast_head":"<!-- This site is optimized with the Yoast SEO plugin v27.4 - https:\/\/yoast.com\/product\/yoast-seo-wordpress\/ -->\n<title>Sense G\u00e8nere de Dubtes - Fundaci\u00f3 IRES<\/title>\n<meta name=\"description\" content=\"Espai digital de la Fundaci\u00f3 IRES per parlar sobre igualtat, sexualitat i relacions sanes, sense viol\u00e8ncies.\" \/>\n<meta name=\"robots\" content=\"index, follow, max-snippet:-1, max-image-preview:large, max-video-preview:-1\" \/>\n<link rel=\"canonical\" href=\"https:\/\/www.fundacioires.org\/que-hacemos\/ecosistema-de-proyectos\/sin-genero-de-dudas\/\" \/>\n<meta property=\"og:locale\" content=\"ca_ES\" \/>\n<meta property=\"og:type\" content=\"article\" \/>\n<meta property=\"og:title\" content=\"Sense G\u00e8nere de Dubtes - Fundaci\u00f3 IRES\" \/>\n<meta property=\"og:description\" content=\"Espai digital de la Fundaci\u00f3 IRES per parlar sobre igualtat, sexualitat i relacions sanes, sense viol\u00e8ncies.\" \/>\n<meta property=\"og:url\" content=\"https:\/\/www.fundacioires.org\/que-hacemos\/ecosistema-de-proyectos\/sin-genero-de-dudas\/\" \/>\n<meta property=\"og:site_name\" content=\"Fundaci\u00f3 IRES\" \/>\n<meta property=\"article:modified_time\" content=\"2026-01-29T16:03:12+00:00\" \/>\n<meta property=\"og:image\" content=\"https:\/\/www.fundacioires.org\/wp-content\/uploads\/IMG_DESTACADA_SENSE.png\" \/>\n\t<meta property=\"og:image:width\" content=\"1200\" \/>\n\t<meta property=\"og:image:height\" content=\"630\" \/>\n\t<meta property=\"og:image:type\" content=\"image\/png\" \/>\n<meta name=\"twitter:card\" content=\"summary_large_image\" \/>\n<meta name=\"twitter:title\" content=\"Sense G\u00e8nere de Dubtes - Fundaci\u00f3 IRES\" \/>\n<meta name=\"twitter:description\" content=\"Espai digital de la Fundaci\u00f3 IRES per parlar sobre igualtat, sexualitat i relacions sanes, sense viol\u00e8ncies.\" \/>\n<meta name=\"twitter:image\" content=\"https:\/\/i0.wp.com\/www.fundacioires.org\/wp-content\/uploads\/IMG_DESTACADA_SENSE.png?fit=1200%2C630&ssl=1\" \/>\n<meta name=\"twitter:label1\" content=\"Est. reading time\" \/>\n\t<meta name=\"twitter:data1\" content=\"3 minutes\" \/>\n<script type=\"application\/ld+json\" class=\"yoast-schema-graph\">{\"@context\":\"https:\\\/\\\/schema.org\",\"@graph\":[{\"@type\":\"WebPage\",\"@id\":\"https:\\\/\\\/www.fundacioires.org\\\/que-hacemos\\\/ecosistema-de-proyectos\\\/sin-genero-de-dudas\\\/\",\"url\":\"https:\\\/\\\/www.fundacioires.org\\\/que-hacemos\\\/ecosistema-de-proyectos\\\/sin-genero-de-dudas\\\/\",\"name\":\"Sense G\u00e8nere de Dubtes - Fundaci\u00f3 IRES\",\"isPartOf\":{\"@id\":\"https:\\\/\\\/www.fundacioires.org\\\/#website\"},\"primaryImageOfPage\":{\"@id\":\"https:\\\/\\\/www.fundacioires.org\\\/que-hacemos\\\/ecosistema-de-proyectos\\\/sin-genero-de-dudas\\\/#primaryimage\"},\"image\":{\"@id\":\"https:\\\/\\\/www.fundacioires.org\\\/que-hacemos\\\/ecosistema-de-proyectos\\\/sin-genero-de-dudas\\\/#primaryimage\"},\"thumbnailUrl\":\"https:\\\/\\\/i0.wp.com\\\/www.fundacioires.org\\\/wp-content\\\/uploads\\\/IMG_DESTACADA_SENSE.png?fit=1200%2C630&ssl=1\",\"datePublished\":\"2025-11-25T15:36:28+00:00\",\"dateModified\":\"2026-01-29T16:03:12+00:00\",\"description\":\"Espai digital de la Fundaci\u00f3 IRES per parlar sobre igualtat, sexualitat i relacions sanes, sense viol\u00e8ncies.\",\"breadcrumb\":{\"@id\":\"https:\\\/\\\/www.fundacioires.org\\\/que-hacemos\\\/ecosistema-de-proyectos\\\/sin-genero-de-dudas\\\/#breadcrumb\"},\"inLanguage\":\"ca-ES\",\"potentialAction\":[{\"@type\":\"ReadAction\",\"target\":[\"https:\\\/\\\/www.fundacioires.org\\\/que-hacemos\\\/ecosistema-de-proyectos\\\/sin-genero-de-dudas\\\/\"]}]},{\"@type\":\"ImageObject\",\"inLanguage\":\"ca-ES\",\"@id\":\"https:\\\/\\\/www.fundacioires.org\\\/que-hacemos\\\/ecosistema-de-proyectos\\\/sin-genero-de-dudas\\\/#primaryimage\",\"url\":\"https:\\\/\\\/i0.wp.com\\\/www.fundacioires.org\\\/wp-content\\\/uploads\\\/IMG_DESTACADA_SENSE.png?fit=1200%2C630&ssl=1\",\"contentUrl\":\"https:\\\/\\\/i0.wp.com\\\/www.fundacioires.org\\\/wp-content\\\/uploads\\\/IMG_DESTACADA_SENSE.png?fit=1200%2C630&ssl=1\",\"width\":1200,\"height\":630},{\"@type\":\"BreadcrumbList\",\"@id\":\"https:\\\/\\\/www.fundacioires.org\\\/que-hacemos\\\/ecosistema-de-proyectos\\\/sin-genero-de-dudas\\\/#breadcrumb\",\"itemListElement\":[{\"@type\":\"ListItem\",\"position\":1,\"name\":\"Portada\",\"item\":\"https:\\\/\\\/www.fundacioires.org\\\/\"},{\"@type\":\"ListItem\",\"position\":2,\"name\":\"Qu\u00e8 fem\",\"item\":\"https:\\\/\\\/www.fundacioires.org\\\/ca\\\/que-fem\\\/\"},{\"@type\":\"ListItem\",\"position\":3,\"name\":\"Ecosistema de projectes\",\"item\":\"https:\\\/\\\/www.fundacioires.org\\\/que-hacemos\\\/ecosistema-de-proyectos\\\/\"},{\"@type\":\"ListItem\",\"position\":4,\"name\":\"Sense G\u00e8nere de Dubtes\"}]},{\"@type\":\"WebSite\",\"@id\":\"https:\\\/\\\/www.fundacioires.org\\\/#website\",\"url\":\"https:\\\/\\\/www.fundacioires.org\\\/\",\"name\":\"Fundaci\u00f3 IRES\",\"description\":\"\",\"publisher\":{\"@id\":\"https:\\\/\\\/www.fundacioires.org\\\/#organization\"},\"potentialAction\":[{\"@type\":\"SearchAction\",\"target\":{\"@type\":\"EntryPoint\",\"urlTemplate\":\"https:\\\/\\\/www.fundacioires.org\\\/?s={search_term_string}\"},\"query-input\":{\"@type\":\"PropertyValueSpecification\",\"valueRequired\":true,\"valueName\":\"search_term_string\"}}],\"inLanguage\":\"ca-ES\"},{\"@type\":\"Organization\",\"@id\":\"https:\\\/\\\/www.fundacioires.org\\\/#organization\",\"name\":\"Fundanci\u00f3n IRES\",\"url\":\"https:\\\/\\\/www.fundacioires.org\\\/\",\"logo\":{\"@type\":\"ImageObject\",\"inLanguage\":\"ca-ES\",\"@id\":\"https:\\\/\\\/www.fundacioires.org\\\/#\\\/schema\\\/logo\\\/image\\\/\",\"url\":\"https:\\\/\\\/i0.wp.com\\\/www.fundacioires.org\\\/wp-content\\\/uploads\\\/faviconIRES.png?fit=32%2C32&ssl=1\",\"contentUrl\":\"https:\\\/\\\/i0.wp.com\\\/www.fundacioires.org\\\/wp-content\\\/uploads\\\/faviconIRES.png?fit=32%2C32&ssl=1\",\"width\":32,\"height\":32,\"caption\":\"Fundanci\u00f3n IRES\"},\"image\":{\"@id\":\"https:\\\/\\\/www.fundacioires.org\\\/#\\\/schema\\\/logo\\\/image\\\/\"}}]}<\/script>\n<!-- \/ Yoast SEO plugin. -->","yoast_head_json":{"title":"Sense G\u00e8nere de Dubtes - Fundaci\u00f3 IRES","description":"Espai digital de la Fundaci\u00f3 IRES per parlar sobre igualtat, sexualitat i relacions sanes, sense viol\u00e8ncies.","robots":{"index":"index","follow":"follow","max-snippet":"max-snippet:-1","max-image-preview":"max-image-preview:large","max-video-preview":"max-video-preview:-1"},"canonical":"https:\/\/www.fundacioires.org\/que-hacemos\/ecosistema-de-proyectos\/sin-genero-de-dudas\/","og_locale":"ca_ES","og_type":"article","og_title":"Sense G\u00e8nere de Dubtes - Fundaci\u00f3 IRES","og_description":"Espai digital de la Fundaci\u00f3 IRES per parlar sobre igualtat, sexualitat i relacions sanes, sense viol\u00e8ncies.","og_url":"https:\/\/www.fundacioires.org\/que-hacemos\/ecosistema-de-proyectos\/sin-genero-de-dudas\/","og_site_name":"Fundaci\u00f3 IRES","article_modified_time":"2026-01-29T16:03:12+00:00","og_image":[{"width":1200,"height":630,"url":"https:\/\/www.fundacioires.org\/wp-content\/uploads\/IMG_DESTACADA_SENSE.png","type":"image\/png"}],"twitter_card":"summary_large_image","twitter_title":"Sense G\u00e8nere de Dubtes - Fundaci\u00f3 IRES","twitter_description":"Espai digital de la Fundaci\u00f3 IRES per parlar sobre igualtat, sexualitat i relacions sanes, sense viol\u00e8ncies.","twitter_image":"https:\/\/i0.wp.com\/www.fundacioires.org\/wp-content\/uploads\/IMG_DESTACADA_SENSE.png?fit=1200%2C630&ssl=1","twitter_misc":{"Est. reading time":"3 minutes"},"schema":{"@context":"https:\/\/schema.org","@graph":[{"@type":"WebPage","@id":"https:\/\/www.fundacioires.org\/que-hacemos\/ecosistema-de-proyectos\/sin-genero-de-dudas\/","url":"https:\/\/www.fundacioires.org\/que-hacemos\/ecosistema-de-proyectos\/sin-genero-de-dudas\/","name":"Sense G\u00e8nere de Dubtes - Fundaci\u00f3 IRES","isPartOf":{"@id":"https:\/\/www.fundacioires.org\/#website"},"primaryImageOfPage":{"@id":"https:\/\/www.fundacioires.org\/que-hacemos\/ecosistema-de-proyectos\/sin-genero-de-dudas\/#primaryimage"},"image":{"@id":"https:\/\/www.fundacioires.org\/que-hacemos\/ecosistema-de-proyectos\/sin-genero-de-dudas\/#primaryimage"},"thumbnailUrl":"https:\/\/i0.wp.com\/www.fundacioires.org\/wp-content\/uploads\/IMG_DESTACADA_SENSE.png?fit=1200%2C630&ssl=1","datePublished":"2025-11-25T15:36:28+00:00","dateModified":"2026-01-29T16:03:12+00:00","description":"Espai digital de la Fundaci\u00f3 IRES per parlar sobre igualtat, sexualitat i relacions sanes, sense viol\u00e8ncies.","breadcrumb":{"@id":"https:\/\/www.fundacioires.org\/que-hacemos\/ecosistema-de-proyectos\/sin-genero-de-dudas\/#breadcrumb"},"inLanguage":"ca-ES","potentialAction":[{"@type":"ReadAction","target":["https:\/\/www.fundacioires.org\/que-hacemos\/ecosistema-de-proyectos\/sin-genero-de-dudas\/"]}]},{"@type":"ImageObject","inLanguage":"ca-ES","@id":"https:\/\/www.fundacioires.org\/que-hacemos\/ecosistema-de-proyectos\/sin-genero-de-dudas\/#primaryimage","url":"https:\/\/i0.wp.com\/www.fundacioires.org\/wp-content\/uploads\/IMG_DESTACADA_SENSE.png?fit=1200%2C630&ssl=1","contentUrl":"https:\/\/i0.wp.com\/www.fundacioires.org\/wp-content\/uploads\/IMG_DESTACADA_SENSE.png?fit=1200%2C630&ssl=1","width":1200,"height":630},{"@type":"BreadcrumbList","@id":"https:\/\/www.fundacioires.org\/que-hacemos\/ecosistema-de-proyectos\/sin-genero-de-dudas\/#breadcrumb","itemListElement":[{"@type":"ListItem","position":1,"name":"Portada","item":"https:\/\/www.fundacioires.org\/"},{"@type":"ListItem","position":2,"name":"Qu\u00e8 fem","item":"https:\/\/www.fundacioires.org\/ca\/que-fem\/"},{"@type":"ListItem","position":3,"name":"Ecosistema de projectes","item":"https:\/\/www.fundacioires.org\/que-hacemos\/ecosistema-de-proyectos\/"},{"@type":"ListItem","position":4,"name":"Sense G\u00e8nere de Dubtes"}]},{"@type":"WebSite","@id":"https:\/\/www.fundacioires.org\/#website","url":"https:\/\/www.fundacioires.org\/","name":"Fundaci\u00f3 IRES","description":"","publisher":{"@id":"https:\/\/www.fundacioires.org\/#organization"},"potentialAction":[{"@type":"SearchAction","target":{"@type":"EntryPoint","urlTemplate":"https:\/\/www.fundacioires.org\/?s={search_term_string}"},"query-input":{"@type":"PropertyValueSpecification","valueRequired":true,"valueName":"search_term_string"}}],"inLanguage":"ca-ES"},{"@type":"Organization","@id":"https:\/\/www.fundacioires.org\/#organization","name":"Fundanci\u00f3n IRES","url":"https:\/\/www.fundacioires.org\/","logo":{"@type":"ImageObject","inLanguage":"ca-ES","@id":"https:\/\/www.fundacioires.org\/#\/schema\/logo\/image\/","url":"https:\/\/i0.wp.com\/www.fundacioires.org\/wp-content\/uploads\/faviconIRES.png?fit=32%2C32&ssl=1","contentUrl":"https:\/\/i0.wp.com\/www.fundacioires.org\/wp-content\/uploads\/faviconIRES.png?fit=32%2C32&ssl=1","width":32,"height":32,"caption":"Fundanci\u00f3n IRES"},"image":{"@id":"https:\/\/www.fundacioires.org\/#\/schema\/logo\/image\/"}}]}},"jetpack_sharing_enabled":true,"_links":{"self":[{"href":"https:\/\/www.fundacioires.org\/ca\/wp-json\/wp\/v2\/pages\/81692","targetHints":{"allow":["GET"]}}],"collection":[{"href":"https:\/\/www.fundacioires.org\/ca\/wp-json\/wp\/v2\/pages"}],"about":[{"href":"https:\/\/www.fundacioires.org\/ca\/wp-json\/wp\/v2\/types\/page"}],"author":[{"embeddable":true,"href":"https:\/\/www.fundacioires.org\/ca\/wp-json\/wp\/v2\/users\/7"}],"replies":[{"embeddable":true,"href":"https:\/\/www.fundacioires.org\/ca\/wp-json\/wp\/v2\/comments?post=81692"}],"version-history":[{"count":26,"href":"https:\/\/www.fundacioires.org\/ca\/wp-json\/wp\/v2\/pages\/81692\/revisions"}],"predecessor-version":[{"id":82793,"href":"https:\/\/www.fundacioires.org\/ca\/wp-json\/wp\/v2\/pages\/81692\/revisions\/82793"}],"up":[{"embeddable":true,"href":"https:\/\/www.fundacioires.org\/ca\/wp-json\/wp\/v2\/pages\/15645"}],"wp:featuredmedia":[{"embeddable":true,"href":"https:\/\/www.fundacioires.org\/ca\/wp-json\/wp\/v2\/media\/82184"}],"wp:attachment":[{"href":"https:\/\/www.fundacioires.org\/ca\/wp-json\/wp\/v2\/media?parent=81692"}],"wp:term":[{"taxonomy":"proyectos","embeddable":true,"href":"https:\/\/www.fundacioires.org\/ca\/wp-json\/wp\/v2\/proyectos?post=81692"}],"curies":[{"name":"wp","href":"https:\/\/api.w.org\/{rel}","templated":true}]}}