{"id":83008,"date":"2026-02-12T14:20:08","date_gmt":"2026-02-12T13:20:08","guid":{"rendered":"https:\/\/www.fundacioires.org\/?page_id=83008"},"modified":"2026-04-24T14:04:31","modified_gmt":"2026-04-24T12:04:31","slug":"una-rosa-per-una-causa-empreses","status":"publish","type":"page","link":"https:\/\/www.fundacioires.org\/ca\/una-rosa-per-una-causa-empreses\/","title":{"rendered":"Una rosa per una causa &#8211; Empreses"},"content":{"rendered":"<h1>Gr\u00e0cies per fer cr\u00e8ixer <em>Una rosa per una causa<\/em><\/h1>\n<p><p>\n        <a href=\"https:\/\/www.fundacioires.org\/ca\/una-rosa-per-una-causa-2026\/\">M\u00e9s informaci\u00f3<\/a>\n    <\/p>\n<\/p>\n<div>\n<p><strong>Una rosa amb impacte social<\/strong><\/p>\n<\/div>\n<div>\n<p><strong>Les comandes d\u2019aquesta edici\u00f3 ja estan tancades.<\/strong> Un any en qu\u00e8, gr\u00e0cies a empreses com la teva, hem m\u00e9s que duplicat les roses compartides per donar suport a les fam\u00edlies!<\/p>\n<\/div>\n<ul>\n<li>\n<p>        <img decoding=\"async\" src=\"\/wp-content\/uploads\/IMG_GALERIA_SJ_EMPRESES_01.jpg\" alt=\"\"><\/p>\n<h3>NOM EMPRESA<\/h3>\n<div>\n<p style=\"text-align: center;\">NOM EMPRESA<\/p>\n<\/div>\n<\/li>\n<li>\n<p>        <img decoding=\"async\" src=\"\/wp-content\/uploads\/IMG_GALERIA_SJ_EMPRESES_02.png\" alt=\"\"><\/p>\n<h3>NOM EMPRESA<\/h3>\n<div>\n<p style=\"text-align: center;\">NOM EMPRESA<\/p>\n<\/div>\n<\/li>\n<\/ul>\n<div><strong>La teva empresa pot generar impacte social de moltes maneres<\/strong><\/div>\n<div>\n<p>A la Fundaci\u00f3 IRES t&#8217;acompanyem per <strong>transformar el teu comprom\u00eds en programes socials<\/strong> a favor de persones i fam\u00edlies en situaci\u00f3 de vulnerabilitat.<\/p>\n<p><strong>Demana informaci\u00f3<\/strong> sobre les nostres iniciatives solid\u00e0ries, voluntariat corporatiu, accions de teaming, el finan\u00e7ament de programes o, fins i tot, fer una proposta a mida de la vostra empresa.<\/p>\n<\/div>\n<div>\n<h2><strong><span style=\"color: #f44144;\">Les opcions s\u00f3n moltes. Quina \u00e9s la teva?<\/span><\/strong><\/h2>\n<\/div>\n<p><p>\n        <a href=\"mailto:comunicacio@fundacioires.org\">Contacta\u2019ns<\/a>\n    <\/p>\n<\/p>\n<div>\n<div><b>Empreses que ja ho fan possible<\/b><\/div>\n<\/div>\n<ul>\n<li>\n<p>        <img decoding=\"async\" src=\"\/wp-content\/uploads\/LOGO_MAJESTIC-1.png\" alt=\"\"><\/p>\n<\/li>\n<li>\n<p>        <img decoding=\"async\" src=\"\/wp-content\/uploads\/LOGO_BLANQUERNA.png\" alt=\"\"><\/p>\n<\/li>\n<li>\n<p>        <img decoding=\"async\" src=\"\/wp-content\/uploads\/LOGOS-ALIATS_01.jpg\" alt=\"\"><\/p>\n<\/li>\n<li>\n<p>        <img decoding=\"async\" src=\"\/wp-content\/uploads\/LOGOS-ALIATS_02.jpg\" alt=\"\"><\/p>\n<\/li>\n<li>\n<p>        <img decoding=\"async\" src=\"\/wp-content\/uploads\/Sin-titulo-14.png\" alt=\"\"><\/p>\n<\/li>\n<li>\n<p>        <img decoding=\"async\" src=\"\/wp-content\/uploads\/Sin-ti%CC%81tulo-2-3.png\" alt=\"\"><\/p>\n<\/li>\n<li>\n<p>        <img decoding=\"async\" src=\"\/wp-content\/uploads\/logo_felca.png\" alt=\"\"><\/p>\n<\/li>\n<li>\n<p>        <img decoding=\"async\" src=\"\/wp-content\/uploads\/LOGOS-ALIATS_08.jpg\" alt=\"\"><\/p>\n<\/li>\n<li>\n<p>        <img decoding=\"async\" src=\"\/wp-content\/uploads\/LOGOS-ALIATS_10.jpg\" alt=\"\"><\/p>\n<\/li>\n<li>\n<p>        <img decoding=\"async\" src=\"\/wp-content\/uploads\/LOGOS-ALIATS_12.jpg\" alt=\"\"><\/p>\n<\/li>\n<li>\n<p>        <img decoding=\"async\" src=\"\/wp-content\/uploads\/Sin-titulo-16.png\" alt=\"\"><\/p>\n<\/li>\n<li>\n<p>        <img decoding=\"async\" src=\"\/wp-content\/uploads\/Sin-titulo-12-1.png\" alt=\"\"><\/p>\n<\/li>\n<li>\n<p>        <img decoding=\"async\" src=\"\/wp-content\/uploads\/LOGOS-ALIATS_14-1.jpg\" alt=\"\"><\/p>\n<\/li>\n<li>\n<p>        <img decoding=\"async\" src=\"\/wp-content\/uploads\/LOGOS-ALIATS_15.jpg\" alt=\"\"><\/p>\n<\/li>\n<li>\n<p>        <img decoding=\"async\" src=\"\/wp-content\/uploads\/LOGOS-ALIATS_17.jpg\" alt=\"\"><\/p>\n<\/li>\n<li>\n<p>        <img decoding=\"async\" src=\"\/wp-content\/uploads\/LOGOS-ALIATS_16.jpg\" alt=\"\"><\/p>\n<\/li>\n<li>\n<p>        <img decoding=\"async\" src=\"\/wp-content\/uploads\/LOGOS-ALIATS_18.jpg\" alt=\"\"><\/p>\n<\/li>\n<li>\n<p>        <img decoding=\"async\" src=\"\/wp-content\/uploads\/LOGOS-ALIATS_19.jpg\" alt=\"\"><\/p>\n<\/li>\n<\/ul>\n<div>\n<p>Amb les nostres <strong><span style=\"color: #f44144;\">roses solid\u00e0ries de Sant Jordi<\/span><\/strong> ajudes a florir <strong>noves oportunitats per a persones i fam\u00edlies<\/strong> que afronten situacions de vulnerabilitat i malestar emocional.<\/p>\n<\/div>\n<div><strong>Ajuda a reescriure el futur de les fam\u00edlies que m\u00e9s ho necessiten<\/strong><\/div>\n<p><p>\n        <a href=\"#Formulari\">Vull que la meva empresa s\u2019hi sumi<\/a>\n    <\/p>\n<\/p>\n<p><!--more--><br \/>\n<!-- {\"type\":\"layout\",\"children\":[{\"type\":\"section\",\"props\":{\"animation\":\"fade\",\"height\":\"pixels\",\"height_viewport\":600,\"image\":\"wp-content\\\/uploads\\\/IMG_CABECERA_SJ_EMPRESES_01.jpg\",\"image_effect\":\"parallax\",\"image_parallax_easing\":\"1\",\"image_position\":\"center-center\",\"image_size\":\"cover\",\"media_overlay\":\"rgba(0, 0, 0, 0.3)\",\"style\":\"default\",\"text_color\":\"light\",\"title_breakpoint\":\"xl\",\"title_position\":\"top-left\",\"title_rotation\":\"left\",\"vertical_align\":\"\",\"width\":\"default\"},\"children\":[{\"type\":\"row\",\"children\":[{\"type\":\"column\",\"props\":{\"image_position\":\"center-center\",\"position_sticky_breakpoint\":\"m\"},\"children\":[{\"type\":\"headline\",\"props\":{\"block_align\":\"center\",\"content\":\"Gr\\u00e0cies per fer cr\\u00e8ixer <em>Una rosa per una causa<\\\/em>\",\"maxwidth\":\"xlarge\",\"text_align\":\"center\",\"title_element\":\"h1\",\"title_style\":\"heading-large\"}},{\"type\":\"text\",\"props\":{\"block_align\":\"center\",\"column_breakpoint\":\"m\",\"content\":\"\n\n<h2>Celebra un Sant Jordi solidari amb els teus equips i els teus clients<\\\/h2>\",\"margin\":\"default\",\"maxwidth\":\"xlarge\",\"status\":\"disabled\",\"text_align\":\"center\",\"text_style\":\"lead\"}},{\"type\":\"button\",\"props\":{\"grid_column_gap\":\"small\",\"grid_row_gap\":\"small\",\"margin\":\"default\",\"text_align\":\"center\"},\"children\":[{\"type\":\"button_item\",\"props\":{\"button_style\":\"default\",\"content\":\"M\\u00e9s informaci\\u00f3\",\"dialog_layout\":\"modal\",\"dialog_offcanvas_flip\":true,\"icon\":\"link-external\",\"icon_align\":\"left\",\"link\":\"https:\\\/\\\/www.fundacioires.org\\\/ca\\\/una-rosa-per-una-causa-2026\\\/\"}}]}]}]}],\"name\":\"Cabecera\"},{\"name\":\"FORM\",\"type\":\"section\",\"props\":{\"css\":\"@media (min-width:1011px){\\n    .el-section .subtitle{\\n        min-height:87px;\\n    }\\n}\\n\\n@media (min-width:959px) and (max-width:1010px){\\n    .el-section .subtitle{\\n        min-height:116px;\\n    }\\n}\",\"image_effect\":\"parallax\",\"image_parallax_bgy\":\"300,450\",\"image_parallax_easing\":\"1\",\"image_position\":\"bottom-right\",\"image_width\":\"700\",\"padding\":\"small\",\"status\":\"disabled\",\"style\":\"default\",\"title_breakpoint\":\"xl\",\"title_position\":\"top-left\",\"title_rotation\":\"left\",\"vertical_align\":\"\",\"width\":\"large\"},\"children\":[{\"type\":\"row\",\"props\":{\"margin_remove_bottom\":true,\"width\":\"expand\"},\"children\":[{\"type\":\"column\",\"props\":{\"image_position\":\"center-center\",\"position_sticky_breakpoint\":\"m\",\"width_medium\":\"1-1\"},\"children\":[{\"type\":\"headline\",\"props\":{\"block_align\":\"center\",\"content\":\"<b>Roses solid\\u00e0ries per a empreses compromeses<\\\/b>\",\"margin\":\"small\",\"maxwidth\":\"2xlarge\",\"text_align\":\"center\",\"text_align_breakpoint\":\"s\",\"title_element\":\"div\",\"title_style\":\"h1\"}},{\"type\":\"text\",\"props\":{\"block_align\":\"center\",\"block_align_breakpoint\":\"s\",\"block_align_fallback\":\"center\",\"column_breakpoint\":\"m\",\"content\":\"\n\n<p>Regala roses solid\\u00e0ries al teu equip i <strong>impulsa noves oportunitats<\\\/strong> per a qui m\\u00e9s ho necessita.<\\\/p>\",\"margin\":\"default\",\"maxwidth\":\"xlarge\",\"text_align\":\"center\",\"text_align_breakpoint\":\"s\",\"text_align_fallback\":\"left\",\"text_style\":\"lead\"}},{\"type\":\"grid\",\"props\":{\"content_column_breakpoint\":\"m\",\"content_margin\":\"small\",\"content_style\":\"text-lead\",\"filter_align\":\"left\",\"filter_all\":true,\"filter_grid_breakpoint\":\"m\",\"filter_grid_width\":\"auto\",\"filter_position\":\"top\",\"filter_style\":\"tab\",\"grid_column_gap\":\"small\",\"grid_default\":\"1\",\"grid_medium\":\"4\",\"icon_width\":80,\"image_align\":\"top\",\"image_grid_breakpoint\":\"m\",\"image_grid_width\":\"1-2\",\"image_height\":180,\"image_svg_color\":\"emphasis\",\"item_animation\":true,\"lightbox_bg_close\":true,\"link_style\":\"default\",\"link_text\":\"Read more\",\"margin\":\"default\",\"meta_align\":\"below-title\",\"meta_element\":\"div\",\"meta_style\":\"text-meta\",\"show_content\":true,\"show_hover_image\":true,\"show_hover_video\":true,\"show_image\":true,\"show_link\":true,\"show_meta\":true,\"show_title\":true,\"show_video\":true,\"text_align\":\"center\",\"title_align\":\"top\",\"title_element\":\"h3\",\"title_grid_breakpoint\":\"m\",\"title_grid_width\":\"1-2\",\"title_hover_style\":\"reset\"},\"children\":[{\"type\":\"grid_item\",\"props\":{\"content\":\"\n\n<p>Impulsa programes d'atenci\\u00f3 a fam\\u00edlies en situaci\\u00f3 de vulnerabilitat<\\\/p>\",\"image\":\"wp-content\\\/uploads\\\/1-2.svg\"}},{\"type\":\"grid_item\",\"props\":{\"content\":\"\n\n<p>Un detall que reflecteix els valors de la teva empresa<\\\/p>\",\"image\":\"wp-content\\\/uploads\\\/2-1.svg\"}},{\"type\":\"grid_item\",\"props\":{\"content\":\"\n\n<p>Un donatiu amb deduccions fiscals<\\\/p>\",\"image\":\"wp-content\\\/uploads\\\/3-1.svg\"}},{\"type\":\"grid_item\",\"props\":{\"content\":\"\n\n<p>Sorteig d'una nit en una <em>suite<\\\/em> del Majestic Hotel &amp; Spa Barcelona<\\\/p>\",\"image\":\"wp-content\\\/uploads\\\/4.svg\"}}]},{\"type\":\"button\",\"props\":{\"grid_column_gap\":\"small\",\"grid_row_gap\":\"small\",\"margin\":\"default\",\"text_align\":\"center\"},\"children\":[{\"type\":\"button_item\",\"props\":{\"button_style\":\"danger\",\"content\":\"Vull saber m\\u00e9s\",\"dialog_layout\":\"modal\",\"dialog_offcanvas_flip\":true,\"icon\":\"commenting\",\"icon_align\":\"left\",\"link\":\"#Formulari\"}}]}]}]}]},{\"type\":\"section\",\"props\":{\"id\":\"Formulari\",\"image_position\":\"center-center\",\"image_size\":\"cover\",\"style\":\"default\",\"title_breakpoint\":\"xl\",\"title_position\":\"top-left\",\"title_rotation\":\"left\",\"vertical_align\":\"middle\",\"width\":\"xlarge\"},\"children\":[{\"type\":\"row\",\"children\":[{\"type\":\"column\",\"props\":{\"image_position\":\"center-center\",\"position_sticky_breakpoint\":\"m\",\"width_medium\":\"1-2\"},\"children\":[{\"type\":\"headline\",\"props\":{\"block_align\":\"center\",\"content\":\"\n\n<p><strong>Una rosa amb impacte social<\\\/strong><\\\/p>\",\"margin\":\"small\",\"maxwidth\":\"2xlarge\",\"text_align\":\"left\",\"text_align_breakpoint\":\"s\",\"title_color\":\"danger\",\"title_element\":\"div\",\"title_style\":\"heading-medium\"}},{\"type\":\"text\",\"props\":{\"block_align\":\"center\",\"column_breakpoint\":\"m\",\"content\":\"\n\n<p><strong>Les comandes d\\u2019aquesta edici\\u00f3 ja estan tancades.<\\\/strong> Un any en qu\\u00e8, gr\\u00e0cies a empreses com la teva, hem m\\u00e9s que duplicat les roses compartides per donar suport a les fam\\u00edlies!<\\\/p>\",\"margin\":\"default\",\"maxwidth\":\"xlarge\",\"text_align\":\"left\",\"text_style\":\"lead\"}}]},{\"type\":\"column\",\"props\":{\"image_position\":\"center-center\",\"position_sticky_breakpoint\":\"m\",\"width_medium\":\"1-2\"},\"children\":[{\"type\":\"panel-slider\",\"props\":{\"block_align\":\"center\",\"content_column_breakpoint\":\"m\",\"content_style\":\"h5\",\"icon_width\":80,\"image_align\":\"top\",\"image_border\":\"rounded\",\"image_grid_breakpoint\":\"m\",\"image_grid_width\":\"1-2\",\"image_svg_color\":\"emphasis\",\"link_style\":\"default\",\"link_text\":\"Read more\",\"margin\":\"default\",\"maxwidth\":\"xlarge\",\"meta_align\":\"below-title\",\"meta_element\":\"div\",\"meta_style\":\"text-meta\",\"nav\":\"dotnav\",\"nav_align\":\"center\",\"nav_breakpoint\":\"s\",\"panel_match\":true,\"show_content\":false,\"show_hover_image\":true,\"show_hover_video\":true,\"show_image\":true,\"show_link\":true,\"show_meta\":true,\"show_title\":false,\"show_video\":true,\"slidenav\":\"outside\",\"slidenav_breakpoint\":\"xl\",\"slidenav_margin\":\"medium\",\"slidenav_outside_breakpoint\":\"xl\",\"slider_autoplay\":true,\"slider_autoplay_interval\":\"5\",\"slider_autoplay_pause\":true,\"slider_gap\":\"default\",\"slider_velocity\":\"0.5\",\"slider_width\":\"fixed\",\"slider_width_default\":\"1-1\",\"slider_width_medium\":\"1-1\",\"text_align\":\"center\",\"title_align\":\"top\",\"title_color\":\"danger\",\"title_element\":\"h3\",\"title_grid_breakpoint\":\"m\",\"title_grid_width\":\"1-2\",\"title_hover_style\":\"reset\"},\"children\":[{\"type\":\"panel-slider_item\",\"props\":{\"content\":\"\n\n<p style=\\\"text-align: center;\\\">NOM EMPRESA<\\\/p>\",\"image\":\"wp-content\\\/uploads\\\/IMG_GALERIA_SJ_EMPRESES_01.jpg\",\"title\":\"NOM EMPRESA\"}},{\"type\":\"panel-slider_item\",\"props\":{\"content\":\"\n\n<p style=\\\"text-align: center;\\\">NOM EMPRESA<\\\/p>\",\"image\":\"wp-content\\\/uploads\\\/IMG_GALERIA_SJ_EMPRESES_02.png\",\"title\":\"NOM EMPRESA\"}}],\"name\":\"FOTOS EMPRESES\"}]}],\"props\":{\"layout\":\"1-2,1-2\"}}],\"name\":\"FORM\"},{\"type\":\"section\",\"props\":{\"image\":\"wp-content\\\/uploads\\\/IMG_FONDO_03.png\",\"image_position\":\"center-center\",\"status\":\"disabled\",\"style\":\"default\",\"title_breakpoint\":\"xl\",\"title_position\":\"top-left\",\"title_rotation\":\"left\",\"vertical_align\":\"middle\",\"width\":\"default\"},\"children\":[{\"type\":\"row\",\"children\":[{\"type\":\"column\",\"props\":{\"image_position\":\"center-center\",\"position_sticky_breakpoint\":\"m\"},\"children\":[{\"type\":\"headline\",\"props\":{\"block_align\":\"center\",\"content\":\"<strong>Ven a nuestra parada de Sant Jordi<\\\/strong>\",\"margin\":\"small\",\"maxwidth\":\"2xlarge\",\"text_align\":\"center\",\"text_align_breakpoint\":\"s\",\"title_element\":\"div\",\"title_style\":\"h1\"}},{\"type\":\"text\",\"props\":{\"block_align\":\"center\",\"column_breakpoint\":\"m\",\"content\":\"\n\n<p>El <strong><span style=\\\"color: #f44144;\\\">23 d\\u2019abril<\\\/span><\\\/strong> ens trobar\\u00e0s a la <strong>parada del Majestic Hotel &amp; Spa Barcelona<\\\/strong> per viure la diada amb <em>Una rosa per una causa<\\\/em>, el <strong>sorteig<\\\/strong> d\\u2019una nit a una suite de l\\u2019hotel i moltes sorpreses m\\u00e9s.<\\\/p>\",\"margin\":\"default\",\"maxwidth\":\"xlarge\",\"text_align\":\"center\",\"text_style\":\"lead\"}},{\"type\":\"button\",\"props\":{\"grid_column_gap\":\"small\",\"grid_row_gap\":\"small\",\"margin\":\"default\",\"text_align\":\"center\"},\"children\":[{\"type\":\"button_item\",\"props\":{\"button_style\":\"danger\",\"content\":\"M\\u00c9S INFORMACI\\u00d3\",\"dialog_layout\":\"modal\",\"dialog_offcanvas_flip\":true,\"icon\":\"link-external\",\"icon_align\":\"left\",\"link\":\"https:\\\/\\\/www.fundacioires.org\\\/ca\\\/una-rosa-per-una-causa-2026\\\/\"}}]}]}]}],\"name\":\"BANNER LANDING CONCURS\"},{\"type\":\"section\",\"props\":{\"image\":\"wp-content\\\/uploads\\\/IMG_FONDO_CREMA.png\",\"image_position\":\"center-center\",\"image_size\":\"cover\",\"style\":\"default\",\"title_breakpoint\":\"xl\",\"title_position\":\"top-left\",\"title_rotation\":\"left\",\"vertical_align\":\"middle\",\"width\":\"default\"},\"children\":[{\"type\":\"row\",\"children\":[{\"type\":\"column\",\"props\":{\"image_position\":\"center-center\",\"position_sticky_breakpoint\":\"m\"},\"children\":[{\"type\":\"headline\",\"props\":{\"block_align\":\"center\",\"content\":\"<strong>La teva empresa pot generar impacte social de moltes maneres<\\\/strong>\",\"margin\":\"small\",\"maxwidth\":\"2xlarge\",\"text_align\":\"center\",\"text_align_breakpoint\":\"s\",\"title_element\":\"div\",\"title_style\":\"h1\"}},{\"type\":\"text\",\"props\":{\"block_align\":\"center\",\"column_breakpoint\":\"m\",\"content\":\"\n\n<p>A la Fundaci\\u00f3 IRES t'acompanyem per <strong>transformar el teu comprom\\u00eds en programes socials<\\\/strong> a favor de persones i fam\\u00edlies en situaci\\u00f3 de vulnerabilitat.<\\\/p>\\n\n\n<p><strong>Demana informaci\\u00f3<\\\/strong> sobre les nostres iniciatives solid\\u00e0ries, voluntariat corporatiu, accions de teaming, el finan\\u00e7ament de programes o, fins i tot, fer una proposta a mida de la vostra empresa.<\\\/p>\",\"margin\":\"default\",\"maxwidth\":\"2xlarge\",\"text_align\":\"center\",\"text_style\":\"lead\"}},{\"type\":\"text\",\"props\":{\"block_align\":\"center\",\"column_breakpoint\":\"m\",\"content\":\"\n\n<h2><strong><span style=\\\"color: #f44144;\\\">Les opcions s\\u00f3n moltes. Quina \\u00e9s la teva?<\\\/span><\\\/strong><\\\/h2>\",\"margin\":\"default\",\"maxwidth\":\"2xlarge\",\"text_align\":\"center\"}},{\"type\":\"button\",\"props\":{\"grid_column_gap\":\"small\",\"grid_row_gap\":\"small\",\"margin\":\"default\",\"text_align\":\"center\"},\"children\":[{\"type\":\"button_item\",\"props\":{\"button_style\":\"danger\",\"content\":\"Contacta\\u2019ns\",\"dialog_layout\":\"modal\",\"dialog_offcanvas_flip\":true,\"icon\":\"mail\",\"icon_align\":\"left\",\"link\":\"mailto:comunicacio@fundacioires.org\"}}]}]}]}],\"name\":\"OTRAS OPCIONES EMPRESAS\"},{\"type\":\"section\",\"props\":{\"class\":\"redMuted\",\"id\":\"Formulari\",\"image_position\":\"center-center\",\"status\":\"disabled\",\"style\":\"default\",\"title_breakpoint\":\"xl\",\"title_position\":\"top-left\",\"title_rotation\":\"left\",\"vertical_align\":\"middle\",\"width\":\"default\"},\"children\":[{\"type\":\"row\",\"children\":[{\"type\":\"column\",\"props\":{\"image_position\":\"center-center\",\"position_sticky_breakpoint\":\"m\"},\"children\":[{\"type\":\"headline\",\"props\":{\"block_align\":\"center\",\"content\":\"\n\n<p><strong>Una rosa amb impacte social<br \\\/><\\\/strong><strong>Contacta amb el nostre equip!<\\\/strong><\\\/p>\",\"margin\":\"small\",\"maxwidth\":\"2xlarge\",\"text_align\":\"center\",\"text_align_breakpoint\":\"s\",\"title_color\":\"danger\",\"title_element\":\"div\",\"title_style\":\"h1\"}}]}]},{\"type\":\"row\",\"children\":[{\"type\":\"column\",\"props\":{\"image_position\":\"center-center\",\"position_sticky_breakpoint\":\"m\",\"width_medium\":\"1-2\"},\"children\":[{\"type\":\"panel-slider\",\"props\":{\"content_column_breakpoint\":\"m\",\"content_style\":\"h5\",\"icon_width\":80,\"image_align\":\"top\",\"image_border\":\"rounded\",\"image_grid_breakpoint\":\"m\",\"image_grid_width\":\"1-2\",\"image_svg_color\":\"emphasis\",\"link_style\":\"default\",\"link_text\":\"Read more\",\"margin\":\"default\",\"meta_align\":\"below-title\",\"meta_element\":\"div\",\"meta_style\":\"text-meta\",\"nav\":\"dotnav\",\"nav_align\":\"center\",\"nav_breakpoint\":\"s\",\"panel_match\":true,\"show_content\":false,\"show_hover_image\":true,\"show_hover_video\":true,\"show_image\":true,\"show_link\":true,\"show_meta\":true,\"show_title\":false,\"show_video\":true,\"slidenav\":\"outside\",\"slidenav_breakpoint\":\"xl\",\"slidenav_margin\":\"medium\",\"slidenav_outside_breakpoint\":\"xl\",\"slider_autoplay\":true,\"slider_autoplay_interval\":\"5\",\"slider_autoplay_pause\":true,\"slider_gap\":\"default\",\"slider_velocity\":\"0.5\",\"slider_width\":\"fixed\",\"slider_width_default\":\"1-1\",\"slider_width_medium\":\"1-1\",\"title_align\":\"top\",\"title_color\":\"danger\",\"title_element\":\"h3\",\"title_grid_breakpoint\":\"m\",\"title_grid_width\":\"1-2\",\"title_hover_style\":\"reset\"},\"children\":[{\"type\":\"panel-slider_item\",\"props\":{\"content\":\"\n\n<p style=\\\"text-align: center;\\\">NOM EMPRESA<\\\/p>\",\"image\":\"wp-content\\\/uploads\\\/IMG_GALERIA_SJ_EMPRESES_01.jpg\",\"title\":\"NOM EMPRESA\"}},{\"type\":\"panel-slider_item\",\"props\":{\"content\":\"\n\n<p style=\\\"text-align: center;\\\">NOM EMPRESA<\\\/p>\",\"image\":\"wp-content\\\/uploads\\\/IMG_GALERIA_SJ_EMPRESES_02.png\",\"title\":\"NOM EMPRESA\"}}],\"name\":\"FOTOS EMPRESES\"}]},{\"type\":\"column\",\"props\":{\"image_position\":\"center-center\",\"position_sticky_breakpoint\":\"m\",\"width_medium\":\"1-2\"},\"children\":[{\"type\":\"html\",\"props\":{\"content\":\"[contact-form-7 id=\\\"34108a9\\\" title=\\\"Formulari Sant Jordi Empreses CAT\\\"]\\n<script>\\ndocument.getElementById('recipient').value = 'comunicacio@fundacioires.org';\\n<\\\/script>\"},\"name\":\"FORM EMPRESES CAT\"}]}],\"props\":{\"layout\":\"1-2,1-2\",\"width\":\"default\"}}],\"name\":\"FORM (OCULTO)\"},{\"type\":\"section\",\"props\":{\"image_position\":\"center-center\",\"status\":\"disabled\",\"style\":\"default\",\"title_breakpoint\":\"xl\",\"title_position\":\"top-left\",\"title_rotation\":\"left\",\"vertical_align\":\"middle\",\"width\":\"default\"},\"children\":[{\"type\":\"row\",\"children\":[{\"type\":\"column\",\"props\":{\"image_position\":\"center-center\",\"position_sticky_breakpoint\":\"m\"},\"children\":[{\"type\":\"text\",\"props\":{\"column_breakpoint\":\"m\",\"content\":\"\n\n<p>Contacta amb nosaltres i et donarem m\\u00e9s informaci\\u00f3<\\\/p>\",\"margin\":\"default\",\"text_align\":\"center\",\"text_style\":\"lead\"}},{\"type\":\"button\",\"props\":{\"grid_column_gap\":\"small\",\"grid_row_gap\":\"small\",\"margin\":\"default\",\"text_align\":\"center\"},\"children\":[{\"type\":\"button_item\",\"props\":{\"button_style\":\"danger\",\"content\":\"934 86 47 50\",\"dialog_layout\":\"modal\",\"dialog_offcanvas_flip\":true,\"icon\":\"receiver\",\"icon_align\":\"left\",\"link\":\"tel:934864750\"}},{\"type\":\"button_item\",\"props\":{\"button_style\":\"danger\",\"content\":\"691 564 223\",\"dialog_layout\":\"modal\",\"dialog_offcanvas_flip\":true,\"icon\":\"receiver\",\"icon_align\":\"left\",\"link\":\"tel:691564223\"}},{\"type\":\"button_item\",\"props\":{\"button_style\":\"danger\",\"content\":\"Contacta per mail\",\"dialog_layout\":\"modal\",\"dialog_offcanvas_flip\":true,\"icon\":\"mail\",\"icon_align\":\"left\",\"link\":\"mailto:patriciaklein@fundacioires.org\"}}]}]}]}],\"name\":\"DUBTES (OCULTO)\"},{\"type\":\"section\",\"props\":{\"image_position\":\"center-center\",\"image_size\":\"cover\",\"style\":\"muted\",\"text_color\":\"light\",\"title_breakpoint\":\"xl\",\"title_position\":\"top-left\",\"title_rotation\":\"left\",\"vertical_align\":\"middle\",\"width\":\"default\"},\"children\":[{\"type\":\"row\",\"children\":[{\"type\":\"column\",\"props\":{\"image_position\":\"center-center\",\"position_sticky_breakpoint\":\"m\"},\"children\":[{\"type\":\"headline\",\"props\":{\"block_align\":\"center\",\"content\":\"\n\n<div><b>Empreses que ja ho fan possible<\\\/b><\\\/div>\",\"margin\":\"small\",\"maxwidth\":\"2xlarge\",\"text_align\":\"center\",\"text_align_breakpoint\":\"s\",\"title_element\":\"div\",\"title_style\":\"h1\"}}]}]},{\"type\":\"row\",\"children\":[{\"type\":\"column\",\"props\":{\"image_position\":\"center-center\",\"position_sticky_breakpoint\":\"m\"},\"children\":[{\"type\":\"panel-slider\",\"props\":{\"content_column_breakpoint\":\"m\",\"icon_width\":80,\"image_align\":\"top\",\"image_grid_breakpoint\":\"m\",\"image_grid_width\":\"1-2\",\"image_height\":120,\"image_loading\":false,\"image_svg_color\":\"emphasis\",\"link_style\":\"default\",\"link_text\":\"Read more\",\"margin\":\"default\",\"meta_align\":\"below-title\",\"meta_element\":\"div\",\"meta_style\":\"text-meta\",\"nav\":\"\",\"nav_align\":\"center\",\"nav_breakpoint\":\"s\",\"panel_match\":true,\"panel_padding\":\"small\",\"panel_style\":\"card-default\",\"show_content\":true,\"show_hover_image\":true,\"show_hover_video\":true,\"show_image\":true,\"show_link\":true,\"show_meta\":true,\"show_title\":true,\"show_video\":true,\"slidenav\":\"outside\",\"slidenav_breakpoint\":\"xl\",\"slidenav_margin\":\"medium\",\"slidenav_outside_breakpoint\":\"xl\",\"slider_autoplay\":true,\"slider_autoplay_interval\":\"5\",\"slider_autoplay_pause\":true,\"slider_gap\":\"default\",\"slider_velocity\":\"0.5\",\"slider_width\":\"fixed\",\"slider_width_default\":\"1-1\",\"slider_width_medium\":\"1-4\",\"text_align\":\"center\",\"title_align\":\"top\",\"title_element\":\"h3\",\"title_grid_breakpoint\":\"m\",\"title_grid_width\":\"1-2\",\"title_hover_style\":\"reset\"},\"children\":[{\"type\":\"panel-slider_item\",\"props\":{\"content\":\"\",\"image\":\"wp-content\\\/uploads\\\/LOGO_MAJESTIC-1.png\",\"title\":\"\"}},{\"type\":\"panel-slider_item\",\"props\":{\"content\":\"\",\"image\":\"wp-content\\\/uploads\\\/LOGO_BLANQUERNA.png\",\"title\":\"\"}},{\"type\":\"panel-slider_item\",\"props\":{\"content\":\"\",\"image\":\"wp-content\\\/uploads\\\/LOGOS-ALIATS_01.jpg\",\"title\":\"\"}},{\"type\":\"panel-slider_item\",\"props\":{\"content\":\"\",\"image\":\"wp-content\\\/uploads\\\/LOGOS-ALIATS_02.jpg\",\"title\":\"\"}},{\"type\":\"panel-slider_item\",\"props\":{\"content\":\"\",\"image\":\"wp-content\\\/uploads\\\/Sin-titulo-14.png\",\"title\":\"\"}},{\"type\":\"panel-slider_item\",\"props\":{\"content\":\"\",\"image\":\"wp-content\\\/uploads\\\/Sin-ti\\u0301tulo-2-3.png\",\"title\":\"\"}},{\"type\":\"panel-slider_item\",\"props\":{\"content\":\"\",\"image\":\"wp-content\\\/uploads\\\/logo_felca.png\",\"title\":\"\"}},{\"type\":\"panel-slider_item\",\"props\":{\"content\":\"\",\"image\":\"wp-content\\\/uploads\\\/LOGOS-ALIATS_08.jpg\",\"title\":\"\"}},{\"type\":\"panel-slider_item\",\"props\":{\"content\":\"\",\"image\":\"wp-content\\\/uploads\\\/LOGOS-ALIATS_10.jpg\",\"title\":\"\"}},{\"type\":\"panel-slider_item\",\"props\":{\"content\":\"\",\"image\":\"wp-content\\\/uploads\\\/LOGOS-ALIATS_12.jpg\",\"title\":\"\"}},{\"type\":\"panel-slider_item\",\"props\":{\"content\":\"\",\"image\":\"wp-content\\\/uploads\\\/Sin-titulo-16.png\",\"title\":\"\"}},{\"type\":\"panel-slider_item\",\"props\":{\"content\":\"\",\"image\":\"wp-content\\\/uploads\\\/Sin-titulo-12-1.png\",\"title\":\"\"}},{\"type\":\"panel-slider_item\",\"props\":{\"content\":\"\",\"image\":\"wp-content\\\/uploads\\\/LOGOS-ALIATS_14-1.jpg\",\"title\":\"\"}},{\"type\":\"panel-slider_item\",\"props\":{\"content\":\"\",\"image\":\"wp-content\\\/uploads\\\/LOGOS-ALIATS_15.jpg\",\"title\":\"\"}},{\"type\":\"panel-slider_item\",\"props\":{\"content\":\"\",\"image\":\"wp-content\\\/uploads\\\/LOGOS-ALIATS_17.jpg\",\"title\":\"\"}},{\"type\":\"panel-slider_item\",\"props\":{\"content\":\"\",\"image\":\"wp-content\\\/uploads\\\/LOGOS-ALIATS_16.jpg\",\"title\":\"\"}},{\"type\":\"panel-slider_item\",\"props\":{\"content\":\"\",\"image\":\"wp-content\\\/uploads\\\/LOGOS-ALIATS_18.jpg\",\"title\":\"\"}},{\"type\":\"panel-slider_item\",\"props\":{\"content\":\"\",\"image\":\"wp-content\\\/uploads\\\/LOGOS-ALIATS_19.jpg\",\"title\":\"\"}}],\"name\":\"LOGOS EMPRESES\"}]}]},{\"type\":\"row\",\"children\":[{\"type\":\"column\",\"props\":{\"image_position\":\"center-center\",\"position_sticky_breakpoint\":\"m\"},\"children\":[{\"type\":\"text\",\"props\":{\"block_align\":\"center\",\"column_breakpoint\":\"m\",\"content\":\"\n\n<p>Amb les nostres <strong><span style=\\\"color: #f44144;\\\">roses solid\\u00e0ries de Sant Jordi<\\\/span><\\\/strong> ajudes a florir <strong>noves oportunitats per a persones i fam\\u00edlies<\\\/strong> que afronten situacions de vulnerabilitat i malestar emocional.<\\\/p>\",\"margin\":\"default\",\"maxwidth\":\"xlarge\",\"text_align\":\"center\",\"text_style\":\"lead\"}}]}]}],\"name\":\"EMPRESES\"},{\"type\":\"section\",\"props\":{\"image\":\"wp-content\\\/uploads\\\/00_SLIDER_Web_Generica.jpg\",\"image_position\":\"center-center\",\"image_size\":\"cover\",\"media_overlay\":\"rgba(0, 0, 0, 0.35)\",\"style\":\"default\",\"text_color\":\"light\",\"title_breakpoint\":\"xl\",\"title_position\":\"top-left\",\"title_rotation\":\"left\",\"vertical_align\":\"middle\",\"width\":\"default\"},\"children\":[{\"type\":\"row\",\"children\":[{\"type\":\"column\",\"props\":{\"image_position\":\"center-center\",\"position_sticky_breakpoint\":\"m\"},\"children\":[{\"type\":\"headline\",\"props\":{\"block_align\":\"center\",\"content\":\"<strong>Ajuda a reescriure el futur de les fam\\u00edlies que m\\u00e9s ho necessiten<\\\/strong>\",\"margin\":\"small\",\"maxwidth\":\"2xlarge\",\"text_align\":\"center\",\"text_align_breakpoint\":\"s\",\"title_element\":\"div\",\"title_style\":\"h1\"}},{\"type\":\"button\",\"props\":{\"grid_column_gap\":\"small\",\"grid_row_gap\":\"small\",\"margin\":\"default\",\"text_align\":\"center\"},\"children\":[{\"type\":\"button_item\",\"props\":{\"button_style\":\"default\",\"content\":\"Vull que la meva empresa s\\u2019hi sumi\",\"dialog_layout\":\"modal\",\"dialog_offcanvas_flip\":true,\"icon\":\"commenting\",\"icon_align\":\"left\",\"link\":\"#Formulari\"}}]}]}]}],\"name\":\"CIERRE\"},{\"type\":\"section\",\"props\":{\"image_position\":\"center-center\",\"status\":\"disabled\",\"style\":\"default\",\"title_breakpoint\":\"xl\",\"title_position\":\"top-left\",\"title_rotation\":\"left\",\"vertical_align\":\"middle\",\"width\":\"default\"},\"children\":[{\"type\":\"row\",\"children\":[{\"type\":\"column\",\"props\":{\"image_position\":\"center-center\",\"position_sticky_breakpoint\":\"m\"},\"children\":[{\"type\":\"headline\",\"props\":{\"block_align\":\"center\",\"content\":\"<strong>Tamb\\u00e9 et pot interessar<\\\/strong>\",\"margin\":\"small\",\"maxwidth\":\"2xlarge\",\"text_align\":\"center\",\"text_align_breakpoint\":\"s\",\"title_element\":\"div\",\"title_style\":\"h1\"}},{\"type\":\"grid\",\"props\":{\"blend\":false,\"content_column_breakpoint\":\"m\",\"filter_align\":\"left\",\"filter_all\":true,\"filter_grid_breakpoint\":\"m\",\"filter_grid_width\":\"auto\",\"filter_position\":\"top\",\"filter_style\":\"tab\",\"grid_default\":\"1\",\"grid_medium\":\"3\",\"icon_width\":80,\"image_align\":\"top\",\"image_grid_breakpoint\":\"m\",\"image_grid_width\":\"1-2\",\"image_svg_color\":\"emphasis\",\"item_animation\":true,\"lightbox\":false,\"lightbox_bg_close\":true,\"link_fullwidth\":true,\"link_margin\":\"small\",\"link_style\":\"default\",\"link_text\":\"Veure m\\u00e9s\",\"margin\":\"default\",\"meta_align\":\"below-title\",\"meta_element\":\"div\",\"meta_style\":\"text-meta\",\"panel_expand\":\"image\",\"panel_image_no_padding\":true,\"panel_link\":false,\"panel_padding\":\"small\",\"panel_style\":\"card-default\",\"show_content\":true,\"show_hover_image\":true,\"show_hover_video\":true,\"show_image\":true,\"show_link\":true,\"show_meta\":true,\"show_title\":true,\"show_video\":true,\"text_align\":\"center\",\"title_align\":\"top\",\"title_element\":\"h3\",\"title_grid_breakpoint\":\"m\",\"title_grid_width\":\"1-2\",\"title_hover_style\":\"reset\"},\"children\":[{\"type\":\"grid_item\",\"props\":{\"image\":\"wp-content\\\/uploads\\\/MEMORIA_2024_CAT_p01_Portada_Mesa-de-trabajo-1-copia-35.png\",\"link\":\"https:\\\/\\\/www.fundacioires.org\\\/wp-content\\\/uploads\\\/MEMORIA_FUNDACIO_IRES_2024_CAT.pdf\",\"title\":\"Memoria d'activitat 2024\"}},{\"type\":\"grid_item\",\"props\":{\"image\":\"wp-content\\\/uploads\\\/BEQUES-CLICK_ELEMENTS_Portada.png\",\"link\":\"https:\\\/\\\/www.fundacioires.org\\\/ca\\\/ets-empresa\\\/beques-click\\\/\",\"title\":\"Beques Click\"}},{\"type\":\"grid_item\",\"props\":{\"image\":\"wp-content\\\/uploads\\\/IMG-LANDING-VENTA-FORMACIONS-03-1.png\",\"link\":\"https:\\\/\\\/www.fundacioires.org\\\/ca\\\/que-fem\\\/formacio-bonificada-empreses\\\/\",\"title\":\"Formacions en igualtat\"}}]}]}]}],\"name\":\"CRUZADA\"},{\"type\":\"section\",\"props\":{\"image\":\"wp-content\\\/uploads\\\/00_SLIDER_Web_Gene\\u0301rica.png\",\"image_position\":\"center-center\",\"media_overlay\":\"rgba(0, 0, 0, 0.3)\",\"padding\":\"large\",\"status\":\"disabled\",\"style\":\"default\",\"text_color\":\"light\",\"title_breakpoint\":\"xl\",\"title_position\":\"top-left\",\"title_rotation\":\"left\",\"vertical_align\":\"middle\",\"width\":\"default\"},\"children\":[{\"type\":\"row\",\"children\":[{\"type\":\"column\",\"props\":{\"image_position\":\"center-center\",\"position_sticky_breakpoint\":\"m\"},\"children\":[{\"type\":\"headline\",\"props\":{\"block_align\":\"center\",\"content\":\"<strong>Vols con\\u00e8ixer tot el que fem des de la Fundaci\\u00f3 IRES?<\\\/strong>\",\"maxwidth\":\"xlarge\",\"text_align\":\"center\",\"title_element\":\"h1\"}},{\"type\":\"button\",\"props\":{\"grid_column_gap\":\"small\",\"grid_row_gap\":\"small\",\"margin\":\"default\",\"text_align\":\"center\"},\"children\":[{\"type\":\"button_item\",\"props\":{\"button_style\":\"default\",\"content\":\"VULL M\\u00c9S INFORMACI\\u00d3\",\"dialog_layout\":\"modal\",\"dialog_offcanvas_flip\":true,\"icon\":\"commenting\",\"icon_align\":\"left\",\"link\":\"https:\\\/\\\/www.fundacioires.org\\\/\",\"link_target\":\"blank\"}}]}]}]}],\"name\":\"IRES\"}],\"version\":\"4.5.33\",\"yooessentialsVersion\":\"2.4.12\"} --><\/p>\n","protected":false},"excerpt":{"rendered":"<p>Gr\u00e0cies per fer cr\u00e8ixer Una rosa per una causa M\u00e9s informaci\u00f3 Una rosa amb impacte social Les comandes d\u2019aquesta edici\u00f3 ja estan tancades. Un any en qu\u00e8, gr\u00e0cies a empreses com la teva, hem m\u00e9s que duplicat les roses compartides per donar suport a les fam\u00edlies! NOM EMPRESA NOM EMPRESA NOM EMPRESA NOM EMPRESA La [&hellip;]<\/p>\n","protected":false},"author":7,"featured_media":83027,"parent":0,"menu_order":0,"comment_status":"closed","ping_status":"closed","template":"","meta":{"footnotes":""},"proyectos":[],"class_list":["post-83008","page","type-page","status-publish","has-post-thumbnail","hentry"],"yoast_head":"<!-- This site is optimized with the Yoast SEO plugin v27.4 - https:\/\/yoast.com\/product\/yoast-seo-wordpress\/ -->\n<title>Una rosa per una causa - Empreses - Fundaci\u00f3 IRES<\/title>\n<meta name=\"description\" content=\"Celebra la Diada regalant roses solid\u00e0ries al teu equip i impulsa projectes socials que acompanyen persones i fam\u00edlies vulnerables.\" \/>\n<meta name=\"robots\" content=\"index, follow, max-snippet:-1, max-image-preview:large, max-video-preview:-1\" \/>\n<link rel=\"canonical\" href=\"https:\/\/www.fundacioires.org\/ca\/una-rosa-per-una-causa-empreses\/\" \/>\n<meta property=\"og:locale\" content=\"ca_ES\" \/>\n<meta property=\"og:type\" content=\"article\" \/>\n<meta property=\"og:title\" content=\"Una rosa per una causa Empreses\" \/>\n<meta property=\"og:description\" content=\"Celebra la Diada regalant roses solid\u00e0ries al teu equip i impulsa projectes socials que acompanyen persones i fam\u00edlies vulnerables.\" \/>\n<meta property=\"og:url\" content=\"https:\/\/www.fundacioires.org\/ca\/una-rosa-per-una-causa-empreses\/\" \/>\n<meta property=\"og:site_name\" content=\"Fundaci\u00f3 IRES\" \/>\n<meta property=\"article:modified_time\" content=\"2026-04-24T12:04:31+00:00\" \/>\n<meta property=\"og:image\" content=\"https:\/\/www.fundacioires.org\/wp-content\/uploads\/IMG_GALERIA_SJ_EMPRESES_01.jpg\" \/>\n\t<meta property=\"og:image:width\" content=\"600\" \/>\n\t<meta property=\"og:image:height\" content=\"450\" \/>\n\t<meta property=\"og:image:type\" content=\"image\/jpeg\" \/>\n<meta name=\"twitter:card\" content=\"summary_large_image\" \/>\n<meta name=\"twitter:title\" content=\"Una rosa per una causa Empreses\" \/>\n<meta name=\"twitter:description\" content=\"Celebra la Diada regalant roses solid\u00e0ries al teu equip i impulsa projectes socials que acompanyen persones i fam\u00edlies vulnerables.\" \/>\n<meta name=\"twitter:image\" content=\"https:\/\/i0.wp.com\/www.fundacioires.org\/wp-content\/uploads\/IMG_GALERIA_SJ_EMPRESES_01.jpg?fit=600%2C450&ssl=1\" \/>\n<meta name=\"twitter:label1\" content=\"Est. reading time\" \/>\n\t<meta name=\"twitter:data1\" content=\"5 minutes\" \/>\n<script type=\"application\/ld+json\" class=\"yoast-schema-graph\">{\"@context\":\"https:\\\/\\\/schema.org\",\"@graph\":[{\"@type\":\"WebPage\",\"@id\":\"https:\\\/\\\/www.fundacioires.org\\\/ca\\\/una-rosa-per-una-causa-empreses\\\/\",\"url\":\"https:\\\/\\\/www.fundacioires.org\\\/ca\\\/una-rosa-per-una-causa-empreses\\\/\",\"name\":\"Una rosa per una causa - Empreses - Fundaci\u00f3 IRES\",\"isPartOf\":{\"@id\":\"https:\\\/\\\/www.fundacioires.org\\\/#website\"},\"primaryImageOfPage\":{\"@id\":\"https:\\\/\\\/www.fundacioires.org\\\/ca\\\/una-rosa-per-una-causa-empreses\\\/#primaryimage\"},\"image\":{\"@id\":\"https:\\\/\\\/www.fundacioires.org\\\/ca\\\/una-rosa-per-una-causa-empreses\\\/#primaryimage\"},\"thumbnailUrl\":\"https:\\\/\\\/i0.wp.com\\\/www.fundacioires.org\\\/wp-content\\\/uploads\\\/IMG_GALERIA_SJ_EMPRESES_01.jpg?fit=600%2C450&ssl=1\",\"datePublished\":\"2026-02-12T13:20:08+00:00\",\"dateModified\":\"2026-04-24T12:04:31+00:00\",\"description\":\"Celebra la Diada regalant roses solid\u00e0ries al teu equip i impulsa projectes socials que acompanyen persones i fam\u00edlies vulnerables.\",\"breadcrumb\":{\"@id\":\"https:\\\/\\\/www.fundacioires.org\\\/ca\\\/una-rosa-per-una-causa-empreses\\\/#breadcrumb\"},\"inLanguage\":\"ca-ES\",\"potentialAction\":[{\"@type\":\"ReadAction\",\"target\":[\"https:\\\/\\\/www.fundacioires.org\\\/ca\\\/una-rosa-per-una-causa-empreses\\\/\"]}]},{\"@type\":\"ImageObject\",\"inLanguage\":\"ca-ES\",\"@id\":\"https:\\\/\\\/www.fundacioires.org\\\/ca\\\/una-rosa-per-una-causa-empreses\\\/#primaryimage\",\"url\":\"https:\\\/\\\/i0.wp.com\\\/www.fundacioires.org\\\/wp-content\\\/uploads\\\/IMG_GALERIA_SJ_EMPRESES_01.jpg?fit=600%2C450&ssl=1\",\"contentUrl\":\"https:\\\/\\\/i0.wp.com\\\/www.fundacioires.org\\\/wp-content\\\/uploads\\\/IMG_GALERIA_SJ_EMPRESES_01.jpg?fit=600%2C450&ssl=1\",\"width\":600,\"height\":450},{\"@type\":\"BreadcrumbList\",\"@id\":\"https:\\\/\\\/www.fundacioires.org\\\/ca\\\/una-rosa-per-una-causa-empreses\\\/#breadcrumb\",\"itemListElement\":[{\"@type\":\"ListItem\",\"position\":1,\"name\":\"Portada\",\"item\":\"https:\\\/\\\/www.fundacioires.org\\\/\"},{\"@type\":\"ListItem\",\"position\":2,\"name\":\"Una rosa per una causa &#8211; Empreses\"}]},{\"@type\":\"WebSite\",\"@id\":\"https:\\\/\\\/www.fundacioires.org\\\/#website\",\"url\":\"https:\\\/\\\/www.fundacioires.org\\\/\",\"name\":\"Fundaci\u00f3 IRES\",\"description\":\"\",\"publisher\":{\"@id\":\"https:\\\/\\\/www.fundacioires.org\\\/#organization\"},\"potentialAction\":[{\"@type\":\"SearchAction\",\"target\":{\"@type\":\"EntryPoint\",\"urlTemplate\":\"https:\\\/\\\/www.fundacioires.org\\\/?s={search_term_string}\"},\"query-input\":{\"@type\":\"PropertyValueSpecification\",\"valueRequired\":true,\"valueName\":\"search_term_string\"}}],\"inLanguage\":\"ca-ES\"},{\"@type\":\"Organization\",\"@id\":\"https:\\\/\\\/www.fundacioires.org\\\/#organization\",\"name\":\"Fundanci\u00f3n IRES\",\"url\":\"https:\\\/\\\/www.fundacioires.org\\\/\",\"logo\":{\"@type\":\"ImageObject\",\"inLanguage\":\"ca-ES\",\"@id\":\"https:\\\/\\\/www.fundacioires.org\\\/#\\\/schema\\\/logo\\\/image\\\/\",\"url\":\"https:\\\/\\\/i0.wp.com\\\/www.fundacioires.org\\\/wp-content\\\/uploads\\\/faviconIRES.png?fit=32%2C32&ssl=1\",\"contentUrl\":\"https:\\\/\\\/i0.wp.com\\\/www.fundacioires.org\\\/wp-content\\\/uploads\\\/faviconIRES.png?fit=32%2C32&ssl=1\",\"width\":32,\"height\":32,\"caption\":\"Fundanci\u00f3n IRES\"},\"image\":{\"@id\":\"https:\\\/\\\/www.fundacioires.org\\\/#\\\/schema\\\/logo\\\/image\\\/\"}}]}<\/script>\n<!-- \/ Yoast SEO plugin. -->","yoast_head_json":{"title":"Una rosa per una causa - Empreses - Fundaci\u00f3 IRES","description":"Celebra la Diada regalant roses solid\u00e0ries al teu equip i impulsa projectes socials que acompanyen persones i fam\u00edlies vulnerables.","robots":{"index":"index","follow":"follow","max-snippet":"max-snippet:-1","max-image-preview":"max-image-preview:large","max-video-preview":"max-video-preview:-1"},"canonical":"https:\/\/www.fundacioires.org\/ca\/una-rosa-per-una-causa-empreses\/","og_locale":"ca_ES","og_type":"article","og_title":"Una rosa per una causa Empreses","og_description":"Celebra la Diada regalant roses solid\u00e0ries al teu equip i impulsa projectes socials que acompanyen persones i fam\u00edlies vulnerables.","og_url":"https:\/\/www.fundacioires.org\/ca\/una-rosa-per-una-causa-empreses\/","og_site_name":"Fundaci\u00f3 IRES","article_modified_time":"2026-04-24T12:04:31+00:00","og_image":[{"width":600,"height":450,"url":"https:\/\/www.fundacioires.org\/wp-content\/uploads\/IMG_GALERIA_SJ_EMPRESES_01.jpg","type":"image\/jpeg"}],"twitter_card":"summary_large_image","twitter_title":"Una rosa per una causa Empreses","twitter_description":"Celebra la Diada regalant roses solid\u00e0ries al teu equip i impulsa projectes socials que acompanyen persones i fam\u00edlies vulnerables.","twitter_image":"https:\/\/i0.wp.com\/www.fundacioires.org\/wp-content\/uploads\/IMG_GALERIA_SJ_EMPRESES_01.jpg?fit=600%2C450&ssl=1","twitter_misc":{"Est. reading time":"5 minutes"},"schema":{"@context":"https:\/\/schema.org","@graph":[{"@type":"WebPage","@id":"https:\/\/www.fundacioires.org\/ca\/una-rosa-per-una-causa-empreses\/","url":"https:\/\/www.fundacioires.org\/ca\/una-rosa-per-una-causa-empreses\/","name":"Una rosa per una causa - Empreses - Fundaci\u00f3 IRES","isPartOf":{"@id":"https:\/\/www.fundacioires.org\/#website"},"primaryImageOfPage":{"@id":"https:\/\/www.fundacioires.org\/ca\/una-rosa-per-una-causa-empreses\/#primaryimage"},"image":{"@id":"https:\/\/www.fundacioires.org\/ca\/una-rosa-per-una-causa-empreses\/#primaryimage"},"thumbnailUrl":"https:\/\/i0.wp.com\/www.fundacioires.org\/wp-content\/uploads\/IMG_GALERIA_SJ_EMPRESES_01.jpg?fit=600%2C450&ssl=1","datePublished":"2026-02-12T13:20:08+00:00","dateModified":"2026-04-24T12:04:31+00:00","description":"Celebra la Diada regalant roses solid\u00e0ries al teu equip i impulsa projectes socials que acompanyen persones i fam\u00edlies vulnerables.","breadcrumb":{"@id":"https:\/\/www.fundacioires.org\/ca\/una-rosa-per-una-causa-empreses\/#breadcrumb"},"inLanguage":"ca-ES","potentialAction":[{"@type":"ReadAction","target":["https:\/\/www.fundacioires.org\/ca\/una-rosa-per-una-causa-empreses\/"]}]},{"@type":"ImageObject","inLanguage":"ca-ES","@id":"https:\/\/www.fundacioires.org\/ca\/una-rosa-per-una-causa-empreses\/#primaryimage","url":"https:\/\/i0.wp.com\/www.fundacioires.org\/wp-content\/uploads\/IMG_GALERIA_SJ_EMPRESES_01.jpg?fit=600%2C450&ssl=1","contentUrl":"https:\/\/i0.wp.com\/www.fundacioires.org\/wp-content\/uploads\/IMG_GALERIA_SJ_EMPRESES_01.jpg?fit=600%2C450&ssl=1","width":600,"height":450},{"@type":"BreadcrumbList","@id":"https:\/\/www.fundacioires.org\/ca\/una-rosa-per-una-causa-empreses\/#breadcrumb","itemListElement":[{"@type":"ListItem","position":1,"name":"Portada","item":"https:\/\/www.fundacioires.org\/"},{"@type":"ListItem","position":2,"name":"Una rosa per una causa &#8211; Empreses"}]},{"@type":"WebSite","@id":"https:\/\/www.fundacioires.org\/#website","url":"https:\/\/www.fundacioires.org\/","name":"Fundaci\u00f3 IRES","description":"","publisher":{"@id":"https:\/\/www.fundacioires.org\/#organization"},"potentialAction":[{"@type":"SearchAction","target":{"@type":"EntryPoint","urlTemplate":"https:\/\/www.fundacioires.org\/?s={search_term_string}"},"query-input":{"@type":"PropertyValueSpecification","valueRequired":true,"valueName":"search_term_string"}}],"inLanguage":"ca-ES"},{"@type":"Organization","@id":"https:\/\/www.fundacioires.org\/#organization","name":"Fundanci\u00f3n IRES","url":"https:\/\/www.fundacioires.org\/","logo":{"@type":"ImageObject","inLanguage":"ca-ES","@id":"https:\/\/www.fundacioires.org\/#\/schema\/logo\/image\/","url":"https:\/\/i0.wp.com\/www.fundacioires.org\/wp-content\/uploads\/faviconIRES.png?fit=32%2C32&ssl=1","contentUrl":"https:\/\/i0.wp.com\/www.fundacioires.org\/wp-content\/uploads\/faviconIRES.png?fit=32%2C32&ssl=1","width":32,"height":32,"caption":"Fundanci\u00f3n IRES"},"image":{"@id":"https:\/\/www.fundacioires.org\/#\/schema\/logo\/image\/"}}]}},"jetpack_sharing_enabled":true,"_links":{"self":[{"href":"https:\/\/www.fundacioires.org\/ca\/wp-json\/wp\/v2\/pages\/83008","targetHints":{"allow":["GET"]}}],"collection":[{"href":"https:\/\/www.fundacioires.org\/ca\/wp-json\/wp\/v2\/pages"}],"about":[{"href":"https:\/\/www.fundacioires.org\/ca\/wp-json\/wp\/v2\/types\/page"}],"author":[{"embeddable":true,"href":"https:\/\/www.fundacioires.org\/ca\/wp-json\/wp\/v2\/users\/7"}],"replies":[{"embeddable":true,"href":"https:\/\/www.fundacioires.org\/ca\/wp-json\/wp\/v2\/comments?post=83008"}],"version-history":[{"count":54,"href":"https:\/\/www.fundacioires.org\/ca\/wp-json\/wp\/v2\/pages\/83008\/revisions"}],"predecessor-version":[{"id":84809,"href":"https:\/\/www.fundacioires.org\/ca\/wp-json\/wp\/v2\/pages\/83008\/revisions\/84809"}],"wp:featuredmedia":[{"embeddable":true,"href":"https:\/\/www.fundacioires.org\/ca\/wp-json\/wp\/v2\/media\/83027"}],"wp:attachment":[{"href":"https:\/\/www.fundacioires.org\/ca\/wp-json\/wp\/v2\/media?parent=83008"}],"wp:term":[{"taxonomy":"proyectos","embeddable":true,"href":"https:\/\/www.fundacioires.org\/ca\/wp-json\/wp\/v2\/proyectos?post=83008"}],"curies":[{"name":"wp","href":"https:\/\/api.w.org\/{rel}","templated":true}]}}